{"id":20,"date":"2016-01-29T12:12:00","date_gmt":"2016-01-29T12:12:00","guid":{"rendered":"http:\/\/blogsaverroes.juntadeandalucia.es\/iesconchamendezcuesta\/?page_id=20"},"modified":"2017-12-20T11:01:43","modified_gmt":"2017-12-20T10:01:43","slug":"inicio","status":"publish","type":"page","link":"https:\/\/blogsaverroes.juntadeandalucia.es\/iesconchamendezcuesta\/inicio\/","title":{"rendered":"Inicio"},"content":{"rendered":"<h2 style=\"text-align: center\">&nbsp;<\/h2>\n<p><span style=\"color: #003366\"><strong>IES Concha M\u00e9ndez Cuesta, Torremolinos (M\u00e1laga)<\/strong><\/span><\/p>\n<p>Esta es la p\u00e1gina web oficial del IES Concha M\u00e9ndez Cuesta. Podr\u00e1n encontrar informaci\u00f3n sobre el centro y otros datos de inter\u00e9s.<\/p>\n<p><a href=\"http:\/\/blogsaverroes.juntadeandalucia.es\/iesconchamendezcuesta\/files\/2016\/01\/logo.jpg\"><img fetchpriority=\"high\" decoding=\"async\" class=\"aligncenter wp-image-21\" src=\"http:\/\/blogsaverroes.juntadeandalucia.es\/iesconchamendezcuesta\/files\/2016\/01\/logo.jpg\" alt=\"logo\" width=\"542\" height=\"375\" srcset=\"https:\/\/blogsaverroes.juntadeandalucia.es\/iesconchamendezcuesta\/files\/2016\/01\/logo.jpg 1008w, https:\/\/blogsaverroes.juntadeandalucia.es\/iesconchamendezcuesta\/files\/2016\/01\/logo-300x207.jpg 300w\" sizes=\"(max-width: 542px) 100vw, 542px\" \/><\/a><\/p>\n","protected":false},"excerpt":{"rendered":"<p>&nbsp; IES Concha M\u00e9ndez Cuesta, Torremolinos (M\u00e1laga) Esta es la p\u00e1gina web oficial del IES Concha M\u00e9ndez Cuesta. Podr\u00e1n encontrar informaci\u00f3n sobre el centro y otros datos de inter\u00e9s.<\/p>\n","protected":false},"author":1,"featured_media":0,"parent":0,"menu_order":0,"comment_status":"closed","ping_status":"open","template":"","meta":{"ngg_post_thumbnail":0,"footnotes":""},"aioseo_notices":[],"_links":{"self":[{"href":"https:\/\/blogsaverroes.juntadeandalucia.es\/iesconchamendezcuesta\/wp-json\/wp\/v2\/pages\/20"}],"collection":[{"href":"https:\/\/blogsaverroes.juntadeandalucia.es\/iesconchamendezcuesta\/wp-json\/wp\/v2\/pages"}],"about":[{"href":"https:\/\/blogsaverroes.juntadeandalucia.es\/iesconchamendezcuesta\/wp-json\/wp\/v2\/types\/page"}],"author":[{"embeddable":true,"href":"https:\/\/blogsaverroes.juntadeandalucia.es\/iesconchamendezcuesta\/wp-json\/wp\/v2\/users\/1"}],"replies":[{"embeddable":true,"href":"https:\/\/blogsaverroes.juntadeandalucia.es\/iesconchamendezcuesta\/wp-json\/wp\/v2\/comments?post=20"}],"version-history":[{"count":11,"href":"https:\/\/blogsaverroes.juntadeandalucia.es\/iesconchamendezcuesta\/wp-json\/wp\/v2\/pages\/20\/revisions"}],"predecessor-version":[{"id":2314,"href":"https:\/\/blogsaverroes.juntadeandalucia.es\/iesconchamendezcuesta\/wp-json\/wp\/v2\/pages\/20\/revisions\/2314"}],"wp:attachment":[{"href":"https:\/\/blogsaverroes.juntadeandalucia.es\/iesconchamendezcuesta\/wp-json\/wp\/v2\/media?parent=20"}],"curies":[{"name":"wp","href":"https:\/\/api.w.org\/{rel}","templated":true}]}}