{"id":93,"date":"2016-01-29T13:34:07","date_gmt":"2016-01-29T13:34:07","guid":{"rendered":"http:\/\/blogsaverroes.juntadeandalucia.es\/iesconchamendezcuesta\/?page_id=93"},"modified":"2025-11-12T11:16:14","modified_gmt":"2025-11-12T09:16:14","slug":"planes-y-proyectos","status":"publish","type":"page","link":"https:\/\/blogsaverroes.juntadeandalucia.es\/iesconchamendezcuesta\/planes-y-proyectos\/","title":{"rendered":"Planes, proyectos y programas"},"content":{"rendered":"<p>El centro se encuentra inmerso en los siguientes <strong>planes, programas y proyectos educativos<\/strong>:<\/p>\n<table style=\"width: 100.001%;height: 2166px\" width=\"640\">\n<tbody>\n<tr>\n<td style=\"width: 33.4382%;text-align: center\" width=\"274\"><strong>Programa<\/strong><\/td>\n<td style=\"width: 33.2878%;text-align: center\" width=\"181\"><strong>Tipo<\/strong><\/td>\n<td style=\"width: 100.422%;text-align: center\" width=\"186\"><strong>Coordinador\/a<\/strong><\/td>\n<\/tr>\n<tr>\n<td style=\"width: 33.4382%\" width=\"274\">Bibliotecas Escolares<\/td>\n<td style=\"width: 33.2878%\" width=\"181\">Participaci\u00f3n de oficio<\/td>\n<td style=\"width: 100.422%\" width=\"186\">Gustavo G\u00f3mez<\/td>\n<\/tr>\n<tr>\n<td style=\"width: 33.4382%\" width=\"274\">Bienestar Emocional<\/td>\n<td style=\"width: 33.2878%\" width=\"181\">Participaci\u00f3n de oficio<\/td>\n<td style=\"width: 100.422%\" width=\"186\">Jorge Mar\u00edn Mart\u00edn<\/td>\n<\/tr>\n<tr>\n<td style=\"width: 33.4382%\" width=\"274\">Convivencia<\/td>\n<td style=\"width: 33.2878%\" width=\"181\">Participaci\u00f3n de oficio<\/td>\n<td style=\"width: 100.422%\" width=\"186\">Mar\u00eda del Carmen Travesi<\/td>\n<\/tr>\n<tr>\n<td style=\"width: 33.4382%\" width=\"274\">Plan de apertura de centros docentes<\/td>\n<td style=\"width: 33.2878%\" width=\"181\">Participaci\u00f3n de oficio<\/td>\n<td style=\"width: 100.422%\" width=\"186\">Sergio D\u00edaz Guti\u00e9rrez<\/td>\n<\/tr>\n<tr>\n<td style=\"width: 33.4382%\" width=\"274\">Plan de igualdad de g\u00e9nero en educaci\u00f3n de Andaluc\u00eda<\/td>\n<td style=\"width: 33.2878%\" width=\"181\">Participaci\u00f3n de oficio<\/td>\n<td style=\"width: 100.422%\" width=\"186\">Ana San Mart\u00edn Rodr\u00edguez<\/td>\n<\/tr>\n<tr>\n<td style=\"width: 33.4382%\" width=\"274\">TDE (Plan de Actuaci\u00f3n Digital)<\/td>\n<td style=\"width: 33.2878%\" width=\"181\">Participaci\u00f3n de oficio<\/td>\n<td style=\"width: 100.422%\" width=\"186\">Manuel Bullejos Barba<\/td>\n<\/tr>\n<tr>\n<td style=\"width: 33.4382%\" width=\"274\">C\u00f3digo Escuela 4.0<\/td>\n<td style=\"width: 33.2878%\" width=\"181\">Participaci\u00f3n de oficio<\/td>\n<td style=\"width: 100.422%\" width=\"186\">\u00c1lvaro Guerrero S\u00e1nchez<\/td>\n<\/tr>\n<tr>\n<td style=\"width: 33.4382%\" width=\"274\">Biling\u00fcismo<\/td>\n<td style=\"width: 33.2878%\" width=\"181\">Internacional<\/td>\n<td style=\"width: 100.422%\" width=\"186\">Miren Aguiar Herr\u00e1n<\/td>\n<\/tr>\n<tr>\n<td style=\"width: 33.4382%\" width=\"274\">ALDEA<\/td>\n<td style=\"width: 33.2878%\" width=\"181\">Convocatoria general<\/td>\n<td style=\"width: 100.422%\" width=\"186\">Rub\u00e9n Gonz\u00e1lez Ortega<\/td>\n<\/tr>\n<tr>\n<td style=\"width: 33.4382%\" width=\"274\">aulaDjaque<\/td>\n<td style=\"width: 33.2878%\" width=\"181\">Convocatoria general<\/td>\n<td style=\"width: 100.422%\" width=\"186\">Julio Molina Garc\u00eda<\/td>\n<\/tr>\n<tr>\n<td style=\"width: 33.4382%\" width=\"274\">ComunicA<\/td>\n<td style=\"width: 33.2878%\" width=\"181\">Convocatoria general<\/td>\n<td style=\"width: 100.422%\" width=\"186\">Marta Delgado Burgos<\/td>\n<\/tr>\n<tr>\n<td style=\"width: 33.4382%\" width=\"274\">Emprendimiento Educativo<\/td>\n<td style=\"width: 33.2878%\" width=\"181\">Convocatoria general<\/td>\n<td style=\"width: 100.422%\" width=\"186\">Mar\u00eda Dur\u00e1n de la Linde<\/td>\n<\/tr>\n<tr>\n<td style=\"width: 33.4382%\" width=\"274\">H\u00e1bitos de Vida Saludable<\/td>\n<td style=\"width: 33.2878%\" width=\"181\">Convocatoria general<\/td>\n<td style=\"width: 100.422%\" width=\"186\">Amaro D\u00f3pido Tolosa<\/td>\n<\/tr>\n<tr>\n<td style=\"width: 33.4382%\" width=\"274\">Pr\u00e1cticas CC.E. y Psicolog\u00eda<\/td>\n<td style=\"width: 33.2878%\" width=\"181\">Convocatoria general<\/td>\n<td style=\"width: 100.422%\" width=\"186\">Amaro D\u00f3pido Tolosa<\/td>\n<\/tr>\n<tr>\n<td style=\"width: 33.4382%\" width=\"274\">Pr\u00e1cticum M\u00e1ster Secundaria<\/td>\n<td style=\"width: 33.2878%\" width=\"181\">Convocatoria general<\/td>\n<td style=\"width: 100.422%\" width=\"186\">Sergio D\u00edaz Guti\u00e9rrez<\/td>\n<\/tr>\n<tr>\n<td style=\"width: 33.4382%\" width=\"274\">Programas Culturales<\/td>\n<td style=\"width: 33.2878%\" width=\"181\">Convocatoria general<\/td>\n<td style=\"width: 100.422%\" width=\"186\">David Cantolla D\u00edez<\/td>\n<\/tr>\n<tr>\n<td style=\"width: 33.4382%\" width=\"274\">Red Andaluza: Escuela \u00abEspacio de Paz\u00bb<\/td>\n<td style=\"width: 33.2878%\" width=\"181\">Convocatoria general<\/td>\n<td style=\"width: 100.422%\" width=\"186\">Dolores Carmona Gonz\u00e1lez<\/td>\n<\/tr>\n<tr>\n<td style=\"width: 33.4382%\" width=\"274\">STEM<\/td>\n<td style=\"width: 33.2878%\" width=\"181\">Convocatoria general<\/td>\n<td style=\"width: 100.422%\" width=\"186\">Jos\u00e9 Luis Romero Perales<\/td>\n<\/tr>\n<tr>\n<td style=\"width: 33.4382%\" width=\"274\">M\u00e1s Equidad 2025<\/td>\n<td style=\"width: 33.2878%\" width=\"181\">Convocatoria espec\u00edfica<\/td>\n<td style=\"width: 100.422%\" width=\"186\">M\u00aa Alejandra Rodr\u00edguez<\/td>\n<\/tr>\n<tr>\n<td style=\"width: 33.4382%\" width=\"274\">Pacto&nbsp;de&nbsp;Estado:&nbsp;Prevenci\u00f3n&nbsp;de&nbsp;la&nbsp;Violencia<br \/>\nde G\u00e9nero 2025<\/td>\n<td style=\"width: 33.2878%\" width=\"181\">Convocatoria espec\u00edfica<\/td>\n<td style=\"width: 100.422%\" width=\"186\">Ana San Mart\u00edn Rodr\u00edguez<\/td>\n<\/tr>\n<tr>\n<td style=\"width: 33.4382%\" width=\"274\">PROA<\/td>\n<td style=\"width: 33.2878%\" width=\"181\">Convocatoria espec\u00edfica<\/td>\n<td style=\"width: 100.422%\" width=\"186\">Mar\u00eda Dur\u00e1n de la Linde<\/td>\n<\/tr>\n<tr>\n<td style=\"width: 33.4382%\" width=\"274\">Talleres&nbsp;de&nbsp;Sensibilizaci\u00f3n&nbsp;de&nbsp;Mediadores<br \/>\n2025<\/td>\n<td style=\"width: 33.2878%\" width=\"181\">Convocatoria espec\u00edfica<\/td>\n<td style=\"width: 100.422%\" width=\"186\">Dolores Carmona Gonz\u00e1lez<\/td>\n<\/tr>\n<\/tbody>\n<\/table>\n","protected":false},"excerpt":{"rendered":"<p>El centro se encuentra inmerso en los siguientes planes, programas y proyectos educativos: Programa Tipo Coordinador\/a Bibliotecas Escolares Participaci\u00f3n de oficio Gustavo G\u00f3mez Bienestar Emocional Participaci\u00f3n de oficio Jorge Mar\u00edn Mart\u00edn Convivencia Participaci\u00f3n de&#46;&#46;&#46;<\/p>\n","protected":false},"author":1,"featured_media":0,"parent":0,"menu_order":0,"comment_status":"open","ping_status":"open","template":"","meta":{"ngg_post_thumbnail":0,"footnotes":""},"aioseo_notices":[],"_links":{"self":[{"href":"https:\/\/blogsaverroes.juntadeandalucia.es\/iesconchamendezcuesta\/wp-json\/wp\/v2\/pages\/93"}],"collection":[{"href":"https:\/\/blogsaverroes.juntadeandalucia.es\/iesconchamendezcuesta\/wp-json\/wp\/v2\/pages"}],"about":[{"href":"https:\/\/blogsaverroes.juntadeandalucia.es\/iesconchamendezcuesta\/wp-json\/wp\/v2\/types\/page"}],"author":[{"embeddable":true,"href":"https:\/\/blogsaverroes.juntadeandalucia.es\/iesconchamendezcuesta\/wp-json\/wp\/v2\/users\/1"}],"replies":[{"embeddable":true,"href":"https:\/\/blogsaverroes.juntadeandalucia.es\/iesconchamendezcuesta\/wp-json\/wp\/v2\/comments?post=93"}],"version-history":[{"count":17,"href":"https:\/\/blogsaverroes.juntadeandalucia.es\/iesconchamendezcuesta\/wp-json\/wp\/v2\/pages\/93\/revisions"}],"predecessor-version":[{"id":6567,"href":"https:\/\/blogsaverroes.juntadeandalucia.es\/iesconchamendezcuesta\/wp-json\/wp\/v2\/pages\/93\/revisions\/6567"}],"wp:attachment":[{"href":"https:\/\/blogsaverroes.juntadeandalucia.es\/iesconchamendezcuesta\/wp-json\/wp\/v2\/media?parent=93"}],"curies":[{"name":"wp","href":"https:\/\/api.w.org\/{rel}","templated":true}]}}