{"id":573,"date":"2021-05-19T11:30:25","date_gmt":"2021-05-19T10:30:25","guid":{"rendered":"https:\/\/blogsaverroes.juntadeandalucia.es\/iescuencaminera\/?page_id=573"},"modified":"2021-05-19T11:30:25","modified_gmt":"2021-05-19T10:30:25","slug":"documentos-del-centro","status":"publish","type":"page","link":"https:\/\/blogsaverroes.juntadeandalucia.es\/iescuencaminera\/documentos-del-centro\/","title":{"rendered":"DOCUMENTOS DEL CENTRO"},"content":{"rendered":"<p>&#8211; <a title=\"PROYECTO EDUCATIVO DEL CENTRO\" href=\"http:\/\/www.juntadeandalucia.es\/averroes\/centros-tic\/21700290\/helvia\/sitio\/upload\/proyecto_educativo_del_centro_IES_CUENCA_MINERA.pdf\" target=\"_blank\" rel=\"noopener noreferrer\">PROYECTO EDUCATIVO DEL CENTRO<\/a><strong>&nbsp;<\/strong><\/p>\n<p><strong>&#8211; <a title=\"aproyecto gestion 2020\" href=\"http:\/\/www.juntadeandalucia.es\/averroes\/centros-tic\/21700290\/helvia\/sitio\/upload\/PROYECTO_DE_GESTION_IES_CUENCA_MINERA.pdf\" target=\"_blank\" rel=\"noopener noreferrer\">PROYECTO DE GESTI\u00d3N<\/a><\/strong><strong><br \/>\n<\/strong><\/p>\n<p><strong>&#8211; <a title=\"aprotocolo covid-19\" href=\"http:\/\/www.juntadeandalucia.es\/averroes\/centros-tic\/21700290\/helvia\/sitio\/upload\/PROTOCOLO_CUENCA_MINERA_ACTUACION_COVID19.pdf\" target=\"_blank\" rel=\"noopener noreferrer\">PROTOCOLO<\/a><\/strong><a title=\"aprotocolo covid-19\" href=\"http:\/\/www.juntadeandalucia.es\/averroes\/centros-tic\/21700290\/helvia\/sitio\/upload\/PROTOCOLO_CUENCA_MINERA_ACTUACION_COVID19.pdf\" target=\"_blank\" rel=\"noopener noreferrer\"><strong> COVID-19<\/strong><\/a><strong>&nbsp;<\/strong><\/p>\n<p><strong>&#8211; <a title=\"PLAN FORMACION \" href=\"http:\/\/www.juntadeandalucia.es\/averroes\/centros-tic\/21700290\/helvia\/sitio\/upload\/Plan_de_formacion._Proyecto_educativo.pdf\" target=\"_blank\" rel=\"noopener noreferrer\">PLAN FORMACI\u00d3N. PROYECTO EDUCATIVO<\/a><\/strong><\/p>\n<p><strong>&#8211; <a title=\"ATENCION A LA DIVERSIDAD\" href=\"http:\/\/www.juntadeandalucia.es\/averroes\/centros-tic\/21700290\/helvia\/sitio\/upload\/P._Educativo_atencion_a_la_diversidad_bueno.pdf\" target=\"_blank\" rel=\"noopener noreferrer\">ATENCI\u00d3N A LA DIVERSIDAD. PROYECTO EDUCATIVO<\/a><\/strong><\/p>\n<p><strong>&#8211; <a title=\"Test CDD\" href=\"http:\/\/www.juntadeandalucia.es\/averroes\/centros-tic\/21700290\/helvia\/sitio\/upload\/INFORME_CCD.pdf\" target=\"_blank\" rel=\"noopener noreferrer\">Informe test CDD<\/a><\/strong><\/p>\n<p><strong>&#8211;<a title=\"Informe rubrica 2020\" href=\"http:\/\/www.juntadeandalucia.es\/averroes\/centros-tic\/21700290\/helvia\/sitio\/upload\/PLAN_DE_ACTUACION.pdf\" target=\"_blank\" rel=\"noopener noreferrer\"> Informaci\u00f3n R\u00fabrica TDE (Octubre 2020)<\/a><br \/>\n<\/strong><\/p>\n<p><strong>&#8211; <a title=\"Plan Actuaci\u00f3n 2020-21\" href=\"http:\/\/www.juntadeandalucia.es\/averroes\/centros-tic\/21700290\/helvia\/sitio\/upload\/Informe_del_Plan_de_Actuacion_Digital.pdf\" target=\"_blank\" rel=\"noopener noreferrer\">PLAN DE ACTUACI\u00d3N DIGITAL CURSO 2020\/2021<\/a><\/strong><\/p>\n<p><strong>&#8211; <a title=\"BUEN USO TIC\" href=\"http:\/\/www.juntadeandalucia.es\/averroes\/centros-tic\/21700290\/helvia\/sitio\/upload\/GUIA_USO_RESPONSABLE_IESCM.pdf\" target=\"_blank\" rel=\"noopener noreferrer\">GU\u00cdA: USO RESPONSABLE DE LAS TIC<\/a><\/strong><\/p>\n","protected":false},"excerpt":{"rendered":"<p>&#8211; PROYECTO EDUCATIVO DEL CENTRO&nbsp; &#8211; PROYECTO DE GESTI\u00d3N &#8211; PROTOCOLO COVID-19&nbsp; &#8211; PLAN FORMACI\u00d3N. PROYECTO EDUCATIVO &#8211; ATENCI\u00d3N A LA DIVERSIDAD. PROYECTO EDUCATIVO &#8211;&hellip;<\/p>\n","protected":false},"author":12902,"featured_media":0,"parent":0,"menu_order":0,"comment_status":"closed","ping_status":"closed","template":"","meta":{"ngg_post_thumbnail":0,"footnotes":""},"aioseo_notices":[],"_links":{"self":[{"href":"https:\/\/blogsaverroes.juntadeandalucia.es\/iescuencaminera\/wp-json\/wp\/v2\/pages\/573"}],"collection":[{"href":"https:\/\/blogsaverroes.juntadeandalucia.es\/iescuencaminera\/wp-json\/wp\/v2\/pages"}],"about":[{"href":"https:\/\/blogsaverroes.juntadeandalucia.es\/iescuencaminera\/wp-json\/wp\/v2\/types\/page"}],"author":[{"embeddable":true,"href":"https:\/\/blogsaverroes.juntadeandalucia.es\/iescuencaminera\/wp-json\/wp\/v2\/users\/12902"}],"replies":[{"embeddable":true,"href":"https:\/\/blogsaverroes.juntadeandalucia.es\/iescuencaminera\/wp-json\/wp\/v2\/comments?post=573"}],"version-history":[{"count":1,"href":"https:\/\/blogsaverroes.juntadeandalucia.es\/iescuencaminera\/wp-json\/wp\/v2\/pages\/573\/revisions"}],"predecessor-version":[{"id":574,"href":"https:\/\/blogsaverroes.juntadeandalucia.es\/iescuencaminera\/wp-json\/wp\/v2\/pages\/573\/revisions\/574"}],"wp:attachment":[{"href":"https:\/\/blogsaverroes.juntadeandalucia.es\/iescuencaminera\/wp-json\/wp\/v2\/media?parent=573"}],"curies":[{"name":"wp","href":"https:\/\/api.w.org\/{rel}","templated":true}]}}