{"id":2427,"date":"2017-09-20T14:32:29","date_gmt":"2017-09-20T12:32:29","guid":{"rendered":"http:\/\/blogsaverroes.juntadeandalucia.es\/iesdiegoangulo\/?page_id=2427"},"modified":"2022-06-17T19:58:12","modified_gmt":"2022-06-17T17:58:12","slug":"admision-en-ciclos-formativos","status":"publish","type":"page","link":"https:\/\/blogsaverroes.juntadeandalucia.es\/iesdiegoangulo\/admision-en-ciclos-formativos\/","title":{"rendered":"Admisi\u00f3n en Ciclos Formativos"},"content":{"rendered":"<p style=\"text-align: center\"><strong>FORMACI\u00d3N PROFESIONAL B\u00c1SICA<\/strong><\/p>\n<p style=\"text-align: center\"><a href=\"https:\/\/www.juntadeandalucia.es\/educacion\/secretariavirtual\/accesoTramite\/265\/\">FORMACI\u00d3N B\u00c1SICA.- Admisi\u00f3n a la Formaci\u00f3n Profesional B\u00e1sica<\/a><\/p>\n<p style=\"text-align: center\"><strong>GRADOS MEDIOS<\/strong><\/p>\n<p style=\"text-align: center\"><a href=\"https:\/\/www.juntadeandalucia.es\/educacion\/secretariavirtual\/accesoTramite\/308\/\">FORMACI\u00d3N PROFESIONAL.-Admisi\u00f3n en Ciclos de GRADO MEDIO OFERTA COMPLETA<\/a><\/p>\n<p style=\"text-align: center\"><strong>GRADOS SUPERIORES<\/strong><\/p>\n<p style=\"text-align: center\"><a href=\"https:\/\/www.juntadeandalucia.es\/educacion\/secretariavirtual\/accesoTramite\/317\/\">FORMACI\u00d3N PROFESIONAL.-Admisi\u00f3n en Ciclos de GRADO SUPERIOR OFERTA COMPLETA<\/a><\/p>\n<p style=\"text-align: center\">&nbsp;<\/p>\n<p>&nbsp;<\/p>\n","protected":false},"excerpt":{"rendered":"<p>FORMACI\u00d3N PROFESIONAL B\u00c1SICA FORMACI\u00d3N B\u00c1SICA.- Admisi\u00f3n a la Formaci\u00f3n Profesional B\u00e1sica GRADOS MEDIOS FORMACI\u00d3N PROFESIONAL.-Admisi\u00f3n en Ciclos de GRADO MEDIO OFERTA COMPLETA GRADOS SUPERIORES FORMACI\u00d3N&hellip;<\/p>\n","protected":false},"author":4298,"featured_media":0,"parent":0,"menu_order":0,"comment_status":"closed","ping_status":"closed","template":"","meta":{"footnotes":""},"aioseo_notices":[],"_links":{"self":[{"href":"https:\/\/blogsaverroes.juntadeandalucia.es\/iesdiegoangulo\/wp-json\/wp\/v2\/pages\/2427"}],"collection":[{"href":"https:\/\/blogsaverroes.juntadeandalucia.es\/iesdiegoangulo\/wp-json\/wp\/v2\/pages"}],"about":[{"href":"https:\/\/blogsaverroes.juntadeandalucia.es\/iesdiegoangulo\/wp-json\/wp\/v2\/types\/page"}],"author":[{"embeddable":true,"href":"https:\/\/blogsaverroes.juntadeandalucia.es\/iesdiegoangulo\/wp-json\/wp\/v2\/users\/4298"}],"replies":[{"embeddable":true,"href":"https:\/\/blogsaverroes.juntadeandalucia.es\/iesdiegoangulo\/wp-json\/wp\/v2\/comments?post=2427"}],"version-history":[{"count":6,"href":"https:\/\/blogsaverroes.juntadeandalucia.es\/iesdiegoangulo\/wp-json\/wp\/v2\/pages\/2427\/revisions"}],"predecessor-version":[{"id":3629,"href":"https:\/\/blogsaverroes.juntadeandalucia.es\/iesdiegoangulo\/wp-json\/wp\/v2\/pages\/2427\/revisions\/3629"}],"wp:attachment":[{"href":"https:\/\/blogsaverroes.juntadeandalucia.es\/iesdiegoangulo\/wp-json\/wp\/v2\/media?parent=2427"}],"curies":[{"name":"wp","href":"https:\/\/api.w.org\/{rel}","templated":true}]}}