{"id":1473,"date":"2022-03-17T18:30:14","date_gmt":"2022-03-17T17:30:14","guid":{"rendered":"https:\/\/blogsaverroes.juntadeandalucia.es\/iesdonana\/?page_id=1473"},"modified":"2022-03-22T11:03:47","modified_gmt":"2022-03-22T10:03:47","slug":"secretaria_titulos","status":"publish","type":"page","link":"https:\/\/blogsaverroes.juntadeandalucia.es\/iesdonana\/secretaria_titulos\/","title":{"rendered":"Secretaria_T\u00edtulos"},"content":{"rendered":"<p>[et_pb_section fb_built=&#8221;1&#8243; _builder_version=&#8221;3.23.3&#8243; custom_padding=&#8221;0px||0px|&#8221; z_index_tablet=&#8221;500&#8243; box_shadow_horizontal_tablet=&#8221;0px&#8221; box_shadow_vertical_tablet=&#8221;0px&#8221; box_shadow_blur_tablet=&#8221;40px&#8221; box_shadow_spread_tablet=&#8221;0px&#8221; global_colors_info=&#8221;{}&#8221;][et_pb_row _builder_version=&#8221;3.25&#8243; background_size=&#8221;initial&#8221; background_position=&#8221;top_left&#8221; background_repeat=&#8221;repeat&#8221; custom_margin=&#8221;|auto||125px||&#8221; global_colors_info=&#8221;{}&#8221;][et_pb_column type=&#8221;4_4&#8243; _builder_version=&#8221;3.25&#8243; custom_padding=&#8221;|||&#8221; global_colors_info=&#8221;{}&#8221; custom_padding__hover=&#8221;|||&#8221;][et_pb_image src=&#8221;https:\/\/blogsaverroes.juntadeandalucia.es\/iesdonana\/files\/2022\/03\/titulos.png&#8221; title_text=&#8221;titulos&#8221; admin_label=&#8221;Imagen de la portada&#8221; _builder_version=&#8221;4.14.5&#8243; z_index_tablet=&#8221;500&#8243; box_shadow_horizontal_tablet=&#8221;0px&#8221; box_shadow_vertical_tablet=&#8221;0px&#8221; box_shadow_blur_tablet=&#8221;40px&#8221; box_shadow_spread_tablet=&#8221;0px&#8221; global_colors_info=&#8221;{}&#8221;][\/et_pb_image][et_pb_text admin_label=&#8221;Texto descriptivo&#8221; _builder_version=&#8221;4.14.5&#8243; hover_enabled=&#8221;0&#8243; z_index_tablet=&#8221;500&#8243; text_text_shadow_horizontal_length_tablet=&#8221;0px&#8221; text_text_shadow_vertical_length_tablet=&#8221;0px&#8221; text_text_shadow_blur_strength_tablet=&#8221;1px&#8221; link_text_shadow_horizontal_length_tablet=&#8221;0px&#8221; link_text_shadow_vertical_length_tablet=&#8221;0px&#8221; link_text_shadow_blur_strength_tablet=&#8221;1px&#8221; ul_text_shadow_horizontal_length_tablet=&#8221;0px&#8221; ul_text_shadow_vertical_length_tablet=&#8221;0px&#8221; ul_text_shadow_blur_strength_tablet=&#8221;1px&#8221; ol_text_shadow_horizontal_length_tablet=&#8221;0px&#8221; ol_text_shadow_vertical_length_tablet=&#8221;0px&#8221; ol_text_shadow_blur_strength_tablet=&#8221;1px&#8221; quote_text_shadow_horizontal_length_tablet=&#8221;0px&#8221; quote_text_shadow_vertical_length_tablet=&#8221;0px&#8221; quote_text_shadow_blur_strength_tablet=&#8221;1px&#8221; header_text_shadow_horizontal_length_tablet=&#8221;0px&#8221; header_text_shadow_vertical_length_tablet=&#8221;0px&#8221; header_text_shadow_blur_strength_tablet=&#8221;1px&#8221; header_2_text_shadow_horizontal_length_tablet=&#8221;0px&#8221; header_2_text_shadow_vertical_length_tablet=&#8221;0px&#8221; header_2_text_shadow_blur_strength_tablet=&#8221;1px&#8221; header_3_text_shadow_horizontal_length_tablet=&#8221;0px&#8221; header_3_text_shadow_vertical_length_tablet=&#8221;0px&#8221; header_3_text_shadow_blur_strength_tablet=&#8221;1px&#8221; header_4_text_shadow_horizontal_length_tablet=&#8221;0px&#8221; header_4_text_shadow_vertical_length_tablet=&#8221;0px&#8221; header_4_text_shadow_blur_strength_tablet=&#8221;1px&#8221; header_5_text_shadow_horizontal_length_tablet=&#8221;0px&#8221; header_5_text_shadow_vertical_length_tablet=&#8221;0px&#8221; header_5_text_shadow_blur_strength_tablet=&#8221;1px&#8221; header_6_text_shadow_horizontal_length_tablet=&#8221;0px&#8221; header_6_text_shadow_vertical_length_tablet=&#8221;0px&#8221; header_6_text_shadow_blur_strength_tablet=&#8221;1px&#8221; box_shadow_horizontal_tablet=&#8221;0px&#8221; box_shadow_vertical_tablet=&#8221;0px&#8221; box_shadow_blur_tablet=&#8221;40px&#8221; box_shadow_spread_tablet=&#8221;0px&#8221; global_colors_info=&#8221;{}&#8221; sticky_enabled=&#8221;0&#8243;]<\/p>\n<p><span style=\"text-decoration: underline\"><span style=\"color: #003366;font-size: 12pt;text-decoration: underline\"><strong>T\u00edtulos ESO, ESPA y de la FPB (Formaci\u00f3n Profesional B\u00e1sica)<\/strong><\/span><\/span><\/p>\n<p style=\"text-align: justify\">Los t\u00edtulos de la E.S.O, ESPA&nbsp; y de la Formaci\u00f3n Profesional B\u00e1sica son gratuitos y no hay que solicitarlos. Los gestiona de oficio la secretar\u00eda del Centro.<\/p>\n<p style=\"text-align: justify\"><span style=\"text-decoration: underline;font-size: 12pt\"><span style=\"color: #003366;text-decoration: underline\"><strong>T\u00edtulos de Bachillerato y FP (Formaci\u00f3n Profesional)<\/strong><\/span><\/span><\/p>\n<p style=\"text-align: justify\">Se comunica al alumnado que haya finalizado Bachillerato, Ciclo Formativo de Grado Medio o Ciclo Formativo de Grado Superior, que&nbsp;pueden SOLICITAR, previo pago de las tasas correspondientes,&nbsp;la expedici\u00f3n de su T\u00edtulo a partir de&nbsp;la publicaci\u00f3n de las Actas de Evaluaci\u00f3n Final.<\/p>\n<hr>\n<p><span style=\"text-decoration: underline\"><span style=\"font-size: 12pt;color: #003366;text-decoration: underline\"><strong>\u00bfC\u00f3mo se solicita un t\u00edtulo?<\/strong><\/span><\/span><\/p>\n<p>El procedimiento puede ser telem\u00e1tico o en ventanilla del centro.<\/p>\n<table style=\"border-collapse: collapse;width: 100%;height: 240px\">\n<tbody>\n<tr style=\"height: 51px\">\n<td style=\"width: 100%;height: 51px\"><strong><span style=\"color: #003366\">TELEM\u00c1TICO<\/span><\/strong><\/td>\n<\/tr>\n<tr style=\"height: 127px\">\n<td style=\"width: 100%;height: 127px\">\n<p>Si deseas hacer todo el proceso de forma telem\u00e1tica, sin tener que acudir a la secretar\u00eda del Centro, puedes utilizar el siguiente&nbsp;<strong><span style=\"color: #43aae6\"> <a style=\"color: #43aae6\" href=\"https:\/\/www.juntadeandalucia.es\/educacion\/secretariavirtual\/accesoTramite\/302\/\" target=\"_blank\" rel=\"noopener noreferrer\">ENLACE<\/a>.<\/span><\/strong><\/p>\n<p>Si tienes derecho a exenci\u00f3n o bonificaci\u00f3n de la correspondiente tasa, no olvides subir la documentaci\u00f3n acreditativa.<\/p>\n<\/td>\n<\/tr>\n<tr style=\"height: 23px\">\n<td style=\"width: 100%;height: 39px\"><span style=\"color: #003366\"><strong>EN VENTANILLA<\/strong><\/span><\/td>\n<\/tr>\n<tr style=\"height: 23px\">\n<td style=\"width: 100%;height: 23px\">\n<ul>\n<li style=\"text-align: justify\">Cumplimentar y abonar la tasa correspondiente:\n<ul>\n<li>T\u00edtulos PRE-LOGSE:<span style=\"color: #43aae6\"><strong><a style=\"color: #43aae6\" href=\"https:\/\/sede.administracionespublicas.gob.es\/pagina\/index\/directorio\/tasa059\" target=\"_blank\" rel=\"noopener noreferrer\"> tasa 059 (Modelo 790)<\/a>.<\/strong><\/span><\/li>\n<li>T\u00edtulos LOGSE, LOE y LOE-LOMCE: <span style=\"color: #43aae6\"><strong><a style=\"color: #43aae6\" href=\"https:\/\/www.juntadeandalucia.es\/economiayhacienda\/apl\/surweb\/modelos\/modelo046\/046.jsp\" target=\"_blank\" rel=\"noopener noreferrer\">tasa 049 (Modelo 046).<\/a><\/strong><\/span><\/li>\n<\/ul>\n<\/li>\n<li style=\"text-align: justify\">Cumplimentar, firmar e imprimir la solicitud.\n<ul>\n<li><span style=\"color: #43aae6\"><strong><a style=\"color: #43aae6\" href=\"https:\/\/blogsaverroes.juntadeandalucia.es\/iesdonana\/files\/2022\/03\/Secretaria_SOLICITUD-FP1-FP2-Y-BACHILLER.pdf\" target=\"_blank\" rel=\"noopener noreferrer\">Solicitud PRE-LOGSE (FP1,FP2,Bachiller)<\/a><\/strong><\/span><\/li>\n<li><a href=\"https:\/\/blogsaverroes.juntadeandalucia.es\/iesdonana\/files\/2022\/03\/Secretaria_SOLICITUD-BTO-Y-CICLOS-FORMATIVOS.pdf\" target=\"_blank\" rel=\"noopener noreferrer\"><span style=\"color: #43aae6\"><strong>Solicitud LOGSE,LOE y LOE-LOMCE: Bachillerato y Ciclos Formativos<\/strong><\/span><\/a><\/li>\n<\/ul>\n<\/li>\n<li style=\"text-align: justify\">Llevar al centro el modelo 046 \u00f3 790 pagado, una copia del DNI, la solicitud y, en su caso, la documentaci\u00f3n acreditativa que pudiera dar derecho a exenci\u00f3n o bonificaci\u00f3n de la tasa.<br \/>\n<hr>\n<\/li>\n<\/ul>\n<p style=\"text-align: center\"><span style=\"color: #003366\"><strong>NOTAS ACLARATORIAS<\/strong><\/span><\/p>\n<p style=\"text-align: center\"><span style=\"color: #003366\"><strong>Instrucciones para rellenar el Mod. 046<\/strong><\/span><\/p>\n<ul>\n<li style=\"text-align: justify\">En el apartado OBLIGADO AL PAGO, se deben cumplimentar los datos personales y de domiciliaci\u00f3n del solicitante.<\/li>\n<li style=\"text-align: justify\"><span style=\"font-family: inherit;font-size: inherit\">En el apartado DATOS GENERALES, se debe marcar la casilla AUTOLIQUIDACI\u00d3N. En el cuadro de texto situado debajo se indica el tipo de t\u00edtulo que se solicita. Se escribir\u00e1 la fecha en la que se va a realizar la liquidaci\u00f3n. En el c\u00f3digo territorial pueden utilizarse los desplegables y seleccionar en c\u00f3digo \u00f3rgano territorial CONSEJER\u00cdA DE EDUCACI\u00d3N, en C\u00f3digo provincia, Huelva y en C\u00f3digo centro, I.E.S. Do\u00f1ana. En concepto de pago se indicar\u00e1 el c\u00f3digo 0049 o bien se utilizar\u00e1 el desplegable y se seleccionar\u00e1 TASA POR EXPEDICI\u00d3N DE T\u00cdTULOS ACAD\u00c9MICOS Y PROFESIONALES.<\/span><\/li>\n<li style=\"text-align: justify\">Usted podr\u00e1 hacer el pago telem\u00e1ticamente o imprimir el documento y llevarlo al banco\/caja para hacer efectivo del pago. Una vez realizado el pago, si lo ha pagado en el banco\/caja la entidad bancaria se queda con una de las copias del modelo (el tal\u00f3n de cargo) y, le entregar\u00e1 al solicitante el &nbsp;&nbsp;ejemplar para el interesado y el ejemplar para la Administraci\u00f3n, los cuales llevar\u00e1 al centro. Si lo ha pagado telem\u00e1ticamente debe descargarse los correspondientes resguardos y llevarlos al centro. En ambos casos, el ejemplar para la Administraci\u00f3n se lo queda el &nbsp;centro y el ejemplar para el interesado le ser\u00e1 sellado por el centro, sirvi\u00e9ndole de resguardo del pago de su tasa.<br \/>\n<hr>\n<\/li>\n<\/ul>\n<p style=\"text-align: center\"><strong><span style=\"color: #003366\">Tasas y exenciones por expedici\u00f3n de T\u00edtulos Acad\u00e9micos<\/span><\/strong><\/p>\n<p><span style=\"color: #003366\"><strong>Importes de la tasa 059 (Mod. 790) para el a\u00f1o 2022<\/strong><\/span><\/p>\n<ul>\n<li style=\"text-align: justify\">T\u00edtulo de Bachiller y t\u00edtulo de Formaci\u00f3n Profesional de Grado Superior, tarifa normal 53,84 euros y duplicados 4,85 euros.<\/li>\n<li style=\"text-align: justify\">T\u00edtulo de Formaci\u00f3n Profesional de Grado Medio, tarifa normal 21,95 euros y duplicados 2,53 euros.<\/li>\n<li>Est\u00e1n exentos del pago de estas tasas:\n<ul>\n<li style=\"text-align: justify\">Las v\u00edctimas de actos terroristas, as\u00ed como sus hijos (Ley 29\/2011, de 22 de septiembre, de Reconocimiento y Protecci\u00f3n Integral a las V\u00edctimas del Terrorismo &#8211; BOE del 23).<\/li>\n<li style=\"text-align: justify\">Los beneficiarios de familia numerosa de categor\u00eda especial (categor\u00eda establecida en Ley 40\/2003, de 18 de noviembre, de Protecci\u00f3n a las Familias Numerosas, BOE del 19).<\/li>\n<li style=\"text-align: justify\">La expedici\u00f3n de t\u00edtulos duplicados por causa imputable a la Administraci\u00f3n.<\/li>\n<li style=\"text-align: justify\">La expedici\u00f3n de t\u00edtulos duplicados por rectificaci\u00f3n de la menci\u00f3n del sexo en el Registro Civil (Disposici\u00f3n Adicional 2\u00aa de la Ley 3\/2007, de 15 de marzo, reguladora de la rectificaci\u00f3n registral de la menci\u00f3n relativa al sexo de las personas, BOE del 16).<\/li>\n<li style=\"text-align: justify\">Los beneficiarios de familia numerosa de categor\u00eda general abonar\u00e1n el 50 por ciento de la tasa (Ley 40\/2003, de 18 de noviembre).<\/li>\n<\/ul>\n<\/li>\n<\/ul>\n<p>&nbsp;<\/p>\n<p><strong style=\"font-family: inherit;color: #003366\">Importes de la tasa 049 (Mod. 046): <span style=\"color: #43aae6\"><a style=\"color: #43aae6\" href=\"https:\/\/www.juntadeandalucia.es\/educacion\/portals\/web\/ced\/tasas\" target=\"_blank\" rel=\"noopener noreferrer\">Enlace<\/a><\/span><\/strong><\/p>\n<p>&nbsp;<\/p>\n<ul>\n<li>Est\u00e1n <u>exentos<\/u> del pago de estas tasas:\n<ul>\n<li style=\"text-align: justify\">El alumnado que, como consecuencia de actos terroristas, haya sufrido da\u00f1os personales de especial trascendencia, o que lo inhabiliten para el ejercicio de su profesi\u00f3n habitual, o cuyos familiares hasta segundo grado de consanguinidad, tutores o guardadores hayan sufrido dichos da\u00f1os.<\/li>\n<li style=\"text-align: justify\">El alumnado miembro de familia numerosa de categor\u00eda especial.<\/li>\n<li style=\"text-align: justify\">Las v\u00edctimas de violencia de g\u00e9nero, dom\u00e9stica o ambas. Ley Org\u00e1nica 10\/1995 de 23 de noviembre.<\/li>\n<li style=\"text-align: justify\">Personas con discapacidad igual o superior al 33%.<\/li>\n<li style=\"text-align: justify\">Las personas beneficiarias del Ingreso M\u00ednimo Vital de conformidad con la Ley 19\/2021 de 20 de diciembre, Renta M\u00ednima de Inserci\u00f3n Social en Andaluc\u00eda de conformidad con el Decreto Ley 3\/2017 de 19 de diciembre o las beneficiarias de ambas prestaciones.<\/li>\n<li style=\"text-align: justify\">La expedici\u00f3n de t\u00edtulos duplicados por causa imputable a la Administraci\u00f3n.<\/li>\n<li style=\"text-align: justify\">La expedici\u00f3n de t\u00edtulos duplicados por rectificaci\u00f3n de la menci\u00f3n del sexo en el Registro Civil (Disposici\u00f3n Adicional 2\u00aa de la Ley 3\/2007, de 15 de marzo, reguladora de la rectificaci\u00f3n registral de la menci\u00f3n relativa al sexo de las personas, BOE del 16).<\/li>\n<li style=\"text-align: justify\">Los beneficiarios de familia numerosa de categor\u00eda general abonar\u00e1n el 50 por ciento de la tasa (Ley 40\/2003, de 18 de noviembre).<\/li>\n<\/ul>\n<\/li>\n<\/ul>\n<\/td>\n<\/tr>\n<\/tbody>\n<\/table>\n<p><span style=\"color: #003366\"><strong>IMPORTANTE<\/strong><\/span>: Es IMPRESCINDIBLE que el alumno\/a conserve el resguardo del pago de la tasa hasta que recoja en el &nbsp;Instituto el Titulo Oficial .<\/p>\n<hr>\n<p>&nbsp;<\/p>\n<p><span style=\"text-decoration: underline;color: #003366;font-size: 12pt\"><strong>Recogida de T\u00edtulos<\/strong><\/span><\/p>\n<ul style=\"list-style-type: circle\">\n<li style=\"text-align: justify\">La expedici\u00f3n de t\u00edtulos suele tardar de 2 a 3 a\u00f1os desde su solicitud. Si en dicho plazo no has recibido noticas del centro, llama a Secretar\u00eda para consultar si ya est\u00e1 disponible tu t\u00edtulo para ser recogido.<\/li>\n<li style=\"text-align: justify\">La recogida ser\u00e1 en la secretar\u00eda del Centro en horario de: Lunes&nbsp; a Viernes de 09:00 a 13:30 horas<\/li>\n<li style=\"text-align: justify\">El interesado deber\u00e1 venir con el DNI\/CARNET DE CONDUCIR\/NIE+PASAPORTE.<\/li>\n<li style=\"text-align: justify\">Si la persona que va a realizar la recogida es distinta del interesado\/representante legal para el que se expide el t\u00edtulo ser\u00e1 necesario aportar:<\/li>\n<\/ul>\n<ul>\n<li style=\"list-style-type: none\">\n<ul>\n<li style=\"text-align: justify\"><span style=\"color: #43aae6\"><strong><a style=\"color: #43aae6\" href=\"https:\/\/blogsaverroes.juntadeandalucia.es\/iesdonana\/secretaria_autorizacion_terceraspersonas\/\" target=\"_blank\" rel=\"noopener noreferrer\">Documento de autorizaci\u00f3n relleno y firmado<\/a><\/strong><\/span><\/li>\n<li style=\"text-align: justify\">Original o fotocopia del DNI de la persona que autoriza la recogida<\/li>\n<li style=\"text-align: justify\">Original o fotocopia del DNI de la persona autorizada.<\/li>\n<\/ul>\n<\/li>\n<\/ul>\n<p>[\/et_pb_text][\/et_pb_column][\/et_pb_row][\/et_pb_section]<\/p>\n","protected":false},"excerpt":{"rendered":"<p>T\u00edtulos ESO, ESPA y de la FPB (Formaci\u00f3n Profesional B\u00e1sica) Los t\u00edtulos de la E.S.O, ESPA&nbsp; y de la Formaci\u00f3n Profesional B\u00e1sica son gratuitos y no hay que solicitarlos. Los gestiona de oficio la secretar\u00eda del Centro. T\u00edtulos de Bachillerato y FP (Formaci\u00f3n Profesional) Se comunica al alumnado que haya finalizado Bachillerato, Ciclo Formativo de [&hellip;]<\/p>\n","protected":false},"author":14634,"featured_media":0,"parent":0,"menu_order":0,"comment_status":"closed","ping_status":"closed","template":"","meta":{"_et_pb_use_builder":"on","_et_pb_old_content":"","_et_gb_content_width":"","ngg_post_thumbnail":0,"footnotes":""},"aioseo_notices":[],"_links":{"self":[{"href":"https:\/\/blogsaverroes.juntadeandalucia.es\/iesdonana\/wp-json\/wp\/v2\/pages\/1473"}],"collection":[{"href":"https:\/\/blogsaverroes.juntadeandalucia.es\/iesdonana\/wp-json\/wp\/v2\/pages"}],"about":[{"href":"https:\/\/blogsaverroes.juntadeandalucia.es\/iesdonana\/wp-json\/wp\/v2\/types\/page"}],"author":[{"embeddable":true,"href":"https:\/\/blogsaverroes.juntadeandalucia.es\/iesdonana\/wp-json\/wp\/v2\/users\/14634"}],"replies":[{"embeddable":true,"href":"https:\/\/blogsaverroes.juntadeandalucia.es\/iesdonana\/wp-json\/wp\/v2\/comments?post=1473"}],"version-history":[{"count":11,"href":"https:\/\/blogsaverroes.juntadeandalucia.es\/iesdonana\/wp-json\/wp\/v2\/pages\/1473\/revisions"}],"predecessor-version":[{"id":1649,"href":"https:\/\/blogsaverroes.juntadeandalucia.es\/iesdonana\/wp-json\/wp\/v2\/pages\/1473\/revisions\/1649"}],"wp:attachment":[{"href":"https:\/\/blogsaverroes.juntadeandalucia.es\/iesdonana\/wp-json\/wp\/v2\/media?parent=1473"}],"curies":[{"name":"wp","href":"https:\/\/api.w.org\/{rel}","templated":true}]}}