{"id":2259,"date":"2023-10-25T10:12:35","date_gmt":"2023-10-25T09:12:35","guid":{"rendered":"https:\/\/blogsaverroes.juntadeandalucia.es\/iesdonana\/?page_id=2259"},"modified":"2023-11-14T19:16:42","modified_gmt":"2023-11-14T18:16:42","slug":"erasmus","status":"publish","type":"page","link":"https:\/\/blogsaverroes.juntadeandalucia.es\/iesdonana\/erasmus\/","title":{"rendered":"Erasmus+"},"content":{"rendered":"<p>[et_pb_section fb_built=&#8221;1&#8243; _builder_version=&#8221;3.22&#8243; global_colors_info=&#8221;{}&#8221;][et_pb_row _builder_version=&#8221;3.25&#8243; background_size=&#8221;initial&#8221; background_position=&#8221;top_left&#8221; background_repeat=&#8221;repeat&#8221; global_colors_info=&#8221;{}&#8221;][et_pb_column type=&#8221;4_4&#8243; _builder_version=&#8221;3.25&#8243; custom_padding=&#8221;|||&#8221; global_colors_info=&#8221;{}&#8221; custom_padding__hover=&#8221;|||&#8221;][et_pb_image src=&#8221;https:\/\/blogsaverroes.juntadeandalucia.es\/iesdonana\/files\/2022\/03\/ERASMUS-1.png&#8221; title_text=&#8221;ERASMUS&#8221; admin_label=&#8221;Imagen de la portada&#8221; _builder_version=&#8221;4.14.5&#8243; z_index_tablet=&#8221;500&#8243; box_shadow_horizontal_tablet=&#8221;0px&#8221; box_shadow_vertical_tablet=&#8221;0px&#8221; box_shadow_blur_tablet=&#8221;40px&#8221; box_shadow_spread_tablet=&#8221;0px&#8221; global_colors_info=&#8221;{}&#8221;][\/et_pb_image][et_pb_text admin_label=&#8221;Texto descriptivo&#8221; _builder_version=&#8221;4.14.5&#8243; hover_enabled=&#8221;0&#8243; z_index_tablet=&#8221;500&#8243; text_text_shadow_horizontal_length_tablet=&#8221;0px&#8221; text_text_shadow_vertical_length_tablet=&#8221;0px&#8221; text_text_shadow_blur_strength_tablet=&#8221;1px&#8221; link_text_shadow_horizontal_length_tablet=&#8221;0px&#8221; link_text_shadow_vertical_length_tablet=&#8221;0px&#8221; link_text_shadow_blur_strength_tablet=&#8221;1px&#8221; ul_text_shadow_horizontal_length_tablet=&#8221;0px&#8221; ul_text_shadow_vertical_length_tablet=&#8221;0px&#8221; ul_text_shadow_blur_strength_tablet=&#8221;1px&#8221; ol_text_shadow_horizontal_length_tablet=&#8221;0px&#8221; ol_text_shadow_vertical_length_tablet=&#8221;0px&#8221; ol_text_shadow_blur_strength_tablet=&#8221;1px&#8221; quote_text_shadow_horizontal_length_tablet=&#8221;0px&#8221; quote_text_shadow_vertical_length_tablet=&#8221;0px&#8221; quote_text_shadow_blur_strength_tablet=&#8221;1px&#8221; header_text_shadow_horizontal_length_tablet=&#8221;0px&#8221; header_text_shadow_vertical_length_tablet=&#8221;0px&#8221; header_text_shadow_blur_strength_tablet=&#8221;1px&#8221; header_2_text_shadow_horizontal_length_tablet=&#8221;0px&#8221; header_2_text_shadow_vertical_length_tablet=&#8221;0px&#8221; header_2_text_shadow_blur_strength_tablet=&#8221;1px&#8221; header_3_text_shadow_horizontal_length_tablet=&#8221;0px&#8221; header_3_text_shadow_vertical_length_tablet=&#8221;0px&#8221; header_3_text_shadow_blur_strength_tablet=&#8221;1px&#8221; header_4_text_shadow_horizontal_length_tablet=&#8221;0px&#8221; header_4_text_shadow_vertical_length_tablet=&#8221;0px&#8221; header_4_text_shadow_blur_strength_tablet=&#8221;1px&#8221; header_5_text_shadow_horizontal_length_tablet=&#8221;0px&#8221; header_5_text_shadow_vertical_length_tablet=&#8221;0px&#8221; header_5_text_shadow_blur_strength_tablet=&#8221;1px&#8221; header_6_text_shadow_horizontal_length_tablet=&#8221;0px&#8221; header_6_text_shadow_vertical_length_tablet=&#8221;0px&#8221; header_6_text_shadow_blur_strength_tablet=&#8221;1px&#8221; box_shadow_horizontal_tablet=&#8221;0px&#8221; box_shadow_vertical_tablet=&#8221;0px&#8221; box_shadow_blur_tablet=&#8221;40px&#8221; box_shadow_spread_tablet=&#8221;0px&#8221; global_colors_info=&#8221;{}&#8221; sticky_enabled=&#8221;0&#8243;]<\/p>\n<p>El IES Do\u00f1ana cuenta en la actualidad con tres proyectos Erasmus + en tres sectores diferentes:<\/p>\n<ul>\n<li>FP de grado medio: gestionado por la Mancomunidad de Desarrollo.<\/li>\n<li>Ense\u00f1anza de Adultos: gestionado por el Centro de Formaci\u00f3n del Profesorado.<\/li>\n<li><strong><span style=\"color: #003366\"><a style=\"color: #003366\" href=\"https:\/\/sites.google.com\/g.educaand.es\/actualidaderasmus?usp=sharing\" target=\"_blank\" rel=\"noopener noreferrer\">Secci\u00f3n Educaci\u00f3n Escolar (ESO y Bachillerato): Acreditaci\u00f3n propia que empezamos a desarrollar este curso. BLOG ACTUALIDAD ERASMUS (+info)<\/a><\/span><\/strong><\/li>\n<\/ul>\n<p>Gracias al primer proyecto dentro de la Acreditaci\u00f3n lograda por el CEP, nuestro profesorado de la ESPA ha podido formarse en diversos temas que conectan con los objetivos marcados en el Plan Erasmus elaborado por el CEP. Formar parte del Consorcio impulsado por el CEP y, particularmente, la participaci\u00f3n en este primer proyecto (2021-1-ES01-KA121-ADU-000007847) al amparo de la Acreditaci\u00f3n Erasmus +, ha sido muy satisfactorio, gratificante y fruct\u00edfero tanto desde un punto de vista personal como para nuestro propio centro, el IES Do\u00f1ana.<\/p>\n<p><a href=\"https:\/\/sites.google.com\/g.educaand.es\/movilidad-adultos-cepbollullos\/bienvenida\" target=\"_blank\" rel=\"noopener noreferrer\">+ informaci\u00f3n<\/a><\/p>\n<p><strong><u>PROYECTO 2021-1-ES01-KA121-ADU-000007847<\/u><\/strong><\/p>\n<p>En el primer a\u00f1o, los profesores del equipo de la ense\u00f1anza semipresencial de la Ense\u00f1anza Secundaria de Adultos han estado en Dubl\u00edn y en Malta realizando las formaciones Mar\u00eda Rodr\u00edguez Quintero, Esperanza Santos Moya, Mar\u00eda de la Sierra Poyato Le\u00f3n y Manolo Salas Medrano. Los cursos realizados han sido:<\/p>\n<ul>\n<li><strong>\u00abThe 21st centuryClassroom: new ideas for a new era\u00bb<\/strong>, en Dubl\u00edn, que permiti\u00f3, adem\u00e1s de la actualizaci\u00f3n ling\u00fc\u00edstica, un aprendizaje sobre nuevas metodolog\u00edas y pr\u00e1cticas innovadoras para llevar a cabo en el aula tanto en la ense\u00f1anza de adultos como en la Secundaria y el Bachillerato<strong>.<\/strong><\/li>\n<li><strong>\u00abFamily folklore and Traditions\u00bb<\/strong>: Este curso conectaba directamente con el objetivo de Identidad Europea y con el de mejora de la competencia ling\u00fc\u00edstica. Principalmente, nos permiti\u00f3 un profundo conocimiento no solo de la cultura y la historia de Malta sino tambi\u00e9n un conocimiento de su sistema educativo, ya que uno de los d\u00edas estuvo dedicado al conocimiento de su estructura y de su historia.<\/li>\n<\/ul>\n<p>Estas formaciones sirvieron adem\u00e1s para tener contacto con otros docentes europeos, lo&nbsp;cual permite tener posibles socios para nuestro proyecto Erasmus +.<\/p>\n<p>&nbsp;<\/p>\n<table style=\"border-collapse: collapse;width: 100.579%;height: 221px\">\n<tbody>\n<tr>\n<td style=\"width: 33.3333%\"><img loading=\"lazy\" decoding=\"async\" class=\"aligncenter wp-image-2253 size-medium\" src=\"https:\/\/blogsaverroes.juntadeandalucia.es\/iesdonana\/files\/2023\/10\/Erasmus04-300x225.jpg\" alt=\"\" width=\"300\" height=\"225\"><\/td>\n<td style=\"width: 33.3333%\"><img loading=\"lazy\" decoding=\"async\" class=\"aligncenter wp-image-2254 \" src=\"https:\/\/blogsaverroes.juntadeandalucia.es\/iesdonana\/files\/2023\/10\/Erasmus05-300x139.jpg\" alt=\"\" width=\"291\" height=\"135\"><\/td>\n<td style=\"width: 33.3333%\"><img loading=\"lazy\" decoding=\"async\" class=\"aligncenter wp-image-2249 size-medium\" src=\"https:\/\/blogsaverroes.juntadeandalucia.es\/iesdonana\/files\/2023\/10\/Erasmus08-225x300.jpg\" alt=\"\" width=\"225\" height=\"300\"><\/td>\n<\/tr>\n<tr>\n<td style=\"width: 33.3333%\"><img loading=\"lazy\" decoding=\"async\" class=\"aligncenter wp-image-2255 size-medium\" src=\"https:\/\/blogsaverroes.juntadeandalucia.es\/iesdonana\/files\/2023\/10\/Erasmus06-225x300.jpg\" alt=\"\" width=\"225\" height=\"300\"><\/td>\n<td style=\"width: 33.3333%\"><img loading=\"lazy\" decoding=\"async\" class=\"aligncenter wp-image-2248 size-medium\" src=\"https:\/\/blogsaverroes.juntadeandalucia.es\/iesdonana\/files\/2023\/10\/Erasmus07-300x225.jpg\" alt=\"\" width=\"300\" height=\"225\"><\/td>\n<td style=\"width: 33.3333%\"><img loading=\"lazy\" decoding=\"async\" class=\"aligncenter wp-image-2251 size-medium\" src=\"https:\/\/blogsaverroes.juntadeandalucia.es\/iesdonana\/files\/2023\/10\/Erasmus02-225x300.jpeg\" alt=\"\" width=\"225\" height=\"300\"><\/td>\n<\/tr>\n<\/tbody>\n<\/table>\n<p>[\/et_pb_text][\/et_pb_column][\/et_pb_row][\/et_pb_section][et_pb_section fb_built=&#8221;1&#8243; _builder_version=&#8221;4.14.5&#8243; _module_preset=&#8221;default&#8221; global_colors_info=&#8221;{}&#8221;][\/et_pb_section]<\/p>\n","protected":false},"excerpt":{"rendered":"<p>El IES Do\u00f1ana cuenta en la actualidad con tres proyectos Erasmus + en tres sectores diferentes: FP de grado medio: gestionado por la Mancomunidad de Desarrollo. Ense\u00f1anza de Adultos: gestionado por el Centro de Formaci\u00f3n del Profesorado. Secci\u00f3n Educaci\u00f3n Escolar (ESO y Bachillerato): Acreditaci\u00f3n propia que empezamos a desarrollar este curso. BLOG ACTUALIDAD ERASMUS (+info) [&hellip;]<\/p>\n","protected":false},"author":14634,"featured_media":0,"parent":0,"menu_order":0,"comment_status":"closed","ping_status":"closed","template":"","meta":{"_et_pb_use_builder":"on","_et_pb_old_content":"","_et_gb_content_width":"","ngg_post_thumbnail":0,"footnotes":""},"aioseo_notices":[],"_links":{"self":[{"href":"https:\/\/blogsaverroes.juntadeandalucia.es\/iesdonana\/wp-json\/wp\/v2\/pages\/2259"}],"collection":[{"href":"https:\/\/blogsaverroes.juntadeandalucia.es\/iesdonana\/wp-json\/wp\/v2\/pages"}],"about":[{"href":"https:\/\/blogsaverroes.juntadeandalucia.es\/iesdonana\/wp-json\/wp\/v2\/types\/page"}],"author":[{"embeddable":true,"href":"https:\/\/blogsaverroes.juntadeandalucia.es\/iesdonana\/wp-json\/wp\/v2\/users\/14634"}],"replies":[{"embeddable":true,"href":"https:\/\/blogsaverroes.juntadeandalucia.es\/iesdonana\/wp-json\/wp\/v2\/comments?post=2259"}],"version-history":[{"count":6,"href":"https:\/\/blogsaverroes.juntadeandalucia.es\/iesdonana\/wp-json\/wp\/v2\/pages\/2259\/revisions"}],"predecessor-version":[{"id":2272,"href":"https:\/\/blogsaverroes.juntadeandalucia.es\/iesdonana\/wp-json\/wp\/v2\/pages\/2259\/revisions\/2272"}],"wp:attachment":[{"href":"https:\/\/blogsaverroes.juntadeandalucia.es\/iesdonana\/wp-json\/wp\/v2\/media?parent=2259"}],"curies":[{"name":"wp","href":"https:\/\/api.w.org\/{rel}","templated":true}]}}