{"id":367,"date":"2015-03-18T10:25:01","date_gmt":"2015-03-18T10:25:01","guid":{"rendered":"http:\/\/blogsaverroes.juntadeandalucia.es\/pre\/ceip\/?page_id=367"},"modified":"2023-11-24T10:51:25","modified_gmt":"2023-11-24T10:51:25","slug":"programaciones-pendientesmateriales-recursos","status":"publish","type":"page","link":"https:\/\/blogsaverroes.juntadeandalucia.es\/ieselalmijar\/geografia-e-historia\/programaciones-pendientesmateriales-recursos\/","title":{"rendered":"Programaciones, Pendientes, Ex\u00e1menes, Materiales, recursos\u2026"},"content":{"rendered":"<h2><strong>Programaciones Curso 2023\/2024:<\/strong><\/h2>\n<p><a href=\"https:\/\/blogsaverroes.juntadeandalucia.es\/ieselalmijar\/files\/2023\/11\/\u00c1MB.-COMUNICACI\u00d3N-Y-CCSS-1\u00ba-CFGB.pdf\"><strong>\u00c1MB. COMUNICACI\u00d3N Y CCSS (1\u00ba CFGB)<\/strong><\/a><\/p>\n<p><strong><a href=\"https:\/\/blogsaverroes.juntadeandalucia.es\/ieselalmijar\/files\/2023\/11\/\u00c1MB.-COMUNICACI\u00d3N-Y-CCSS-2\u00ba-CFGB.pdf\">\u00c1MB. COMUNICACI\u00d3N Y CCSS (2\u00ba CFGB)<\/a> <\/strong><\/p>\n<p><strong><a href=\"https:\/\/blogsaverroes.juntadeandalucia.es\/ieselalmijar\/files\/2023\/11\/GeH1\u00ba-4\u00baESOOyD1\u00baESOALS1\u00baDiverEcon.4\u00baESOFyOL4\u00baESO.pdf\">GeH(1\u00ba-4\u00baESO)+OyD(1\u00baESO)+ALS(1\u00baDiver)+Econ.(4\u00baESO)+FyOL(4\u00baESO)<\/a> <\/strong><\/p>\n<p><strong><a href=\"https:\/\/blogsaverroes.juntadeandalucia.es\/ieselalmijar\/files\/2023\/11\/EDUCACI\u00d3N-EN-VALORES-C\u00cdVICOS-Y-\u00c9TICOS-2\u00baESO.pdf\">EDUCACI\u00d3N EN VALORES C\u00cdVICOS Y \u00c9TICOS (2\u00baESO)<\/a><\/strong><\/p>\n<p><strong> <a href=\"https:\/\/blogsaverroes.juntadeandalucia.es\/ieselalmijar\/files\/2023\/11\/ALS-2\u00ba-DIVER.pdf\">ALS (2\u00ba DIVER)<\/a><\/strong><\/p>\n<h2><strong>Programaciones Curso 2021\/2022:<\/strong><\/h2>\n<h2><a href=\"https:\/\/blogsaverroes.juntadeandalucia.es\/ieselalmijar\/files\/2021\/12\/GeH-programaci\u00f3n-El-Almijar.-21-22.pdf\" target=\"_blank\" rel=\"noopener noreferrer\">GeH programaci\u00f3n (El Almijar.-21-22)<\/a><\/h2>\n<h2><a href=\"https:\/\/blogsaverroes.juntadeandalucia.es\/ieselalmijar\/files\/2021\/12\/Valores-\u00c9ticos-IES-El-almijar-2021-2022.pdf\" target=\"_blank\" rel=\"noopener noreferrer\">Valores \u00c9ticos (IES El almijar 2021-2022)<\/a><\/h2>\n<h2><a href=\"https:\/\/blogsaverroes.juntadeandalucia.es\/ieselalmijar\/files\/2021\/12\/Programaci\u00f3n-CS-y-G\u00ba-2\u00ba-y-3\u00ba-ESO-IES-El-almijar-2021-2022.pdf\" target=\"_blank\" rel=\"noopener noreferrer\">Programaci\u00f3n CS y G\u00ba 2\u00ba y 3\u00ba ESO (IES El almijar 2021-2022)<\/a><\/h2>\n<h2><strong>Programaciones <\/strong>2020\/2021:<\/h2>\n<h1><strong><a href=\"https:\/\/blogsaverroes.juntadeandalucia.es\/ieselalmijar\/files\/2020\/11\/GeH-programaci\u00f3n-2020-2021.pdf\" target=\"_blank\" rel=\"noopener noreferrer\">Programaci\u00f3n GEOGRAF\u00cdA E HISTORIA 2020-2021<\/a><\/strong><\/h1>\n<h1><strong><a href=\"https:\/\/blogsaverroes.juntadeandalucia.es\/ieselalmijar\/files\/2020\/11\/valores-\u00e9ticos-programacion-2020-2021.pdf\" target=\"_blank\" rel=\"noopener noreferrer\">Programacion Valores \u00e9ticos 2020-2021<\/a> <\/strong><\/h1>\n<h1><a href=\"https:\/\/blogsaverroes.juntadeandalucia.es\/ieselalmijar\/files\/2020\/11\/Programaci\u00f3n-CS-y-G\u00ba-2\u00ba-y-3\u00ba-ESO-2020-21.pdf\" target=\"_blank\" rel=\"noopener noreferrer\">Programaci\u00f3n CS y G\u00ba 2\u00ba y 3\u00ba ESO 2020-21<\/a><\/h1>\n<p>&nbsp;<\/p>\n<h2><strong>Programaciones <\/strong>2019\/2020:<\/h2>\n<h2><a href=\"https:\/\/blogsaverroes.juntadeandalucia.es\/ieselalmijar\/files\/2020\/01\/4.-DEPARTAMENTO-DE-GEOGRAF\u00cdA-E-HISTORIA.pdf\">&nbsp;DEPARTAMENTO DE GEOGRAF\u00cdA E HISTORIA<\/a><\/h2>\n<h2><a href=\"https:\/\/blogsaverroes.juntadeandalucia.es\/ieselalmijar\/files\/2020\/01\/2.-PROGRAMACI\u00d3N-CAMBIOS-SOCIALES-Y-G\u00ba.-2\u00ba-Y-3\u00ba-ESO.pdf\">PROGRAMACI\u00d3N CAMBIOS SOCIALES Y G\u00ba. 2\u00ba (Y 3\u00ba ESO)<\/a><\/h2>\n<h2><a href=\"https:\/\/blogsaverroes.juntadeandalucia.es\/ieselalmijar\/files\/2020\/01\/PROG-PMAR-3-ESO-2019-2020-IES-EL-ALMIJAR-.pdf\">PROG PMAR 3 ESO 2019-2020 IES EL ALMIJAR &#8212;<\/a><\/h2>\n<h2>Recuperaciones curso 2017\/2018:<\/h2>\n<h4><a href=\"https:\/\/blogsaverroes.juntadeandalucia.es\/ieselalmijar\/files\/2015\/03\/Recuperaci\u00f3n-Geograf\u00eda-e-Historia-de-1\u00ba.pdf\">Recuperaci\u00f3n Geograf\u00eda e Historia de 1\u00ba<\/a><\/h4>\n<h4><a href=\"https:\/\/blogsaverroes.juntadeandalucia.es\/ieselalmijar\/files\/2015\/03\/Recuperaci\u00f3n-Geograf\u00eda-e-Historia-de-2\u00ba.pdf\">Recuperaci\u00f3n Geograf\u00eda e Historia de 2\u00ba<\/a><\/h4>\n<h4><a href=\"https:\/\/blogsaverroes.juntadeandalucia.es\/ieselalmijar\/files\/2015\/03\/Recuperaci\u00f3n-Geograf\u00eda-e-Historia-de-3\u00ba.pdf\">Recuperaci\u00f3n Geograf\u00eda e Historia de 3\u00ba<\/a><\/h4>\n<p>&nbsp;<\/p>\n<div class=\"iDevice_inner\">\n<div id=\"ta41_22_2\" class=\"block\">\n<div align=\"justify\">&nbsp;<\/div>\n<\/div>\n<\/div>\n","protected":false},"excerpt":{"rendered":"<p>Programaciones Curso 2023\/2024: \u00c1MB. COMUNICACI\u00d3N Y CCSS (1\u00ba CFGB) \u00c1MB. COMUNICACI\u00d3N Y CCSS (2\u00ba CFGB) GeH(1\u00ba-4\u00baESO)+OyD(1\u00baESO)+ALS(1\u00baDiver)+Econ.(4\u00baESO)+FyOL(4\u00baESO) EDUCACI\u00d3N EN VALORES C\u00cdVICOS Y \u00c9TICOS (2\u00baESO) ALS (2\u00ba DIVER) Programaciones Curso 2021\/2022: GeH programaci\u00f3n (El Almijar.-21-22) Valores&#46;&#46;&#46;<\/p>\n","protected":false},"author":1,"featured_media":0,"parent":153,"menu_order":0,"comment_status":"closed","ping_status":"open","template":"","meta":{"ngg_post_thumbnail":0,"footnotes":"","_mc_calendar":[]},"aioseo_notices":[],"_links":{"self":[{"href":"https:\/\/blogsaverroes.juntadeandalucia.es\/ieselalmijar\/wp-json\/wp\/v2\/pages\/367"}],"collection":[{"href":"https:\/\/blogsaverroes.juntadeandalucia.es\/ieselalmijar\/wp-json\/wp\/v2\/pages"}],"about":[{"href":"https:\/\/blogsaverroes.juntadeandalucia.es\/ieselalmijar\/wp-json\/wp\/v2\/types\/page"}],"author":[{"embeddable":true,"href":"https:\/\/blogsaverroes.juntadeandalucia.es\/ieselalmijar\/wp-json\/wp\/v2\/users\/1"}],"replies":[{"embeddable":true,"href":"https:\/\/blogsaverroes.juntadeandalucia.es\/ieselalmijar\/wp-json\/wp\/v2\/comments?post=367"}],"version-history":[{"count":18,"href":"https:\/\/blogsaverroes.juntadeandalucia.es\/ieselalmijar\/wp-json\/wp\/v2\/pages\/367\/revisions"}],"predecessor-version":[{"id":9572,"href":"https:\/\/blogsaverroes.juntadeandalucia.es\/ieselalmijar\/wp-json\/wp\/v2\/pages\/367\/revisions\/9572"}],"up":[{"embeddable":true,"href":"https:\/\/blogsaverroes.juntadeandalucia.es\/ieselalmijar\/wp-json\/wp\/v2\/pages\/153"}],"wp:attachment":[{"href":"https:\/\/blogsaverroes.juntadeandalucia.es\/ieselalmijar\/wp-json\/wp\/v2\/media?parent=367"}],"curies":[{"name":"wp","href":"https:\/\/api.w.org\/{rel}","templated":true}]}}