{"id":369,"date":"2015-03-18T10:25:18","date_gmt":"2015-03-18T10:25:18","guid":{"rendered":"http:\/\/blogsaverroes.juntadeandalucia.es\/pre\/ceip\/?page_id=369"},"modified":"2023-11-24T11:40:53","modified_gmt":"2023-11-24T11:40:53","slug":"programaciones-pendientes-y-otros","status":"publish","type":"page","link":"https:\/\/blogsaverroes.juntadeandalucia.es\/ieselalmijar\/matematicas\/programaciones-pendientes-y-otros\/","title":{"rendered":"Programaciones, Ex\u00e1menes, Materiales, recursos\u2026"},"content":{"rendered":"<h2><strong>Programaciones 2023\/2024:<\/strong><\/h2>\n<h2><a href=\"https:\/\/blogsaverroes.juntadeandalucia.es\/ieselalmijar\/files\/2023\/11\/MATEM\u00c1TICAS-4\u00ba-ESO.pdf\">MATEM\u00c1TICAS 4\u00ba ESO<\/a><\/h2>\n<h2><a href=\"https:\/\/blogsaverroes.juntadeandalucia.es\/ieselalmijar\/files\/2023\/11\/MATEM\u00c1TICAS-2\u00ba-ESO.pdf\">MATEM\u00c1TICAS 2\u00ba ESO<\/a> <a href=\"https:\/\/blogsaverroes.juntadeandalucia.es\/ieselalmijar\/files\/2023\/11\/MATEM\u00c1TICAS-1\u00ba-ESO-Y-3\u00ba-ESO.pdf\">MATEM\u00c1TICAS 1\u00ba ESO Y 3\u00ba ESO<\/a><\/h2>\n<h2><a href=\"https:\/\/blogsaverroes.juntadeandalucia.es\/ieselalmijar\/files\/2023\/11\/COMPUTACI\u00d3N-Y-ROB\u00d3TICA-1\u00ba-3\u00ba-ESO.pdf\">COMPUTACI\u00d3N Y ROB\u00d3TICA (1\u00ba-3\u00ba ESO)<\/a><\/h2>\n<h2><a href=\"https:\/\/blogsaverroes.juntadeandalucia.es\/ieselalmijar\/files\/2023\/11\/DIGITALIZACI\u00d3N-4\u00ba-ESO.pdf\">DIGITALIZACI\u00d3N (4\u00ba ESO)<\/a><\/h2>\n<h2><a href=\"https:\/\/blogsaverroes.juntadeandalucia.es\/ieselalmijar\/files\/2023\/11\/\u00c1MBITO-DE-CIENCIAS-APLICADAS-1\u00ba-CFGB.pdf\">\u00c1MBITO DE CIENCIAS APLICADAS (1\u00ba CFGB)<\/a><\/h2>\n<h2><a href=\"https:\/\/blogsaverroes.juntadeandalucia.es\/ieselalmijar\/files\/2023\/11\/\u00c1MBITO-DE-CIENCIAS-APLICADAS-2\u00ba-CFGB.pdf\">\u00c1MBITO DE CIENCIAS APLICADAS (2\u00ba CFGB)<\/a><\/h2>\n<h2><a href=\"https:\/\/blogsaverroes.juntadeandalucia.es\/ieselalmijar\/files\/2023\/11\/\u00c1MB.CIENT\u00cdFICO-TECNOL\u00d3GICO-2\u00baDIVER.pdf\">\u00c1MB.CIENT\u00cdFICO-TECNOL\u00d3GICO (2\u00baDIVER)<\/a><\/h2>\n<h2><a href=\"https:\/\/blogsaverroes.juntadeandalucia.es\/ieselalmijar\/files\/2023\/11\/\u00c1MB.-CIENT\u00cdFICO-TECNOL\u00d3GICO-1\u00baDIVER.pdf\">\u00c1MB. CIENT\u00cdFICO-TECNOL\u00d3GICO (1\u00baDIVER)<\/a><\/h2>\n<h3>&nbsp;<\/h3>\n<h2><strong>LIBROS DE LECTURA<\/strong><\/h2>\n<h2><a href=\"http:\/\/blogsaverroes.juntadeandalucia.es\/ieselalmijar\/files\/2015\/03\/malditasmatematicas.pdf\"><em><u><span style=\"color: #0066cc\">malditasmatematicas<\/span><\/u><\/em><\/a><\/h2>\n<h2><em><a href=\"http:\/\/blogsaverroes.juntadeandalucia.es\/ieselalmijar\/files\/2015\/03\/guia-los-10-magnificos-almijar_def.pdf\"><u><span style=\"color: #0066cc\">guia-los-10-magnificos-almijar_def<\/span><\/u><\/a><\/em><\/h2>\n<h2><a href=\"http:\/\/blogsaverroes.juntadeandalucia.es\/ieselalmijar\/files\/2015\/03\/Los-diez-magnificos-Anna-Cerasoli_Parte1.pdf\"><em><u><span style=\"color: #0066cc\">Los diez magnificos (Anna Cerasoli)_Parte1<\/span><\/u><\/em><\/a><\/h2>\n<h2><a href=\"http:\/\/blogsaverroes.juntadeandalucia.es\/ieselalmijar\/files\/2015\/03\/Los-diez-magnificos-Anna-Cerasoli_Parte2.pdf\"><u><span style=\"color: #0066cc\"><em>Los diez magnificos (Anna Cerasoli)_Parte2<\/em><\/span><\/u><\/a><em>&nbsp;<\/em><\/h2>\n<h2><a href=\"http:\/\/blogsaverroes.juntadeandalucia.es\/ieselalmijar\/files\/2015\/03\/Los-diez-magnificos-Anna-Cerasoli_Parte3.pdf\"><u><span style=\"color: #0066cc\"><em>Los diez magnificos (Anna Cerasoli)_Parte3<\/em><\/span><\/u><\/a><\/h2>\n<h2><a href=\"http:\/\/blogsaverroes.juntadeandalucia.es\/ieselalmijar\/files\/2015\/03\/Los-diez-magnificos-Anna-Cerasoli_Parte4.pdf\"><u><span style=\"color: #0066cc\"><em>Los diez magnificos (Anna Cerasoli)_Parte4<\/em><\/span><\/u><\/a><\/h2>\n<h2><a href=\"http:\/\/blogsaverroes.juntadeandalucia.es\/ieselalmijar\/files\/2015\/03\/Los-diez-magnificos-Anna-Cerasoli_Parte5.pdf\"><u><span style=\"color: #0066cc\"><em>Los diez magnificos (Anna Cerasoli)_Parte5<\/em><\/span><\/u><\/a><\/h2>\n<h4>Programaci\u00f3n Curso 2015\/2016: <a href=\"http:\/\/blogsaverroes.juntadeandalucia.es\/ieselalmijar\/files\/2015\/03\/MATEM\u00c1TICAS.pdf\">MATEM\u00c1TICAS<\/a><\/h4>\n<h4>&nbsp;<\/h4>\n<h4><a href=\"http:\/\/agrega.juntadeandalucia.es\/visualizar\/es\/es-an_2010110313_9101154\/true\" target=\"_blank\" rel=\"noopener noreferrer\">Sociedad y medio ambiente. Un espacio compartido: Estudio estad\u00edstico<\/a><\/h4>\n<p><a href=\"http:\/\/agrega.juntadeandalucia.es\/visualizar\/es\/es-an_2010110313_9101154\/true\" target=\"_blank\" rel=\"noopener noreferrer\"><img loading=\"lazy\" decoding=\"async\" class=\" size-medium wp-image-2137 alignleft\" src=\"http:\/\/blogsaverroes.juntadeandalucia.es\/ieselalmijar\/files\/2015\/03\/matematicas01-300x211.png\" alt=\"matematicas01\" width=\"300\" height=\"211\" srcset=\"https:\/\/blogsaverroes.juntadeandalucia.es\/ieselalmijar\/files\/2015\/03\/matematicas01-300x211.png 300w, https:\/\/blogsaverroes.juntadeandalucia.es\/ieselalmijar\/files\/2015\/03\/matematicas01.png 525w\" sizes=\"(max-width: 300px) 100vw, 300px\" \/><\/a> Cuando vemos en televisi\u00f3n <b>noticias relacionadas con el medio ambiente<\/b>, o cuando las leemos en los peri\u00f3dicos o en las revistas, casi siempre vienen acompa\u00f1adas de <b>gr\u00e1ficos <\/b>extra\u00f1os&#8230;<strong> De cifras<\/strong><\/p>\n<h4><a href=\"http:\/\/agrega.juntadeandalucia.es\/visualizar\/es\/es-an_2010070613_9112123\/true\" target=\"_blank\" rel=\"noopener noreferrer\">Cifras y letras: H\u00e1gase el n\u00famero<\/a><\/h4>\n<p><a href=\"http:\/\/agrega.juntadeandalucia.es\/visualizar\/es\/es-an_2010070613_9112123\/true\" target=\"_blank\" rel=\"noopener noreferrer\"><img loading=\"lazy\" decoding=\"async\" class=\" size-medium wp-image-2140 alignleft\" src=\"http:\/\/blogsaverroes.juntadeandalucia.es\/ieselalmijar\/files\/2015\/03\/matematicas02-241x300.jpg\" alt=\"matematicas02\" width=\"241\" height=\"300\" srcset=\"https:\/\/blogsaverroes.juntadeandalucia.es\/ieselalmijar\/files\/2015\/03\/matematicas02-241x300.jpg 241w, https:\/\/blogsaverroes.juntadeandalucia.es\/ieselalmijar\/files\/2015\/03\/matematicas02.jpg 361w\" sizes=\"(max-width: 241px) 100vw, 241px\" \/><\/a> La realidad en la que vivimos est\u00e1 regida por n\u00fameros: nos despiertan, nos marcan l\u00edmites, nos indican d\u00f3nde ir, cu\u00e1ndo marcharnos, c\u00f3mo cocinar, nos comparan y valoran,&#8230; Aunque hoy en d\u00eda esta afirmaci\u00f3n la asumamos sin problemas, la situaci\u00f3n era muy diferente en el mundo antiguo. La noci\u00f3n de n\u00famero nace como una idea casi metaf\u00edsica, y a medida que el hombre va evolucionando los n\u00fameros se van desarrollando para ayudar a responder a los retos de cada momento. Pit\u00e1goras fue el primer matem\u00e1tico en explorar el mundo de los n\u00fameros. Para \u00e9l, <em>\u00abtodo es n\u00famero\u00bb<\/em>, ya que consideraba que filosof\u00eda, naturaleza y matem\u00e1ticas estaban muy entrelazadas. Con el transcurso del tiempo, los n\u00fameros naturales se ampliaron con los negativos, con el cero, con los n\u00fameros racionales, los irracionales&#8230; hasta constituir una estructura b\u00e1sica s\u00f3lida en la que se basa la matem\u00e1tica actual.<\/p>\n","protected":false},"excerpt":{"rendered":"<p>Programaciones 2023\/2024: MATEM\u00c1TICAS 4\u00ba ESO MATEM\u00c1TICAS 2\u00ba ESO MATEM\u00c1TICAS 1\u00ba ESO Y 3\u00ba ESO COMPUTACI\u00d3N Y ROB\u00d3TICA (1\u00ba-3\u00ba ESO) DIGITALIZACI\u00d3N (4\u00ba ESO) \u00c1MBITO DE CIENCIAS APLICADAS (1\u00ba CFGB) \u00c1MBITO DE CIENCIAS APLICADAS (2\u00ba CFGB)&#46;&#46;&#46;<\/p>\n","protected":false},"author":1,"featured_media":0,"parent":158,"menu_order":0,"comment_status":"closed","ping_status":"open","template":"","meta":{"ngg_post_thumbnail":0,"footnotes":"","_mc_calendar":[]},"aioseo_notices":[],"_links":{"self":[{"href":"https:\/\/blogsaverroes.juntadeandalucia.es\/ieselalmijar\/wp-json\/wp\/v2\/pages\/369"}],"collection":[{"href":"https:\/\/blogsaverroes.juntadeandalucia.es\/ieselalmijar\/wp-json\/wp\/v2\/pages"}],"about":[{"href":"https:\/\/blogsaverroes.juntadeandalucia.es\/ieselalmijar\/wp-json\/wp\/v2\/types\/page"}],"author":[{"embeddable":true,"href":"https:\/\/blogsaverroes.juntadeandalucia.es\/ieselalmijar\/wp-json\/wp\/v2\/users\/1"}],"replies":[{"embeddable":true,"href":"https:\/\/blogsaverroes.juntadeandalucia.es\/ieselalmijar\/wp-json\/wp\/v2\/comments?post=369"}],"version-history":[{"count":18,"href":"https:\/\/blogsaverroes.juntadeandalucia.es\/ieselalmijar\/wp-json\/wp\/v2\/pages\/369\/revisions"}],"predecessor-version":[{"id":9576,"href":"https:\/\/blogsaverroes.juntadeandalucia.es\/ieselalmijar\/wp-json\/wp\/v2\/pages\/369\/revisions\/9576"}],"up":[{"embeddable":true,"href":"https:\/\/blogsaverroes.juntadeandalucia.es\/ieselalmijar\/wp-json\/wp\/v2\/pages\/158"}],"wp:attachment":[{"href":"https:\/\/blogsaverroes.juntadeandalucia.es\/ieselalmijar\/wp-json\/wp\/v2\/media?parent=369"}],"curies":[{"name":"wp","href":"https:\/\/api.w.org\/{rel}","templated":true}]}}