{"id":141,"date":"2015-03-17T07:13:24","date_gmt":"2015-03-17T07:13:24","guid":{"rendered":"http:\/\/blogsaverroes.juntadeandalucia.es\/pre\/ceip\/?page_id=141"},"modified":"2026-04-20T07:52:08","modified_gmt":"2026-04-20T07:52:08","slug":"admision","status":"publish","type":"page","link":"https:\/\/blogsaverroes.juntadeandalucia.es\/iesfrayluisdegranada\/secretaria\/admision\/","title":{"rendered":"Admisi\u00f3n ESO y Bachillerato 2026-2027"},"content":{"rendered":"\t\t<div data-elementor-type=\"wp-page\" data-elementor-id=\"141\" class=\"elementor elementor-141\">\n\t\t\t\t\t\t<section class=\"elementor-section elementor-top-section elementor-element elementor-element-2cd158f3 elementor-section-boxed elementor-section-height-default elementor-section-height-default\" data-id=\"2cd158f3\" data-element_type=\"section\">\n\t\t\t\t\t\t<div class=\"elementor-container elementor-column-gap-default\">\n\t\t\t\t\t<div class=\"elementor-column elementor-col-100 elementor-top-column elementor-element elementor-element-6cf6305f\" data-id=\"6cf6305f\" data-element_type=\"column\">\n\t\t\t<div class=\"elementor-widget-wrap elementor-element-populated\">\n\t\t\t\t\t\t<div class=\"elementor-element elementor-element-a74462e elementor-widget elementor-widget-image\" data-id=\"a74462e\" data-element_type=\"widget\" data-widget_type=\"image.default\">\n\t\t\t\t<div class=\"elementor-widget-container\">\n\t\t\t\t\t\t\t\t\t\t\t\t\t\t\t<img fetchpriority=\"high\" decoding=\"async\" width=\"1024\" height=\"688\" src=\"https:\/\/blogsaverroes.juntadeandalucia.es\/iesfrayluisdegranada\/files\/2025\/02\/escola-1024x688.jpg\" class=\"attachment-large size-large wp-image-11746\" alt=\"\" srcset=\"https:\/\/blogsaverroes.juntadeandalucia.es\/iesfrayluisdegranada\/files\/2025\/02\/escola-1024x688.jpg 1024w, https:\/\/blogsaverroes.juntadeandalucia.es\/iesfrayluisdegranada\/files\/2025\/02\/escola-300x202.jpg 300w, https:\/\/blogsaverroes.juntadeandalucia.es\/iesfrayluisdegranada\/files\/2025\/02\/escola-768x516.jpg 768w, https:\/\/blogsaverroes.juntadeandalucia.es\/iesfrayluisdegranada\/files\/2025\/02\/escola.jpg 1077w\" sizes=\"(max-width: 1024px) 100vw, 1024px\" \/>\t\t\t\t\t\t\t\t\t\t\t\t\t\t\t<\/div>\n\t\t\t\t<\/div>\n\t\t\t\t<section class=\"elementor-section elementor-inner-section elementor-element elementor-element-9048416 elementor-section-boxed elementor-section-height-default elementor-section-height-default\" data-id=\"9048416\" data-element_type=\"section\">\n\t\t\t\t\t\t<div class=\"elementor-container elementor-column-gap-default\">\n\t\t\t\t\t<div class=\"elementor-column elementor-col-66 elementor-inner-column elementor-element elementor-element-1f7057a\" data-id=\"1f7057a\" data-element_type=\"column\">\n\t\t\t<div class=\"elementor-widget-wrap elementor-element-populated\">\n\t\t\t\t\t\t<div class=\"elementor-element elementor-element-e3d9009 elementor-widget elementor-widget-heading\" data-id=\"e3d9009\" data-element_type=\"widget\" data-widget_type=\"heading.default\">\n\t\t\t\t<div class=\"elementor-widget-container\">\n\t\t\t\t\t<h3 class=\"elementor-heading-title elementor-size-default\">Presentaci\u00f3n telem\u00e1tica de solicitudes de admisi\u00f3n (1 de marzo al 7 de abril)<\/h3>\t\t\t\t<\/div>\n\t\t\t\t<\/div>\n\t\t\t\t\t<\/div>\n\t\t<\/div>\n\t\t\t\t<div class=\"elementor-column elementor-col-33 elementor-inner-column elementor-element elementor-element-8a9275b\" data-id=\"8a9275b\" data-element_type=\"column\">\n\t\t\t<div class=\"elementor-widget-wrap elementor-element-populated\">\n\t\t\t\t\t\t<div class=\"elementor-element elementor-element-7f623c6 elementor-align-center elementor-widget elementor-widget-button\" data-id=\"7f623c6\" data-element_type=\"widget\" data-widget_type=\"button.default\">\n\t\t\t\t<div class=\"elementor-widget-container\">\n\t\t\t\t\t\t\t\t\t<div class=\"elementor-button-wrapper\">\n\t\t\t\t\t<a class=\"elementor-button elementor-button-link elementor-size-sm\" href=\"https:\/\/secretariavirtual.juntadeandalucia.es\/secretariavirtual\/accesoTramite\/543\/\" target=\"_blank\">\n\t\t\t\t\t\t<span class=\"elementor-button-content-wrapper\">\n\t\t\t\t\t\t\t\t\t<span class=\"elementor-button-text\">Iniciar tr\u00e1mite de solicitud<\/span>\n\t\t\t\t\t<\/span>\n\t\t\t\t\t<\/a>\n\t\t\t\t<\/div>\n\t\t\t\t\t\t\t\t<\/div>\n\t\t\t\t<\/div>\n\t\t\t\t\t<\/div>\n\t\t<\/div>\n\t\t\t\t\t<\/div>\n\t\t<\/section>\n\t\t\t\t<div class=\"elementor-element elementor-element-173d482 elementor-widget-divider--view-line elementor-widget elementor-widget-divider\" data-id=\"173d482\" data-element_type=\"widget\" data-widget_type=\"divider.default\">\n\t\t\t\t<div class=\"elementor-widget-container\">\n\t\t\t\t\t\t\t<div class=\"elementor-divider\">\n\t\t\t<span class=\"elementor-divider-separator\">\n\t\t\t\t\t\t<\/span>\n\t\t<\/div>\n\t\t\t\t\t\t<\/div>\n\t\t\t\t<\/div>\n\t\t\t\t<section class=\"elementor-section elementor-inner-section elementor-element elementor-element-76be89c elementor-section-boxed elementor-section-height-default elementor-section-height-default\" data-id=\"76be89c\" data-element_type=\"section\">\n\t\t\t\t\t\t<div class=\"elementor-container elementor-column-gap-default\">\n\t\t\t\t\t<div class=\"elementor-column elementor-col-66 elementor-inner-column elementor-element elementor-element-7546be9\" data-id=\"7546be9\" data-element_type=\"column\">\n\t\t\t<div class=\"elementor-widget-wrap elementor-element-populated\">\n\t\t\t\t\t\t<div class=\"elementor-element elementor-element-aa3b47b elementor-widget elementor-widget-heading\" data-id=\"aa3b47b\" data-element_type=\"widget\" data-widget_type=\"heading.default\">\n\t\t\t\t<div class=\"elementor-widget-container\">\n\t\t\t\t\t<h3 class=\"elementor-heading-title elementor-size-default\">Baremo de puntuaciones (20 de abril 2026)<\/h3>\t\t\t\t<\/div>\n\t\t\t\t<\/div>\n\t\t\t\t\t<\/div>\n\t\t<\/div>\n\t\t\t\t<div class=\"elementor-column elementor-col-33 elementor-inner-column elementor-element elementor-element-9155a0b\" data-id=\"9155a0b\" data-element_type=\"column\">\n\t\t\t<div class=\"elementor-widget-wrap elementor-element-populated\">\n\t\t\t\t\t\t<div class=\"elementor-element elementor-element-86cadeb elementor-align-center elementor-widget elementor-widget-button\" data-id=\"86cadeb\" data-element_type=\"widget\" data-widget_type=\"button.default\">\n\t\t\t\t<div class=\"elementor-widget-container\">\n\t\t\t\t\t\t\t\t\t<div class=\"elementor-button-wrapper\">\n\t\t\t\t\t<a class=\"elementor-button elementor-button-link elementor-size-sm\" href=\"https:\/\/secretariavirtual.juntadeandalucia.es\/secretariavirtual\/accesoConsultas\/2490\/\" target=\"_blank\">\n\t\t\t\t\t\t<span class=\"elementor-button-content-wrapper\">\n\t\t\t\t\t\t\t\t\t<span class=\"elementor-button-text\">Consultar baremo<\/span>\n\t\t\t\t\t<\/span>\n\t\t\t\t\t<\/a>\n\t\t\t\t<\/div>\n\t\t\t\t\t\t\t\t<\/div>\n\t\t\t\t<\/div>\n\t\t\t\t<div class=\"elementor-element elementor-element-fda7644 elementor-align-center elementor-widget elementor-widget-button\" data-id=\"fda7644\" data-element_type=\"widget\" data-widget_type=\"button.default\">\n\t\t\t\t<div class=\"elementor-widget-container\">\n\t\t\t\t\t\t\t\t\t<div class=\"elementor-button-wrapper\">\n\t\t\t\t\t<a class=\"elementor-button elementor-button-link elementor-size-sm\" href=\"https:\/\/blogsaverroes.juntadeandalucia.es\/iesfrayluisdegranada\/files\/2021\/02\/alegaciones_admisi\u00f3n.pdf\" target=\"_blank\">\n\t\t\t\t\t\t<span class=\"elementor-button-content-wrapper\">\n\t\t\t\t\t\t\t\t\t<span class=\"elementor-button-text\">Alegaciones al baremo<\/span>\n\t\t\t\t\t<\/span>\n\t\t\t\t\t<\/a>\n\t\t\t\t<\/div>\n\t\t\t\t\t\t\t\t<\/div>\n\t\t\t\t<\/div>\n\t\t\t\t\t<\/div>\n\t\t<\/div>\n\t\t\t\t\t<\/div>\n\t\t<\/section>\n\t\t\t\t<div class=\"elementor-element elementor-element-8cfe108 elementor-widget-divider--view-line elementor-widget elementor-widget-divider\" data-id=\"8cfe108\" data-element_type=\"widget\" data-widget_type=\"divider.default\">\n\t\t\t\t<div class=\"elementor-widget-container\">\n\t\t\t\t\t\t\t<div class=\"elementor-divider\">\n\t\t\t<span class=\"elementor-divider-separator\">\n\t\t\t\t\t\t<\/span>\n\t\t<\/div>\n\t\t\t\t\t\t<\/div>\n\t\t\t\t<\/div>\n\t\t\t\t<section class=\"elementor-section elementor-inner-section elementor-element elementor-element-00e92a0 elementor-section-boxed elementor-section-height-default elementor-section-height-default\" data-id=\"00e92a0\" data-element_type=\"section\">\n\t\t\t\t\t\t<div class=\"elementor-container elementor-column-gap-default\">\n\t\t\t\t\t<div class=\"elementor-column elementor-col-66 elementor-inner-column elementor-element elementor-element-d20ab60\" data-id=\"d20ab60\" data-element_type=\"column\">\n\t\t\t<div class=\"elementor-widget-wrap elementor-element-populated\">\n\t\t\t\t\t\t<div class=\"elementor-element elementor-element-b6e841c elementor-widget elementor-widget-heading\" data-id=\"b6e841c\" data-element_type=\"widget\" data-widget_type=\"heading.default\">\n\t\t\t\t<div class=\"elementor-widget-container\">\n\t\t\t\t\t<h3 class=\"elementor-heading-title elementor-size-default\">Adjudicaci\u00f3n (14 de mayo 2026)<\/h3>\t\t\t\t<\/div>\n\t\t\t\t<\/div>\n\t\t\t\t\t<\/div>\n\t\t<\/div>\n\t\t\t\t<div class=\"elementor-column elementor-col-33 elementor-inner-column elementor-element elementor-element-dc712bf\" data-id=\"dc712bf\" data-element_type=\"column\">\n\t\t\t<div class=\"elementor-widget-wrap elementor-element-populated\">\n\t\t\t\t\t\t<div class=\"elementor-element elementor-element-8ad5b58 elementor-align-center elementor-widget elementor-widget-button\" data-id=\"8ad5b58\" data-element_type=\"widget\" data-widget_type=\"button.default\">\n\t\t\t\t<div class=\"elementor-widget-container\">\n\t\t\t\t\t\t\t\t\t<div class=\"elementor-button-wrapper\">\n\t\t\t\t\t<a class=\"elementor-button elementor-button-link elementor-size-sm\" href=\"https:\/\/secretariavirtual.juntadeandalucia.es\/secretariavirtual\/\" target=\"_blank\">\n\t\t\t\t\t\t<span class=\"elementor-button-content-wrapper\">\n\t\t\t\t\t\t\t\t\t<span class=\"elementor-button-text\">Consultar adjudicaci\u00f3n<\/span>\n\t\t\t\t\t<\/span>\n\t\t\t\t\t<\/a>\n\t\t\t\t<\/div>\n\t\t\t\t\t\t\t\t<\/div>\n\t\t\t\t<\/div>\n\t\t\t\t\t<\/div>\n\t\t<\/div>\n\t\t\t\t\t<\/div>\n\t\t<\/section>\n\t\t\t\t<div class=\"elementor-element elementor-element-af48564 elementor-widget-divider--view-line elementor-widget elementor-widget-divider\" data-id=\"af48564\" data-element_type=\"widget\" data-widget_type=\"divider.default\">\n\t\t\t\t<div class=\"elementor-widget-container\">\n\t\t\t\t\t\t\t<div class=\"elementor-divider\">\n\t\t\t<span class=\"elementor-divider-separator\">\n\t\t\t\t\t\t<\/span>\n\t\t<\/div>\n\t\t\t\t\t\t<\/div>\n\t\t\t\t<\/div>\n\t\t\t\t<section class=\"elementor-section elementor-inner-section elementor-element elementor-element-1f462a3 elementor-section-boxed elementor-section-height-default elementor-section-height-default\" data-id=\"1f462a3\" data-element_type=\"section\">\n\t\t\t\t\t\t<div class=\"elementor-container elementor-column-gap-default\">\n\t\t\t\t\t<div class=\"elementor-column elementor-col-66 elementor-inner-column elementor-element elementor-element-560a45d\" data-id=\"560a45d\" data-element_type=\"column\">\n\t\t\t<div class=\"elementor-widget-wrap elementor-element-populated\">\n\t\t\t\t\t\t<div class=\"elementor-element elementor-element-e1695c5 elementor-widget elementor-widget-heading\" data-id=\"e1695c5\" data-element_type=\"widget\" data-widget_type=\"heading.default\">\n\t\t\t\t<div class=\"elementor-widget-container\">\n\t\t\t\t\t<h3 class=\"elementor-heading-title elementor-size-default\">Segunda adjudicaci\u00f3n o reubicaci\u00f3n (25 de mayo 2026)<\/h3>\t\t\t\t<\/div>\n\t\t\t\t<\/div>\n\t\t\t\t\t<\/div>\n\t\t<\/div>\n\t\t\t\t<div class=\"elementor-column elementor-col-33 elementor-inner-column elementor-element elementor-element-384ec62\" data-id=\"384ec62\" data-element_type=\"column\">\n\t\t\t<div class=\"elementor-widget-wrap elementor-element-populated\">\n\t\t\t\t\t\t<div class=\"elementor-element elementor-element-ee76866 elementor-align-center elementor-widget elementor-widget-button\" data-id=\"ee76866\" data-element_type=\"widget\" data-widget_type=\"button.default\">\n\t\t\t\t<div class=\"elementor-widget-container\">\n\t\t\t\t\t\t\t\t\t<div class=\"elementor-button-wrapper\">\n\t\t\t\t\t<a class=\"elementor-button elementor-button-link elementor-size-sm\" href=\"https:\/\/secretariavirtual.juntadeandalucia.es\/secretariavirtual\/\" target=\"_blank\">\n\t\t\t\t\t\t<span class=\"elementor-button-content-wrapper\">\n\t\t\t\t\t\t\t\t\t<span class=\"elementor-button-text\">Consultar reubicaci\u00f3n<\/span>\n\t\t\t\t\t<\/span>\n\t\t\t\t\t<\/a>\n\t\t\t\t<\/div>\n\t\t\t\t\t\t\t\t<\/div>\n\t\t\t\t<\/div>\n\t\t\t\t\t<\/div>\n\t\t<\/div>\n\t\t\t\t\t<\/div>\n\t\t<\/section>\n\t\t\t\t<div class=\"elementor-element elementor-element-a2be6e4 elementor-widget elementor-widget-spacer\" data-id=\"a2be6e4\" data-element_type=\"widget\" data-widget_type=\"spacer.default\">\n\t\t\t\t<div class=\"elementor-widget-container\">\n\t\t\t\t\t\t\t<div class=\"elementor-spacer\">\n\t\t\t<div class=\"elementor-spacer-inner\"><\/div>\n\t\t<\/div>\n\t\t\t\t\t\t<\/div>\n\t\t\t\t<\/div>\n\t\t\t\t<div class=\"elementor-element elementor-element-6e859cc elementor-widget elementor-widget-text-editor\" data-id=\"6e859cc\" data-element_type=\"widget\" data-widget_type=\"text-editor.default\">\n\t\t\t\t<div class=\"elementor-widget-container\">\n\t\t\t\t\t\t\t\t\t<ul><li><p><strong><span style=\"color: #008000\">NOTA:<\/span><\/strong> Las consultas a trav\u00e9s de la Secretar\u00eda Virtual son personalizadas. Los listados completos podr\u00e1n consultarse en el Tabl\u00f3n de Anuncios del centro los d\u00edas lectivos de lunes a viernes, <strong>de 17 a 20 horas<\/strong>, a partir del <strong>d\u00eda siguiente<\/strong> a la fecha indicada en cada caso.<\/p><\/li><\/ul>\t\t\t\t\t\t\t\t<\/div>\n\t\t\t\t<\/div>\n\t\t\t\t<div class=\"elementor-element elementor-element-fc35580 elementor-widget elementor-widget-toggle\" data-id=\"fc35580\" data-element_type=\"widget\" data-widget_type=\"toggle.default\">\n\t\t\t\t<div class=\"elementor-widget-container\">\n\t\t\t\t\t\t\t<div class=\"elementor-toggle\">\n\t\t\t\t\t\t\t<div class=\"elementor-toggle-item\">\n\t\t\t\t\t<div id=\"elementor-tab-title-2641\" class=\"elementor-tab-title\" data-tab=\"1\" role=\"button\" aria-controls=\"elementor-tab-content-2641\" aria-expanded=\"false\">\n\t\t\t\t\t\t\t\t\t\t\t\t<span class=\"elementor-toggle-icon elementor-toggle-icon-left\" aria-hidden=\"true\">\n\t\t\t\t\t\t\t\t\t\t\t\t\t\t\t<span class=\"elementor-toggle-icon-closed\"><i class=\"fas fa-caret-right\"><\/i><\/span>\n\t\t\t\t\t\t\t\t<span class=\"elementor-toggle-icon-opened\"><i class=\"elementor-toggle-icon-opened fas fa-caret-up\"><\/i><\/span>\n\t\t\t\t\t\t\t\t\t\t\t\t\t<\/span>\n\t\t\t\t\t\t\t\t\t\t\t\t<a class=\"elementor-toggle-title\" tabindex=\"0\">Calendario de escolarizaci\u00f3n para el curso 2026-2027<\/a>\n\t\t\t\t\t<\/div>\n\n\t\t\t\t\t<div id=\"elementor-tab-content-2641\" class=\"elementor-tab-content elementor-clearfix\" data-tab=\"1\" role=\"region\" aria-labelledby=\"elementor-tab-title-2641\"><h1 style=\"text-align: center\">\u00a0<\/h1><table style=\"width: 100%;height: 370px\" border=\"1\" cellspacing=\"0\" cellpadding=\"0\"><tbody><tr style=\"height: 48px\"><td style=\"width: 10.0683%;vertical-align: middle;height: 72px\" rowspan=\"2\"><strong>Febrero<br \/>2026<\/strong><\/td><td style=\"width: 21.1605%;height: 48px\">Primera y segunda semanas<\/td><td style=\"width: 68.43%;height: 48px\">Charlas informativas, visitas y jornadas de puertas abiertas para familias y alumnado de centros adscritos (consulta fecha y horario en tu colegio).<\/td><\/tr><tr style=\"height: 24px\"><td style=\"width: 21.1605%;height: 24px\"><strong>28<\/strong>\u00a0de febrero<\/td><td style=\"width: 68.43%;height: 24px\">Mapa del \u00e1rea de influencia, oferta inicial de <strong>vacantes<\/strong> y servicios ofertados<\/td><\/tr><tr style=\"height: 48px\"><td style=\"height: 48px;width: 10.0683%;vertical-align: middle\" valign=\"top\" width=\"36\"><strong>Marzo<br \/>2026<\/strong><\/td><td style=\"height: 48px;width: 21.1605%;background-color: #e8786c\" width=\"113\">Del <strong>1 al 31 de marzo<\/strong><\/td><td style=\"height: 48px;width: 68.43%;background-color: #e8786c\" width=\"427\"><strong>Presentaci\u00f3n de solicitudes ESO &#8211; Bachillerato<br \/><\/strong><\/td><\/tr><tr style=\"height: 24px\"><td style=\"height: 34px;vertical-align: middle;width: 10.0683%\" rowspan=\"2\" valign=\"top\" width=\"36\"><strong>Abril<br \/>2026<\/strong><\/td><td style=\"height: 10px;width: 21.1605%;background-color: #ffc1bb\" width=\"113\"><p class=\"fecha\"><strong>20<\/strong> de abril<\/p><\/td><td style=\"height: 10px;width: 68.43%;background-color: #ffc1bb\" width=\"427\"><b>Relaci\u00f3n baremada <\/b>de alumnado solicitante<\/td><\/tr><tr style=\"height: 24px\"><td style=\"height: 24px;width: 21.1605%\" width=\"113\"><strong>21 <\/strong>de abril al <strong>6<\/strong>\u00a0de mayo<\/td><td style=\"height: 24px;width: 68.43%\" width=\"427\">Tr\u00e1mite de audiencia y alegaciones (10 d\u00edas lectivos)<\/td><\/tr><tr style=\"height: 24px\"><td style=\"vertical-align: middle;width: 10.0683%;height: 168px\" rowspan=\"4\"><strong>Mayo<br \/>2026<\/strong><\/td><td style=\"height: 24px;width: 21.1605%\" width=\"113\"><strong>14<\/strong> de mayo<\/td><td style=\"height: 24px;width: 68.43%\" width=\"427\">Sorteo p\u00fablico para dirimir empates<\/td><\/tr><tr style=\"height: 48px\"><td style=\"height: 48px;width: 21.1605%;background-color: #ffc1bb\" width=\"113\"><strong>14<\/strong> de mayo<\/td><td style=\"height: 48px;width: 68.43%;background-color: #ffc1bb\" width=\"427\"><strong>Publicaci\u00f3n<\/strong> de la Resoluci\u00f3n del procedimiento de admisi\u00f3n<\/td><\/tr><tr style=\"height: 72px\"><td style=\"height: 72px;width: 21.1605%;background-color: #ffc1bb\" width=\"113\"><strong>25<\/strong> de mayo<\/td><td style=\"height: 72px;width: 68.43%;background-color: #ffc1bb\" width=\"427\"><strong>Publicaci\u00f3n <\/strong>de la Resoluci\u00f3n de adjudicaci\u00f3n de plaza del alumnado no admitido en el centro docente elegido como prioritario (<strong>reubicaci\u00f3n<\/strong>)<\/td><\/tr><tr style=\"height: 24px\"><td style=\"height: 24px;width: 21.1605%\" width=\"113\"><strong>26<\/strong> de mayo<\/td><td style=\"height: 24px;width: 68.43%\" width=\"427\">Inicio del plazo para reclamaciones\/recursos de alzada<\/td><\/tr><tr style=\"height: 48px\"><td style=\"height: 48px;width: 10.0683%;vertical-align: middle\" valign=\"top\" width=\"36\"><strong>Julio<br \/>2026<\/strong><\/td><td style=\"height: 48px;width: 21.1605%;background-color: #e8786c\" width=\"113\">Del <strong>1<\/strong> al <strong>10 <\/strong>de julio<\/td><td style=\"height: 48px;width: 68.43%;background-color: #e8786c\" width=\"427\">Plazo de <strong>matriculaci\u00f3n<\/strong> (Educaci\u00f3n secundaria obligatoria y bachillerato)<\/td><\/tr><tr><td style=\"width: 10.0683%;vertical-align: middle\" colspan=\"3\"><strong>Procedimiento extraordinario (fuera de plazo)<\/strong><\/td><\/tr><\/tbody><\/table><\/div>\n\t\t\t\t<\/div>\n\t\t\t\t\t\t\t<div class=\"elementor-toggle-item\">\n\t\t\t\t\t<div id=\"elementor-tab-title-2642\" class=\"elementor-tab-title\" data-tab=\"2\" role=\"button\" aria-controls=\"elementor-tab-content-2642\" aria-expanded=\"false\">\n\t\t\t\t\t\t\t\t\t\t\t\t<span class=\"elementor-toggle-icon elementor-toggle-icon-left\" aria-hidden=\"true\">\n\t\t\t\t\t\t\t\t\t\t\t\t\t\t\t<span class=\"elementor-toggle-icon-closed\"><i class=\"fas fa-caret-right\"><\/i><\/span>\n\t\t\t\t\t\t\t\t<span class=\"elementor-toggle-icon-opened\"><i class=\"elementor-toggle-icon-opened fas fa-caret-up\"><\/i><\/span>\n\t\t\t\t\t\t\t\t\t\t\t\t\t<\/span>\n\t\t\t\t\t\t\t\t\t\t\t\t<a class=\"elementor-toggle-title\" tabindex=\"0\">Informaci\u00f3n sobre \u00e1reas de influencia y plazas ofertadas<\/a>\n\t\t\t\t\t<\/div>\n\n\t\t\t\t\t<div id=\"elementor-tab-content-2642\" class=\"elementor-tab-content elementor-clearfix\" data-tab=\"2\" role=\"region\" aria-labelledby=\"elementor-tab-title-2642\"><h4><strong><a id=\"ofer\"><\/a>Mapa y callejero del \u00e1rea de influencia, oferta de vacantes y servicios ofertados<\/strong><\/h4><ul><li><a href=\"https:\/\/www.juntadeandalucia.es\/educacion\/educasig\/escolarizacion\/\" target=\"_blank\" rel=\"noopener noreferrer\">Mapa interactivo de las \u00e1reas de influencia EducaSIG.<\/a><\/li><li>Mapas y callejero de las \u00e1reas de influencia para ESO y Bachillerato (PDF).<ul><li style=\"text-align: left\">ESO Granada: <a href=\"https:\/\/www.dropbox.com\/scl\/fi\/mjfw2ecs6p0vac5qyfze7\/2026_18087_S_04.pdf?rlkey=znflefmny6ajbb48zyg1dwqo1&amp;raw=1\"><span style=\"color: #0000ff\"><span style=\"text-decoration: underline\">mapa<\/span> <\/span><\/a>&#8211; <a href=\"https:\/\/www.dropbox.com\/scl\/fi\/d2z2nzbidigzvbcyf2pui\/2026_18087_S_04_VIALES.pdf?rlkey=br7c0xmqlejgxhc1gp87uuhus&amp;raw=1\"><span style=\"text-decoration: underline\"><span style=\"color: #0000ff;text-decoration: underline\">callejero<\/span><\/span><\/a><\/li><li style=\"text-align: left\">ESO Vegas del Genil: <span style=\"color: #0000ff\"><a href=\"https:\/\/www.dropbox.com\/scl\/fi\/yhfwkzdz1q5f3utp1wi2e\/2026_18911_S_01.pdf?rlkey=fszrnhkp1ans4wz2pbcoflhin&amp;raw=1\"><span style=\"text-decoration: underline\">mapa<\/span> <\/a><\/span>&#8211; <a href=\"https:\/\/www.dropbox.com\/scl\/fi\/yo4a3cq5o3z9p7co3wu7r\/2026_18911_S_01_VIALES.pdf?rlkey=mgxmi44b3196he0k50itoi89j&amp;raw=1\"><span style=\"text-decoration: underline\"><span style=\"color: #0000ff;text-decoration: underline\">callejero<\/span><\/span><\/a><\/li><li style=\"text-align: left\">Bachillerato Granada: <a href=\"https:\/\/www.dropbox.com\/scl\/fi\/stmmjia7gx9k3ogwnxc5h\/2026_18087_B_04.pdf?rlkey=ya5ym99aq4d3eyehwb55itjfo&amp;raw=1\"><span style=\"color: #0000ff\"><span style=\"text-decoration: underline\">mapa<\/span> <\/span><\/a>&#8211; <a href=\"https:\/\/www.dropbox.com\/scl\/fi\/3mkahftfuet752cb2w1u3\/2026_18087_B_04_VIALES.pdf?rlkey=sezgtgswxf74ato4xfl3wvps6&amp;raw=1\"><span style=\"text-decoration: underline\"><span style=\"color: #0000ff;text-decoration: underline\">callejero<\/span><\/span><\/a><\/li><li style=\"text-align: left\">Bachillerato Vegas del Genil: <a href=\"https:\/\/www.dropbox.com\/scl\/fi\/yoaxrsh6pm8c13me3ipdt\/2026_18911_B_01.pdf?rlkey=4c99cvij9g6li3yba7p543zre&amp;raw=1\"><span style=\"text-decoration: underline;color: #0000ff\">mapa<\/span><span style=\"color: #0000ff\">\u00a0<\/span><\/a>&#8211; <a href=\"https:\/\/www.dropbox.com\/scl\/fi\/uzh0lp044zk9r3jzqw0ew\/2026_18911_B_01_VIALES.pdf?rlkey=z2417e111cdtuhtqb6kep9vji&amp;raw=1\"><span style=\"text-decoration: underline\"><span style=\"color: #0000ff;text-decoration: underline\">callejero<\/span><\/span><\/a><\/li><\/ul><\/li><li><span style=\"color: #000000\"><strong>Oferta inicial de vacantes y adscripci\u00f3n de centros<\/strong> (01\/03\/2026):<\/span><\/li><\/ul><table style=\"border-color: #000000;width: 89.9595%;height: 267px\"><tbody><tr style=\"height: 57px\"><td style=\"width: 21.4637%;text-align: center;height: 57px\"><strong>Niveles<\/strong><\/td><td style=\"width: 13.587%;text-align: center;height: 57px\">Grupos<\/td><td style=\"width: 31.979%;text-align: center;height: 57px\">Plazas reservadas centros adscritos <strong>(*)<\/strong><\/td><td style=\"width: 14.4924%;text-align: center;height: 57px\">Vacantes<\/td><td style=\"width: 97.0995%;text-align: center;height: 57px\">Reserva ANEAE <strong>(**)<\/strong><\/td><\/tr><tr style=\"height: 35px\"><td style=\"width: 21.4637%;height: 35px\"><strong>1\u00ba ESO<\/strong><\/td><td style=\"text-align: center;width: 13.587%;height: 35px\">3<\/td><td style=\"text-align: center;width: 31.979%;height: 35px\">86<\/td><td style=\"text-align: center;width: 14.4924%;height: 35px\">0<\/td><td style=\"text-align: center;width: 97.0995%;height: 35px\">9<\/td><\/tr><tr style=\"height: 35px\"><td style=\"width: 21.4637%;height: 35px\"><strong>2\u00ba ESO<\/strong><\/td><td style=\"text-align: center;width: 13.587%;background-color: #ffffff;height: 35px\">3<\/td><td style=\"text-align: center;width: 31.979%;background-color: #ffffff;height: 35px\">&#8211;<\/td><td style=\"text-align: center;width: 14.4924%;height: 35px\">10<\/td><td style=\"text-align: center;width: 97.0995%;height: 35px\">&#8211;<\/td><\/tr><tr style=\"height: 35px\"><td style=\"width: 21.4637%;height: 35px\"><strong>3\u00ba ESO<\/strong><\/td><td style=\"text-align: center;width: 13.587%;background-color: #ffffff;height: 35px\">3<\/td><td style=\"text-align: center;width: 31.979%;background-color: #ffffff;height: 35px\">&#8211;<\/td><td style=\"text-align: center;width: 14.4924%;height: 35px\">2<\/td><td style=\"text-align: center;width: 97.0995%;height: 35px\">&#8211;<\/td><\/tr><tr style=\"height: 35px\"><td style=\"width: 21.4637%;height: 35px\"><strong>4\u00ba ESO<\/strong><\/td><td style=\"text-align: center;width: 13.587%;background-color: #ffffff;height: 35px\">3<\/td><td style=\"text-align: center;width: 31.979%;background-color: #ffffff;height: 35px\">&#8211;<\/td><td style=\"text-align: center;width: 14.4924%;height: 35px\">15<\/td><td style=\"text-align: center;width: 97.0995%;height: 35px\">&#8211;<\/td><\/tr><tr style=\"height: 35px\"><td style=\"width: 21.4637%;height: 35px\"><strong>1\u00ba BACH (Ciencias)<\/strong><\/td><td style=\"text-align: center;width: 13.587%;background-color: #ffffff;height: 35px\">1<\/td><td style=\"text-align: center;width: 31.979%;background-color: #ffffff;height: 35px\">0<\/td><td style=\"text-align: center;width: 14.4924%;height: 35px\">0<\/td><td style=\"text-align: center;width: 97.0995%;height: 35px\">&#8211;<\/td><\/tr><tr><td style=\"width: 21.4637%\"><strong>1\u00ba BACH (HHCCS)<\/strong><\/td><td style=\"text-align: center;width: 13.587%;background-color: #ffffff\">1<\/td><td style=\"text-align: center;width: 31.979%;background-color: #ffffff\">15<\/td><td style=\"text-align: center;width: 14.4924%\">0<\/td><td style=\"text-align: center;width: 97.0995%\">&#8211;<\/td><\/tr><tr><td style=\"width: 21.4637%\"><strong>2\u00ba BACH (Ciencias)<\/strong><\/td><td style=\"text-align: center;width: 13.587%;background-color: #ffffff\">1<\/td><td style=\"text-align: center;width: 31.979%;background-color: #ffffff\">&#8211;<\/td><td style=\"text-align: center;width: 14.4924%\">0<\/td><td style=\"text-align: center;width: 97.0995%\">&#8211;<\/td><\/tr><tr style=\"height: 35px\"><td style=\"width: 21.4637%;height: 35px\"><strong>2\u00ba BACH (HHCCS)<\/strong><\/td><td style=\"text-align: center;width: 13.587%;background-color: #ffffff;height: 35px\">1<\/td><td style=\"text-align: center;width: 31.979%;background-color: #ffffff;height: 35px\">&#8211;<\/td><td style=\"text-align: center;width: 14.4924%;height: 35px\">12<\/td><td style=\"text-align: center;width: 97.0995%;height: 35px\">&#8211;<\/td><\/tr><\/tbody><\/table><p style=\"padding-left: 40px\"><strong>(*)<\/strong> Est\u00e1 adscrito a este Centro, para cursar 1\u00ba de E.S.O., el alumnado procedente de los centros C.E.I.P. Profesor Tierno Galv\u00e1n &#8211; 18003703, C.E.I.P. Jard\u00edn de la Reina &#8211; 18003727, C.E.I.P. La Almohada &#8211; 18001196, C.E.I.P. Virgen de los Dolores &#8211; 18007915, C.E.I.P. Ntra. Sra. de los Remedios &#8211; 18000702 y C.E.I.P. Genil &#8211; 18601035.<\/p><p style=\"padding-left: 40px\">Est\u00e1 adscrito a este Centro para cursar 1\u00ba de Bachillerato, el alumnado procedente del centro C.D.P. Santa Mar\u00eda &#8211; 18003508. Conforme a lo dispuesto en el art\u00edculo 6.4 del Decreto 21\/2020, la Delegaci\u00f3n Territorial de la Consejer\u00eda de Desarrollo Educativo y F.P. ha establecido que se reserven 0 plazas para la modalidad de Ciencias y Tecnolog\u00eda y 15 plazas para la modalidad de Humanidades y Ciencias Sociales.<\/p><p style=\"padding-left: 40px\"><strong>(**)<\/strong> <strong>3\u00a0plazas<\/strong>: para la atenci\u00f3n al alumnado que presenta <strong>necesidades educativas especiales<\/strong> debidas a diferentes grados y tipos de capacidades personales de orden f\u00edsico, ps\u00edquico, cognitivo o sensorial, entre los que se incluyen los trastornos del desarrollo; <strong>3\u00a0plazas<\/strong>: alumnado que precisa actuaciones de <strong>car\u00e1cter compensatorio<\/strong>; <strong>3 plazas<\/strong>: alumnado que presenta <strong>altas capacidades<\/strong> intelectuales.<\/p><ul><li><span style=\"color: #000000\"><strong>Servicios ofertados <\/strong><\/span>(01\/03\/2026):<ul><li><strong>Comedor escolar:<\/strong> 16 plazas y 1 turno.<\/li><li><strong>Transporte escolar subvencionado<\/strong> en ESO y Bachillerato para el alumnado de las localidades de Ambroz, Belicena y Purchil.<\/li><\/ul><\/li><\/ul><\/div>\n\t\t\t\t<\/div>\n\t\t\t\t\t\t\t<div class=\"elementor-toggle-item\">\n\t\t\t\t\t<div id=\"elementor-tab-title-2643\" class=\"elementor-tab-title\" data-tab=\"3\" role=\"button\" aria-controls=\"elementor-tab-content-2643\" aria-expanded=\"false\">\n\t\t\t\t\t\t\t\t\t\t\t\t<span class=\"elementor-toggle-icon elementor-toggle-icon-left\" aria-hidden=\"true\">\n\t\t\t\t\t\t\t\t\t\t\t\t\t\t\t<span class=\"elementor-toggle-icon-closed\"><i class=\"fas fa-caret-right\"><\/i><\/span>\n\t\t\t\t\t\t\t\t<span class=\"elementor-toggle-icon-opened\"><i class=\"elementor-toggle-icon-opened fas fa-caret-up\"><\/i><\/span>\n\t\t\t\t\t\t\t\t\t\t\t\t\t<\/span>\n\t\t\t\t\t\t\t\t\t\t\t\t<a class=\"elementor-toggle-title\" tabindex=\"0\">Informaci\u00f3n sobre presentaci\u00f3n de solicitudes y per\u00edodo extraordinario<\/a>\n\t\t\t\t\t<\/div>\n\n\t\t\t\t\t<div id=\"elementor-tab-content-2643\" class=\"elementor-tab-content elementor-clearfix\" data-tab=\"3\" role=\"region\" aria-labelledby=\"elementor-tab-title-2643\"><p>V\u00eddeo explicativo:<\/p><p><iframe src=\"https:\/\/www.youtube.com\/embed\/Y4wkwtMteVY?si=OTSRB4gU9kiOVn7q\" width=\"560\" height=\"315\" frameborder=\"0\"><\/iframe><\/p><p style=\"text-align: left\"><span style=\"text-decoration: underline;color: #000000\"><strong>Presentaci\u00f3n de solicitudes fuera de plazo:<\/strong><\/span><\/p><ul><li>Solicitud del <strong>Procedimiento Ordinario:<\/strong>\u00a0<ul><li><a href=\"https:\/\/secretariavirtual.juntadeandalucia.es\/secretariavirtual\/accesoTramite\/543\/\" target=\"_blank\" rel=\"noopener\">Presentaci\u00f3n telem\u00e1tica (ordinario)<\/a>.<\/li><li><a href=\"https:\/\/www.juntadeandalucia.es\/educacion\/portales\/web\/escolarizacion\/infantil-a-bachillerato\/impresos\" target=\"_blank\" rel=\"noopener\">Descarga del Anexo III para presentaci\u00f3n f\u00edsica (PDF)<\/a>.<\/li><\/ul><\/li><li>Solicitud <strong>Procedimiento Extraordinario<\/strong> de Admisi\u00f3n (a partir del 1 de abril):<ul><li><a href=\"https:\/\/secretariavirtual.juntadeandalucia.es\/secretariavirtual\/accesoTramite\/861\/\" target=\"_blank\" rel=\"noopener\">Presentaci\u00f3n telem\u00e1tica (extraordinario)<\/a>.<\/li><li><a href=\"https:\/\/www.juntadeandalucia.es\/educacion\/portales\/web\/escolarizacion\/infantil-a-bachillerato\/impresos\" target=\"_blank\" rel=\"noopener\">Descarga del Anexo IX para presentaci\u00f3n f\u00edsica (PDF)<\/a><\/li><\/ul><\/li><\/ul><\/div>\n\t\t\t\t<\/div>\n\t\t\t\t\t\t\t<div class=\"elementor-toggle-item\">\n\t\t\t\t\t<div id=\"elementor-tab-title-2644\" class=\"elementor-tab-title\" data-tab=\"4\" role=\"button\" aria-controls=\"elementor-tab-content-2644\" aria-expanded=\"false\">\n\t\t\t\t\t\t\t\t\t\t\t\t<span class=\"elementor-toggle-icon elementor-toggle-icon-left\" aria-hidden=\"true\">\n\t\t\t\t\t\t\t\t\t\t\t\t\t\t\t<span class=\"elementor-toggle-icon-closed\"><i class=\"fas fa-caret-right\"><\/i><\/span>\n\t\t\t\t\t\t\t\t<span class=\"elementor-toggle-icon-opened\"><i class=\"elementor-toggle-icon-opened fas fa-caret-up\"><\/i><\/span>\n\t\t\t\t\t\t\t\t\t\t\t\t\t<\/span>\n\t\t\t\t\t\t\t\t\t\t\t\t<a class=\"elementor-toggle-title\" tabindex=\"0\">Informaci\u00f3n sobre el baremo, alegaciones y sorteo para desempates<\/a>\n\t\t\t\t\t<\/div>\n\n\t\t\t\t\t<div id=\"elementor-tab-content-2644\" class=\"elementor-tab-content elementor-clearfix\" data-tab=\"4\" role=\"region\" aria-labelledby=\"elementor-tab-title-2644\"><p>\t<div class='ngg-imagebrowser default-view'\n\t\tid='ngg-imagebrowser-d17fc6cde6c41d3a30800e809d2a47cd-141'\n\t\tdata-nextgen-gallery-id=\"d17fc6cde6c41d3a30800e809d2a47cd\">\n\n\t\t<h3>baremo<\/h3>\n\n\t\t<div id=\"ngg-image-0\" class=\"pic\" \n\t\t\t\t\t>\n\t\t<a href='https:\/\/blogsaverroes.juntadeandalucia.es\/iesfrayluisdegranada\/wp-content\/uploads\/sites\/3006\/nggallery\/baremo-1\/baremo1.jpg'\n\t\t\ttitle=' '\n\t\t\tdata-src=\"https:\/\/blogsaverroes.juntadeandalucia.es\/iesfrayluisdegranada\/wp-content\/uploads\/sites\/3006\/nggallery\/baremo-1\/baremo1.jpg\"\n\t\t\tdata-thumbnail=\"https:\/\/blogsaverroes.juntadeandalucia.es\/iesfrayluisdegranada\/wp-content\/uploads\/sites\/3006\/nggallery\/baremo-1\/thumbs\/thumbs_baremo1.jpg\"\n\t\t\tdata-image-id=\"48\"\n\t\t\tdata-title=\"baremo\"\n\t\t\tdata-description=\" \"\n\t\t\tclass=\"ngg-simplelightbox\" rel=\"d17fc6cde6c41d3a30800e809d2a47cd\">\n\t\t\t<img title='baremo'\n\t\t\t\talt='baremo'\n\t\t\t\tsrc='https:\/\/blogsaverroes.juntadeandalucia.es\/iesfrayluisdegranada\/wp-content\/uploads\/sites\/3006\/nggallery\/baremo-1\/baremo1.jpg'\/>\n\t\t<\/a>\n\n\t\t<\/div>\n\t\t<div class='ngg-imagebrowser-nav'>\n\n\t\t\t<div class='back'>\n\t\t\t\t<a class='ngg-browser-prev'\n\t\t\t\t\tid='ngg-prev-49'\n\t\t\t\t\thref='https:\/\/blogsaverroes.juntadeandalucia.es\/iesfrayluisdegranada\/secretaria\/admision\/nggallery\/image\/baremo2\/'>\n\t\t\t\t\t<i class=\"fa fa-chevron-left\" aria-hidden=\"true\"><\/i>\n\t\t\t\t<\/a>\n\t\t\t<\/div>\n\n\t\t\t<div class='next'>\n\t\t\t\t<a class='ngg-browser-next'\n\t\t\t\t\tid='ngg-next-49'\n\t\t\t\t\thref='https:\/\/blogsaverroes.juntadeandalucia.es\/iesfrayluisdegranada\/secretaria\/admision\/nggallery\/image\/baremo2\/'>\n\t\t\t\t\t<i class=\"fa fa-chevron-right\" aria-hidden=\"true\"><\/i>\n\t\t\t\t<\/a>\n\t\t\t<\/div>\n\n\t\t\t<div class='counter'>\n\t\t\t\tImage\t\t\t\t1\t\t\t\tDe\t\t\t\t2\t\t\t<\/div>\n\n\t\t\t<div class='ngg-imagebrowser-desc'>\n\t\t\t\t<p> <\/p>\n\t\t\t<\/div>\n\n\t\t<\/div>\n\t<\/div>\n<\/p><p style=\"text-align: center\"><a id=\"baremo\"><\/a><span style=\"text-decoration: underline\"><span style=\"color: #0000ff;text-decoration: underline\"><a style=\"color: #0000ff;text-decoration: underline\" href=\"https:\/\/www.juntadeandalucia.es\/educacion\/portales\/web\/escolarizacion\/infantil-a-bachillerato\/autobaremo\" target=\"_blank\" rel=\"noopener\">Calculadora de\u00a0Autobaremo:<\/a><\/span><\/span> para simular el c\u00e1lculo de puntuaci\u00f3n.<\/p><p><span style=\"color: #3366ff\"><strong><span style=\"color: #008000\">Alegaciones al baremo <\/span><\/strong><span style=\"color: #000000\">(21 de abril al 6 de mayo de 2026):<\/span><\/span><\/p><ul><li>De conformidad con lo establecido en el art\u00edculo 23.1 de la ORDEN de 20 de febrero de 2020, <strong>hasta <span style=\"text-decoration: underline\">el 6 de mayo de 2026<\/span>\u00a0se proceder\u00e1 al tr\u00e1mite de audiencia<\/strong>, pudiendo las personas interesadas formular las alegaciones que estimen conveniente ante el Consejo Escolar del centro. Las alegaciones se realizar\u00e1n, preferentemente, de forma telem\u00e1tica, o bien remitiendo el modelo de alegaciones, debidamente cumplimentado y acompa\u00f1ado de la documentaci\u00f3n acreditativa, a la direcci\u00f3n de correo electr\u00f3nico <a href=\"mailto:18700013.edu@juntadeandalucia.es\">18700013.edu@juntadeandalucia.es<\/a>.<\/li><li><a href=\"https:\/\/blogsaverroes.juntadeandalucia.es\/iesfrayluisdegranada\/files\/2021\/02\/alegaciones_admisi\u00f3n.pdf\">Modelo de alegaciones al baremo (hasta el 6 de mayo de 2026).<\/a><\/li><\/ul><p><span style=\"color: #3366ff\"><strong><span style=\"color: #008000\">Sorteo para desempates:<\/span><\/strong><\/span><\/p><ul><li>Resultado del <span style=\"text-decoration: underline\"><span style=\"color: #0000ff;text-decoration: underline\"><strong>sorteo p\u00fablico<\/strong><\/span><\/span> para dirimir empates (14 de <strong>mayo<\/strong> de 2026):<strong><span style=\"color: #008000\"> 0,____<\/span>.<\/strong><\/li><\/ul><\/div>\n\t\t\t\t<\/div>\n\t\t\t\t\t\t\t<div class=\"elementor-toggle-item\">\n\t\t\t\t\t<div id=\"elementor-tab-title-2645\" class=\"elementor-tab-title\" data-tab=\"5\" role=\"button\" aria-controls=\"elementor-tab-content-2645\" aria-expanded=\"false\">\n\t\t\t\t\t\t\t\t\t\t\t\t<span class=\"elementor-toggle-icon elementor-toggle-icon-left\" aria-hidden=\"true\">\n\t\t\t\t\t\t\t\t\t\t\t\t\t\t\t<span class=\"elementor-toggle-icon-closed\"><i class=\"fas fa-caret-right\"><\/i><\/span>\n\t\t\t\t\t\t\t\t<span class=\"elementor-toggle-icon-opened\"><i class=\"elementor-toggle-icon-opened fas fa-caret-up\"><\/i><\/span>\n\t\t\t\t\t\t\t\t\t\t\t\t\t<\/span>\n\t\t\t\t\t\t\t\t\t\t\t\t<a class=\"elementor-toggle-title\" tabindex=\"0\">Recursos a la finalizaci\u00f3n del proceso<\/a>\n\t\t\t\t\t<\/div>\n\n\t\t\t\t\t<div id=\"elementor-tab-content-2645\" class=\"elementor-tab-content elementor-clearfix\" data-tab=\"5\" role=\"region\" aria-labelledby=\"elementor-tab-title-2645\"><p><strong>RECURSO DE ALZADA<\/strong><\/p><p>A partir del d\u00eda siguiente de la publicaci\u00f3n de la <em>Resoluci\u00f3n de adjudicaci\u00f3n de plaza del alumnado no admitido en el centro docente elegido como prioritario (reubicaci\u00f3n),<\/em> comienza el plazo de <strong>un mes<\/strong> para interponer <strong>recurso de alzada<\/strong> ante la Delegaci\u00f3n Territorial de la Consejer\u00eda de Desarrollo Educativo y F.P. en Granada, cuya resoluci\u00f3n pondr\u00e1 fin a la v\u00eda administrativa.<\/p><\/div>\n\t\t\t\t<\/div>\n\t\t\t\t\t\t\t<div class=\"elementor-toggle-item\">\n\t\t\t\t\t<div id=\"elementor-tab-title-2646\" class=\"elementor-tab-title\" data-tab=\"6\" role=\"button\" aria-controls=\"elementor-tab-content-2646\" aria-expanded=\"false\">\n\t\t\t\t\t\t\t\t\t\t\t\t<span class=\"elementor-toggle-icon elementor-toggle-icon-left\" aria-hidden=\"true\">\n\t\t\t\t\t\t\t\t\t\t\t\t\t\t\t<span class=\"elementor-toggle-icon-closed\"><i class=\"fas fa-caret-right\"><\/i><\/span>\n\t\t\t\t\t\t\t\t<span class=\"elementor-toggle-icon-opened\"><i class=\"elementor-toggle-icon-opened fas fa-caret-up\"><\/i><\/span>\n\t\t\t\t\t\t\t\t\t\t\t\t\t<\/span>\n\t\t\t\t\t\t\t\t\t\t\t\t<a class=\"elementor-toggle-title\" tabindex=\"0\">Matriculaci\u00f3n en el centro adjudicado<\/a>\n\t\t\t\t\t<\/div>\n\n\t\t\t\t\t<div id=\"elementor-tab-content-2646\" class=\"elementor-tab-content elementor-clearfix\" data-tab=\"6\" role=\"region\" aria-labelledby=\"elementor-tab-title-2646\"><p>El alumnado deber\u00e1 formalizar la matr\u00edcula en el <span style=\"text-decoration: underline\">centro adjudicado<\/span>, en forma y plazos establecidos en el calendario de actuaciones del procedimiento de admisi\u00f3n del alumnado para el curso 2026\/27.<\/p><p style=\"text-align: center\"><a href=\"https:\/\/blogsaverroes.juntadeandalucia.es\/iesfrayluisdegranada\/matricula-eso-bch\/\">Acceso al tr\u00e1mite de matriculaci\u00f3n<\/a><\/p><\/div>\n\t\t\t\t<\/div>\n\t\t\t\t\t\t\t<div class=\"elementor-toggle-item\">\n\t\t\t\t\t<div id=\"elementor-tab-title-2647\" class=\"elementor-tab-title\" data-tab=\"7\" role=\"button\" aria-controls=\"elementor-tab-content-2647\" aria-expanded=\"false\">\n\t\t\t\t\t\t\t\t\t\t\t\t<span class=\"elementor-toggle-icon elementor-toggle-icon-left\" aria-hidden=\"true\">\n\t\t\t\t\t\t\t\t\t\t\t\t\t\t\t<span class=\"elementor-toggle-icon-closed\"><i class=\"fas fa-caret-right\"><\/i><\/span>\n\t\t\t\t\t\t\t\t<span class=\"elementor-toggle-icon-opened\"><i class=\"elementor-toggle-icon-opened fas fa-caret-up\"><\/i><\/span>\n\t\t\t\t\t\t\t\t\t\t\t\t\t<\/span>\n\t\t\t\t\t\t\t\t\t\t\t\t<a class=\"elementor-toggle-title\" tabindex=\"0\">M\u00e1s informaci\u00f3n y normativa de aplicaci\u00f3n<\/a>\n\t\t\t\t\t<\/div>\n\n\t\t\t\t\t<div id=\"elementor-tab-content-2647\" class=\"elementor-tab-content elementor-clearfix\" data-tab=\"7\" role=\"region\" aria-labelledby=\"elementor-tab-title-2647\"><div id=\"yui_patched_v3_11_0_1_1456394651372_392\"><div id=\"yui_patched_v3_11_0_1_1456394651372_391\"><div id=\"yui_patched_v3_11_0_1_1456394651372_390\"><div id=\"yui_patched_v3_11_0_1_1456394651372_389\"><div id=\"yui_patched_v3_11_0_1_1456394651372_388\"><div id=\"yui_patched_v3_11_0_1_1456394651372_387\"><div id=\"yui_patched_v3_11_0_1_1456394651372_386\"><ul id=\"yui_patched_v3_11_0_1_1456394651372_385\"><li><a href=\"https:\/\/www.juntadeandalucia.es\/educacion\/portales\/web\/escolarizacion\/infantil-a-bachillerato\/impresos\" target=\"_blank\" rel=\"noopener\">Todos los IMPRESOS en el Portal de Escolarizaci\u00f3n de la Consejer\u00eda de Educaci\u00f3n.<\/a><\/li><\/ul><\/div><\/div><\/div><\/div><\/div><\/div><\/div><ul><li><h4>Portal de Escolarizaci\u00f3n:<\/h4><ul><li><a href=\"http:\/\/www.juntadeandalucia.es\/educacion\/portals\/web\/escolarizacion\/infantil-a-bachillerato\/preguntas-frecuentes\" target=\"_blank\" rel=\"noopener noreferrer\">Preguntas frecuentes<\/a> en el portal de escolarizaci\u00f3n.<\/li><li><a href=\"http:\/\/www.juntadeandalucia.es\/educacion\/portals\/web\/escolarizacion\" target=\"_blank\" rel=\"noopener noreferrer\">Portal de Escolarizaci\u00f3n<\/a> de la Junta de Andaluc\u00eda.<\/li><\/ul><\/li><li><h4>Dudas o consultas:<\/h4><ul><li>Correo electr\u00f3nico a <a href=\"mailto:iesfrayluisdegranada@gmail.com\">iesfrayluisdegranada@gmail.com<\/a> con el asunto: \u00abDuda Escolarizaci\u00f3n\u00bb.<\/li><\/ul><\/li><li><h4>Descarga de la app iEscolariza:<\/h4><ul><li><a href=\"https:\/\/itunes.apple.com\/es\/app\/iescolariza\/id606516551?mt=8\" target=\"_blank\" rel=\"noopener noreferrer\">iEscolariza App Store<\/a><\/li><li><a href=\"https:\/\/play.google.com\/store\/apps\/details?id=es.juntadeandalucia.ced.escolarizacion&amp;hl=es\" target=\"_blank\" rel=\"noopener noreferrer\">iEscolariza Play Store<\/a><\/li><\/ul><\/li><\/ul><h1>Normativa<\/h1><ul class=\"listado\"><li class=\"item item_listado clearfix item\"><div class=\"inner-item\"><a href=\"http:\/\/www.juntadeandalucia.es\/educacion\/portals\/web\/inspeccion-educativa\/normativa-d\/-\/contenidos\/detalle\/decreto-21-2020-de-17-de-febrero-por-el-que-se-regulan-los-criterios-y-el-procedimiento-de-admision-del-alumnado-en-los\"><strong>Decreto 21\/2020, de 17 de febrero<\/strong>, por el que se regulan los criterios y el procedimiento de admisi\u00f3n del alumnado en los centros docentes p\u00fablicos y privados concertados para cursar las ense\u00f1anzas de segundo ciclo de educaci\u00f3n infantil, educaci\u00f3n primaria, educaci\u00f3n especial, educaci\u00f3n secundaria obligatoria y bachillerato.<\/a><\/div><\/li><li><a href=\"https:\/\/blogsaverroes.juntadeandalucia.es\/iesfrayluisdegranada\/files\/2020\/03\/Orden_20-febrero-2020_BOJA20-503-00045-3038-01_00170469.pdf\"><strong>Orden de 20 de febrero de 2020<\/strong>, por la que se desarrolla el procedimiento de admisi\u00f3n del alumnado en los centros docentes p\u00fablicos y privados concertados para cursar las ense\u00f1anzas de segundo ciclo de educaci\u00f3n infantil, educaci\u00f3n primaria, educaci\u00f3n especial, educaci\u00f3n secundaria obligatoria y bachillerato.<\/a><\/li><li><a href=\"https:\/\/www.juntadeandalucia.es\/boja\/2021\/514\/1\"><strong>Decreto-ley 2\/2021, de 2 de febrero<\/strong>, por el que se modifican, con car\u00e1cter urgente, la normativa de admisi\u00f3n del alumnado en los centros docentes p\u00fablicos y privados concertados de la Comunidad Aut\u00f3noma de Andaluc\u00eda y otras disposiciones normativas, y se regulan los estudios con finalidad de diagn\u00f3stico precoz o de detecci\u00f3n de casos de infecci\u00f3n activa (cribados) dentro de la Comunidad Aut\u00f3noma de Andaluc\u00eda.<\/a><\/li><li><a href=\"https:\/\/www.juntadeandalucia.es\/boja\/2026\/16\/BOJA26-016-00001-745-01_00331971.pdf\" target=\"_blank\" rel=\"noopener\"><strong>Resoluci\u00f3n de 26 de enero de 2026<\/strong>, de la Direcci\u00f3n General de Planificaci\u00f3n, Centros y Ense\u00f1anza Concertada, por la que se establece el calendario de actuaciones del procedimiento ordinario de admisi\u00f3n del alumnado en los centros docentes p\u00fablicos y privados concertados para cursar las ense\u00f1anzas de segundo ciclo de educaci\u00f3n infantil, educaci\u00f3n primaria, educaci\u00f3n especial, educaci\u00f3n secundaria obligatoria y bachillerato para el curso escolar 2026\/27.<\/a><\/li><\/ul><\/div>\n\t\t\t\t<\/div>\n\t\t\t\t\t\t\t\t<\/div>\n\t\t\t\t\t\t<\/div>\n\t\t\t\t<\/div>\n\t\t\t\t<div class=\"elementor-element elementor-element-f2aa5dc elementor-widget-divider--view-line elementor-widget elementor-widget-divider\" data-id=\"f2aa5dc\" data-element_type=\"widget\" data-widget_type=\"divider.default\">\n\t\t\t\t<div class=\"elementor-widget-container\">\n\t\t\t\t\t\t\t<div class=\"elementor-divider\">\n\t\t\t<span class=\"elementor-divider-separator\">\n\t\t\t\t\t\t<\/span>\n\t\t<\/div>\n\t\t\t\t\t\t<\/div>\n\t\t\t\t<\/div>\n\t\t\t\t\t<\/div>\n\t\t<\/div>\n\t\t\t\t\t<\/div>\n\t\t<\/section>\n\t\t\t\t<\/div>\n\t\t","protected":false},"excerpt":{"rendered":"<p>Presentaci\u00f3n telem\u00e1tica de solicitudes de admisi\u00f3n (1 de marzo al 7 de abril) Iniciar tr\u00e1mite de solicitud Baremo de puntuaciones (20 de abril 2026) Consultar baremo Alegaciones al baremo Adjudicaci\u00f3n (14 de mayo 2026)&#46;&#46;&#46;<\/p>\n","protected":false},"author":1,"featured_media":10146,"parent":77,"menu_order":0,"comment_status":"closed","ping_status":"closed","template":"","meta":{"ngg_post_thumbnail":0,"footnotes":""},"aioseo_notices":[],"_links":{"self":[{"href":"https:\/\/blogsaverroes.juntadeandalucia.es\/iesfrayluisdegranada\/wp-json\/wp\/v2\/pages\/141"}],"collection":[{"href":"https:\/\/blogsaverroes.juntadeandalucia.es\/iesfrayluisdegranada\/wp-json\/wp\/v2\/pages"}],"about":[{"href":"https:\/\/blogsaverroes.juntadeandalucia.es\/iesfrayluisdegranada\/wp-json\/wp\/v2\/types\/page"}],"author":[{"embeddable":true,"href":"https:\/\/blogsaverroes.juntadeandalucia.es\/iesfrayluisdegranada\/wp-json\/wp\/v2\/users\/1"}],"replies":[{"embeddable":true,"href":"https:\/\/blogsaverroes.juntadeandalucia.es\/iesfrayluisdegranada\/wp-json\/wp\/v2\/comments?post=141"}],"version-history":[{"count":808,"href":"https:\/\/blogsaverroes.juntadeandalucia.es\/iesfrayluisdegranada\/wp-json\/wp\/v2\/pages\/141\/revisions"}],"predecessor-version":[{"id":13325,"href":"https:\/\/blogsaverroes.juntadeandalucia.es\/iesfrayluisdegranada\/wp-json\/wp\/v2\/pages\/141\/revisions\/13325"}],"up":[{"embeddable":true,"href":"https:\/\/blogsaverroes.juntadeandalucia.es\/iesfrayluisdegranada\/wp-json\/wp\/v2\/pages\/77"}],"wp:featuredmedia":[{"embeddable":true,"href":"https:\/\/blogsaverroes.juntadeandalucia.es\/iesfrayluisdegranada\/wp-json\/wp\/v2\/media\/10146"}],"wp:attachment":[{"href":"https:\/\/blogsaverroes.juntadeandalucia.es\/iesfrayluisdegranada\/wp-json\/wp\/v2\/media?parent=141"}],"curies":[{"name":"wp","href":"https:\/\/api.w.org\/{rel}","templated":true}]}}