{"id":155,"date":"2015-03-17T07:49:21","date_gmt":"2015-03-17T07:49:21","guid":{"rendered":"http:\/\/blogsaverroes.juntadeandalucia.es\/pre\/ceip\/?page_id=155"},"modified":"2025-10-18T09:24:47","modified_gmt":"2025-10-18T09:24:47","slug":"lengua","status":"publish","type":"page","link":"https:\/\/blogsaverroes.juntadeandalucia.es\/iesfrayluisdegranada\/departamentos\/lengua\/","title":{"rendered":"Lengua Castellana y Literatura y Cultura Cl\u00e1sica"},"content":{"rendered":"<h2>Composici\u00f3n del Departamento<\/h2>\n<ul>\n<li>Laura Jim\u00e9nez Jim\u00e9nez<\/li>\n<li>Francisca Margarita Mart\u00edn Arnedo<\/li>\n<li>Mar\u00eda Jos\u00e9 Ortu\u00f1o Morales (Jefa del Departamento)<\/li>\n<li>Fernando Polo Barrales (Cultura Cl\u00e1sica)<\/li>\n<li>Manuel S\u00e1nchez Garrido<\/li>\n<\/ul>\n<h2>Programaci\u00f3n y otros documentos<\/h2>\n<p><a href=\"https:\/\/www.dropbox.com\/s\/lctut4cfti0ue88\/lengua_programacion.pdf?dl=0\">Enlace a la programaci\u00f3n did\u00e1ctica del departamento<\/a><\/p>\n<p><a href=\"https:\/\/www.dropbox.com\/scl\/fi\/ormki0wue1g1l0h5vlzr3\/biblioteca.pdf?rlkey=lrwus0rlhzp4owqxwyrjhazin&amp;dl=0\">Enlace a la programaci\u00f3n del Plan de trabajo de la Biblioteca Escolar<\/a>.<\/p>\n<h2>Informaci\u00f3n sobre las materias del departamento<\/h2>\n<p>La materia Lengua Castellana y Literatura tiene como objetivo el desarrollo de la competencia comunicativa del alumnado, entendida en todas sus vertientes: pragm\u00e1tica, ling\u00fc\u00edstica, socioling\u00fc\u00edstica y literaria. Debe tambi\u00e9n aportar las herramientas y los conocimientos necesarios para desenvolverse satisfactoriamente en cualquier situaci\u00f3n comunicativa de la vida familiar, social y profesional. Esos conocimientos son los que articulan los procesos de comprensi\u00f3n y expresi\u00f3n oral por un lado, y de comprensi\u00f3n y expresi\u00f3n escrita por otro. La estructuraci\u00f3n del pensamiento del ser humano se hace a trav\u00e9s del lenguaje, de ah\u00ed que esa capacidad de comprender y de expresarse sea el mejor y el m\u00e1s eficaz instrumento de aprendizaje.<\/p>\n","protected":false},"excerpt":{"rendered":"<p>Composici\u00f3n del Departamento Laura Jim\u00e9nez Jim\u00e9nez Francisca Margarita Mart\u00edn Arnedo Mar\u00eda Jos\u00e9 Ortu\u00f1o Morales (Jefa del Departamento) Fernando Polo Barrales (Cultura Cl\u00e1sica) Manuel S\u00e1nchez Garrido Programaci\u00f3n y otros documentos Enlace a la programaci\u00f3n did\u00e1ctica&#46;&#46;&#46;<\/p>\n","protected":false},"author":1,"featured_media":0,"parent":10782,"menu_order":0,"comment_status":"closed","ping_status":"open","template":"","meta":{"ngg_post_thumbnail":0,"footnotes":""},"aioseo_notices":[],"_links":{"self":[{"href":"https:\/\/blogsaverroes.juntadeandalucia.es\/iesfrayluisdegranada\/wp-json\/wp\/v2\/pages\/155"}],"collection":[{"href":"https:\/\/blogsaverroes.juntadeandalucia.es\/iesfrayluisdegranada\/wp-json\/wp\/v2\/pages"}],"about":[{"href":"https:\/\/blogsaverroes.juntadeandalucia.es\/iesfrayluisdegranada\/wp-json\/wp\/v2\/types\/page"}],"author":[{"embeddable":true,"href":"https:\/\/blogsaverroes.juntadeandalucia.es\/iesfrayluisdegranada\/wp-json\/wp\/v2\/users\/1"}],"replies":[{"embeddable":true,"href":"https:\/\/blogsaverroes.juntadeandalucia.es\/iesfrayluisdegranada\/wp-json\/wp\/v2\/comments?post=155"}],"version-history":[{"count":20,"href":"https:\/\/blogsaverroes.juntadeandalucia.es\/iesfrayluisdegranada\/wp-json\/wp\/v2\/pages\/155\/revisions"}],"predecessor-version":[{"id":12791,"href":"https:\/\/blogsaverroes.juntadeandalucia.es\/iesfrayluisdegranada\/wp-json\/wp\/v2\/pages\/155\/revisions\/12791"}],"up":[{"embeddable":true,"href":"https:\/\/blogsaverroes.juntadeandalucia.es\/iesfrayluisdegranada\/wp-json\/wp\/v2\/pages\/10782"}],"wp:attachment":[{"href":"https:\/\/blogsaverroes.juntadeandalucia.es\/iesfrayluisdegranada\/wp-json\/wp\/v2\/media?parent=155"}],"curies":[{"name":"wp","href":"https:\/\/api.w.org\/{rel}","templated":true}]}}