{"id":172,"date":"2015-03-17T07:55:49","date_gmt":"2015-03-17T07:55:49","guid":{"rendered":"http:\/\/blogsaverroes.juntadeandalucia.es\/pre\/ceip\/?page_id=172"},"modified":"2025-11-04T11:41:22","modified_gmt":"2025-11-04T11:41:22","slug":"fisica-y-quimica","status":"publish","type":"page","link":"https:\/\/blogsaverroes.juntadeandalucia.es\/iesfrayluisdegranada\/departamentos\/fisica-y-quimica\/","title":{"rendered":"F\u00edsica y Qu\u00edmica"},"content":{"rendered":"<h2>Composici\u00f3n del Departamento<\/h2>\n<ul>\n<li>Enrique Le\u00f3n Moreno (Jefe del Departamento)<\/li>\n<li>Inmaculada Olea Romacho.<\/li>\n<li>Antonio Calmaestra Ruano<\/li>\n<\/ul>\n<h2>Programaci\u00f3n y otros documentos<\/h2>\n<p><a href=\"https:\/\/www.dropbox.com\/s\/btg32ig622a4ruw\/fisicayquimica_programacion.pdf?dl=0\">Enlace a la programaci\u00f3n did\u00e1ctica del departamento<\/a>.<\/p>\n<p><a href=\"https:\/\/www.dropbox.com\/scl\/fi\/ecopqvozn2xsbltbizumo\/metodosexperimentales_programacion.pdf?rlkey=romroxia0lwb7c8jlt5bgl1pw&amp;st=6lpdgrk2&amp;dl=0\">M\u00e9todos experimentales en F\u00edsica y Qu\u00edmica<\/a> (asignatura de dise\u00f1o propio).<\/p>\n<h3>F\u00edsica y Qu\u00edmica<\/h3>\n<p>La ense\u00f1anza de la F\u00edsica y la Qu\u00edmica juega un papel central en el desarrollo intelectual de los alumnos y las alumnas, y comparte con el resto de las disciplinas la responsabilidad de promover en ellos la adquisici\u00f3n de las competencias necesarias para que puedan integrarse en la sociedad de forma activa. Como disciplina cient\u00edfica, tiene el compromiso a\u00f1adido de dotar al alumno de herramientas espec\u00edficas que le permitan afrontar el futuro con garant\u00edas, participando en el desarrollo econ\u00f3mico y social al que est\u00e1 ligada la capacidad cient\u00edfica, tecnol\u00f3gica e innovadora de la propia sociedad. Para que estas expectativas se concreten, la ense\u00f1anza de esta materia debe incentivar un aprendizaje contextualizado que relacione los principios en vigor con la evoluci\u00f3n hist\u00f3rica del conocimiento cient\u00edfico; que establezca la relaci\u00f3n entre ciencia, tecnolog\u00eda y sociedad; que potencie la argumentaci\u00f3n verbal, la capacidad de establecer relaciones cuantitativas y espaciales, as\u00ed como la de resolver problemas con precisi\u00f3n y rigor.<\/p>\n","protected":false},"excerpt":{"rendered":"<p>Composici\u00f3n del Departamento Enrique Le\u00f3n Moreno (Jefe del Departamento) Inmaculada Olea Romacho. Antonio Calmaestra Ruano Programaci\u00f3n y otros documentos Enlace a la programaci\u00f3n did\u00e1ctica del departamento. M\u00e9todos experimentales en F\u00edsica y Qu\u00edmica (asignatura de&#46;&#46;&#46;<\/p>\n","protected":false},"author":1,"featured_media":0,"parent":10782,"menu_order":0,"comment_status":"closed","ping_status":"open","template":"","meta":{"ngg_post_thumbnail":0,"footnotes":""},"aioseo_notices":[],"_links":{"self":[{"href":"https:\/\/blogsaverroes.juntadeandalucia.es\/iesfrayluisdegranada\/wp-json\/wp\/v2\/pages\/172"}],"collection":[{"href":"https:\/\/blogsaverroes.juntadeandalucia.es\/iesfrayluisdegranada\/wp-json\/wp\/v2\/pages"}],"about":[{"href":"https:\/\/blogsaverroes.juntadeandalucia.es\/iesfrayluisdegranada\/wp-json\/wp\/v2\/types\/page"}],"author":[{"embeddable":true,"href":"https:\/\/blogsaverroes.juntadeandalucia.es\/iesfrayluisdegranada\/wp-json\/wp\/v2\/users\/1"}],"replies":[{"embeddable":true,"href":"https:\/\/blogsaverroes.juntadeandalucia.es\/iesfrayluisdegranada\/wp-json\/wp\/v2\/comments?post=172"}],"version-history":[{"count":14,"href":"https:\/\/blogsaverroes.juntadeandalucia.es\/iesfrayluisdegranada\/wp-json\/wp\/v2\/pages\/172\/revisions"}],"predecessor-version":[{"id":12819,"href":"https:\/\/blogsaverroes.juntadeandalucia.es\/iesfrayluisdegranada\/wp-json\/wp\/v2\/pages\/172\/revisions\/12819"}],"up":[{"embeddable":true,"href":"https:\/\/blogsaverroes.juntadeandalucia.es\/iesfrayluisdegranada\/wp-json\/wp\/v2\/pages\/10782"}],"wp:attachment":[{"href":"https:\/\/blogsaverroes.juntadeandalucia.es\/iesfrayluisdegranada\/wp-json\/wp\/v2\/media?parent=172"}],"curies":[{"name":"wp","href":"https:\/\/api.w.org\/{rel}","templated":true}]}}