{"id":2472,"date":"2017-12-29T09:24:26","date_gmt":"2017-12-29T09:24:26","guid":{"rendered":"https:\/\/blogsaverroes.juntadeandalucia.es\/iesfrayluisdegranada\/?page_id=2472"},"modified":"2025-01-08T11:59:50","modified_gmt":"2025-01-08T11:59:50","slug":"consejo-escolar","status":"publish","type":"page","link":"https:\/\/blogsaverroes.juntadeandalucia.es\/iesfrayluisdegranada\/consejo-escolar\/","title":{"rendered":"Consejo Escolar 2024-2026"},"content":{"rendered":"\t\t<div data-elementor-type=\"wp-page\" data-elementor-id=\"2472\" class=\"elementor elementor-2472\">\n\t\t\t\t\t\t<section class=\"elementor-section elementor-top-section elementor-element elementor-element-1a0b51b6 elementor-section-boxed elementor-section-height-default elementor-section-height-default\" data-id=\"1a0b51b6\" data-element_type=\"section\">\n\t\t\t\t\t\t<div class=\"elementor-container elementor-column-gap-default\">\n\t\t\t\t\t<div class=\"elementor-column elementor-col-100 elementor-top-column elementor-element elementor-element-67b68d7a\" data-id=\"67b68d7a\" data-element_type=\"column\">\n\t\t\t<div class=\"elementor-widget-wrap elementor-element-populated\">\n\t\t\t\t\t\t<div class=\"elementor-element elementor-element-c6d8a39 elementor-widget elementor-widget-text-editor\" data-id=\"c6d8a39\" data-element_type=\"widget\" data-widget_type=\"text-editor.default\">\n\t\t\t\t<div class=\"elementor-widget-container\">\n\t\t\t\t\t\t\t\t\t<table><tbody><tr><td>D. Honrubia S\u00e1nchez, Miguel \u00c1ngel (Director)<br \/>D. Dur\u00e1n Ceacero, Francisco (Jefe de Estudios)<br \/>D\u00aa. Higueras Mart\u00ednez, M\u00aa del Mar (Secretaria)<\/td><td><strong>EQUIPO DIRECTIVO<\/strong><\/td><\/tr><tr><td>D. Ar\u00e9valo Cots, Daniel<br \/>D. Arredondo Garc\u00eda, Antonio<br \/>D\u00aa. Cruz Mart\u00ednez, Vanesa<br \/>D\u00aa. Esteban L\u00f3pez, Isabel<br \/>D\u00aa. Insa Ponce de Le\u00f3n, Enrique<br \/>D\u00aa. Jim\u00e9nez Jim\u00e9nez, Laura<br \/>D. Mart\u00edn Garrido, Ignacio<br \/>D\u00aa. S\u00e1nchez Quero, Myriam<p>Impulsora de medidas para el fomento de la Igualdad entre hombres y mujeres: D\u00aa. Jerez Roz\u00faa, Victoria<\/p><\/td><td><strong>SECTOR DE PROFESORADO<\/strong><\/td><\/tr><tr><td>D\u00aa. Fern\u00e1ndez Guijarro, Susana<br \/>D\u00aa. Revelles Gonz\u00e1lez, Rosario<br \/>D\u00aa. Rodrigo S\u00e1nchez, Mar\u00eda Isabel<br \/>D\u00aa. Vargas L\u00f3pez, Anah\u00ed Abigail<br \/>D\u00aa. Fern\u00e1ndez Martos, Susana (REPRESENTANTE<br \/>DE LA A.M.P.A. MAYORITARIA).<\/td><td><strong>SECTOR DE FAMILIAS<\/strong><\/td><\/tr><tr><td>D. Garc\u00eda Mart\u00ednez, Daniel<br \/>D\u00aa. Molina Orellana, Carmen<br \/>D. Ortega Orihuela, Cristian<br \/>D. Ortega Orihuela, Jairo<br \/>D\u00aa. Soler Molina, Paula.<\/td><td><strong>SECTOR DE ALUMNADO<\/strong><\/td><\/tr><tr><td>D\u00aa. Quero \u00c1lvarez, Eulalia<\/td><td><strong>REPRESENTANTE DEL PAS<\/strong><\/td><\/tr><tr><td>D\u00aa. Sanz Septien, Mar\u00eda Josefa (CONCEJAL O REPRESENTANTE DEL\u00a0AYUNTAMIENTO)<\/td><td><strong>AYUNTAMIENTO<\/strong><\/td><\/tr><\/tbody><\/table><p>\u00a0<\/p><div id=\"gtx-trans\"><div class=\"gtx-trans-icon\">\u00a0<\/div><\/div>\t\t\t\t\t\t\t\t<\/div>\n\t\t\t\t<\/div>\n\t\t\t\t\t<\/div>\n\t\t<\/div>\n\t\t\t\t\t<\/div>\n\t\t<\/section>\n\t\t\t\t<\/div>\n\t\t","protected":false},"excerpt":{"rendered":"<p>D. Honrubia S\u00e1nchez, Miguel \u00c1ngel (Director)D. Dur\u00e1n Ceacero, Francisco (Jefe de Estudios)D\u00aa. Higueras Mart\u00ednez, M\u00aa del Mar (Secretaria) EQUIPO DIRECTIVO D. Ar\u00e9valo Cots, DanielD. Arredondo Garc\u00eda, AntonioD\u00aa. Cruz Mart\u00ednez, VanesaD\u00aa. Esteban L\u00f3pez, IsabelD\u00aa. Insa&#46;&#46;&#46;<\/p>\n","protected":false},"author":2185,"featured_media":0,"parent":0,"menu_order":0,"comment_status":"closed","ping_status":"closed","template":"","meta":{"ngg_post_thumbnail":0,"footnotes":""},"aioseo_notices":[],"_links":{"self":[{"href":"https:\/\/blogsaverroes.juntadeandalucia.es\/iesfrayluisdegranada\/wp-json\/wp\/v2\/pages\/2472"}],"collection":[{"href":"https:\/\/blogsaverroes.juntadeandalucia.es\/iesfrayluisdegranada\/wp-json\/wp\/v2\/pages"}],"about":[{"href":"https:\/\/blogsaverroes.juntadeandalucia.es\/iesfrayluisdegranada\/wp-json\/wp\/v2\/types\/page"}],"author":[{"embeddable":true,"href":"https:\/\/blogsaverroes.juntadeandalucia.es\/iesfrayluisdegranada\/wp-json\/wp\/v2\/users\/2185"}],"replies":[{"embeddable":true,"href":"https:\/\/blogsaverroes.juntadeandalucia.es\/iesfrayluisdegranada\/wp-json\/wp\/v2\/comments?post=2472"}],"version-history":[{"count":17,"href":"https:\/\/blogsaverroes.juntadeandalucia.es\/iesfrayluisdegranada\/wp-json\/wp\/v2\/pages\/2472\/revisions"}],"predecessor-version":[{"id":11615,"href":"https:\/\/blogsaverroes.juntadeandalucia.es\/iesfrayluisdegranada\/wp-json\/wp\/v2\/pages\/2472\/revisions\/11615"}],"wp:attachment":[{"href":"https:\/\/blogsaverroes.juntadeandalucia.es\/iesfrayluisdegranada\/wp-json\/wp\/v2\/media?parent=2472"}],"curies":[{"name":"wp","href":"https:\/\/api.w.org\/{rel}","templated":true}]}}