{"id":3400,"date":"2019-07-05T06:46:39","date_gmt":"2019-07-05T06:46:39","guid":{"rendered":"https:\/\/blogsaverroes.juntadeandalucia.es\/iesfrayluisdegranada\/?page_id=3400"},"modified":"2019-07-05T10:10:24","modified_gmt":"2019-07-05T10:10:24","slug":"periodo-de-observacion-en-salo-finlandia","status":"publish","type":"page","link":"https:\/\/blogsaverroes.juntadeandalucia.es\/iesfrayluisdegranada\/periodo-de-observacion-en-salo-finlandia\/","title":{"rendered":"Periodo de observaci\u00f3n en Salo (Finlandia)"},"content":{"rendered":"<p>Se usa como base de este informe una lista de 17 tareas que el profesorado que particip\u00f3 en la movilidad ten\u00eda encomendadas como parte del llamado \u201cAcuerdo de movilidad\u201d.<\/p>\n<h1>Participantes en la movilidad<\/h1>\n<p>Ignacio Mart\u00edn, Mar\u00eda Isabel Murcia, Marian Cabrera y Francisco Dur\u00e1n.<\/p>\n<h1>Datos del programa<\/h1>\n<p>Fechas de inicio y de finalizaci\u00f3n del periodo de movilidad: Del 5 al 11 de abril de 2019.<\/p>\n<p>Car\u00e1cter: Visita de observaci\u00f3n o \u201cJob Shadowing\u201d.<\/p>\n<p>Centro de visita: <a href=\"http:\/\/www.salonlukio.fi\/\">Salon Lukio (Salo, Finlandia)<\/a>.<\/p>\n<h1>Programa detallado<\/h1>\n<p>Programa propuesto por los responsables de la Salon Lukio.<\/p>\n<p><span class=\"emoji\">\ud83d\udcc5 <\/span><em>5.-7.4.2019<\/em> Cultural Activities in Helsinki and Southern Finland, https:\/\/www.salo.fi\/en\/<\/p>\n<p><em><span class=\"emoji\">\ud83d\udcc5 <\/span>8.4.2019<\/em> Arriving to Salo Upper Secondary School, Meeting with Headmaster Juha-Markus Koistinen, School Lunch, Introduction of the school, Student Counselor Mari-Anne Mielik\u00e4inen, Physics 6 lesson, Geography 2 lesson or Advanced Mathematics 5 lesson, Spanish 5 lesson<\/p>\n<p><em><span class=\"emoji\">\ud83d\udcc5 <\/span>9.4.2019<\/em> Visiting Armfelt Elementary School, Meeting the headmaster of the school, Introduction of the school, Home economics class, School lunch, Biology Lesson, Kalikko Church https:\/\/en.wikipedia.org\/wiki\/Halikko_Church, Visiting the National Park of Teijo, https:\/\/en.wikipedia.org\/wiki\/Teijo_National_Park&nbsp;<\/p>\n<p><em><span class=\"emoji\">\ud83d\udcc5 <\/span>10.4.2019<\/em> Meeting with the other visitors of Salo Upper Secondary School from Italy and Poland, Biology 2 lesson \/ Student Counselor Lesson, Art 2 Lesson or English 6 lesson, English 7 lesson, School Lunch, Science Department Mathematics, Visiting the sights of Stone Age and a Bird Hide, Salo Swimming hall and Library<\/p>\n<p><em><span class=\"emoji\">\ud83d\udcc5 <\/span>11.4.2019<\/em> Chemistry 3 lesson \/ Student Counselor, Salo Marketplace, Biology 4 lesson, School Lunch, Travelling to Helsinki \u2013 Vantaa Airport<\/p>\n<h1>Tareas del participante antes, durante y despu\u00e9s de la movilidad.<\/h1>\n<h2>Preparaci\u00f3n de la movilidad<\/h2>\n<p><a href=\"https:\/\/blogsaverroes.juntadeandalucia.es\/iesfrayluisdegranada\/files\/2019\/07\/grupo_whatsapp.png\"><img decoding=\"async\" class=\"alignright wp-image-3406\" src=\"https:\/\/blogsaverroes.juntadeandalucia.es\/iesfrayluisdegranada\/files\/2019\/07\/grupo_whatsapp.png\" alt=\"\" width=\"165\" height=\"293\" srcset=\"https:\/\/blogsaverroes.juntadeandalucia.es\/iesfrayluisdegranada\/files\/2019\/07\/grupo_whatsapp.png 499w, https:\/\/blogsaverroes.juntadeandalucia.es\/iesfrayluisdegranada\/files\/2019\/07\/grupo_whatsapp-169x300.png 169w, https:\/\/blogsaverroes.juntadeandalucia.es\/iesfrayluisdegranada\/files\/2019\/07\/grupo_whatsapp-14x24.png 14w, https:\/\/blogsaverroes.juntadeandalucia.es\/iesfrayluisdegranada\/files\/2019\/07\/grupo_whatsapp-20x36.png 20w, https:\/\/blogsaverroes.juntadeandalucia.es\/iesfrayluisdegranada\/files\/2019\/07\/grupo_whatsapp-27x48.png 27w\" sizes=\"(max-width: 165px) 100vw, 165px\" \/><\/a>Reuniones peri\u00f3dicas con el coordinador Erasmus+ para entender los objetivos que motivan el proyecto y la movilidad.<br \/>\nLa preparaci\u00f3n del viaje y, en general, de la visita de observaci\u00f3n a la Salon Lukio se ha realizado mediante numerosas entrevistas personales y siempre que se ha requerido actualizar cualquier tipo de informaci\u00f3n. Se han solventado numerosas dudas, de forma inmediata, a trav\u00e9s de un grupo de Whatsapp que se revela como una potent\u00edsima herramienta para la organizaci\u00f3n de la movilidad.<i><br \/>\n<\/i><\/p>\n<h2>Conocer el pa\u00eds de destino<\/h2>\n<p>Se realizan una serie de actividades para conocer las caracter\u00edsticas del pa\u00eds y regi\u00f3n del centro de destino: aspectos geogr\u00e1ficos, art\u00edsticos, cient\u00edficos y culturales&#8230;, por cuanto puedan tener influencia en el \u00e9xito que ese pa\u00eds tiene habitualmente en los informes educativos internacionales.<br \/>\nHemos comprobado que es un pa\u00eds donde la cultura, como parte del ocio, tiene un peso muy importante. Las bibliotecas y librer\u00edas, por doquier y con facilidad de uso por parte de cualquier interesado, son lugares de reuni\u00f3n para toda la familia. Existe facilidad para el auto-pr\u00e9stamo, restaurantes dentro de las bibliotecas, impresoras 3-D a disposici\u00f3n de los usuarios\u2026 Y en todas ellas se observa una preocupaci\u00f3n exquisita por el dise\u00f1o de las infraestructuras. Tambi\u00e9n hemos encontrado numerosos auditorios y hemos podido asistir a un concierto dentro de la Salon Lukio de caracter\u00edsticas casi profesionales.<\/p>\n<div id=\"attachment_3407\" style=\"width: 1610px\" class=\"wp-caption alignright\"><a href=\"https:\/\/blogsaverroes.juntadeandalucia.es\/iesfrayluisdegranada\/files\/2019\/07\/oodi_biblioteca.jpg\"><img fetchpriority=\"high\" decoding=\"async\" aria-describedby=\"caption-attachment-3407\" class=\"wp-image-3407 size-full\" src=\"https:\/\/blogsaverroes.juntadeandalucia.es\/iesfrayluisdegranada\/files\/2019\/07\/oodi_biblioteca.jpg\" alt=\"\" width=\"1600\" height=\"678\" srcset=\"https:\/\/blogsaverroes.juntadeandalucia.es\/iesfrayluisdegranada\/files\/2019\/07\/oodi_biblioteca.jpg 1600w, https:\/\/blogsaverroes.juntadeandalucia.es\/iesfrayluisdegranada\/files\/2019\/07\/oodi_biblioteca-300x127.jpg 300w, https:\/\/blogsaverroes.juntadeandalucia.es\/iesfrayluisdegranada\/files\/2019\/07\/oodi_biblioteca-768x326.jpg 768w, https:\/\/blogsaverroes.juntadeandalucia.es\/iesfrayluisdegranada\/files\/2019\/07\/oodi_biblioteca-1024x434.jpg 1024w, https:\/\/blogsaverroes.juntadeandalucia.es\/iesfrayluisdegranada\/files\/2019\/07\/oodi_biblioteca-24x10.jpg 24w, https:\/\/blogsaverroes.juntadeandalucia.es\/iesfrayluisdegranada\/files\/2019\/07\/oodi_biblioteca-36x15.jpg 36w, https:\/\/blogsaverroes.juntadeandalucia.es\/iesfrayluisdegranada\/files\/2019\/07\/oodi_biblioteca-48x20.jpg 48w\" sizes=\"(max-width: 1600px) 100vw, 1600px\" \/><\/a><p id=\"caption-attachment-3407\" class=\"wp-caption-text\"><em>Oodi, impresionante biblioteca central de Helsinki.<\/em><\/p><\/div>\n<h2>Reuniones con representantes de los \u00f3rganos de gobierno y los de coordinaci\u00f3n did\u00e1ctica del centro de destino.<\/h2>\n<p>Realizamos reuniones con la \u201cStudent Counselor\u201d, que realiza all\u00ed las funciones de nuestra orientadora, aunque s\u00f3lo en el aspecto de la orientaci\u00f3n acad\u00e9mica, pues la selecci\u00f3n de materias es bastante compleja en su sistema.<i><br \/>\n<\/i><i><\/i>Tambi\u00e9n nos hemos reunido con el coordinador Erasmus+ y algunos jefes de departamento.<br \/>\nFinalmente, hemos tenido un par de entrevistas con el Director, quien se ha mostrado interesado en nuestros proyectos con la Universidad y en la posibilidad de realizar un intercambio de estudiantes entre las dos escuelas en el pr\u00f3ximo curso.<\/p>\n<h2>Caracter\u00edsticas del centro de destino<\/h2>\n<p>Una de las tareas m\u00e1s importantes en la movilidad es el conocimiento en profundidad de las caracter\u00edsticas del centro \u201cSalon Lukio\u201d, sus recursos y proyectos m\u00e1s destacados, tanto para la cooperaci\u00f3n con la universidad, como para la integraci\u00f3n de las nuevas tecnolog\u00edas en el aula.<\/p>\n<p>Las instalaciones y recursos son impresionantes e inalcanzables, no s\u00f3lo en nuestra escuela, sino en nuestro pa\u00eds. Algunos ejemplos:<\/p>\n<ul>\n<li>Disponen de columnas m\u00f3viles en cada aula para conectar los port\u00e1tiles del alumnado.<\/li>\n<li>Cada alumno lleva a clase su propio ordenador port\u00e1til, habi\u00e9ndose extinguido, pr\u00e1cticamente, el uso del papel y bol\u00edgrafo.<\/li>\n<li>Los pupitres tienen un dise\u00f1o pentagonal, que permite f\u00e1cilmente distintos agrupamientos.<\/li>\n<\/ul>\n<div id=\"attachment_3411\" style=\"width: 1610px\" class=\"wp-caption alignright\"><a href=\"https:\/\/blogsaverroes.juntadeandalucia.es\/iesfrayluisdegranada\/files\/2019\/07\/pupitres.jpg\"><img decoding=\"async\" aria-describedby=\"caption-attachment-3411\" class=\"wp-image-3411 size-full\" src=\"https:\/\/blogsaverroes.juntadeandalucia.es\/iesfrayluisdegranada\/files\/2019\/07\/pupitres.jpg\" alt=\"\" width=\"1600\" height=\"900\" srcset=\"https:\/\/blogsaverroes.juntadeandalucia.es\/iesfrayluisdegranada\/files\/2019\/07\/pupitres.jpg 1600w, https:\/\/blogsaverroes.juntadeandalucia.es\/iesfrayluisdegranada\/files\/2019\/07\/pupitres-300x169.jpg 300w, https:\/\/blogsaverroes.juntadeandalucia.es\/iesfrayluisdegranada\/files\/2019\/07\/pupitres-768x432.jpg 768w, https:\/\/blogsaverroes.juntadeandalucia.es\/iesfrayluisdegranada\/files\/2019\/07\/pupitres-1024x576.jpg 1024w, https:\/\/blogsaverroes.juntadeandalucia.es\/iesfrayluisdegranada\/files\/2019\/07\/pupitres-24x14.jpg 24w, https:\/\/blogsaverroes.juntadeandalucia.es\/iesfrayluisdegranada\/files\/2019\/07\/pupitres-36x20.jpg 36w, https:\/\/blogsaverroes.juntadeandalucia.es\/iesfrayluisdegranada\/files\/2019\/07\/pupitres-48x27.jpg 48w\" sizes=\"(max-width: 1600px) 100vw, 1600px\" \/><\/a><p id=\"caption-attachment-3411\" class=\"wp-caption-text\"><em>Pupitres pentagonales.<\/em><\/p><\/div>\n<ul>\n<li>Hay aulas donde la disposici\u00f3n de los asientos es completamente innovadora: los alumnos se sientan en sillones, bolas de relax o, incluso, bicicletas est\u00e1ticas.<\/li>\n<\/ul>\n<div id=\"attachment_3412\" style=\"width: 1034px\" class=\"wp-caption alignright\"><a href=\"https:\/\/blogsaverroes.juntadeandalucia.es\/iesfrayluisdegranada\/files\/2019\/07\/bicicleta_estatica.jpg\"><img loading=\"lazy\" decoding=\"async\" aria-describedby=\"caption-attachment-3412\" class=\"wp-image-3412 size-full\" src=\"https:\/\/blogsaverroes.juntadeandalucia.es\/iesfrayluisdegranada\/files\/2019\/07\/bicicleta_estatica.jpg\" alt=\"\" width=\"1024\" height=\"768\" srcset=\"https:\/\/blogsaverroes.juntadeandalucia.es\/iesfrayluisdegranada\/files\/2019\/07\/bicicleta_estatica.jpg 1024w, https:\/\/blogsaverroes.juntadeandalucia.es\/iesfrayluisdegranada\/files\/2019\/07\/bicicleta_estatica-300x225.jpg 300w, https:\/\/blogsaverroes.juntadeandalucia.es\/iesfrayluisdegranada\/files\/2019\/07\/bicicleta_estatica-768x576.jpg 768w, https:\/\/blogsaverroes.juntadeandalucia.es\/iesfrayluisdegranada\/files\/2019\/07\/bicicleta_estatica-24x18.jpg 24w, https:\/\/blogsaverroes.juntadeandalucia.es\/iesfrayluisdegranada\/files\/2019\/07\/bicicleta_estatica-36x27.jpg 36w, https:\/\/blogsaverroes.juntadeandalucia.es\/iesfrayluisdegranada\/files\/2019\/07\/bicicleta_estatica-48x36.jpg 48w\" sizes=\"(max-width: 1024px) 100vw, 1024px\" \/><\/a><p id=\"caption-attachment-3412\" class=\"wp-caption-text\"><em>Otro concepto del pupitre.<\/em><\/p><\/div>\n<ul>\n<li>Existe un gran hall con salas de estudio con paredes transparentes a disposici\u00f3n del alumnado en todo momento.<\/li>\n<\/ul>\n<div id=\"attachment_3413\" style=\"width: 1610px\" class=\"wp-caption alignright\"><a href=\"https:\/\/blogsaverroes.juntadeandalucia.es\/iesfrayluisdegranada\/files\/2019\/07\/salas_estudio_transparentes.jpg\"><img loading=\"lazy\" decoding=\"async\" aria-describedby=\"caption-attachment-3413\" class=\"wp-image-3413 size-full\" src=\"https:\/\/blogsaverroes.juntadeandalucia.es\/iesfrayluisdegranada\/files\/2019\/07\/salas_estudio_transparentes.jpg\" alt=\"\" width=\"1600\" height=\"900\" srcset=\"https:\/\/blogsaverroes.juntadeandalucia.es\/iesfrayluisdegranada\/files\/2019\/07\/salas_estudio_transparentes.jpg 1600w, https:\/\/blogsaverroes.juntadeandalucia.es\/iesfrayluisdegranada\/files\/2019\/07\/salas_estudio_transparentes-300x169.jpg 300w, https:\/\/blogsaverroes.juntadeandalucia.es\/iesfrayluisdegranada\/files\/2019\/07\/salas_estudio_transparentes-768x432.jpg 768w, https:\/\/blogsaverroes.juntadeandalucia.es\/iesfrayluisdegranada\/files\/2019\/07\/salas_estudio_transparentes-1024x576.jpg 1024w, https:\/\/blogsaverroes.juntadeandalucia.es\/iesfrayluisdegranada\/files\/2019\/07\/salas_estudio_transparentes-24x14.jpg 24w, https:\/\/blogsaverroes.juntadeandalucia.es\/iesfrayluisdegranada\/files\/2019\/07\/salas_estudio_transparentes-36x20.jpg 36w, https:\/\/blogsaverroes.juntadeandalucia.es\/iesfrayluisdegranada\/files\/2019\/07\/salas_estudio_transparentes-48x27.jpg 48w\" sizes=\"(max-width: 1600px) 100vw, 1600px\" \/><\/a><p id=\"caption-attachment-3413\" class=\"wp-caption-text\"><em>Salas de estudio transparentes.<\/em><\/p><\/div>\n<ul>\n<li>El centro es completamente accesible, con una disposici\u00f3n en dos plantas donde, las materias de ciencias, \u201cm\u00e1s pegadas a la tierra\u201d, se imparten en la planta baja y las de humanidades, \u201cque atienden al esp\u00edritu\u201d, se sit\u00faan en la primera planta.<\/li>\n<li><b>No suena el timbre para el cambio de clases<\/b>, observ\u00e1ndose adem\u00e1s unos niveles de ruido muy bajos y una considerable disminuci\u00f3n del estr\u00e9s ac\u00fastico.<\/li>\n<li>Uso en las aulas, adem\u00e1s de las pizarras digitales multit\u00e1ctiles, de un proyector de opacos que permite visibilizar de forma compartida al instante cualquier material en papel (libros, ejercicios escritos\u2026).<\/li>\n<li>Hemos constatado la cooperaci\u00f3n en proyectos con otros centros escolares,&nbsp; as\u00ed como asignaturas optativas de preparaci\u00f3n para su prueba de acceso a la universidad.<\/li>\n<\/ul>\n<h2>Horario del profesorado y carga lectiva<\/h2>\n<p>Estudiamos algunos horarios de profesores de diferentes \u00e1reas y observamos que la carga lectiva no var\u00eda, sustancialmente, respecto a la nuestra. El montante total de horas impartidas en un curso escolar es similar al nuestro, aunque el suyo es m\u00e1s irregular, pues depende de las opciones del alumnado; tienen m\u00e1s d\u00edas lectivos, aunque las clases son de una duraci\u00f3n diferente (45 o 75 minutos). En total se elaboran cinco horarios diferentes para cada profesor, cada curso escolar, correspondi\u00e9ndose con los cinco periodos lectivos que all\u00ed tienen.<\/p>\n<p><a href=\"https:\/\/blogsaverroes.juntadeandalucia.es\/iesfrayluisdegranada\/files\/2019\/07\/horario_profesorado.jpg\"><img loading=\"lazy\" decoding=\"async\" class=\"alignright size-full wp-image-3414\" src=\"https:\/\/blogsaverroes.juntadeandalucia.es\/iesfrayluisdegranada\/files\/2019\/07\/horario_profesorado.jpg\" alt=\"\" width=\"1600\" height=\"1150\" srcset=\"https:\/\/blogsaverroes.juntadeandalucia.es\/iesfrayluisdegranada\/files\/2019\/07\/horario_profesorado.jpg 1600w, https:\/\/blogsaverroes.juntadeandalucia.es\/iesfrayluisdegranada\/files\/2019\/07\/horario_profesorado-300x216.jpg 300w, https:\/\/blogsaverroes.juntadeandalucia.es\/iesfrayluisdegranada\/files\/2019\/07\/horario_profesorado-768x552.jpg 768w, https:\/\/blogsaverroes.juntadeandalucia.es\/iesfrayluisdegranada\/files\/2019\/07\/horario_profesorado-1024x736.jpg 1024w, https:\/\/blogsaverroes.juntadeandalucia.es\/iesfrayluisdegranada\/files\/2019\/07\/horario_profesorado-24x17.jpg 24w, https:\/\/blogsaverroes.juntadeandalucia.es\/iesfrayluisdegranada\/files\/2019\/07\/horario_profesorado-36x26.jpg 36w, https:\/\/blogsaverroes.juntadeandalucia.es\/iesfrayluisdegranada\/files\/2019\/07\/horario_profesorado-48x35.jpg 48w\" sizes=\"(max-width: 1600px) 100vw, 1600px\" \/><\/a><\/p>\n<h2>Curr\u00edculum<\/h2>\n<p>La distribuci\u00f3n de los contenidos en cada curso se hace en torno a cinco periodos o evaluaciones, cuya duraci\u00f3n es de cinco semanas.<\/p>\n<p>Por otro lado el bachillerato consta de tres cursos acad\u00e9micos, por lo que hay m\u00e1s tiempo para la distribuci\u00f3n y asimilaci\u00f3n de los contenidos curriculares. Consideramos que este puede ser tambi\u00e9n un elemento que se sume al \u00e9xito del sistema.<\/p>\n<p>Cada alumno, por su parte, dise\u00f1a su propio curr\u00edculo eligiendo en junio, telem\u00e1ticamente, las asignaturas que va a tener el curso siguiente. Solo hay una minor\u00eda de ellas que son troncales y obligatorias.&nbsp;<\/p>\n<div id=\"attachment_3409\" style=\"width: 1610px\" class=\"wp-caption alignright\"><a href=\"https:\/\/blogsaverroes.juntadeandalucia.es\/iesfrayluisdegranada\/files\/2019\/07\/seleccion_materias.jpg\"><img loading=\"lazy\" decoding=\"async\" aria-describedby=\"caption-attachment-3409\" class=\"wp-image-3409 size-full\" src=\"https:\/\/blogsaverroes.juntadeandalucia.es\/iesfrayluisdegranada\/files\/2019\/07\/seleccion_materias.jpg\" alt=\"\" width=\"1600\" height=\"900\" srcset=\"https:\/\/blogsaverroes.juntadeandalucia.es\/iesfrayluisdegranada\/files\/2019\/07\/seleccion_materias.jpg 1600w, https:\/\/blogsaverroes.juntadeandalucia.es\/iesfrayluisdegranada\/files\/2019\/07\/seleccion_materias-300x169.jpg 300w, https:\/\/blogsaverroes.juntadeandalucia.es\/iesfrayluisdegranada\/files\/2019\/07\/seleccion_materias-768x432.jpg 768w, https:\/\/blogsaverroes.juntadeandalucia.es\/iesfrayluisdegranada\/files\/2019\/07\/seleccion_materias-1024x576.jpg 1024w, https:\/\/blogsaverroes.juntadeandalucia.es\/iesfrayluisdegranada\/files\/2019\/07\/seleccion_materias-24x14.jpg 24w, https:\/\/blogsaverroes.juntadeandalucia.es\/iesfrayluisdegranada\/files\/2019\/07\/seleccion_materias-36x20.jpg 36w, https:\/\/blogsaverroes.juntadeandalucia.es\/iesfrayluisdegranada\/files\/2019\/07\/seleccion_materias-48x27.jpg 48w\" sizes=\"(max-width: 1600px) 100vw, 1600px\" \/><\/a><p id=\"caption-attachment-3409\" class=\"wp-caption-text\"><em>Organizaci\u00f3n de las materias en el m\u00f3vil de un alumno.<\/em><\/p><\/div>\n<p>&nbsp;<\/p>\n<p>Se ha estudiado con m\u00e1s concreci\u00f3n el curr\u00edculum de las \u00e1reas de Matem\u00e1ticas, Biolog\u00eda y Geolog\u00eda, Geograf\u00eda e Historia y Dibujo (o sus equivalentes en el centro de destino), principalmente en los recursos metodol\u00f3gicos exportables a nuestro centro, con la intenci\u00f3n de incorporar estos recursos, en la medida de lo posible, a las programaciones did\u00e1cticas de los departamentos del profesorado participante.<\/p>\n<p>En cuanto al curr\u00edculo, la&nbsp; Biolog\u00eda y la Geograf\u00eda son impartidas por el mismo profesor. De hecho la Geograf\u00eda incluye los contenidos referidos a Geomorfolog\u00eda, erosi\u00f3n del paisaje, recursos econ\u00f3micos. La Geolog\u00eda como tal no est\u00e1 diferenciada en ninguno de tres cursos del bachillerato. Este hecho nos ratifica la <b>necesidad de una coordinaci\u00f3n entre ambas materias en nuestro centro<\/b>, en los cursos y contenidos coincidentes, como ya venimos haciendo pues resulta mucho m\u00e1s enriquecedor para el alumnado.<\/p>\n<p>En el caso de Arte observamos que no existe la materia de Historia del Arte. Se incluye, con los contenidos mucho m\u00e1s limitados, y en los libros consultados incluso con errores importantes, en la materia de Dibujo.<\/p>\n<p>La materia de Historia est\u00e1 presente en las asignaturas obligatorias pero la oferta de optativas es muy limitada. Se incluyen dentro de las misma contenidos referidos a nuestra asignatura de Econom\u00eda.<\/p>\n<p>En Matem\u00e1ticas se observa, en varias clases, que se dedica mucho tiempo a resolver s\u00f3lo unos pocos problemas, pareciendo que no hay \u201cprisa\u201d por terminar un programa o que hay m\u00e1s inter\u00e9s por afianzar contenidos b\u00e1sicos que por introducir otros nuevos. El nivel curricular para alumnado de similares edades a los nuestros es, a tenor de los contenidos impartidos, inferior.<\/p>\n<h2>Clases<\/h2>\n<p>Se asiste a numerosas clases de las \u00e1reas mencionadas m\u00e1s arriba. Se observa la ratio en cada una de ellas y la implementaci\u00f3n de actividades interdisciplinares, as\u00ed como el uso de nuevos recursos.<\/p>\n<p>La ratio es variable pues depende, en gran medida, de las elecciones del alumnado. Hay clases con 15 alumnos y otras con 35. En total, el centro tiene, aproximadamente, la misma relaci\u00f3n alumnos-profesor que aqu\u00ed.<\/p>\n<p><a href=\"https:\/\/blogsaverroes.juntadeandalucia.es\/iesfrayluisdegranada\/files\/2019\/07\/aula_moviles.jpg\"><img loading=\"lazy\" decoding=\"async\" class=\"alignright size-full wp-image-3418\" src=\"https:\/\/blogsaverroes.juntadeandalucia.es\/iesfrayluisdegranada\/files\/2019\/07\/aula_moviles.jpg\" alt=\"\" width=\"1288\" height=\"536\" srcset=\"https:\/\/blogsaverroes.juntadeandalucia.es\/iesfrayluisdegranada\/files\/2019\/07\/aula_moviles.jpg 1288w, https:\/\/blogsaverroes.juntadeandalucia.es\/iesfrayluisdegranada\/files\/2019\/07\/aula_moviles-300x125.jpg 300w, https:\/\/blogsaverroes.juntadeandalucia.es\/iesfrayluisdegranada\/files\/2019\/07\/aula_moviles-768x320.jpg 768w, https:\/\/blogsaverroes.juntadeandalucia.es\/iesfrayluisdegranada\/files\/2019\/07\/aula_moviles-1024x426.jpg 1024w, https:\/\/blogsaverroes.juntadeandalucia.es\/iesfrayluisdegranada\/files\/2019\/07\/aula_moviles-24x10.jpg 24w, https:\/\/blogsaverroes.juntadeandalucia.es\/iesfrayluisdegranada\/files\/2019\/07\/aula_moviles-36x15.jpg 36w, https:\/\/blogsaverroes.juntadeandalucia.es\/iesfrayluisdegranada\/files\/2019\/07\/aula_moviles-48x20.jpg 48w\" sizes=\"(max-width: 1288px) 100vw, 1288px\" \/><\/a><\/p>\n<p>En la asignatura de Biolog\u00eda se llev\u00f3 a cabo una actividad experimental que el profesor de la materia hab\u00eda incorporado en su visita al Centro de origen. La&nbsp; incorporaci\u00f3n de este recurso educativo se complet\u00f3 con un obsequio consistente en una peque\u00f1a muestra de f\u00f3siles procedentes del centro de origen.<\/p>\n<p><a href=\"https:\/\/blogsaverroes.juntadeandalucia.es\/iesfrayluisdegranada\/files\/2019\/07\/clase_biologia.jpg\"><img loading=\"lazy\" decoding=\"async\" class=\"alignright size-full wp-image-3415\" src=\"https:\/\/blogsaverroes.juntadeandalucia.es\/iesfrayluisdegranada\/files\/2019\/07\/clase_biologia.jpg\" alt=\"\" width=\"827\" height=\"620\" srcset=\"https:\/\/blogsaverroes.juntadeandalucia.es\/iesfrayluisdegranada\/files\/2019\/07\/clase_biologia.jpg 827w, https:\/\/blogsaverroes.juntadeandalucia.es\/iesfrayluisdegranada\/files\/2019\/07\/clase_biologia-300x225.jpg 300w, https:\/\/blogsaverroes.juntadeandalucia.es\/iesfrayluisdegranada\/files\/2019\/07\/clase_biologia-768x576.jpg 768w, https:\/\/blogsaverroes.juntadeandalucia.es\/iesfrayluisdegranada\/files\/2019\/07\/clase_biologia-24x18.jpg 24w, https:\/\/blogsaverroes.juntadeandalucia.es\/iesfrayluisdegranada\/files\/2019\/07\/clase_biologia-36x27.jpg 36w, https:\/\/blogsaverroes.juntadeandalucia.es\/iesfrayluisdegranada\/files\/2019\/07\/clase_biologia-48x36.jpg 48w\" sizes=\"(max-width: 827px) 100vw, 827px\" \/><\/a><\/p>\n<p>En este caso se puede afirmar que el intercambio de experiencias educativas es bidireccional.<\/p>\n<p>En general no se observan innovaciones metodol\u00f3gicas, m\u00e1s all\u00e1 de un abrumador uso de la tecnolog\u00eda. El profesor explica y el alumnado hace ejercicios; los ejercicios del alumnado se ven en pizarras digitales y las anotaciones del profesor tambi\u00e9n se ven all\u00ed. El trabajo manuscrito, pr\u00e1cticamente, no existe.<\/p>\n<h2>Alumnado<\/h2>\n<p>De forma generalizada el comportamiento del alumnado en las clases es absolutamente disciplinado. La actitud hacia el profesorado es muy respetuosa, el&nbsp; orden y el silencio imperan, pero son muy poco participativos. Llama especialmente la atenci\u00f3n el hecho de que al alumnado se le permita en las clases el uso de auriculares y tel\u00e9fono m\u00f3vil, pero esto no supone ning\u00fan motivo de distorsi\u00f3n. La explicaci\u00f3n que se nos dio para esta permisividad es que el alumnado es suficientemente mayor como para ser responsable de sus actos.&nbsp;<\/p>\n<div id=\"attachment_3416\" style=\"width: 1610px\" class=\"wp-caption alignright\"><a href=\"https:\/\/blogsaverroes.juntadeandalucia.es\/iesfrayluisdegranada\/files\/2019\/07\/aula_normal.jpg\"><img loading=\"lazy\" decoding=\"async\" aria-describedby=\"caption-attachment-3416\" class=\"wp-image-3416 size-full\" src=\"https:\/\/blogsaverroes.juntadeandalucia.es\/iesfrayluisdegranada\/files\/2019\/07\/aula_normal.jpg\" alt=\"\" width=\"1600\" height=\"850\" srcset=\"https:\/\/blogsaverroes.juntadeandalucia.es\/iesfrayluisdegranada\/files\/2019\/07\/aula_normal.jpg 1600w, https:\/\/blogsaverroes.juntadeandalucia.es\/iesfrayluisdegranada\/files\/2019\/07\/aula_normal-300x159.jpg 300w, https:\/\/blogsaverroes.juntadeandalucia.es\/iesfrayluisdegranada\/files\/2019\/07\/aula_normal-768x408.jpg 768w, https:\/\/blogsaverroes.juntadeandalucia.es\/iesfrayluisdegranada\/files\/2019\/07\/aula_normal-1024x544.jpg 1024w, https:\/\/blogsaverroes.juntadeandalucia.es\/iesfrayluisdegranada\/files\/2019\/07\/aula_normal-24x13.jpg 24w, https:\/\/blogsaverroes.juntadeandalucia.es\/iesfrayluisdegranada\/files\/2019\/07\/aula_normal-36x19.jpg 36w, https:\/\/blogsaverroes.juntadeandalucia.es\/iesfrayluisdegranada\/files\/2019\/07\/aula_normal-48x25.jpg 48w\" sizes=\"(max-width: 1600px) 100vw, 1600px\" \/><\/a><p id=\"caption-attachment-3416\" class=\"wp-caption-text\"><em>Aula de Lengua.<\/em><\/p><\/div>\n<h2>Interdisciplinariedad y nuevas metodolog\u00edas<\/h2>\n<p>En la b\u00fasqueda de ideas para el establecimiento de conexiones interdisciplinares en nuestro centro que puedan llevarse efectivamente a la pr\u00e1ctica, se observa una fuerte interconexi\u00f3n entre distintas \u00e1reas del curr\u00edculo en una materia llamada \u201cHome Economics\u201d, para alumnos de 12 a 16 a\u00f1os. Por lo dem\u00e1s, en otras \u00e1reas del curr\u00edculo, no se han encontrado este tipo de relaciones interdisciplinares.<\/p>\n<div id=\"attachment_3420\" style=\"width: 1034px\" class=\"wp-caption alignright\"><a href=\"https:\/\/blogsaverroes.juntadeandalucia.es\/iesfrayluisdegranada\/files\/2019\/07\/home_economics.jpg\"><img loading=\"lazy\" decoding=\"async\" aria-describedby=\"caption-attachment-3420\" class=\"wp-image-3420 size-full\" src=\"https:\/\/blogsaverroes.juntadeandalucia.es\/iesfrayluisdegranada\/files\/2019\/07\/home_economics.jpg\" alt=\"\" width=\"1024\" height=\"768\" srcset=\"https:\/\/blogsaverroes.juntadeandalucia.es\/iesfrayluisdegranada\/files\/2019\/07\/home_economics.jpg 1024w, https:\/\/blogsaverroes.juntadeandalucia.es\/iesfrayluisdegranada\/files\/2019\/07\/home_economics-300x225.jpg 300w, https:\/\/blogsaverroes.juntadeandalucia.es\/iesfrayluisdegranada\/files\/2019\/07\/home_economics-768x576.jpg 768w, https:\/\/blogsaverroes.juntadeandalucia.es\/iesfrayluisdegranada\/files\/2019\/07\/home_economics-24x18.jpg 24w, https:\/\/blogsaverroes.juntadeandalucia.es\/iesfrayluisdegranada\/files\/2019\/07\/home_economics-36x27.jpg 36w, https:\/\/blogsaverroes.juntadeandalucia.es\/iesfrayluisdegranada\/files\/2019\/07\/home_economics-48x36.jpg 48w\" sizes=\"(max-width: 1024px) 100vw, 1024px\" \/><\/a><p id=\"caption-attachment-3420\" class=\"wp-caption-text\"><em>El profesorado participando activamente en una clase de \u00abHome Economics\u00bb.<\/em><\/p><\/div>\n<h2>&nbsp;<\/h2>\n<p>La ense\u00f1anza-aprendizaje a trav\u00e9s de proyectos surge del propio inter\u00e9s del profesorado eventualmente implicado y no de una programaci\u00f3n de los \u00f3rganos de coordinaci\u00f3n did\u00e1ctica.<\/p>\n<p>Solo se nos habl\u00f3 de la evaluaci\u00f3n en competencias en la asignatura de \u201cEconom\u00eda dom\u00e9stica\u201d, mencionada m\u00e1s arriba.<\/p>\n<h2>Tareas para casa o \u00abdeberes\u00bb<\/h2>\n<p>Una de nuestras misiones era averiguar la cantidad de tareas para casa (deberes) que manda el profesorado de \u201cSalon lukio\u201d y reflexionar sobre el grado de influencia que puede tener ello en \u00e9l \u00e9xito del alumnado. Pues bien, hemos podido comprobar que hay muy pocas tareas para casa, aunque s\u00ed existen. Tampoco esto es novedoso en comparaci\u00f3n con lo que ocurre en nuestro centro. No se ha podido determinar una correlaci\u00f3n entre la cantidad de deberes y el \u00e9xito educativo.<\/p>\n<h2>Atenci\u00f3n a la diversidad<\/h2>\n<p>Existen aulas de apoyo espec\u00edficas para la atenci\u00f3n del alumnado con necesidades educativas especiales. All\u00ed tambi\u00e9n los medios tecnol\u00f3gicos son abrumadores, cont\u00e1ndose, por ejemplo, con l\u00e1mparas detectoras de ruido, que disminuyen o cambian su luminosidad en funci\u00f3n del nivel de decibelios detectado. Tambi\u00e9n existen peque\u00f1os habit\u00e1culos, c\u00f3modos e ingeniosamente aislados del resto del aula, para preservar la intimidad que necesitan determinados alumnos.<\/p>\n<h2>Estrategias de evaluaci\u00f3n<\/h2>\n<p>Hemos preguntado por la evaluaci\u00f3n en el centro de destino, el tipo de ex\u00e1menes que se proponen, la frecuencia con la que se programan y si se usan otros instrumentos de evaluaci\u00f3n como r\u00fabricas, registros de observaci\u00f3n, etc.<\/p>\n<p>Como resultado de nuestras pesquisas, hemos averiguado que se realizan ex\u00e1menes tradicionales, aunque resueltos por ordenador. El ordenador no es un recurso para ayudar a resolver las actividades, sino el modo de presentarlas. El control por si se copian se hace de forma \u201cmanual\u201d, aunque para algunos ex\u00e1menes finales estandarizados existe un entorno inform\u00e1tico cerrado del que no es posible salir.<\/p>\n<div id=\"attachment_3422\" style=\"width: 1138px\" class=\"wp-caption alignright\"><a href=\"https:\/\/blogsaverroes.juntadeandalucia.es\/iesfrayluisdegranada\/files\/2019\/07\/examen_matematicas.jpg\"><img loading=\"lazy\" decoding=\"async\" aria-describedby=\"caption-attachment-3422\" class=\"wp-image-3422 size-full\" src=\"https:\/\/blogsaverroes.juntadeandalucia.es\/iesfrayluisdegranada\/files\/2019\/07\/examen_matematicas.jpg\" alt=\"\" width=\"1128\" height=\"1600\" srcset=\"https:\/\/blogsaverroes.juntadeandalucia.es\/iesfrayluisdegranada\/files\/2019\/07\/examen_matematicas.jpg 1128w, https:\/\/blogsaverroes.juntadeandalucia.es\/iesfrayluisdegranada\/files\/2019\/07\/examen_matematicas-212x300.jpg 212w, https:\/\/blogsaverroes.juntadeandalucia.es\/iesfrayluisdegranada\/files\/2019\/07\/examen_matematicas-768x1089.jpg 768w, https:\/\/blogsaverroes.juntadeandalucia.es\/iesfrayluisdegranada\/files\/2019\/07\/examen_matematicas-722x1024.jpg 722w, https:\/\/blogsaverroes.juntadeandalucia.es\/iesfrayluisdegranada\/files\/2019\/07\/examen_matematicas-17x24.jpg 17w, https:\/\/blogsaverroes.juntadeandalucia.es\/iesfrayluisdegranada\/files\/2019\/07\/examen_matematicas-25x36.jpg 25w, https:\/\/blogsaverroes.juntadeandalucia.es\/iesfrayluisdegranada\/files\/2019\/07\/examen_matematicas-34x48.jpg 34w\" sizes=\"(max-width: 1128px) 100vw, 1128px\" \/><\/a><p id=\"caption-attachment-3422\" class=\"wp-caption-text\"><em>Examen de matem\u00e1ticas para alumnado de 16 a\u00f1os.<\/em><\/p><\/div>\n<p>Como ya se ha comentado, la distribuci\u00f3n de los contenidos en cada curso se hace en torno a cinco periodos o evaluaciones, cuya duraci\u00f3n es de cinco semanas. En la sexta semana se suspenden las clases y est\u00e1 dedicada exclusivamente a los ex\u00e1menes. Consideramos que en alguna medida esta distribuci\u00f3n puede influir positivamente en los resultados acad\u00e9micos en cuanto que reduce el estr\u00e9s tanto del profesorado como del alumnado.<\/p>\n<p>En cuanto a los instrumentos y criterios de evaluaci\u00f3n y calificaci\u00f3n en la asignatura de Biolog\u00eda (desconocemos si es una regla general para todo el profesorado), los ex\u00e1menes ponderan un 50% de la calificaci\u00f3n, el resto corresponde a registros de observaci\u00f3n como por ejemplo la realizaci\u00f3n de ejercicios por parte del alumnado y su participaci\u00f3n en clase.&nbsp;<\/p>\n<p>El aprobado se considera a partir del 3 sobre 10, aunque la mayor\u00eda del alumnado que quiere ir a la Universidad sabe que debe tener la mejor nota posible.<\/p>\n<div id=\"attachment_3423\" style=\"width: 1210px\" class=\"wp-caption alignright\"><a href=\"https:\/\/blogsaverroes.juntadeandalucia.es\/iesfrayluisdegranada\/files\/2019\/07\/biologia_airelibre.jpg\"><img loading=\"lazy\" decoding=\"async\" aria-describedby=\"caption-attachment-3423\" class=\"wp-image-3423 size-full\" src=\"https:\/\/blogsaverroes.juntadeandalucia.es\/iesfrayluisdegranada\/files\/2019\/07\/biologia_airelibre.jpg\" alt=\"\" width=\"1200\" height=\"1600\" srcset=\"https:\/\/blogsaverroes.juntadeandalucia.es\/iesfrayluisdegranada\/files\/2019\/07\/biologia_airelibre.jpg 1200w, https:\/\/blogsaverroes.juntadeandalucia.es\/iesfrayluisdegranada\/files\/2019\/07\/biologia_airelibre-225x300.jpg 225w, https:\/\/blogsaverroes.juntadeandalucia.es\/iesfrayluisdegranada\/files\/2019\/07\/biologia_airelibre-768x1024.jpg 768w, https:\/\/blogsaverroes.juntadeandalucia.es\/iesfrayluisdegranada\/files\/2019\/07\/biologia_airelibre-18x24.jpg 18w, https:\/\/blogsaverroes.juntadeandalucia.es\/iesfrayluisdegranada\/files\/2019\/07\/biologia_airelibre-27x36.jpg 27w, https:\/\/blogsaverroes.juntadeandalucia.es\/iesfrayluisdegranada\/files\/2019\/07\/biologia_airelibre-36x48.jpg 36w\" sizes=\"(max-width: 1200px) 100vw, 1200px\" \/><\/a><p id=\"caption-attachment-3423\" class=\"wp-caption-text\"><em>Actividad de Biolog\u00eda al aire libre.<\/em><\/p><\/div>\n<p>&nbsp;<\/p>\n<p>&nbsp;<\/p>\n<h2>Proyectos internacionales<\/h2>\n<p>Se han buscado equivalencias entre los proyectos para la internacionalizaci\u00f3n del centro de destino y el centro de origen, para estudiar las posibilidades de mejora en este aspecto en el centro de origen.<\/p>\n<p>No encontramos demasiados proyectos en este aspecto. El alumnado tiene un viaje de una semana a las Islas Feroe y recibe la visita de profesorado en la misma calidad que nosotros. <strong>Se plantea all\u00ed la posibilidad de realizar un intercambio de estudiantes entre los dos centros<\/strong>. Tras una entrevista con el director del Salon Lukio, la buena predisposici\u00f3n por ambas partes sugiere una alta probabilidad de que finalmente se lleve a cabo el intercambio para el curso 2019-2020. Ya se ha elevado, de hecho, esta propuesta a la Vicedirecci\u00f3n de nuestro centro.<\/p>\n<div id=\"attachment_3424\" style=\"width: 1610px\" class=\"wp-caption alignright\"><a href=\"https:\/\/blogsaverroes.juntadeandalucia.es\/iesfrayluisdegranada\/files\/2019\/07\/sala_relax.jpg\"><img loading=\"lazy\" decoding=\"async\" aria-describedby=\"caption-attachment-3424\" class=\"wp-image-3424 size-full\" src=\"https:\/\/blogsaverroes.juntadeandalucia.es\/iesfrayluisdegranada\/files\/2019\/07\/sala_relax.jpg\" alt=\"\" width=\"1600\" height=\"691\" srcset=\"https:\/\/blogsaverroes.juntadeandalucia.es\/iesfrayluisdegranada\/files\/2019\/07\/sala_relax.jpg 1600w, https:\/\/blogsaverroes.juntadeandalucia.es\/iesfrayluisdegranada\/files\/2019\/07\/sala_relax-300x130.jpg 300w, https:\/\/blogsaverroes.juntadeandalucia.es\/iesfrayluisdegranada\/files\/2019\/07\/sala_relax-768x332.jpg 768w, https:\/\/blogsaverroes.juntadeandalucia.es\/iesfrayluisdegranada\/files\/2019\/07\/sala_relax-1024x442.jpg 1024w, https:\/\/blogsaverroes.juntadeandalucia.es\/iesfrayluisdegranada\/files\/2019\/07\/sala_relax-24x10.jpg 24w, https:\/\/blogsaverroes.juntadeandalucia.es\/iesfrayluisdegranada\/files\/2019\/07\/sala_relax-36x16.jpg 36w, https:\/\/blogsaverroes.juntadeandalucia.es\/iesfrayluisdegranada\/files\/2019\/07\/sala_relax-48x21.jpg 48w\" sizes=\"(max-width: 1600px) 100vw, 1600px\" \/><\/a><p id=\"caption-attachment-3424\" class=\"wp-caption-text\"><em>Visita a una sala-relax del centro junto con profesorado de otros pa\u00edses que tambi\u00e9n realiza un \u00abjob shadowing\u00bb.<\/em><\/p><\/div>\n<ol>\n<li>&nbsp;<\/li>\n<\/ol>\n<h2>Buenas pr\u00e1cticas<\/h2>\n<p>Se han buscado buenas pr\u00e1cticas tanto en el trabajo docente, como en la gesti\u00f3n del centro. En este aspecto cabe destacar lo siguiente:<\/p>\n<p>En el Centro de destino cada profesor tiene su propia aula, lo que desde nuestro punto de vista favorece el orden, la organizaci\u00f3n y el mantenimiento de los recursos. Por otra parte hemos podido observar al asistir en algunas clases de Biolog\u00eda y de F\u00edsica que esta organizaci\u00f3n permite al profesorado utilizar materiales y dise\u00f1ar peque\u00f1os experimentos&nbsp; que se incorporan en la clase de manera natural. Si lo comparamos con la organizaci\u00f3n en nuestro sistema educativo, el profesor necesita (o desperdicia) un tiempo extra en la programaci\u00f3n de las pr\u00e1cticas, que se establecen con antelaci\u00f3n, como un a\u00f1adido. \u00c9stas se dejan al criterio del profesorado y se imparten en un aula diferente, con el consiguiente desplazamiento del alumnado al laboratorio. Los laboratorios, por otra parte, tienen un aforo inferior al de un aula normal.<\/p>\n<p>En resumen, en nuestro sistema educativo, el dise\u00f1o y la organizaci\u00f3n de los espacios y tiempos supone un obst\u00e1culo para incorporar cotidianamente la experimentaci\u00f3n en las clases. La realizaci\u00f3n de pr\u00e1cticas la mayor\u00eda de las veces est\u00e1 sujeta a la iniciativa propia y la buena voluntad del profesorado.<\/p>\n<p>Todas estas pr\u00e1cticas y el resto de aspectos observados en este informe se han debatido ya en los \u00f3rganos directivos y de coordinaci\u00f3n docente del centro, se les ha dado publicidad y se incorporar\u00e1n los aspectos de mejora a nuestro Proyecto Educativo y a la Memoria de Autoevaluaci\u00f3n.<\/p>\n","protected":false},"excerpt":{"rendered":"<p>Se usa como base de este informe una lista de 17 tareas que el profesorado que particip\u00f3 en la movilidad ten\u00eda encomendadas como parte del llamado \u201cAcuerdo de movilidad\u201d. Participantes en la movilidad Ignacio&#46;&#46;&#46;<\/p>\n","protected":false},"author":2185,"featured_media":0,"parent":0,"menu_order":0,"comment_status":"closed","ping_status":"closed","template":"","meta":{"ngg_post_thumbnail":0,"footnotes":""},"aioseo_notices":[],"_links":{"self":[{"href":"https:\/\/blogsaverroes.juntadeandalucia.es\/iesfrayluisdegranada\/wp-json\/wp\/v2\/pages\/3400"}],"collection":[{"href":"https:\/\/blogsaverroes.juntadeandalucia.es\/iesfrayluisdegranada\/wp-json\/wp\/v2\/pages"}],"about":[{"href":"https:\/\/blogsaverroes.juntadeandalucia.es\/iesfrayluisdegranada\/wp-json\/wp\/v2\/types\/page"}],"author":[{"embeddable":true,"href":"https:\/\/blogsaverroes.juntadeandalucia.es\/iesfrayluisdegranada\/wp-json\/wp\/v2\/users\/2185"}],"replies":[{"embeddable":true,"href":"https:\/\/blogsaverroes.juntadeandalucia.es\/iesfrayluisdegranada\/wp-json\/wp\/v2\/comments?post=3400"}],"version-history":[{"count":13,"href":"https:\/\/blogsaverroes.juntadeandalucia.es\/iesfrayluisdegranada\/wp-json\/wp\/v2\/pages\/3400\/revisions"}],"predecessor-version":[{"id":3436,"href":"https:\/\/blogsaverroes.juntadeandalucia.es\/iesfrayluisdegranada\/wp-json\/wp\/v2\/pages\/3400\/revisions\/3436"}],"wp:attachment":[{"href":"https:\/\/blogsaverroes.juntadeandalucia.es\/iesfrayluisdegranada\/wp-json\/wp\/v2\/media?parent=3400"}],"curies":[{"name":"wp","href":"https:\/\/api.w.org\/{rel}","templated":true}]}}