{"id":5645,"date":"2021-11-22T18:07:59","date_gmt":"2021-11-22T18:07:59","guid":{"rendered":"https:\/\/blogsaverroes.juntadeandalucia.es\/iesfrayluisdegranada\/?page_id=5645"},"modified":"2025-04-25T09:47:44","modified_gmt":"2025-04-25T09:47:44","slug":"normas-sobre-el-uso-de-los-moviles","status":"publish","type":"page","link":"https:\/\/blogsaverroes.juntadeandalucia.es\/iesfrayluisdegranada\/normas-sobre-el-uso-de-los-moviles\/","title":{"rendered":"Normas sobre el uso de los m\u00f3viles"},"content":{"rendered":"\t\t<div data-elementor-type=\"wp-page\" data-elementor-id=\"5645\" class=\"elementor elementor-5645\">\n\t\t\t\t\t\t<section class=\"elementor-section elementor-top-section elementor-element elementor-element-535e550b elementor-section-boxed elementor-section-height-default elementor-section-height-default\" data-id=\"535e550b\" data-element_type=\"section\">\n\t\t\t\t\t\t<div class=\"elementor-container elementor-column-gap-default\">\n\t\t\t\t\t<div class=\"elementor-column elementor-col-100 elementor-top-column elementor-element elementor-element-6223df53\" data-id=\"6223df53\" data-element_type=\"column\">\n\t\t\t<div class=\"elementor-widget-wrap elementor-element-populated\">\n\t\t\t\t\t\t<div class=\"elementor-element elementor-element-ec79b5f elementor-widget elementor-widget-image\" data-id=\"ec79b5f\" data-element_type=\"widget\" data-widget_type=\"image.default\">\n\t\t\t\t<div class=\"elementor-widget-container\">\n\t\t\t\t\t\t\t\t\t\t\t\t\t\t\t<img fetchpriority=\"high\" decoding=\"async\" width=\"945\" height=\"531\" src=\"https:\/\/blogsaverroes.juntadeandalucia.es\/iesfrayluisdegranada\/files\/2025\/04\/moviles.jpg\" class=\"attachment-large size-large wp-image-11911\" alt=\"\" srcset=\"https:\/\/blogsaverroes.juntadeandalucia.es\/iesfrayluisdegranada\/files\/2025\/04\/moviles.jpg 945w, https:\/\/blogsaverroes.juntadeandalucia.es\/iesfrayluisdegranada\/files\/2025\/04\/moviles-300x169.jpg 300w, https:\/\/blogsaverroes.juntadeandalucia.es\/iesfrayluisdegranada\/files\/2025\/04\/moviles-768x432.jpg 768w\" sizes=\"(max-width: 945px) 100vw, 945px\" \/>\t\t\t\t\t\t\t\t\t\t\t\t\t\t\t<\/div>\n\t\t\t\t<\/div>\n\t\t\t\t<div class=\"elementor-element elementor-element-4341c90c elementor-widget elementor-widget-text-editor\" data-id=\"4341c90c\" data-element_type=\"widget\" data-widget_type=\"text-editor.default\">\n\t\t\t\t<div class=\"elementor-widget-container\">\n\t\t\t\t\t\t\t\t\t<ol>\r\n \t<li>\r\n<p class=\"western\"><strong>El uso<\/strong> de tel\u00e9fonos m\u00f3viles y otros aparatos electr\u00f3nicos (c\u00e1maras, reproductores de m\u00fasica, videojuegos, auriculares&#8230;), o su <strong>mera exhibici\u00f3n<\/strong>, est\u00e1n prohibidos en el centro, en cualquier momento del horario escolar y en cualquier lugar de sus instalaciones, <strong>incluidos servicios y recreos<\/strong>.<\/p>\r\n<\/li>\r\n \t<li>Esta limitaci\u00f3n excluye el uso de estos dispositivos al alumnado que lo requiera atendiendo a sus circunstancias personales, que tendr\u00e1n que ser debidamente acreditadas ante la direcci\u00f3n del centro por los representantes legales del alumnado.<\/li>\r\n \t<li>\r\n<p class=\"western\">Al alumnado sorprendido usando un m\u00f3vil sin autorizaci\u00f3n, <b>se le podr\u00e1 imponer la correcci\u00f3n de suspensi\u00f3n del derecho de asistencia al centro por un d\u00eda<\/b>, en el caso de que no consienta su retirada conforme al punto tercero de la <a href=\"https:\/\/www.juntadeandalucia.es\/educacion\/portals\/delegate\/content\/fa2fec22-d189-45f4-94c2-fb6ec06f961e\/Instrucci\u00f3n%20de%204%20de%20Diciembre%20de%20la%20Viceconsejer\u00eda%20de%20Desarrollo%20Educativo%20y%20Formaci\u00f3n%20Profesional%20sobre%20determinados%20aspectos%20de%20uso%20de%20tel\u00e9fonos%20m\u00f3viles%20en%20centros%20educativos\" target=\"_blank\" rel=\"noopener\"><em>Instrucci\u00f3n de 4 de diciembre de 2023<\/em><\/a>.<\/p>\r\n<\/li>\r\n \t<li>\r\n<p class=\"western\"><strong>La devoluci\u00f3n del dispositivo se realizar\u00e1 personalmente al padre, madre o tutor legal del alumno<\/strong>, o a la persona adulta debidamente autorizada por aqu\u00e9llos. El m\u00f3vil <strong>no se entregar\u00e1 al alumnado en ning\u00fan caso<\/strong>, aunque sus tutores legales lo autoricen.<\/p>\r\n<\/li>\r\n \t<li>El horario de recogida de m\u00f3viles es de <strong>8:30 a 13:30 h<\/strong>&nbsp;y de <strong>16:30 a 20:30 h<\/strong>, en los d\u00edas <strong>lectivos<\/strong>.<\/li>\r\n \t<li>\r\n<p class=\"western\">La reiteraci\u00f3n en el uso no autorizado del m\u00f3vil ser\u00e1 considerada una falta grave.<\/p>\r\n<\/li>\r\n \t<li>\r\n<p class=\"western\">En cumplimiento de la ley de protecci\u00f3n de datos vigente y amparados en el derecho a la intimidad e imagen personal de todos los miembros de nuestra comunidad educativa, el uso de dispositivos m\u00f3viles para <b>tomar fotograf\u00edas, v\u00eddeos o grabar sonidos<\/b> ser\u00e1 considerado como <b>conducta gravemente perjudicial para la convivencia<\/b>. La difusi\u00f3n de ese tipo de archivos en Internet ser\u00e1 un agravante.<\/p>\r\n<\/li>\r\n \t<li>\r\n<p class=\"western\">No se podr\u00e1n insertar dispositivos USB o tarjetas de memoria en los ordenadores del aula sin autorizaci\u00f3n del profesorado.<\/p>\r\n<\/li>\r\n \t<li>\r\n<p class=\"western\">El Instituto no se responsabiliza, en ning\u00fan caso, del extrav\u00edo o hurto de cualquier aparato electr\u00f3nico, correspondiendo a cada alumno su guarda y custodia.<\/p>\r\n<\/li>\r\n \t<li>\r\n<p class=\"western\">El <b>ciberacoso<\/b> o acoso a trav\u00e9s de las redes sociales est\u00e1 tipificado y contemplado en nuestro ROF como una <b>falta grave<\/b>.<\/p>\r\n<\/li>\r\n \t<li>Desde el centro<strong> se recomienda no traer m\u00f3viles ni otros dispositivos electr\u00f3nicos<\/strong> al mismo, facilitando as\u00ed el cumplimiento de la ley andaluza sobre prohibici\u00f3n de m\u00f3viles en los centros, concretada en la <a href=\"https:\/\/www.juntadeandalucia.es\/educacion\/portals\/delegate\/content\/fa2fec22-d189-45f4-94c2-fb6ec06f961e\/Instrucci\u00f3n%20de%204%20de%20Diciembre%20de%20la%20Viceconsejer\u00eda%20de%20Desarrollo%20Educativo%20y%20Formaci\u00f3n%20Profesional%20sobre%20determinados%20aspectos%20de%20uso%20de%20tel\u00e9fonos%20m\u00f3viles%20en%20centros%20educativos\" target=\"_blank\" rel=\"noopener\"><em>Instrucci\u00f3n de 4 de diciembre de 2023 de la Viceconsejer\u00eda de Desarrollo Educativo y Formaci\u00f3n profesional sobre determinados aspectos para la regulaci\u00f3n del uso de los tel\u00e9fonos m\u00f3viles en los centros educativos dependientes de la Consejer\u00eda de Desarrollo Educativo y Formaci\u00f3n Profesional.<\/em><\/a><\/li>\r\n<\/ol>\t\t\t\t\t\t\t\t<\/div>\n\t\t\t\t<\/div>\n\t\t\t\t\t<\/div>\n\t\t<\/div>\n\t\t\t\t\t<\/div>\n\t\t<\/section>\n\t\t\t\t<\/div>\n\t\t","protected":false},"excerpt":{"rendered":"<p>El uso de tel\u00e9fonos m\u00f3viles y otros aparatos electr\u00f3nicos (c\u00e1maras, reproductores de m\u00fasica, videojuegos, auriculares&#8230;), o su mera exhibici\u00f3n, est\u00e1n prohibidos en el centro, en cualquier momento del horario escolar y en cualquier lugar&#46;&#46;&#46;<\/p>\n","protected":false},"author":2185,"featured_media":0,"parent":0,"menu_order":0,"comment_status":"closed","ping_status":"closed","template":"","meta":{"ngg_post_thumbnail":0,"footnotes":""},"aioseo_notices":[],"_links":{"self":[{"href":"https:\/\/blogsaverroes.juntadeandalucia.es\/iesfrayluisdegranada\/wp-json\/wp\/v2\/pages\/5645"}],"collection":[{"href":"https:\/\/blogsaverroes.juntadeandalucia.es\/iesfrayluisdegranada\/wp-json\/wp\/v2\/pages"}],"about":[{"href":"https:\/\/blogsaverroes.juntadeandalucia.es\/iesfrayluisdegranada\/wp-json\/wp\/v2\/types\/page"}],"author":[{"embeddable":true,"href":"https:\/\/blogsaverroes.juntadeandalucia.es\/iesfrayluisdegranada\/wp-json\/wp\/v2\/users\/2185"}],"replies":[{"embeddable":true,"href":"https:\/\/blogsaverroes.juntadeandalucia.es\/iesfrayluisdegranada\/wp-json\/wp\/v2\/comments?post=5645"}],"version-history":[{"count":11,"href":"https:\/\/blogsaverroes.juntadeandalucia.es\/iesfrayluisdegranada\/wp-json\/wp\/v2\/pages\/5645\/revisions"}],"predecessor-version":[{"id":11914,"href":"https:\/\/blogsaverroes.juntadeandalucia.es\/iesfrayluisdegranada\/wp-json\/wp\/v2\/pages\/5645\/revisions\/11914"}],"wp:attachment":[{"href":"https:\/\/blogsaverroes.juntadeandalucia.es\/iesfrayluisdegranada\/wp-json\/wp\/v2\/media?parent=5645"}],"curies":[{"name":"wp","href":"https:\/\/api.w.org\/{rel}","templated":true}]}}