{"id":42,"date":"2015-03-13T08:40:47","date_gmt":"2015-03-13T08:40:47","guid":{"rendered":"http:\/\/blogsaverroes.juntadeandalucia.es\/pre\/ceip\/?page_id=42"},"modified":"2025-11-16T10:54:58","modified_gmt":"2025-11-16T08:54:58","slug":"equipo-directivo","status":"publish","type":"page","link":"https:\/\/blogsaverroes.juntadeandalucia.es\/iesfuentebuena\/equipo-directivo\/","title":{"rendered":"Equipo Directivo"},"content":{"rendered":"<p>&nbsp;<\/p>\n<table style=\"width: 84.7689%;height: 195px\">\n<tbody>\n<tr>\n<td class=\"widget-title\" style=\"width: 18.7502%\">\n<h4>Cargo<\/h4>\n<\/td>\n<td class=\"widget-title\" style=\"width: 25.9828%\">\n<h4>Titular<\/h4>\n<\/td>\n<td class=\"widget-title\" style=\"width: 14.0148%\">\n<h4>Tel\u00e9fono despacho<\/h4>\n<\/td>\n<\/tr>\n<tr>\n<td style=\"width: 18.7502%\"><strong>DIRECTOR<\/strong><\/td>\n<td style=\"width: 25.9828%\">D. Mario L\u00f3pez Salazar<\/td>\n<td style=\"width: 14.0148%\">671 53 58 23<\/td>\n<\/tr>\n<tr>\n<td style=\"width: 18.7502%\"><strong>JEFA DE ESTUDIOS<\/strong><\/td>\n<td style=\"width: 25.9828%\">D\u00f1a. Julia de Castro Burgos<\/td>\n<td style=\"width: 14.0148%\">671 59 05 51<\/td>\n<\/tr>\n<tr>\n<td style=\"width: 18.7502%\"><strong>SECRETARIA<\/strong><\/td>\n<td style=\"width: 25.9828%\">D\u00f1a. Nazaret Rodr\u00edguez Vidal<\/td>\n<td style=\"width: 14.0148%\">671 53 58 22<\/td>\n<\/tr>\n<\/tbody>\n<\/table>\n<p>&nbsp;<\/p>\n<p><strong>INSPECTOR DE REFERENCIA:<\/strong> D. Gabriel Polo Gilabert<\/p>\n<p>&nbsp;<\/p>\n<table style=\"border-collapse: collapse;width: 74.7208%\">\n<tbody>\n<tr>\n<td style=\"width: 74.7207%;background-color: #f7c96d\" colspan=\"3\"><strong>PROYECTO DE DIRECCI\u00d3N<\/strong><\/td>\n<\/tr>\n<tr>\n<td style=\"width: 74.7207%\" colspan=\"3\"><em>(Pr\u00f3ximamente)<\/em> Puedes descargar aqu\u00ed el Proyecto de Direcci\u00f3n del centro para los a\u00f1os 2025 a 2029.<\/td>\n<\/tr>\n<\/tbody>\n<\/table>\n<p>&nbsp;<\/p>\n<table style=\"border-collapse: collapse;width: 74.7208%;height: 192px\">\n<tbody>\n<tr style=\"height: 24px\">\n<td style=\"width: 74.7207%;background-color: #f7c96d;height: 24px\" colspan=\"3\"><strong>EVALUACI\u00d3N DE LA DIRECCI\u00d3N<\/strong><\/td>\n<\/tr>\n<tr>\n<td style=\"width: 30.5922%\"><em><strong>Ejercicio 21-25<\/strong><\/em><\/td>\n<td style=\"width: 19.8307%\"><a href=\"https:\/\/blogsaverroes.juntadeandalucia.es\/iesfuentebuena\/files\/2025\/05\/Memoria-direccion-21-25.pdf\">Memoria ejercicio 21-25<\/a><\/td>\n<td style=\"width: 24.2978%\">&nbsp;<\/td>\n<\/tr>\n<tr style=\"height: 24px\">\n<td style=\"width: 30.5922%;height: 24px\"><em><strong>Evaluaci\u00f3n de la Direcci\u00f3n 25-26<\/strong><\/em><\/td>\n<td style=\"width: 19.8307%;height: 24px\">Informe Director<\/td>\n<td style=\"width: 24.2978%;height: 24px\">Informe Inspecci\u00f3n Educativa<\/td>\n<\/tr>\n<tr style=\"height: 24px\">\n<td style=\"width: 30.5922%;height: 24px\"><em><strong>Evaluaci\u00f3n de la Direcci\u00f3n 26-27<\/strong><\/em><\/td>\n<td style=\"width: 19.8307%;height: 24px\">Informe Director<\/td>\n<td style=\"width: 24.2978%;height: 24px\">Informe Inspecci\u00f3n Educativa<\/td>\n<\/tr>\n<tr style=\"height: 24px\">\n<td style=\"width: 30.5922%;height: 24px\"><em><strong>Evaluaci\u00f3n de la Direcci\u00f3n 27-28<\/strong><\/em><\/td>\n<td style=\"width: 19.8307%;height: 24px\">Informe Director<\/td>\n<td style=\"width: 24.2978%;height: 24px\">Informe Inspecci\u00f3n Educativa<\/td>\n<\/tr>\n<tr style=\"height: 96px\">\n<td style=\"width: 30.5922%;height: 96px\"><em><strong>Evaluaci\u00f3n de la Direcci\u00f3n 28-29<\/strong><\/em><\/td>\n<td style=\"width: 19.8307%;height: 96px\">Informe Director<br \/>\nMemoria ejercicio 25-29&nbsp;<\/td>\n<td style=\"width: 24.2978%;height: 96px\">&nbsp;<\/td>\n<\/tr>\n<\/tbody>\n<\/table>\n","protected":false},"excerpt":{"rendered":"<p>&nbsp; Cargo Titular Tel\u00e9fono despacho DIRECTOR D. Mario L\u00f3pez Salazar 671 53 58 23 JEFA DE ESTUDIOS D\u00f1a. Julia de Castro Burgos 671 59 05&hellip;<\/p>\n","protected":false},"author":1,"featured_media":0,"parent":0,"menu_order":0,"comment_status":"closed","ping_status":"open","template":"","meta":{"ngg_post_thumbnail":0,"footnotes":""},"aioseo_notices":[],"_links":{"self":[{"href":"https:\/\/blogsaverroes.juntadeandalucia.es\/iesfuentebuena\/wp-json\/wp\/v2\/pages\/42"}],"collection":[{"href":"https:\/\/blogsaverroes.juntadeandalucia.es\/iesfuentebuena\/wp-json\/wp\/v2\/pages"}],"about":[{"href":"https:\/\/blogsaverroes.juntadeandalucia.es\/iesfuentebuena\/wp-json\/wp\/v2\/types\/page"}],"author":[{"embeddable":true,"href":"https:\/\/blogsaverroes.juntadeandalucia.es\/iesfuentebuena\/wp-json\/wp\/v2\/users\/1"}],"replies":[{"embeddable":true,"href":"https:\/\/blogsaverroes.juntadeandalucia.es\/iesfuentebuena\/wp-json\/wp\/v2\/comments?post=42"}],"version-history":[{"count":44,"href":"https:\/\/blogsaverroes.juntadeandalucia.es\/iesfuentebuena\/wp-json\/wp\/v2\/pages\/42\/revisions"}],"predecessor-version":[{"id":10273,"href":"https:\/\/blogsaverroes.juntadeandalucia.es\/iesfuentebuena\/wp-json\/wp\/v2\/pages\/42\/revisions\/10273"}],"wp:attachment":[{"href":"https:\/\/blogsaverroes.juntadeandalucia.es\/iesfuentebuena\/wp-json\/wp\/v2\/media?parent=42"}],"curies":[{"name":"wp","href":"https:\/\/api.w.org\/{rel}","templated":true}]}}