{"id":2972,"date":"2021-04-09T07:40:42","date_gmt":"2021-04-09T06:40:42","guid":{"rendered":"https:\/\/blogsaverroes.juntadeandalucia.es\/iesfuentepina\/?page_id=2972"},"modified":"2023-11-10T12:18:20","modified_gmt":"2023-11-10T11:18:20","slug":"automocion","status":"publish","type":"page","link":"https:\/\/blogsaverroes.juntadeandalucia.es\/iesfuentepina\/familias-profesionales\/automocion\/","title":{"rendered":"Transporte y Mantenimiento de Veh\u00edculos"},"content":{"rendered":"<p style=\"text-align: justify\">El departamento de Automoci\u00f3n es el encargado de desarrollar los ciclos formativos de la familia profesional de Transporte y Mantenimiento de Veh\u00edculos. En concreto, este departamento dentro de nuestro centro cuenta con los siguientes ciclos formativos:<\/p>\n<p style=\"text-align: justify\"><a href=\"https:\/\/blogsaverroes.juntadeandalucia.es\/iesfuentepina\/files\/2023\/03\/Captura-de-pantalla-2023-03-08-093746.png\"><img loading=\"lazy\" decoding=\"async\" class=\"aligncenter wp-image-3535\" src=\"https:\/\/blogsaverroes.juntadeandalucia.es\/iesfuentepina\/files\/2023\/03\/Captura-de-pantalla-2023-03-08-093746.png\" alt=\"\" width=\"508\" height=\"395\" srcset=\"https:\/\/blogsaverroes.juntadeandalucia.es\/iesfuentepina\/files\/2023\/03\/Captura-de-pantalla-2023-03-08-093746.png 553w, https:\/\/blogsaverroes.juntadeandalucia.es\/iesfuentepina\/files\/2023\/03\/Captura-de-pantalla-2023-03-08-093746-300x233.png 300w\" sizes=\"(max-width: 508px) 100vw, 508px\" \/><\/a><\/p>\n<p style=\"text-align: justify\"><span style=\"color: #000000\">Todos los ciclos formativos cuentan con FOL en primer curso y Empresa e iniciativa emprendedora en segundo curso.&nbsp;<\/span><\/p>\n<p style=\"text-align: justify\"><span style=\"text-align: justify\">Adem\u00e1s, el departamento de Automoci\u00f3n colabora con otros \u00e1mbitos del centro como podr\u00eda ser el caso de impartir el m\u00f3dulo de mantenimiento de veh\u00edculos en el ciclo formativo de emergencias sanitarias.<\/span><\/p>\n<p style=\"text-align: justify\">Tambi\u00e9n se ofertan certificaciones de profesionalidad como es el caso del certificado de Motores o Pintura y carrocer\u00eda. Y el Curso de especializaci\u00f3n en mantenimiento de veh\u00edculos h\u00edbridos y el\u00e9ctricos en horario de tarde (20 plazas)<\/p>\n<p>&nbsp;<\/p>\n","protected":false},"excerpt":{"rendered":"<p>El departamento de Automoci\u00f3n es el encargado de desarrollar los ciclos formativos de la familia profesional de Transporte y Mantenimiento de Veh\u00edculos. En concreto, este departamento dentro de nuestro centro cuenta con los siguientes&#46;&#46;&#46;<\/p>\n","protected":false},"author":11361,"featured_media":0,"parent":3403,"menu_order":0,"comment_status":"closed","ping_status":"closed","template":"","meta":{"ngg_post_thumbnail":0,"footnotes":"","_mc_calendar":[]},"aioseo_notices":[],"_links":{"self":[{"href":"https:\/\/blogsaverroes.juntadeandalucia.es\/iesfuentepina\/wp-json\/wp\/v2\/pages\/2972"}],"collection":[{"href":"https:\/\/blogsaverroes.juntadeandalucia.es\/iesfuentepina\/wp-json\/wp\/v2\/pages"}],"about":[{"href":"https:\/\/blogsaverroes.juntadeandalucia.es\/iesfuentepina\/wp-json\/wp\/v2\/types\/page"}],"author":[{"embeddable":true,"href":"https:\/\/blogsaverroes.juntadeandalucia.es\/iesfuentepina\/wp-json\/wp\/v2\/users\/11361"}],"replies":[{"embeddable":true,"href":"https:\/\/blogsaverroes.juntadeandalucia.es\/iesfuentepina\/wp-json\/wp\/v2\/comments?post=2972"}],"version-history":[{"count":9,"href":"https:\/\/blogsaverroes.juntadeandalucia.es\/iesfuentepina\/wp-json\/wp\/v2\/pages\/2972\/revisions"}],"predecessor-version":[{"id":3813,"href":"https:\/\/blogsaverroes.juntadeandalucia.es\/iesfuentepina\/wp-json\/wp\/v2\/pages\/2972\/revisions\/3813"}],"up":[{"embeddable":true,"href":"https:\/\/blogsaverroes.juntadeandalucia.es\/iesfuentepina\/wp-json\/wp\/v2\/pages\/3403"}],"wp:attachment":[{"href":"https:\/\/blogsaverroes.juntadeandalucia.es\/iesfuentepina\/wp-json\/wp\/v2\/media?parent=2972"}],"curies":[{"name":"wp","href":"https:\/\/api.w.org\/{rel}","templated":true}]}}