{"id":3436,"date":"2022-10-21T11:07:59","date_gmt":"2022-10-21T10:07:59","guid":{"rendered":"https:\/\/blogsaverroes.juntadeandalucia.es\/iesfuentepina\/?page_id=3436"},"modified":"2026-01-30T13:48:16","modified_gmt":"2026-01-30T12:48:16","slug":"seguridad-y-medioambiente","status":"publish","type":"page","link":"https:\/\/blogsaverroes.juntadeandalucia.es\/iesfuentepina\/familias-profesionales\/seguridad-y-medioambiente\/","title":{"rendered":"Seguridad y Medioambiente"},"content":{"rendered":"<p style=\"text-align: justify\">El departamento de seguridad y medioambiente desarrolla los siguientes t\u00edtulos de formaci\u00f3n profesional:<\/p>\n<div>\n<section id=\"portlet_ABACO_WEB_WAR_abacoportlet\" class=\"portlet\">\n<header class=\"portlet-topper\">\n<h2 class=\"portlet-title\"><strong><span class=\"portlet-title-text\">T\u00e9cnico Superior en Qu\u00edmica y Salud Ambiental<\/span><\/strong><\/h2>\n<\/header>\n<\/section>\n<\/div>\n<div class=\"portlet-boundary portlet-boundary_ABACO_ENLACESINTERES_WAR_abacoportlet_ portlet-static portlet-static-end \">\n<div class=\"portlet-borderless-container\">\n<div class=\"portlet-body\">\n<div class=\"content_enlaces bordeLineaSolida opened\">La competencia general de este t\u00edtulo consiste en vigilar y controlar los efectos sobre la salud de los factores de riesgo ambiental y alimentario, participar en la puesta en marcha y el desarrollo de sistemas de gesti\u00f3n ambiental e intervenir en programas de educaci\u00f3n para la salud p\u00fablica y comunitaria bajo la supervisi\u00f3n, en su caso, del superior responsable, de acuerdo con los protocolos establecidos, respetando la normativa de referencia en condiciones de calidad y seguridad.<\/div>\n<\/div>\n<\/div>\n<\/div>\n<p><a href=\"https:\/\/www.juntadeandalucia.es\/educacion\/portals\/web\/formacion-profesional-andaluza\/por-titulacion\/fp-grado-superior\/detalle-titulo?idTitulo=821\">M\u00e1s informaci\u00f3n.<\/a><\/p>\n<p>&nbsp;<\/p>\n<h2><strong>Prevenci\u00f3n de Riesgos Profesionales<\/strong><\/h2>\n<p><strong>\u00bfCu\u00e1les son las salidas profesionales?<\/strong><\/p>\n<div class=\"cdsp abierto\">\n<div class=\"desplegable\">\n<div class=\"cte\">\n<ul>\n<li>T\u00e9cnico\/a de prevenci\u00f3n de nivel intermedio.<\/li>\n<li>T\u00e9cnico\/a intermedios en seguridad y salud en el trabajo.<\/li>\n<li>Encargado\/a de la coordinaci\u00f3n de las actividades preventivas.<\/li>\n<li>Coordinador\/a de seguridad y salud en las obras de construcci\u00f3n.<\/li>\n<\/ul>\n<p class=\"ta-justify\">Puedes trabajar en administraciones p\u00fablicas, y empresas privadas, desempe\u00f1ando las tareas de la persona trabajadora designada, la persona coordinadora de actividades empresariales, recurso preventivo, formando parte del servicio de prevenci\u00f3n propio o mancomunado, del servicio de prevenci\u00f3n ajeno, o desempe\u00f1ando las funciones que, en su caso, te faculte el ordenamiento jur\u00eddico.<\/p>\n<p><a href=\"https:\/\/www.todofp.es\/que-estudiar\/familias-profesionales\/seguridad-medio-ambiente\/prevencion-riesgos-profesionales.html\">M\u00e1s informaci\u00f3n.<\/a><\/p>\n<\/div>\n<\/div>\n<\/div>\n<div class=\"cdsp\">\n<h2 aria-expanded=\"false\">&nbsp;<\/h2>\n<\/div>\n<div>\n<section id=\"portlet_ABACO_WEB_WAR_abacoportlet\" class=\"portlet\">\n<header class=\"portlet-topper\">\n<h2 class=\"portlet-title\"><strong><span class=\"portlet-title-text\">T\u00e9cnico en Emergencias y Protecci\u00f3n Civil<\/span><\/strong><\/h2>\n<\/header>\n<\/section>\n<\/div>\n<div class=\"portlet-boundary portlet-boundary_ABACO_ENLACESINTERES_WAR_abacoportlet_ portlet-static portlet-static-end \">\n<div class=\"portlet-borderless-container\">\n<div class=\"portlet-body\">\n<div class=\"content_enlaces bordeLineaSolida opened\">La competencia general de este t\u00edtulo consiste en intervenir operativamente, cumpliendo con las normas de seguridad, en emergencias provocadas por sucesos o cat\u00e1strofes originadas por riesgos diversos (naturales, antr\u00f3picos y tecnol\u00f3gicos), tanto en entorno rural y forestal como urbano, realizando las actividades de control, mitigaci\u00f3n y extinci\u00f3n de los agentes causantes de dichos sucesos (fuego, avenidas de agua y sustancias NBQ, entre otros), el rescate, el salvamento y la atenci\u00f3n como primer interviniente de las personas afectadas y la rehabilitaci\u00f3n de emergencia de las zonas o bienes concernidos, manteniendo operativos los veh\u00edculos, equipos, m\u00e1quinas y herramientas de intervenci\u00f3n, as\u00ed como organizar los equipos y unidades bajo su responsabilidad y contribuir a la divulgaci\u00f3n y cumplimiento de los principios y normas de protecci\u00f3n civil, aplicando la normativa vigente en materia de inspecci\u00f3n y planes de autoprotecci\u00f3n de edificios e instalaciones industriales.<\/div>\n<\/div>\n<div><a href=\"https:\/\/www.juntadeandalucia.es\/educacion\/portals\/web\/formacion-profesional-andaluza\/por-titulacion\/fp-grado-medio\/detalle-titulo?idTitulo=143\">M\u00e1s informaci\u00f3n.<\/a><\/div>\n<\/div>\n<\/div>\n","protected":false},"excerpt":{"rendered":"<p>El departamento de seguridad y medioambiente desarrolla los siguientes t\u00edtulos de formaci\u00f3n profesional: T\u00e9cnico Superior en Qu\u00edmica y Salud Ambiental La competencia general de este t\u00edtulo consiste en vigilar y controlar los efectos sobre&#46;&#46;&#46;<\/p>\n","protected":false},"author":11361,"featured_media":0,"parent":3403,"menu_order":0,"comment_status":"closed","ping_status":"closed","template":"","meta":{"ngg_post_thumbnail":0,"footnotes":"","_mc_calendar":[]},"aioseo_notices":[],"_links":{"self":[{"href":"https:\/\/blogsaverroes.juntadeandalucia.es\/iesfuentepina\/wp-json\/wp\/v2\/pages\/3436"}],"collection":[{"href":"https:\/\/blogsaverroes.juntadeandalucia.es\/iesfuentepina\/wp-json\/wp\/v2\/pages"}],"about":[{"href":"https:\/\/blogsaverroes.juntadeandalucia.es\/iesfuentepina\/wp-json\/wp\/v2\/types\/page"}],"author":[{"embeddable":true,"href":"https:\/\/blogsaverroes.juntadeandalucia.es\/iesfuentepina\/wp-json\/wp\/v2\/users\/11361"}],"replies":[{"embeddable":true,"href":"https:\/\/blogsaverroes.juntadeandalucia.es\/iesfuentepina\/wp-json\/wp\/v2\/comments?post=3436"}],"version-history":[{"count":7,"href":"https:\/\/blogsaverroes.juntadeandalucia.es\/iesfuentepina\/wp-json\/wp\/v2\/pages\/3436\/revisions"}],"predecessor-version":[{"id":4732,"href":"https:\/\/blogsaverroes.juntadeandalucia.es\/iesfuentepina\/wp-json\/wp\/v2\/pages\/3436\/revisions\/4732"}],"up":[{"embeddable":true,"href":"https:\/\/blogsaverroes.juntadeandalucia.es\/iesfuentepina\/wp-json\/wp\/v2\/pages\/3403"}],"wp:attachment":[{"href":"https:\/\/blogsaverroes.juntadeandalucia.es\/iesfuentepina\/wp-json\/wp\/v2\/media?parent=3436"}],"curies":[{"name":"wp","href":"https:\/\/api.w.org\/{rel}","templated":true}]}}