{"id":3694,"date":"2023-06-13T15:54:53","date_gmt":"2023-06-13T14:54:53","guid":{"rendered":"https:\/\/blogsaverroes.juntadeandalucia.es\/iesfuentepina\/?page_id=3694"},"modified":"2024-11-26T10:59:59","modified_gmt":"2024-11-26T09:59:59","slug":"orientacion-academica-y-profesional-23-24","status":"publish","type":"page","link":"https:\/\/blogsaverroes.juntadeandalucia.es\/iesfuentepina\/orientacion\/orientacion-academica-y-profesional-23-24\/","title":{"rendered":"Orientaci\u00f3n Vocacional y Profesional Andaluc\u00eda 24\/25"},"content":{"rendered":"<p style=\"text-align: center\">Toda la informaci\u00f3n sobre qu\u00e9 y d\u00f3nde estudiar lo tienes en OrientaSur. Orientaci\u00f3n Vocacional y Profesional Andaluc\u00eda.<\/p>\n<p style=\"text-align: center\"><a href=\"https:\/\/blogsaverroes.juntadeandalucia.es\/orientacionvocacionalyprofesional\/\">Accede aqu\u00ed<\/a>.<\/p>\n<p>&nbsp;<\/p>\n<p style=\"text-align: center\"><a href=\"https:\/\/blogsaverroes.juntadeandalucia.es\/orientacionvocacionalyprofesional\/\"><img loading=\"lazy\" decoding=\"async\" class=\"aligncenter size-full wp-image-4251\" src=\"https:\/\/blogsaverroes.juntadeandalucia.es\/iesfuentepina\/files\/2024\/11\/una-oficina-de-orientacion-laboral.jpg\" alt=\"\" width=\"1024\" height=\"1024\" srcset=\"https:\/\/blogsaverroes.juntadeandalucia.es\/iesfuentepina\/files\/2024\/11\/una-oficina-de-orientacion-laboral.jpg 1024w, https:\/\/blogsaverroes.juntadeandalucia.es\/iesfuentepina\/files\/2024\/11\/una-oficina-de-orientacion-laboral-300x300.jpg 300w, https:\/\/blogsaverroes.juntadeandalucia.es\/iesfuentepina\/files\/2024\/11\/una-oficina-de-orientacion-laboral-150x150.jpg 150w, https:\/\/blogsaverroes.juntadeandalucia.es\/iesfuentepina\/files\/2024\/11\/una-oficina-de-orientacion-laboral-768x768.jpg 768w, https:\/\/blogsaverroes.juntadeandalucia.es\/iesfuentepina\/files\/2024\/11\/una-oficina-de-orientacion-laboral-80x80.jpg 80w, https:\/\/blogsaverroes.juntadeandalucia.es\/iesfuentepina\/files\/2024\/11\/una-oficina-de-orientacion-laboral-320x320.jpg 320w\" sizes=\"(max-width: 1024px) 100vw, 1024px\" \/><\/a><\/p>\n<p>&nbsp;<\/p>\n<p>&nbsp;<\/p>\n<h1 class=\"entry-title\">&nbsp;<\/h1>\n","protected":false},"excerpt":{"rendered":"<p>Toda la informaci\u00f3n sobre qu\u00e9 y d\u00f3nde estudiar lo tienes en OrientaSur. Orientaci\u00f3n Vocacional y Profesional Andaluc\u00eda. Accede aqu\u00ed. &nbsp; &nbsp; &nbsp; &nbsp;<\/p>\n","protected":false},"author":11361,"featured_media":3696,"parent":3560,"menu_order":0,"comment_status":"closed","ping_status":"closed","template":"","meta":{"ngg_post_thumbnail":0,"footnotes":"","_mc_calendar":[]},"aioseo_notices":[],"_links":{"self":[{"href":"https:\/\/blogsaverroes.juntadeandalucia.es\/iesfuentepina\/wp-json\/wp\/v2\/pages\/3694"}],"collection":[{"href":"https:\/\/blogsaverroes.juntadeandalucia.es\/iesfuentepina\/wp-json\/wp\/v2\/pages"}],"about":[{"href":"https:\/\/blogsaverroes.juntadeandalucia.es\/iesfuentepina\/wp-json\/wp\/v2\/types\/page"}],"author":[{"embeddable":true,"href":"https:\/\/blogsaverroes.juntadeandalucia.es\/iesfuentepina\/wp-json\/wp\/v2\/users\/11361"}],"replies":[{"embeddable":true,"href":"https:\/\/blogsaverroes.juntadeandalucia.es\/iesfuentepina\/wp-json\/wp\/v2\/comments?post=3694"}],"version-history":[{"count":5,"href":"https:\/\/blogsaverroes.juntadeandalucia.es\/iesfuentepina\/wp-json\/wp\/v2\/pages\/3694\/revisions"}],"predecessor-version":[{"id":4252,"href":"https:\/\/blogsaverroes.juntadeandalucia.es\/iesfuentepina\/wp-json\/wp\/v2\/pages\/3694\/revisions\/4252"}],"up":[{"embeddable":true,"href":"https:\/\/blogsaverroes.juntadeandalucia.es\/iesfuentepina\/wp-json\/wp\/v2\/pages\/3560"}],"wp:featuredmedia":[{"embeddable":true,"href":"https:\/\/blogsaverroes.juntadeandalucia.es\/iesfuentepina\/wp-json\/wp\/v2\/media\/3696"}],"wp:attachment":[{"href":"https:\/\/blogsaverroes.juntadeandalucia.es\/iesfuentepina\/wp-json\/wp\/v2\/media?parent=3694"}],"curies":[{"name":"wp","href":"https:\/\/api.w.org\/{rel}","templated":true}]}}