{"id":3709,"date":"2023-06-15T08:30:51","date_gmt":"2023-06-15T07:30:51","guid":{"rendered":"https:\/\/blogsaverroes.juntadeandalucia.es\/iesfuentepina\/?page_id=3709"},"modified":"2025-06-24T13:19:42","modified_gmt":"2025-06-24T12:19:42","slug":"solicitud-admisicion-ciclo-formativos-oferta-completa-tutorial","status":"publish","type":"page","link":"https:\/\/blogsaverroes.juntadeandalucia.es\/iesfuentepina\/orientacion\/solicitud-admisicion-ciclo-formativos-oferta-completa-tutorial\/","title":{"rendered":"Solicitud Admisi\u00f3n Ciclo formativos (Oferta completa). Curso 25\/26."},"content":{"rendered":"<p>El periodo de solicitud para la admisi\u00f3n en los ciclos formativos de oferta completa comienza en el d\u00eda 15 de junio, se realiza a trav\u00e9s de la <a href=\"https:\/\/www.juntadeandalucia.es\/educacion\/secretariavirtual\/solicitudes\/#Formacion_Profesional\">Secretar\u00eda Virtual<\/a>.<\/p>\n<p>&nbsp;<\/p>\n<p>El <strong>plazo para solicitar la preinscripci\u00f3n de los Ciclos Formativos de Grado Medio<\/strong>&nbsp;ya est\u00e1 abierto, desde ayer hasta el d\u00eda 30 de junio. Sin embargo, como ya he comentado al alumnado,&nbsp;<strong>recomiendo que no hag\u00e1is el tr\u00e1mite hasta el d\u00eda de la entrega de notas, que es el 25 de junio<\/strong>, ya que les hace falta saber cu\u00e1l es su nota media de 3\u00ba y 4\u00ba ESO para solicitar la preinscripci\u00f3n. Todo se hace a trav\u00e9s de la secretar\u00eda virtual. Os dejo un&nbsp;<strong>v\u00eddeo con todos los pasos a seguir<\/strong>&nbsp;para tramitar correctamente la solicitud:&nbsp;<a href=\"https:\/\/www.youtube.com\/watch?v=ezcBivjnMJw\" target=\"_blank\" rel=\"noopener\" data-saferedirecturl=\"https:\/\/www.google.com\/url?q=https:\/\/www.youtube.com\/watch?v%3DezcBivjnMJw&amp;source=gmail&amp;ust=1750853328736000&amp;usg=AOvVaw2bJiV0SqJ6nxMDNqJmHQcq\">Tutorial C\u00f3mo solicitar admisi\u00f3n a ciclo formativo de oferta completa &#8211; YouTube<\/a><\/p>\n<blockquote>\n<div dir=\"ltr\">\n<p>Tambi\u00e9n os adjunto el&nbsp;<strong>calendario de preinscripci\u00f3n y matriculaci\u00f3n<\/strong>&nbsp;con las fechas m\u00e1s importantes del proceso en este mensaje, que son las siguientes:<\/p>\n<ul>\n<li>15-30 junio: preinscripci\u00f3n<\/li>\n<li>3 de julio: listado de alumnado que ha tramitado correctamente la preinscripci\u00f3n<\/li>\n<li>4 y 7 de julio: plazo de alegaciones (por si falta alg\u00fan dato\/documento en la solicitud)<\/li>\n<li>10 de julio: primera adjudicaci\u00f3n<\/li>\n<li>11 al 16 de julio: matr\u00edcula\/reserva de plaza (matr\u00edcula para quien le hayan dado su primera opci\u00f3n y reserva para quien le hayan dado otra opci\u00f3n)<\/li>\n<li>Aqu\u00ed finalizar\u00eda el proceso para aquellos a quienes le hayan dado su primera opci\u00f3n, tras tramitar la matr\u00edcula. Para quienes no, el proceso contin\u00faa:<\/li>\n<li>21 de julio: segunda adjudicaci\u00f3n&nbsp;<\/li>\n<li>22 al 24 de julio: matr\u00edcula de la segunda adjudicaci\u00f3n (esta matr\u00edcula la debe realizar s\u00ed o s\u00ed todo el alumnado, le hayan dado la opci\u00f3n que le hayan dado). A pesar de hacer esta matr\u00edcula, hasta noviembre puede haber opciones de entrar en su primera opci\u00f3n para aquel alumnado que no hyaa entrado tampoco en esta segunda adjudicaci\u00f3n. En ese caso, el centro se pone en contacto directamente con ustedes.<\/li>\n<\/ul>\n<p>Sobre este procedimiento de matriculaci\u00f3n\/reserva de plazas, adjunto el siguiente&nbsp;<strong>v\u00eddeo explicativo<\/strong>:&nbsp;<a href=\"https:\/\/www.youtube.com\/watch?v=YvmJL69LNV4\" target=\"_blank\" rel=\"noopener\" data-saferedirecturl=\"https:\/\/www.google.com\/url?q=https:\/\/www.youtube.com\/watch?v%3DYvmJL69LNV4&amp;source=gmail&amp;ust=1750853328736000&amp;usg=AOvVaw1sDTVTxdzFrNkvfp-NXxhv\">Matr\u00edcula , reserva o pendiente de plaza en ciclos formativos. &#8211; YouTube<\/a><\/p>\n<p>Por \u00faltimo, recordar los siguientes&nbsp;<strong>aspectos importantes:<\/strong><\/p>\n<ul>\n<li>Desde el 15 al 30 de junio&nbsp;<strong>se pueden tramitar diferentes solicitudes<\/strong>, la \u00faltima que est\u00e9&nbsp;<strong>FIRMADA<\/strong>&nbsp;ser\u00e1 la v\u00e1lida<\/li>\n<li>Recomiendo le echen un ojo al proceso ya,&nbsp;<strong>previa visualizaci\u00f3n de los v\u00eddeos<\/strong>&nbsp;que he adjuntado en este mensaje, aunque no hagan la preinscripci\u00f3n hasta el d\u00eda que tengan las notas.&nbsp;<strong>No esperen al d\u00eda 30 para tramitar la solicitud<\/strong>, ya que la p\u00e1gina puede caerse. Si tuvieran alg\u00fan problema de este tipo, podr\u00edan presentarse presencialmente (como \u00faltima opci\u00f3n) al centro en el que quiera estudiar el alumno\/a para hacer la preinscripci\u00f3n<\/li>\n<li>Recomiendo que, en la&nbsp;<strong>solicitud<\/strong>, el alumnado ponga&nbsp;<strong>varios Ciclos Formativos de Grado Medio<\/strong>, por si no lo escogen en el que tiene como prioridad<\/li>\n<li>Las diferentes opciones que elija el alumnado deben ponerse por&nbsp;<strong>orden de preferencia<\/strong><\/li>\n<\/ul>\n<\/div>\n<\/blockquote>\n<p>&nbsp;<\/p>\n<p><strong>CUIDADO!<\/strong> Una vez se publique la adjudicaci\u00f3n definitiva s\u00f3lo hay 3\/4 d\u00edas (depende de la oferta) para realizar la matr\u00edcula. Consulte el <a href=\"https:\/\/www.juntadeandalucia.es\/educacion\/portales\/web\/escolarizacion\/formacion-profesional\/calendario-general-fp\">Calendario.<\/a><\/p>\n<p>OC= Oferta Completa OC2\u00ba= Oferta Completa segundo curso GM= Grado Medio GS=Grado Superior CE=Curso de Especializaci\u00f3n OMD= Oferta Modular<\/p>\n<p>CFGB= Ciclo Formativo de Grado B\u00e1sico (Antigua FP B\u00e1sica)<\/p>\n<p>Puedes ver una gu\u00eda que te ayuda a decidir qu\u00e9 ciclo escoger, <a href=\"https:\/\/view.genially.com\/60cbd2fedf0d240ddc7ea50d\/interactive-content-fp-toma-de-decisiones-eleccion-de-ciclos-formativos\">aqu\u00ed<\/a>.<\/p>\n<p>Si quiere saber c\u00f3mo se distribuyen las plazas en los ciclos formativos mire este <a href=\"https:\/\/blogsaverroes.juntadeandalucia.es\/iesfuentepina\/files\/2024\/06\/Cupos-Orden_24.pdf\">esquema.<\/a><\/p>\n<p>M\u00e1s informaci\u00f3n en la web de la <a href=\"https:\/\/www.juntadeandalucia.es\/educacion\/portales\/web\/escolarizacion\/fp\">Consejer\u00eda de desarrollo educativo y formaci\u00f3n profesional<\/a>.<\/p>\n","protected":false},"excerpt":{"rendered":"<p>El periodo de solicitud para la admisi\u00f3n en los ciclos formativos de oferta completa comienza en el d\u00eda 15 de junio, se realiza a trav\u00e9s de la Secretar\u00eda Virtual. &nbsp; El plazo para solicitar&#46;&#46;&#46;<\/p>\n","protected":false},"author":11361,"featured_media":3707,"parent":3560,"menu_order":0,"comment_status":"closed","ping_status":"closed","template":"","meta":{"ngg_post_thumbnail":0,"footnotes":"","_mc_calendar":[]},"aioseo_notices":[],"_links":{"self":[{"href":"https:\/\/blogsaverroes.juntadeandalucia.es\/iesfuentepina\/wp-json\/wp\/v2\/pages\/3709"}],"collection":[{"href":"https:\/\/blogsaverroes.juntadeandalucia.es\/iesfuentepina\/wp-json\/wp\/v2\/pages"}],"about":[{"href":"https:\/\/blogsaverroes.juntadeandalucia.es\/iesfuentepina\/wp-json\/wp\/v2\/types\/page"}],"author":[{"embeddable":true,"href":"https:\/\/blogsaverroes.juntadeandalucia.es\/iesfuentepina\/wp-json\/wp\/v2\/users\/11361"}],"replies":[{"embeddable":true,"href":"https:\/\/blogsaverroes.juntadeandalucia.es\/iesfuentepina\/wp-json\/wp\/v2\/comments?post=3709"}],"version-history":[{"count":8,"href":"https:\/\/blogsaverroes.juntadeandalucia.es\/iesfuentepina\/wp-json\/wp\/v2\/pages\/3709\/revisions"}],"predecessor-version":[{"id":4502,"href":"https:\/\/blogsaverroes.juntadeandalucia.es\/iesfuentepina\/wp-json\/wp\/v2\/pages\/3709\/revisions\/4502"}],"up":[{"embeddable":true,"href":"https:\/\/blogsaverroes.juntadeandalucia.es\/iesfuentepina\/wp-json\/wp\/v2\/pages\/3560"}],"wp:featuredmedia":[{"embeddable":true,"href":"https:\/\/blogsaverroes.juntadeandalucia.es\/iesfuentepina\/wp-json\/wp\/v2\/media\/3707"}],"wp:attachment":[{"href":"https:\/\/blogsaverroes.juntadeandalucia.es\/iesfuentepina\/wp-json\/wp\/v2\/media?parent=3709"}],"curies":[{"name":"wp","href":"https:\/\/api.w.org\/{rel}","templated":true}]}}