{"id":3784,"date":"2023-11-07T14:23:34","date_gmt":"2023-11-07T13:23:34","guid":{"rendered":"https:\/\/blogsaverroes.juntadeandalucia.es\/iesfuentepina\/?page_id=3784"},"modified":"2026-04-16T12:07:43","modified_gmt":"2026-04-16T11:07:43","slug":"acredita","status":"publish","type":"page","link":"https:\/\/blogsaverroes.juntadeandalucia.es\/iesfuentepina\/acredita\/","title":{"rendered":"ACREDITA"},"content":{"rendered":"<header class=\"portlet-topper\">\n<h1><a href=\"https:\/\/blogsaverroes.juntadeandalucia.es\/iesfuentepina\/files\/2023\/11\/Logos-FSE.jpg\"><img loading=\"lazy\" decoding=\"async\" class=\"aligncenter size-large wp-image-3817\" src=\"https:\/\/blogsaverroes.juntadeandalucia.es\/iesfuentepina\/files\/2023\/11\/Logos-FSE-1024x162.jpg\" alt=\"Fondo social europeo\" width=\"1024\" height=\"162\" srcset=\"https:\/\/blogsaverroes.juntadeandalucia.es\/iesfuentepina\/files\/2023\/11\/Logos-FSE-1024x162.jpg 1024w, https:\/\/blogsaverroes.juntadeandalucia.es\/iesfuentepina\/files\/2023\/11\/Logos-FSE-300x47.jpg 300w, https:\/\/blogsaverroes.juntadeandalucia.es\/iesfuentepina\/files\/2023\/11\/Logos-FSE-768x121.jpg 768w, https:\/\/blogsaverroes.juntadeandalucia.es\/iesfuentepina\/files\/2023\/11\/Logos-FSE.jpg 1063w\" sizes=\"(max-width: 1024px) 100vw, 1024px\" \/><\/a><\/h1>\n<h2 class=\"portlet-title\" style=\"text-align: center\"><span class=\"portlet-title-text\">Qu\u00e9 es la evaluaci\u00f3n y acreditaci\u00f3n de competencias (Andaluc\u00eda ACREDITA)<\/span><\/h2>\n<menu id=\"portlet-topper-toolbar_ABACO_WEB_WAR_abacoportlet_INSTANCE_lA0duDyCUN77\" class=\"portlet-topper-toolbar\" type=\"toolbar\"><\/menu>\n<\/header>\n<div class=\"portlet-content\">\n<div class=\" portlet-content-container\">\n<div class=\"portlet-body\">\n<div class=\"contenido_portlet \">\n<div class=\"portlet_web\">\n<div class=\"detalle web\">\n<div class=\"contenido_detalle\">\n<section class=\"cuerpo detalle_html\">\n<div class=\"inner_cuerpo\">\n<p>Procedimiento que permite obtener una acreditaci\u00f3n oficial a aquellas personas que tienen experiencia laboral demostrable o que han recibido formaci\u00f3n no formal, es decir, formaci\u00f3n realizada fuera del sistema educativo oficial, y directamente relacionada con la cualificaci\u00f3n profesional que desea acreditar.<\/p>\n<\/div>\n<\/section>\n<\/div>\n<\/div>\n<\/div>\n<\/div>\n<\/div>\n<\/div>\n<\/div>\n<p><a href=\"https:\/\/blogsaverroes.juntadeandalucia.es\/iesfuentepina\/files\/2026\/04\/Cartel-acredita-2026.jpg\"><img loading=\"lazy\" decoding=\"async\" class=\"aligncenter size-large wp-image-4826\" src=\"https:\/\/blogsaverroes.juntadeandalucia.es\/iesfuentepina\/files\/2026\/04\/Cartel-acredita-2026-819x1024.jpg\" alt=\"\" width=\"819\" height=\"1024\" srcset=\"https:\/\/blogsaverroes.juntadeandalucia.es\/iesfuentepina\/files\/2026\/04\/Cartel-acredita-2026-819x1024.jpg 819w, https:\/\/blogsaverroes.juntadeandalucia.es\/iesfuentepina\/files\/2026\/04\/Cartel-acredita-2026-240x300.jpg 240w, https:\/\/blogsaverroes.juntadeandalucia.es\/iesfuentepina\/files\/2026\/04\/Cartel-acredita-2026-768x960.jpg 768w, https:\/\/blogsaverroes.juntadeandalucia.es\/iesfuentepina\/files\/2026\/04\/Cartel-acredita-2026.jpg 1080w\" sizes=\"(max-width: 819px) 100vw, 819px\" \/><\/a><\/p>\n<p>&nbsp;<\/p>\n<p>&nbsp;<\/p>\n<p><a href=\"https:\/\/www.juntadeandalucia.es\/educacion\/portals\/web\/iacp\/que\">M\u00e1s informaci\u00f3n en IACP<\/a><\/p>\n<p><a href=\"https:\/\/blogsaverroes.juntadeandalucia.es\/iesfuentepina\/files\/2024\/05\/Diptico-Acredita-PRTR.pdf\">D\u00edptico ACREDITA<\/a><\/p>\n<p><a href=\"https:\/\/www.juntadeandalucia.es\/educacion\/portals\/web\/iacp\/convocatorias\">Convocatorias abiertas de ACREDITA<\/a><\/p>\n<p><a href=\"https:\/\/www.juntadeandalucia.es\/educacion\/secretariavirtual\/sede\/\">Listados y solicitudes en la secretaria virtual<\/a><\/p>\n<p>&nbsp;<\/p>\n","protected":false},"excerpt":{"rendered":"<p>Qu\u00e9 es la evaluaci\u00f3n y acreditaci\u00f3n de competencias (Andaluc\u00eda ACREDITA) Procedimiento que permite obtener una acreditaci\u00f3n oficial a aquellas personas que tienen experiencia laboral demostrable o que han recibido formaci\u00f3n no formal, es decir,&#46;&#46;&#46;<\/p>\n","protected":false},"author":11361,"featured_media":4827,"parent":0,"menu_order":0,"comment_status":"closed","ping_status":"closed","template":"","meta":{"ngg_post_thumbnail":0,"footnotes":"","_mc_calendar":[]},"aioseo_notices":[],"_links":{"self":[{"href":"https:\/\/blogsaverroes.juntadeandalucia.es\/iesfuentepina\/wp-json\/wp\/v2\/pages\/3784"}],"collection":[{"href":"https:\/\/blogsaverroes.juntadeandalucia.es\/iesfuentepina\/wp-json\/wp\/v2\/pages"}],"about":[{"href":"https:\/\/blogsaverroes.juntadeandalucia.es\/iesfuentepina\/wp-json\/wp\/v2\/types\/page"}],"author":[{"embeddable":true,"href":"https:\/\/blogsaverroes.juntadeandalucia.es\/iesfuentepina\/wp-json\/wp\/v2\/users\/11361"}],"replies":[{"embeddable":true,"href":"https:\/\/blogsaverroes.juntadeandalucia.es\/iesfuentepina\/wp-json\/wp\/v2\/comments?post=3784"}],"version-history":[{"count":9,"href":"https:\/\/blogsaverroes.juntadeandalucia.es\/iesfuentepina\/wp-json\/wp\/v2\/pages\/3784\/revisions"}],"predecessor-version":[{"id":4828,"href":"https:\/\/blogsaverroes.juntadeandalucia.es\/iesfuentepina\/wp-json\/wp\/v2\/pages\/3784\/revisions\/4828"}],"wp:featuredmedia":[{"embeddable":true,"href":"https:\/\/blogsaverroes.juntadeandalucia.es\/iesfuentepina\/wp-json\/wp\/v2\/media\/4827"}],"wp:attachment":[{"href":"https:\/\/blogsaverroes.juntadeandalucia.es\/iesfuentepina\/wp-json\/wp\/v2\/media?parent=3784"}],"curies":[{"name":"wp","href":"https:\/\/api.w.org\/{rel}","templated":true}]}}