{"id":693,"date":"2021-09-25T11:33:26","date_gmt":"2021-09-25T10:33:26","guid":{"rendered":"https:\/\/blogsaverroes.juntadeandalucia.es\/iesgbrenan\/?page_id=693"},"modified":"2025-10-07T12:42:06","modified_gmt":"2025-10-07T11:42:06","slug":"galeria-fotografica","status":"publish","type":"page","link":"https:\/\/blogsaverroes.juntadeandalucia.es\/iesgbrenan\/galeria-fotografica\/","title":{"rendered":"Galer\u00eda Fotogr\u00e1fica"},"content":{"rendered":"<ul style=\"list-style-type: disc\">\n<li><a href=\"https:\/\/blogsaverroes.juntadeandalucia.es\/iesgbrenan\/fotos-hand-to-hand-2025-2026-septiembre-2025-a-marzo-2026\/\"><strong><span style=\"color: #0000ff\">Hand to Hand XV fase espa\u00f1ola (septiembre 2025 a marzo 2026)<\/span><\/strong><\/a><\/li>\n<li><a href=\"https:\/\/blogsaverroes.juntadeandalucia.es\/iesgbrenan\/fotos-graduacion-cfgb-y-4oeso-promocion-2021-2025-17-junio-2025\/\"><span style=\"color: #0000ff\"><strong>Graduaci\u00f3n CFGB y 4\u00ba ESO promoci\u00f3n 2021-2025 (17 junio 2025)<\/strong><\/span><\/a><\/li>\n<li><a href=\"https:\/\/blogsaverroes.juntadeandalucia.es\/iesgbrenan\/fotos-graduacion-bachillerato-promocion-2023-2025-16-junio-2025\/\"><span style=\"color: #0000ff\"><strong>Graduaci\u00f3n FP y Bachillerato promoci\u00f3n 2023-2025 (16 junio 2025)<\/strong><\/span><\/a><\/li>\n<li><a href=\"https:\/\/blogsaverroes.juntadeandalucia.es\/iesgbrenan\/fotos-tour-en-ingles-por-el-centro-historico-de-malaga-3-junio-2025\/?preview_id=5467&amp;preview_nonce=1f87abda77&amp;_thumbnail_id=-1&amp;preview=true\"><span style=\"color: #0000ff\"><strong>Tour guiado en ingl\u00e9s por el centro hist\u00f3rico de M\u00e1laga (3 junio 2025)<\/strong><\/span><\/a><\/li>\n<li><a href=\"https:\/\/blogsaverroes.juntadeandalucia.es\/iesgbrenan\/fotos-visita-de-3o-eso-al-cementerio-ingles-28-y-29-mayo-2025\/?preview_id=5436&amp;preview_nonce=2c789b5788&amp;_thumbnail_id=-1&amp;preview=true\"><strong><span style=\"color: #0000ff\">Visita de 3\u00ba ESO al Cementerio Ingl\u00e9s de M\u00e1laga (28 y 29 mayo 2925)<\/span><\/strong><\/a><\/li>\n<li><strong><a href=\"https:\/\/blogsaverroes.juntadeandalucia.es\/iesgbrenan\/fotos-entrega-de-premios-xxxi-concurso-literario-12-mayo-2025\/\"><span style=\"color: #0000ff\">Entrega de premios XXXI Concurso Literario IES Gerald Brenan (12 mayo 2025)<\/span><\/a><\/strong><\/li>\n<li><a href=\"https:\/\/blogsaverroes.juntadeandalucia.es\/iesgbrenan\/fotos-bioparc-1o-eso-y-aula-especifica-15-mayo-2025\/\"><span style=\"color: #0000ff\"><strong>Bioparc 1\u00ba ESO y Aula Espec\u00edfica (15 mayo 2025)<\/strong><\/span><\/a><\/li>\n<li><a href=\"https:\/\/blogsaverroes.juntadeandalucia.es\/iesgbrenan\/fotos-xxiii-torneo-voley-playa-30-abril-2025\/\"><span style=\"color: #0000ff\"><strong>XXIII Torneo v\u00f3ley-playa (30 abril 2025)<\/strong><\/span><\/a><\/li>\n<li><a href=\"https:\/\/blogsaverroes.juntadeandalucia.es\/iesgbrenan\/?page_id=5163&amp;preview=true\"><strong><span style=\"color: #0000ff\">Viaje de estudios 4\u00ba ESO (22 al 26 abril 2025)<\/span><\/strong><\/a><\/li>\n<li><a href=\"https:\/\/blogsaverroes.juntadeandalucia.es\/iesgbrenan\/?page_id=5081&amp;preview=true\"><span style=\"color: #0000ff\"><strong>Pr\u00e1cticas en el extranjero &#8211; Erasmus + (abril 2025)<\/strong><\/span><\/a><\/li>\n<li><a href=\"https:\/\/blogsaverroes.juntadeandalucia.es\/iesgbrenan\/fotos-viaje-de-estudios-2o-bachillerato-a-paris-19-al-22-febrero-2025\/?preview_id=4903&amp;preview_nonce=629f36c442&amp;_thumbnail_id=-1&amp;preview=true\"><strong><span style=\"color: #0000ff\">Viaje de estudios 2\u00ba Bachillerato a Par\u00eds (19 al 22 febrero 2025)<\/span><\/strong><\/a><\/li>\n<li><a href=\"https:\/\/blogsaverroes.juntadeandalucia.es\/iesgbrenan\/fotos-semana-de-la-mujer-y-la-nina-en-la-ciencia-17-al-21-febrero-2025\/?preview_id=4887&amp;preview_nonce=00fc28b582&amp;_thumbnail_id=-1&amp;preview=true\"><span style=\"color: #0000ff\"><strong>Semana de la Mujer y la Ni\u00f1a en la Ciencia (17 a 21 febrero 2025)<\/strong><\/span><\/a><\/li>\n<li><a href=\"https:\/\/blogsaverroes.juntadeandalucia.es\/iesgbrenan\/fotos-dia-escolar-de-la-paz-y-la-no-violencia-30-enero-2025\/\"><span style=\"color: #0000ff\"><strong>D\u00eda Escolar de la Paz y la No Violencia (30 enero 2025)<\/strong><\/span><\/a><\/li>\n<li><a href=\"https:\/\/blogsaverroes.juntadeandalucia.es\/iesgbrenan\/fotos-salida-en-bicicleta-de-montana-24-enero-2025\/\"><strong><span style=\"color: #0000ff\">Salida en bicicleta de monta\u00f1a E.F. (24 enero 2025)<\/span><\/strong><\/a><\/li>\n<li><a href=\"https:\/\/blogsaverroes.juntadeandalucia.es\/iesgbrenan\/fotos-visita-guiada-en-ingles-a-la-rosaleda-21-y-22-noviembre-2024\/\"><strong><span style=\"color: #0000ff\">Visita guiada en ingl\u00e9s a La Rosaleda (21 y 22 de noviembre 2024)<\/span><\/strong><\/a><\/li>\n<li><a href=\"https:\/\/blogsaverroes.juntadeandalucia.es\/iesgbrenan\/fotos-graduacion-bachillerato-2022-2024-19-junio-2024\/\"><strong><span style=\"color: #0000ff\">Graduaci\u00f3n Bachillerato promoci\u00f3n 2022 &#8211; 2024 (19 junio 2024)<\/span><\/strong><\/a><\/li>\n<li><a href=\"https:\/\/blogsaverroes.juntadeandalucia.es\/iesgbrenan\/fotos-graduacion-4o-eso-promocion-2020-2024-18-junio-2024\/\"><span style=\"color: #0000ff\"><strong>Graduaci\u00f3n 4\u00ba ESO promoci\u00f3n 2020 &#8211; 2024 (18 junio 2024)<\/strong><\/span><\/a><\/li>\n<li><a href=\"https:\/\/blogsaverroes.juntadeandalucia.es\/iesgbrenan\/?page_id=4216&amp;preview=true\"><span style=\"color: #0000ff\"><strong>El Chorro Multiaventura (14 al 16 junio 2024)<\/strong><\/span><\/a><\/li>\n<li><a href=\"https:\/\/blogsaverroes.juntadeandalucia.es\/iesgbrenan\/?page_id=4185&amp;preview=true\"><strong><span style=\"color: #0000ff\">Proyecto <em>Erasmus+<\/em> 2023 &#8211; 2024<\/span><\/strong><\/a><\/li>\n<li><a href=\"https:\/\/blogsaverroes.juntadeandalucia.es\/iesgbrenan\/?page_id=4159&amp;preview=true\"><span style=\"color: #0000ff\"><strong>Tour guiado en ingl\u00e9s por el centro de M\u00e1laga (4\u00ba ESO 21 mayo 2924)<\/strong><\/span><\/a><\/li>\n<li><a href=\"https:\/\/blogsaverroes.juntadeandalucia.es\/iesgbrenan\/fotos-dia-internacional-contra-la-homofobia-transfobia-y-bifobia\/\"><span style=\"color: #0000ff\"><strong>D\u00eda Internacional Contra la Homofobia, Transfobia y Bifobia (17 mayo 2024)<\/strong><\/span><\/a><span id=\"sample-permalink\"><\/span><\/li>\n<li><a href=\"https:\/\/blogsaverroes.juntadeandalucia.es\/iesgbrenan\/fotos-semana-del-libro-2024-22-al-26-abril-2024\/\"><span style=\"color: #0000ff\"><strong>Semana del Libro 2024 (22 al 26 abril 2024)<\/strong><\/span><\/a><\/li>\n<li><a href=\"https:\/\/blogsaverroes.juntadeandalucia.es\/iesgbrenan\/?page_id=3982\"><span style=\"color: #0000ff\"><strong>Intercambio Hand to Hand XIV &#8211; Fase espa\u00f1ola (7 al 17 marzo 2024)<\/strong><\/span><\/a><\/li>\n<li><a href=\"https:\/\/blogsaverroes.juntadeandalucia.es\/iesgbrenan\/fotos-hand-to-hand-xiv\/\"><strong><span style=\"color: #0000ff\">Intercambio Hand to Hand XIV &#8211; Primera fase en Estados Unidos (Septiembre 2023)<\/span><\/strong><\/a><\/li>\n<li><span style=\"color: #0000ff\"><strong><a style=\"color: #0000ff\" href=\"https:\/\/blogsaverroes.juntadeandalucia.es\/iesgbrenan\/?page_id=3848\">Viaje de estudios 4\u00ba ESO (marzo 2024)<\/a><\/strong><\/span><\/li>\n<li><span style=\"color: #0000ff\"><strong><a style=\"color: #0000ff\" href=\"https:\/\/blogsaverroes.juntadeandalucia.es\/iesgbrenan\/?page_id=3689\">D\u00eda de la Paz 30 enero 2024<\/a><\/strong><\/span><\/li>\n<li><span style=\"color: #0000ff\"><strong><a style=\"color: #0000ff\" href=\"https:\/\/blogsaverroes.juntadeandalucia.es\/iesgbrenan\/fotos-conoce-tu-sierra-2023-2024\/\">Proyecto <em>Conoce tu Sierra <\/em>(Edici\u00f3n 2023 &#8211; 2024)<\/a><\/strong><\/span><\/li>\n<li><span style=\"color: #0000ff\"><strong><a style=\"color: #0000ff\" href=\"https:\/\/blogsaverroes.juntadeandalucia.es\/iesgbrenan\/fotos-wonka-18-19-y-20-diciembre-2023\/\">WONKA V.O.S.E. (18, 19 y 20 diciembre 2023)<\/a><\/strong><\/span><\/li>\n<li><span style=\"color: #0000ff\"><strong><a style=\"color: #0000ff\" href=\"https:\/\/blogsaverroes.juntadeandalucia.es\/iesgbrenan\/fotos-halloween-2023-24-octubre\/\">Halloween 2023 (31 octubre)<\/a><\/strong><\/span><\/li>\n<li><span style=\"color: #0000ff\"><strong><a style=\"color: #0000ff\" href=\"https:\/\/blogsaverroes.juntadeandalucia.es\/iesgbrenan\/?page_id=3110\">Graduaci\u00f3n Bachillerato promoci\u00f3n 2021 &#8211; 2023 (28 junio 2023)<\/a><\/strong><\/span><\/li>\n<li><span style=\"color: #0000ff\"><strong><a style=\"color: #0000ff\" href=\"https:\/\/blogsaverroes.juntadeandalucia.es\/iesgbrenan\/fotos-erasmus-2022-2023\/\">Proyecto <em>Erasmus+<\/em> 2022 &#8211; 2023<\/a><\/strong><\/span><\/li>\n<li><span style=\"color: #0000ff\"><strong><a style=\"color: #0000ff\" href=\"https:\/\/blogsaverroes.juntadeandalucia.es\/iesgbrenan\/?page_id=3003&amp;preview=true\">Graduaci\u00f3n 1\u00aa promoci\u00f3n DAW 2021\/2023 (15 junio 2023)<\/a><\/strong><\/span><\/li>\n<li><span style=\"color: #0000ff\"><strong><a style=\"color: #0000ff\" href=\"https:\/\/blogsaverroes.juntadeandalucia.es\/iesgbrenan\/fotos-graduacion-4o-eso-2019-2023-14-junio-2023\/\">Graduaci\u00f3n 4\u00baESO promoci\u00f3n 2019\/2023 (14 junio 2023)<\/a><\/strong><\/span><\/li>\n<li><span style=\"color: #0000ff\"><strong><a style=\"color: #0000ff\" href=\"https:\/\/blogsaverroes.juntadeandalucia.es\/iesgbrenan\/?page_id=2898\">Coreograf\u00edas 2023 (31 mayo)<\/a><\/strong><\/span><\/li>\n<li><span style=\"color: #0000ff\"><strong><a style=\"color: #0000ff\" href=\"https:\/\/blogsaverroes.juntadeandalucia.es\/iesgbrenan\/?page_id=2787\">XXI Torneo Voley Playa (abril 2023)<\/a><\/strong><\/span><\/li>\n<li><span style=\"color: #0000ff\"><strong><a style=\"color: #0000ff\" href=\"https:\/\/blogsaverroes.juntadeandalucia.es\/iesgbrenan\/?page_id=2787\">Entrega premios XXIX Certamen de Relato (abril 2023)<\/a><\/strong><\/span><\/li>\n<li><span style=\"color: #0000ff\"><strong><a style=\"color: #0000ff\" href=\"https:\/\/blogsaverroes.juntadeandalucia.es\/iesgbrenan\/fotos-sierra-nevada-12-y-13-enero-2023\/\">Sierra Nevada (12 y 13 enero 2023)<\/a><\/strong><\/span><\/li>\n<li><span style=\"color: #0000ff\"><strong><a style=\"color: #0000ff\" href=\"https:\/\/blogsaverroes.juntadeandalucia.es\/iesgbrenan\/2a-edicion-proyecto-conoce-tu-sierra\/\">Proyecto &#8220;Conoce tu Sierra II&#8221; (Octubre 2022)<\/a><\/strong><\/span><\/li>\n<li><span style=\"color: #0000ff\"><strong><a style=\"color: #0000ff\" href=\"https:\/\/blogsaverroes.juntadeandalucia.es\/iesgbrenan\/fotos-graduacion-2obch-2020-2022-28-junio\/\">Graduaci\u00f3n 2\u00ba Bachillerato 2020-2022 (28 junio)<\/a><\/strong><\/span><\/li>\n<li><span style=\"color: #0000ff\"><strong><a style=\"color: #0000ff\" href=\"https:\/\/blogsaverroes.juntadeandalucia.es\/iesgbrenan\/fotos-graduacion-4-eso-2018-2022-15-junio-2022\/\">Graduaci\u00f3n 4\u00baESO 2018-2022 (15 junio)<\/a><\/strong><\/span><\/li>\n<li><span style=\"color: #0000ff\"><strong><a style=\"color: #0000ff\" href=\"https:\/\/blogsaverroes.juntadeandalucia.es\/iesgbrenan\/fotos-coreografiias-grupales-educacion-fisica-2022-31-mayo\/\">Coreograf\u00edas Educaci\u00f3n F\u00cdsica 2022 (31 mayo)<\/a><\/strong><\/span><\/li>\n<li><span style=\"color: #0000ff\"><strong><a style=\"color: #0000ff\" href=\"https:\/\/blogsaverroes.juntadeandalucia.es\/iesgbrenan\/fotos-visitas-guiadas-en-ingles-a-bioparc-fuengirola\/\">Vi<\/a><a style=\"color: #0000ff\" href=\"https:\/\/blogsaverroes.juntadeandalucia.es\/iesgbrenan\/fotos-visitas-guiadas-en-ingles-a-bioparc-fuengirola\/\">sita guiada en ingl\u00e9s a <em>Bioparc&nbsp;<\/em>Fuengirola (mayo 2022)<\/a><\/strong><\/span><\/li>\n<li><span style=\"color: #0000ff\"><strong><a style=\"color: #0000ff\" href=\"https:\/\/blogsaverroes.juntadeandalucia.es\/iesgbrenan\/fotos-xxviii-concurso-literario-abril-2022\/\">XXVIII Concurso literario IES Gerald Brenan (abril 2022)<\/a><\/strong><\/span><\/li>\n<li><span style=\"color: #0000ff\"><strong><a style=\"color: #0000ff\" href=\"https:\/\/blogsaverroes.juntadeandalucia.es\/iesgbrenan\/?page_id=1377\">Carrera Orientaci\u00f3n 1\u00ba Bachillerato (abril 2022)<\/a><\/strong><\/span><\/li>\n<li><span style=\"color: #0000ff\"><strong><a style=\"color: #0000ff\" href=\"https:\/\/blogsaverroes.juntadeandalucia.es\/iesgbrenan\/?page_id=1283\">Proyecto &#8220;Conoce tu Sierra&#8221;, segunda salida (febrero 2022)<\/a><\/strong><\/span><\/li>\n<li><span style=\"color: #0000ff\"><strong><a style=\"color: #0000ff\" href=\"https:\/\/blogsaverroes.juntadeandalucia.es\/iesgbrenan\/fotos-salida-bicibleta-de-montana-mtb-2021\/\">Salida Bicicleta de monta\u00f1a (MTB diciembre 2021)<\/a><\/strong><\/span><\/li>\n<li><span style=\"color: #0000ff\"><strong><a style=\"color: #0000ff\" href=\"https:\/\/blogsaverroes.juntadeandalucia.es\/iesgbrenan\/?page_id=1056\">Proyecto &#8220;Conoce tu Sierra&#8221; (noviembre 2021)<\/a><\/strong><\/span><\/li>\n<li><span style=\"color: #0000ff\"><strong><a style=\"color: #0000ff\" href=\"https:\/\/blogsaverroes.juntadeandalucia.es\/iesgbrenan\/fotos-graduacion-2o-bachillerato-promocion-2019-2021\/\">Graduaci\u00f3n 2\u00ba Bachillerato promoci\u00f3n 2019-2021 (junio 2021)<\/a><\/strong><\/span><\/li>\n<li><span style=\"color: #0000ff\"><strong><a style=\"color: #0000ff\" href=\"https:\/\/blogsaverroes.juntadeandalucia.es\/iesgbrenan\/fotos-graduacion-4o-eso-2017-2021-junio-2021\/\">Graduacion 4\u00ba ESO promoci\u00f3n 2017-2021 (junio 2021)<\/a><\/strong><\/span><\/li>\n<li><span style=\"color: #0000ff\"><strong><a style=\"color: #0000ff\" href=\"https:\/\/blogsaverroes.juntadeandalucia.es\/iesgbrenan\/fotos-coreografia-educacion-fisica-2012\/\">Coreograf\u00eda Educaci\u00f3n F\u00edsica (mayo 2012)<\/a><\/strong><\/span><\/li>\n<li><span style=\"color: #0000ff\"><strong><a style=\"color: #0000ff\" href=\"https:\/\/blogsaverroes.juntadeandalucia.es\/iesgbrenan\/979-2\/\">Exposici\u00f3n &#8220;La Escuela Antigua&#8221; (diciembre 2011)<\/a><\/strong><\/span><\/li>\n<\/ul>\n<p>&nbsp;<\/p>\n<p>&nbsp;<\/p>\n<p>&nbsp;<\/p>\n","protected":false},"excerpt":{"rendered":"<p>Hand to Hand XV fase espa\u00f1ola (septiembre 2025 a marzo 2026) Graduaci\u00f3n CFGB y 4\u00ba ESO promoci\u00f3n 2021-2025 (17 junio 2025) Graduaci\u00f3n FP y Bachillerato promoci\u00f3n 2023-2025 (16 junio 2025) Tour guiado en ingl\u00e9s por el centro hist\u00f3rico de M\u00e1laga (3 junio 2025) Visita de 3\u00ba ESO al Cementerio Ingl\u00e9s de M\u00e1laga (28 y 29 [&hellip;]<\/p>\n","protected":false},"author":13342,"featured_media":0,"parent":0,"menu_order":0,"comment_status":"closed","ping_status":"closed","template":"","meta":{"_et_pb_use_builder":"","_et_pb_old_content":"","_et_gb_content_width":"","ngg_post_thumbnail":0,"footnotes":""},"aioseo_notices":[],"_links":{"self":[{"href":"https:\/\/blogsaverroes.juntadeandalucia.es\/iesgbrenan\/wp-json\/wp\/v2\/pages\/693"}],"collection":[{"href":"https:\/\/blogsaverroes.juntadeandalucia.es\/iesgbrenan\/wp-json\/wp\/v2\/pages"}],"about":[{"href":"https:\/\/blogsaverroes.juntadeandalucia.es\/iesgbrenan\/wp-json\/wp\/v2\/types\/page"}],"author":[{"embeddable":true,"href":"https:\/\/blogsaverroes.juntadeandalucia.es\/iesgbrenan\/wp-json\/wp\/v2\/users\/13342"}],"replies":[{"embeddable":true,"href":"https:\/\/blogsaverroes.juntadeandalucia.es\/iesgbrenan\/wp-json\/wp\/v2\/comments?post=693"}],"version-history":[{"count":126,"href":"https:\/\/blogsaverroes.juntadeandalucia.es\/iesgbrenan\/wp-json\/wp\/v2\/pages\/693\/revisions"}],"predecessor-version":[{"id":5746,"href":"https:\/\/blogsaverroes.juntadeandalucia.es\/iesgbrenan\/wp-json\/wp\/v2\/pages\/693\/revisions\/5746"}],"wp:attachment":[{"href":"https:\/\/blogsaverroes.juntadeandalucia.es\/iesgbrenan\/wp-json\/wp\/v2\/media?parent=693"}],"curies":[{"name":"wp","href":"https:\/\/api.w.org\/{rel}","templated":true}]}}