{"id":5628,"date":"2022-12-26T20:45:20","date_gmt":"2022-12-26T19:45:20","guid":{"rendered":"https:\/\/iesgongora.com\/?page_id=5628"},"modified":"2024-09-30T10:15:25","modified_gmt":"2024-09-30T08:15:25","slug":"dpto-matematicas-y-economia","status":"publish","type":"page","link":"https:\/\/blogsaverroes.juntadeandalucia.es\/iesgongora\/dpto-matematicas-y-economia\/","title":{"rendered":"Matem\u00e1ticas y Econom\u00eda"},"content":{"rendered":"\r\n<p>El Departamento de Matem\u00e1ticas y Econom\u00eda del IES Luis de G\u00f3ngora en el presente curso&nbsp;est\u00e1 formado por:<\/p>\r\n\r\n\r\n\r\n<p><strong>Matem\u00e1ticas<\/strong><\/p>\r\n\r\n\r\n\r\n<ul>\r\n<li>Cabello Luque, Estrella<\/li>\r\n<li>Dur\u00e1n Vacas, Manuel<\/li>\r\n<li>Hern\u00e1ndez Flores, Ana Isabel<\/li>\r\n<li>Jim\u00e9nez Ram\u00edrez, Isabel<\/li>\r\n<li>Mart\u00edn Castro, Mar\u00eda Jos\u00e9 (Jefa de departamento)<\/li>\r\n<li>Merlo Fern\u00e1ndez, Fernando<\/li>\r\n<li>Pintado Ca\u00f1adas, Carlos Javier<\/li>\r\n<li>S\u00e1nchez Ruz, Mar\u00eda Jos\u00e9<\/li>\r\n<li>V\u00e1zquez N\u00fa\u00f1ez, Susana<\/li>\r\n<\/ul>\r\n\r\n\r\n\r\n<p><strong>Econom\u00eda<\/strong><\/p>\r\n\r\n\r\n\r\n<ul>\r\n<li>Garc\u00eda Morales, Rafael Carlos<\/li>\r\n<li>Ram\u00edrez Garc\u00eda, \u00c1ngel<\/li>\r\n<\/ul>\r\n<p><img loading=\"lazy\" decoding=\"async\" class=\"aligncenter size-full wp-image-7187\" src=\"https:\/\/blogsaverroes.juntadeandalucia.es\/iesgongora\/files\/2024\/09\/IMG_7555-scaled.jpg\" alt=\"\" width=\"1920\" height=\"2560\" srcset=\"https:\/\/blogsaverroes.juntadeandalucia.es\/iesgongora\/files\/2024\/09\/IMG_7555-scaled.jpg 1920w, https:\/\/blogsaverroes.juntadeandalucia.es\/iesgongora\/files\/2024\/09\/IMG_7555-225x300.jpg 225w, https:\/\/blogsaverroes.juntadeandalucia.es\/iesgongora\/files\/2024\/09\/IMG_7555-768x1024.jpg 768w, https:\/\/blogsaverroes.juntadeandalucia.es\/iesgongora\/files\/2024\/09\/IMG_7555-1152x1536.jpg 1152w, https:\/\/blogsaverroes.juntadeandalucia.es\/iesgongora\/files\/2024\/09\/IMG_7555-1536x2048.jpg 1536w\" sizes=\"(max-width: 1920px) 100vw, 1920px\" \/><\/p>\r\n\r\n\r\n<hr class=\"wp-block-separator has-text-color has-black-color has-alpha-channel-opacity has-black-background-color has-background is-style-wide\">\r\n\r\n<ul class=\"wp-block-latest-posts__list has-dates wp-block-latest-posts\"><\/ul>","protected":false},"excerpt":{"rendered":"<p>El Departamento de Matem\u00e1ticas y Econom\u00eda del IES Luis de G\u00f3ngora en el presente curso&nbsp;est\u00e1 formado por: Matem\u00e1ticas Econom\u00eda<\/p>\n","protected":false},"author":19499,"featured_media":0,"parent":0,"menu_order":0,"comment_status":"closed","ping_status":"closed","template":"","meta":{"ngg_post_thumbnail":0,"footnotes":"","_mc_calendar":[]},"aioseo_notices":[],"_links":{"self":[{"href":"https:\/\/blogsaverroes.juntadeandalucia.es\/iesgongora\/wp-json\/wp\/v2\/pages\/5628"}],"collection":[{"href":"https:\/\/blogsaverroes.juntadeandalucia.es\/iesgongora\/wp-json\/wp\/v2\/pages"}],"about":[{"href":"https:\/\/blogsaverroes.juntadeandalucia.es\/iesgongora\/wp-json\/wp\/v2\/types\/page"}],"author":[{"embeddable":true,"href":"https:\/\/blogsaverroes.juntadeandalucia.es\/iesgongora\/wp-json\/wp\/v2\/users\/19499"}],"replies":[{"embeddable":true,"href":"https:\/\/blogsaverroes.juntadeandalucia.es\/iesgongora\/wp-json\/wp\/v2\/comments?post=5628"}],"version-history":[{"count":4,"href":"https:\/\/blogsaverroes.juntadeandalucia.es\/iesgongora\/wp-json\/wp\/v2\/pages\/5628\/revisions"}],"predecessor-version":[{"id":7257,"href":"https:\/\/blogsaverroes.juntadeandalucia.es\/iesgongora\/wp-json\/wp\/v2\/pages\/5628\/revisions\/7257"}],"wp:attachment":[{"href":"https:\/\/blogsaverroes.juntadeandalucia.es\/iesgongora\/wp-json\/wp\/v2\/media?parent=5628"}],"curies":[{"name":"wp","href":"https:\/\/api.w.org\/{rel}","templated":true}]}}