{"id":648,"date":"2018-04-10T16:59:16","date_gmt":"2018-04-10T16:59:16","guid":{"rendered":"http:\/\/iesgongora.com\/?page_id=648"},"modified":"2024-08-12T03:17:47","modified_gmt":"2024-08-12T01:17:47","slug":"la-capilla","status":"publish","type":"page","link":"https:\/\/blogsaverroes.juntadeandalucia.es\/iesgongora\/nuestro-centro\/historia\/la-capilla\/","title":{"rendered":"La Capilla de la Asunci\u00f3n"},"content":{"rendered":"\r\n<figure class=\"wp-block-image size-large is-resized\"><img loading=\"lazy\" decoding=\"async\" class=\"wp-image-6387\" src=\"https:\/\/iesgongora.com\/wp-content\/uploads\/Capilla-QR-20-folios-1-1024x1024.png\" alt=\"\" width=\"89\" height=\"89\"><\/figure>\r\n\r\n\r\n\r\n<div class=\"wp-block-algori-pdf-viewer-block-algori-pdf-viewer\"><iframe src=\"https:\/\/iesgongora.com\/wp-content\/plugins\/algori-pdf-viewer\/dist\/web\/viewer.html?file=https%3A%2F%2Fiesgongora.com%2Fwp-content%2Fuploads%2FCAPILLA-ASUNCION-COMPLETO-1.pdf\"><\/iframe><\/div>\r\n\r\n\r\n\r\n<p>&nbsp;<\/p>\r\n\r\n\r\n\r\n<p>&nbsp;<\/p>\r\n\r\n\r\n\r\n<figure class=\"wp-block-image aligncenter size-full\"><img decoding=\"async\" class=\"wp-image-6393\" src=\"https:\/\/iesgongora.com\/wp-content\/uploads\/Portada-libro-CAPILLA-1.png\" alt=\"\">\r\n<figcaption class=\"wp-element-caption\">Portada del libro sobre la capilla de D. Jos\u00e9 Arias Gamarra<\/figcaption>\r\n<\/figure>\r\n\r\n\r\n\r\n<ul>\r\n<li><a title=\"El planisferio celeste\" href=\"https:\/\/blogsaverroes.juntadeandalucia.es\/iesgongora\/nuestro-centro\/historia\/el-planisferio-celeste\/\">El planisferio celeste<\/a><\/li>\r\n<li><a title=\"Proyecto de fachada\" href=\"https:\/\/blogsaverroes.juntadeandalucia.es\/iesgongora\/nuestro-centro\/historia\/proyecto-de-fachada\/\">Proyecto de fachada<\/a><\/li>\r\n<li><a title=\"Fachada a Diego Le\u00f3n\" href=\"https:\/\/blogsaverroes.juntadeandalucia.es\/iesgongora\/nuestro-centro\/historia\/fachada-a-diego-leon\/\">Fachada a Diego Le\u00f3n<\/a><\/li>\r\n<li><a title=\"Posteriores ampliaciones\" href=\"https:\/\/blogsaverroes.juntadeandalucia.es\/iesgongora\/nuestro-centro\/historia\/posteriores-ampliaciones\/\">Posteriores ampliaciones<\/a><\/li>\r\n<li><a title=\"El jard\u00edn bot\u00e1nico\" href=\"https:\/\/blogsaverroes.juntadeandalucia.es\/iesgongora\/nuestro-centro\/historia\/el-jardin-botanico\/\">El jard\u00edn bot\u00e1nico<\/a><\/li>\r\n<\/ul>\r\n","protected":false},"excerpt":{"rendered":"<p>&nbsp; &nbsp; El planisferio celeste Proyecto de fachada Fachada a Diego Le\u00f3n Posteriores ampliaciones El jard\u00edn bot\u00e1nico<\/p>\n","protected":false},"author":19499,"featured_media":0,"parent":352,"menu_order":0,"comment_status":"closed","ping_status":"closed","template":"","meta":{"ngg_post_thumbnail":0,"footnotes":"","_mc_calendar":[]},"aioseo_notices":[],"_links":{"self":[{"href":"https:\/\/blogsaverroes.juntadeandalucia.es\/iesgongora\/wp-json\/wp\/v2\/pages\/648"}],"collection":[{"href":"https:\/\/blogsaverroes.juntadeandalucia.es\/iesgongora\/wp-json\/wp\/v2\/pages"}],"about":[{"href":"https:\/\/blogsaverroes.juntadeandalucia.es\/iesgongora\/wp-json\/wp\/v2\/types\/page"}],"author":[{"embeddable":true,"href":"https:\/\/blogsaverroes.juntadeandalucia.es\/iesgongora\/wp-json\/wp\/v2\/users\/19499"}],"replies":[{"embeddable":true,"href":"https:\/\/blogsaverroes.juntadeandalucia.es\/iesgongora\/wp-json\/wp\/v2\/comments?post=648"}],"version-history":[{"count":2,"href":"https:\/\/blogsaverroes.juntadeandalucia.es\/iesgongora\/wp-json\/wp\/v2\/pages\/648\/revisions"}],"predecessor-version":[{"id":7059,"href":"https:\/\/blogsaverroes.juntadeandalucia.es\/iesgongora\/wp-json\/wp\/v2\/pages\/648\/revisions\/7059"}],"up":[{"embeddable":true,"href":"https:\/\/blogsaverroes.juntadeandalucia.es\/iesgongora\/wp-json\/wp\/v2\/pages\/352"}],"wp:attachment":[{"href":"https:\/\/blogsaverroes.juntadeandalucia.es\/iesgongora\/wp-json\/wp\/v2\/media?parent=648"}],"curies":[{"name":"wp","href":"https:\/\/api.w.org\/{rel}","templated":true}]}}