{"id":1113,"date":"2015-03-12T11:00:55","date_gmt":"2015-03-12T11:00:55","guid":{"rendered":"http:\/\/blogsaverroes.juntadeandalucia.es\/pre\/ceip\/?page_id=2"},"modified":"2015-11-18T18:25:04","modified_gmt":"2015-11-18T18:25:04","slug":"pagina-ejemplo-2","status":"publish","type":"page","link":"https:\/\/blogsaverroes.juntadeandalucia.es\/iesgranpoder\/pagina-ejemplo-2\/","title":{"rendered":"Inicio"},"content":{"rendered":"<!-- This slideshow output is generated with Advanced post slider a multipurpose responsive WordPress slideshow plugin - http:\/\/www.wpcue.com\/wordpress-plugins\/advanced-post-slider\/ -->\r\n<style>\r\n#advps_container1 .bx-wrapper .bx-viewport {\r\n\t\t-moz-box-shadow: 0px 1px 4px #000000;\r\n\t-webkit-box-shadow: 0px 1px 4px #000000;\r\n\tbox-shadow: 0px 1px 4px #000000;\r\n\t\tborder: 1px solid #444444;\r\n\t\tbackground:#FFFFFF;\r\n}\r\n#advps_container1 .bx-wrapper .bx-pager{\r\n\ttext-align: center;\r\n\t;\r\n}\r\n#advps_container1 .bx-wrapper .bx-pager\r\n{\r\n\tbottom:-35px;\r\n\tz-index:999;\r\n}\r\n#advps_container1 .bx-wrapper .bx-controls-auto\r\n{\r\n\tbottom:6px;\r\n}\r\n#advps_container1 .bx-wrapper .bx-controls.bx-has-controls-auto.bx-has-pager .bx-pager {\r\n\ttext-align: center;\r\n}\r\n#advps_container1 .bx-wrapper .bx-controls-auto {\r\n\tz-index:99999;\r\n\ttext-align:center;width:100%;}\r\n\r\n#advps_container1 .bx-wrapper .bx-pager.bx-default-pager a {\r\n\tbackground: #666;\r\n\ttext-indent: -9999px;\r\n\tdisplay: block;\r\n\twidth: 10px;\r\n\theight: 10px;\r\n\tmargin: 0 5px;\r\n\toutline: 0;\r\n\t-moz-border-radius: 5px;\r\n\t-webkit-border-radius: 5px;\r\n\tborder-radius: 5px;\r\n\ttext-align:left;\r\n}\r\n#advps_container1 .bx-wrapper .bx-pager.bx-default-pager a:hover,\r\n#advps_container1 .bx-wrapper .bx-pager.bx-default-pager a.active {\r\n\tbackground: #000;\r\n}\r\n\r\n\/* thumbnail pager*\/\r\n#advps_container1 #bx-pager\r\n{\r\n\twidth:100%;\r\n\tposition:absolute;\r\n\tbottom:-35px;\r\n    text-align: center;\r\n\tz-index: 9999;\r\n}\r\n#advps_container1 #bx-pager a img\r\n{\r\n\tborder: 1px solid #CCCCCC;\r\n    padding: 3px;\r\n}\r\n#advps_container1 #bx-pager a:hover img, #advps_container1 #bx-pager a.active img\r\n{\r\n\tborder: 1px solid #666666;\r\n}\r\n\/* medai queries *\/\r\n#advps_container1 .advs-title,#advps_container1 .advs-title a\r\n{\r\n\tfont-size:20px;\r\n\tline-height:20px;\r\n}\r\n#advps_container1 .advps-slide p\r\n{\r\n\tfont-size:14px;\r\n\tline-height:14px;\r\n}\r\n@media screen and (max-width: 1024px){\r\n\t#advps_container1 .advs-title,#advps_container1 .advs-title a\r\n\t{\r\n\t\tfont-size:18px;\r\n\t\tline-height:18px;\r\n\t}\r\n\t#advps_container1 .advps-slide p\r\n\t{\r\n\t\tfont-size:12px;\r\n\t\tline-height:12px;\r\n\t}\r\n}\r\n@media screen and (max-width: 768px){\r\n\t#advps_container1 h2.advs-title, #advps_container1 h2.advs-title a\r\n\t{\r\n\t\tfont-size:16px;\r\n\t\tline-height:16px;\r\n\t}\r\n\t#advps_container1 .advps-slide p\r\n\t{\r\n\t\tfont-size:12px;\r\n\t\tline-height:12px;\r\n\t}\r\n}\r\n@media screen and (max-width: 650px){\r\n\t#advps_container1 h2.advs-title, #advps_container1 h2.advs-title a\r\n\t{\r\n\t\tfont-size:15px;\r\n\t\tline-height:15px;\r\n\t}\r\n\t#advps_container1 .advps-slide p\r\n\t{\r\n\t\tfont-size:12px;\r\n\t\tline-height:12px;\r\n\t}\r\n}\r\n@media screen and (max-width: 480px){\r\n\t#advps_container1 h2.advs-title, #advps_container1 h2.advs-title a\r\n\t{\r\n\t\tfont-size:15px;\r\n\t\tline-height:15px;\r\n\t}\r\n\t#advps_container1 .advps-slide p\r\n\t{\r\n\t\tfont-size:12px;\r\n\t\tline-height:12px;\r\n\t}\r\n}\r\n@media screen and (max-width: 320px){\r\n\t#advps_container1 h2.advs-title, #advps_container1 h2.advs-title a\r\n\t{\r\n\t\tfont-size:15px;\r\n\t\tline-height:15px;\r\n\t}\r\n\t#advps_container1 .advps-slide p\r\n\t{\r\n\t\tfont-size:12px;\r\n\t\tline-height:12px;\r\n\t}\r\n}\r\n<\/style>\r\n<script type=\"text\/javascript\">\r\n\t\tjQuery(document).ready(function($){\r\n\t\t\t$('#advpsslideshow_1').bxSlider({\r\n\t\t\t\tuseCSS:1,\r\n\t\t\t\tslideMargin: 0,\r\n\t\t\t\tspeed: 5000,\t\t\t\t\r\n\t\t\t\t\t\t\t\tmode: 'fade',\r\n\t\t\t\t\t\t\t\t\t\t\t\tauto: 1,\r\n\t\t\t\tautoHover: 1,\r\n\t\t\t\tpause: 3000,\r\n\t\t\t\teasing: 'linear',\r\n\t\t\t\tcontrols: 1,\r\n\t\t\t\tpager: 1,\r\n  \t\t\t\tautoControls: 0\t\t\t\t\t\t\t});\r\n\t\t\t\t\t\t\t$(\"#advpsslideshow_1 .advs-title a\").hover(function(){\r\n\t\t\t\t\t$(this).css('color','#c9c9c9');\r\n\t\t\t\t},function(){\r\n\t\t\t\t\t$(this).css('color','#FFFFFF');\r\n\t\t\t\t});\r\n\t\t\t\t\t\t$(\"#advpsslideshow_1 .advps-slide\").hover(function(){\r\n\t\t\t\t  \t\t\t},function(){\r\n\t\t\t\t\t\t\t});\r\n\t\t});\r\n\t<\/script>\r\n<div id=\"advps_container1\" class=\"advps-slide-container\" style=\"overflow:hidden;max-width:1024px;margin:auto;\">\r\n \r\n  <div id=\"advpsslideshow_1\">\r\n        <div class=\"advps-slide\">\r\n\t<a target=\"_self\" href=\"https:\/\/blogsaverroes.juntadeandalucia.es\/iesgranpoder\/2020\/05\/22\/cambio-de-clave-icat\/\" >      <img loading=\"lazy\" decoding=\"async\" width=\"263\" height=\"192\" src=\"https:\/\/blogsaverroes.juntadeandalucia.es\/iesgranpoder\/files\/2020\/05\/descarga.png\" class=\"attachment-full size-full wp-post-image\" alt=\"\" srcset=\"https:\/\/blogsaverroes.juntadeandalucia.es\/iesgranpoder\/files\/2020\/05\/descarga.png 263w, https:\/\/blogsaverroes.juntadeandalucia.es\/iesgranpoder\/files\/2020\/05\/descarga-24x18.png 24w, https:\/\/blogsaverroes.juntadeandalucia.es\/iesgranpoder\/files\/2020\/05\/descarga-36x26.png 36w, https:\/\/blogsaverroes.juntadeandalucia.es\/iesgranpoder\/files\/2020\/05\/descarga-48x35.png 48w\" sizes=\"(max-width: 263px) 100vw, 263px\" \/>      <\/a>       \r\n      <div class=\"advps-excerpt-one\" style=\"width:30%;height:100%;top:0; right:0;\">\r\n      \t<div class=\"advps-overlay-one\" style=\"background-color:#000000; -moz-opacity:0.6;filter:alpha(opacity=60);opacity:0.6;\"><\/div>\r\n        <div class=\"advps-excerpt-block-one\" style=\"text-align:left;color:#FFFFFF;-moz-opacity:1;filter:alpha(opacity=100);opacity:1;\">        \r\n        <h2 class=\"advs-title\" style=\"margin:5px 0px 10px 0px;color:#FFFFFF\"><a target=\"_self\" href=\"https:\/\/blogsaverroes.juntadeandalucia.es\/iesgranpoder\/2020\/05\/22\/cambio-de-clave-icat\/\" style=\"margin:5px 0px 10px 0px;color:#FFFFFF\" >CAMBIO DE CLAVE ICAT<\/a><\/h2>\r\n          \r\n            <p>21\/05\/2020 Identificador Andaluz Educativo (iANDE) Se pone en conocimiento de los equipos directivos que para facilitar telem\u00e1ticamente los procedimientos relacionados con el centro (admisi\u00f3n, matriculaci\u00f3n y otros tr\u00e1mites) y as\u00ed&#46;&#46;&#46;<\/p>\n        <\/div>\r\n      <\/div>\r\n    <\/div>\r\n        <div class=\"advps-slide\">\r\n\t<a target=\"_self\" href=\"https:\/\/blogsaverroes.juntadeandalucia.es\/iesgranpoder\/2017\/01\/12\/enlace-a-la-pagina-de-frances\/\" >      <img loading=\"lazy\" decoding=\"async\" width=\"300\" height=\"300\" src=\"https:\/\/blogsaverroes.juntadeandalucia.es\/iesgranpoder\/files\/2015\/03\/aprender-frances-300x300.jpg\" class=\"attachment-full size-full wp-post-image\" alt=\"\" srcset=\"https:\/\/blogsaverroes.juntadeandalucia.es\/iesgranpoder\/files\/2015\/03\/aprender-frances-300x300.jpg 300w, https:\/\/blogsaverroes.juntadeandalucia.es\/iesgranpoder\/files\/2015\/03\/aprender-frances-300x300-150x150.jpg 150w, https:\/\/blogsaverroes.juntadeandalucia.es\/iesgranpoder\/files\/2015\/03\/aprender-frances-300x300-100x100.jpg 100w, https:\/\/blogsaverroes.juntadeandalucia.es\/iesgranpoder\/files\/2015\/03\/aprender-frances-300x300-160x160.jpg 160w, https:\/\/blogsaverroes.juntadeandalucia.es\/iesgranpoder\/files\/2015\/03\/aprender-frances-300x300-24x24.jpg 24w, https:\/\/blogsaverroes.juntadeandalucia.es\/iesgranpoder\/files\/2015\/03\/aprender-frances-300x300-36x36.jpg 36w, https:\/\/blogsaverroes.juntadeandalucia.es\/iesgranpoder\/files\/2015\/03\/aprender-frances-300x300-48x48.jpg 48w\" sizes=\"(max-width: 300px) 100vw, 300px\" \/>      <\/a>       \r\n      <div class=\"advps-excerpt-one\" style=\"width:30%;height:100%;top:0; right:0;\">\r\n      \t<div class=\"advps-overlay-one\" style=\"background-color:#000000; -moz-opacity:0.6;filter:alpha(opacity=60);opacity:0.6;\"><\/div>\r\n        <div class=\"advps-excerpt-block-one\" style=\"text-align:left;color:#FFFFFF;-moz-opacity:1;filter:alpha(opacity=100);opacity:1;\">        \r\n        <h2 class=\"advs-title\" style=\"margin:5px 0px 10px 0px;color:#FFFFFF\"><a target=\"_self\" href=\"https:\/\/blogsaverroes.juntadeandalucia.es\/iesgranpoder\/2017\/01\/12\/enlace-a-la-pagina-de-frances\/\" style=\"margin:5px 0px 10px 0px;color:#FFFFFF\" >Enlace a la p\u00e1gina de Franc\u00e9s<\/a><\/h2>\r\n          \r\n            <p>Se ha enlazado la p\u00e1gina web de la profesora de Franc\u00e9s 2\u00aa Lengua Extranjera , D\u00aa M\u00aa \u00c1ngeles Perea al men\u00fa del Departamento de Lenguas Extranjeras.<\/p>\n        <\/div>\r\n      <\/div>\r\n    <\/div>\r\n        <div class=\"advps-slide\">\r\n\t<a target=\"_self\" href=\"https:\/\/blogsaverroes.juntadeandalucia.es\/iesgranpoder\/2017\/04\/28\/hora-de-cierre-del-acceso-al-centro\/\" >            <\/a>       \r\n      <div class=\"advps-excerpt-one\" style=\"width:30%;height:100%;top:0; right:0;\">\r\n      \t<div class=\"advps-overlay-one\" style=\"background-color:#000000; -moz-opacity:0.6;filter:alpha(opacity=60);opacity:0.6;\"><\/div>\r\n        <div class=\"advps-excerpt-block-one\" style=\"text-align:left;color:#FFFFFF;-moz-opacity:1;filter:alpha(opacity=100);opacity:1;\">        \r\n        <h2 class=\"advs-title\" style=\"margin:5px 0px 10px 0px;color:#FFFFFF\"><a target=\"_self\" href=\"https:\/\/blogsaverroes.juntadeandalucia.es\/iesgranpoder\/2017\/04\/28\/hora-de-cierre-del-acceso-al-centro\/\" style=\"margin:5px 0px 10px 0px;color:#FFFFFF\" >Hora de cierre del acceso al centro<\/a><\/h2>\r\n          \r\n            <p>Habi\u00e9ndose observado relajo por una parte del alumnado en la llegada al Centro a primera hora y con el fin de racionalizar la entrada del mismo, se informa que a&#46;&#46;&#46;<\/p>\n        <\/div>\r\n      <\/div>\r\n    <\/div>\r\n        <div class=\"advps-slide\">\r\n\t<a target=\"_self\" href=\"https:\/\/blogsaverroes.juntadeandalucia.es\/iesgranpoder\/2017\/06\/19\/organizacion-del-final-del-curso\/\" >            <\/a>       \r\n      <div class=\"advps-excerpt-one\" style=\"width:30%;height:100%;top:0; right:0;\">\r\n      \t<div class=\"advps-overlay-one\" style=\"background-color:#000000; -moz-opacity:0.6;filter:alpha(opacity=60);opacity:0.6;\"><\/div>\r\n        <div class=\"advps-excerpt-block-one\" style=\"text-align:left;color:#FFFFFF;-moz-opacity:1;filter:alpha(opacity=100);opacity:1;\">        \r\n        <h2 class=\"advs-title\" style=\"margin:5px 0px 10px 0px;color:#FFFFFF\"><a target=\"_self\" href=\"https:\/\/blogsaverroes.juntadeandalucia.es\/iesgranpoder\/2017\/06\/19\/organizacion-del-final-del-curso\/\" style=\"margin:5px 0px 10px 0px;color:#FFFFFF\" >Organizaci\u00f3n del Final del Curso<\/a><\/h2>\r\n          \r\n            <p>ORGANIZACI\u00d3N DEL FINAL DEL CURSO 2016\/2017 Fin del per\u00edodo lectivo. El r\u00e9gimen ordinario y obligatorio de clases finalizar\u00e1 inexcusablemente el VIERNES 23 de junio, a las 14\u201930 horas. Recogida de&#46;&#46;&#46;<\/p>\n        <\/div>\r\n      <\/div>\r\n    <\/div>\r\n        <div class=\"advps-slide\">\r\n\t<a target=\"_self\" href=\"https:\/\/blogsaverroes.juntadeandalucia.es\/iesgranpoder\/2017\/01\/30\/dia-escolar-de-la-no-violencia-y-la-paz\/\" >      <img loading=\"lazy\" decoding=\"async\" width=\"638\" height=\"502\" src=\"https:\/\/blogsaverroes.juntadeandalucia.es\/iesgranpoder\/files\/2017\/01\/paz.jpeg\" class=\"attachment-full size-full wp-post-image\" alt=\"\" srcset=\"https:\/\/blogsaverroes.juntadeandalucia.es\/iesgranpoder\/files\/2017\/01\/paz.jpeg 638w, https:\/\/blogsaverroes.juntadeandalucia.es\/iesgranpoder\/files\/2017\/01\/paz-300x236.jpeg 300w, https:\/\/blogsaverroes.juntadeandalucia.es\/iesgranpoder\/files\/2017\/01\/paz-24x19.jpeg 24w, https:\/\/blogsaverroes.juntadeandalucia.es\/iesgranpoder\/files\/2017\/01\/paz-36x28.jpeg 36w, https:\/\/blogsaverroes.juntadeandalucia.es\/iesgranpoder\/files\/2017\/01\/paz-48x38.jpeg 48w\" sizes=\"(max-width: 638px) 100vw, 638px\" \/>      <\/a>       \r\n      <div class=\"advps-excerpt-one\" style=\"width:30%;height:100%;top:0; right:0;\">\r\n      \t<div class=\"advps-overlay-one\" style=\"background-color:#000000; -moz-opacity:0.6;filter:alpha(opacity=60);opacity:0.6;\"><\/div>\r\n        <div class=\"advps-excerpt-block-one\" style=\"text-align:left;color:#FFFFFF;-moz-opacity:1;filter:alpha(opacity=100);opacity:1;\">        \r\n        <h2 class=\"advs-title\" style=\"margin:5px 0px 10px 0px;color:#FFFFFF\"><a target=\"_self\" href=\"https:\/\/blogsaverroes.juntadeandalucia.es\/iesgranpoder\/2017\/01\/30\/dia-escolar-de-la-no-violencia-y-la-paz\/\" style=\"margin:5px 0px 10px 0px;color:#FFFFFF\" >D\u00cdA ESCOLAR DE LA NO VIOLENCIA Y LA PAZ<\/a><\/h2>\r\n          \r\n            <p>Hoy d\u00eda 30 de enero se celebra el D\u00eda Escolar de la No Violencia y la Paz, instaurado en Espa\u00f1a en 1964 y que se hace coincidir con el aniversario&#46;&#46;&#46;<\/p>\n        <\/div>\r\n      <\/div>\r\n    <\/div>\r\n        <div class=\"advps-slide\">\r\n\t<a target=\"_self\" href=\"https:\/\/blogsaverroes.juntadeandalucia.es\/iesgranpoder\/2021\/10\/20\/becas-amancio-ortega\/\" >      <img loading=\"lazy\" decoding=\"async\" width=\"1366\" height=\"768\" src=\"https:\/\/blogsaverroes.juntadeandalucia.es\/iesgranpoder\/files\/2021\/10\/Sin-t\u00edtulo.jpg\" class=\"attachment-full size-full wp-post-image\" alt=\"\" srcset=\"https:\/\/blogsaverroes.juntadeandalucia.es\/iesgranpoder\/files\/2021\/10\/Sin-t\u00edtulo.jpg 1366w, https:\/\/blogsaverroes.juntadeandalucia.es\/iesgranpoder\/files\/2021\/10\/Sin-t\u00edtulo-300x169.jpg 300w, https:\/\/blogsaverroes.juntadeandalucia.es\/iesgranpoder\/files\/2021\/10\/Sin-t\u00edtulo-1024x576.jpg 1024w, https:\/\/blogsaverroes.juntadeandalucia.es\/iesgranpoder\/files\/2021\/10\/Sin-t\u00edtulo-768x432.jpg 768w\" sizes=\"(max-width: 1366px) 100vw, 1366px\" \/>      <\/a>       \r\n      <div class=\"advps-excerpt-one\" style=\"width:30%;height:100%;top:0; right:0;\">\r\n      \t<div class=\"advps-overlay-one\" style=\"background-color:#000000; -moz-opacity:0.6;filter:alpha(opacity=60);opacity:0.6;\"><\/div>\r\n        <div class=\"advps-excerpt-block-one\" style=\"text-align:left;color:#FFFFFF;-moz-opacity:1;filter:alpha(opacity=100);opacity:1;\">        \r\n        <h2 class=\"advs-title\" style=\"margin:5px 0px 10px 0px;color:#FFFFFF\"><a target=\"_self\" href=\"https:\/\/blogsaverroes.juntadeandalucia.es\/iesgranpoder\/2021\/10\/20\/becas-amancio-ortega\/\" style=\"margin:5px 0px 10px 0px;color:#FFFFFF\" >BECAS AMANCIO ORTEGA<\/a><\/h2>\r\n          \r\n            <p>Estimadas familias y alumnos\/as: Les informamos que actualmente est\u00e1 abierto el plazo para solicitar una beca para estudiar 1\u00ba BACHILLERATO en un centro de los Estados Unidos o Canad\u00e1. Esta&#46;&#46;&#46;<\/p>\n        <\/div>\r\n      <\/div>\r\n    <\/div>\r\n        <div class=\"advps-slide\">\r\n\t<a target=\"_self\" href=\"https:\/\/blogsaverroes.juntadeandalucia.es\/iesgranpoder\/2019\/05\/20\/presentacion-de-la-charla-de-acceso-a-ciclos-formativos-de-grado-medio\/\" >      <img loading=\"lazy\" decoding=\"async\" width=\"918\" height=\"656\" src=\"https:\/\/blogsaverroes.juntadeandalucia.es\/iesgranpoder\/files\/2019\/05\/Proyecto-ERGOS.jpg\" class=\"attachment-full size-full wp-post-image\" alt=\"\" srcset=\"https:\/\/blogsaverroes.juntadeandalucia.es\/iesgranpoder\/files\/2019\/05\/Proyecto-ERGOS.jpg 918w, https:\/\/blogsaverroes.juntadeandalucia.es\/iesgranpoder\/files\/2019\/05\/Proyecto-ERGOS-300x214.jpg 300w, https:\/\/blogsaverroes.juntadeandalucia.es\/iesgranpoder\/files\/2019\/05\/Proyecto-ERGOS-768x549.jpg 768w, https:\/\/blogsaverroes.juntadeandalucia.es\/iesgranpoder\/files\/2019\/05\/Proyecto-ERGOS-24x17.jpg 24w, https:\/\/blogsaverroes.juntadeandalucia.es\/iesgranpoder\/files\/2019\/05\/Proyecto-ERGOS-36x26.jpg 36w, https:\/\/blogsaverroes.juntadeandalucia.es\/iesgranpoder\/files\/2019\/05\/Proyecto-ERGOS-48x34.jpg 48w\" sizes=\"(max-width: 918px) 100vw, 918px\" \/>      <\/a>       \r\n      <div class=\"advps-excerpt-one\" style=\"width:30%;height:100%;top:0; right:0;\">\r\n      \t<div class=\"advps-overlay-one\" style=\"background-color:#000000; -moz-opacity:0.6;filter:alpha(opacity=60);opacity:0.6;\"><\/div>\r\n        <div class=\"advps-excerpt-block-one\" style=\"text-align:left;color:#FFFFFF;-moz-opacity:1;filter:alpha(opacity=100);opacity:1;\">        \r\n        <h2 class=\"advs-title\" style=\"margin:5px 0px 10px 0px;color:#FFFFFF\"><a target=\"_self\" href=\"https:\/\/blogsaverroes.juntadeandalucia.es\/iesgranpoder\/2019\/05\/20\/presentacion-de-la-charla-de-acceso-a-ciclos-formativos-de-grado-medio\/\" style=\"margin:5px 0px 10px 0px;color:#FFFFFF\" >PRESENTACI\u00d3N DE LA CHARLA DE ACCESO A CICLOS FORMATIVOS DE GRADO MEDIO<\/a><\/h2>\r\n          \r\n            <p>Presentaci\u00f3n Ciclos Formativos 4\u00baESO 18-19<\/p>\n        <\/div>\r\n      <\/div>\r\n    <\/div>\r\n        <div class=\"advps-slide\">\r\n\t<a target=\"_self\" href=\"https:\/\/blogsaverroes.juntadeandalucia.es\/iesgranpoder\/2020\/08\/26\/protocolo-covid-para-los-examenes-de-septiembre\/\" >            <\/a>       \r\n      <div class=\"advps-excerpt-one\" style=\"width:30%;height:100%;top:0; right:0;\">\r\n      \t<div class=\"advps-overlay-one\" style=\"background-color:#000000; -moz-opacity:0.6;filter:alpha(opacity=60);opacity:0.6;\"><\/div>\r\n        <div class=\"advps-excerpt-block-one\" style=\"text-align:left;color:#FFFFFF;-moz-opacity:1;filter:alpha(opacity=100);opacity:1;\">        \r\n        <h2 class=\"advs-title\" style=\"margin:5px 0px 10px 0px;color:#FFFFFF\"><a target=\"_self\" href=\"https:\/\/blogsaverroes.juntadeandalucia.es\/iesgranpoder\/2020\/08\/26\/protocolo-covid-para-los-examenes-de-septiembre\/\" style=\"margin:5px 0px 10px 0px;color:#FFFFFF\" >PROTOCOLO COVID PARA LOS EX\u00c1MENES DE SEPTIEMBRE<\/a><\/h2>\r\n          \r\n            <p>Hemos preparado algunas sencillas normas de cara a la seguridad en el desarrollo de los ex\u00e1menes de septiembre. Ma\u00f1ana publicaremos una tabla con los horarios de los ex\u00e1menes.&nbsp; Un abrazo&#46;&#46;&#46;<\/p>\n        <\/div>\r\n      <\/div>\r\n    <\/div>\r\n        <div class=\"advps-slide\">\r\n\t<a target=\"_self\" href=\"https:\/\/blogsaverroes.juntadeandalucia.es\/iesgranpoder\/2016\/07\/15\/calendario-de-examenes-de-septiembre\/\" >            <\/a>       \r\n      <div class=\"advps-excerpt-one\" style=\"width:30%;height:100%;top:0; right:0;\">\r\n      \t<div class=\"advps-overlay-one\" style=\"background-color:#000000; -moz-opacity:0.6;filter:alpha(opacity=60);opacity:0.6;\"><\/div>\r\n        <div class=\"advps-excerpt-block-one\" style=\"text-align:left;color:#FFFFFF;-moz-opacity:1;filter:alpha(opacity=100);opacity:1;\">        \r\n        <h2 class=\"advs-title\" style=\"margin:5px 0px 10px 0px;color:#FFFFFF\"><a target=\"_self\" href=\"https:\/\/blogsaverroes.juntadeandalucia.es\/iesgranpoder\/2016\/07\/15\/calendario-de-examenes-de-septiembre\/\" style=\"margin:5px 0px 10px 0px;color:#FFFFFF\" >CALENDARIO DE EX\u00c1MENES DE SEPTIEMBRE<\/a><\/h2>\r\n          \r\n            <p>ex\u00e1menes septiembre 2016<\/p>\n        <\/div>\r\n      <\/div>\r\n    <\/div>\r\n        <div class=\"advps-slide\">\r\n\t<a target=\"_self\" href=\"https:\/\/blogsaverroes.juntadeandalucia.es\/iesgranpoder\/2018\/02\/05\/entrega-de-premios-ii-olimpiada-matematica-de-otono\/\" >      <img loading=\"lazy\" decoding=\"async\" width=\"1600\" height=\"1200\" src=\"https:\/\/blogsaverroes.juntadeandalucia.es\/iesgranpoder\/files\/2018\/02\/IMG-20180110-WA0026.jpg\" class=\"attachment-full size-full wp-post-image\" alt=\"\" srcset=\"https:\/\/blogsaverroes.juntadeandalucia.es\/iesgranpoder\/files\/2018\/02\/IMG-20180110-WA0026.jpg 1600w, https:\/\/blogsaverroes.juntadeandalucia.es\/iesgranpoder\/files\/2018\/02\/IMG-20180110-WA0026-300x225.jpg 300w, https:\/\/blogsaverroes.juntadeandalucia.es\/iesgranpoder\/files\/2018\/02\/IMG-20180110-WA0026-768x576.jpg 768w, https:\/\/blogsaverroes.juntadeandalucia.es\/iesgranpoder\/files\/2018\/02\/IMG-20180110-WA0026-1024x768.jpg 1024w, https:\/\/blogsaverroes.juntadeandalucia.es\/iesgranpoder\/files\/2018\/02\/IMG-20180110-WA0026-24x18.jpg 24w, https:\/\/blogsaverroes.juntadeandalucia.es\/iesgranpoder\/files\/2018\/02\/IMG-20180110-WA0026-36x27.jpg 36w, https:\/\/blogsaverroes.juntadeandalucia.es\/iesgranpoder\/files\/2018\/02\/IMG-20180110-WA0026-48x36.jpg 48w\" sizes=\"(max-width: 1600px) 100vw, 1600px\" \/>      <\/a>       \r\n      <div class=\"advps-excerpt-one\" style=\"width:30%;height:100%;top:0; right:0;\">\r\n      \t<div class=\"advps-overlay-one\" style=\"background-color:#000000; -moz-opacity:0.6;filter:alpha(opacity=60);opacity:0.6;\"><\/div>\r\n        <div class=\"advps-excerpt-block-one\" style=\"text-align:left;color:#FFFFFF;-moz-opacity:1;filter:alpha(opacity=100);opacity:1;\">        \r\n        <h2 class=\"advs-title\" style=\"margin:5px 0px 10px 0px;color:#FFFFFF\"><a target=\"_self\" href=\"https:\/\/blogsaverroes.juntadeandalucia.es\/iesgranpoder\/2018\/02\/05\/entrega-de-premios-ii-olimpiada-matematica-de-otono\/\" style=\"margin:5px 0px 10px 0px;color:#FFFFFF\" >Entrega de premios II Olimpiada Matem\u00e1tica de Oto\u00f1o<\/a><\/h2>\r\n          \r\n            <p>El pasado 10 de enero se entregaron los premios de la II Olimpiada Matem\u00e1tica de Oto\u00f1o que una vez m\u00e1s ha tenido una gran participaci\u00f3n del alumnado del centro. El&#46;&#46;&#46;<\/p>\n        <\/div>\r\n      <\/div>\r\n    <\/div>\r\n        <div class=\"advps-slide\">\r\n\t<a target=\"_self\" href=\"https:\/\/blogsaverroes.juntadeandalucia.es\/iesgranpoder\/2017\/02\/24\/escolarizacion-20172018\/\" >      <img loading=\"lazy\" decoding=\"async\" width=\"960\" height=\"720\" src=\"https:\/\/blogsaverroes.juntadeandalucia.es\/iesgranpoder\/files\/2017\/02\/escolarizaci\u00f3n-2017-e1487927533624.jpg\" class=\"attachment-full size-full wp-post-image\" alt=\"\" srcset=\"https:\/\/blogsaverroes.juntadeandalucia.es\/iesgranpoder\/files\/2017\/02\/escolarizaci\u00f3n-2017-e1487927533624.jpg 960w, https:\/\/blogsaverroes.juntadeandalucia.es\/iesgranpoder\/files\/2017\/02\/escolarizaci\u00f3n-2017-e1487927533624-300x225.jpg 300w, https:\/\/blogsaverroes.juntadeandalucia.es\/iesgranpoder\/files\/2017\/02\/escolarizaci\u00f3n-2017-e1487927533624-24x18.jpg 24w, https:\/\/blogsaverroes.juntadeandalucia.es\/iesgranpoder\/files\/2017\/02\/escolarizaci\u00f3n-2017-e1487927533624-36x27.jpg 36w, https:\/\/blogsaverroes.juntadeandalucia.es\/iesgranpoder\/files\/2017\/02\/escolarizaci\u00f3n-2017-e1487927533624-48x36.jpg 48w\" sizes=\"(max-width: 960px) 100vw, 960px\" \/>      <\/a>       \r\n      <div class=\"advps-excerpt-one\" style=\"width:30%;height:100%;top:0; right:0;\">\r\n      \t<div class=\"advps-overlay-one\" style=\"background-color:#000000; -moz-opacity:0.6;filter:alpha(opacity=60);opacity:0.6;\"><\/div>\r\n        <div class=\"advps-excerpt-block-one\" style=\"text-align:left;color:#FFFFFF;-moz-opacity:1;filter:alpha(opacity=100);opacity:1;\">        \r\n        <h2 class=\"advs-title\" style=\"margin:5px 0px 10px 0px;color:#FFFFFF\"><a target=\"_self\" href=\"https:\/\/blogsaverroes.juntadeandalucia.es\/iesgranpoder\/2017\/02\/24\/escolarizacion-20172018\/\" style=\"margin:5px 0px 10px 0px;color:#FFFFFF\" >Escolarizaci\u00f3n 2017\/2018<\/a><\/h2>\r\n          \r\n            <p>El pr\u00f3ximo d\u00eda 1 de marzo comienza el per\u00edodo de escolarizaci\u00f3n para el curso pr\u00f3ximo, que este a\u00f1o en nuestro centro presenta las siguientes novedades: La adscripci\u00f3n del alumnado de&#46;&#46;&#46;<\/p>\n        <\/div>\r\n      <\/div>\r\n    <\/div>\r\n        <div class=\"advps-slide\">\r\n\t<a target=\"_self\" href=\"https:\/\/blogsaverroes.juntadeandalucia.es\/iesgranpoder\/2020\/09\/14\/presentaciones\/\" >      <img loading=\"lazy\" decoding=\"async\" width=\"800\" height=\"512\" src=\"https:\/\/blogsaverroes.juntadeandalucia.es\/iesgranpoder\/files\/2020\/09\/crear-presentaciones-impactantes-la-crisalida-purpura.jpg\" class=\"attachment-full size-full wp-post-image\" alt=\"\" srcset=\"https:\/\/blogsaverroes.juntadeandalucia.es\/iesgranpoder\/files\/2020\/09\/crear-presentaciones-impactantes-la-crisalida-purpura.jpg 800w, https:\/\/blogsaverroes.juntadeandalucia.es\/iesgranpoder\/files\/2020\/09\/crear-presentaciones-impactantes-la-crisalida-purpura-300x192.jpg 300w, https:\/\/blogsaverroes.juntadeandalucia.es\/iesgranpoder\/files\/2020\/09\/crear-presentaciones-impactantes-la-crisalida-purpura-768x492.jpg 768w, https:\/\/blogsaverroes.juntadeandalucia.es\/iesgranpoder\/files\/2020\/09\/crear-presentaciones-impactantes-la-crisalida-purpura-24x15.jpg 24w, https:\/\/blogsaverroes.juntadeandalucia.es\/iesgranpoder\/files\/2020\/09\/crear-presentaciones-impactantes-la-crisalida-purpura-36x23.jpg 36w, https:\/\/blogsaverroes.juntadeandalucia.es\/iesgranpoder\/files\/2020\/09\/crear-presentaciones-impactantes-la-crisalida-purpura-48x31.jpg 48w\" sizes=\"(max-width: 800px) 100vw, 800px\" \/>      <\/a>       \r\n      <div class=\"advps-excerpt-one\" style=\"width:30%;height:100%;top:0; right:0;\">\r\n      \t<div class=\"advps-overlay-one\" style=\"background-color:#000000; -moz-opacity:0.6;filter:alpha(opacity=60);opacity:0.6;\"><\/div>\r\n        <div class=\"advps-excerpt-block-one\" style=\"text-align:left;color:#FFFFFF;-moz-opacity:1;filter:alpha(opacity=100);opacity:1;\">        \r\n        <h2 class=\"advs-title\" style=\"margin:5px 0px 10px 0px;color:#FFFFFF\"><a target=\"_self\" href=\"https:\/\/blogsaverroes.juntadeandalucia.es\/iesgranpoder\/2020\/09\/14\/presentaciones\/\" style=\"margin:5px 0px 10px 0px;color:#FFFFFF\" >PRESENTACIONES<\/a><\/h2>\r\n          \r\n            <p>Estimadas familias les comunicamos c\u00f3mo los d\u00edas para las presentaciones. El alumno\/a debe acudir con puntualidad. Traer\u00e1 su propia mascarilla, l\u00e1piz o bol\u00edgrafo, cuaderno y una botella de agua. Todo&#46;&#46;&#46;<\/p>\n        <\/div>\r\n      <\/div>\r\n    <\/div>\r\n        <div class=\"advps-slide\">\r\n\t<a target=\"_self\" href=\"https:\/\/blogsaverroes.juntadeandalucia.es\/iesgranpoder\/2021\/06\/08\/actualizacion-de-ipasen\/\" >      <img loading=\"lazy\" decoding=\"async\" width=\"200\" height=\"200\" src=\"https:\/\/blogsaverroes.juntadeandalucia.es\/iesgranpoder\/files\/2021\/06\/descarga.jpg\" class=\"attachment-full size-full wp-post-image\" alt=\"\" srcset=\"https:\/\/blogsaverroes.juntadeandalucia.es\/iesgranpoder\/files\/2021\/06\/descarga.jpg 200w, https:\/\/blogsaverroes.juntadeandalucia.es\/iesgranpoder\/files\/2021\/06\/descarga-150x150.jpg 150w, https:\/\/blogsaverroes.juntadeandalucia.es\/iesgranpoder\/files\/2021\/06\/descarga-80x80.jpg 80w\" sizes=\"(max-width: 200px) 100vw, 200px\" \/>      <\/a>       \r\n      <div class=\"advps-excerpt-one\" style=\"width:30%;height:100%;top:0; right:0;\">\r\n      \t<div class=\"advps-overlay-one\" style=\"background-color:#000000; -moz-opacity:0.6;filter:alpha(opacity=60);opacity:0.6;\"><\/div>\r\n        <div class=\"advps-excerpt-block-one\" style=\"text-align:left;color:#FFFFFF;-moz-opacity:1;filter:alpha(opacity=100);opacity:1;\">        \r\n        <h2 class=\"advs-title\" style=\"margin:5px 0px 10px 0px;color:#FFFFFF\"><a target=\"_self\" href=\"https:\/\/blogsaverroes.juntadeandalucia.es\/iesgranpoder\/2021\/06\/08\/actualizacion-de-ipasen\/\" style=\"margin:5px 0px 10px 0px;color:#FFFFFF\" >ACTUALIZACI\u00d3N DE iPASEN<\/a><\/h2>\r\n          \r\n            <p>La Consejer\u00eda de Educaci\u00f3n y Deporte moderniza la aplicaci\u00f3n iPASEN para mejorar la comunicaci\u00f3n entre las familias y los centros educativos La Consejer\u00eda de Educaci\u00f3n y Deporte ha actualizado la&#46;&#46;&#46;<\/p>\n        <\/div>\r\n      <\/div>\r\n    <\/div>\r\n        <div class=\"advps-slide\">\r\n\t<a target=\"_self\" href=\"https:\/\/blogsaverroes.juntadeandalucia.es\/iesgranpoder\/2021\/04\/13\/publicacion-baremo-en-el-proceso-de-escolarizacion\/\" >      <img loading=\"lazy\" decoding=\"async\" width=\"300\" height=\"168\" src=\"https:\/\/blogsaverroes.juntadeandalucia.es\/iesgranpoder\/files\/2021\/03\/IMAGEN-ESCOLARIZACI\u00d3N.jpg\" class=\"attachment-full size-full wp-post-image\" alt=\"\" \/>      <\/a>       \r\n      <div class=\"advps-excerpt-one\" style=\"width:30%;height:100%;top:0; right:0;\">\r\n      \t<div class=\"advps-overlay-one\" style=\"background-color:#000000; -moz-opacity:0.6;filter:alpha(opacity=60);opacity:0.6;\"><\/div>\r\n        <div class=\"advps-excerpt-block-one\" style=\"text-align:left;color:#FFFFFF;-moz-opacity:1;filter:alpha(opacity=100);opacity:1;\">        \r\n        <h2 class=\"advs-title\" style=\"margin:5px 0px 10px 0px;color:#FFFFFF\"><a target=\"_self\" href=\"https:\/\/blogsaverroes.juntadeandalucia.es\/iesgranpoder\/2021\/04\/13\/publicacion-baremo-en-el-proceso-de-escolarizacion\/\" style=\"margin:5px 0px 10px 0px;color:#FFFFFF\" >PUBLICACI\u00d3N BAREMO EN EL PROCESO DE ESCOLARIZACI\u00d3N<\/a><\/h2>\r\n          \r\n            <p>Les comunicamos que a partir del 14 de abril podr\u00e1n acceder a la lista baremada de las solicitudes de escolarizaci\u00f3n para el curso 2021-2022. Para saber la puntuaci\u00f3n recibida en&#46;&#46;&#46;<\/p>\n        <\/div>\r\n      <\/div>\r\n    <\/div>\r\n        <div class=\"advps-slide\">\r\n\t<a target=\"_self\" href=\"https:\/\/blogsaverroes.juntadeandalucia.es\/iesgranpoder\/2024\/03\/04\/jornada-de-puertas-abiertas-2\/\" >      <img loading=\"lazy\" decoding=\"async\" width=\"1131\" height=\"1600\" src=\"https:\/\/blogsaverroes.juntadeandalucia.es\/iesgranpoder\/files\/2024\/03\/Agregar-un-t\u00edtulo-1.jpg\" class=\"attachment-full size-full wp-post-image\" alt=\"\" srcset=\"https:\/\/blogsaverroes.juntadeandalucia.es\/iesgranpoder\/files\/2024\/03\/Agregar-un-t\u00edtulo-1.jpg 1131w, https:\/\/blogsaverroes.juntadeandalucia.es\/iesgranpoder\/files\/2024\/03\/Agregar-un-t\u00edtulo-1-212x300.jpg 212w, https:\/\/blogsaverroes.juntadeandalucia.es\/iesgranpoder\/files\/2024\/03\/Agregar-un-t\u00edtulo-1-724x1024.jpg 724w, https:\/\/blogsaverroes.juntadeandalucia.es\/iesgranpoder\/files\/2024\/03\/Agregar-un-t\u00edtulo-1-768x1086.jpg 768w, https:\/\/blogsaverroes.juntadeandalucia.es\/iesgranpoder\/files\/2024\/03\/Agregar-un-t\u00edtulo-1-1086x1536.jpg 1086w, https:\/\/blogsaverroes.juntadeandalucia.es\/iesgranpoder\/files\/2024\/03\/Agregar-un-t\u00edtulo-1-1448x2048.jpg 1448w\" sizes=\"(max-width: 1131px) 100vw, 1131px\" \/>      <\/a>       \r\n      <div class=\"advps-excerpt-one\" style=\"width:30%;height:100%;top:0; right:0;\">\r\n      \t<div class=\"advps-overlay-one\" style=\"background-color:#000000; -moz-opacity:0.6;filter:alpha(opacity=60);opacity:0.6;\"><\/div>\r\n        <div class=\"advps-excerpt-block-one\" style=\"text-align:left;color:#FFFFFF;-moz-opacity:1;filter:alpha(opacity=100);opacity:1;\">        \r\n        <h2 class=\"advs-title\" style=\"margin:5px 0px 10px 0px;color:#FFFFFF\"><a target=\"_self\" href=\"https:\/\/blogsaverroes.juntadeandalucia.es\/iesgranpoder\/2024\/03\/04\/jornada-de-puertas-abiertas-2\/\" style=\"margin:5px 0px 10px 0px;color:#FFFFFF\" >JORNADA DE PUERTAS ABIERTAS<\/a><\/h2>\r\n          \r\n                    <\/div>\r\n      <\/div>\r\n    <\/div>\r\n        <div class=\"advps-slide\">\r\n\t<a target=\"_self\" href=\"https:\/\/blogsaverroes.juntadeandalucia.es\/iesgranpoder\/2015\/11\/23\/plan-de-cultura-y-concienciacion-en-seguridad-tic\/\" >            <\/a>       \r\n      <div class=\"advps-excerpt-one\" style=\"width:30%;height:100%;top:0; right:0;\">\r\n      \t<div class=\"advps-overlay-one\" style=\"background-color:#000000; -moz-opacity:0.6;filter:alpha(opacity=60);opacity:0.6;\"><\/div>\r\n        <div class=\"advps-excerpt-block-one\" style=\"text-align:left;color:#FFFFFF;-moz-opacity:1;filter:alpha(opacity=100);opacity:1;\">        \r\n        <h2 class=\"advs-title\" style=\"margin:5px 0px 10px 0px;color:#FFFFFF\"><a target=\"_self\" href=\"https:\/\/blogsaverroes.juntadeandalucia.es\/iesgranpoder\/2015\/11\/23\/plan-de-cultura-y-concienciacion-en-seguridad-tic\/\" style=\"margin:5px 0px 10px 0px;color:#FFFFFF\" >Plan de Cultura y Concienciaci\u00f3n en Seguridad TIC<\/a><\/h2>\r\n          \r\n            <p>El Plan de Cultura y Concienciaci\u00f3n en Seguridad TIC es un proyecto de car\u00e1cter horizontal, compuesto por un conjunto de actuaciones destinadas a fomentar las buenas pr\u00e1cticas de seguridad y&#46;&#46;&#46;<\/p>\n        <\/div>\r\n      <\/div>\r\n    <\/div>\r\n        <div class=\"advps-slide\">\r\n\t<a target=\"_self\" href=\"https:\/\/blogsaverroes.juntadeandalucia.es\/iesgranpoder\/2016\/12\/12\/i-olimpiada-matematica-de-otono\/\" >      <img loading=\"lazy\" decoding=\"async\" width=\"256\" height=\"143\" src=\"https:\/\/blogsaverroes.juntadeandalucia.es\/iesgranpoder\/files\/2016\/12\/Olimpiada-de-matem\u00e1ticas.jpg\" class=\"attachment-full size-full wp-post-image\" alt=\"\" srcset=\"https:\/\/blogsaverroes.juntadeandalucia.es\/iesgranpoder\/files\/2016\/12\/Olimpiada-de-matem\u00e1ticas.jpg 256w, https:\/\/blogsaverroes.juntadeandalucia.es\/iesgranpoder\/files\/2016\/12\/Olimpiada-de-matem\u00e1ticas-24x13.jpg 24w, https:\/\/blogsaverroes.juntadeandalucia.es\/iesgranpoder\/files\/2016\/12\/Olimpiada-de-matem\u00e1ticas-36x20.jpg 36w, https:\/\/blogsaverroes.juntadeandalucia.es\/iesgranpoder\/files\/2016\/12\/Olimpiada-de-matem\u00e1ticas-48x27.jpg 48w\" sizes=\"(max-width: 256px) 100vw, 256px\" \/>      <\/a>       \r\n      <div class=\"advps-excerpt-one\" style=\"width:30%;height:100%;top:0; right:0;\">\r\n      \t<div class=\"advps-overlay-one\" style=\"background-color:#000000; -moz-opacity:0.6;filter:alpha(opacity=60);opacity:0.6;\"><\/div>\r\n        <div class=\"advps-excerpt-block-one\" style=\"text-align:left;color:#FFFFFF;-moz-opacity:1;filter:alpha(opacity=100);opacity:1;\">        \r\n        <h2 class=\"advs-title\" style=\"margin:5px 0px 10px 0px;color:#FFFFFF\"><a target=\"_self\" href=\"https:\/\/blogsaverroes.juntadeandalucia.es\/iesgranpoder\/2016\/12\/12\/i-olimpiada-matematica-de-otono\/\" style=\"margin:5px 0px 10px 0px;color:#FFFFFF\" >I OLIMPIADA MATEM\u00c1TICA DE OTO\u00d1O<\/a><\/h2>\r\n          \r\n            <p>I OLIMPIADA MATEM\u00c1TICA DE OTO\u00d1O Despu\u00e9s de 10 semanas con sus respectivos problemas,\u00a0ha terminado la 1\u00aa fase. El mi\u00e9rcoles 21 de diciembre\u00a0tendr\u00e1 lugar la FASE FINAL. VER\u00a0ALUMNOS CLASIFICADOS PARA LA&#46;&#46;&#46;<\/p>\n        <\/div>\r\n      <\/div>\r\n    <\/div>\r\n        <div class=\"advps-slide\">\r\n\t<a target=\"_self\" href=\"https:\/\/blogsaverroes.juntadeandalucia.es\/iesgranpoder\/2018\/10\/01\/como-conseguir-la-contrasena-de-acceso-a-pasen\/\" >      <img loading=\"lazy\" decoding=\"async\" width=\"900\" height=\"750\" src=\"https:\/\/blogsaverroes.juntadeandalucia.es\/iesgranpoder\/files\/2018\/10\/PASEN.jpg\" class=\"attachment-full size-full wp-post-image\" alt=\"\" srcset=\"https:\/\/blogsaverroes.juntadeandalucia.es\/iesgranpoder\/files\/2018\/10\/PASEN.jpg 900w, https:\/\/blogsaverroes.juntadeandalucia.es\/iesgranpoder\/files\/2018\/10\/PASEN-300x250.jpg 300w, https:\/\/blogsaverroes.juntadeandalucia.es\/iesgranpoder\/files\/2018\/10\/PASEN-768x640.jpg 768w, https:\/\/blogsaverroes.juntadeandalucia.es\/iesgranpoder\/files\/2018\/10\/PASEN-24x20.jpg 24w, https:\/\/blogsaverroes.juntadeandalucia.es\/iesgranpoder\/files\/2018\/10\/PASEN-36x30.jpg 36w, https:\/\/blogsaverroes.juntadeandalucia.es\/iesgranpoder\/files\/2018\/10\/PASEN-48x40.jpg 48w\" sizes=\"(max-width: 900px) 100vw, 900px\" \/>      <\/a>       \r\n      <div class=\"advps-excerpt-one\" style=\"width:30%;height:100%;top:0; right:0;\">\r\n      \t<div class=\"advps-overlay-one\" style=\"background-color:#000000; -moz-opacity:0.6;filter:alpha(opacity=60);opacity:0.6;\"><\/div>\r\n        <div class=\"advps-excerpt-block-one\" style=\"text-align:left;color:#FFFFFF;-moz-opacity:1;filter:alpha(opacity=100);opacity:1;\">        \r\n        <h2 class=\"advs-title\" style=\"margin:5px 0px 10px 0px;color:#FFFFFF\"><a target=\"_self\" href=\"https:\/\/blogsaverroes.juntadeandalucia.es\/iesgranpoder\/2018\/10\/01\/como-conseguir-la-contrasena-de-acceso-a-pasen\/\" style=\"margin:5px 0px 10px 0px;color:#FFFFFF\" >C\u00d3MO CONSEGUIR LA CONTRASE\u00d1A DE ACCESO A PASEN<\/a><\/h2>\r\n          \r\n            <p>Se habilita nuevo procedimiento opcional de \u00abautologin\u00bb para las familias. 30\/10\/17 9:16 Est\u00e1 disponible un nuevo procedimiento de \u00abautologin\u00bb para usuarios con perfiles tutor\/a legal y alumnado (tanto emancipado como&#46;&#46;&#46;<\/p>\n        <\/div>\r\n      <\/div>\r\n    <\/div>\r\n        <div class=\"advps-slide\">\r\n\t<a target=\"_self\" href=\"https:\/\/blogsaverroes.juntadeandalucia.es\/iesgranpoder\/2016\/01\/18\/preparando-la-visita-a-madrid\/\" >            <\/a>       \r\n      <div class=\"advps-excerpt-one\" style=\"width:30%;height:100%;top:0; right:0;\">\r\n      \t<div class=\"advps-overlay-one\" style=\"background-color:#000000; -moz-opacity:0.6;filter:alpha(opacity=60);opacity:0.6;\"><\/div>\r\n        <div class=\"advps-excerpt-block-one\" style=\"text-align:left;color:#FFFFFF;-moz-opacity:1;filter:alpha(opacity=100);opacity:1;\">        \r\n        <h2 class=\"advs-title\" style=\"margin:5px 0px 10px 0px;color:#FFFFFF\"><a target=\"_self\" href=\"https:\/\/blogsaverroes.juntadeandalucia.es\/iesgranpoder\/2016\/01\/18\/preparando-la-visita-a-madrid\/\" style=\"margin:5px 0px 10px 0px;color:#FFFFFF\" >Preparando la Visita a Madrid<\/a><\/h2>\r\n          \r\n            <p>Como en a\u00f1os anteriores, el Departamento de Ciencias de la Naturaleza organiza para el alumnado de 4\u00baESO una visita a Madrid para visitar el Museo Nacional de Ciencias Naturales y&#46;&#46;&#46;<\/p>\n        <\/div>\r\n      <\/div>\r\n    <\/div>\r\n        <div class=\"advps-slide\">\r\n\t<a target=\"_self\" href=\"https:\/\/blogsaverroes.juntadeandalucia.es\/iesgranpoder\/2017\/07\/03\/calendario-de-las-pruebas-extraordinarias-de-septiembre\/\" >      <img loading=\"lazy\" decoding=\"async\" width=\"904\" height=\"892\" src=\"https:\/\/blogsaverroes.juntadeandalucia.es\/iesgranpoder\/files\/2017\/07\/lafoto.png\" class=\"attachment-full size-full wp-post-image\" alt=\"\" srcset=\"https:\/\/blogsaverroes.juntadeandalucia.es\/iesgranpoder\/files\/2017\/07\/lafoto.png 904w, https:\/\/blogsaverroes.juntadeandalucia.es\/iesgranpoder\/files\/2017\/07\/lafoto-300x296.png 300w, https:\/\/blogsaverroes.juntadeandalucia.es\/iesgranpoder\/files\/2017\/07\/lafoto-768x758.png 768w, https:\/\/blogsaverroes.juntadeandalucia.es\/iesgranpoder\/files\/2017\/07\/lafoto-100x100.png 100w, https:\/\/blogsaverroes.juntadeandalucia.es\/iesgranpoder\/files\/2017\/07\/lafoto-24x24.png 24w, https:\/\/blogsaverroes.juntadeandalucia.es\/iesgranpoder\/files\/2017\/07\/lafoto-36x36.png 36w, https:\/\/blogsaverroes.juntadeandalucia.es\/iesgranpoder\/files\/2017\/07\/lafoto-48x48.png 48w\" sizes=\"(max-width: 904px) 100vw, 904px\" \/>      <\/a>       \r\n      <div class=\"advps-excerpt-one\" style=\"width:30%;height:100%;top:0; right:0;\">\r\n      \t<div class=\"advps-overlay-one\" style=\"background-color:#000000; -moz-opacity:0.6;filter:alpha(opacity=60);opacity:0.6;\"><\/div>\r\n        <div class=\"advps-excerpt-block-one\" style=\"text-align:left;color:#FFFFFF;-moz-opacity:1;filter:alpha(opacity=100);opacity:1;\">        \r\n        <h2 class=\"advs-title\" style=\"margin:5px 0px 10px 0px;color:#FFFFFF\"><a target=\"_self\" href=\"https:\/\/blogsaverroes.juntadeandalucia.es\/iesgranpoder\/2017\/07\/03\/calendario-de-las-pruebas-extraordinarias-de-septiembre\/\" style=\"margin:5px 0px 10px 0px;color:#FFFFFF\" >Calendario de las Pruebas Extraordinarias de Septiembre<\/a><\/h2>\r\n          \r\n            <p>PRUEBAS EXTRAORDINARIAS DE SEPTIEMBRE 2017. &nbsp; HORARIOS VIERNES 1 DE SEPTIEMBRE &#8211; HORARIOS LUNES 4 DE SEPTIEMBRE 8:00 a 10:00 &nbsp; &#8211; MATEM\u00c1TICAS 2\u00ba, 3\u00ba, 4\u00ba -TALLER DE MATEM\u00c1TICAS 2\u00ba,&nbsp;&#46;&#46;&#46;<\/p>\n        <\/div>\r\n      <\/div>\r\n    <\/div>\r\n        <div class=\"advps-slide\">\r\n\t<a target=\"_self\" href=\"https:\/\/blogsaverroes.juntadeandalucia.es\/iesgranpoder\/2021\/10\/20\/candidaturas-consejo-escolar\/\" >      <img loading=\"lazy\" decoding=\"async\" width=\"736\" height=\"1141\" src=\"https:\/\/blogsaverroes.juntadeandalucia.es\/iesgranpoder\/files\/2021\/10\/CARTEL-CONSEJO-ESCOLAR.jpg\" class=\"attachment-full size-full wp-post-image\" alt=\"\" srcset=\"https:\/\/blogsaverroes.juntadeandalucia.es\/iesgranpoder\/files\/2021\/10\/CARTEL-CONSEJO-ESCOLAR.jpg 736w, https:\/\/blogsaverroes.juntadeandalucia.es\/iesgranpoder\/files\/2021\/10\/CARTEL-CONSEJO-ESCOLAR-194x300.jpg 194w, https:\/\/blogsaverroes.juntadeandalucia.es\/iesgranpoder\/files\/2021\/10\/CARTEL-CONSEJO-ESCOLAR-661x1024.jpg 661w\" sizes=\"(max-width: 736px) 100vw, 736px\" \/>      <\/a>       \r\n      <div class=\"advps-excerpt-one\" style=\"width:30%;height:100%;top:0; right:0;\">\r\n      \t<div class=\"advps-overlay-one\" style=\"background-color:#000000; -moz-opacity:0.6;filter:alpha(opacity=60);opacity:0.6;\"><\/div>\r\n        <div class=\"advps-excerpt-block-one\" style=\"text-align:left;color:#FFFFFF;-moz-opacity:1;filter:alpha(opacity=100);opacity:1;\">        \r\n        <h2 class=\"advs-title\" style=\"margin:5px 0px 10px 0px;color:#FFFFFF\"><a target=\"_self\" href=\"https:\/\/blogsaverroes.juntadeandalucia.es\/iesgranpoder\/2021\/10\/20\/candidaturas-consejo-escolar\/\" style=\"margin:5px 0px 10px 0px;color:#FFFFFF\" >CANDIDATURAS CONSEJO ESCOLAR<\/a><\/h2>\r\n          \r\n            <p>ELECCIONES A CONSEJO ESCOLAR 2021 Como Uds. saben, el Consejo Escolar es el \u00f3rgano colegiado principal en el gobierno de los Centros Educativos. En \u00e9l se toman los acuerdos m\u00e1s&#46;&#46;&#46;<\/p>\n        <\/div>\r\n      <\/div>\r\n    <\/div>\r\n        <div class=\"advps-slide\">\r\n\t<a target=\"_self\" href=\"https:\/\/blogsaverroes.juntadeandalucia.es\/iesgranpoder\/2021\/02\/05\/rompiendo-estereotipos-con-microbit\/\" >      <img loading=\"lazy\" decoding=\"async\" width=\"800\" height=\"800\" src=\"https:\/\/blogsaverroes.juntadeandalucia.es\/iesgranpoder\/files\/2021\/02\/microbitdetras.jpeg\" class=\"attachment-full size-full wp-post-image\" alt=\"\" srcset=\"https:\/\/blogsaverroes.juntadeandalucia.es\/iesgranpoder\/files\/2021\/02\/microbitdetras.jpeg 800w, https:\/\/blogsaverroes.juntadeandalucia.es\/iesgranpoder\/files\/2021\/02\/microbitdetras-300x300.jpeg 300w, https:\/\/blogsaverroes.juntadeandalucia.es\/iesgranpoder\/files\/2021\/02\/microbitdetras-150x150.jpeg 150w, https:\/\/blogsaverroes.juntadeandalucia.es\/iesgranpoder\/files\/2021\/02\/microbitdetras-768x768.jpeg 768w, https:\/\/blogsaverroes.juntadeandalucia.es\/iesgranpoder\/files\/2021\/02\/microbitdetras-80x80.jpeg 80w, https:\/\/blogsaverroes.juntadeandalucia.es\/iesgranpoder\/files\/2021\/02\/microbitdetras-320x320.jpeg 320w\" sizes=\"(max-width: 800px) 100vw, 800px\" \/>      <\/a>       \r\n      <div class=\"advps-excerpt-one\" style=\"width:30%;height:100%;top:0; right:0;\">\r\n      \t<div class=\"advps-overlay-one\" style=\"background-color:#000000; -moz-opacity:0.6;filter:alpha(opacity=60);opacity:0.6;\"><\/div>\r\n        <div class=\"advps-excerpt-block-one\" style=\"text-align:left;color:#FFFFFF;-moz-opacity:1;filter:alpha(opacity=100);opacity:1;\">        \r\n        <h2 class=\"advs-title\" style=\"margin:5px 0px 10px 0px;color:#FFFFFF\"><a target=\"_self\" href=\"https:\/\/blogsaverroes.juntadeandalucia.es\/iesgranpoder\/2021\/02\/05\/rompiendo-estereotipos-con-microbit\/\" style=\"margin:5px 0px 10px 0px;color:#FFFFFF\" >ROMPIENDO ESTEREOTIPOS CON MICROBIT<\/a><\/h2>\r\n          \r\n            <p>El desarrollo del proyecto \u201cRompiendo estereotipos con microbit\u201d , proyecto de innovaci\u00f3n educativa relacionado con la rob\u00f3tica y la programaci\u00f3n, que se desarrollar\u00e1 este curso con alumnado de 1\u00ba, 2\u00ba&#46;&#46;&#46;<\/p>\n        <\/div>\r\n      <\/div>\r\n    <\/div>\r\n        <div class=\"advps-slide\">\r\n\t<a target=\"_self\" href=\"https:\/\/blogsaverroes.juntadeandalucia.es\/iesgranpoder\/2016\/03\/10\/exito-de-nuestro-centro-en-la-primera-fase-de-la-olimpiada-estadistica\/\" >            <\/a>       \r\n      <div class=\"advps-excerpt-one\" style=\"width:30%;height:100%;top:0; right:0;\">\r\n      \t<div class=\"advps-overlay-one\" style=\"background-color:#000000; -moz-opacity:0.6;filter:alpha(opacity=60);opacity:0.6;\"><\/div>\r\n        <div class=\"advps-excerpt-block-one\" style=\"text-align:left;color:#FFFFFF;-moz-opacity:1;filter:alpha(opacity=100);opacity:1;\">        \r\n        <h2 class=\"advs-title\" style=\"margin:5px 0px 10px 0px;color:#FFFFFF\"><a target=\"_self\" href=\"https:\/\/blogsaverroes.juntadeandalucia.es\/iesgranpoder\/2016\/03\/10\/exito-de-nuestro-centro-en-la-primera-fase-de-la-olimpiada-estadistica\/\" style=\"margin:5px 0px 10px 0px;color:#FFFFFF\" >\u00c9xito de nuestro centro en la Primera Fase de la Olimpiada Estad\u00edstica<\/a><\/h2>\r\n          \r\n            <p>Nuestro centro, concretamente el Departamento de Matem\u00e1ticas, ha presentado ocho\u00a0equipos de alumnos y alumnas a la\u00a0Cuarta Olimpiada Estad\u00edstica para estudiantes de Ense\u00f1anza Secundaria Obligatoria, Bachillerato y Ciclos Formativos de grado&#46;&#46;&#46;<\/p>\n        <\/div>\r\n      <\/div>\r\n    <\/div>\r\n        <div class=\"advps-slide\">\r\n\t<a target=\"_self\" href=\"https:\/\/blogsaverroes.juntadeandalucia.es\/iesgranpoder\/2025\/04\/23\/publicada-lista-de-baremacion\/\" >      <img loading=\"lazy\" decoding=\"async\" width=\"300\" height=\"168\" src=\"https:\/\/blogsaverroes.juntadeandalucia.es\/iesgranpoder\/files\/2021\/03\/IMAGEN-ESCOLARIZACI\u00d3N.jpg\" class=\"attachment-full size-full wp-post-image\" alt=\"\" \/>      <\/a>       \r\n      <div class=\"advps-excerpt-one\" style=\"width:30%;height:100%;top:0; right:0;\">\r\n      \t<div class=\"advps-overlay-one\" style=\"background-color:#000000; -moz-opacity:0.6;filter:alpha(opacity=60);opacity:0.6;\"><\/div>\r\n        <div class=\"advps-excerpt-block-one\" style=\"text-align:left;color:#FFFFFF;-moz-opacity:1;filter:alpha(opacity=100);opacity:1;\">        \r\n        <h2 class=\"advs-title\" style=\"margin:5px 0px 10px 0px;color:#FFFFFF\"><a target=\"_self\" href=\"https:\/\/blogsaverroes.juntadeandalucia.es\/iesgranpoder\/2025\/04\/23\/publicada-lista-de-baremacion\/\" style=\"margin:5px 0px 10px 0px;color:#FFFFFF\" >PUBLICADA LISTA DE BAREMACI\u00d3N<\/a><\/h2>\r\n          \r\n            <p>Estimadas familias: en los tablones del centro ya se pueden consultar las listas con la baremaci\u00f3n obtenida en el proceso de escolarizaci\u00f3n. Les recuerdo que el horario del centro es&#46;&#46;&#46;<\/p>\n        <\/div>\r\n      <\/div>\r\n    <\/div>\r\n        <div class=\"advps-slide\">\r\n\t<a target=\"_self\" href=\"https:\/\/blogsaverroes.juntadeandalucia.es\/iesgranpoder\/2021\/07\/06\/calendario-examenes-de-septiembre\/\" >      <img loading=\"lazy\" decoding=\"async\" width=\"424\" height=\"296\" src=\"https:\/\/blogsaverroes.juntadeandalucia.es\/iesgranpoder\/files\/2021\/07\/CALENDARIO-EX\u00c1MENES-DE-SEPTIEMBRE-CURSO-2020-2021.jpg\" class=\"attachment-full size-full wp-post-image\" alt=\"\" srcset=\"https:\/\/blogsaverroes.juntadeandalucia.es\/iesgranpoder\/files\/2021\/07\/CALENDARIO-EX\u00c1MENES-DE-SEPTIEMBRE-CURSO-2020-2021.jpg 424w, https:\/\/blogsaverroes.juntadeandalucia.es\/iesgranpoder\/files\/2021\/07\/CALENDARIO-EX\u00c1MENES-DE-SEPTIEMBRE-CURSO-2020-2021-300x209.jpg 300w\" sizes=\"(max-width: 424px) 100vw, 424px\" \/>      <\/a>       \r\n      <div class=\"advps-excerpt-one\" style=\"width:30%;height:100%;top:0; right:0;\">\r\n      \t<div class=\"advps-overlay-one\" style=\"background-color:#000000; -moz-opacity:0.6;filter:alpha(opacity=60);opacity:0.6;\"><\/div>\r\n        <div class=\"advps-excerpt-block-one\" style=\"text-align:left;color:#FFFFFF;-moz-opacity:1;filter:alpha(opacity=100);opacity:1;\">        \r\n        <h2 class=\"advs-title\" style=\"margin:5px 0px 10px 0px;color:#FFFFFF\"><a target=\"_self\" href=\"https:\/\/blogsaverroes.juntadeandalucia.es\/iesgranpoder\/2021\/07\/06\/calendario-examenes-de-septiembre\/\" style=\"margin:5px 0px 10px 0px;color:#FFFFFF\" >CALENDARIO EX\u00c1MENES DE SEPTIEMBRE<\/a><\/h2>\r\n          \r\n                    <\/div>\r\n      <\/div>\r\n    <\/div>\r\n        <div class=\"advps-slide\">\r\n\t<a target=\"_self\" href=\"https:\/\/blogsaverroes.juntadeandalucia.es\/iesgranpoder\/2015\/12\/04\/celebrando-la-constitucion\/\" >            <\/a>       \r\n      <div class=\"advps-excerpt-one\" style=\"width:30%;height:100%;top:0; right:0;\">\r\n      \t<div class=\"advps-overlay-one\" style=\"background-color:#000000; -moz-opacity:0.6;filter:alpha(opacity=60);opacity:0.6;\"><\/div>\r\n        <div class=\"advps-excerpt-block-one\" style=\"text-align:left;color:#FFFFFF;-moz-opacity:1;filter:alpha(opacity=100);opacity:1;\">        \r\n        <h2 class=\"advs-title\" style=\"margin:5px 0px 10px 0px;color:#FFFFFF\"><a target=\"_self\" href=\"https:\/\/blogsaverroes.juntadeandalucia.es\/iesgranpoder\/2015\/12\/04\/celebrando-la-constitucion\/\" style=\"margin:5px 0px 10px 0px;color:#FFFFFF\" >Celebrando la Constituci\u00f3n<\/a><\/h2>\r\n          \r\n            <p>Hoy, d\u00eda 4, se celebra el D\u00eda de la Constituci\u00f3n en nuestro centro. En el vest\u00edbulo se ha hecho una peque\u00f1a exposici\u00f3n de carteles alusivos a la efem\u00e9ride y los&#46;&#46;&#46;<\/p>\n        <\/div>\r\n      <\/div>\r\n    <\/div>\r\n        <div class=\"advps-slide\">\r\n\t<a target=\"_self\" href=\"https:\/\/blogsaverroes.juntadeandalucia.es\/iesgranpoder\/2017\/12\/18\/fin-de-trimestre-2\/\" >      <img loading=\"lazy\" decoding=\"async\" width=\"591\" height=\"805\" src=\"https:\/\/blogsaverroes.juntadeandalucia.es\/iesgranpoder\/files\/2017\/12\/cartel-xxvii-certamen-dibujo-y-pintura-navidad-2014.jpg\" class=\"attachment-full size-full wp-post-image\" alt=\"\" srcset=\"https:\/\/blogsaverroes.juntadeandalucia.es\/iesgranpoder\/files\/2017\/12\/cartel-xxvii-certamen-dibujo-y-pintura-navidad-2014.jpg 591w, https:\/\/blogsaverroes.juntadeandalucia.es\/iesgranpoder\/files\/2017\/12\/cartel-xxvii-certamen-dibujo-y-pintura-navidad-2014-220x300.jpg 220w, https:\/\/blogsaverroes.juntadeandalucia.es\/iesgranpoder\/files\/2017\/12\/cartel-xxvii-certamen-dibujo-y-pintura-navidad-2014-18x24.jpg 18w, https:\/\/blogsaverroes.juntadeandalucia.es\/iesgranpoder\/files\/2017\/12\/cartel-xxvii-certamen-dibujo-y-pintura-navidad-2014-26x36.jpg 26w, https:\/\/blogsaverroes.juntadeandalucia.es\/iesgranpoder\/files\/2017\/12\/cartel-xxvii-certamen-dibujo-y-pintura-navidad-2014-35x48.jpg 35w\" sizes=\"(max-width: 591px) 100vw, 591px\" \/>      <\/a>       \r\n      <div class=\"advps-excerpt-one\" style=\"width:30%;height:100%;top:0; right:0;\">\r\n      \t<div class=\"advps-overlay-one\" style=\"background-color:#000000; -moz-opacity:0.6;filter:alpha(opacity=60);opacity:0.6;\"><\/div>\r\n        <div class=\"advps-excerpt-block-one\" style=\"text-align:left;color:#FFFFFF;-moz-opacity:1;filter:alpha(opacity=100);opacity:1;\">        \r\n        <h2 class=\"advs-title\" style=\"margin:5px 0px 10px 0px;color:#FFFFFF\"><a target=\"_self\" href=\"https:\/\/blogsaverroes.juntadeandalucia.es\/iesgranpoder\/2017\/12\/18\/fin-de-trimestre-2\/\" style=\"margin:5px 0px 10px 0px;color:#FFFFFF\" >FIN DE TRIMESTRE<\/a><\/h2>\r\n          \r\n            <p>El pr\u00f3ximo viernes. d\u00eda 22 de diciembre termina la Primera Evaluaci\u00f3n del curso 2017\/2018. Esa jornada el horario ser\u00e1 el habitual, de 8&#8217;00 a 14&#8217;30. A partir del recreo se&#46;&#46;&#46;<\/p>\n        <\/div>\r\n      <\/div>\r\n    <\/div>\r\n        <div class=\"advps-slide\">\r\n\t<a target=\"_self\" href=\"https:\/\/blogsaverroes.juntadeandalucia.es\/iesgranpoder\/2016\/03\/16\/charlas-de-la-policia-local-y-nacional\/\" >            <\/a>       \r\n      <div class=\"advps-excerpt-one\" style=\"width:30%;height:100%;top:0; right:0;\">\r\n      \t<div class=\"advps-overlay-one\" style=\"background-color:#000000; -moz-opacity:0.6;filter:alpha(opacity=60);opacity:0.6;\"><\/div>\r\n        <div class=\"advps-excerpt-block-one\" style=\"text-align:left;color:#FFFFFF;-moz-opacity:1;filter:alpha(opacity=100);opacity:1;\">        \r\n        <h2 class=\"advs-title\" style=\"margin:5px 0px 10px 0px;color:#FFFFFF\"><a target=\"_self\" href=\"https:\/\/blogsaverroes.juntadeandalucia.es\/iesgranpoder\/2016\/03\/16\/charlas-de-la-policia-local-y-nacional\/\" style=\"margin:5px 0px 10px 0px;color:#FFFFFF\" >Charlas de la Polic\u00eda Local y Nacional<\/a><\/h2>\r\n          \r\n            <p>En la jornada de hoy se desarrollan varias charlas en nuestro centro impartidas\u00a0por miembros de la Polic\u00eda Nacional (prevenci\u00f3n de riesgos en las redes sociales) y la Polic\u00eda Local (educaci\u00f3n&#46;&#46;&#46;<\/p>\n        <\/div>\r\n      <\/div>\r\n    <\/div>\r\n        <div class=\"advps-slide\">\r\n\t<a target=\"_self\" href=\"https:\/\/blogsaverroes.juntadeandalucia.es\/iesgranpoder\/2018\/04\/04\/procedimiento-de-seleccion-y-nombramiento-de-directora\/\" >      <img loading=\"lazy\" decoding=\"async\" width=\"959\" height=\"437\" src=\"https:\/\/blogsaverroes.juntadeandalucia.es\/iesgranpoder\/files\/2018\/04\/direccion-escolar.jpg\" class=\"attachment-full size-full wp-post-image\" alt=\"\" srcset=\"https:\/\/blogsaverroes.juntadeandalucia.es\/iesgranpoder\/files\/2018\/04\/direccion-escolar.jpg 959w, https:\/\/blogsaverroes.juntadeandalucia.es\/iesgranpoder\/files\/2018\/04\/direccion-escolar-300x137.jpg 300w, https:\/\/blogsaverroes.juntadeandalucia.es\/iesgranpoder\/files\/2018\/04\/direccion-escolar-768x350.jpg 768w, https:\/\/blogsaverroes.juntadeandalucia.es\/iesgranpoder\/files\/2018\/04\/direccion-escolar-24x11.jpg 24w, https:\/\/blogsaverroes.juntadeandalucia.es\/iesgranpoder\/files\/2018\/04\/direccion-escolar-36x16.jpg 36w, https:\/\/blogsaverroes.juntadeandalucia.es\/iesgranpoder\/files\/2018\/04\/direccion-escolar-48x22.jpg 48w\" sizes=\"(max-width: 959px) 100vw, 959px\" \/>      <\/a>       \r\n      <div class=\"advps-excerpt-one\" style=\"width:30%;height:100%;top:0; right:0;\">\r\n      \t<div class=\"advps-overlay-one\" style=\"background-color:#000000; -moz-opacity:0.6;filter:alpha(opacity=60);opacity:0.6;\"><\/div>\r\n        <div class=\"advps-excerpt-block-one\" style=\"text-align:left;color:#FFFFFF;-moz-opacity:1;filter:alpha(opacity=100);opacity:1;\">        \r\n        <h2 class=\"advs-title\" style=\"margin:5px 0px 10px 0px;color:#FFFFFF\"><a target=\"_self\" href=\"https:\/\/blogsaverroes.juntadeandalucia.es\/iesgranpoder\/2018\/04\/04\/procedimiento-de-seleccion-y-nombramiento-de-directora\/\" style=\"margin:5px 0px 10px 0px;color:#FFFFFF\" >Procedimiento de selecci\u00f3n y nombramiento de Director\/a<\/a><\/h2>\r\n          \r\n            <p>Durante el presente curso el centro se encuentra inmerso en el procedimiento para la selecci\u00f3n y nombramiento de&nbsp; un&nbsp;nuevo director o directora que dirigir\u00e1 el centro el pr\u00f3ximo cuatrienio tras&#46;&#46;&#46;<\/p>\n        <\/div>\r\n      <\/div>\r\n    <\/div>\r\n        <div class=\"advps-slide\">\r\n\t<a target=\"_self\" href=\"https:\/\/blogsaverroes.juntadeandalucia.es\/iesgranpoder\/2023\/04\/12\/consulta-del-baremo-del-proceso-de-admision-para-el-curso-2023-2024\/\" >      <img loading=\"lazy\" decoding=\"async\" width=\"300\" height=\"168\" src=\"https:\/\/blogsaverroes.juntadeandalucia.es\/iesgranpoder\/files\/2021\/03\/IMAGEN-ESCOLARIZACI\u00d3N.jpg\" class=\"attachment-full size-full wp-post-image\" alt=\"\" \/>      <\/a>       \r\n      <div class=\"advps-excerpt-one\" style=\"width:30%;height:100%;top:0; right:0;\">\r\n      \t<div class=\"advps-overlay-one\" style=\"background-color:#000000; -moz-opacity:0.6;filter:alpha(opacity=60);opacity:0.6;\"><\/div>\r\n        <div class=\"advps-excerpt-block-one\" style=\"text-align:left;color:#FFFFFF;-moz-opacity:1;filter:alpha(opacity=100);opacity:1;\">        \r\n        <h2 class=\"advs-title\" style=\"margin:5px 0px 10px 0px;color:#FFFFFF\"><a target=\"_self\" href=\"https:\/\/blogsaverroes.juntadeandalucia.es\/iesgranpoder\/2023\/04\/12\/consulta-del-baremo-del-proceso-de-admision-para-el-curso-2023-2024\/\" style=\"margin:5px 0px 10px 0px;color:#FFFFFF\" >Consulta del baremo del proceso de admisi\u00f3n para el curso 2023\/2024.<\/a><\/h2>\r\n          \r\n            <p>Le informamos que ya puede consultar el baremo de las solicitudes presentadas en el centro o bien a trav\u00e9s del siguiente enlace o en los tablones del instituto en horario&#46;&#46;&#46;<\/p>\n        <\/div>\r\n      <\/div>\r\n    <\/div>\r\n        <div class=\"advps-slide\">\r\n\t<a target=\"_self\" href=\"https:\/\/blogsaverroes.juntadeandalucia.es\/iesgranpoder\/2020\/10\/14\/balance-covid\/\" >      <img loading=\"lazy\" decoding=\"async\" width=\"306\" height=\"164\" src=\"https:\/\/blogsaverroes.juntadeandalucia.es\/iesgranpoder\/files\/2020\/10\/images.png\" class=\"attachment-full size-full wp-post-image\" alt=\"\" srcset=\"https:\/\/blogsaverroes.juntadeandalucia.es\/iesgranpoder\/files\/2020\/10\/images.png 306w, https:\/\/blogsaverroes.juntadeandalucia.es\/iesgranpoder\/files\/2020\/10\/images-300x161.png 300w, https:\/\/blogsaverroes.juntadeandalucia.es\/iesgranpoder\/files\/2020\/10\/images-24x13.png 24w, https:\/\/blogsaverroes.juntadeandalucia.es\/iesgranpoder\/files\/2020\/10\/images-36x19.png 36w, https:\/\/blogsaverroes.juntadeandalucia.es\/iesgranpoder\/files\/2020\/10\/images-48x26.png 48w\" sizes=\"(max-width: 306px) 100vw, 306px\" \/>      <\/a>       \r\n      <div class=\"advps-excerpt-one\" style=\"width:30%;height:100%;top:0; right:0;\">\r\n      \t<div class=\"advps-overlay-one\" style=\"background-color:#000000; -moz-opacity:0.6;filter:alpha(opacity=60);opacity:0.6;\"><\/div>\r\n        <div class=\"advps-excerpt-block-one\" style=\"text-align:left;color:#FFFFFF;-moz-opacity:1;filter:alpha(opacity=100);opacity:1;\">        \r\n        <h2 class=\"advs-title\" style=\"margin:5px 0px 10px 0px;color:#FFFFFF\"><a target=\"_self\" href=\"https:\/\/blogsaverroes.juntadeandalucia.es\/iesgranpoder\/2020\/10\/14\/balance-covid\/\" style=\"margin:5px 0px 10px 0px;color:#FFFFFF\" >BALANCE COVID<\/a><\/h2>\r\n          \r\n            <p>Estimada Comunidad Educativa: Pasado ya el primer mes de clases, nos complace comunicarles que no hemos tenido ning\u00fan caso positivo directo entre el alumnado, y por tanto ninguna clase ha&#46;&#46;&#46;<\/p>\n        <\/div>\r\n      <\/div>\r\n    <\/div>\r\n        <div class=\"advps-slide\">\r\n\t<a target=\"_self\" href=\"https:\/\/blogsaverroes.juntadeandalucia.es\/iesgranpoder\/2015\/11\/25\/1-de-diciembre-dia-mundial-de-la-lucha-contra-el-sida\/\" >            <\/a>       \r\n      <div class=\"advps-excerpt-one\" style=\"width:30%;height:100%;top:0; right:0;\">\r\n      \t<div class=\"advps-overlay-one\" style=\"background-color:#000000; -moz-opacity:0.6;filter:alpha(opacity=60);opacity:0.6;\"><\/div>\r\n        <div class=\"advps-excerpt-block-one\" style=\"text-align:left;color:#FFFFFF;-moz-opacity:1;filter:alpha(opacity=100);opacity:1;\">        \r\n        <h2 class=\"advs-title\" style=\"margin:5px 0px 10px 0px;color:#FFFFFF\"><a target=\"_self\" href=\"https:\/\/blogsaverroes.juntadeandalucia.es\/iesgranpoder\/2015\/11\/25\/1-de-diciembre-dia-mundial-de-la-lucha-contra-el-sida\/\" style=\"margin:5px 0px 10px 0px;color:#FFFFFF\" >1 de diciembre. D\u00eda mundial de la lucha contra el SIDA.<\/a><\/h2>\r\n          \r\n            <p>El 1 de diciembre se celebra el D\u00eda mundial de la lucha contra el SIDA.\u00a0En la actualidad 15 millones de personas tienen acceso a tratamiento contra el VIH. \u00a0Las nuevas&#46;&#46;&#46;<\/p>\n        <\/div>\r\n      <\/div>\r\n    <\/div>\r\n        <div class=\"advps-slide\">\r\n\t<a target=\"_self\" href=\"https:\/\/blogsaverroes.juntadeandalucia.es\/iesgranpoder\/2016\/03\/01\/reunion-informativa-padresmadres-4oeso\/\" >            <\/a>       \r\n      <div class=\"advps-excerpt-one\" style=\"width:30%;height:100%;top:0; right:0;\">\r\n      \t<div class=\"advps-overlay-one\" style=\"background-color:#000000; -moz-opacity:0.6;filter:alpha(opacity=60);opacity:0.6;\"><\/div>\r\n        <div class=\"advps-excerpt-block-one\" style=\"text-align:left;color:#FFFFFF;-moz-opacity:1;filter:alpha(opacity=100);opacity:1;\">        \r\n        <h2 class=\"advs-title\" style=\"margin:5px 0px 10px 0px;color:#FFFFFF\"><a target=\"_self\" href=\"https:\/\/blogsaverroes.juntadeandalucia.es\/iesgranpoder\/2016\/03\/01\/reunion-informativa-padresmadres-4oeso\/\" style=\"margin:5px 0px 10px 0px;color:#FFFFFF\" >Reuni\u00f3n informativa padres\/madres 4\u00baESO<\/a><\/h2>\r\n          \r\n            <p>El pr\u00f3ximo martes 8 de marzo quedan convocados los padres\/madres del alumnado de 4\u00baESO a una reuni\u00f3n informativa sobre la escolarizaci\u00f3n en Bachillerato para el curso pr\u00f3ximo. Concretamente se les&#46;&#46;&#46;<\/p>\n        <\/div>\r\n      <\/div>\r\n    <\/div>\r\n        <div class=\"advps-slide\">\r\n\t<a target=\"_self\" href=\"https:\/\/blogsaverroes.juntadeandalucia.es\/iesgranpoder\/2015\/11\/30\/taller-sobre-violencia-de-genero\/\" >            <\/a>       \r\n      <div class=\"advps-excerpt-one\" style=\"width:30%;height:100%;top:0; right:0;\">\r\n      \t<div class=\"advps-overlay-one\" style=\"background-color:#000000; -moz-opacity:0.6;filter:alpha(opacity=60);opacity:0.6;\"><\/div>\r\n        <div class=\"advps-excerpt-block-one\" style=\"text-align:left;color:#FFFFFF;-moz-opacity:1;filter:alpha(opacity=100);opacity:1;\">        \r\n        <h2 class=\"advs-title\" style=\"margin:5px 0px 10px 0px;color:#FFFFFF\"><a target=\"_self\" href=\"https:\/\/blogsaverroes.juntadeandalucia.es\/iesgranpoder\/2015\/11\/30\/taller-sobre-violencia-de-genero\/\" style=\"margin:5px 0px 10px 0px;color:#FFFFFF\" >Talleres sobre violencia de g\u00e9nero.<\/a><\/h2>\r\n          \r\n            <p>Para finalizar las actividades relacionadas con la celebraci\u00f3n del D\u00eda contra la Violencia de G\u00e9nero (25N), se han celebrado hoy en el centro unos talleres, organizados por el Ayuntamiento de&#46;&#46;&#46;<\/p>\n        <\/div>\r\n      <\/div>\r\n    <\/div>\r\n        <div class=\"advps-slide\">\r\n\t<a target=\"_self\" href=\"https:\/\/blogsaverroes.juntadeandalucia.es\/iesgranpoder\/2022\/05\/27\/publcacion-de-listas-de-alumnos-reubicados-en-el-centro\/\" >      <img loading=\"lazy\" decoding=\"async\" width=\"300\" height=\"168\" src=\"https:\/\/blogsaverroes.juntadeandalucia.es\/iesgranpoder\/files\/2021\/03\/IMAGEN-ESCOLARIZACI\u00d3N.jpg\" class=\"attachment-full size-full wp-post-image\" alt=\"\" \/>      <\/a>       \r\n      <div class=\"advps-excerpt-one\" style=\"width:30%;height:100%;top:0; right:0;\">\r\n      \t<div class=\"advps-overlay-one\" style=\"background-color:#000000; -moz-opacity:0.6;filter:alpha(opacity=60);opacity:0.6;\"><\/div>\r\n        <div class=\"advps-excerpt-block-one\" style=\"text-align:left;color:#FFFFFF;-moz-opacity:1;filter:alpha(opacity=100);opacity:1;\">        \r\n        <h2 class=\"advs-title\" style=\"margin:5px 0px 10px 0px;color:#FFFFFF\"><a target=\"_self\" href=\"https:\/\/blogsaverroes.juntadeandalucia.es\/iesgranpoder\/2022\/05\/27\/publcacion-de-listas-de-alumnos-reubicados-en-el-centro\/\" style=\"margin:5px 0px 10px 0px;color:#FFFFFF\" >PUBLICACI\u00d3N DE LISTAS DE ALUMNOS REUBICADOS EN EL CENTRO.<\/a><\/h2>\r\n          \r\n            <p>A partir del lunes 30 de mayo podr\u00e1n consultar la lista de alumnado que habiendo solicitado el centro no obtuvo plaza en la primera resoluci\u00f3n, indicando a qu\u00e9 centro se&#46;&#46;&#46;<\/p>\n        <\/div>\r\n      <\/div>\r\n    <\/div>\r\n        <div class=\"advps-slide\">\r\n\t<a target=\"_self\" href=\"https:\/\/blogsaverroes.juntadeandalucia.es\/iesgranpoder\/2020\/09\/10\/informacion-del-ampa\/\" >      <img loading=\"lazy\" decoding=\"async\" width=\"1366\" height=\"911\" src=\"https:\/\/blogsaverroes.juntadeandalucia.es\/iesgranpoder\/files\/2020\/09\/1366_2000.jpg\" class=\"attachment-full size-full wp-post-image\" alt=\"\" srcset=\"https:\/\/blogsaverroes.juntadeandalucia.es\/iesgranpoder\/files\/2020\/09\/1366_2000.jpg 1366w, https:\/\/blogsaverroes.juntadeandalucia.es\/iesgranpoder\/files\/2020\/09\/1366_2000-300x200.jpg 300w, https:\/\/blogsaverroes.juntadeandalucia.es\/iesgranpoder\/files\/2020\/09\/1366_2000-1024x683.jpg 1024w, https:\/\/blogsaverroes.juntadeandalucia.es\/iesgranpoder\/files\/2020\/09\/1366_2000-768x512.jpg 768w, https:\/\/blogsaverroes.juntadeandalucia.es\/iesgranpoder\/files\/2020\/09\/1366_2000-24x16.jpg 24w, https:\/\/blogsaverroes.juntadeandalucia.es\/iesgranpoder\/files\/2020\/09\/1366_2000-36x24.jpg 36w, https:\/\/blogsaverroes.juntadeandalucia.es\/iesgranpoder\/files\/2020\/09\/1366_2000-48x32.jpg 48w\" sizes=\"(max-width: 1366px) 100vw, 1366px\" \/>      <\/a>       \r\n      <div class=\"advps-excerpt-one\" style=\"width:30%;height:100%;top:0; right:0;\">\r\n      \t<div class=\"advps-overlay-one\" style=\"background-color:#000000; -moz-opacity:0.6;filter:alpha(opacity=60);opacity:0.6;\"><\/div>\r\n        <div class=\"advps-excerpt-block-one\" style=\"text-align:left;color:#FFFFFF;-moz-opacity:1;filter:alpha(opacity=100);opacity:1;\">        \r\n        <h2 class=\"advs-title\" style=\"margin:5px 0px 10px 0px;color:#FFFFFF\"><a target=\"_self\" href=\"https:\/\/blogsaverroes.juntadeandalucia.es\/iesgranpoder\/2020\/09\/10\/informacion-del-ampa\/\" style=\"margin:5px 0px 10px 0px;color:#FFFFFF\" >INFORMACI\u00d3N DEL AMPA<\/a><\/h2>\r\n          \r\n            <p>Buenos d\u00edas: les comunicamos que el AMPA est\u00e1 realizando las gestiones para comprar mamparas para las clases, sobre todo de 1\u00ba y 2\u00ba de ESO que son los grupos que&#46;&#46;&#46;<\/p>\n        <\/div>\r\n      <\/div>\r\n    <\/div>\r\n        <div class=\"advps-slide\">\r\n\t<a target=\"_self\" href=\"https:\/\/blogsaverroes.juntadeandalucia.es\/iesgranpoder\/2021\/04\/09\/guia-basica-de-uso-de-pasen-para-las-familias\/\" >      <img loading=\"lazy\" decoding=\"async\" width=\"321\" height=\"157\" src=\"https:\/\/blogsaverroes.juntadeandalucia.es\/iesgranpoder\/files\/2018\/12\/tutorial-pasen.jpg\" class=\"attachment-full size-full wp-post-image\" alt=\"\" srcset=\"https:\/\/blogsaverroes.juntadeandalucia.es\/iesgranpoder\/files\/2018\/12\/tutorial-pasen.jpg 321w, https:\/\/blogsaverroes.juntadeandalucia.es\/iesgranpoder\/files\/2018\/12\/tutorial-pasen-300x147.jpg 300w, https:\/\/blogsaverroes.juntadeandalucia.es\/iesgranpoder\/files\/2018\/12\/tutorial-pasen-320x157.jpg 320w, https:\/\/blogsaverroes.juntadeandalucia.es\/iesgranpoder\/files\/2018\/12\/tutorial-pasen-24x12.jpg 24w, https:\/\/blogsaverroes.juntadeandalucia.es\/iesgranpoder\/files\/2018\/12\/tutorial-pasen-36x18.jpg 36w, https:\/\/blogsaverroes.juntadeandalucia.es\/iesgranpoder\/files\/2018\/12\/tutorial-pasen-48x23.jpg 48w\" sizes=\"(max-width: 321px) 100vw, 321px\" \/>      <\/a>       \r\n      <div class=\"advps-excerpt-one\" style=\"width:30%;height:100%;top:0; right:0;\">\r\n      \t<div class=\"advps-overlay-one\" style=\"background-color:#000000; -moz-opacity:0.6;filter:alpha(opacity=60);opacity:0.6;\"><\/div>\r\n        <div class=\"advps-excerpt-block-one\" style=\"text-align:left;color:#FFFFFF;-moz-opacity:1;filter:alpha(opacity=100);opacity:1;\">        \r\n        <h2 class=\"advs-title\" style=\"margin:5px 0px 10px 0px;color:#FFFFFF\"><a target=\"_self\" href=\"https:\/\/blogsaverroes.juntadeandalucia.es\/iesgranpoder\/2021\/04\/09\/guia-basica-de-uso-de-pasen-para-las-familias\/\" style=\"margin:5px 0px 10px 0px;color:#FFFFFF\" >GU\u00cdA B\u00c1SICA DE USO DE PASEN PARA LAS FAMILIAS<\/a><\/h2>\r\n          \r\n            <p>GU\u00cdA USO PASEN PARA FAMILIAS<\/p>\n        <\/div>\r\n      <\/div>\r\n    <\/div>\r\n        <div class=\"advps-slide\">\r\n\t<a target=\"_self\" href=\"https:\/\/blogsaverroes.juntadeandalucia.es\/iesgranpoder\/2016\/03\/28\/reunion-urgente-viaje-fin-de-curso\/\" >            <\/a>       \r\n      <div class=\"advps-excerpt-one\" style=\"width:30%;height:100%;top:0; right:0;\">\r\n      \t<div class=\"advps-overlay-one\" style=\"background-color:#000000; -moz-opacity:0.6;filter:alpha(opacity=60);opacity:0.6;\"><\/div>\r\n        <div class=\"advps-excerpt-block-one\" style=\"text-align:left;color:#FFFFFF;-moz-opacity:1;filter:alpha(opacity=100);opacity:1;\">        \r\n        <h2 class=\"advs-title\" style=\"margin:5px 0px 10px 0px;color:#FFFFFF\"><a target=\"_self\" href=\"https:\/\/blogsaverroes.juntadeandalucia.es\/iesgranpoder\/2016\/03\/28\/reunion-urgente-viaje-fin-de-curso\/\" style=\"margin:5px 0px 10px 0px;color:#FFFFFF\" >REUNI\u00d3N URGENTE VIAJE FIN DE CURSO<\/a><\/h2>\r\n          \r\n            <p>Se convoca a a todas las familias del alumnado que asistir\u00e1 al Viaje de Fin de Curso a una reuni\u00f3n hoy lunes 28, a las 17&#8217;00 horas en la Biblioteca&#46;&#46;&#46;<\/p>\n        <\/div>\r\n      <\/div>\r\n    <\/div>\r\n        <div class=\"advps-slide\">\r\n\t<a target=\"_self\" href=\"https:\/\/blogsaverroes.juntadeandalucia.es\/iesgranpoder\/2021\/05\/27\/fase-regional-olimpiada-matematica-thales\/\" >      <img loading=\"lazy\" decoding=\"async\" width=\"1200\" height=\"1600\" src=\"https:\/\/blogsaverroes.juntadeandalucia.es\/iesgranpoder\/files\/2021\/05\/F.-Calleja-scaled.jpg\" class=\"attachment-full size-full wp-post-image\" alt=\"\" srcset=\"https:\/\/blogsaverroes.juntadeandalucia.es\/iesgranpoder\/files\/2021\/05\/F.-Calleja-scaled.jpg 1200w, https:\/\/blogsaverroes.juntadeandalucia.es\/iesgranpoder\/files\/2021\/05\/F.-Calleja-225x300.jpg 225w, https:\/\/blogsaverroes.juntadeandalucia.es\/iesgranpoder\/files\/2021\/05\/F.-Calleja-768x1024.jpg 768w, https:\/\/blogsaverroes.juntadeandalucia.es\/iesgranpoder\/files\/2021\/05\/F.-Calleja-1152x1536.jpg 1152w, https:\/\/blogsaverroes.juntadeandalucia.es\/iesgranpoder\/files\/2021\/05\/F.-Calleja-1536x2048.jpg 1536w\" sizes=\"(max-width: 1200px) 100vw, 1200px\" \/>      <\/a>       \r\n      <div class=\"advps-excerpt-one\" style=\"width:30%;height:100%;top:0; right:0;\">\r\n      \t<div class=\"advps-overlay-one\" style=\"background-color:#000000; -moz-opacity:0.6;filter:alpha(opacity=60);opacity:0.6;\"><\/div>\r\n        <div class=\"advps-excerpt-block-one\" style=\"text-align:left;color:#FFFFFF;-moz-opacity:1;filter:alpha(opacity=100);opacity:1;\">        \r\n        <h2 class=\"advs-title\" style=\"margin:5px 0px 10px 0px;color:#FFFFFF\"><a target=\"_self\" href=\"https:\/\/blogsaverroes.juntadeandalucia.es\/iesgranpoder\/2021\/05\/27\/fase-regional-olimpiada-matematica-thales\/\" style=\"margin:5px 0px 10px 0px;color:#FFFFFF\" >FASE REGIONAL  OLIMPIADA MATEM\u00c1TICA THALES<\/a><\/h2>\r\n          \r\n            <p>Nuestro alumno FERNANDO CALLEJA MU\u00d1OZ se ha clasificado entre&nbsp;los seis mejores&nbsp;de la fase Regional celebrada online del 15 al 23 de mayo de 2021 y por tanto representar\u00e1 a Andaluc\u00eda&#46;&#46;&#46;<\/p>\n        <\/div>\r\n      <\/div>\r\n    <\/div>\r\n        <div class=\"advps-slide\">\r\n\t<a target=\"_self\" href=\"https:\/\/blogsaverroes.juntadeandalucia.es\/iesgranpoder\/2015\/12\/22\/notificacion-electronica-de-calificaciones\/\" >      <img loading=\"lazy\" decoding=\"async\" width=\"1600\" height=\"1264\" src=\"https:\/\/blogsaverroes.juntadeandalucia.es\/iesgranpoder\/files\/2015\/12\/seneca_pasen.png\" class=\"attachment-full size-full wp-post-image\" alt=\"\" srcset=\"https:\/\/blogsaverroes.juntadeandalucia.es\/iesgranpoder\/files\/2015\/12\/seneca_pasen.png 1600w, https:\/\/blogsaverroes.juntadeandalucia.es\/iesgranpoder\/files\/2015\/12\/seneca_pasen-300x237.png 300w, https:\/\/blogsaverroes.juntadeandalucia.es\/iesgranpoder\/files\/2015\/12\/seneca_pasen-1024x809.png 1024w\" sizes=\"(max-width: 1600px) 100vw, 1600px\" \/>      <\/a>       \r\n      <div class=\"advps-excerpt-one\" style=\"width:30%;height:100%;top:0; right:0;\">\r\n      \t<div class=\"advps-overlay-one\" style=\"background-color:#000000; -moz-opacity:0.6;filter:alpha(opacity=60);opacity:0.6;\"><\/div>\r\n        <div class=\"advps-excerpt-block-one\" style=\"text-align:left;color:#FFFFFF;-moz-opacity:1;filter:alpha(opacity=100);opacity:1;\">        \r\n        <h2 class=\"advs-title\" style=\"margin:5px 0px 10px 0px;color:#FFFFFF\"><a target=\"_self\" href=\"https:\/\/blogsaverroes.juntadeandalucia.es\/iesgranpoder\/2015\/12\/22\/notificacion-electronica-de-calificaciones\/\" style=\"margin:5px 0px 10px 0px;color:#FFFFFF\" >Notificaci\u00f3n Electr\u00f3nica de Calificaciones<\/a><\/h2>\r\n          \r\n            <p>Se ha puesto en marcha en esta Primera Evaluaci\u00f3n la notificaci\u00f3n electr\u00f3nica de calificaciones, que si bien no sustituye a la tradicional entrega de boletines en papel informa a las&#46;&#46;&#46;<\/p>\n        <\/div>\r\n      <\/div>\r\n    <\/div>\r\n        <div class=\"advps-slide\">\r\n\t<a target=\"_self\" href=\"https:\/\/blogsaverroes.juntadeandalucia.es\/iesgranpoder\/2020\/08\/27\/fechas-de-examenes-de-septiembre\/\" >      <img loading=\"lazy\" decoding=\"async\" width=\"904\" height=\"892\" src=\"https:\/\/blogsaverroes.juntadeandalucia.es\/iesgranpoder\/files\/2017\/07\/lafoto.png\" class=\"attachment-full size-full wp-post-image\" alt=\"\" srcset=\"https:\/\/blogsaverroes.juntadeandalucia.es\/iesgranpoder\/files\/2017\/07\/lafoto.png 904w, https:\/\/blogsaverroes.juntadeandalucia.es\/iesgranpoder\/files\/2017\/07\/lafoto-300x296.png 300w, https:\/\/blogsaverroes.juntadeandalucia.es\/iesgranpoder\/files\/2017\/07\/lafoto-768x758.png 768w, https:\/\/blogsaverroes.juntadeandalucia.es\/iesgranpoder\/files\/2017\/07\/lafoto-100x100.png 100w, https:\/\/blogsaverroes.juntadeandalucia.es\/iesgranpoder\/files\/2017\/07\/lafoto-24x24.png 24w, https:\/\/blogsaverroes.juntadeandalucia.es\/iesgranpoder\/files\/2017\/07\/lafoto-36x36.png 36w, https:\/\/blogsaverroes.juntadeandalucia.es\/iesgranpoder\/files\/2017\/07\/lafoto-48x48.png 48w\" sizes=\"(max-width: 904px) 100vw, 904px\" \/>      <\/a>       \r\n      <div class=\"advps-excerpt-one\" style=\"width:30%;height:100%;top:0; right:0;\">\r\n      \t<div class=\"advps-overlay-one\" style=\"background-color:#000000; -moz-opacity:0.6;filter:alpha(opacity=60);opacity:0.6;\"><\/div>\r\n        <div class=\"advps-excerpt-block-one\" style=\"text-align:left;color:#FFFFFF;-moz-opacity:1;filter:alpha(opacity=100);opacity:1;\">        \r\n        <h2 class=\"advs-title\" style=\"margin:5px 0px 10px 0px;color:#FFFFFF\"><a target=\"_self\" href=\"https:\/\/blogsaverroes.juntadeandalucia.es\/iesgranpoder\/2020\/08\/27\/fechas-de-examenes-de-septiembre\/\" style=\"margin:5px 0px 10px 0px;color:#FFFFFF\" >FECHAS DE EX\u00c1MENES DE SEPTIEMBRE<\/a><\/h2>\r\n          \r\n            <p>Estimadas familias os pasamos un cuadro resumen de las fechas y horas de los ex\u00e1menes. En cualquier caso, en cada informe de recuperaci\u00f3n entregado, debe aparecer la fecha y hora&#46;&#46;&#46;<\/p>\n        <\/div>\r\n      <\/div>\r\n    <\/div>\r\n        <div class=\"advps-slide\">\r\n\t<a target=\"_self\" href=\"https:\/\/blogsaverroes.juntadeandalucia.es\/iesgranpoder\/2021\/01\/19\/3633\/\" >      <img loading=\"lazy\" decoding=\"async\" width=\"750\" height=\"422\" src=\"https:\/\/blogsaverroes.juntadeandalucia.es\/iesgranpoder\/files\/2017\/10\/maths_blackboard.jpg\" class=\"attachment-full size-full wp-post-image\" alt=\"\" srcset=\"https:\/\/blogsaverroes.juntadeandalucia.es\/iesgranpoder\/files\/2017\/10\/maths_blackboard.jpg 750w, https:\/\/blogsaverroes.juntadeandalucia.es\/iesgranpoder\/files\/2017\/10\/maths_blackboard-300x169.jpg 300w, https:\/\/blogsaverroes.juntadeandalucia.es\/iesgranpoder\/files\/2017\/10\/maths_blackboard-24x14.jpg 24w, https:\/\/blogsaverroes.juntadeandalucia.es\/iesgranpoder\/files\/2017\/10\/maths_blackboard-36x20.jpg 36w, https:\/\/blogsaverroes.juntadeandalucia.es\/iesgranpoder\/files\/2017\/10\/maths_blackboard-48x27.jpg 48w\" sizes=\"(max-width: 750px) 100vw, 750px\" \/>      <\/a>       \r\n      <div class=\"advps-excerpt-one\" style=\"width:30%;height:100%;top:0; right:0;\">\r\n      \t<div class=\"advps-overlay-one\" style=\"background-color:#000000; -moz-opacity:0.6;filter:alpha(opacity=60);opacity:0.6;\"><\/div>\r\n        <div class=\"advps-excerpt-block-one\" style=\"text-align:left;color:#FFFFFF;-moz-opacity:1;filter:alpha(opacity=100);opacity:1;\">        \r\n        <h2 class=\"advs-title\" style=\"margin:5px 0px 10px 0px;color:#FFFFFF\"><a target=\"_self\" href=\"https:\/\/blogsaverroes.juntadeandalucia.es\/iesgranpoder\/2021\/01\/19\/3633\/\" style=\"margin:5px 0px 10px 0px;color:#FFFFFF\" >FINAL DE LA V OLIMPIADA MATEM\u00c1TICA DE OTO\u00d1O<\/a><\/h2>\r\n          \r\n            <p>El pasado viernes, d\u00eda 15 de enero, a la hora del recreo tuvo lugar en el aula de Educaci\u00f3n Pl\u00e1stica y Visual del centro la entrega de diplomas para los&#46;&#46;&#46;<\/p>\n        <\/div>\r\n      <\/div>\r\n    <\/div>\r\n        <div class=\"advps-slide\">\r\n\t<a target=\"_self\" href=\"https:\/\/blogsaverroes.juntadeandalucia.es\/iesgranpoder\/2015\/12\/03\/reunion-urgente-para-padresmadres-viaje-fin-de-curso-4oeso\/\" >            <\/a>       \r\n      <div class=\"advps-excerpt-one\" style=\"width:30%;height:100%;top:0; right:0;\">\r\n      \t<div class=\"advps-overlay-one\" style=\"background-color:#000000; -moz-opacity:0.6;filter:alpha(opacity=60);opacity:0.6;\"><\/div>\r\n        <div class=\"advps-excerpt-block-one\" style=\"text-align:left;color:#FFFFFF;-moz-opacity:1;filter:alpha(opacity=100);opacity:1;\">        \r\n        <h2 class=\"advs-title\" style=\"margin:5px 0px 10px 0px;color:#FFFFFF\"><a target=\"_self\" href=\"https:\/\/blogsaverroes.juntadeandalucia.es\/iesgranpoder\/2015\/12\/03\/reunion-urgente-para-padresmadres-viaje-fin-de-curso-4oeso\/\" style=\"margin:5px 0px 10px 0px;color:#FFFFFF\" >Reuni\u00f3n urgente para Padres\/Madres. Viaje Fin de Curso 4\u00baESO.<\/a><\/h2>\r\n          \r\n            <p>Se convoca, con car\u00e1cter urgente, reuni\u00f3n de Padres\/Madres del alumnado que realizar\u00e1 el Viaje de Fin de Curso de 4\u00baESO. D\u00eda: Mi\u00e9rcoles, 9. Hora: 16&#8217;00. Lugar: Biblioteca del Centro. &nbsp;<\/p>\n        <\/div>\r\n      <\/div>\r\n    <\/div>\r\n        <div class=\"advps-slide\">\r\n\t<a target=\"_self\" href=\"https:\/\/blogsaverroes.juntadeandalucia.es\/iesgranpoder\/2021\/06\/08\/relacion-de-libros-de-texto-para-el-curso-2021-2022-para-2o-y-4o-eso\/\" >      <img loading=\"lazy\" decoding=\"async\" width=\"240\" height=\"210\" src=\"https:\/\/blogsaverroes.juntadeandalucia.es\/iesgranpoder\/files\/2020\/09\/descarga.jpg\" class=\"attachment-full size-full wp-post-image\" alt=\"\" srcset=\"https:\/\/blogsaverroes.juntadeandalucia.es\/iesgranpoder\/files\/2020\/09\/descarga.jpg 240w, https:\/\/blogsaverroes.juntadeandalucia.es\/iesgranpoder\/files\/2020\/09\/descarga-24x21.jpg 24w, https:\/\/blogsaverroes.juntadeandalucia.es\/iesgranpoder\/files\/2020\/09\/descarga-36x32.jpg 36w, https:\/\/blogsaverroes.juntadeandalucia.es\/iesgranpoder\/files\/2020\/09\/descarga-48x42.jpg 48w\" sizes=\"(max-width: 240px) 100vw, 240px\" \/>      <\/a>       \r\n      <div class=\"advps-excerpt-one\" style=\"width:30%;height:100%;top:0; right:0;\">\r\n      \t<div class=\"advps-overlay-one\" style=\"background-color:#000000; -moz-opacity:0.6;filter:alpha(opacity=60);opacity:0.6;\"><\/div>\r\n        <div class=\"advps-excerpt-block-one\" style=\"text-align:left;color:#FFFFFF;-moz-opacity:1;filter:alpha(opacity=100);opacity:1;\">        \r\n        <h2 class=\"advs-title\" style=\"margin:5px 0px 10px 0px;color:#FFFFFF\"><a target=\"_self\" href=\"https:\/\/blogsaverroes.juntadeandalucia.es\/iesgranpoder\/2021\/06\/08\/relacion-de-libros-de-texto-para-el-curso-2021-2022-para-2o-y-4o-eso\/\" style=\"margin:5px 0px 10px 0px;color:#FFFFFF\" >RELACI\u00d3N DE LIBROS DE TEXTO PARA EL CURSO 2021\/2022 PARA 2\u00ba Y 4\u00ba ESO<\/a><\/h2>\r\n          \r\n            <p>RELACI\u00d3N LIBROS DE TEXTO PUBLICACION<\/p>\n        <\/div>\r\n      <\/div>\r\n    <\/div>\r\n        <div class=\"advps-slide\">\r\n\t<a target=\"_self\" href=\"https:\/\/blogsaverroes.juntadeandalucia.es\/iesgranpoder\/2023\/09\/13\/inicio-del-curso-23-24\/\" >      <img loading=\"lazy\" decoding=\"async\" width=\"512\" height=\"269\" src=\"https:\/\/blogsaverroes.juntadeandalucia.es\/iesgranpoder\/files\/2022\/09\/inicio-curso-2022-23.png\" class=\"attachment-full size-full wp-post-image\" alt=\"\" srcset=\"https:\/\/blogsaverroes.juntadeandalucia.es\/iesgranpoder\/files\/2022\/09\/inicio-curso-2022-23.png 512w, https:\/\/blogsaverroes.juntadeandalucia.es\/iesgranpoder\/files\/2022\/09\/inicio-curso-2022-23-300x158.png 300w\" sizes=\"(max-width: 512px) 100vw, 512px\" \/>      <\/a>       \r\n      <div class=\"advps-excerpt-one\" style=\"width:30%;height:100%;top:0; right:0;\">\r\n      \t<div class=\"advps-overlay-one\" style=\"background-color:#000000; -moz-opacity:0.6;filter:alpha(opacity=60);opacity:0.6;\"><\/div>\r\n        <div class=\"advps-excerpt-block-one\" style=\"text-align:left;color:#FFFFFF;-moz-opacity:1;filter:alpha(opacity=100);opacity:1;\">        \r\n        <h2 class=\"advs-title\" style=\"margin:5px 0px 10px 0px;color:#FFFFFF\"><a target=\"_self\" href=\"https:\/\/blogsaverroes.juntadeandalucia.es\/iesgranpoder\/2023\/09\/13\/inicio-del-curso-23-24\/\" style=\"margin:5px 0px 10px 0px;color:#FFFFFF\" >INICIO DEL CURSO 23\/24<\/a><\/h2>\r\n          \r\n            <p>Estimadas familias: les informamos del inicio de curso: &nbsp;Ma\u00f1ana jueves 14 de septiembre podr\u00e1n ver en PASEN el grupo en el que est\u00e1n sus hijos\/as. Viernes 15 septiembre TODO EL&#46;&#46;&#46;<\/p>\n        <\/div>\r\n      <\/div>\r\n    <\/div>\r\n        <div class=\"advps-slide\">\r\n\t<a target=\"_self\" href=\"https:\/\/blogsaverroes.juntadeandalucia.es\/iesgranpoder\/2015\/11\/23\/25n-dia-contra-la-violencia-de-genero\/\" >            <\/a>       \r\n      <div class=\"advps-excerpt-one\" style=\"width:30%;height:100%;top:0; right:0;\">\r\n      \t<div class=\"advps-overlay-one\" style=\"background-color:#000000; -moz-opacity:0.6;filter:alpha(opacity=60);opacity:0.6;\"><\/div>\r\n        <div class=\"advps-excerpt-block-one\" style=\"text-align:left;color:#FFFFFF;-moz-opacity:1;filter:alpha(opacity=100);opacity:1;\">        \r\n        <h2 class=\"advs-title\" style=\"margin:5px 0px 10px 0px;color:#FFFFFF\"><a target=\"_self\" href=\"https:\/\/blogsaverroes.juntadeandalucia.es\/iesgranpoder\/2015\/11\/23\/25n-dia-contra-la-violencia-de-genero\/\" style=\"margin:5px 0px 10px 0px;color:#FFFFFF\" >25N: D\u00eda contra la Violencia de G\u00e9nero<\/a><\/h2>\r\n          \r\n            <p>El d\u00eda 25 de noviembre se celebra el D\u00eda Internacional contra la Violencia de G\u00e9nero. P\u00e1gina de la ONU sobre\u00a0el d\u00eda. Portal de Igualdad de la Consejer\u00eda de Educaci\u00f3n. P\u00e1gina&#46;&#46;&#46;<\/p>\n        <\/div>\r\n      <\/div>\r\n    <\/div>\r\n        <div class=\"advps-slide\">\r\n\t<a target=\"_self\" href=\"https:\/\/blogsaverroes.juntadeandalucia.es\/iesgranpoder\/2020\/05\/16\/reanudacion-del-proceso-de-escolarizacion-solo-para-alumnos-de-nuevo-ingreso\/\" >      <img loading=\"lazy\" decoding=\"async\" width=\"1600\" height=\"900\" src=\"https:\/\/blogsaverroes.juntadeandalucia.es\/iesgranpoder\/files\/2020\/05\/cartel-difusi\u00f3n-escolarizaci\u00f3n_page-0001.jpg\" class=\"attachment-full size-full wp-post-image\" alt=\"\" srcset=\"https:\/\/blogsaverroes.juntadeandalucia.es\/iesgranpoder\/files\/2020\/05\/cartel-difusi\u00f3n-escolarizaci\u00f3n_page-0001.jpg 1600w, https:\/\/blogsaverroes.juntadeandalucia.es\/iesgranpoder\/files\/2020\/05\/cartel-difusi\u00f3n-escolarizaci\u00f3n_page-0001-300x169.jpg 300w, https:\/\/blogsaverroes.juntadeandalucia.es\/iesgranpoder\/files\/2020\/05\/cartel-difusi\u00f3n-escolarizaci\u00f3n_page-0001-768x432.jpg 768w, https:\/\/blogsaverroes.juntadeandalucia.es\/iesgranpoder\/files\/2020\/05\/cartel-difusi\u00f3n-escolarizaci\u00f3n_page-0001-1024x576.jpg 1024w, https:\/\/blogsaverroes.juntadeandalucia.es\/iesgranpoder\/files\/2020\/05\/cartel-difusi\u00f3n-escolarizaci\u00f3n_page-0001-24x14.jpg 24w, https:\/\/blogsaverroes.juntadeandalucia.es\/iesgranpoder\/files\/2020\/05\/cartel-difusi\u00f3n-escolarizaci\u00f3n_page-0001-36x20.jpg 36w, https:\/\/blogsaverroes.juntadeandalucia.es\/iesgranpoder\/files\/2020\/05\/cartel-difusi\u00f3n-escolarizaci\u00f3n_page-0001-48x27.jpg 48w\" sizes=\"(max-width: 1600px) 100vw, 1600px\" \/>      <\/a>       \r\n      <div class=\"advps-excerpt-one\" style=\"width:30%;height:100%;top:0; right:0;\">\r\n      \t<div class=\"advps-overlay-one\" style=\"background-color:#000000; -moz-opacity:0.6;filter:alpha(opacity=60);opacity:0.6;\"><\/div>\r\n        <div class=\"advps-excerpt-block-one\" style=\"text-align:left;color:#FFFFFF;-moz-opacity:1;filter:alpha(opacity=100);opacity:1;\">        \r\n        <h2 class=\"advs-title\" style=\"margin:5px 0px 10px 0px;color:#FFFFFF\"><a target=\"_self\" href=\"https:\/\/blogsaverroes.juntadeandalucia.es\/iesgranpoder\/2020\/05\/16\/reanudacion-del-proceso-de-escolarizacion-solo-para-alumnos-de-nuevo-ingreso\/\" style=\"margin:5px 0px 10px 0px;color:#FFFFFF\" >REANUDACI\u00d3N DEL PROCESO DE ESCOLARIZACI\u00d3N (S\u00d3LO PARA ALUMNOS DE NUEVO INGRESO)<\/a><\/h2>\r\n          \r\n            <p>A PARTIR DEL LUNES 18 Y HASTA EL 1 DE JUNIO SE REANUDA EL PLAZO PARA ALUMNOS DE NUEVO INGRESO. DEBER\u00c1 PEDIR CITA EN ESTA MISMA WEB DEL INSTITUTO, EN&#46;&#46;&#46;<\/p>\n        <\/div>\r\n      <\/div>\r\n    <\/div>\r\n        <div class=\"advps-slide\">\r\n\t<a target=\"_self\" href=\"https:\/\/blogsaverroes.juntadeandalucia.es\/iesgranpoder\/2022\/09\/09\/nueo-formulario-para-solictar-claves-de-pasen\/\" >      <img loading=\"lazy\" decoding=\"async\" width=\"321\" height=\"157\" src=\"https:\/\/blogsaverroes.juntadeandalucia.es\/iesgranpoder\/files\/2018\/12\/tutorial-pasen.jpg\" class=\"attachment-full size-full wp-post-image\" alt=\"\" srcset=\"https:\/\/blogsaverroes.juntadeandalucia.es\/iesgranpoder\/files\/2018\/12\/tutorial-pasen.jpg 321w, https:\/\/blogsaverroes.juntadeandalucia.es\/iesgranpoder\/files\/2018\/12\/tutorial-pasen-300x147.jpg 300w, https:\/\/blogsaverroes.juntadeandalucia.es\/iesgranpoder\/files\/2018\/12\/tutorial-pasen-320x157.jpg 320w, https:\/\/blogsaverroes.juntadeandalucia.es\/iesgranpoder\/files\/2018\/12\/tutorial-pasen-24x12.jpg 24w, https:\/\/blogsaverroes.juntadeandalucia.es\/iesgranpoder\/files\/2018\/12\/tutorial-pasen-36x18.jpg 36w, https:\/\/blogsaverroes.juntadeandalucia.es\/iesgranpoder\/files\/2018\/12\/tutorial-pasen-48x23.jpg 48w\" sizes=\"(max-width: 321px) 100vw, 321px\" \/>      <\/a>       \r\n      <div class=\"advps-excerpt-one\" style=\"width:30%;height:100%;top:0; right:0;\">\r\n      \t<div class=\"advps-overlay-one\" style=\"background-color:#000000; -moz-opacity:0.6;filter:alpha(opacity=60);opacity:0.6;\"><\/div>\r\n        <div class=\"advps-excerpt-block-one\" style=\"text-align:left;color:#FFFFFF;-moz-opacity:1;filter:alpha(opacity=100);opacity:1;\">        \r\n        <h2 class=\"advs-title\" style=\"margin:5px 0px 10px 0px;color:#FFFFFF\"><a target=\"_self\" href=\"https:\/\/blogsaverroes.juntadeandalucia.es\/iesgranpoder\/2022\/09\/09\/nueo-formulario-para-solictar-claves-de-pasen\/\" style=\"margin:5px 0px 10px 0px;color:#FFFFFF\" >NUEO FORMULARIO PARA SOLICTAR CLAVES DE PASEN<\/a><\/h2>\r\n          \r\n            <p>Estimadas familias: Si en alg\u00fan momento necesitan una nueva clave para acceder al sistema PASEN\/Ipasen, pueden solicitarlo a trav\u00e9s del formulario de la web del centro. https:\/\/blogsaverroes.juntadeandalucia.es\/iesgranpoder\/solicitud-nueva-clave-pasen\/&nbsp; &nbsp; Este servicio&#46;&#46;&#46;<\/p>\n        <\/div>\r\n      <\/div>\r\n    <\/div>\r\n        <div class=\"advps-slide\">\r\n\t<a target=\"_self\" href=\"https:\/\/blogsaverroes.juntadeandalucia.es\/iesgranpoder\/2016\/04\/24\/iv-centenario-de-la-muerte-de-cervantes\/\" >            <\/a>       \r\n      <div class=\"advps-excerpt-one\" style=\"width:30%;height:100%;top:0; right:0;\">\r\n      \t<div class=\"advps-overlay-one\" style=\"background-color:#000000; -moz-opacity:0.6;filter:alpha(opacity=60);opacity:0.6;\"><\/div>\r\n        <div class=\"advps-excerpt-block-one\" style=\"text-align:left;color:#FFFFFF;-moz-opacity:1;filter:alpha(opacity=100);opacity:1;\">        \r\n        <h2 class=\"advs-title\" style=\"margin:5px 0px 10px 0px;color:#FFFFFF\"><a target=\"_self\" href=\"https:\/\/blogsaverroes.juntadeandalucia.es\/iesgranpoder\/2016\/04\/24\/iv-centenario-de-la-muerte-de-cervantes\/\" style=\"margin:5px 0px 10px 0px;color:#FFFFFF\" >IV Centenario de la muerte de Cervantes<\/a><\/h2>\r\n          \r\n            <p>Con motivo del IV Centenario de la muerte de Miguel de Cervantes, realizamos\u00a0el pasado d\u00eda 22 de abril una lectura p\u00fablica de sus obras. La organizaci\u00f3n corri\u00f3 a cargo de&#46;&#46;&#46;<\/p>\n        <\/div>\r\n      <\/div>\r\n    <\/div>\r\n        <div class=\"advps-slide\">\r\n\t<a target=\"_self\" href=\"https:\/\/blogsaverroes.juntadeandalucia.es\/iesgranpoder\/2016\/12\/14\/cafe-con-ciencia-alumnos-participan-en-la-semana-de-la-ciencia-de-la-universidad-pablo-deolavide\/\" >      <img loading=\"lazy\" decoding=\"async\" width=\"290\" height=\"414\" src=\"https:\/\/blogsaverroes.juntadeandalucia.es\/iesgranpoder\/files\/2016\/12\/upoW.jpg\" class=\"attachment-full size-full wp-post-image\" alt=\"\" srcset=\"https:\/\/blogsaverroes.juntadeandalucia.es\/iesgranpoder\/files\/2016\/12\/upoW.jpg 290w, https:\/\/blogsaverroes.juntadeandalucia.es\/iesgranpoder\/files\/2016\/12\/upoW-210x300.jpg 210w, https:\/\/blogsaverroes.juntadeandalucia.es\/iesgranpoder\/files\/2016\/12\/upoW-17x24.jpg 17w, https:\/\/blogsaverroes.juntadeandalucia.es\/iesgranpoder\/files\/2016\/12\/upoW-25x36.jpg 25w, https:\/\/blogsaverroes.juntadeandalucia.es\/iesgranpoder\/files\/2016\/12\/upoW-34x48.jpg 34w\" sizes=\"(max-width: 290px) 100vw, 290px\" \/>      <\/a>       \r\n      <div class=\"advps-excerpt-one\" style=\"width:30%;height:100%;top:0; right:0;\">\r\n      \t<div class=\"advps-overlay-one\" style=\"background-color:#000000; -moz-opacity:0.6;filter:alpha(opacity=60);opacity:0.6;\"><\/div>\r\n        <div class=\"advps-excerpt-block-one\" style=\"text-align:left;color:#FFFFFF;-moz-opacity:1;filter:alpha(opacity=100);opacity:1;\">        \r\n        <h2 class=\"advs-title\" style=\"margin:5px 0px 10px 0px;color:#FFFFFF\"><a target=\"_self\" href=\"https:\/\/blogsaverroes.juntadeandalucia.es\/iesgranpoder\/2016\/12\/14\/cafe-con-ciencia-alumnos-participan-en-la-semana-de-la-ciencia-de-la-universidad-pablo-deolavide\/\" style=\"margin:5px 0px 10px 0px;color:#FFFFFF\" >Caf\u00e9 con Ciencia: Alumnos participan en la Semana de la Ciencia de la Universidad Pablo deOlavide.<\/a><\/h2>\r\n          \r\n            <p>El pasado mes de noviembre se celebr\u00f3 en todo el estado la Semana de la Ciencia, en la que diversos organismos relacionados con la investigaci\u00f3n y la docencia cient\u00edfica organizaron&#46;&#46;&#46;<\/p>\n        <\/div>\r\n      <\/div>\r\n    <\/div>\r\n        <div class=\"advps-slide\">\r\n\t<a target=\"_self\" href=\"https:\/\/blogsaverroes.juntadeandalucia.es\/iesgranpoder\/2026\/04\/08\/algunas-mejoras-del-centro\/\" >      <img loading=\"lazy\" decoding=\"async\" width=\"1024\" height=\"757\" src=\"https:\/\/blogsaverroes.juntadeandalucia.es\/iesgranpoder\/files\/2026\/04\/MEJORA-TU-CENTRO-LOGO.jpg\" class=\"attachment-full size-full wp-post-image\" alt=\"\" srcset=\"https:\/\/blogsaverroes.juntadeandalucia.es\/iesgranpoder\/files\/2026\/04\/MEJORA-TU-CENTRO-LOGO.jpg 1024w, https:\/\/blogsaverroes.juntadeandalucia.es\/iesgranpoder\/files\/2026\/04\/MEJORA-TU-CENTRO-LOGO-300x222.jpg 300w, https:\/\/blogsaverroes.juntadeandalucia.es\/iesgranpoder\/files\/2026\/04\/MEJORA-TU-CENTRO-LOGO-768x568.jpg 768w\" sizes=\"(max-width: 1024px) 100vw, 1024px\" \/>      <\/a>       \r\n      <div class=\"advps-excerpt-one\" style=\"width:30%;height:100%;top:0; right:0;\">\r\n      \t<div class=\"advps-overlay-one\" style=\"background-color:#000000; -moz-opacity:0.6;filter:alpha(opacity=60);opacity:0.6;\"><\/div>\r\n        <div class=\"advps-excerpt-block-one\" style=\"text-align:left;color:#FFFFFF;-moz-opacity:1;filter:alpha(opacity=100);opacity:1;\">        \r\n        <h2 class=\"advs-title\" style=\"margin:5px 0px 10px 0px;color:#FFFFFF\"><a target=\"_self\" href=\"https:\/\/blogsaverroes.juntadeandalucia.es\/iesgranpoder\/2026\/04\/08\/algunas-mejoras-del-centro\/\" style=\"margin:5px 0px 10px 0px;color:#FFFFFF\" >ALGUNAS MEJORAS DEL CENTRO<\/a><\/h2>\r\n          \r\n            <p>Estimada comunidad educativa: Este curso estamos realizando las siguientes mejoras: Se han colocado 10 aires acondicionados nuevos. Se han colocado 10 mesas de picnic en diferentes zonas del patio: la&#46;&#46;&#46;<\/p>\n        <\/div>\r\n      <\/div>\r\n    <\/div>\r\n        <div class=\"advps-slide\">\r\n\t<a target=\"_self\" href=\"https:\/\/blogsaverroes.juntadeandalucia.es\/iesgranpoder\/2024\/11\/13\/suspension-de-clases\/\" >      <img loading=\"lazy\" decoding=\"async\" width=\"685\" height=\"303\" src=\"https:\/\/blogsaverroes.juntadeandalucia.es\/iesgranpoder\/files\/2024\/11\/Sin-titulo.jpg\" class=\"attachment-full size-full wp-post-image\" alt=\"\" srcset=\"https:\/\/blogsaverroes.juntadeandalucia.es\/iesgranpoder\/files\/2024\/11\/Sin-titulo.jpg 685w, https:\/\/blogsaverroes.juntadeandalucia.es\/iesgranpoder\/files\/2024\/11\/Sin-titulo-300x133.jpg 300w\" sizes=\"(max-width: 685px) 100vw, 685px\" \/>      <\/a>       \r\n      <div class=\"advps-excerpt-one\" style=\"width:30%;height:100%;top:0; right:0;\">\r\n      \t<div class=\"advps-overlay-one\" style=\"background-color:#000000; -moz-opacity:0.6;filter:alpha(opacity=60);opacity:0.6;\"><\/div>\r\n        <div class=\"advps-excerpt-block-one\" style=\"text-align:left;color:#FFFFFF;-moz-opacity:1;filter:alpha(opacity=100);opacity:1;\">        \r\n        <h2 class=\"advs-title\" style=\"margin:5px 0px 10px 0px;color:#FFFFFF\"><a target=\"_self\" href=\"https:\/\/blogsaverroes.juntadeandalucia.es\/iesgranpoder\/2024\/11\/13\/suspension-de-clases\/\" style=\"margin:5px 0px 10px 0px;color:#FFFFFF\" >SUSPENSI\u00d3N DE CLASES<\/a><\/h2>\r\n          \r\n            <p>Ante los informes t\u00e9cnicos y permaneciendo la fase de emergencia situaci\u00f3n operativa 1 del Plan de Emergencia ante el riesgo de inundaciones, se le comunica que ma\u00f1ana d\u00eda 14 de&#46;&#46;&#46;<\/p>\n        <\/div>\r\n      <\/div>\r\n    <\/div>\r\n        <div class=\"advps-slide\">\r\n\t<a target=\"_self\" href=\"https:\/\/blogsaverroes.juntadeandalucia.es\/iesgranpoder\/2021\/06\/21\/alumnos-preseleccionados-prueba-estalmat-en-septiembre\/\" >      <img loading=\"lazy\" decoding=\"async\" width=\"1600\" height=\"1200\" src=\"https:\/\/blogsaverroes.juntadeandalucia.es\/iesgranpoder\/files\/2021\/06\/ALUMNOS-PRESELECCIONADOS-FERNANDO-Y-CARLA-scaled.jpg\" class=\"attachment-full size-full wp-post-image\" alt=\"\" srcset=\"https:\/\/blogsaverroes.juntadeandalucia.es\/iesgranpoder\/files\/2021\/06\/ALUMNOS-PRESELECCIONADOS-FERNANDO-Y-CARLA-scaled.jpg 1600w, https:\/\/blogsaverroes.juntadeandalucia.es\/iesgranpoder\/files\/2021\/06\/ALUMNOS-PRESELECCIONADOS-FERNANDO-Y-CARLA-300x225.jpg 300w, https:\/\/blogsaverroes.juntadeandalucia.es\/iesgranpoder\/files\/2021\/06\/ALUMNOS-PRESELECCIONADOS-FERNANDO-Y-CARLA-1024x768.jpg 1024w, https:\/\/blogsaverroes.juntadeandalucia.es\/iesgranpoder\/files\/2021\/06\/ALUMNOS-PRESELECCIONADOS-FERNANDO-Y-CARLA-768x576.jpg 768w, https:\/\/blogsaverroes.juntadeandalucia.es\/iesgranpoder\/files\/2021\/06\/ALUMNOS-PRESELECCIONADOS-FERNANDO-Y-CARLA-1536x1152.jpg 1536w, https:\/\/blogsaverroes.juntadeandalucia.es\/iesgranpoder\/files\/2021\/06\/ALUMNOS-PRESELECCIONADOS-FERNANDO-Y-CARLA-2048x1536.jpg 2048w\" sizes=\"(max-width: 1600px) 100vw, 1600px\" \/>      <\/a>       \r\n      <div class=\"advps-excerpt-one\" style=\"width:30%;height:100%;top:0; right:0;\">\r\n      \t<div class=\"advps-overlay-one\" style=\"background-color:#000000; -moz-opacity:0.6;filter:alpha(opacity=60);opacity:0.6;\"><\/div>\r\n        <div class=\"advps-excerpt-block-one\" style=\"text-align:left;color:#FFFFFF;-moz-opacity:1;filter:alpha(opacity=100);opacity:1;\">        \r\n        <h2 class=\"advs-title\" style=\"margin:5px 0px 10px 0px;color:#FFFFFF\"><a target=\"_self\" href=\"https:\/\/blogsaverroes.juntadeandalucia.es\/iesgranpoder\/2021\/06\/21\/alumnos-preseleccionados-prueba-estalmat-en-septiembre\/\" style=\"margin:5px 0px 10px 0px;color:#FFFFFF\" >ALUMNOS PRESELECCIONADOS PRUEBA ESTALMAT EN SEPTIEMBRE<\/a><\/h2>\r\n          \r\n            <p>Desde el Departamento de Matem\u00e1ticas hemos recibido con satisfacci\u00f3n y alegr\u00eda la noticia de la selecci\u00f3n de dos alumnos de nuestro instituto para poder realizar la prueba de ESTALMAT el&#46;&#46;&#46;<\/p>\n        <\/div>\r\n      <\/div>\r\n    <\/div>\r\n        <div class=\"advps-slide\">\r\n\t<a target=\"_self\" href=\"https:\/\/blogsaverroes.juntadeandalucia.es\/iesgranpoder\/2016\/12\/19\/circular-de-fin-de-trimestre\/\" >      <img loading=\"lazy\" decoding=\"async\" width=\"450\" height=\"425\" src=\"https:\/\/blogsaverroes.juntadeandalucia.es\/iesgranpoder\/files\/2016\/12\/adornos-navidenos-6.jpg\" class=\"attachment-full size-full wp-post-image\" alt=\"\" srcset=\"https:\/\/blogsaverroes.juntadeandalucia.es\/iesgranpoder\/files\/2016\/12\/adornos-navidenos-6.jpg 450w, https:\/\/blogsaverroes.juntadeandalucia.es\/iesgranpoder\/files\/2016\/12\/adornos-navidenos-6-300x283.jpg 300w, https:\/\/blogsaverroes.juntadeandalucia.es\/iesgranpoder\/files\/2016\/12\/adornos-navidenos-6-24x24.jpg 24w, https:\/\/blogsaverroes.juntadeandalucia.es\/iesgranpoder\/files\/2016\/12\/adornos-navidenos-6-36x34.jpg 36w, https:\/\/blogsaverroes.juntadeandalucia.es\/iesgranpoder\/files\/2016\/12\/adornos-navidenos-6-48x45.jpg 48w\" sizes=\"(max-width: 450px) 100vw, 450px\" \/>      <\/a>       \r\n      <div class=\"advps-excerpt-one\" style=\"width:30%;height:100%;top:0; right:0;\">\r\n      \t<div class=\"advps-overlay-one\" style=\"background-color:#000000; -moz-opacity:0.6;filter:alpha(opacity=60);opacity:0.6;\"><\/div>\r\n        <div class=\"advps-excerpt-block-one\" style=\"text-align:left;color:#FFFFFF;-moz-opacity:1;filter:alpha(opacity=100);opacity:1;\">        \r\n        <h2 class=\"advs-title\" style=\"margin:5px 0px 10px 0px;color:#FFFFFF\"><a target=\"_self\" href=\"https:\/\/blogsaverroes.juntadeandalucia.es\/iesgranpoder\/2016\/12\/19\/circular-de-fin-de-trimestre\/\" style=\"margin:5px 0px 10px 0px;color:#FFFFFF\" >Circular de Fin de Trimestre<\/a><\/h2>\r\n          \r\n            <p>Ver circular fin de primer trimestre 2016-17<\/p>\n        <\/div>\r\n      <\/div>\r\n    <\/div>\r\n        <div class=\"advps-slide\">\r\n\t<a target=\"_self\" href=\"https:\/\/blogsaverroes.juntadeandalucia.es\/iesgranpoder\/2017\/05\/08\/nuestro-alumnado-reta-a-cientificos-en-un-concurso-a-traves-de-internet\/\" >      <img loading=\"lazy\" decoding=\"async\" width=\"640\" height=\"480\" src=\"https:\/\/blogsaverroes.juntadeandalucia.es\/iesgranpoder\/files\/2017\/05\/IMG_9659.jpg\" class=\"attachment-full size-full wp-post-image\" alt=\"\" srcset=\"https:\/\/blogsaverroes.juntadeandalucia.es\/iesgranpoder\/files\/2017\/05\/IMG_9659.jpg 640w, https:\/\/blogsaverroes.juntadeandalucia.es\/iesgranpoder\/files\/2017\/05\/IMG_9659-300x225.jpg 300w, https:\/\/blogsaverroes.juntadeandalucia.es\/iesgranpoder\/files\/2017\/05\/IMG_9659-24x18.jpg 24w, https:\/\/blogsaverroes.juntadeandalucia.es\/iesgranpoder\/files\/2017\/05\/IMG_9659-36x27.jpg 36w, https:\/\/blogsaverroes.juntadeandalucia.es\/iesgranpoder\/files\/2017\/05\/IMG_9659-48x36.jpg 48w\" sizes=\"(max-width: 640px) 100vw, 640px\" \/>      <\/a>       \r\n      <div class=\"advps-excerpt-one\" style=\"width:30%;height:100%;top:0; right:0;\">\r\n      \t<div class=\"advps-overlay-one\" style=\"background-color:#000000; -moz-opacity:0.6;filter:alpha(opacity=60);opacity:0.6;\"><\/div>\r\n        <div class=\"advps-excerpt-block-one\" style=\"text-align:left;color:#FFFFFF;-moz-opacity:1;filter:alpha(opacity=100);opacity:1;\">        \r\n        <h2 class=\"advs-title\" style=\"margin:5px 0px 10px 0px;color:#FFFFFF\"><a target=\"_self\" href=\"https:\/\/blogsaverroes.juntadeandalucia.es\/iesgranpoder\/2017\/05\/08\/nuestro-alumnado-reta-a-cientificos-en-un-concurso-a-traves-de-internet\/\" style=\"margin:5px 0px 10px 0px;color:#FFFFFF\" >Nuestro alumnado reta a cient\u00edficos en un concurso a trav\u00e9s de Internet<\/a><\/h2>\r\n          \r\n            <p>Alumnos de&nbsp;nuestro centro han estado interactuando con cient\u00edficos de toda Espa\u00f1a en una actividad de divulgaci\u00f3n a trav\u00e9s de Internet cuyo objetivo es aumentar su inter\u00e9s por la ciencia. En&#46;&#46;&#46;<\/p>\n        <\/div>\r\n      <\/div>\r\n    <\/div>\r\n        <div class=\"advps-slide\">\r\n\t<a target=\"_self\" href=\"https:\/\/blogsaverroes.juntadeandalucia.es\/iesgranpoder\/2018\/10\/01\/reunion-inicio-de-curso\/\" >      <img loading=\"lazy\" decoding=\"async\" width=\"214\" height=\"235\" src=\"https:\/\/blogsaverroes.juntadeandalucia.es\/iesgranpoder\/files\/2018\/10\/incio-curso.jpg\" class=\"attachment-full size-full wp-post-image\" alt=\"\" srcset=\"https:\/\/blogsaverroes.juntadeandalucia.es\/iesgranpoder\/files\/2018\/10\/incio-curso.jpg 214w, https:\/\/blogsaverroes.juntadeandalucia.es\/iesgranpoder\/files\/2018\/10\/incio-curso-22x24.jpg 22w, https:\/\/blogsaverroes.juntadeandalucia.es\/iesgranpoder\/files\/2018\/10\/incio-curso-33x36.jpg 33w, https:\/\/blogsaverroes.juntadeandalucia.es\/iesgranpoder\/files\/2018\/10\/incio-curso-44x48.jpg 44w\" sizes=\"(max-width: 214px) 100vw, 214px\" \/>      <\/a>       \r\n      <div class=\"advps-excerpt-one\" style=\"width:30%;height:100%;top:0; right:0;\">\r\n      \t<div class=\"advps-overlay-one\" style=\"background-color:#000000; -moz-opacity:0.6;filter:alpha(opacity=60);opacity:0.6;\"><\/div>\r\n        <div class=\"advps-excerpt-block-one\" style=\"text-align:left;color:#FFFFFF;-moz-opacity:1;filter:alpha(opacity=100);opacity:1;\">        \r\n        <h2 class=\"advs-title\" style=\"margin:5px 0px 10px 0px;color:#FFFFFF\"><a target=\"_self\" href=\"https:\/\/blogsaverroes.juntadeandalucia.es\/iesgranpoder\/2018\/10\/01\/reunion-inicio-de-curso\/\" style=\"margin:5px 0px 10px 0px;color:#FFFFFF\" >REUNI\u00d3N INICIO DE CURSO<\/a><\/h2>\r\n          \r\n            <p>EL PR\u00d3XIMO 5 DE OCTUBRE SER\u00c1N LAS REUNIONES DE LOS TUTORES Y TUTORAS CON SUS RESPECTIVOS GRUPOS PARA DAR UNAS ORIENTACIONES GENERALES SOBRE EL CURSO.&nbsp; LAS REUNIONES SER\u00c1N ONLINE. CUANDO&#46;&#46;&#46;<\/p>\n        <\/div>\r\n      <\/div>\r\n    <\/div>\r\n        <div class=\"advps-slide\">\r\n\t<a target=\"_self\" href=\"https:\/\/blogsaverroes.juntadeandalucia.es\/iesgranpoder\/2020\/12\/18\/fase-final-v-olimpiada-matematica\/\" >      <img loading=\"lazy\" decoding=\"async\" width=\"1600\" height=\"1197\" src=\"https:\/\/blogsaverroes.juntadeandalucia.es\/iesgranpoder\/files\/2020\/12\/IMG_20201218_120646_1-scaled.jpg\" class=\"attachment-full size-full wp-post-image\" alt=\"\" srcset=\"https:\/\/blogsaverroes.juntadeandalucia.es\/iesgranpoder\/files\/2020\/12\/IMG_20201218_120646_1-scaled.jpg 1600w, https:\/\/blogsaverroes.juntadeandalucia.es\/iesgranpoder\/files\/2020\/12\/IMG_20201218_120646_1-300x224.jpg 300w, https:\/\/blogsaverroes.juntadeandalucia.es\/iesgranpoder\/files\/2020\/12\/IMG_20201218_120646_1-1024x766.jpg 1024w, https:\/\/blogsaverroes.juntadeandalucia.es\/iesgranpoder\/files\/2020\/12\/IMG_20201218_120646_1-768x574.jpg 768w, https:\/\/blogsaverroes.juntadeandalucia.es\/iesgranpoder\/files\/2020\/12\/IMG_20201218_120646_1-1536x1149.jpg 1536w, https:\/\/blogsaverroes.juntadeandalucia.es\/iesgranpoder\/files\/2020\/12\/IMG_20201218_120646_1-2048x1532.jpg 2048w, https:\/\/blogsaverroes.juntadeandalucia.es\/iesgranpoder\/files\/2020\/12\/IMG_20201218_120646_1-24x18.jpg 24w, https:\/\/blogsaverroes.juntadeandalucia.es\/iesgranpoder\/files\/2020\/12\/IMG_20201218_120646_1-36x27.jpg 36w, https:\/\/blogsaverroes.juntadeandalucia.es\/iesgranpoder\/files\/2020\/12\/IMG_20201218_120646_1-48x36.jpg 48w\" sizes=\"(max-width: 1600px) 100vw, 1600px\" \/>      <\/a>       \r\n      <div class=\"advps-excerpt-one\" style=\"width:30%;height:100%;top:0; right:0;\">\r\n      \t<div class=\"advps-overlay-one\" style=\"background-color:#000000; -moz-opacity:0.6;filter:alpha(opacity=60);opacity:0.6;\"><\/div>\r\n        <div class=\"advps-excerpt-block-one\" style=\"text-align:left;color:#FFFFFF;-moz-opacity:1;filter:alpha(opacity=100);opacity:1;\">        \r\n        <h2 class=\"advs-title\" style=\"margin:5px 0px 10px 0px;color:#FFFFFF\"><a target=\"_self\" href=\"https:\/\/blogsaverroes.juntadeandalucia.es\/iesgranpoder\/2020\/12\/18\/fase-final-v-olimpiada-matematica\/\" style=\"margin:5px 0px 10px 0px;color:#FFFFFF\" >FASE FINAL V OLIMPIADA MATEM\u00c1TICA<\/a><\/h2>\r\n          \r\n            <p>Hoy 18 de diciembre se celebr\u00f3 durante la ma\u00f1ana en nuestro instituto la FASE FINAL DE LA V OLIMPIADA MATEM\u00c1TICA DE OTO\u00d1O. Aqu\u00ed ten\u00e9is unas fotos con nuestros alumnos exprimiendo&#46;&#46;&#46;<\/p>\n        <\/div>\r\n      <\/div>\r\n    <\/div>\r\n        <div class=\"advps-slide\">\r\n\t<a target=\"_self\" href=\"https:\/\/blogsaverroes.juntadeandalucia.es\/iesgranpoder\/2020\/12\/07\/v-olimpiada-matematica-curso-2020-2021\/\" >      <img loading=\"lazy\" decoding=\"async\" width=\"750\" height=\"422\" src=\"https:\/\/blogsaverroes.juntadeandalucia.es\/iesgranpoder\/files\/2017\/10\/maths_blackboard.jpg\" class=\"attachment-full size-full wp-post-image\" alt=\"\" srcset=\"https:\/\/blogsaverroes.juntadeandalucia.es\/iesgranpoder\/files\/2017\/10\/maths_blackboard.jpg 750w, https:\/\/blogsaverroes.juntadeandalucia.es\/iesgranpoder\/files\/2017\/10\/maths_blackboard-300x169.jpg 300w, https:\/\/blogsaverroes.juntadeandalucia.es\/iesgranpoder\/files\/2017\/10\/maths_blackboard-24x14.jpg 24w, https:\/\/blogsaverroes.juntadeandalucia.es\/iesgranpoder\/files\/2017\/10\/maths_blackboard-36x20.jpg 36w, https:\/\/blogsaverroes.juntadeandalucia.es\/iesgranpoder\/files\/2017\/10\/maths_blackboard-48x27.jpg 48w\" sizes=\"(max-width: 750px) 100vw, 750px\" \/>      <\/a>       \r\n      <div class=\"advps-excerpt-one\" style=\"width:30%;height:100%;top:0; right:0;\">\r\n      \t<div class=\"advps-overlay-one\" style=\"background-color:#000000; -moz-opacity:0.6;filter:alpha(opacity=60);opacity:0.6;\"><\/div>\r\n        <div class=\"advps-excerpt-block-one\" style=\"text-align:left;color:#FFFFFF;-moz-opacity:1;filter:alpha(opacity=100);opacity:1;\">        \r\n        <h2 class=\"advs-title\" style=\"margin:5px 0px 10px 0px;color:#FFFFFF\"><a target=\"_self\" href=\"https:\/\/blogsaverroes.juntadeandalucia.es\/iesgranpoder\/2020\/12\/07\/v-olimpiada-matematica-curso-2020-2021\/\" style=\"margin:5px 0px 10px 0px;color:#FFFFFF\" >V OLIMPIADA MATEM\u00c1TICA CURSO 2020\/2021<\/a><\/h2>\r\n          \r\n            <p>El Departamento de Matem\u00e1ticas felicita a todos los alumnos y miembros del claustro participantes durante la V OLIMPIADA MATEM\u00c1TICA DE OTO\u00d1O que ha venido desarroll\u00e1ndose desde comienzos de curso y&#46;&#46;&#46;<\/p>\n        <\/div>\r\n      <\/div>\r\n    <\/div>\r\n        <div class=\"advps-slide\">\r\n\t<a target=\"_self\" href=\"https:\/\/blogsaverroes.juntadeandalucia.es\/iesgranpoder\/2020\/09\/11\/nuevo-acceso-al-chequelibro\/\" >      <img loading=\"lazy\" decoding=\"async\" width=\"240\" height=\"210\" src=\"https:\/\/blogsaverroes.juntadeandalucia.es\/iesgranpoder\/files\/2020\/09\/descarga.jpg\" class=\"attachment-full size-full wp-post-image\" alt=\"\" srcset=\"https:\/\/blogsaverroes.juntadeandalucia.es\/iesgranpoder\/files\/2020\/09\/descarga.jpg 240w, https:\/\/blogsaverroes.juntadeandalucia.es\/iesgranpoder\/files\/2020\/09\/descarga-24x21.jpg 24w, https:\/\/blogsaverroes.juntadeandalucia.es\/iesgranpoder\/files\/2020\/09\/descarga-36x32.jpg 36w, https:\/\/blogsaverroes.juntadeandalucia.es\/iesgranpoder\/files\/2020\/09\/descarga-48x42.jpg 48w\" sizes=\"(max-width: 240px) 100vw, 240px\" \/>      <\/a>       \r\n      <div class=\"advps-excerpt-one\" style=\"width:30%;height:100%;top:0; right:0;\">\r\n      \t<div class=\"advps-overlay-one\" style=\"background-color:#000000; -moz-opacity:0.6;filter:alpha(opacity=60);opacity:0.6;\"><\/div>\r\n        <div class=\"advps-excerpt-block-one\" style=\"text-align:left;color:#FFFFFF;-moz-opacity:1;filter:alpha(opacity=100);opacity:1;\">        \r\n        <h2 class=\"advs-title\" style=\"margin:5px 0px 10px 0px;color:#FFFFFF\"><a target=\"_self\" href=\"https:\/\/blogsaverroes.juntadeandalucia.es\/iesgranpoder\/2020\/09\/11\/nuevo-acceso-al-chequelibro\/\" style=\"margin:5px 0px 10px 0px;color:#FFFFFF\" >NUEVO ACCESO AL CHEQUELIBRO<\/a><\/h2>\r\n          \r\n            <p>Estimadas familias: nos comunican desde el equipo t\u00e9cnico de s\u00e9neca que hay un problema con el punto de recogida para que puedan descargar el chequelibro. As\u00ed que han habilitado la&#46;&#46;&#46;<\/p>\n        <\/div>\r\n      <\/div>\r\n    <\/div>\r\n        <div class=\"advps-slide\">\r\n\t<a target=\"_self\" href=\"https:\/\/blogsaverroes.juntadeandalucia.es\/iesgranpoder\/2016\/03\/07\/avance-del-programa-del-viaje-de-fin-de-curso-4oeso\/\" >            <\/a>       \r\n      <div class=\"advps-excerpt-one\" style=\"width:30%;height:100%;top:0; right:0;\">\r\n      \t<div class=\"advps-overlay-one\" style=\"background-color:#000000; -moz-opacity:0.6;filter:alpha(opacity=60);opacity:0.6;\"><\/div>\r\n        <div class=\"advps-excerpt-block-one\" style=\"text-align:left;color:#FFFFFF;-moz-opacity:1;filter:alpha(opacity=100);opacity:1;\">        \r\n        <h2 class=\"advs-title\" style=\"margin:5px 0px 10px 0px;color:#FFFFFF\"><a target=\"_self\" href=\"https:\/\/blogsaverroes.juntadeandalucia.es\/iesgranpoder\/2016\/03\/07\/avance-del-programa-del-viaje-de-fin-de-curso-4oeso\/\" style=\"margin:5px 0px 10px 0px;color:#FFFFFF\" >Avance del Programa del Viaje de Fin de Curso 4\u00baESO<\/a><\/h2>\r\n          \r\n            <p>Se est\u00e1n cerrando las \u00faltimas actividades del Viaje de Fin de Curso del alumnado de 4\u00baESO, que ser\u00e1 presentado a las familias definitivamente en la reuni\u00f3n del martes d\u00eda 15.&#46;&#46;&#46;<\/p>\n        <\/div>\r\n      <\/div>\r\n    <\/div>\r\n        <div class=\"advps-slide\">\r\n\t<a target=\"_self\" href=\"https:\/\/blogsaverroes.juntadeandalucia.es\/iesgranpoder\/2015\/11\/18\/aun-estamos-en-pruebas\/\" >            <\/a>       \r\n      <div class=\"advps-excerpt-one\" style=\"width:30%;height:100%;top:0; right:0;\">\r\n      \t<div class=\"advps-overlay-one\" style=\"background-color:#000000; -moz-opacity:0.6;filter:alpha(opacity=60);opacity:0.6;\"><\/div>\r\n        <div class=\"advps-excerpt-block-one\" style=\"text-align:left;color:#FFFFFF;-moz-opacity:1;filter:alpha(opacity=100);opacity:1;\">        \r\n        <h2 class=\"advs-title\" style=\"margin:5px 0px 10px 0px;color:#FFFFFF\"><a target=\"_self\" href=\"https:\/\/blogsaverroes.juntadeandalucia.es\/iesgranpoder\/2015\/11\/18\/aun-estamos-en-pruebas\/\" style=\"margin:5px 0px 10px 0px;color:#FFFFFF\" >A\u00fan estamos en pruebas.<\/a><\/h2>\r\n          \r\n            <p>El paso de la antigua a la nueva web ser\u00e1 gradual hasta principios de 2016 en el que desaparecer\u00e1 definitivamente la antigua. Mientras tanto, este sitio se ir\u00e1 poniendo al&#46;&#46;&#46;<\/p>\n        <\/div>\r\n      <\/div>\r\n    <\/div>\r\n        <div class=\"advps-slide\">\r\n\t<a target=\"_self\" href=\"https:\/\/blogsaverroes.juntadeandalucia.es\/iesgranpoder\/2016\/03\/31\/modelo-de-autorizacion-para-recoger-al-alumnado\/\" >            <\/a>       \r\n      <div class=\"advps-excerpt-one\" style=\"width:30%;height:100%;top:0; right:0;\">\r\n      \t<div class=\"advps-overlay-one\" style=\"background-color:#000000; -moz-opacity:0.6;filter:alpha(opacity=60);opacity:0.6;\"><\/div>\r\n        <div class=\"advps-excerpt-block-one\" style=\"text-align:left;color:#FFFFFF;-moz-opacity:1;filter:alpha(opacity=100);opacity:1;\">        \r\n        <h2 class=\"advs-title\" style=\"margin:5px 0px 10px 0px;color:#FFFFFF\"><a target=\"_self\" href=\"https:\/\/blogsaverroes.juntadeandalucia.es\/iesgranpoder\/2016\/03\/31\/modelo-de-autorizacion-para-recoger-al-alumnado\/\" style=\"margin:5px 0px 10px 0px;color:#FFFFFF\" >Modelo de autorizaci\u00f3n para recoger al alumnado<\/a><\/h2>\r\n          \r\n            <p>Si bien se ha informado en diversas ocasiones, siguen d\u00e1ndose problemas con la salida en horario extraordinario del alumnado cuando las personas que acuden a recogerlo no son su padre,&#46;&#46;&#46;<\/p>\n        <\/div>\r\n      <\/div>\r\n    <\/div>\r\n        <div class=\"advps-slide\">\r\n\t<a target=\"_self\" href=\"https:\/\/blogsaverroes.juntadeandalucia.es\/iesgranpoder\/2021\/02\/19\/antologia-poetica-en-tiempos-de-pandemia\/\" >      <img loading=\"lazy\" decoding=\"async\" width=\"438\" height=\"510\" src=\"https:\/\/blogsaverroes.juntadeandalucia.es\/iesgranpoder\/files\/2021\/02\/portada-antolog\u00eda.jpg\" class=\"attachment-full size-full wp-post-image\" alt=\"\" srcset=\"https:\/\/blogsaverroes.juntadeandalucia.es\/iesgranpoder\/files\/2021\/02\/portada-antolog\u00eda.jpg 438w, https:\/\/blogsaverroes.juntadeandalucia.es\/iesgranpoder\/files\/2021\/02\/portada-antolog\u00eda-258x300.jpg 258w\" sizes=\"(max-width: 438px) 100vw, 438px\" \/>      <\/a>       \r\n      <div class=\"advps-excerpt-one\" style=\"width:30%;height:100%;top:0; right:0;\">\r\n      \t<div class=\"advps-overlay-one\" style=\"background-color:#000000; -moz-opacity:0.6;filter:alpha(opacity=60);opacity:0.6;\"><\/div>\r\n        <div class=\"advps-excerpt-block-one\" style=\"text-align:left;color:#FFFFFF;-moz-opacity:1;filter:alpha(opacity=100);opacity:1;\">        \r\n        <h2 class=\"advs-title\" style=\"margin:5px 0px 10px 0px;color:#FFFFFF\"><a target=\"_self\" href=\"https:\/\/blogsaverroes.juntadeandalucia.es\/iesgranpoder\/2021\/02\/19\/antologia-poetica-en-tiempos-de-pandemia\/\" style=\"margin:5px 0px 10px 0px;color:#FFFFFF\" >ANTOLOG\u00cdA PO\u00c9TICA EN TIEMPOS DE PANDEMIA<\/a><\/h2>\r\n          \r\n            <p>Os compartimos el libro de poemas que han elaborado los alumnos y alumnas de los grupos de 2\u00ba ESO. La iniciativa surgi\u00f3 a partir de la circunstancia especial por COVID&#46;&#46;&#46;<\/p>\n        <\/div>\r\n      <\/div>\r\n    <\/div>\r\n        <div class=\"advps-slide\">\r\n\t<a target=\"_self\" href=\"https:\/\/blogsaverroes.juntadeandalucia.es\/iesgranpoder\/2021\/01\/25\/los-juegos-de-la-historia\/\" >      <img loading=\"lazy\" decoding=\"async\" width=\"1220\" height=\"1600\" src=\"https:\/\/blogsaverroes.juntadeandalucia.es\/iesgranpoder\/files\/2021\/01\/CARTEL-2.jpg\" class=\"attachment-full size-full wp-post-image\" alt=\"\" srcset=\"https:\/\/blogsaverroes.juntadeandalucia.es\/iesgranpoder\/files\/2021\/01\/CARTEL-2.jpg 1220w, https:\/\/blogsaverroes.juntadeandalucia.es\/iesgranpoder\/files\/2021\/01\/CARTEL-2-229x300.jpg 229w, https:\/\/blogsaverroes.juntadeandalucia.es\/iesgranpoder\/files\/2021\/01\/CARTEL-2-781x1024.jpg 781w, https:\/\/blogsaverroes.juntadeandalucia.es\/iesgranpoder\/files\/2021\/01\/CARTEL-2-768x1007.jpg 768w, https:\/\/blogsaverroes.juntadeandalucia.es\/iesgranpoder\/files\/2021\/01\/CARTEL-2-1171x1536.jpg 1171w, https:\/\/blogsaverroes.juntadeandalucia.es\/iesgranpoder\/files\/2021\/01\/CARTEL-2-1562x2048.jpg 1562w, https:\/\/blogsaverroes.juntadeandalucia.es\/iesgranpoder\/files\/2021\/01\/CARTEL-2-18x24.jpg 18w, https:\/\/blogsaverroes.juntadeandalucia.es\/iesgranpoder\/files\/2021\/01\/CARTEL-2-27x36.jpg 27w, https:\/\/blogsaverroes.juntadeandalucia.es\/iesgranpoder\/files\/2021\/01\/CARTEL-2-37x48.jpg 37w\" sizes=\"(max-width: 1220px) 100vw, 1220px\" \/>      <\/a>       \r\n      <div class=\"advps-excerpt-one\" style=\"width:30%;height:100%;top:0; right:0;\">\r\n      \t<div class=\"advps-overlay-one\" style=\"background-color:#000000; -moz-opacity:0.6;filter:alpha(opacity=60);opacity:0.6;\"><\/div>\r\n        <div class=\"advps-excerpt-block-one\" style=\"text-align:left;color:#FFFFFF;-moz-opacity:1;filter:alpha(opacity=100);opacity:1;\">        \r\n        <h2 class=\"advs-title\" style=\"margin:5px 0px 10px 0px;color:#FFFFFF\"><a target=\"_self\" href=\"https:\/\/blogsaverroes.juntadeandalucia.es\/iesgranpoder\/2021\/01\/25\/los-juegos-de-la-historia\/\" style=\"margin:5px 0px 10px 0px;color:#FFFFFF\" >LOS JUEGOS DE LA HISTORIA<\/a><\/h2>\r\n          \r\n            <p>UNA RUTA POR DOS HERMANAS<\/p>\n        <\/div>\r\n      <\/div>\r\n    <\/div>\r\n        <div class=\"advps-slide\">\r\n\t<a target=\"_self\" href=\"https:\/\/blogsaverroes.juntadeandalucia.es\/iesgranpoder\/2016\/10\/03\/plazo-de-admision-de-candidaturas-al-consejo-escolar\/\" >            <\/a>       \r\n      <div class=\"advps-excerpt-one\" style=\"width:30%;height:100%;top:0; right:0;\">\r\n      \t<div class=\"advps-overlay-one\" style=\"background-color:#000000; -moz-opacity:0.6;filter:alpha(opacity=60);opacity:0.6;\"><\/div>\r\n        <div class=\"advps-excerpt-block-one\" style=\"text-align:left;color:#FFFFFF;-moz-opacity:1;filter:alpha(opacity=100);opacity:1;\">        \r\n        <h2 class=\"advs-title\" style=\"margin:5px 0px 10px 0px;color:#FFFFFF\"><a target=\"_self\" href=\"https:\/\/blogsaverroes.juntadeandalucia.es\/iesgranpoder\/2016\/10\/03\/plazo-de-admision-de-candidaturas-al-consejo-escolar\/\" style=\"margin:5px 0px 10px 0px;color:#FFFFFF\" >Plazo de Admisi\u00f3n de Candidaturas al Consejo Escolar<\/a><\/h2>\r\n          \r\n            <p>Desde el d\u00eda 4 hasta el 17 de octubre, ambos inclusive, se pueden presentar las candidaturas al Consejo Escolar. EL MODELO DE CANDIDATURA SE PUEDE ENTREGAR CUMPLIMENTADO EN LA VENTANILLA&#46;&#46;&#46;<\/p>\n        <\/div>\r\n      <\/div>\r\n    <\/div>\r\n        <div class=\"advps-slide\">\r\n\t<a target=\"_self\" href=\"https:\/\/blogsaverroes.juntadeandalucia.es\/iesgranpoder\/2017\/04\/20\/sigue-el-viaje-de-fin-de-4oeso-en-twitter\/\" >            <\/a>       \r\n      <div class=\"advps-excerpt-one\" style=\"width:30%;height:100%;top:0; right:0;\">\r\n      \t<div class=\"advps-overlay-one\" style=\"background-color:#000000; -moz-opacity:0.6;filter:alpha(opacity=60);opacity:0.6;\"><\/div>\r\n        <div class=\"advps-excerpt-block-one\" style=\"text-align:left;color:#FFFFFF;-moz-opacity:1;filter:alpha(opacity=100);opacity:1;\">        \r\n        <h2 class=\"advs-title\" style=\"margin:5px 0px 10px 0px;color:#FFFFFF\"><a target=\"_self\" href=\"https:\/\/blogsaverroes.juntadeandalucia.es\/iesgranpoder\/2017\/04\/20\/sigue-el-viaje-de-fin-de-4oeso-en-twitter\/\" style=\"margin:5px 0px 10px 0px;color:#FFFFFF\" >Sigue el Viaje de Fin de 4\u00baESO en Twitter y Facebook<\/a><\/h2>\r\n          \r\n            <p>&nbsp; Ma\u00f1ana, d\u00eda 21 de abril parten para Italia los chicos y chicas de 4\u00baESO, acompa\u00f1ados por los profesores Sergio Jim\u00e9nez, Ana Rodr\u00edguez y Raquel Sim\u00f3n. Ser\u00e1n un total de&#46;&#46;&#46;<\/p>\n        <\/div>\r\n      <\/div>\r\n    <\/div>\r\n        <div class=\"advps-slide\">\r\n\t<a target=\"_self\" href=\"https:\/\/blogsaverroes.juntadeandalucia.es\/iesgranpoder\/2018\/12\/08\/tutorial-de-pasen-para-familias\/\" >      <img loading=\"lazy\" decoding=\"async\" width=\"321\" height=\"157\" src=\"https:\/\/blogsaverroes.juntadeandalucia.es\/iesgranpoder\/files\/2018\/12\/tutorial-pasen.jpg\" class=\"attachment-full size-full wp-post-image\" alt=\"\" srcset=\"https:\/\/blogsaverroes.juntadeandalucia.es\/iesgranpoder\/files\/2018\/12\/tutorial-pasen.jpg 321w, https:\/\/blogsaverroes.juntadeandalucia.es\/iesgranpoder\/files\/2018\/12\/tutorial-pasen-300x147.jpg 300w, https:\/\/blogsaverroes.juntadeandalucia.es\/iesgranpoder\/files\/2018\/12\/tutorial-pasen-320x157.jpg 320w, https:\/\/blogsaverroes.juntadeandalucia.es\/iesgranpoder\/files\/2018\/12\/tutorial-pasen-24x12.jpg 24w, https:\/\/blogsaverroes.juntadeandalucia.es\/iesgranpoder\/files\/2018\/12\/tutorial-pasen-36x18.jpg 36w, https:\/\/blogsaverroes.juntadeandalucia.es\/iesgranpoder\/files\/2018\/12\/tutorial-pasen-48x23.jpg 48w\" sizes=\"(max-width: 321px) 100vw, 321px\" \/>      <\/a>       \r\n      <div class=\"advps-excerpt-one\" style=\"width:30%;height:100%;top:0; right:0;\">\r\n      \t<div class=\"advps-overlay-one\" style=\"background-color:#000000; -moz-opacity:0.6;filter:alpha(opacity=60);opacity:0.6;\"><\/div>\r\n        <div class=\"advps-excerpt-block-one\" style=\"text-align:left;color:#FFFFFF;-moz-opacity:1;filter:alpha(opacity=100);opacity:1;\">        \r\n        <h2 class=\"advs-title\" style=\"margin:5px 0px 10px 0px;color:#FFFFFF\"><a target=\"_self\" href=\"https:\/\/blogsaverroes.juntadeandalucia.es\/iesgranpoder\/2018\/12\/08\/tutorial-de-pasen-para-familias\/\" style=\"margin:5px 0px 10px 0px;color:#FFFFFF\" >TUTORIAL DE PASEN PARA FAMILIAS<\/a><\/h2>\r\n          \r\n                    <\/div>\r\n      <\/div>\r\n    <\/div>\r\n        <div class=\"advps-slide\">\r\n\t<a target=\"_self\" href=\"https:\/\/blogsaverroes.juntadeandalucia.es\/iesgranpoder\/2020\/03\/17\/recomendaciones-del-departamento-de-orientacion\/\" >      <img loading=\"lazy\" decoding=\"async\" width=\"1600\" height=\"902\" src=\"https:\/\/blogsaverroes.juntadeandalucia.es\/iesgranpoder\/files\/2020\/03\/YOMEQUEDO-ENCASA-scaled.jpg\" class=\"attachment-full size-full wp-post-image\" alt=\"\" srcset=\"https:\/\/blogsaverroes.juntadeandalucia.es\/iesgranpoder\/files\/2020\/03\/YOMEQUEDO-ENCASA-scaled.jpg 1600w, https:\/\/blogsaverroes.juntadeandalucia.es\/iesgranpoder\/files\/2020\/03\/YOMEQUEDO-ENCASA-scaled-300x169.jpg 300w, https:\/\/blogsaverroes.juntadeandalucia.es\/iesgranpoder\/files\/2020\/03\/YOMEQUEDO-ENCASA-scaled-768x433.jpg 768w, https:\/\/blogsaverroes.juntadeandalucia.es\/iesgranpoder\/files\/2020\/03\/YOMEQUEDO-ENCASA-scaled-1024x577.jpg 1024w, https:\/\/blogsaverroes.juntadeandalucia.es\/iesgranpoder\/files\/2020\/03\/YOMEQUEDO-ENCASA-scaled-24x14.jpg 24w, https:\/\/blogsaverroes.juntadeandalucia.es\/iesgranpoder\/files\/2020\/03\/YOMEQUEDO-ENCASA-scaled-36x20.jpg 36w, https:\/\/blogsaverroes.juntadeandalucia.es\/iesgranpoder\/files\/2020\/03\/YOMEQUEDO-ENCASA-scaled-48x27.jpg 48w\" sizes=\"(max-width: 1600px) 100vw, 1600px\" \/>      <\/a>       \r\n      <div class=\"advps-excerpt-one\" style=\"width:30%;height:100%;top:0; right:0;\">\r\n      \t<div class=\"advps-overlay-one\" style=\"background-color:#000000; -moz-opacity:0.6;filter:alpha(opacity=60);opacity:0.6;\"><\/div>\r\n        <div class=\"advps-excerpt-block-one\" style=\"text-align:left;color:#FFFFFF;-moz-opacity:1;filter:alpha(opacity=100);opacity:1;\">        \r\n        <h2 class=\"advs-title\" style=\"margin:5px 0px 10px 0px;color:#FFFFFF\"><a target=\"_self\" href=\"https:\/\/blogsaverroes.juntadeandalucia.es\/iesgranpoder\/2020\/03\/17\/recomendaciones-del-departamento-de-orientacion\/\" style=\"margin:5px 0px 10px 0px;color:#FFFFFF\" >RECOMENDACIONES DEL DEPARTAMENTO DE ORIENTACI\u00d3N<\/a><\/h2>\r\n          \r\n            <p>https:\/\/blogsaverroes.juntadeandalucia.es\/iesgranpoder\/files\/2020\/03\/YOMEQUEDOENCASA-BY-GRUPOVID.pdf https:\/\/blogsaverroes.juntadeandalucia.es\/iesgranpoder\/files\/2020\/03\/Yo-aprendo-en-casa.pdf &nbsp; &nbsp;<\/p>\n        <\/div>\r\n      <\/div>\r\n    <\/div>\r\n        <div class=\"advps-slide\">\r\n\t<a target=\"_self\" href=\"https:\/\/blogsaverroes.juntadeandalucia.es\/iesgranpoder\/2016\/12\/22\/ya-esta-aqui-nuestra-revista-video\/\" >      <img loading=\"lazy\" decoding=\"async\" width=\"198\" height=\"280\" src=\"https:\/\/blogsaverroes.juntadeandalucia.es\/iesgranpoder\/files\/2016\/12\/portada-revista.jpg\" class=\"attachment-full size-full wp-post-image\" alt=\"\" srcset=\"https:\/\/blogsaverroes.juntadeandalucia.es\/iesgranpoder\/files\/2016\/12\/portada-revista.jpg 198w, https:\/\/blogsaverroes.juntadeandalucia.es\/iesgranpoder\/files\/2016\/12\/portada-revista-17x24.jpg 17w, https:\/\/blogsaverroes.juntadeandalucia.es\/iesgranpoder\/files\/2016\/12\/portada-revista-25x36.jpg 25w, https:\/\/blogsaverroes.juntadeandalucia.es\/iesgranpoder\/files\/2016\/12\/portada-revista-34x48.jpg 34w\" sizes=\"(max-width: 198px) 100vw, 198px\" \/>      <\/a>       \r\n      <div class=\"advps-excerpt-one\" style=\"width:30%;height:100%;top:0; right:0;\">\r\n      \t<div class=\"advps-overlay-one\" style=\"background-color:#000000; -moz-opacity:0.6;filter:alpha(opacity=60);opacity:0.6;\"><\/div>\r\n        <div class=\"advps-excerpt-block-one\" style=\"text-align:left;color:#FFFFFF;-moz-opacity:1;filter:alpha(opacity=100);opacity:1;\">        \r\n        <h2 class=\"advs-title\" style=\"margin:5px 0px 10px 0px;color:#FFFFFF\"><a target=\"_self\" href=\"https:\/\/blogsaverroes.juntadeandalucia.es\/iesgranpoder\/2016\/12\/22\/ya-esta-aqui-nuestra-revista-video\/\" style=\"margin:5px 0px 10px 0px;color:#FFFFFF\" >\u00a1Ya est\u00e1 aqu\u00ed nuestra revista! (v\u00eddeo)<\/a><\/h2>\r\n          \r\n            <p>El n\u00famero 2 de la revista \u00abgran power\u00bb ya ha salido. Pod\u00e9is comprarla al exclusivo precio de&#8230; \u00a1\u00a1\u00a150 cts!!! Esperamos vuestro apoyo adquiri\u00e9ndola. &nbsp;<\/p>\n        <\/div>\r\n      <\/div>\r\n    <\/div>\r\n        <div class=\"advps-slide\">\r\n\t<a target=\"_self\" href=\"https:\/\/blogsaverroes.juntadeandalucia.es\/iesgranpoder\/2017\/07\/10\/libros-de-texto-y-cheques-libro\/\" >            <\/a>       \r\n      <div class=\"advps-excerpt-one\" style=\"width:30%;height:100%;top:0; right:0;\">\r\n      \t<div class=\"advps-overlay-one\" style=\"background-color:#000000; -moz-opacity:0.6;filter:alpha(opacity=60);opacity:0.6;\"><\/div>\r\n        <div class=\"advps-excerpt-block-one\" style=\"text-align:left;color:#FFFFFF;-moz-opacity:1;filter:alpha(opacity=100);opacity:1;\">        \r\n        <h2 class=\"advs-title\" style=\"margin:5px 0px 10px 0px;color:#FFFFFF\"><a target=\"_self\" href=\"https:\/\/blogsaverroes.juntadeandalucia.es\/iesgranpoder\/2017\/07\/10\/libros-de-texto-y-cheques-libro\/\" style=\"margin:5px 0px 10px 0px;color:#FFFFFF\" >Libros de Texto y Cheques Libro<\/a><\/h2>\r\n          \r\n            <p>En el curso 2017\/2018 el alumnado de 2\u00ba y 4\u00baESO deber\u00e1 adquirir los libros de texto tras la oportuna expedici\u00f3n por parte del centro de los Cheques-Libro del Plan de&#46;&#46;&#46;<\/p>\n        <\/div>\r\n      <\/div>\r\n    <\/div>\r\n        <div class=\"advps-slide\">\r\n\t<a target=\"_self\" href=\"https:\/\/blogsaverroes.juntadeandalucia.es\/iesgranpoder\/2021\/05\/26\/tutorial-para-la-matricula-online\/\" >      <img loading=\"lazy\" decoding=\"async\" width=\"320\" height=\"180\" src=\"https:\/\/blogsaverroes.juntadeandalucia.es\/iesgranpoder\/files\/2021\/05\/mqdefault.jpg\" class=\"attachment-full size-full wp-post-image\" alt=\"\" srcset=\"https:\/\/blogsaverroes.juntadeandalucia.es\/iesgranpoder\/files\/2021\/05\/mqdefault.jpg 320w, https:\/\/blogsaverroes.juntadeandalucia.es\/iesgranpoder\/files\/2021\/05\/mqdefault-300x169.jpg 300w\" sizes=\"(max-width: 320px) 100vw, 320px\" \/>      <\/a>       \r\n      <div class=\"advps-excerpt-one\" style=\"width:30%;height:100%;top:0; right:0;\">\r\n      \t<div class=\"advps-overlay-one\" style=\"background-color:#000000; -moz-opacity:0.6;filter:alpha(opacity=60);opacity:0.6;\"><\/div>\r\n        <div class=\"advps-excerpt-block-one\" style=\"text-align:left;color:#FFFFFF;-moz-opacity:1;filter:alpha(opacity=100);opacity:1;\">        \r\n        <h2 class=\"advs-title\" style=\"margin:5px 0px 10px 0px;color:#FFFFFF\"><a target=\"_self\" href=\"https:\/\/blogsaverroes.juntadeandalucia.es\/iesgranpoder\/2021\/05\/26\/tutorial-para-la-matricula-online\/\" style=\"margin:5px 0px 10px 0px;color:#FFFFFF\" >TUTORIAL PARA  LA MATR\u00cdCULA ONLINE<\/a><\/h2>\r\n          \r\n            <p>Os compartimos un videotutorial del profesor Jos\u00e9 Manuel Patricio Toro, del IES Rey Alabez. https:\/\/www.youtube.com\/watch?v=wdvFrhWKHzQ&amp;t=1s&amp;ab_channel=Jos%C3%A9ManuelPatricioToro<\/p>\n        <\/div>\r\n      <\/div>\r\n    <\/div>\r\n        <div class=\"advps-slide\">\r\n\t<a target=\"_self\" href=\"https:\/\/blogsaverroes.juntadeandalucia.es\/iesgranpoder\/2021\/03\/24\/36a-olimpiada-matematica-thales\/\" >      <img loading=\"lazy\" decoding=\"async\" width=\"1131\" height=\"1600\" src=\"https:\/\/blogsaverroes.juntadeandalucia.es\/iesgranpoder\/files\/2021\/03\/0001-scaled.jpg\" class=\"attachment-full size-full wp-post-image\" alt=\"\" srcset=\"https:\/\/blogsaverroes.juntadeandalucia.es\/iesgranpoder\/files\/2021\/03\/0001-scaled.jpg 1131w, https:\/\/blogsaverroes.juntadeandalucia.es\/iesgranpoder\/files\/2021\/03\/0001-212x300.jpg 212w, https:\/\/blogsaverroes.juntadeandalucia.es\/iesgranpoder\/files\/2021\/03\/0001-724x1024.jpg 724w, https:\/\/blogsaverroes.juntadeandalucia.es\/iesgranpoder\/files\/2021\/03\/0001-768x1086.jpg 768w, https:\/\/blogsaverroes.juntadeandalucia.es\/iesgranpoder\/files\/2021\/03\/0001-1086x1536.jpg 1086w, https:\/\/blogsaverroes.juntadeandalucia.es\/iesgranpoder\/files\/2021\/03\/0001-1448x2048.jpg 1448w\" sizes=\"(max-width: 1131px) 100vw, 1131px\" \/>      <\/a>       \r\n      <div class=\"advps-excerpt-one\" style=\"width:30%;height:100%;top:0; right:0;\">\r\n      \t<div class=\"advps-overlay-one\" style=\"background-color:#000000; -moz-opacity:0.6;filter:alpha(opacity=60);opacity:0.6;\"><\/div>\r\n        <div class=\"advps-excerpt-block-one\" style=\"text-align:left;color:#FFFFFF;-moz-opacity:1;filter:alpha(opacity=100);opacity:1;\">        \r\n        <h2 class=\"advs-title\" style=\"margin:5px 0px 10px 0px;color:#FFFFFF\"><a target=\"_self\" href=\"https:\/\/blogsaverroes.juntadeandalucia.es\/iesgranpoder\/2021\/03\/24\/36a-olimpiada-matematica-thales\/\" style=\"margin:5px 0px 10px 0px;color:#FFFFFF\" >36\u00aa OLIMPIADA MATEM\u00c1TICA THALES<\/a><\/h2>\r\n          \r\n            <p>El pasado s\u00e1bado 20 de marzo, varios alumnos de nuestro instituto participaron en la 36\u00aa Olimpiada Matem\u00e1tica THALES de 2\u00ba ESO. Fase provincial. La prueba hubo de realizarse de forma&#46;&#46;&#46;<\/p>\n        <\/div>\r\n      <\/div>\r\n    <\/div>\r\n        <div class=\"advps-slide\">\r\n\t<a target=\"_self\" href=\"https:\/\/blogsaverroes.juntadeandalucia.es\/iesgranpoder\/2020\/06\/08\/publicacion-listas-provisionales-de-admitidos-para-aquellos-que-entregaron-solicitud-de-admision\/\" >      <img loading=\"lazy\" decoding=\"async\" width=\"293\" height=\"172\" src=\"https:\/\/blogsaverroes.juntadeandalucia.es\/iesgranpoder\/files\/2020\/06\/listas-de-admitidos.jpg\" class=\"attachment-full size-full wp-post-image\" alt=\"\" srcset=\"https:\/\/blogsaverroes.juntadeandalucia.es\/iesgranpoder\/files\/2020\/06\/listas-de-admitidos.jpg 293w, https:\/\/blogsaverroes.juntadeandalucia.es\/iesgranpoder\/files\/2020\/06\/listas-de-admitidos-24x14.jpg 24w, https:\/\/blogsaverroes.juntadeandalucia.es\/iesgranpoder\/files\/2020\/06\/listas-de-admitidos-36x21.jpg 36w, https:\/\/blogsaverroes.juntadeandalucia.es\/iesgranpoder\/files\/2020\/06\/listas-de-admitidos-48x28.jpg 48w\" sizes=\"(max-width: 293px) 100vw, 293px\" \/>      <\/a>       \r\n      <div class=\"advps-excerpt-one\" style=\"width:30%;height:100%;top:0; right:0;\">\r\n      \t<div class=\"advps-overlay-one\" style=\"background-color:#000000; -moz-opacity:0.6;filter:alpha(opacity=60);opacity:0.6;\"><\/div>\r\n        <div class=\"advps-excerpt-block-one\" style=\"text-align:left;color:#FFFFFF;-moz-opacity:1;filter:alpha(opacity=100);opacity:1;\">        \r\n        <h2 class=\"advs-title\" style=\"margin:5px 0px 10px 0px;color:#FFFFFF\"><a target=\"_self\" href=\"https:\/\/blogsaverroes.juntadeandalucia.es\/iesgranpoder\/2020\/06\/08\/publicacion-listas-provisionales-de-admitidos-para-aquellos-que-entregaron-solicitud-de-admision\/\" style=\"margin:5px 0px 10px 0px;color:#FFFFFF\" >PUBLICACI\u00d3N LISTAS PROVISIONALES DE ADMITIDOS (para aquellos que entregaron solicitud de admisi\u00f3n)<\/a><\/h2>\r\n          \r\n            <p>A partir de ma\u00f1ana 9 de junio de 2020, las personas que entregaron solicitud de admisi\u00f3n en nuestro centro, podr\u00e1n consultar la lista provisional de admitidos que estar\u00e1 publicada en&#46;&#46;&#46;<\/p>\n        <\/div>\r\n      <\/div>\r\n    <\/div>\r\n        <div class=\"advps-slide\">\r\n\t<a target=\"_self\" href=\"https:\/\/blogsaverroes.juntadeandalucia.es\/iesgranpoder\/2021\/04\/15\/3710\/\" >      <img loading=\"lazy\" decoding=\"async\" width=\"1200\" height=\"1600\" src=\"https:\/\/blogsaverroes.juntadeandalucia.es\/iesgranpoder\/files\/2021\/04\/FERNANDO-CALLEJA-scaled.jpg\" class=\"attachment-full size-full wp-post-image\" alt=\"\" srcset=\"https:\/\/blogsaverroes.juntadeandalucia.es\/iesgranpoder\/files\/2021\/04\/FERNANDO-CALLEJA-scaled.jpg 1200w, https:\/\/blogsaverroes.juntadeandalucia.es\/iesgranpoder\/files\/2021\/04\/FERNANDO-CALLEJA-225x300.jpg 225w, https:\/\/blogsaverroes.juntadeandalucia.es\/iesgranpoder\/files\/2021\/04\/FERNANDO-CALLEJA-768x1024.jpg 768w, https:\/\/blogsaverroes.juntadeandalucia.es\/iesgranpoder\/files\/2021\/04\/FERNANDO-CALLEJA-1152x1536.jpg 1152w, https:\/\/blogsaverroes.juntadeandalucia.es\/iesgranpoder\/files\/2021\/04\/FERNANDO-CALLEJA-1536x2048.jpg 1536w\" sizes=\"(max-width: 1200px) 100vw, 1200px\" \/>      <\/a>       \r\n      <div class=\"advps-excerpt-one\" style=\"width:30%;height:100%;top:0; right:0;\">\r\n      \t<div class=\"advps-overlay-one\" style=\"background-color:#000000; -moz-opacity:0.6;filter:alpha(opacity=60);opacity:0.6;\"><\/div>\r\n        <div class=\"advps-excerpt-block-one\" style=\"text-align:left;color:#FFFFFF;-moz-opacity:1;filter:alpha(opacity=100);opacity:1;\">        \r\n        <h2 class=\"advs-title\" style=\"margin:5px 0px 10px 0px;color:#FFFFFF\"><a target=\"_self\" href=\"https:\/\/blogsaverroes.juntadeandalucia.es\/iesgranpoder\/2021\/04\/15\/3710\/\" style=\"margin:5px 0px 10px 0px;color:#FFFFFF\" ><\/a><\/h2>\r\n          \r\n            <p>Durante esta semana hemos recibido con alegr\u00eda la noticia de que FERNANDO CALLEJA MU\u00d1OZ (2\u00ba C), uno de nuestros cinco alumnos que participaron en la fase provincial, se ha clasificado&#46;&#46;&#46;<\/p>\n        <\/div>\r\n      <\/div>\r\n    <\/div>\r\n        <div class=\"advps-slide\">\r\n\t<a target=\"_self\" href=\"https:\/\/blogsaverroes.juntadeandalucia.es\/iesgranpoder\/2016\/11\/08\/visita-profesional-de-una-profesora-francesa\/\" >            <\/a>       \r\n      <div class=\"advps-excerpt-one\" style=\"width:30%;height:100%;top:0; right:0;\">\r\n      \t<div class=\"advps-overlay-one\" style=\"background-color:#000000; -moz-opacity:0.6;filter:alpha(opacity=60);opacity:0.6;\"><\/div>\r\n        <div class=\"advps-excerpt-block-one\" style=\"text-align:left;color:#FFFFFF;-moz-opacity:1;filter:alpha(opacity=100);opacity:1;\">        \r\n        <h2 class=\"advs-title\" style=\"margin:5px 0px 10px 0px;color:#FFFFFF\"><a target=\"_self\" href=\"https:\/\/blogsaverroes.juntadeandalucia.es\/iesgranpoder\/2016\/11\/08\/visita-profesional-de-una-profesora-francesa\/\" style=\"margin:5px 0px 10px 0px;color:#FFFFFF\" >Visita profesional de una profesora francesa<\/a><\/h2>\r\n          \r\n            <p>Durante estos d\u00edas est\u00e1 en nuestro centro la profesora Astrid Riou du Cosquer, de la especialidad de Educaci\u00f3n F\u00edsica, realizando una estancia profesional\u00a0dentro del marco de colaboraci\u00f3n entre el Ministerio&#46;&#46;&#46;<\/p>\n        <\/div>\r\n      <\/div>\r\n    <\/div>\r\n        <div class=\"advps-slide\">\r\n\t<a target=\"_self\" href=\"https:\/\/blogsaverroes.juntadeandalucia.es\/iesgranpoder\/2022\/03\/03\/procedimiento-de-escolarizacion\/\" >      <img loading=\"lazy\" decoding=\"async\" width=\"300\" height=\"168\" src=\"https:\/\/blogsaverroes.juntadeandalucia.es\/iesgranpoder\/files\/2021\/03\/IMAGEN-ESCOLARIZACI\u00d3N.jpg\" class=\"attachment-full size-full wp-post-image\" alt=\"\" \/>      <\/a>       \r\n      <div class=\"advps-excerpt-one\" style=\"width:30%;height:100%;top:0; right:0;\">\r\n      \t<div class=\"advps-overlay-one\" style=\"background-color:#000000; -moz-opacity:0.6;filter:alpha(opacity=60);opacity:0.6;\"><\/div>\r\n        <div class=\"advps-excerpt-block-one\" style=\"text-align:left;color:#FFFFFF;-moz-opacity:1;filter:alpha(opacity=100);opacity:1;\">        \r\n        <h2 class=\"advs-title\" style=\"margin:5px 0px 10px 0px;color:#FFFFFF\"><a target=\"_self\" href=\"https:\/\/blogsaverroes.juntadeandalucia.es\/iesgranpoder\/2022\/03\/03\/procedimiento-de-escolarizacion\/\" style=\"margin:5px 0px 10px 0px;color:#FFFFFF\" >PROCEDIMIENTO DE ESCOLARIZACI\u00d3N<\/a><\/h2>\r\n          \r\n            <p>Estimadas familias: Como cada a\u00f1o, durante el mes de marzo se abre el plazo para solicitar la escolarizaci\u00f3n (se trata de una solicitud, no de la matriculaci\u00f3n. La matr\u00edcula se&#46;&#46;&#46;<\/p>\n        <\/div>\r\n      <\/div>\r\n    <\/div>\r\n        <div class=\"advps-slide\">\r\n\t<a target=\"_self\" href=\"https:\/\/blogsaverroes.juntadeandalucia.es\/iesgranpoder\/2017\/02\/21\/exhibicion-de-unidad-canina-antigroga\/\" >      <img loading=\"lazy\" decoding=\"async\" width=\"1280\" height=\"960\" src=\"https:\/\/blogsaverroes.juntadeandalucia.es\/iesgranpoder\/files\/2017\/02\/policia3.jpg\" class=\"attachment-full size-full wp-post-image\" alt=\"\" srcset=\"https:\/\/blogsaverroes.juntadeandalucia.es\/iesgranpoder\/files\/2017\/02\/policia3.jpg 1280w, https:\/\/blogsaverroes.juntadeandalucia.es\/iesgranpoder\/files\/2017\/02\/policia3-300x225.jpg 300w, https:\/\/blogsaverroes.juntadeandalucia.es\/iesgranpoder\/files\/2017\/02\/policia3-1024x768.jpg 1024w, https:\/\/blogsaverroes.juntadeandalucia.es\/iesgranpoder\/files\/2017\/02\/policia3-24x18.jpg 24w, https:\/\/blogsaverroes.juntadeandalucia.es\/iesgranpoder\/files\/2017\/02\/policia3-36x27.jpg 36w, https:\/\/blogsaverroes.juntadeandalucia.es\/iesgranpoder\/files\/2017\/02\/policia3-48x36.jpg 48w\" sizes=\"(max-width: 1280px) 100vw, 1280px\" \/>      <\/a>       \r\n      <div class=\"advps-excerpt-one\" style=\"width:30%;height:100%;top:0; right:0;\">\r\n      \t<div class=\"advps-overlay-one\" style=\"background-color:#000000; -moz-opacity:0.6;filter:alpha(opacity=60);opacity:0.6;\"><\/div>\r\n        <div class=\"advps-excerpt-block-one\" style=\"text-align:left;color:#FFFFFF;-moz-opacity:1;filter:alpha(opacity=100);opacity:1;\">        \r\n        <h2 class=\"advs-title\" style=\"margin:5px 0px 10px 0px;color:#FFFFFF\"><a target=\"_self\" href=\"https:\/\/blogsaverroes.juntadeandalucia.es\/iesgranpoder\/2017\/02\/21\/exhibicion-de-unidad-canina-antigroga\/\" style=\"margin:5px 0px 10px 0px;color:#FFFFFF\" >Exhibici\u00f3n de unidad canina antigroga<\/a><\/h2>\r\n          \r\n            <p>En la ma\u00f1ana de ayer tuvo lugar en el patio del centro una exhibici\u00f3n de la unidad canina de la Polic\u00eda Local de Dos Hermanas, dentro de la actividad de&#46;&#46;&#46;<\/p>\n        <\/div>\r\n      <\/div>\r\n    <\/div>\r\n        <div class=\"advps-slide\">\r\n\t<a target=\"_self\" href=\"https:\/\/blogsaverroes.juntadeandalucia.es\/iesgranpoder\/2023\/03\/02\/presentacion-de-la-reunion-de-transito-con-los-colegios-de-primaria\/\" >      <img loading=\"lazy\" decoding=\"async\" width=\"300\" height=\"168\" src=\"https:\/\/blogsaverroes.juntadeandalucia.es\/iesgranpoder\/files\/2021\/03\/IMAGEN-ESCOLARIZACI\u00d3N.jpg\" class=\"attachment-full size-full wp-post-image\" alt=\"\" \/>      <\/a>       \r\n      <div class=\"advps-excerpt-one\" style=\"width:30%;height:100%;top:0; right:0;\">\r\n      \t<div class=\"advps-overlay-one\" style=\"background-color:#000000; -moz-opacity:0.6;filter:alpha(opacity=60);opacity:0.6;\"><\/div>\r\n        <div class=\"advps-excerpt-block-one\" style=\"text-align:left;color:#FFFFFF;-moz-opacity:1;filter:alpha(opacity=100);opacity:1;\">        \r\n        <h2 class=\"advs-title\" style=\"margin:5px 0px 10px 0px;color:#FFFFFF\"><a target=\"_self\" href=\"https:\/\/blogsaverroes.juntadeandalucia.es\/iesgranpoder\/2023\/03\/02\/presentacion-de-la-reunion-de-transito-con-los-colegios-de-primaria\/\" style=\"margin:5px 0px 10px 0px;color:#FFFFFF\" >PRESENTACI\u00d3N DE LA REUNI\u00d3N DE TR\u00c1NSITO CON LOS COLEGIOS DE PRIMARIA<\/a><\/h2>\r\n          \r\n            <p>En primer lugar, queremos agradecer a todos los que asistieron a la reuni\u00f3n.&nbsp; Tal y como se dijo, compartimos aqu\u00ed la presentaci\u00f3n que se expuso. Les esperamos en la Jornada&#46;&#46;&#46;<\/p>\n        <\/div>\r\n      <\/div>\r\n    <\/div>\r\n        <div class=\"advps-slide\">\r\n\t<a target=\"_self\" href=\"https:\/\/blogsaverroes.juntadeandalucia.es\/iesgranpoder\/2016\/10\/26\/reunion-inicial-de-tutorias-de-2o-3o-y-4oeso\/\" >            <\/a>       \r\n      <div class=\"advps-excerpt-one\" style=\"width:30%;height:100%;top:0; right:0;\">\r\n      \t<div class=\"advps-overlay-one\" style=\"background-color:#000000; -moz-opacity:0.6;filter:alpha(opacity=60);opacity:0.6;\"><\/div>\r\n        <div class=\"advps-excerpt-block-one\" style=\"text-align:left;color:#FFFFFF;-moz-opacity:1;filter:alpha(opacity=100);opacity:1;\">        \r\n        <h2 class=\"advs-title\" style=\"margin:5px 0px 10px 0px;color:#FFFFFF\"><a target=\"_self\" href=\"https:\/\/blogsaverroes.juntadeandalucia.es\/iesgranpoder\/2016\/10\/26\/reunion-inicial-de-tutorias-de-2o-3o-y-4oeso\/\" style=\"margin:5px 0px 10px 0px;color:#FFFFFF\" >Reuni\u00f3n inicial de Tutor\u00edas de 2\u00ba, 3\u00ba y 4\u00baESO<\/a><\/h2>\r\n          \r\n            <p>Se convoca a todas las familias\/tutores legales del alumnado de 2\u00ba, 3\u00ba y 4\u00baESO a la reuni\u00f3n inicial de tutor\u00edas que tendr\u00e1 lugar el pr\u00f3ximo MARTES 8 DE NOVIEMBRE, a&#46;&#46;&#46;<\/p>\n        <\/div>\r\n      <\/div>\r\n    <\/div>\r\n        <div class=\"advps-slide\">\r\n\t<a target=\"_self\" href=\"https:\/\/blogsaverroes.juntadeandalucia.es\/iesgranpoder\/2017\/12\/22\/final-de-la-ii-olimpiada-matematica-de-otono\/\" >      <img loading=\"lazy\" decoding=\"async\" width=\"1600\" height=\"1200\" src=\"https:\/\/blogsaverroes.juntadeandalucia.es\/iesgranpoder\/files\/2017\/12\/IMG-20171220-WA0001.jpg\" class=\"attachment-full size-full wp-post-image\" alt=\"\" srcset=\"https:\/\/blogsaverroes.juntadeandalucia.es\/iesgranpoder\/files\/2017\/12\/IMG-20171220-WA0001.jpg 1600w, https:\/\/blogsaverroes.juntadeandalucia.es\/iesgranpoder\/files\/2017\/12\/IMG-20171220-WA0001-300x225.jpg 300w, https:\/\/blogsaverroes.juntadeandalucia.es\/iesgranpoder\/files\/2017\/12\/IMG-20171220-WA0001-768x576.jpg 768w, https:\/\/blogsaverroes.juntadeandalucia.es\/iesgranpoder\/files\/2017\/12\/IMG-20171220-WA0001-1024x768.jpg 1024w, https:\/\/blogsaverroes.juntadeandalucia.es\/iesgranpoder\/files\/2017\/12\/IMG-20171220-WA0001-24x18.jpg 24w, https:\/\/blogsaverroes.juntadeandalucia.es\/iesgranpoder\/files\/2017\/12\/IMG-20171220-WA0001-36x27.jpg 36w, https:\/\/blogsaverroes.juntadeandalucia.es\/iesgranpoder\/files\/2017\/12\/IMG-20171220-WA0001-48x36.jpg 48w\" sizes=\"(max-width: 1600px) 100vw, 1600px\" \/>      <\/a>       \r\n      <div class=\"advps-excerpt-one\" style=\"width:30%;height:100%;top:0; right:0;\">\r\n      \t<div class=\"advps-overlay-one\" style=\"background-color:#000000; -moz-opacity:0.6;filter:alpha(opacity=60);opacity:0.6;\"><\/div>\r\n        <div class=\"advps-excerpt-block-one\" style=\"text-align:left;color:#FFFFFF;-moz-opacity:1;filter:alpha(opacity=100);opacity:1;\">        \r\n        <h2 class=\"advs-title\" style=\"margin:5px 0px 10px 0px;color:#FFFFFF\"><a target=\"_self\" href=\"https:\/\/blogsaverroes.juntadeandalucia.es\/iesgranpoder\/2017\/12\/22\/final-de-la-ii-olimpiada-matematica-de-otono\/\" style=\"margin:5px 0px 10px 0px;color:#FFFFFF\" >FINAL DE LA II OLIMPIADA MATEM\u00c1TICA DE OTO\u00d1O<\/a><\/h2>\r\n          \r\n            <p>El mi\u00e9rcoles 20 de diciembre pasado se realiz\u00f3 la segunda fase de la II Olimpiada Matem\u00e1tica de Oto\u00f1o. Aqu\u00ed ten\u00e9is los enunciados y algunas fotos con los participantes. PROBLEMAS FASE&#46;&#46;&#46;<\/p>\n        <\/div>\r\n      <\/div>\r\n    <\/div>\r\n        <div class=\"advps-slide\">\r\n\t<a target=\"_self\" href=\"https:\/\/blogsaverroes.juntadeandalucia.es\/iesgranpoder\/2020\/06\/12\/acceso-a-los-ciclos-formativos\/\" >      <img loading=\"lazy\" decoding=\"async\" width=\"248\" height=\"203\" src=\"https:\/\/blogsaverroes.juntadeandalucia.es\/iesgranpoder\/files\/2020\/06\/descarga.jpg\" class=\"attachment-full size-full wp-post-image\" alt=\"\" srcset=\"https:\/\/blogsaverroes.juntadeandalucia.es\/iesgranpoder\/files\/2020\/06\/descarga.jpg 248w, https:\/\/blogsaverroes.juntadeandalucia.es\/iesgranpoder\/files\/2020\/06\/descarga-24x20.jpg 24w, https:\/\/blogsaverroes.juntadeandalucia.es\/iesgranpoder\/files\/2020\/06\/descarga-36x29.jpg 36w, https:\/\/blogsaverroes.juntadeandalucia.es\/iesgranpoder\/files\/2020\/06\/descarga-48x39.jpg 48w\" sizes=\"(max-width: 248px) 100vw, 248px\" \/>      <\/a>       \r\n      <div class=\"advps-excerpt-one\" style=\"width:30%;height:100%;top:0; right:0;\">\r\n      \t<div class=\"advps-overlay-one\" style=\"background-color:#000000; -moz-opacity:0.6;filter:alpha(opacity=60);opacity:0.6;\"><\/div>\r\n        <div class=\"advps-excerpt-block-one\" style=\"text-align:left;color:#FFFFFF;-moz-opacity:1;filter:alpha(opacity=100);opacity:1;\">        \r\n        <h2 class=\"advs-title\" style=\"margin:5px 0px 10px 0px;color:#FFFFFF\"><a target=\"_self\" href=\"https:\/\/blogsaverroes.juntadeandalucia.es\/iesgranpoder\/2020\/06\/12\/acceso-a-los-ciclos-formativos\/\" style=\"margin:5px 0px 10px 0px;color:#FFFFFF\" >ACCESO A LOS CICLOS FORMATIVOS<\/a><\/h2>\r\n          \r\n            <p>ACCESO A CICLOS FORMATIVOS DE GRADO MEDIO &nbsp;<\/p>\n        <\/div>\r\n      <\/div>\r\n    <\/div>\r\n        <div class=\"advps-slide\">\r\n\t<a target=\"_self\" href=\"https:\/\/blogsaverroes.juntadeandalucia.es\/iesgranpoder\/2025\/01\/13\/participacion-en-1a-gala-premios-destacando\/\" >      <img loading=\"lazy\" decoding=\"async\" width=\"1152\" height=\"1600\" src=\"https:\/\/blogsaverroes.juntadeandalucia.es\/iesgranpoder\/files\/2025\/01\/CARTEL-GALA-DOS-HERMANAS-1.jpg\" class=\"attachment-full size-full wp-post-image\" alt=\"\" srcset=\"https:\/\/blogsaverroes.juntadeandalucia.es\/iesgranpoder\/files\/2025\/01\/CARTEL-GALA-DOS-HERMANAS-1.jpg 1152w, https:\/\/blogsaverroes.juntadeandalucia.es\/iesgranpoder\/files\/2025\/01\/CARTEL-GALA-DOS-HERMANAS-1-216x300.jpg 216w, https:\/\/blogsaverroes.juntadeandalucia.es\/iesgranpoder\/files\/2025\/01\/CARTEL-GALA-DOS-HERMANAS-1-737x1024.jpg 737w, https:\/\/blogsaverroes.juntadeandalucia.es\/iesgranpoder\/files\/2025\/01\/CARTEL-GALA-DOS-HERMANAS-1-768x1067.jpg 768w, https:\/\/blogsaverroes.juntadeandalucia.es\/iesgranpoder\/files\/2025\/01\/CARTEL-GALA-DOS-HERMANAS-1-1106x1536.jpg 1106w\" sizes=\"(max-width: 1152px) 100vw, 1152px\" \/>      <\/a>       \r\n      <div class=\"advps-excerpt-one\" style=\"width:30%;height:100%;top:0; right:0;\">\r\n      \t<div class=\"advps-overlay-one\" style=\"background-color:#000000; -moz-opacity:0.6;filter:alpha(opacity=60);opacity:0.6;\"><\/div>\r\n        <div class=\"advps-excerpt-block-one\" style=\"text-align:left;color:#FFFFFF;-moz-opacity:1;filter:alpha(opacity=100);opacity:1;\">        \r\n        <h2 class=\"advs-title\" style=\"margin:5px 0px 10px 0px;color:#FFFFFF\"><a target=\"_self\" href=\"https:\/\/blogsaverroes.juntadeandalucia.es\/iesgranpoder\/2025\/01\/13\/participacion-en-1a-gala-premios-destacando\/\" style=\"margin:5px 0px 10px 0px;color:#FFFFFF\" >PARTICIPACI\u00d3N EN 1\u00aa GALA PREMIOS DESTACANDO<\/a><\/h2>\r\n          \r\n            <p>La Asociaci\u00f3n Espa\u00f1ola para la Iniciativa Juvenil nos ha seleccionado, junto a otros centros, para participar en su 1 Gala Premios Destacando. Compartiremos nuestra experiencia en el aula de emociones&#46;&#46;&#46;<\/p>\n        <\/div>\r\n      <\/div>\r\n    <\/div>\r\n        <div class=\"advps-slide\">\r\n\t<a target=\"_self\" href=\"https:\/\/blogsaverroes.juntadeandalucia.es\/iesgranpoder\/2025\/06\/19\/informacion-entrega-libros-revisiones-y-matriculacion\/\" >            <\/a>       \r\n      <div class=\"advps-excerpt-one\" style=\"width:30%;height:100%;top:0; right:0;\">\r\n      \t<div class=\"advps-overlay-one\" style=\"background-color:#000000; -moz-opacity:0.6;filter:alpha(opacity=60);opacity:0.6;\"><\/div>\r\n        <div class=\"advps-excerpt-block-one\" style=\"text-align:left;color:#FFFFFF;-moz-opacity:1;filter:alpha(opacity=100);opacity:1;\">        \r\n        <h2 class=\"advs-title\" style=\"margin:5px 0px 10px 0px;color:#FFFFFF\"><a target=\"_self\" href=\"https:\/\/blogsaverroes.juntadeandalucia.es\/iesgranpoder\/2025\/06\/19\/informacion-entrega-libros-revisiones-y-matriculacion\/\" style=\"margin:5px 0px 10px 0px;color:#FFFFFF\" >INFORMACI\u00d3N ENTREGA LIBROS, REVISIONES Y MATR\u00cdCULACI\u00d3N<\/a><\/h2>\r\n          \r\n            <p>OPTATIVAS<\/p>\n        <\/div>\r\n      <\/div>\r\n    <\/div>\r\n        <div class=\"advps-slide\">\r\n\t<a target=\"_self\" href=\"https:\/\/blogsaverroes.juntadeandalucia.es\/iesgranpoder\/2016\/05\/11\/itinerario-definitivo-del-viaje-de-fin-de-curso\/\" >            <\/a>       \r\n      <div class=\"advps-excerpt-one\" style=\"width:30%;height:100%;top:0; right:0;\">\r\n      \t<div class=\"advps-overlay-one\" style=\"background-color:#000000; -moz-opacity:0.6;filter:alpha(opacity=60);opacity:0.6;\"><\/div>\r\n        <div class=\"advps-excerpt-block-one\" style=\"text-align:left;color:#FFFFFF;-moz-opacity:1;filter:alpha(opacity=100);opacity:1;\">        \r\n        <h2 class=\"advs-title\" style=\"margin:5px 0px 10px 0px;color:#FFFFFF\"><a target=\"_self\" href=\"https:\/\/blogsaverroes.juntadeandalucia.es\/iesgranpoder\/2016\/05\/11\/itinerario-definitivo-del-viaje-de-fin-de-curso\/\" style=\"margin:5px 0px 10px 0px;color:#FFFFFF\" >Itinerario definitivo del Viaje de Fin de Curso<\/a><\/h2>\r\n          \r\n            <p>El pr\u00f3ximo d\u00eda 19 parten para Londres los chicos y chicas de 4\u00baESO que realizan el Viaje de Fin de curso, acompa\u00f1ados por los profesores D.Sergio Jim\u00e9nez, D.\u00c1ngel camarena y&#46;&#46;&#46;<\/p>\n        <\/div>\r\n      <\/div>\r\n    <\/div>\r\n        <div class=\"advps-slide\">\r\n\t<a target=\"_self\" href=\"https:\/\/blogsaverroes.juntadeandalucia.es\/iesgranpoder\/2016\/05\/11\/recitando-a-kipling\/\" >            <\/a>       \r\n      <div class=\"advps-excerpt-one\" style=\"width:30%;height:100%;top:0; right:0;\">\r\n      \t<div class=\"advps-overlay-one\" style=\"background-color:#000000; -moz-opacity:0.6;filter:alpha(opacity=60);opacity:0.6;\"><\/div>\r\n        <div class=\"advps-excerpt-block-one\" style=\"text-align:left;color:#FFFFFF;-moz-opacity:1;filter:alpha(opacity=100);opacity:1;\">        \r\n        <h2 class=\"advs-title\" style=\"margin:5px 0px 10px 0px;color:#FFFFFF\"><a target=\"_self\" href=\"https:\/\/blogsaverroes.juntadeandalucia.es\/iesgranpoder\/2016\/05\/11\/recitando-a-kipling\/\" style=\"margin:5px 0px 10px 0px;color:#FFFFFF\" >Recitando a Kipling<\/a><\/h2>\r\n          \r\n            <p>Alumnos y alumnas de 3\u00baESO, bajo la direcci\u00f3n de la profesora de Ingl\u00e9s Liliana D\u00edaz recitan el poema \u00abIf\u00ab, escrito en 1895 por el autor brit\u00e1nico Ruyard Kipling.\u00a0\u00a0De este poema&#46;&#46;&#46;<\/p>\n        <\/div>\r\n      <\/div>\r\n    <\/div>\r\n        <div class=\"advps-slide\">\r\n\t<a target=\"_self\" href=\"https:\/\/blogsaverroes.juntadeandalucia.es\/iesgranpoder\/2024\/11\/14\/viernes-15-de-noviembre-se-retoman-las-clases\/\" >      <img loading=\"lazy\" decoding=\"async\" width=\"1600\" height=\"1600\" src=\"https:\/\/blogsaverroes.juntadeandalucia.es\/iesgranpoder\/files\/2024\/11\/WhatsApp-Image-2024-11-14-at-19.39.09.jpeg\" class=\"attachment-full size-full wp-post-image\" alt=\"\" srcset=\"https:\/\/blogsaverroes.juntadeandalucia.es\/iesgranpoder\/files\/2024\/11\/WhatsApp-Image-2024-11-14-at-19.39.09.jpeg 1600w, https:\/\/blogsaverroes.juntadeandalucia.es\/iesgranpoder\/files\/2024\/11\/WhatsApp-Image-2024-11-14-at-19.39.09-300x300.jpeg 300w, https:\/\/blogsaverroes.juntadeandalucia.es\/iesgranpoder\/files\/2024\/11\/WhatsApp-Image-2024-11-14-at-19.39.09-1024x1024.jpeg 1024w, https:\/\/blogsaverroes.juntadeandalucia.es\/iesgranpoder\/files\/2024\/11\/WhatsApp-Image-2024-11-14-at-19.39.09-150x150.jpeg 150w, https:\/\/blogsaverroes.juntadeandalucia.es\/iesgranpoder\/files\/2024\/11\/WhatsApp-Image-2024-11-14-at-19.39.09-768x768.jpeg 768w, https:\/\/blogsaverroes.juntadeandalucia.es\/iesgranpoder\/files\/2024\/11\/WhatsApp-Image-2024-11-14-at-19.39.09-1536x1536.jpeg 1536w, https:\/\/blogsaverroes.juntadeandalucia.es\/iesgranpoder\/files\/2024\/11\/WhatsApp-Image-2024-11-14-at-19.39.09-80x80.jpeg 80w, https:\/\/blogsaverroes.juntadeandalucia.es\/iesgranpoder\/files\/2024\/11\/WhatsApp-Image-2024-11-14-at-19.39.09-320x320.jpeg 320w\" sizes=\"(max-width: 1600px) 100vw, 1600px\" \/>      <\/a>       \r\n      <div class=\"advps-excerpt-one\" style=\"width:30%;height:100%;top:0; right:0;\">\r\n      \t<div class=\"advps-overlay-one\" style=\"background-color:#000000; -moz-opacity:0.6;filter:alpha(opacity=60);opacity:0.6;\"><\/div>\r\n        <div class=\"advps-excerpt-block-one\" style=\"text-align:left;color:#FFFFFF;-moz-opacity:1;filter:alpha(opacity=100);opacity:1;\">        \r\n        <h2 class=\"advs-title\" style=\"margin:5px 0px 10px 0px;color:#FFFFFF\"><a target=\"_self\" href=\"https:\/\/blogsaverroes.juntadeandalucia.es\/iesgranpoder\/2024\/11\/14\/viernes-15-de-noviembre-se-retoman-las-clases\/\" style=\"margin:5px 0px 10px 0px;color:#FFFFFF\" >VIERNES 15 DE NOVIEMBRE SE RETOMAN LAS CLASES<\/a><\/h2>\r\n          \r\n            <p>Estimada Comunidad Educativa: Tras la informaci\u00f3n recibida&nbsp; hoy a las 19:36h por delegaci\u00f3n: Informamos que ma\u00f1ana 15 de noviembre la jornada escolar se retoma con total normalidad, incluidas las actividades&#46;&#46;&#46;<\/p>\n        <\/div>\r\n      <\/div>\r\n    <\/div>\r\n        <div class=\"advps-slide\">\r\n\t<a target=\"_self\" href=\"https:\/\/blogsaverroes.juntadeandalucia.es\/iesgranpoder\/2015\/11\/30\/protocolo-para-recogida-del-alumnado-antes-de-la-hora-de-salida\/\" >            <\/a>       \r\n      <div class=\"advps-excerpt-one\" style=\"width:30%;height:100%;top:0; right:0;\">\r\n      \t<div class=\"advps-overlay-one\" style=\"background-color:#000000; -moz-opacity:0.6;filter:alpha(opacity=60);opacity:0.6;\"><\/div>\r\n        <div class=\"advps-excerpt-block-one\" style=\"text-align:left;color:#FFFFFF;-moz-opacity:1;filter:alpha(opacity=100);opacity:1;\">        \r\n        <h2 class=\"advs-title\" style=\"margin:5px 0px 10px 0px;color:#FFFFFF\"><a target=\"_self\" href=\"https:\/\/blogsaverroes.juntadeandalucia.es\/iesgranpoder\/2015\/11\/30\/protocolo-para-recogida-del-alumnado-antes-de-la-hora-de-salida\/\" style=\"margin:5px 0px 10px 0px;color:#FFFFFF\" >Protocolo para recogida del alumnado antes de la hora de salida.<\/a><\/h2>\r\n          \r\n            <p>Damos de nuevo publicidad al Protocolo \u00a0de Actuaci\u00f3n para la salida del Centro del Alumnado en Horario Extraordinario. Lamentamos las molestias que su aplicaci\u00f3n est\u00e1 provocando pero es preciso recordar&#46;&#46;&#46;<\/p>\n        <\/div>\r\n      <\/div>\r\n    <\/div>\r\n        <div class=\"advps-slide\">\r\n\t<a target=\"_self\" href=\"https:\/\/blogsaverroes.juntadeandalucia.es\/iesgranpoder\/2020\/06\/28\/como-acceder-a-la-clave-iande-para-poder-matricular-a-nuestros-hijos-as\/\" >      <img loading=\"lazy\" decoding=\"async\" width=\"263\" height=\"192\" src=\"https:\/\/blogsaverroes.juntadeandalucia.es\/iesgranpoder\/files\/2020\/05\/descarga.png\" class=\"attachment-full size-full wp-post-image\" alt=\"\" srcset=\"https:\/\/blogsaverroes.juntadeandalucia.es\/iesgranpoder\/files\/2020\/05\/descarga.png 263w, https:\/\/blogsaverroes.juntadeandalucia.es\/iesgranpoder\/files\/2020\/05\/descarga-24x18.png 24w, https:\/\/blogsaverroes.juntadeandalucia.es\/iesgranpoder\/files\/2020\/05\/descarga-36x26.png 36w, https:\/\/blogsaverroes.juntadeandalucia.es\/iesgranpoder\/files\/2020\/05\/descarga-48x35.png 48w\" sizes=\"(max-width: 263px) 100vw, 263px\" \/>      <\/a>       \r\n      <div class=\"advps-excerpt-one\" style=\"width:30%;height:100%;top:0; right:0;\">\r\n      \t<div class=\"advps-overlay-one\" style=\"background-color:#000000; -moz-opacity:0.6;filter:alpha(opacity=60);opacity:0.6;\"><\/div>\r\n        <div class=\"advps-excerpt-block-one\" style=\"text-align:left;color:#FFFFFF;-moz-opacity:1;filter:alpha(opacity=100);opacity:1;\">        \r\n        <h2 class=\"advs-title\" style=\"margin:5px 0px 10px 0px;color:#FFFFFF\"><a target=\"_self\" href=\"https:\/\/blogsaverroes.juntadeandalucia.es\/iesgranpoder\/2020\/06\/28\/como-acceder-a-la-clave-iande-para-poder-matricular-a-nuestros-hijos-as\/\" style=\"margin:5px 0px 10px 0px;color:#FFFFFF\" >C\u00d3MO ACCEDER A LA CLAVE iANDE PARA PODER MATRICULAR A NUESTROS HIJOS\/AS<\/a><\/h2>\r\n          \r\n            <p>CLICK AQU\u00cd PARA VER EL V\u00cdDEO EXPLICATIVO<\/p>\n        <\/div>\r\n      <\/div>\r\n    <\/div>\r\n        <div class=\"advps-slide\">\r\n\t<a target=\"_self\" href=\"https:\/\/blogsaverroes.juntadeandalucia.es\/iesgranpoder\/2021\/06\/08\/nuevas-materias-de-libre-configuracion-en-la-matricula\/\" >      <img loading=\"lazy\" decoding=\"async\" width=\"313\" height=\"161\" src=\"https:\/\/blogsaverroes.juntadeandalucia.es\/iesgranpoder\/files\/2021\/06\/optativas.png\" class=\"attachment-full size-full wp-post-image\" alt=\"\" srcset=\"https:\/\/blogsaverroes.juntadeandalucia.es\/iesgranpoder\/files\/2021\/06\/optativas.png 313w, https:\/\/blogsaverroes.juntadeandalucia.es\/iesgranpoder\/files\/2021\/06\/optativas-300x154.png 300w\" sizes=\"(max-width: 313px) 100vw, 313px\" \/>      <\/a>       \r\n      <div class=\"advps-excerpt-one\" style=\"width:30%;height:100%;top:0; right:0;\">\r\n      \t<div class=\"advps-overlay-one\" style=\"background-color:#000000; -moz-opacity:0.6;filter:alpha(opacity=60);opacity:0.6;\"><\/div>\r\n        <div class=\"advps-excerpt-block-one\" style=\"text-align:left;color:#FFFFFF;-moz-opacity:1;filter:alpha(opacity=100);opacity:1;\">        \r\n        <h2 class=\"advs-title\" style=\"margin:5px 0px 10px 0px;color:#FFFFFF\"><a target=\"_self\" href=\"https:\/\/blogsaverroes.juntadeandalucia.es\/iesgranpoder\/2021\/06\/08\/nuevas-materias-de-libre-configuracion-en-la-matricula\/\" style=\"margin:5px 0px 10px 0px;color:#FFFFFF\" >NUEVAS MATERIAS DE LIBRE CONFIGURACI\u00d3N EN LA MATR\u00cdCULA<\/a><\/h2>\r\n          \r\n            <p>Siguiendo la Orden de 15 de enero de 2021, para el pr\u00f3ximo curso 2021\/2022, los alumnos tendr\u00e1n algunas novedades en cuanto a las materias de libre configuraci\u00f3n a las que&#46;&#46;&#46;<\/p>\n        <\/div>\r\n      <\/div>\r\n    <\/div>\r\n        <div class=\"advps-slide\">\r\n\t<a target=\"_self\" href=\"https:\/\/blogsaverroes.juntadeandalucia.es\/iesgranpoder\/2016\/03\/15\/fin-de-trimestre\/\" >            <\/a>       \r\n      <div class=\"advps-excerpt-one\" style=\"width:30%;height:100%;top:0; right:0;\">\r\n      \t<div class=\"advps-overlay-one\" style=\"background-color:#000000; -moz-opacity:0.6;filter:alpha(opacity=60);opacity:0.6;\"><\/div>\r\n        <div class=\"advps-excerpt-block-one\" style=\"text-align:left;color:#FFFFFF;-moz-opacity:1;filter:alpha(opacity=100);opacity:1;\">        \r\n        <h2 class=\"advs-title\" style=\"margin:5px 0px 10px 0px;color:#FFFFFF\"><a target=\"_self\" href=\"https:\/\/blogsaverroes.juntadeandalucia.es\/iesgranpoder\/2016\/03\/15\/fin-de-trimestre\/\" style=\"margin:5px 0px 10px 0px;color:#FFFFFF\" >Fin de Trimestre<\/a><\/h2>\r\n          \r\n            <p>El pr\u00f3ximo viernes 18 finaliza el Segundo Trimestre del presente curso. Dicho d\u00eda se entregar\u00e1n los boletines de calificaciones al alumnado en el \u00faltimo tramo horario por lo que la&#46;&#46;&#46;<\/p>\n        <\/div>\r\n      <\/div>\r\n    <\/div>\r\n        <div class=\"advps-slide\">\r\n\t<a target=\"_self\" href=\"https:\/\/blogsaverroes.juntadeandalucia.es\/iesgranpoder\/2020\/05\/19\/aprende-a-manejarte-en-la-web-del-instituto\/\" >      <img loading=\"lazy\" decoding=\"async\" width=\"275\" height=\"183\" src=\"https:\/\/blogsaverroes.juntadeandalucia.es\/iesgranpoder\/files\/2020\/05\/images.jpg\" class=\"attachment-full size-full wp-post-image\" alt=\"\" srcset=\"https:\/\/blogsaverroes.juntadeandalucia.es\/iesgranpoder\/files\/2020\/05\/images.jpg 275w, https:\/\/blogsaverroes.juntadeandalucia.es\/iesgranpoder\/files\/2020\/05\/images-24x16.jpg 24w, https:\/\/blogsaverroes.juntadeandalucia.es\/iesgranpoder\/files\/2020\/05\/images-36x24.jpg 36w, https:\/\/blogsaverroes.juntadeandalucia.es\/iesgranpoder\/files\/2020\/05\/images-48x32.jpg 48w\" sizes=\"(max-width: 275px) 100vw, 275px\" \/>      <\/a>       \r\n      <div class=\"advps-excerpt-one\" style=\"width:30%;height:100%;top:0; right:0;\">\r\n      \t<div class=\"advps-overlay-one\" style=\"background-color:#000000; -moz-opacity:0.6;filter:alpha(opacity=60);opacity:0.6;\"><\/div>\r\n        <div class=\"advps-excerpt-block-one\" style=\"text-align:left;color:#FFFFFF;-moz-opacity:1;filter:alpha(opacity=100);opacity:1;\">        \r\n        <h2 class=\"advs-title\" style=\"margin:5px 0px 10px 0px;color:#FFFFFF\"><a target=\"_self\" href=\"https:\/\/blogsaverroes.juntadeandalucia.es\/iesgranpoder\/2020\/05\/19\/aprende-a-manejarte-en-la-web-del-instituto\/\" style=\"margin:5px 0px 10px 0px;color:#FFFFFF\" >APRENDE A MANEJARTE EN LA WEB DEL INSTITUTO<\/a><\/h2>\r\n          \r\n            <p>EN ESTE V\u00cdDEO TE EXPLICAMOS QU\u00c9 INFORMACI\u00d3N PUEDES RECIBIR EN ESTA WEB<\/p>\n        <\/div>\r\n      <\/div>\r\n    <\/div>\r\n        <div class=\"advps-slide\">\r\n\t<a target=\"_self\" href=\"https:\/\/blogsaverroes.juntadeandalucia.es\/iesgranpoder\/2022\/04\/07\/publicacion-del-baremo\/\" >      <img loading=\"lazy\" decoding=\"async\" width=\"300\" height=\"168\" src=\"https:\/\/blogsaverroes.juntadeandalucia.es\/iesgranpoder\/files\/2021\/03\/IMAGEN-ESCOLARIZACI\u00d3N.jpg\" class=\"attachment-full size-full wp-post-image\" alt=\"\" \/>      <\/a>       \r\n      <div class=\"advps-excerpt-one\" style=\"width:30%;height:100%;top:0; right:0;\">\r\n      \t<div class=\"advps-overlay-one\" style=\"background-color:#000000; -moz-opacity:0.6;filter:alpha(opacity=60);opacity:0.6;\"><\/div>\r\n        <div class=\"advps-excerpt-block-one\" style=\"text-align:left;color:#FFFFFF;-moz-opacity:1;filter:alpha(opacity=100);opacity:1;\">        \r\n        <h2 class=\"advs-title\" style=\"margin:5px 0px 10px 0px;color:#FFFFFF\"><a target=\"_self\" href=\"https:\/\/blogsaverroes.juntadeandalucia.es\/iesgranpoder\/2022\/04\/07\/publicacion-del-baremo\/\" style=\"margin:5px 0px 10px 0px;color:#FFFFFF\" >PUBLICACI\u00d3N DEL BAREMO<\/a><\/h2>\r\n          \r\n            <p>Ya pueden consultar la relaci\u00f3n de solicitudes recibidas en nuestro centro de cara a la escolarizaci\u00f3n para el curso 2022\/2023, as\u00ed como la relaci\u00f3n baremada de los alumnos\/as que han&#46;&#46;&#46;<\/p>\n        <\/div>\r\n      <\/div>\r\n    <\/div>\r\n        <div class=\"advps-slide\">\r\n\t<a target=\"_self\" href=\"https:\/\/blogsaverroes.juntadeandalucia.es\/iesgranpoder\/2019\/05\/20\/material-para-la-recuperacion-de-epva-1o-eso\/\" >      <img loading=\"lazy\" decoding=\"async\" width=\"1600\" height=\"725\" src=\"https:\/\/blogsaverroes.juntadeandalucia.es\/iesgranpoder\/files\/2019\/05\/epva.jpg\" class=\"attachment-full size-full wp-post-image\" alt=\"\" srcset=\"https:\/\/blogsaverroes.juntadeandalucia.es\/iesgranpoder\/files\/2019\/05\/epva.jpg 1600w, https:\/\/blogsaverroes.juntadeandalucia.es\/iesgranpoder\/files\/2019\/05\/epva-300x136.jpg 300w, https:\/\/blogsaverroes.juntadeandalucia.es\/iesgranpoder\/files\/2019\/05\/epva-768x348.jpg 768w, https:\/\/blogsaverroes.juntadeandalucia.es\/iesgranpoder\/files\/2019\/05\/epva-1024x464.jpg 1024w, https:\/\/blogsaverroes.juntadeandalucia.es\/iesgranpoder\/files\/2019\/05\/epva-24x11.jpg 24w, https:\/\/blogsaverroes.juntadeandalucia.es\/iesgranpoder\/files\/2019\/05\/epva-36x16.jpg 36w, https:\/\/blogsaverroes.juntadeandalucia.es\/iesgranpoder\/files\/2019\/05\/epva-48x22.jpg 48w\" sizes=\"(max-width: 1600px) 100vw, 1600px\" \/>      <\/a>       \r\n      <div class=\"advps-excerpt-one\" style=\"width:30%;height:100%;top:0; right:0;\">\r\n      \t<div class=\"advps-overlay-one\" style=\"background-color:#000000; -moz-opacity:0.6;filter:alpha(opacity=60);opacity:0.6;\"><\/div>\r\n        <div class=\"advps-excerpt-block-one\" style=\"text-align:left;color:#FFFFFF;-moz-opacity:1;filter:alpha(opacity=100);opacity:1;\">        \r\n        <h2 class=\"advs-title\" style=\"margin:5px 0px 10px 0px;color:#FFFFFF\"><a target=\"_self\" href=\"https:\/\/blogsaverroes.juntadeandalucia.es\/iesgranpoder\/2019\/05\/20\/material-para-la-recuperacion-de-epva-1o-eso\/\" style=\"margin:5px 0px 10px 0px;color:#FFFFFF\" >MATERIAL PARA LA RECUPERACI\u00d3N DE EPVA 1\u00ba ESO<\/a><\/h2>\r\n          \r\n            <p>L\u00e1minas recuperaci\u00f3n 1\u00ba ESO<\/p>\n        <\/div>\r\n      <\/div>\r\n    <\/div>\r\n        <div class=\"advps-slide\">\r\n\t<a target=\"_self\" href=\"https:\/\/blogsaverroes.juntadeandalucia.es\/iesgranpoder\/2021\/03\/01\/jornada-online-de-puertas-abiertas\/\" >      <img loading=\"lazy\" decoding=\"async\" width=\"300\" height=\"168\" src=\"https:\/\/blogsaverroes.juntadeandalucia.es\/iesgranpoder\/files\/2021\/03\/IMAGEN-ESCOLARIZACI\u00d3N.jpg\" class=\"attachment-full size-full wp-post-image\" alt=\"\" \/>      <\/a>       \r\n      <div class=\"advps-excerpt-one\" style=\"width:30%;height:100%;top:0; right:0;\">\r\n      \t<div class=\"advps-overlay-one\" style=\"background-color:#000000; -moz-opacity:0.6;filter:alpha(opacity=60);opacity:0.6;\"><\/div>\r\n        <div class=\"advps-excerpt-block-one\" style=\"text-align:left;color:#FFFFFF;-moz-opacity:1;filter:alpha(opacity=100);opacity:1;\">        \r\n        <h2 class=\"advs-title\" style=\"margin:5px 0px 10px 0px;color:#FFFFFF\"><a target=\"_self\" href=\"https:\/\/blogsaverroes.juntadeandalucia.es\/iesgranpoder\/2021\/03\/01\/jornada-online-de-puertas-abiertas\/\" style=\"margin:5px 0px 10px 0px;color:#FFFFFF\" >JORNADA ONLINE DE PUERTAS ABIERTAS<\/a><\/h2>\r\n          \r\n                    <\/div>\r\n      <\/div>\r\n    <\/div>\r\n        <div class=\"advps-slide\">\r\n\t<a target=\"_self\" href=\"https:\/\/blogsaverroes.juntadeandalucia.es\/iesgranpoder\/2017\/11\/07\/noticias-de-la-ii-olimpiada-matematica-de-otono\/\" >      <img loading=\"lazy\" decoding=\"async\" width=\"712\" height=\"350\" src=\"https:\/\/blogsaverroes.juntadeandalucia.es\/iesgranpoder\/files\/2017\/11\/cursos-de-matematicas.jpg\" class=\"attachment-full size-full wp-post-image\" alt=\"\" srcset=\"https:\/\/blogsaverroes.juntadeandalucia.es\/iesgranpoder\/files\/2017\/11\/cursos-de-matematicas.jpg 712w, https:\/\/blogsaverroes.juntadeandalucia.es\/iesgranpoder\/files\/2017\/11\/cursos-de-matematicas-300x147.jpg 300w, https:\/\/blogsaverroes.juntadeandalucia.es\/iesgranpoder\/files\/2017\/11\/cursos-de-matematicas-24x12.jpg 24w, https:\/\/blogsaverroes.juntadeandalucia.es\/iesgranpoder\/files\/2017\/11\/cursos-de-matematicas-36x18.jpg 36w, https:\/\/blogsaverroes.juntadeandalucia.es\/iesgranpoder\/files\/2017\/11\/cursos-de-matematicas-48x24.jpg 48w\" sizes=\"(max-width: 712px) 100vw, 712px\" \/>      <\/a>       \r\n      <div class=\"advps-excerpt-one\" style=\"width:30%;height:100%;top:0; right:0;\">\r\n      \t<div class=\"advps-overlay-one\" style=\"background-color:#000000; -moz-opacity:0.6;filter:alpha(opacity=60);opacity:0.6;\"><\/div>\r\n        <div class=\"advps-excerpt-block-one\" style=\"text-align:left;color:#FFFFFF;-moz-opacity:1;filter:alpha(opacity=100);opacity:1;\">        \r\n        <h2 class=\"advs-title\" style=\"margin:5px 0px 10px 0px;color:#FFFFFF\"><a target=\"_self\" href=\"https:\/\/blogsaverroes.juntadeandalucia.es\/iesgranpoder\/2017\/11\/07\/noticias-de-la-ii-olimpiada-matematica-de-otono\/\" style=\"margin:5px 0px 10px 0px;color:#FFFFFF\" >Noticias de la II Olimpiada Matem\u00e1tica de Oto\u00f1o<\/a><\/h2>\r\n          \r\n            <p>Ya nos estamos acercando al final de la primera fase de la II Olimpiada Matem\u00e1tica de Oto\u00f1o. La participaci\u00f3n sigue siendo muy importante por parte del alumnado, y los puestos&#46;&#46;&#46;<\/p>\n        <\/div>\r\n      <\/div>\r\n    <\/div>\r\n        <div class=\"advps-slide\">\r\n\t<a target=\"_self\" href=\"https:\/\/blogsaverroes.juntadeandalucia.es\/iesgranpoder\/2019\/11\/27\/olimpiadas-matematicas-edicion-curso-2019-2020\/\" >            <\/a>       \r\n      <div class=\"advps-excerpt-one\" style=\"width:30%;height:100%;top:0; right:0;\">\r\n      \t<div class=\"advps-overlay-one\" style=\"background-color:#000000; -moz-opacity:0.6;filter:alpha(opacity=60);opacity:0.6;\"><\/div>\r\n        <div class=\"advps-excerpt-block-one\" style=\"text-align:left;color:#FFFFFF;-moz-opacity:1;filter:alpha(opacity=100);opacity:1;\">        \r\n        <h2 class=\"advs-title\" style=\"margin:5px 0px 10px 0px;color:#FFFFFF\"><a target=\"_self\" href=\"https:\/\/blogsaverroes.juntadeandalucia.es\/iesgranpoder\/2019\/11\/27\/olimpiadas-matematicas-edicion-curso-2019-2020\/\" style=\"margin:5px 0px 10px 0px;color:#FFFFFF\" >OLIMPIADAS MATEM\u00c1TICAS. EDICI\u00d3N CURSO 2019\/2020<\/a><\/h2>\r\n          \r\n            <p>El Departamento de Matem\u00e1ticas felicita a todos los alumnos participantes durante a IV OLIMPIADA MATEM\u00c1TICA DE OTO\u00d1O que ha venido desarroll\u00e1ndose desde comienzos de curso y cuya primera fase finaliz\u00f3&#46;&#46;&#46;<\/p>\n        <\/div>\r\n      <\/div>\r\n    <\/div>\r\n        <div class=\"advps-slide\">\r\n\t<a target=\"_self\" href=\"https:\/\/blogsaverroes.juntadeandalucia.es\/iesgranpoder\/2019\/01\/16\/entrega-de-premios-iii-olimpiada-matematica-de-otono\/\" >            <\/a>       \r\n      <div class=\"advps-excerpt-one\" style=\"width:30%;height:100%;top:0; right:0;\">\r\n      \t<div class=\"advps-overlay-one\" style=\"background-color:#000000; -moz-opacity:0.6;filter:alpha(opacity=60);opacity:0.6;\"><\/div>\r\n        <div class=\"advps-excerpt-block-one\" style=\"text-align:left;color:#FFFFFF;-moz-opacity:1;filter:alpha(opacity=100);opacity:1;\">        \r\n        <h2 class=\"advs-title\" style=\"margin:5px 0px 10px 0px;color:#FFFFFF\"><a target=\"_self\" href=\"https:\/\/blogsaverroes.juntadeandalucia.es\/iesgranpoder\/2019\/01\/16\/entrega-de-premios-iii-olimpiada-matematica-de-otono\/\" style=\"margin:5px 0px 10px 0px;color:#FFFFFF\" >ENTREGA DE PREMIOS III OLIMPIADA MATEM\u00c1TICA DE OTO\u00d1O<\/a><\/h2>\r\n          \r\n            <p>El pasado d\u00eda 10 de enero tuvo lugar la entrega de diplomas y premios de la III OLIMPIADA MATEM\u00c1TICA DE OTO\u00d1O, con una gran asistencia de alumnado, durante el recreo.&#46;&#46;&#46;<\/p>\n        <\/div>\r\n      <\/div>\r\n    <\/div>\r\n        <div class=\"advps-slide\">\r\n\t<a target=\"_self\" href=\"https:\/\/blogsaverroes.juntadeandalucia.es\/iesgranpoder\/2016\/09\/14\/comienza-el-nuevo-curso\/\" >      <img loading=\"lazy\" decoding=\"async\" width=\"800\" height=\"600\" src=\"https:\/\/blogsaverroes.juntadeandalucia.es\/iesgranpoder\/files\/2016\/09\/vuelta-a-clases.jpg\" class=\"attachment-full size-full wp-post-image\" alt=\"\" srcset=\"https:\/\/blogsaverroes.juntadeandalucia.es\/iesgranpoder\/files\/2016\/09\/vuelta-a-clases.jpg 800w, https:\/\/blogsaverroes.juntadeandalucia.es\/iesgranpoder\/files\/2016\/09\/vuelta-a-clases-300x225.jpg 300w\" sizes=\"(max-width: 800px) 100vw, 800px\" \/>      <\/a>       \r\n      <div class=\"advps-excerpt-one\" style=\"width:30%;height:100%;top:0; right:0;\">\r\n      \t<div class=\"advps-overlay-one\" style=\"background-color:#000000; -moz-opacity:0.6;filter:alpha(opacity=60);opacity:0.6;\"><\/div>\r\n        <div class=\"advps-excerpt-block-one\" style=\"text-align:left;color:#FFFFFF;-moz-opacity:1;filter:alpha(opacity=100);opacity:1;\">        \r\n        <h2 class=\"advs-title\" style=\"margin:5px 0px 10px 0px;color:#FFFFFF\"><a target=\"_self\" href=\"https:\/\/blogsaverroes.juntadeandalucia.es\/iesgranpoder\/2016\/09\/14\/comienza-el-nuevo-curso\/\" style=\"margin:5px 0px 10px 0px;color:#FFFFFF\" >Comienza el nuevo curso<\/a><\/h2>\r\n          \r\n            <p>El d\u00eda 15 de septiembre comienza el curso 2016\/2017. Este primer d\u00eda tendr\u00e1 un horario especial escalonado para la presentaci\u00f3n de los cursos. 1\u00baESO: 12:30-14:30 2\u00ba, 3\u00ba Y 4\u00baESO: 13:30-14:30&#46;&#46;&#46;<\/p>\n        <\/div>\r\n      <\/div>\r\n    <\/div>\r\n        <div class=\"advps-slide\">\r\n\t<a target=\"_self\" href=\"https:\/\/blogsaverroes.juntadeandalucia.es\/iesgranpoder\/2020\/06\/20\/la-clave-iande-que-necesitaras-para-descargar-las-notas-de-junio-y-matricularte\/\" >      <img loading=\"lazy\" decoding=\"async\" width=\"263\" height=\"192\" src=\"https:\/\/blogsaverroes.juntadeandalucia.es\/iesgranpoder\/files\/2020\/05\/descarga.png\" class=\"attachment-full size-full wp-post-image\" alt=\"\" srcset=\"https:\/\/blogsaverroes.juntadeandalucia.es\/iesgranpoder\/files\/2020\/05\/descarga.png 263w, https:\/\/blogsaverroes.juntadeandalucia.es\/iesgranpoder\/files\/2020\/05\/descarga-24x18.png 24w, https:\/\/blogsaverroes.juntadeandalucia.es\/iesgranpoder\/files\/2020\/05\/descarga-36x26.png 36w, https:\/\/blogsaverroes.juntadeandalucia.es\/iesgranpoder\/files\/2020\/05\/descarga-48x35.png 48w\" sizes=\"(max-width: 263px) 100vw, 263px\" \/>      <\/a>       \r\n      <div class=\"advps-excerpt-one\" style=\"width:30%;height:100%;top:0; right:0;\">\r\n      \t<div class=\"advps-overlay-one\" style=\"background-color:#000000; -moz-opacity:0.6;filter:alpha(opacity=60);opacity:0.6;\"><\/div>\r\n        <div class=\"advps-excerpt-block-one\" style=\"text-align:left;color:#FFFFFF;-moz-opacity:1;filter:alpha(opacity=100);opacity:1;\">        \r\n        <h2 class=\"advs-title\" style=\"margin:5px 0px 10px 0px;color:#FFFFFF\"><a target=\"_self\" href=\"https:\/\/blogsaverroes.juntadeandalucia.es\/iesgranpoder\/2020\/06\/20\/la-clave-iande-que-necesitaras-para-descargar-las-notas-de-junio-y-matricularte\/\" style=\"margin:5px 0px 10px 0px;color:#FFFFFF\" >LA CLAVE iANDE QUE NECESITAR\u00c1S PARA DESCARGAR LAS NOTAS DE JUNIO Y MATRICULARTE<\/a><\/h2>\r\n          \r\n            <p>LA CLAVE iANDE<\/p>\n        <\/div>\r\n      <\/div>\r\n    <\/div>\r\n      <\/div>\r\n  <\/div><!-- end advps-slide-container -->\r\n<!-- \/ Advanced post slider a multipurpose responsive slideshow plugin -->\r\n\n<div class=\"osc-res-tab tabbable   osc-tabs-left\"><div style=\"clear:both;width: 100%;\"><ul class=\"nav osc-res-nav nav-tabs osc-tabs-left-ul\" id=\"oscitas-restabs-1-la-clave-iande-que-necesitaras-para-descargar-las-notas-de-junio-y-matricularte-83888\"><li class=\"active\"><a href=\"#ert_pane1-0\" data-toggle=\"tab\">Blogs Averroes P1<\/a><\/li><li class=\"\"><a href=\"#ert_pane1-1\" data-toggle=\"tab\">Wordpress <\/a><\/li><li class=\"\"><a href=\"#ert_pane1-2\" data-toggle=\"tab\">P\u00e1ginas y Men\u00fas<\/a><\/li><li class=\"\"><a href=\"#ert_pane1-3\" data-toggle=\"tab\">Categor\u00edas y Entradas<\/a><\/li><\/ul><\/div><div style=\"clear:both;width: 100%;\"><ul class=\"tab-content\" id=\"oscitas-restabcontent-1-la-clave-iande-que-necesitaras-para-descargar-las-notas-de-junio-y-matricularte-83888\"><li class=\"tab-pane active\" id=\"ert_pane1-0\"><\/p>\n<p>&nbsp;<\/p>\n<p>El IES Jes\u00fas del Gran Poder, situado en Dos Hermanas (Sevilla) ofrece una oferta educativa basada en la Ense\u00f1anza Secundaria Obligatoria, de la que ofrece sus cuatro niveles.<\/p>\n<p>&nbsp;<\/p>\n<p><\/li><li class=\"tab-pane \" id=\"ert_pane1-1\"><br \/>\nEs sofware libre, se distribuye bajo licencia GNU General Public License.<\/p>\n<p>Puede incorporar multitud de Temas (plantillas), plugins y widgets, que permiten personalizar f\u00e1cilmente nuestro blog o nuestro sitio web. Actualmente existen m\u00e1s de 2.700 temas y 38.000 plugins gratuitos, aunque en Blogs Averroes solo est\u00e1n disponibles algunos de ellos.<\/p>\n<p>Es muy f\u00e1cil de usar. Dispone de una interfaz amigable e intuitiva y no requiere conocimientos de programaci\u00f3n o lenguaje HTML.<\/p>\n<p>Se adapta a los dispositivos desde el que se visualiza, tabletas, smartphone, PC, port\u00e1tiles,\u2026<\/p>\n<p>Permite la participaci\u00f3n de distintos usuarios con distintos permisos:<\/p>\n<p>Administrador \u2013 Quien tiene acceso a todas las caracter\u00edsticas de administraci\u00f3n de un sitio en particular.<br \/>\nEditor \u2013 Quien puede publicar y editar entradas, propias y de otros usuarios.<br \/>\nAutor \u2013 Quien puede publicar y editar sus propias entradas.<br \/>\nColaborador \u2013 Quien puede escribir y editar sus propias entradas pero no publicarlas.<br \/>\nSubscriptor \u2013 Quien solamente puede editar su perfil.<\/p>\n<p>Tiene una gran comunidad de usuarios que ofrecen soporte.<\/p>\n<p><\/li><li class=\"tab-pane \" id=\"ert_pane1-2\"><\/p>\n<p>Al iniciar la construcci\u00f3n de un sitio Web, es necesario un proceso de reflexi\u00f3n sobre la informaci\u00f3n que un centro muestra sobre s\u00ed mismo en cuanto a las ense\u00f1anzas que imparte, profesorado, secretar\u00eda, servicios que oferta, ubicaci\u00f3n, etc. Es decir, todo aquello que tiene un car\u00e1cter m\u00e1s o menos general e institucional y que permite al visitante que accede a la Web hacerse una idea del centro, su funcionamiento y sus caracter\u00edsticas principales. Por esta raz\u00f3n, su contenido ser\u00eda fundamentalmente de tipo est\u00e1tico, ya que la informaci\u00f3n no precisar\u00eda de modificaciones continuas, siendo el concepto P\u00e1ginas el formato mas aconsejable para su construcci\u00f3n. Las p\u00e1ginas as\u00ed creadas deben ser organizadas en Men\u00fas coherentes y comprensibles para el visitante de la Web.<\/p>\n<p><\/li><li class=\"tab-pane \" id=\"ert_pane1-3\"><\/p>\n<p>Por otro lado, en todo centro se producen noticias y eventos, asociados a su funcionamiento, cuyo rasgo esencial es el car\u00e1cter din\u00e1mico de la informaci\u00f3n. Para estos contenidos el formato m\u00e1s apropiado es el de Entradas que, organizadas en Categor\u00edas, mantienen a la comunidad educativa informada de la vida del centro y de las actividades, acontecimientos o novedades de inter\u00e9s, posibilitando al mismo tiempo interactuar con los mismos y crear una red social.<\/p>\n<p><\/li><\/ul><\/div><\/div>\n","protected":false},"excerpt":{"rendered":"","protected":false},"author":1,"featured_media":0,"parent":0,"menu_order":0,"comment_status":"open","ping_status":"open","template":"","meta":{"ngg_post_thumbnail":0,"footnotes":"","_mc_calendar":[]},"aioseo_notices":[],"_links":{"self":[{"href":"https:\/\/blogsaverroes.juntadeandalucia.es\/iesgranpoder\/wp-json\/wp\/v2\/pages\/1113"}],"collection":[{"href":"https:\/\/blogsaverroes.juntadeandalucia.es\/iesgranpoder\/wp-json\/wp\/v2\/pages"}],"about":[{"href":"https:\/\/blogsaverroes.juntadeandalucia.es\/iesgranpoder\/wp-json\/wp\/v2\/types\/page"}],"author":[{"embeddable":true,"href":"https:\/\/blogsaverroes.juntadeandalucia.es\/iesgranpoder\/wp-json\/wp\/v2\/users\/1"}],"replies":[{"embeddable":true,"href":"https:\/\/blogsaverroes.juntadeandalucia.es\/iesgranpoder\/wp-json\/wp\/v2\/comments?post=1113"}],"version-history":[{"count":31,"href":"https:\/\/blogsaverroes.juntadeandalucia.es\/iesgranpoder\/wp-json\/wp\/v2\/pages\/1113\/revisions"}],"predecessor-version":[{"id":2364,"href":"https:\/\/blogsaverroes.juntadeandalucia.es\/iesgranpoder\/wp-json\/wp\/v2\/pages\/1113\/revisions\/2364"}],"wp:attachment":[{"href":"https:\/\/blogsaverroes.juntadeandalucia.es\/iesgranpoder\/wp-json\/wp\/v2\/media?parent=1113"}],"curies":[{"name":"wp","href":"https:\/\/api.w.org\/{rel}","templated":true}]}}