{"id":141,"date":"2015-03-17T07:13:24","date_gmt":"2015-03-17T07:13:24","guid":{"rendered":"http:\/\/blogsaverroes.juntadeandalucia.es\/pre\/ceip\/?page_id=141"},"modified":"2023-03-06T08:25:03","modified_gmt":"2023-03-06T08:25:03","slug":"escolarizacion","status":"publish","type":"page","link":"https:\/\/blogsaverroes.juntadeandalucia.es\/iesguadaiza\/escolarizacion\/","title":{"rendered":"Escolarizaci\u00f3n"},"content":{"rendered":"<h3 class=\"post-title entry-title\">Escolarizaci\u00f3n 2023\/24<\/h3>\n<p>La Consejer\u00eda de Desarrollo Educativo y Formaci\u00f3n Profesional convoca el procedimiento de&nbsp;<strong>admisi\u00f3n del alumnado<\/strong>&nbsp;en los centros docentes p\u00fablicos y privados concertados para cursar las ense\u00f1anzas de 2\u00ba Ciclo de Educaci\u00f3n Infantil, Educaci\u00f3n Primaria, Educaci\u00f3n Especial, Educaci\u00f3n Secundaria Obligatoria y Bachillerato para el&nbsp;<strong>curso escolar 2023\/24.<\/strong><\/p>\n<p><strong>Entre los d\u00edas 1 y 31 de marzo<\/strong>, ambos inclusive, permanecer\u00e1 abierto en Andaluc\u00eda el plazo para la presentaci\u00f3n de solicitudes de admisi\u00f3n correspondientes al curso escolar 2023\/24.&nbsp; Se inicia de este modo el proceso de escolarizaci\u00f3n en el que participan&nbsp;<strong>todos los ni\u00f1os y ni\u00f1as que se incorporan por primera vez al sistema educativo<\/strong>, tanto en centros p\u00fablicos como privados concertados,&nbsp;<strong>as\u00ed como el alumnado que cambie de centro escolar<\/strong>.<\/p>\n<h4 data-lfr-editable-id=\"fragment-title\" data-lfr-editable-type=\"text\"><a href=\"https:\/\/www.juntadeandalucia.es\/educacion\/secretariavirtual\/\" target=\"_blank\" rel=\"noopener noreferrer\">Presentaci\u00f3n telem\u00e1tica de la solicitud de admisi\u00f3n<\/a><a href=\"https:\/\/www.juntadeandalucia.es\/educacion\/secretariavirtual\/solicitudes\/\" target=\"_blank\" rel=\"noopener noreferrer\"><img loading=\"lazy\" decoding=\"async\" class=\"aligncenter\" src=\"https:\/\/blogger.googleusercontent.com\/img\/a\/AVvXsEhvdrJuXV7Gan4KZLZUGa8NF1pOANxnhLdpl-Zxv2AzV9AQliVM4YdHj9UDqrxU8078rG3Yt0T3JZpn-ONyhJNUkT5nj6rHLvHYhpG3GCp_tdG5jrvXW7nXEofg3IRH8i9MxrjfUHGMRrhH-aT3c6WZiNb4vQUl6PW8ukIYKKH4WmhipF61qoc=w400-h104\" alt=\"\" width=\"400\" height=\"104\" border=\"0\" data-original-height=\"114\" data-original-width=\"438\"><\/a><\/h4>\n<div data-lfr-editable-id=\"fragment-description\" data-lfr-editable-type=\"text\">En la Secretar\u00eda Virtual de los Centros Educativos se puede realizar Presentaci\u00f3n telem\u00e1tica de la admisi\u00f3n del alumnado en los centros docentes sostenidos con fondos p\u00fablicos de las ense\u00f1anzas de 2\u00ba Ciclo de Educaci\u00f3n Infantil, Educaci\u00f3n Primaria, Educaci\u00f3n Especial, Educaci\u00f3n Secundaria Obligatoria y Bachillerato.<\/div>\n<p>Toda la informaci\u00f3n en la web de la Consejer\u00eda:&nbsp;<a href=\"https:\/\/www.juntadeandalucia.es\/educacion\/portales\/web\/escolarizacion\/infantil-a-bachillerato\">https:\/\/www.juntadeandalucia.es\/educacion\/portales\/web\/escolarizacion\/infantil-a-bachillerato<\/a>&nbsp;<\/p>\n<div id=\"post-body-3342986509954074561\" class=\"post-body entry-content\">\n<div>&nbsp;<\/div>\n<div class=\"separator\"><a href=\"https:\/\/www.juntadeandalucia.es\/educacion\/portales\/web\/escolarizacion\/infantil-a-bachillerato\" target=\"_blank\" rel=\"noopener noreferrer\"><img loading=\"lazy\" decoding=\"async\" class=\"aligncenter\" src=\"https:\/\/blogger.googleusercontent.com\/img\/a\/AVvXsEg85QFsnDfKpSp2M8NA7RVaRrSBjUxCHgHY4MsTNCG7dratc2lsYxhrbKoQt_ZBBILopsmXoL5ZkYaKmL0xX1KKyO-261_Z_6f-TFpGeeSIklOMCpDizzDbFy5I5Mz2Jnha7gQ7s2MU_cvO_rAPalDty4gjfW5jv3xAQFEc41LzMqvtlC6DJd4=w400-h99\" alt=\"\" width=\"400\" height=\"99\" border=\"0\" data-original-height=\"126\" data-original-width=\"513\"><\/a><\/div>\n<div>&nbsp;<\/div>\n<h1>&nbsp;<\/h1>\n<\/div>\n<p>&nbsp;<\/p>\n","protected":false},"excerpt":{"rendered":"<p>Escolarizaci\u00f3n 2023\/24 La Consejer\u00eda de Desarrollo Educativo y Formaci\u00f3n Profesional convoca el procedimiento de&nbsp;admisi\u00f3n del alumnado&nbsp;en los centros docentes p\u00fablicos&#46;&#46;&#46;<\/p>\n","protected":false},"author":1,"featured_media":0,"parent":0,"menu_order":0,"comment_status":"open","ping_status":"open","template":"page-templates\/child-menu.php","meta":{"ngg_post_thumbnail":0,"footnotes":"","_mc_calendar":[]},"aioseo_notices":[],"_links":{"self":[{"href":"https:\/\/blogsaverroes.juntadeandalucia.es\/iesguadaiza\/wp-json\/wp\/v2\/pages\/141"}],"collection":[{"href":"https:\/\/blogsaverroes.juntadeandalucia.es\/iesguadaiza\/wp-json\/wp\/v2\/pages"}],"about":[{"href":"https:\/\/blogsaverroes.juntadeandalucia.es\/iesguadaiza\/wp-json\/wp\/v2\/types\/page"}],"author":[{"embeddable":true,"href":"https:\/\/blogsaverroes.juntadeandalucia.es\/iesguadaiza\/wp-json\/wp\/v2\/users\/1"}],"replies":[{"embeddable":true,"href":"https:\/\/blogsaverroes.juntadeandalucia.es\/iesguadaiza\/wp-json\/wp\/v2\/comments?post=141"}],"version-history":[{"count":15,"href":"https:\/\/blogsaverroes.juntadeandalucia.es\/iesguadaiza\/wp-json\/wp\/v2\/pages\/141\/revisions"}],"predecessor-version":[{"id":5630,"href":"https:\/\/blogsaverroes.juntadeandalucia.es\/iesguadaiza\/wp-json\/wp\/v2\/pages\/141\/revisions\/5630"}],"wp:attachment":[{"href":"https:\/\/blogsaverroes.juntadeandalucia.es\/iesguadaiza\/wp-json\/wp\/v2\/media?parent=141"}],"curies":[{"name":"wp","href":"https:\/\/api.w.org\/{rel}","templated":true}]}}