{"id":1291,"date":"2025-03-17T12:38:38","date_gmt":"2025-03-17T11:38:38","guid":{"rendered":"https:\/\/blogsaverroes.juntadeandalucia.es\/iesguadiana\/?page_id=1291"},"modified":"2025-03-19T10:13:03","modified_gmt":"2025-03-19T09:13:03","slug":"erasmus","status":"publish","type":"page","link":"https:\/\/blogsaverroes.juntadeandalucia.es\/iesguadiana\/erasmus\/","title":{"rendered":"Erasmus+"},"content":{"rendered":"<div class=\"block block-layout-builder block-field-blocknodepagetitle\">\n<h1 class=\"title-h1 eac-page-title\">\u00bfQu\u00e9 es Erasmus+?<\/h1>\n<\/div>\n<div class=\"block block-layout-builder block-field-blocknodepagefield-page-intro-text\">\n<div class=\"eac-hero\">Erasmus+ es el programa de la UE que respalda la educaci\u00f3n, la formaci\u00f3n, la juventud y el deporte en Europa.<\/div>\n<\/div>\n<div class=\"block block-layout-builder block-field-blocknodepagefield-page-content\">\n<div class=\"full-html-body\">\n<div class=\"ecl-container\">\n<div class=\"eac-body lc-stripe-wrapper-text\">\n<p>Cuenta con un presupuesto estimado de 26&nbsp;200 millones de euros. Esto supone casi el doble de la financiaci\u00f3n del programa que lo precedi\u00f3 en el per\u00edodo 2014-2020.<\/p>\n<p>Para el per\u00edodo 2021-2027, el programa hace especial hincapi\u00e9 en la inclusi\u00f3n social, la doble transici\u00f3n ecol\u00f3gica y digital y el fomento de la participaci\u00f3n de las personas j\u00f3venes en la vida democr\u00e1tica.<\/p>\n<p>Apoya las prioridades y actividades establecidas en el Espacio Europeo de Educaci\u00f3n, el Plan de Acci\u00f3n de Educaci\u00f3n Digital y la Agenda de Capacidades Europea. Adem\u00e1s, el programa:<\/p>\n<ul>\n<li>apoya el pilar europeo de derechos sociales,<\/li>\n<li>aplica la Estrategia de la UE para la Juventud 2019-2027,<\/li>\n<li>desarrolla la dimensi\u00f3n europea del deporte.<\/li>\n<\/ul>\n<p>El objetivo del programa es promocionar la <strong>movilidad educativa<\/strong>&nbsp;de las personas y los colectivos, tanto del alumnado como del personal, as\u00ed como la&nbsp;<strong>cooperaci\u00f3n<\/strong>, la calidad, la inclusi\u00f3n y la equidad, la excelencia, la creatividad y la innovaci\u00f3n a nivel de las organizaciones y las pol\u00edticas a trav\u00e9s del aprendizaje permanente, el desarrollo educativo, profesional y personal de las personas en los \u00e1mbitos de la educaci\u00f3n y la formaci\u00f3n, la juventud y el deporte, dentro de Europa y fuera de su territorio, contribuyendo as\u00ed al crecimiento sostenible, al empleo de calidad y a la cohesi\u00f3n social, adem\u00e1s de a impulsar la innovaci\u00f3n y&nbsp;<strong>fortalecer la identidad europea, la ciudadan\u00eda activa y la participaci\u00f3n en la vida democr\u00e1tica<\/strong>.<\/p>\n<p>La Comisi\u00f3n Europea (CE) es la responsable \u00faltima del desarrollo del programa Erasmus+ y su ejecuci\u00f3n se lleva a cabo con:<\/p>\n<ul>\n<li>La gesti\u00f3n directa de las Acciones centralizadas por la CE o la Agencia Ejecutiva Europea de Educaci\u00f3n y Cultura (EACEA).<\/li>\n<li>La gesti\u00f3n indirecta de las Acciones descentralizadas por parte de las Agencias Nacionales establecidas en los pa\u00edses del programa Erasmus+.<\/li>\n<\/ul>\n<p>En Espa\u00f1a son dos las organizaciones designadas como Agencias Nacionales para la gesti\u00f3n coordinada del programa Erasmus+:<\/p>\n<ul>\n<li>El Servicio Espa\u00f1ol para la Internacionalizaci\u00f3n de la Educaci\u00f3n (<a title=\"SEPIE\" href=\"http:\/\/sepie.es\/\">SEPIE<\/a>), para el \u00e1mbito de la educaci\u00f3n y la formaci\u00f3n.<\/li>\n<li>La Agencia Nacional Espa\u00f1ola (<a title=\"ANE\" href=\"http:\/\/www.injuve.es\/erasmusplus\/portada\">ANE<\/a>), integrada en el Instituto de la Juventud (INJUVE) para el \u00e1mbito de la juventud y el deporte.<\/li>\n<\/ul>\n<\/div>\n<\/div>\n<\/div>\n<\/div>\n<p>P\u00e1gina oficial de Erasmus+:&nbsp;<a href=\"https:\/\/erasmus-plus.ec.europa.eu\/es\">https:\/\/erasmus-plus.ec.europa.eu\/es<\/a><\/p>\n<p>Actualmente, nuestro centro tiene concedida la Acreditaci\u00f3n Erasmus+ para la realizaci\u00f3n de proyectos en la etapa de secundaria. Para el presente curso se han concedido varias movilidades para formaci\u00f3n del profesorado y ya se ha solicitado un proyecto para movilidades con alumnado para el pr\u00f3ximo curso.<\/p>\n","protected":false},"excerpt":{"rendered":"<p>\u00bfQu\u00e9 es Erasmus+? Erasmus+ es el programa de la UE que respalda la educaci\u00f3n, la formaci\u00f3n, la juventud y el deporte en Europa. Cuenta con un presupuesto estimado de 26&nbsp;200 millones de euros. Esto&#46;&#46;&#46;<\/p>\n","protected":false},"author":20781,"featured_media":0,"parent":0,"menu_order":0,"comment_status":"closed","ping_status":"closed","template":"","meta":{"ngg_post_thumbnail":0,"footnotes":""},"aioseo_notices":[],"_links":{"self":[{"href":"https:\/\/blogsaverroes.juntadeandalucia.es\/iesguadiana\/wp-json\/wp\/v2\/pages\/1291"}],"collection":[{"href":"https:\/\/blogsaverroes.juntadeandalucia.es\/iesguadiana\/wp-json\/wp\/v2\/pages"}],"about":[{"href":"https:\/\/blogsaverroes.juntadeandalucia.es\/iesguadiana\/wp-json\/wp\/v2\/types\/page"}],"author":[{"embeddable":true,"href":"https:\/\/blogsaverroes.juntadeandalucia.es\/iesguadiana\/wp-json\/wp\/v2\/users\/20781"}],"replies":[{"embeddable":true,"href":"https:\/\/blogsaverroes.juntadeandalucia.es\/iesguadiana\/wp-json\/wp\/v2\/comments?post=1291"}],"version-history":[{"count":4,"href":"https:\/\/blogsaverroes.juntadeandalucia.es\/iesguadiana\/wp-json\/wp\/v2\/pages\/1291\/revisions"}],"predecessor-version":[{"id":1317,"href":"https:\/\/blogsaverroes.juntadeandalucia.es\/iesguadiana\/wp-json\/wp\/v2\/pages\/1291\/revisions\/1317"}],"wp:attachment":[{"href":"https:\/\/blogsaverroes.juntadeandalucia.es\/iesguadiana\/wp-json\/wp\/v2\/media?parent=1291"}],"curies":[{"name":"wp","href":"https:\/\/api.w.org\/{rel}","templated":true}]}}