{"id":13349,"date":"2024-08-04T17:11:22","date_gmt":"2024-08-04T17:11:22","guid":{"rendered":"https:\/\/blogsaverroes.juntadeandalucia.es\/ieshimilce\/?page_id=13349"},"modified":"2024-08-06T10:42:07","modified_gmt":"2024-08-06T10:42:07","slug":"curso-2023-2024","status":"publish","type":"page","link":"https:\/\/blogsaverroes.juntadeandalucia.es\/ieshimilce\/curso-2023-2024\/","title":{"rendered":"Curso 2023-2024"},"content":{"rendered":"<h3 style=\"text-align: center\"><strong>CURSO ACAD\u00c9MICO 2023-2024<\/strong><\/h3>\n<p>&nbsp;<\/p>\n<h4><strong>\ud83d\ude42 13\/06\/2024. ACTO DE GRADUACI\u00d3N Promoci\u00f3n 2022-2024<\/strong><\/h4>\n<h3 style=\"text-align: left\"><strong><span style=\"color: #0000ff\">GRADUACI\u00d3N ESO-CFGB-CFGM<\/span><\/strong><\/h3>\n<div class=\"embed-container\"><iframe loading=\"lazy\" title=\"GRADUACION 22 - 24\" width=\"555\" height=\"312\" src=\"https:\/\/www.youtube.com\/embed\/iz5d03PCmpI?feature=oembed\" frameborder=\"0\" allow=\"accelerometer; autoplay; clipboard-write; encrypted-media; gyroscope; picture-in-picture; web-share\" referrerpolicy=\"strict-origin-when-cross-origin\" allowfullscreen><\/iframe><\/div>\n<h3 style=\"text-align: left\"><strong><span style=\"color: #0000ff\">GRADUACI\u00d3N CFFBe Y CFGS<\/span><\/strong><\/h3>\n<div class=\"embed-container\"><iframe loading=\"lazy\" title=\"GRADUACION  2\u00aa PARTE\" width=\"555\" height=\"312\" src=\"https:\/\/www.youtube.com\/embed\/i-7ie3EHQfA?feature=oembed\" frameborder=\"0\" allow=\"accelerometer; autoplay; clipboard-write; encrypted-media; gyroscope; picture-in-picture; web-share\" referrerpolicy=\"strict-origin-when-cross-origin\" allowfullscreen><\/iframe><\/div>\n<h4><a href=\"https:\/\/www.youtube.com\/@ieshimilce5090\/streams\" target=\"_blank\" rel=\"noopener\">Pincha aqu\u00ed para acceder al CANAL YOUTUBE IES HIMILCE<\/a><\/h4>\n<p>&nbsp;<\/p>\n<h4><strong>\ud83d\ude42 12\/06\/2024. <span style=\"font-size: 14pt\"><a href=\"https:\/\/www.alianzafpdual.es\/alianza\/miembros\/\" target=\"_blank\" rel=\"noopener\">Miembros de Alianza para la FP Dual<\/a><\/span><\/strong><\/h4>\n<p style=\"text-align: justify\"><span style=\"font-size: 14pt\">El IES Himilce ya pertenece a La Alianza para la FP Dual. Se trata de una red estatal de empresas, centros educativos e instituciones comprometidas con la mejora de la empleabilidad de los j\u00f3venes a trav\u00e9s del desarrollo de una <a href=\"https:\/\/www.alianzafpdual.es\/fp-dual\/estudiantes\/que-es\/\">Formaci\u00f3n Profesional dual para estudiantes<\/a>&nbsp;de calidad.<\/span><\/p>\n<h4><span style=\"font-size: 14pt\"><a href=\"https:\/\/blogsaverroes.juntadeandalucia.es\/ieshimilce\/files\/2024\/06\/alianza-fp-dual.png\" target=\"_blank\" rel=\"noopener\"><img loading=\"lazy\" decoding=\"async\" class=\"aligncenter size-large wp-image-13152\" src=\"https:\/\/blogsaverroes.juntadeandalucia.es\/ieshimilce\/files\/2024\/06\/alianza-fp-dual-1024x276.png\" alt=\"\" width=\"1024\" height=\"276\" srcset=\"https:\/\/blogsaverroes.juntadeandalucia.es\/ieshimilce\/files\/2024\/06\/alianza-fp-dual-1024x276.png 1024w, https:\/\/blogsaverroes.juntadeandalucia.es\/ieshimilce\/files\/2024\/06\/alianza-fp-dual-300x81.png 300w, https:\/\/blogsaverroes.juntadeandalucia.es\/ieshimilce\/files\/2024\/06\/alianza-fp-dual-768x207.png 768w, https:\/\/blogsaverroes.juntadeandalucia.es\/ieshimilce\/files\/2024\/06\/alianza-fp-dual-1536x414.png 1536w, https:\/\/blogsaverroes.juntadeandalucia.es\/ieshimilce\/files\/2024\/06\/alianza-fp-dual.png 1200w\" sizes=\"(max-width: 1024px) 100vw, 1024px\" \/><\/a><\/span><\/h4>\n<p style=\"text-align: justify\"><span class=\"ui-provider a b c d e f g h i j k l m n o p q r s t u v w x y z ab ac ae af ag ah ai aj ak\" dir=\"ltr\" style=\"font-size: 14pt\">La Alianza&nbsp;fue creada en 2015 por la Fundaci\u00f3n Bertelsmann junto con la Fundaci\u00f3n Princesa de Girona, la CEOE y la C\u00e1mara de Comercio de Espa\u00f1a.&nbsp; Actualmente, cuenta con m\u00e1s de 1500 miembros entre empresas, centros educativos, ayuntamientos, organizaciones sectoriales y otras instituciones implicadas activamente en la implantaci\u00f3n de una Formaci\u00f3n Profesional dual de calidad.<\/span><\/p>\n<p style=\"text-align: justify\"><span style=\"font-size: 14pt\">\u00bfQu\u00e9 acciones lleva a cabo la Alianza para la FP Dual para conseguir sus objetivos?:<\/span><\/p>\n<ul>\n<li style=\"text-align: justify\"><span style=\"font-size: 14pt\">Fomenta el intercambio de experiencias, buenas pr\u00e1cticas y conocimiento dentro de una red de m\u00e1s de 1.500 miembros.<\/span><\/li>\n<li style=\"text-align: justify\"><span style=\"font-size: 14pt\">Realiza propuestas de mejora de la FP Dual mediante grupos de trabajo en los que participan los miembros de la red.<\/span><\/li>\n<li style=\"text-align: justify\"><span style=\"font-size: 14pt\">Visibiliza, comunica y aporta credibilidad y prestigio al sistema de Formaci\u00f3n Profesional Dual.<\/span><\/li>\n<\/ul>\n<h4><strong>\ud83d\ude42 10\/05\/2024. <span style=\"color: #147a47\">FER\u00cdA DE LA FP DUAL DE LINARES<\/span><\/strong><\/h4>\n<p style=\"text-align: justify\"><span style=\"font-size: 14pt\">Hoy hemos participado a la sexta edici\u00f3n de la Feria de la FP Dual que se ha celebrado en Linares en el Paseo de Linarejos. Esta feria, organizada por la C\u00e1mara de comercio de Linares, pretende ser un punto de encuentro entre los centros docentes y las empresas de la provincia, as\u00ed como tambi\u00e9n para dar a conocer la numerosa oferta educativa de los Centros participantes.<\/span><\/p>\n<p style=\"text-align: justify\"><span style=\"font-size: 14pt\">Durante la jornada se han entregado los <strong>Premios Emprender e Innovar en las Aulas 2024<\/strong>. En esta edici\u00f3n, en la que han participado 32 proyectos de 7 centros educativos de Linares, el jurado ha otorgado en la categor\u00eda C (Grado Superior) <strong>el PRIMER PREMIO<\/strong>&nbsp;a nuestros alumnos <strong>\u00c1lvaro Palomar<\/strong> y <strong>Pablo T\u00edscar<\/strong> del CFGS de Energ\u00edas renovables con su proyecto \u00ab<strong>EcoH2Home<\/strong>\u00ab. Tambi\u00e9n ha quedado finalista nuestro alumno <strong>Juan Antonio Poza Rubia <\/strong>con su proyecto <strong>\u201cBaden Generador\u201d. \u00a1\u00a1Enhorabuena a los premiados!!.<\/strong><\/span><\/p>\nngg_shortcode_0_placeholder\n<h4><strong>\ud83d\ude42 24\/04\/2024. <span style=\"color: #147a47\">FER\u00cdA DE LA FP DUAL DE JA\u00c9N<\/span><\/strong><\/h4>\n<h4><a href=\"https:\/\/blogsaverroes.juntadeandalucia.es\/ieshimilce\/files\/2024\/04\/WhatsApp-Image-2024-04-18-at-19.26.55.jpeg\"><img loading=\"lazy\" decoding=\"async\" class=\"aligncenter size-full wp-image-13055\" src=\"https:\/\/blogsaverroes.juntadeandalucia.es\/ieshimilce\/files\/2024\/04\/WhatsApp-Image-2024-04-18-at-19.26.55.jpeg\" alt=\"\" width=\"1134\" height=\"789\" srcset=\"https:\/\/blogsaverroes.juntadeandalucia.es\/ieshimilce\/files\/2024\/04\/WhatsApp-Image-2024-04-18-at-19.26.55.jpeg 1134w, https:\/\/blogsaverroes.juntadeandalucia.es\/ieshimilce\/files\/2024\/04\/WhatsApp-Image-2024-04-18-at-19.26.55-300x209.jpeg 300w, https:\/\/blogsaverroes.juntadeandalucia.es\/ieshimilce\/files\/2024\/04\/WhatsApp-Image-2024-04-18-at-19.26.55-1024x712.jpeg 1024w, https:\/\/blogsaverroes.juntadeandalucia.es\/ieshimilce\/files\/2024\/04\/WhatsApp-Image-2024-04-18-at-19.26.55-768x534.jpeg 768w\" sizes=\"(max-width: 1134px) 100vw, 1134px\" \/><\/a><\/h4>\nngg_shortcode_1_placeholder\n<h4><strong>\ud83d\ude42 27\/02\/2024. <span style=\"color: #147a47\">DONACI\u00d3N DE MESAS DE SONIDO POR LA EMPRESA&nbsp; DE SONIDO Y ANIMACI\u00d3N WILLY DE LINARES.<\/span><\/strong><\/h4>\n<p style=\"text-align: justify\"><span style=\"font-size: 14pt\">Gracias a la donaci\u00f3n de dos mesas profesionales de sonido, realizada por la empresa de sonorizaci\u00f3n linarense <strong>SONIDO Y ANIMACI\u00d3N WILLY<\/strong>, hemos mejorado notablemente nuestras instalaciones de sonido e iluminaci\u00f3n profesional, para que nuestro alumnos y alumnas del C.F.G.M de Instalaciones de Telecomunicaciones pueda realizar pr\u00e1cticas de sonido en el aula y en nuestro Sal\u00f3n de actos. Desde aqu\u00ed queremos dar las gracias a Pedro (El Gran WILLY) por la donaci\u00f3n, as\u00ed como a Agust\u00edn y a Pepe. <strong>\u00a1GRACIAS POR VUESTRA COLABORACI\u00d3N!.<\/strong><\/span><\/p>\n<p><a href=\"https:\/\/blogsaverroes.juntadeandalucia.es\/ieshimilce\/files\/2024\/02\/1.png\"><img loading=\"lazy\" decoding=\"async\" class=\"aligncenter size-full wp-image-13022\" src=\"https:\/\/blogsaverroes.juntadeandalucia.es\/ieshimilce\/files\/2024\/02\/1.png\" alt=\"\" width=\"1200\" height=\"383\" srcset=\"https:\/\/blogsaverroes.juntadeandalucia.es\/ieshimilce\/files\/2024\/02\/1.png 1200w, https:\/\/blogsaverroes.juntadeandalucia.es\/ieshimilce\/files\/2024\/02\/1-300x96.png 300w, https:\/\/blogsaverroes.juntadeandalucia.es\/ieshimilce\/files\/2024\/02\/1-1024x327.png 1024w, https:\/\/blogsaverroes.juntadeandalucia.es\/ieshimilce\/files\/2024\/02\/1-768x245.png 768w, https:\/\/blogsaverroes.juntadeandalucia.es\/ieshimilce\/files\/2024\/02\/1-1536x491.png 1536w, https:\/\/blogsaverroes.juntadeandalucia.es\/ieshimilce\/files\/2024\/02\/1-2048x654.png 2048w\" sizes=\"(max-width: 1200px) 100vw, 1200px\" \/><\/a> <a href=\"https:\/\/blogsaverroes.juntadeandalucia.es\/ieshimilce\/files\/2024\/02\/2.png\"><img loading=\"lazy\" decoding=\"async\" class=\"aligncenter size-full wp-image-13023\" src=\"https:\/\/blogsaverroes.juntadeandalucia.es\/ieshimilce\/files\/2024\/02\/2.png\" alt=\"\" width=\"1200\" height=\"409\" srcset=\"https:\/\/blogsaverroes.juntadeandalucia.es\/ieshimilce\/files\/2024\/02\/2.png 1200w, https:\/\/blogsaverroes.juntadeandalucia.es\/ieshimilce\/files\/2024\/02\/2-300x102.png 300w, https:\/\/blogsaverroes.juntadeandalucia.es\/ieshimilce\/files\/2024\/02\/2-1024x349.png 1024w, https:\/\/blogsaverroes.juntadeandalucia.es\/ieshimilce\/files\/2024\/02\/2-768x262.png 768w, https:\/\/blogsaverroes.juntadeandalucia.es\/ieshimilce\/files\/2024\/02\/2-1536x524.png 1536w, https:\/\/blogsaverroes.juntadeandalucia.es\/ieshimilce\/files\/2024\/02\/2-2048x699.png 2048w\" sizes=\"(max-width: 1200px) 100vw, 1200px\" \/><\/a> <a href=\"https:\/\/blogsaverroes.juntadeandalucia.es\/ieshimilce\/files\/2024\/02\/3.png\"><img loading=\"lazy\" decoding=\"async\" class=\"aligncenter size-full wp-image-13024\" src=\"https:\/\/blogsaverroes.juntadeandalucia.es\/ieshimilce\/files\/2024\/02\/3.png\" alt=\"\" width=\"1200\" height=\"818\" srcset=\"https:\/\/blogsaverroes.juntadeandalucia.es\/ieshimilce\/files\/2024\/02\/3.png 1200w, https:\/\/blogsaverroes.juntadeandalucia.es\/ieshimilce\/files\/2024\/02\/3-300x204.png 300w, https:\/\/blogsaverroes.juntadeandalucia.es\/ieshimilce\/files\/2024\/02\/3-1024x698.png 1024w, https:\/\/blogsaverroes.juntadeandalucia.es\/ieshimilce\/files\/2024\/02\/3-768x523.png 768w, https:\/\/blogsaverroes.juntadeandalucia.es\/ieshimilce\/files\/2024\/02\/3-1536x1047.png 1536w, https:\/\/blogsaverroes.juntadeandalucia.es\/ieshimilce\/files\/2024\/02\/3-2048x1396.png 2048w\" sizes=\"(max-width: 1200px) 100vw, 1200px\" \/><\/a> <a href=\"https:\/\/blogsaverroes.juntadeandalucia.es\/ieshimilce\/files\/2024\/02\/20240227_131439-scaled.jpg\"><img loading=\"lazy\" decoding=\"async\" class=\"aligncenter size-full wp-image-13025\" src=\"https:\/\/blogsaverroes.juntadeandalucia.es\/ieshimilce\/files\/2024\/02\/20240227_131439-scaled.jpg\" alt=\"\" width=\"1200\" height=\"675\" srcset=\"https:\/\/blogsaverroes.juntadeandalucia.es\/ieshimilce\/files\/2024\/02\/20240227_131439-scaled.jpg 1200w, https:\/\/blogsaverroes.juntadeandalucia.es\/ieshimilce\/files\/2024\/02\/20240227_131439-300x169.jpg 300w, https:\/\/blogsaverroes.juntadeandalucia.es\/ieshimilce\/files\/2024\/02\/20240227_131439-1024x576.jpg 1024w, https:\/\/blogsaverroes.juntadeandalucia.es\/ieshimilce\/files\/2024\/02\/20240227_131439-768x432.jpg 768w, https:\/\/blogsaverroes.juntadeandalucia.es\/ieshimilce\/files\/2024\/02\/20240227_131439-1536x864.jpg 1536w, https:\/\/blogsaverroes.juntadeandalucia.es\/ieshimilce\/files\/2024\/02\/20240227_131439-2048x1152.jpg 2048w\" sizes=\"(max-width: 1200px) 100vw, 1200px\" \/><\/a><\/p>\n<h4><strong>\ud83d\ude42 22\/02\/2024. <span style=\"color: #147a47\">PROYECTO FACILITA<\/span>. Acto de entrega de Diplomas.<\/strong><\/h4>\n<p style=\"text-align: justify\"><span style=\"font-size: 14pt\">Hoy han asistido a nuestro centro, el Delegado de Empleo y Empresa de la Diputaci\u00f3n de Ja\u00e9n, D. Luis Miguel Carmona y el Presidente de la C\u00e1mara de comercio D. Jos\u00e9 Mar\u00eda Vill\u00e9n, para hacer entrega al alumnado de los C.F. de Grado Superior del SEA y ER del Diploma acreditativo de su participaci\u00f3n en el <strong>PROYECTO FACILITA<\/strong>, organizado por la Diputaci\u00f3n de Ja\u00e9n y la C\u00e1mara de comercio de Linares. Dicho Diploma certifica que nuestros alumnos\/as han superado con \u00e9xito los cursos relacionados con la <em><strong>Prevenci\u00f3n de riesgos laborales en las instalaciones el\u00e9ctricas, Trabajos en altura, Primeros auxilios y Manejo de Carretillas<\/strong> <strong>elevadoras<\/strong><\/em>. Estos cursos, muy demandados por las empresas, aseguran que nuestro alumnado estar\u00e1 mejor capacitado para desarrollar las pr\u00e1cticas laborales en empresas con una mayor garant\u00eda de seguridad. \u00a1Enhorabuena a nuestro alumnado diplomado!.<\/span><\/p>\n<p style=\"text-align: justify\"><strong><a href=\"https:\/\/blogsaverroes.juntadeandalucia.es\/ieshimilce\/files\/2024\/02\/FACILITA-pantalla-scaled.jpg\"><img loading=\"lazy\" decoding=\"async\" class=\"aligncenter size-full wp-image-13019\" src=\"https:\/\/blogsaverroes.juntadeandalucia.es\/ieshimilce\/files\/2024\/02\/FACILITA-pantalla-scaled.jpg\" alt=\"\" width=\"1200\" height=\"675\" srcset=\"https:\/\/blogsaverroes.juntadeandalucia.es\/ieshimilce\/files\/2024\/02\/FACILITA-pantalla-scaled.jpg 1200w, https:\/\/blogsaverroes.juntadeandalucia.es\/ieshimilce\/files\/2024\/02\/FACILITA-pantalla-300x169.jpg 300w, https:\/\/blogsaverroes.juntadeandalucia.es\/ieshimilce\/files\/2024\/02\/FACILITA-pantalla-1024x576.jpg 1024w, https:\/\/blogsaverroes.juntadeandalucia.es\/ieshimilce\/files\/2024\/02\/FACILITA-pantalla-768x432.jpg 768w, https:\/\/blogsaverroes.juntadeandalucia.es\/ieshimilce\/files\/2024\/02\/FACILITA-pantalla-1536x864.jpg 1536w, https:\/\/blogsaverroes.juntadeandalucia.es\/ieshimilce\/files\/2024\/02\/FACILITA-pantalla-2048x1152.jpg 2048w\" sizes=\"(max-width: 1200px) 100vw, 1200px\" \/><\/a><\/strong><\/p>\n<p><a href=\"https:\/\/blogsaverroes.juntadeandalucia.es\/ieshimilce\/files\/2024\/02\/20240222_133744-scaled.jpg\"><img loading=\"lazy\" decoding=\"async\" class=\"aligncenter size-full wp-image-13018\" src=\"https:\/\/blogsaverroes.juntadeandalucia.es\/ieshimilce\/files\/2024\/02\/20240222_133744-scaled.jpg\" alt=\"\" width=\"1200\" height=\"675\" srcset=\"https:\/\/blogsaverroes.juntadeandalucia.es\/ieshimilce\/files\/2024\/02\/20240222_133744-scaled.jpg 1200w, https:\/\/blogsaverroes.juntadeandalucia.es\/ieshimilce\/files\/2024\/02\/20240222_133744-300x169.jpg 300w, https:\/\/blogsaverroes.juntadeandalucia.es\/ieshimilce\/files\/2024\/02\/20240222_133744-1024x576.jpg 1024w, https:\/\/blogsaverroes.juntadeandalucia.es\/ieshimilce\/files\/2024\/02\/20240222_133744-768x432.jpg 768w, https:\/\/blogsaverroes.juntadeandalucia.es\/ieshimilce\/files\/2024\/02\/20240222_133744-1536x864.jpg 1536w, https:\/\/blogsaverroes.juntadeandalucia.es\/ieshimilce\/files\/2024\/02\/20240222_133744-2048x1152.jpg 2048w\" sizes=\"(max-width: 1200px) 100vw, 1200px\" \/><\/a><\/p>\n<p><a href=\"https:\/\/blogsaverroes.juntadeandalucia.es\/ieshimilce\/files\/2024\/02\/20240222_132152-scaled.jpg\"><img loading=\"lazy\" decoding=\"async\" class=\"aligncenter size-full wp-image-13017\" src=\"https:\/\/blogsaverroes.juntadeandalucia.es\/ieshimilce\/files\/2024\/02\/20240222_132152-scaled.jpg\" alt=\"\" width=\"1200\" height=\"675\" srcset=\"https:\/\/blogsaverroes.juntadeandalucia.es\/ieshimilce\/files\/2024\/02\/20240222_132152-scaled.jpg 1200w, https:\/\/blogsaverroes.juntadeandalucia.es\/ieshimilce\/files\/2024\/02\/20240222_132152-300x169.jpg 300w, https:\/\/blogsaverroes.juntadeandalucia.es\/ieshimilce\/files\/2024\/02\/20240222_132152-1024x576.jpg 1024w, https:\/\/blogsaverroes.juntadeandalucia.es\/ieshimilce\/files\/2024\/02\/20240222_132152-768x432.jpg 768w, https:\/\/blogsaverroes.juntadeandalucia.es\/ieshimilce\/files\/2024\/02\/20240222_132152-1536x864.jpg 1536w, https:\/\/blogsaverroes.juntadeandalucia.es\/ieshimilce\/files\/2024\/02\/20240222_132152-2048x1152.jpg 2048w\" sizes=\"(max-width: 1200px) 100vw, 1200px\" \/><\/a><\/p>\n<hr>\n<h4><strong>\ud83d\ude42 08\/02\/2024. <span style=\"color: #147a47\">FIESTA DE CARNAVAL<\/span><\/strong><\/h4>\n<h4><a href=\"https:\/\/blogsaverroes.juntadeandalucia.es\/ieshimilce\/files\/2024\/02\/WhatsApp-Image-2024-02-06-at-12.19.02.jpeg\"><img loading=\"lazy\" decoding=\"async\" class=\"aligncenter size-full wp-image-13011\" src=\"https:\/\/blogsaverroes.juntadeandalucia.es\/ieshimilce\/files\/2024\/02\/WhatsApp-Image-2024-02-06-at-12.19.02.jpeg\" alt=\"\" width=\"876\" height=\"1200\" srcset=\"https:\/\/blogsaverroes.juntadeandalucia.es\/ieshimilce\/files\/2024\/02\/WhatsApp-Image-2024-02-06-at-12.19.02.jpeg 876w, https:\/\/blogsaverroes.juntadeandalucia.es\/ieshimilce\/files\/2024\/02\/WhatsApp-Image-2024-02-06-at-12.19.02-219x300.jpeg 219w, https:\/\/blogsaverroes.juntadeandalucia.es\/ieshimilce\/files\/2024\/02\/WhatsApp-Image-2024-02-06-at-12.19.02-747x1024.jpeg 747w, https:\/\/blogsaverroes.juntadeandalucia.es\/ieshimilce\/files\/2024\/02\/WhatsApp-Image-2024-02-06-at-12.19.02-768x1052.jpeg 768w\" sizes=\"(max-width: 876px) 100vw, 876px\" \/><\/a><\/h4>\n<div style=\"width: 555px;\" class=\"wp-video\"><!--[if lt IE 9]><script>document.createElement('video');<\/script><![endif]-->\n<video class=\"wp-video-shortcode\" id=\"video-13349-1\" width=\"555\" height=\"310\" preload=\"metadata\" controls=\"controls\"><source type=\"video\/mp4\" src=\"https:\/\/blogsaverroes.juntadeandalucia.es\/ieshimilce\/files\/2024\/02\/CARNAVAL-2024-IES-HIMILCE.mp4?_=1\" \/><a href=\"https:\/\/blogsaverroes.juntadeandalucia.es\/ieshimilce\/files\/2024\/02\/CARNAVAL-2024-IES-HIMILCE.mp4\">https:\/\/blogsaverroes.juntadeandalucia.es\/ieshimilce\/files\/2024\/02\/CARNAVAL-2024-IES-HIMILCE.mp4<\/a><\/video><\/div>\n<p>&nbsp;<\/p>\n<h4 style=\"text-align: justify\"><strong>\ud83d\ude42 01\/02\/2024. C.F.G.S. de Energ\u00edas renovables Biling\u00fce.&nbsp;<\/strong><\/h4>\n<p style=\"text-align: justify\"><span style=\"font-size: 14pt\">Visita a l\u00ednea a\u00e9rea de alta tensi\u00f3n para ver las medidas de protecci\u00f3n de la avifauna.&nbsp;<\/span><\/p>\n\n\t\t<style type=\"text\/css\">\n\t\t\t#gallery-1 {\n\t\t\t\tmargin: auto;\n\t\t\t}\n\t\t\t#gallery-1 .gallery-item {\n\t\t\t\tfloat: left;\n\t\t\t\tmargin-top: 10px;\n\t\t\t\ttext-align: center;\n\t\t\t\twidth: 20%;\n\t\t\t}\n\t\t\t#gallery-1 img {\n\t\t\t\tborder: 2px solid #cfcfcf;\n\t\t\t}\n\t\t\t#gallery-1 .gallery-caption {\n\t\t\t\tmargin-left: 0;\n\t\t\t}\n\t\t\t\/* see gallery_shortcode() in wp-includes\/media.php *\/\n\t\t<\/style>\n\t\t<div id='gallery-1' class='gallery galleryid-13349 gallery-columns-5 gallery-size-thumbnail'><dl class='gallery-item'>\n\t\t\t<dt class='gallery-icon portrait'>\n\t\t\t\t<a href='https:\/\/blogsaverroes.juntadeandalucia.es\/ieshimilce\/actividades\/whatsapp-image-2024-02-01-at-11-46-28-2\/'><img loading=\"lazy\" decoding=\"async\" width=\"150\" height=\"150\" src=\"https:\/\/blogsaverroes.juntadeandalucia.es\/ieshimilce\/files\/2024\/02\/WhatsApp-Image-2024-02-01-at-11.46.28-2-150x150.jpeg\" class=\"attachment-thumbnail size-thumbnail\" alt=\"\" \/><\/a>\n\t\t\t<\/dt><\/dl><dl class='gallery-item'>\n\t\t\t<dt class='gallery-icon portrait'>\n\t\t\t\t<a href='https:\/\/blogsaverroes.juntadeandalucia.es\/ieshimilce\/actividades\/whatsapp-image-2024-02-01-at-11-46-28-1\/'><img loading=\"lazy\" decoding=\"async\" width=\"150\" height=\"150\" src=\"https:\/\/blogsaverroes.juntadeandalucia.es\/ieshimilce\/files\/2024\/02\/WhatsApp-Image-2024-02-01-at-11.46.28-1-150x150.jpeg\" class=\"attachment-thumbnail size-thumbnail\" alt=\"\" \/><\/a>\n\t\t\t<\/dt><\/dl><dl class='gallery-item'>\n\t\t\t<dt class='gallery-icon portrait'>\n\t\t\t\t<a href='https:\/\/blogsaverroes.juntadeandalucia.es\/ieshimilce\/actividades\/whatsapp-image-2024-02-01-at-11-46-28\/'><img loading=\"lazy\" decoding=\"async\" width=\"150\" height=\"150\" src=\"https:\/\/blogsaverroes.juntadeandalucia.es\/ieshimilce\/files\/2024\/02\/WhatsApp-Image-2024-02-01-at-11.46.28-150x150.jpeg\" class=\"attachment-thumbnail size-thumbnail\" alt=\"\" \/><\/a>\n\t\t\t<\/dt><\/dl><dl class='gallery-item'>\n\t\t\t<dt class='gallery-icon portrait'>\n\t\t\t\t<a href='https:\/\/blogsaverroes.juntadeandalucia.es\/ieshimilce\/actividades\/whatsapp-image-2024-02-01-at-11-46-27-4\/'><img loading=\"lazy\" decoding=\"async\" width=\"150\" height=\"150\" src=\"https:\/\/blogsaverroes.juntadeandalucia.es\/ieshimilce\/files\/2024\/02\/WhatsApp-Image-2024-02-01-at-11.46.27-4-150x150.jpeg\" class=\"attachment-thumbnail size-thumbnail\" alt=\"\" \/><\/a>\n\t\t\t<\/dt><\/dl><dl class='gallery-item'>\n\t\t\t<dt class='gallery-icon portrait'>\n\t\t\t\t<a href='https:\/\/blogsaverroes.juntadeandalucia.es\/ieshimilce\/actividades\/whatsapp-image-2024-02-01-at-11-46-27-3\/'><img loading=\"lazy\" decoding=\"async\" width=\"150\" height=\"150\" src=\"https:\/\/blogsaverroes.juntadeandalucia.es\/ieshimilce\/files\/2024\/02\/WhatsApp-Image-2024-02-01-at-11.46.27-3-150x150.jpeg\" class=\"attachment-thumbnail size-thumbnail\" alt=\"\" \/><\/a>\n\t\t\t<\/dt><\/dl><br style=\"clear: both\" \/><dl class='gallery-item'>\n\t\t\t<dt class='gallery-icon portrait'>\n\t\t\t\t<a href='https:\/\/blogsaverroes.juntadeandalucia.es\/ieshimilce\/actividades\/whatsapp-image-2024-02-01-at-11-46-27-1\/'><img loading=\"lazy\" decoding=\"async\" width=\"150\" height=\"150\" src=\"https:\/\/blogsaverroes.juntadeandalucia.es\/ieshimilce\/files\/2024\/02\/WhatsApp-Image-2024-02-01-at-11.46.27-1-150x150.jpeg\" class=\"attachment-thumbnail size-thumbnail\" alt=\"\" \/><\/a>\n\t\t\t<\/dt><\/dl><dl class='gallery-item'>\n\t\t\t<dt class='gallery-icon portrait'>\n\t\t\t\t<a href='https:\/\/blogsaverroes.juntadeandalucia.es\/ieshimilce\/actividades\/whatsapp-image-2024-02-01-at-11-46-27\/'><img loading=\"lazy\" decoding=\"async\" width=\"150\" height=\"150\" src=\"https:\/\/blogsaverroes.juntadeandalucia.es\/ieshimilce\/files\/2024\/02\/WhatsApp-Image-2024-02-01-at-11.46.27-150x150.jpeg\" class=\"attachment-thumbnail size-thumbnail\" alt=\"\" \/><\/a>\n\t\t\t<\/dt><\/dl><dl class='gallery-item'>\n\t\t\t<dt class='gallery-icon landscape'>\n\t\t\t\t<a href='https:\/\/blogsaverroes.juntadeandalucia.es\/ieshimilce\/actividades\/whatsapp-image-2024-02-01-at-11-46-26-2\/'><img loading=\"lazy\" decoding=\"async\" width=\"150\" height=\"150\" src=\"https:\/\/blogsaverroes.juntadeandalucia.es\/ieshimilce\/files\/2024\/02\/WhatsApp-Image-2024-02-01-at-11.46.26-2-150x150.jpeg\" class=\"attachment-thumbnail size-thumbnail\" alt=\"\" \/><\/a>\n\t\t\t<\/dt><\/dl><dl class='gallery-item'>\n\t\t\t<dt class='gallery-icon landscape'>\n\t\t\t\t<a href='https:\/\/blogsaverroes.juntadeandalucia.es\/ieshimilce\/actividades\/whatsapp-image-2024-02-01-at-11-46-26-1\/'><img loading=\"lazy\" decoding=\"async\" width=\"150\" height=\"150\" src=\"https:\/\/blogsaverroes.juntadeandalucia.es\/ieshimilce\/files\/2024\/02\/WhatsApp-Image-2024-02-01-at-11.46.26-1-150x150.jpeg\" class=\"attachment-thumbnail size-thumbnail\" alt=\"\" \/><\/a>\n\t\t\t<\/dt><\/dl><dl class='gallery-item'>\n\t\t\t<dt class='gallery-icon landscape'>\n\t\t\t\t<a href='https:\/\/blogsaverroes.juntadeandalucia.es\/ieshimilce\/actividades\/whatsapp-image-2024-02-01-at-11-46-26\/'><img loading=\"lazy\" decoding=\"async\" width=\"150\" height=\"150\" src=\"https:\/\/blogsaverroes.juntadeandalucia.es\/ieshimilce\/files\/2024\/02\/WhatsApp-Image-2024-02-01-at-11.46.26-150x150.jpeg\" class=\"attachment-thumbnail size-thumbnail\" alt=\"\" \/><\/a>\n\t\t\t<\/dt><\/dl><br style=\"clear: both\" \/>\n\t\t<\/div>\n\n<h4 style=\"text-align: justify\"><strong>\ud83d\ude42 24\/01\/2024<\/strong>. <strong>Programa Erasmus Ja\u00e9n+VIII<\/strong><\/h4>\n<p style=\"text-align: justify\"><span style=\"font-size: 14pt\">En el d\u00eda de hoy, los encargados del programa erasmus de la diputaci\u00f3n han asistido a nuestro centro para promocionar el programa erasmus Ja\u00e9n+ VIII. Ha sido una experiencia gratificante y nuestro alumnado se ha mostrado muy interesado y participativo. Muchas gracias a Raquel por venir a nuestro centro e impartir esta charla.<\/span><\/p>\n<p><a href=\"https:\/\/blogsaverroes.juntadeandalucia.es\/ieshimilce\/files\/2024\/01\/20240124_091405-scaled.jpg\"><img loading=\"lazy\" decoding=\"async\" class=\"aligncenter size-full wp-image-12996\" src=\"https:\/\/blogsaverroes.juntadeandalucia.es\/ieshimilce\/files\/2024\/01\/20240124_091405-scaled.jpg\" alt=\"\" width=\"1200\" height=\"675\" srcset=\"https:\/\/blogsaverroes.juntadeandalucia.es\/ieshimilce\/files\/2024\/01\/20240124_091405-scaled.jpg 1200w, https:\/\/blogsaverroes.juntadeandalucia.es\/ieshimilce\/files\/2024\/01\/20240124_091405-300x169.jpg 300w, https:\/\/blogsaverroes.juntadeandalucia.es\/ieshimilce\/files\/2024\/01\/20240124_091405-1024x576.jpg 1024w, https:\/\/blogsaverroes.juntadeandalucia.es\/ieshimilce\/files\/2024\/01\/20240124_091405-768x432.jpg 768w, https:\/\/blogsaverroes.juntadeandalucia.es\/ieshimilce\/files\/2024\/01\/20240124_091405-1536x864.jpg 1536w, https:\/\/blogsaverroes.juntadeandalucia.es\/ieshimilce\/files\/2024\/01\/20240124_091405-2048x1152.jpg 2048w\" sizes=\"(max-width: 1200px) 100vw, 1200px\" \/><\/a><\/p>\n<h4 style=\"text-align: justify\"><strong>\ud83d\ude42 17\/01\/2024. <\/strong>Visita a la Universidad de Ja\u00e9n.<\/h4>\n<p style=\"text-align: justify\"><span style=\"font-size: 14pt\">Los segundos cursos de ciclos superiores asistieron a una visita a la Universidad de Ja\u00e9n en la que se les informo sobre el acceso a la Universidad y en la que pudieron visitar algunas de sus instalaciones.<\/span><\/p>\n<h4 style=\"text-align: justify\"><strong><a href=\"https:\/\/blogsaverroes.juntadeandalucia.es\/ieshimilce\/files\/2024\/01\/WhatsApp-Image-2024-01-18-at-10.57.43.jpeg\"><img loading=\"lazy\" decoding=\"async\" class=\"aligncenter size-full wp-image-12986\" src=\"https:\/\/blogsaverroes.juntadeandalucia.es\/ieshimilce\/files\/2024\/01\/WhatsApp-Image-2024-01-18-at-10.57.43.jpeg\" alt=\"\" width=\"1200\" height=\"880\" srcset=\"https:\/\/blogsaverroes.juntadeandalucia.es\/ieshimilce\/files\/2024\/01\/WhatsApp-Image-2024-01-18-at-10.57.43.jpeg 1200w, https:\/\/blogsaverroes.juntadeandalucia.es\/ieshimilce\/files\/2024\/01\/WhatsApp-Image-2024-01-18-at-10.57.43-300x220.jpeg 300w, https:\/\/blogsaverroes.juntadeandalucia.es\/ieshimilce\/files\/2024\/01\/WhatsApp-Image-2024-01-18-at-10.57.43-1024x751.jpeg 1024w, https:\/\/blogsaverroes.juntadeandalucia.es\/ieshimilce\/files\/2024\/01\/WhatsApp-Image-2024-01-18-at-10.57.43-768x563.jpeg 768w\" sizes=\"(max-width: 1200px) 100vw, 1200px\" \/><\/a> <a href=\"https:\/\/blogsaverroes.juntadeandalucia.es\/ieshimilce\/files\/2024\/01\/WhatsApp-Image-2024-01-18-at-11.00.00.jpeg\"><img loading=\"lazy\" decoding=\"async\" class=\"aligncenter size-full wp-image-12987\" src=\"https:\/\/blogsaverroes.juntadeandalucia.es\/ieshimilce\/files\/2024\/01\/WhatsApp-Image-2024-01-18-at-11.00.00.jpeg\" alt=\"\" width=\"1200\" height=\"903\" srcset=\"https:\/\/blogsaverroes.juntadeandalucia.es\/ieshimilce\/files\/2024\/01\/WhatsApp-Image-2024-01-18-at-11.00.00.jpeg 1200w, https:\/\/blogsaverroes.juntadeandalucia.es\/ieshimilce\/files\/2024\/01\/WhatsApp-Image-2024-01-18-at-11.00.00-300x226.jpeg 300w, https:\/\/blogsaverroes.juntadeandalucia.es\/ieshimilce\/files\/2024\/01\/WhatsApp-Image-2024-01-18-at-11.00.00-1024x771.jpeg 1024w, https:\/\/blogsaverroes.juntadeandalucia.es\/ieshimilce\/files\/2024\/01\/WhatsApp-Image-2024-01-18-at-11.00.00-768x578.jpeg 768w, https:\/\/blogsaverroes.juntadeandalucia.es\/ieshimilce\/files\/2024\/01\/WhatsApp-Image-2024-01-18-at-11.00.00-1536x1156.jpeg 1536w\" sizes=\"(max-width: 1200px) 100vw, 1200px\" \/><\/a><\/strong><\/h4>\n<h4 style=\"text-align: justify\"><strong>\ud83d\ude42 10\/01\/2024. <\/strong>El IES Himilce con el deporte.<\/h4>\n<p style=\"text-align: justify\"><span style=\"font-size: 14pt\">El IES Himilce cuenta desde hoy con nuevas unas canastas de baloncesto instaladas en el patio del centro, ampliando as\u00ed la variedad de deportes que nuestro alumnado puede practicar en el centro. Esperemos que toda la comunidad educativa pueda disfrutar de ellas fomentando una vida activa y saludable.<\/span><\/p>\n<p><a href=\"https:\/\/blogsaverroes.juntadeandalucia.es\/ieshimilce\/files\/2024\/01\/WhatsApp-Image-2024-01-10-at-19.00.58.jpeg\"><img loading=\"lazy\" decoding=\"async\" class=\"aligncenter size-full wp-image-12962\" src=\"https:\/\/blogsaverroes.juntadeandalucia.es\/ieshimilce\/files\/2024\/01\/WhatsApp-Image-2024-01-10-at-19.00.58.jpeg\" alt=\"\" width=\"1200\" height=\"904\" srcset=\"https:\/\/blogsaverroes.juntadeandalucia.es\/ieshimilce\/files\/2024\/01\/WhatsApp-Image-2024-01-10-at-19.00.58.jpeg 1200w, https:\/\/blogsaverroes.juntadeandalucia.es\/ieshimilce\/files\/2024\/01\/WhatsApp-Image-2024-01-10-at-19.00.58-300x226.jpeg 300w, https:\/\/blogsaverroes.juntadeandalucia.es\/ieshimilce\/files\/2024\/01\/WhatsApp-Image-2024-01-10-at-19.00.58-1024x771.jpeg 1024w, https:\/\/blogsaverroes.juntadeandalucia.es\/ieshimilce\/files\/2024\/01\/WhatsApp-Image-2024-01-10-at-19.00.58-768x578.jpeg 768w, https:\/\/blogsaverroes.juntadeandalucia.es\/ieshimilce\/files\/2024\/01\/WhatsApp-Image-2024-01-10-at-19.00.58-1536x1157.jpeg 1536w\" sizes=\"(max-width: 1200px) 100vw, 1200px\" \/><\/a> <a href=\"https:\/\/blogsaverroes.juntadeandalucia.es\/ieshimilce\/files\/2024\/01\/WhatsApp-Image-2024-01-10-at-19.00.58-1.jpeg\"><img loading=\"lazy\" decoding=\"async\" class=\"aligncenter size-full wp-image-12961\" src=\"https:\/\/blogsaverroes.juntadeandalucia.es\/ieshimilce\/files\/2024\/01\/WhatsApp-Image-2024-01-10-at-19.00.58-1.jpeg\" alt=\"\" width=\"1200\" height=\"904\" srcset=\"https:\/\/blogsaverroes.juntadeandalucia.es\/ieshimilce\/files\/2024\/01\/WhatsApp-Image-2024-01-10-at-19.00.58-1.jpeg 1200w, https:\/\/blogsaverroes.juntadeandalucia.es\/ieshimilce\/files\/2024\/01\/WhatsApp-Image-2024-01-10-at-19.00.58-1-300x226.jpeg 300w, https:\/\/blogsaverroes.juntadeandalucia.es\/ieshimilce\/files\/2024\/01\/WhatsApp-Image-2024-01-10-at-19.00.58-1-1024x771.jpeg 1024w, https:\/\/blogsaverroes.juntadeandalucia.es\/ieshimilce\/files\/2024\/01\/WhatsApp-Image-2024-01-10-at-19.00.58-1-768x578.jpeg 768w, https:\/\/blogsaverroes.juntadeandalucia.es\/ieshimilce\/files\/2024\/01\/WhatsApp-Image-2024-01-10-at-19.00.58-1-1536x1157.jpeg 1536w\" sizes=\"(max-width: 1200px) 100vw, 1200px\" \/><\/a><\/p>\n<h4 style=\"text-align: justify\"><strong>\ud83d\ude42 27\/11\/2023. <span style=\"color: #008000\">Taller de Flamenco<\/span>.<\/strong><\/h4>\n<p style=\"text-align: justify\">Actividad enmarcada en la celebraci\u00f3n del D\u00eda Internacional del flamenco. Impartido por el percusionista <strong>Javier de Carmen.<\/strong><\/p>\n<div style=\"width: 480px;\" class=\"wp-video\"><video class=\"wp-video-shortcode\" id=\"video-13349-2\" width=\"480\" height=\"864\" preload=\"metadata\" controls=\"controls\"><source type=\"video\/mp4\" src=\"https:\/\/blogsaverroes.juntadeandalucia.es\/ieshimilce\/files\/2023\/11\/WhatsApp-Video-2023-11-27-at-13.47.52.mp4?_=2\" \/><a href=\"https:\/\/blogsaverroes.juntadeandalucia.es\/ieshimilce\/files\/2023\/11\/WhatsApp-Video-2023-11-27-at-13.47.52.mp4\">https:\/\/blogsaverroes.juntadeandalucia.es\/ieshimilce\/files\/2023\/11\/WhatsApp-Video-2023-11-27-at-13.47.52.mp4<\/a><\/video><\/div>\n<p>&nbsp;<\/p>\n<h4 style=\"text-align: justify\"><strong>\ud83d\ude42 24\/11\/2023. Visita a la subestaci\u00f3n el\u00e9ctrica de Linares con 2\u00ba del&nbsp; CFGS de Energ\u00edas renovables DUAL.<\/strong><\/h4>\n<p><a href=\"https:\/\/blogsaverroes.juntadeandalucia.es\/ieshimilce\/files\/2023\/11\/VISITA-ESTACION.png\"><img loading=\"lazy\" decoding=\"async\" class=\"aligncenter size-full wp-image-12939\" src=\"https:\/\/blogsaverroes.juntadeandalucia.es\/ieshimilce\/files\/2023\/11\/VISITA-ESTACION.png\" alt=\"\" width=\"1200\" height=\"675\" srcset=\"https:\/\/blogsaverroes.juntadeandalucia.es\/ieshimilce\/files\/2023\/11\/VISITA-ESTACION.png 1200w, https:\/\/blogsaverroes.juntadeandalucia.es\/ieshimilce\/files\/2023\/11\/VISITA-ESTACION-300x169.png 300w, https:\/\/blogsaverroes.juntadeandalucia.es\/ieshimilce\/files\/2023\/11\/VISITA-ESTACION-1024x576.png 1024w, https:\/\/blogsaverroes.juntadeandalucia.es\/ieshimilce\/files\/2023\/11\/VISITA-ESTACION-768x432.png 768w\" sizes=\"(max-width: 1200px) 100vw, 1200px\" \/><\/a><\/p>\n<h4><strong>\ud83d\ude42 22\/11\/2023. Simulacro de evacuaci\u00f3n.<\/strong><\/h4>\n<p><a href=\"https:\/\/blogsaverroes.juntadeandalucia.es\/ieshimilce\/files\/2023\/11\/simulacro-de-evacuacion.png\"><img loading=\"lazy\" decoding=\"async\" class=\"aligncenter size-full wp-image-12928\" src=\"https:\/\/blogsaverroes.juntadeandalucia.es\/ieshimilce\/files\/2023\/11\/simulacro-de-evacuacion.png\" alt=\"\" width=\"1108\" height=\"804\" srcset=\"https:\/\/blogsaverroes.juntadeandalucia.es\/ieshimilce\/files\/2023\/11\/simulacro-de-evacuacion.png 1108w, https:\/\/blogsaverroes.juntadeandalucia.es\/ieshimilce\/files\/2023\/11\/simulacro-de-evacuacion-300x218.png 300w, https:\/\/blogsaverroes.juntadeandalucia.es\/ieshimilce\/files\/2023\/11\/simulacro-de-evacuacion-1024x743.png 1024w, https:\/\/blogsaverroes.juntadeandalucia.es\/ieshimilce\/files\/2023\/11\/simulacro-de-evacuacion-768x557.png 768w\" sizes=\"(max-width: 1108px) 100vw, 1108px\" \/><\/a><a href=\"https:\/\/blogsaverroes.juntadeandalucia.es\/ieshimilce\/files\/2023\/11\/20231122_102521-scaled.jpg\"><img loading=\"lazy\" decoding=\"async\" class=\"aligncenter size-full wp-image-12930\" src=\"https:\/\/blogsaverroes.juntadeandalucia.es\/ieshimilce\/files\/2023\/11\/20231122_102521-scaled.jpg\" alt=\"\" width=\"1200\" height=\"675\" srcset=\"https:\/\/blogsaverroes.juntadeandalucia.es\/ieshimilce\/files\/2023\/11\/20231122_102521-scaled.jpg 1200w, https:\/\/blogsaverroes.juntadeandalucia.es\/ieshimilce\/files\/2023\/11\/20231122_102521-300x169.jpg 300w, https:\/\/blogsaverroes.juntadeandalucia.es\/ieshimilce\/files\/2023\/11\/20231122_102521-1024x576.jpg 1024w, https:\/\/blogsaverroes.juntadeandalucia.es\/ieshimilce\/files\/2023\/11\/20231122_102521-768x432.jpg 768w, https:\/\/blogsaverroes.juntadeandalucia.es\/ieshimilce\/files\/2023\/11\/20231122_102521-1536x864.jpg 1536w, https:\/\/blogsaverroes.juntadeandalucia.es\/ieshimilce\/files\/2023\/11\/20231122_102521-2048x1152.jpg 2048w\" sizes=\"(max-width: 1200px) 100vw, 1200px\" \/><\/a><\/p>\n<h4><strong>\ud83d\ude42 22\/11\/2023. Celebraci\u00f3n del <\/strong><strong>D\u00eda Internacional de la Eliminaci\u00f3n de la Violencia contra la Mujer<\/strong><\/h4>\n<p><a href=\"https:\/\/blogsaverroes.juntadeandalucia.es\/ieshimilce\/files\/2023\/11\/Diapositiva1-3.png\"><img loading=\"lazy\" decoding=\"async\" class=\"aligncenter size-full wp-image-12932\" src=\"https:\/\/blogsaverroes.juntadeandalucia.es\/ieshimilce\/files\/2023\/11\/Diapositiva1-3.png\" alt=\"\" width=\"1200\" height=\"675\" srcset=\"https:\/\/blogsaverroes.juntadeandalucia.es\/ieshimilce\/files\/2023\/11\/Diapositiva1-3.png 1200w, https:\/\/blogsaverroes.juntadeandalucia.es\/ieshimilce\/files\/2023\/11\/Diapositiva1-3-300x169.png 300w, https:\/\/blogsaverroes.juntadeandalucia.es\/ieshimilce\/files\/2023\/11\/Diapositiva1-3-1024x576.png 1024w, https:\/\/blogsaverroes.juntadeandalucia.es\/ieshimilce\/files\/2023\/11\/Diapositiva1-3-768x432.png 768w\" sizes=\"(max-width: 1200px) 100vw, 1200px\" \/><\/a> <a href=\"https:\/\/blogsaverroes.juntadeandalucia.es\/ieshimilce\/files\/2023\/11\/Diapositiva2-3.png\"><img loading=\"lazy\" decoding=\"async\" class=\"aligncenter size-full wp-image-12933\" src=\"https:\/\/blogsaverroes.juntadeandalucia.es\/ieshimilce\/files\/2023\/11\/Diapositiva2-3.png\" alt=\"\" width=\"1200\" height=\"675\" srcset=\"https:\/\/blogsaverroes.juntadeandalucia.es\/ieshimilce\/files\/2023\/11\/Diapositiva2-3.png 1200w, https:\/\/blogsaverroes.juntadeandalucia.es\/ieshimilce\/files\/2023\/11\/Diapositiva2-3-300x169.png 300w, https:\/\/blogsaverroes.juntadeandalucia.es\/ieshimilce\/files\/2023\/11\/Diapositiva2-3-1024x576.png 1024w, https:\/\/blogsaverroes.juntadeandalucia.es\/ieshimilce\/files\/2023\/11\/Diapositiva2-3-768x432.png 768w\" sizes=\"(max-width: 1200px) 100vw, 1200px\" \/><\/a> <a href=\"https:\/\/blogsaverroes.juntadeandalucia.es\/ieshimilce\/files\/2023\/11\/Diapositiva3-1.png\"><img loading=\"lazy\" decoding=\"async\" class=\"aligncenter size-full wp-image-12934\" src=\"https:\/\/blogsaverroes.juntadeandalucia.es\/ieshimilce\/files\/2023\/11\/Diapositiva3-1.png\" alt=\"\" width=\"1200\" height=\"675\" srcset=\"https:\/\/blogsaverroes.juntadeandalucia.es\/ieshimilce\/files\/2023\/11\/Diapositiva3-1.png 1200w, https:\/\/blogsaverroes.juntadeandalucia.es\/ieshimilce\/files\/2023\/11\/Diapositiva3-1-300x169.png 300w, https:\/\/blogsaverroes.juntadeandalucia.es\/ieshimilce\/files\/2023\/11\/Diapositiva3-1-1024x576.png 1024w, https:\/\/blogsaverroes.juntadeandalucia.es\/ieshimilce\/files\/2023\/11\/Diapositiva3-1-768x432.png 768w\" sizes=\"(max-width: 1200px) 100vw, 1200px\" \/><\/a> <a href=\"https:\/\/blogsaverroes.juntadeandalucia.es\/ieshimilce\/files\/2023\/11\/Diapositiva4-1.png\"><img loading=\"lazy\" decoding=\"async\" class=\"aligncenter size-full wp-image-12935\" src=\"https:\/\/blogsaverroes.juntadeandalucia.es\/ieshimilce\/files\/2023\/11\/Diapositiva4-1.png\" alt=\"\" width=\"1200\" height=\"675\" srcset=\"https:\/\/blogsaverroes.juntadeandalucia.es\/ieshimilce\/files\/2023\/11\/Diapositiva4-1.png 1200w, https:\/\/blogsaverroes.juntadeandalucia.es\/ieshimilce\/files\/2023\/11\/Diapositiva4-1-300x169.png 300w, https:\/\/blogsaverroes.juntadeandalucia.es\/ieshimilce\/files\/2023\/11\/Diapositiva4-1-1024x576.png 1024w, https:\/\/blogsaverroes.juntadeandalucia.es\/ieshimilce\/files\/2023\/11\/Diapositiva4-1-768x432.png 768w\" sizes=\"(max-width: 1200px) 100vw, 1200px\" \/><\/a><\/p>\n<h4><strong>\ud83d\ude42 20 al 24\/11\/2023. <span style=\"color: #800080\">Semana de PRL.<\/span><\/strong><\/h4>\n<p><a href=\"https:\/\/blogsaverroes.juntadeandalucia.es\/ieshimilce\/files\/2023\/11\/Cartel.png\"><img loading=\"lazy\" decoding=\"async\" class=\"aligncenter size-full wp-image-12888\" src=\"https:\/\/blogsaverroes.juntadeandalucia.es\/ieshimilce\/files\/2023\/11\/Cartel.png\" alt=\"\" width=\"1200\" height=\"675\" srcset=\"https:\/\/blogsaverroes.juntadeandalucia.es\/ieshimilce\/files\/2023\/11\/Cartel.png 1200w, https:\/\/blogsaverroes.juntadeandalucia.es\/ieshimilce\/files\/2023\/11\/Cartel-300x169.png 300w, https:\/\/blogsaverroes.juntadeandalucia.es\/ieshimilce\/files\/2023\/11\/Cartel-1024x576.png 1024w, https:\/\/blogsaverroes.juntadeandalucia.es\/ieshimilce\/files\/2023\/11\/Cartel-768x432.png 768w\" sizes=\"(max-width: 1200px) 100vw, 1200px\" \/><\/a><\/p>\n<h4><a href=\"https:\/\/blogsaverroes.juntadeandalucia.es\/ieshimilce\/files\/2023\/11\/Diapositiva1-2.png\"><img loading=\"lazy\" decoding=\"async\" class=\"aligncenter size-full wp-image-12923\" src=\"https:\/\/blogsaverroes.juntadeandalucia.es\/ieshimilce\/files\/2023\/11\/Diapositiva1-2.png\" alt=\"\" width=\"1200\" height=\"675\" srcset=\"https:\/\/blogsaverroes.juntadeandalucia.es\/ieshimilce\/files\/2023\/11\/Diapositiva1-2.png 1200w, https:\/\/blogsaverroes.juntadeandalucia.es\/ieshimilce\/files\/2023\/11\/Diapositiva1-2-300x169.png 300w, https:\/\/blogsaverroes.juntadeandalucia.es\/ieshimilce\/files\/2023\/11\/Diapositiva1-2-1024x576.png 1024w, https:\/\/blogsaverroes.juntadeandalucia.es\/ieshimilce\/files\/2023\/11\/Diapositiva1-2-768x432.png 768w\" sizes=\"(max-width: 1200px) 100vw, 1200px\" \/><\/a> <a href=\"https:\/\/blogsaverroes.juntadeandalucia.es\/ieshimilce\/files\/2023\/11\/Diapositiva2-2.png\"><img loading=\"lazy\" decoding=\"async\" class=\"aligncenter size-full wp-image-12924\" src=\"https:\/\/blogsaverroes.juntadeandalucia.es\/ieshimilce\/files\/2023\/11\/Diapositiva2-2.png\" alt=\"\" width=\"1200\" height=\"675\" srcset=\"https:\/\/blogsaverroes.juntadeandalucia.es\/ieshimilce\/files\/2023\/11\/Diapositiva2-2.png 1200w, https:\/\/blogsaverroes.juntadeandalucia.es\/ieshimilce\/files\/2023\/11\/Diapositiva2-2-300x169.png 300w, https:\/\/blogsaverroes.juntadeandalucia.es\/ieshimilce\/files\/2023\/11\/Diapositiva2-2-1024x576.png 1024w, https:\/\/blogsaverroes.juntadeandalucia.es\/ieshimilce\/files\/2023\/11\/Diapositiva2-2-768x432.png 768w\" sizes=\"(max-width: 1200px) 100vw, 1200px\" \/><\/a> <a href=\"https:\/\/blogsaverroes.juntadeandalucia.es\/ieshimilce\/files\/2023\/11\/Diapositiva3.png\"><img loading=\"lazy\" decoding=\"async\" class=\"aligncenter size-full wp-image-12925\" src=\"https:\/\/blogsaverroes.juntadeandalucia.es\/ieshimilce\/files\/2023\/11\/Diapositiva3.png\" alt=\"\" width=\"1200\" height=\"675\" srcset=\"https:\/\/blogsaverroes.juntadeandalucia.es\/ieshimilce\/files\/2023\/11\/Diapositiva3.png 1200w, https:\/\/blogsaverroes.juntadeandalucia.es\/ieshimilce\/files\/2023\/11\/Diapositiva3-300x169.png 300w, https:\/\/blogsaverroes.juntadeandalucia.es\/ieshimilce\/files\/2023\/11\/Diapositiva3-1024x576.png 1024w, https:\/\/blogsaverroes.juntadeandalucia.es\/ieshimilce\/files\/2023\/11\/Diapositiva3-768x432.png 768w\" sizes=\"(max-width: 1200px) 100vw, 1200px\" \/><\/a> <a href=\"https:\/\/blogsaverroes.juntadeandalucia.es\/ieshimilce\/files\/2023\/11\/Diapositiva4.png\"><img loading=\"lazy\" decoding=\"async\" class=\"aligncenter size-full wp-image-12926\" src=\"https:\/\/blogsaverroes.juntadeandalucia.es\/ieshimilce\/files\/2023\/11\/Diapositiva4.png\" alt=\"\" width=\"1200\" height=\"675\" srcset=\"https:\/\/blogsaverroes.juntadeandalucia.es\/ieshimilce\/files\/2023\/11\/Diapositiva4.png 1200w, https:\/\/blogsaverroes.juntadeandalucia.es\/ieshimilce\/files\/2023\/11\/Diapositiva4-300x169.png 300w, https:\/\/blogsaverroes.juntadeandalucia.es\/ieshimilce\/files\/2023\/11\/Diapositiva4-1024x576.png 1024w, https:\/\/blogsaverroes.juntadeandalucia.es\/ieshimilce\/files\/2023\/11\/Diapositiva4-768x432.png 768w\" sizes=\"(max-width: 1200px) 100vw, 1200px\" \/><\/a><a href=\"https:\/\/blogsaverroes.juntadeandalucia.es\/ieshimilce\/files\/2023\/11\/Diapositiva1-4.png\"><img loading=\"lazy\" decoding=\"async\" class=\"aligncenter size-full wp-image-12943\" src=\"https:\/\/blogsaverroes.juntadeandalucia.es\/ieshimilce\/files\/2023\/11\/Diapositiva1-4.png\" alt=\"\" width=\"1200\" height=\"675\" srcset=\"https:\/\/blogsaverroes.juntadeandalucia.es\/ieshimilce\/files\/2023\/11\/Diapositiva1-4.png 1200w, https:\/\/blogsaverroes.juntadeandalucia.es\/ieshimilce\/files\/2023\/11\/Diapositiva1-4-300x169.png 300w, https:\/\/blogsaverroes.juntadeandalucia.es\/ieshimilce\/files\/2023\/11\/Diapositiva1-4-1024x576.png 1024w, https:\/\/blogsaverroes.juntadeandalucia.es\/ieshimilce\/files\/2023\/11\/Diapositiva1-4-768x432.png 768w\" sizes=\"(max-width: 1200px) 100vw, 1200px\" \/><\/a> <a href=\"https:\/\/blogsaverroes.juntadeandalucia.es\/ieshimilce\/files\/2023\/11\/Diapositiva2-4.png\"><img loading=\"lazy\" decoding=\"async\" class=\"aligncenter size-full wp-image-12944\" src=\"https:\/\/blogsaverroes.juntadeandalucia.es\/ieshimilce\/files\/2023\/11\/Diapositiva2-4.png\" alt=\"\" width=\"1200\" height=\"675\" srcset=\"https:\/\/blogsaverroes.juntadeandalucia.es\/ieshimilce\/files\/2023\/11\/Diapositiva2-4.png 1200w, https:\/\/blogsaverroes.juntadeandalucia.es\/ieshimilce\/files\/2023\/11\/Diapositiva2-4-300x169.png 300w, https:\/\/blogsaverroes.juntadeandalucia.es\/ieshimilce\/files\/2023\/11\/Diapositiva2-4-1024x576.png 1024w, https:\/\/blogsaverroes.juntadeandalucia.es\/ieshimilce\/files\/2023\/11\/Diapositiva2-4-768x432.png 768w\" sizes=\"(max-width: 1200px) 100vw, 1200px\" \/><\/a> <a href=\"https:\/\/blogsaverroes.juntadeandalucia.es\/ieshimilce\/files\/2023\/11\/Diapositiva3-2.png\"><img loading=\"lazy\" decoding=\"async\" class=\"aligncenter size-full wp-image-12945\" src=\"https:\/\/blogsaverroes.juntadeandalucia.es\/ieshimilce\/files\/2023\/11\/Diapositiva3-2.png\" alt=\"\" width=\"1200\" height=\"675\" srcset=\"https:\/\/blogsaverroes.juntadeandalucia.es\/ieshimilce\/files\/2023\/11\/Diapositiva3-2.png 1200w, https:\/\/blogsaverroes.juntadeandalucia.es\/ieshimilce\/files\/2023\/11\/Diapositiva3-2-300x169.png 300w, https:\/\/blogsaverroes.juntadeandalucia.es\/ieshimilce\/files\/2023\/11\/Diapositiva3-2-1024x576.png 1024w, https:\/\/blogsaverroes.juntadeandalucia.es\/ieshimilce\/files\/2023\/11\/Diapositiva3-2-768x432.png 768w\" sizes=\"(max-width: 1200px) 100vw, 1200px\" \/><\/a> <a href=\"https:\/\/blogsaverroes.juntadeandalucia.es\/ieshimilce\/files\/2023\/11\/Diapositiva4-2.png\"><img loading=\"lazy\" decoding=\"async\" class=\"aligncenter size-full wp-image-12946\" src=\"https:\/\/blogsaverroes.juntadeandalucia.es\/ieshimilce\/files\/2023\/11\/Diapositiva4-2.png\" alt=\"\" width=\"1200\" height=\"675\" srcset=\"https:\/\/blogsaverroes.juntadeandalucia.es\/ieshimilce\/files\/2023\/11\/Diapositiva4-2.png 1200w, https:\/\/blogsaverroes.juntadeandalucia.es\/ieshimilce\/files\/2023\/11\/Diapositiva4-2-300x169.png 300w, https:\/\/blogsaverroes.juntadeandalucia.es\/ieshimilce\/files\/2023\/11\/Diapositiva4-2-1024x576.png 1024w, https:\/\/blogsaverroes.juntadeandalucia.es\/ieshimilce\/files\/2023\/11\/Diapositiva4-2-768x432.png 768w\" sizes=\"(max-width: 1200px) 100vw, 1200px\" \/><\/a><\/h4>\n<h4><strong>\ud83d\ude42 20\/11\/2023. Celebraci\u00f3n del d\u00eda del gitano andaluz.<\/strong><\/h4>\n<p><a href=\"https:\/\/blogsaverroes.juntadeandalucia.es\/ieshimilce\/files\/2023\/11\/Presentaci\u00f3n3.png\"><img loading=\"lazy\" decoding=\"async\" class=\"aligncenter size-full wp-image-12936\" src=\"https:\/\/blogsaverroes.juntadeandalucia.es\/ieshimilce\/files\/2023\/11\/Presentaci\u00f3n3.png\" alt=\"\" width=\"1200\" height=\"675\" srcset=\"https:\/\/blogsaverroes.juntadeandalucia.es\/ieshimilce\/files\/2023\/11\/Presentaci\u00f3n3.png 1200w, https:\/\/blogsaverroes.juntadeandalucia.es\/ieshimilce\/files\/2023\/11\/Presentaci\u00f3n3-300x169.png 300w, https:\/\/blogsaverroes.juntadeandalucia.es\/ieshimilce\/files\/2023\/11\/Presentaci\u00f3n3-1024x576.png 1024w, https:\/\/blogsaverroes.juntadeandalucia.es\/ieshimilce\/files\/2023\/11\/Presentaci\u00f3n3-768x432.png 768w\" sizes=\"(max-width: 1200px) 100vw, 1200px\" \/><\/a><\/p>\n<h4 style=\"text-align: justify\"><strong>\ud83d\ude42 20\/11\/2023. Donaci\u00f3n de equipos PLC S7-400.<\/strong><\/h4>\n<p style=\"text-align: justify\"><span style=\"font-size: 14pt\">Desde nuestra web queremos agradecer la donaci\u00f3n realizada por la empresa linarense <strong>JIntegradores S.L., <\/strong>dedicada al desarrollo de sistemas de automatizaci\u00f3n, y en especial a Ricardo Jim\u00e9nez Moreno, que de manera desinteresada han donado al IES Himilce dos equipos PLC S7-400 de la marca Siemens. Esto nos permite ampliar la dotaci\u00f3n existente en nuestras aulas del CFGS de Automatizaci\u00f3n y Rob\u00f3tica industrial.<\/span><\/p>\n<p><a href=\"https:\/\/blogsaverroes.juntadeandalucia.es\/ieshimilce\/files\/2023\/11\/Donacion-equipos-S7400.png\"><img loading=\"lazy\" decoding=\"async\" class=\"aligncenter size-full wp-image-12917\" src=\"https:\/\/blogsaverroes.juntadeandalucia.es\/ieshimilce\/files\/2023\/11\/Donacion-equipos-S7400.png\" alt=\"\" width=\"1200\" height=\"675\" srcset=\"https:\/\/blogsaverroes.juntadeandalucia.es\/ieshimilce\/files\/2023\/11\/Donacion-equipos-S7400.png 1200w, https:\/\/blogsaverroes.juntadeandalucia.es\/ieshimilce\/files\/2023\/11\/Donacion-equipos-S7400-300x169.png 300w, https:\/\/blogsaverroes.juntadeandalucia.es\/ieshimilce\/files\/2023\/11\/Donacion-equipos-S7400-1024x576.png 1024w, https:\/\/blogsaverroes.juntadeandalucia.es\/ieshimilce\/files\/2023\/11\/Donacion-equipos-S7400-768x432.png 768w\" sizes=\"(max-width: 1200px) 100vw, 1200px\" \/><\/a><\/p>\n<h4 style=\"text-align: justify\"><strong>\ud83d\ude42 17\/11\/2023. Participaci\u00f3n del IES Himilce en la I feria de Emprendimiento femenino de Linares.<\/strong><\/h4>\n<p style=\"text-align: justify\"><span style=\"font-size: 14pt\">La feria se ha celebrado en el Posito de Linares, y nuestras alumnas del CF de PCC han obtenido uno de los premios.<\/span><\/p>\n<p><a href=\"https:\/\/blogsaverroes.juntadeandalucia.es\/ieshimilce\/files\/2023\/11\/WhatsApp-Image-2023-11-17-at-12.36.00-1.jpeg\"><img loading=\"lazy\" decoding=\"async\" class=\"aligncenter size-full wp-image-12910\" src=\"https:\/\/blogsaverroes.juntadeandalucia.es\/ieshimilce\/files\/2023\/11\/WhatsApp-Image-2023-11-17-at-12.36.00-1.jpeg\" alt=\"\" width=\"1200\" height=\"583\" srcset=\"https:\/\/blogsaverroes.juntadeandalucia.es\/ieshimilce\/files\/2023\/11\/WhatsApp-Image-2023-11-17-at-12.36.00-1.jpeg 1200w, https:\/\/blogsaverroes.juntadeandalucia.es\/ieshimilce\/files\/2023\/11\/WhatsApp-Image-2023-11-17-at-12.36.00-1-300x146.jpeg 300w, https:\/\/blogsaverroes.juntadeandalucia.es\/ieshimilce\/files\/2023\/11\/WhatsApp-Image-2023-11-17-at-12.36.00-1-1024x497.jpeg 1024w, https:\/\/blogsaverroes.juntadeandalucia.es\/ieshimilce\/files\/2023\/11\/WhatsApp-Image-2023-11-17-at-12.36.00-1-768x373.jpeg 768w, https:\/\/blogsaverroes.juntadeandalucia.es\/ieshimilce\/files\/2023\/11\/WhatsApp-Image-2023-11-17-at-12.36.00-1-1536x746.jpeg 1536w\" sizes=\"(max-width: 1200px) 100vw, 1200px\" \/><\/a> <a href=\"https:\/\/blogsaverroes.juntadeandalucia.es\/ieshimilce\/files\/2023\/11\/WhatsApp-Image-2023-11-17-at-12.36.00.jpeg\"><img loading=\"lazy\" decoding=\"async\" class=\"aligncenter size-full wp-image-12911\" src=\"https:\/\/blogsaverroes.juntadeandalucia.es\/ieshimilce\/files\/2023\/11\/WhatsApp-Image-2023-11-17-at-12.36.00.jpeg\" alt=\"\" width=\"1200\" height=\"583\" srcset=\"https:\/\/blogsaverroes.juntadeandalucia.es\/ieshimilce\/files\/2023\/11\/WhatsApp-Image-2023-11-17-at-12.36.00.jpeg 1200w, https:\/\/blogsaverroes.juntadeandalucia.es\/ieshimilce\/files\/2023\/11\/WhatsApp-Image-2023-11-17-at-12.36.00-300x146.jpeg 300w, https:\/\/blogsaverroes.juntadeandalucia.es\/ieshimilce\/files\/2023\/11\/WhatsApp-Image-2023-11-17-at-12.36.00-1024x497.jpeg 1024w, https:\/\/blogsaverroes.juntadeandalucia.es\/ieshimilce\/files\/2023\/11\/WhatsApp-Image-2023-11-17-at-12.36.00-768x373.jpeg 768w, https:\/\/blogsaverroes.juntadeandalucia.es\/ieshimilce\/files\/2023\/11\/WhatsApp-Image-2023-11-17-at-12.36.00-1536x746.jpeg 1536w\" sizes=\"(max-width: 1200px) 100vw, 1200px\" \/><\/a><\/p>\n<h4>\ud83d\ude42 14<strong>\/11\/2023. Demostraci\u00f3n de aparatolog\u00eda de fotodepilaci\u00f3n.<\/strong><\/h4>\n<p style=\"text-align: justify\"><span style=\"font-size: 14pt\">Actividad realizada con los Cursos de 1\u00ba y 2\u00ba del CFGD de Est\u00e9tica Integral y Bienestar.<\/span><\/p>\n<p><a href=\"https:\/\/blogsaverroes.juntadeandalucia.es\/ieshimilce\/files\/2023\/11\/Diapositiva2.png\"><img loading=\"lazy\" decoding=\"async\" class=\"aligncenter size-full wp-image-12884\" src=\"https:\/\/blogsaverroes.juntadeandalucia.es\/ieshimilce\/files\/2023\/11\/Diapositiva2.png\" alt=\"\" width=\"960\" height=\"720\" srcset=\"https:\/\/blogsaverroes.juntadeandalucia.es\/ieshimilce\/files\/2023\/11\/Diapositiva2.png 960w, https:\/\/blogsaverroes.juntadeandalucia.es\/ieshimilce\/files\/2023\/11\/Diapositiva2-300x225.png 300w, https:\/\/blogsaverroes.juntadeandalucia.es\/ieshimilce\/files\/2023\/11\/Diapositiva2-768x576.png 768w\" sizes=\"(max-width: 960px) 100vw, 960px\" \/><\/a><a href=\"https:\/\/blogsaverroes.juntadeandalucia.es\/ieshimilce\/files\/2023\/11\/Diapositiva1.png\"><img loading=\"lazy\" decoding=\"async\" class=\"aligncenter size-full wp-image-12883\" src=\"https:\/\/blogsaverroes.juntadeandalucia.es\/ieshimilce\/files\/2023\/11\/Diapositiva1.png\" alt=\"\" width=\"960\" height=\"720\" srcset=\"https:\/\/blogsaverroes.juntadeandalucia.es\/ieshimilce\/files\/2023\/11\/Diapositiva1.png 960w, https:\/\/blogsaverroes.juntadeandalucia.es\/ieshimilce\/files\/2023\/11\/Diapositiva1-300x225.png 300w, https:\/\/blogsaverroes.juntadeandalucia.es\/ieshimilce\/files\/2023\/11\/Diapositiva1-768x576.png 768w\" sizes=\"(max-width: 960px) 100vw, 960px\" \/><\/a><\/p>\n<h4 style=\"text-align: justify\">\ud83d\ude42 <strong>14\/11\/2023. Jornadas sobre aparatolog\u00eda innovadora para la mejora en tratamientos faciales y corporales.<\/strong><\/h4>\n<p style=\"text-align: justify\"><span style=\"font-size: 14pt\">Estrenamos la nueva dotaci\u00f3n recibida para el CFGS de Est\u00e9tica Integral y Bienestar.<\/span><\/p>\n<p><a href=\"https:\/\/blogsaverroes.juntadeandalucia.es\/ieshimilce\/files\/2023\/11\/Diapositiva1-1.png\"><img loading=\"lazy\" decoding=\"async\" class=\"aligncenter size-full wp-image-12903\" src=\"https:\/\/blogsaverroes.juntadeandalucia.es\/ieshimilce\/files\/2023\/11\/Diapositiva1-1.png\" alt=\"\" width=\"960\" height=\"720\" srcset=\"https:\/\/blogsaverroes.juntadeandalucia.es\/ieshimilce\/files\/2023\/11\/Diapositiva1-1.png 960w, https:\/\/blogsaverroes.juntadeandalucia.es\/ieshimilce\/files\/2023\/11\/Diapositiva1-1-300x225.png 300w, https:\/\/blogsaverroes.juntadeandalucia.es\/ieshimilce\/files\/2023\/11\/Diapositiva1-1-768x576.png 768w\" sizes=\"(max-width: 960px) 100vw, 960px\" \/><\/a> <a href=\"https:\/\/blogsaverroes.juntadeandalucia.es\/ieshimilce\/files\/2023\/11\/Diapositiva2-1.png\"><img loading=\"lazy\" decoding=\"async\" class=\"aligncenter size-full wp-image-12904\" src=\"https:\/\/blogsaverroes.juntadeandalucia.es\/ieshimilce\/files\/2023\/11\/Diapositiva2-1.png\" alt=\"\" width=\"960\" height=\"720\" srcset=\"https:\/\/blogsaverroes.juntadeandalucia.es\/ieshimilce\/files\/2023\/11\/Diapositiva2-1.png 960w, https:\/\/blogsaverroes.juntadeandalucia.es\/ieshimilce\/files\/2023\/11\/Diapositiva2-1-300x225.png 300w, https:\/\/blogsaverroes.juntadeandalucia.es\/ieshimilce\/files\/2023\/11\/Diapositiva2-1-768x576.png 768w\" sizes=\"(max-width: 960px) 100vw, 960px\" \/><\/a><\/p>\n<p><strong>\ud83d\ude42 13\/11\/2023.&nbsp;Visita a las l\u00edneas el\u00e9ctricas de Alta Tensi\u00f3n y Subestaci\u00f3n El\u00e9ctrica de Linares.<\/strong><\/p>\n<p style=\"text-align: justify\"><span style=\"font-size: 14pt\">Visita realizada con el alumnado de los CFGS de Energ\u00edas renovables de 2\u00ba curso (Biling\u00fce y Dual)<\/span><\/p>\n<p><a href=\"https:\/\/blogsaverroes.juntadeandalucia.es\/ieshimilce\/files\/2023\/11\/Visita-CFGS-ER.png\"><img loading=\"lazy\" decoding=\"async\" class=\"aligncenter size-full wp-image-12881\" src=\"https:\/\/blogsaverroes.juntadeandalucia.es\/ieshimilce\/files\/2023\/11\/Visita-CFGS-ER.png\" alt=\"\" width=\"960\" height=\"720\" srcset=\"https:\/\/blogsaverroes.juntadeandalucia.es\/ieshimilce\/files\/2023\/11\/Visita-CFGS-ER.png 960w, https:\/\/blogsaverroes.juntadeandalucia.es\/ieshimilce\/files\/2023\/11\/Visita-CFGS-ER-300x225.png 300w, https:\/\/blogsaverroes.juntadeandalucia.es\/ieshimilce\/files\/2023\/11\/Visita-CFGS-ER-768x576.png 768w\" sizes=\"(max-width: 960px) 100vw, 960px\" \/><\/a><\/p>\n<h4 style=\"text-align: justify\"><strong>\ud83d\ude42 10\/11\/2024. Comunidades de Aprendizaje.<\/strong><\/h4>\n<p style=\"text-align: justify\"><span style=\"font-size: 14pt\">Comenzamos nuevo a\u00f1o y con el nos adentramos en el segundo trimestre. En nuestro Himi-Huerto y Gallinero escolar seguimos con las labores de cuidado de nuestros animales y mantenimiento de las plantas y hortalizas. Los jueves dedicamos las diferentes sesiones a trabajar y disfrutar de este recurso educativo y natural con alumnado de la E.S.O y los alumnos y alumnas de la FPB espec\u00edfica. Os mostramos algunas im\u00e1genes de nuestro m\u00e1gico y especial rinc\u00f3n natural. \u00a1Somos un equipazo! \u00a1Pedazo de hortelanos y granjeros!<\/span><\/p>\n\n\t\t<style type=\"text\/css\">\n\t\t\t#gallery-2 {\n\t\t\t\tmargin: auto;\n\t\t\t}\n\t\t\t#gallery-2 .gallery-item {\n\t\t\t\tfloat: left;\n\t\t\t\tmargin-top: 10px;\n\t\t\t\ttext-align: center;\n\t\t\t\twidth: 20%;\n\t\t\t}\n\t\t\t#gallery-2 img {\n\t\t\t\tborder: 2px solid #cfcfcf;\n\t\t\t}\n\t\t\t#gallery-2 .gallery-caption {\n\t\t\t\tmargin-left: 0;\n\t\t\t}\n\t\t\t\/* see gallery_shortcode() in wp-includes\/media.php *\/\n\t\t<\/style>\n\t\t<div id='gallery-2' class='gallery galleryid-13349 gallery-columns-5 gallery-size-thumbnail'><dl class='gallery-item'>\n\t\t\t<dt class='gallery-icon landscape'>\n\t\t\t\t<a href='https:\/\/blogsaverroes.juntadeandalucia.es\/ieshimilce\/actividades\/whatsapp-image-2024-01-11-at-14-29-53-2\/'><img loading=\"lazy\" decoding=\"async\" width=\"150\" height=\"150\" src=\"https:\/\/blogsaverroes.juntadeandalucia.es\/ieshimilce\/files\/2024\/01\/WhatsApp-Image-2024-01-11-at-14.29.53-2-150x150.jpeg\" class=\"attachment-thumbnail size-thumbnail\" alt=\"\" \/><\/a>\n\t\t\t<\/dt><\/dl><dl class='gallery-item'>\n\t\t\t<dt class='gallery-icon portrait'>\n\t\t\t\t<a href='https:\/\/blogsaverroes.juntadeandalucia.es\/ieshimilce\/actividades\/whatsapp-image-2024-01-11-at-14-29-53-1\/'><img loading=\"lazy\" decoding=\"async\" width=\"150\" height=\"150\" src=\"https:\/\/blogsaverroes.juntadeandalucia.es\/ieshimilce\/files\/2024\/01\/WhatsApp-Image-2024-01-11-at-14.29.53-1-150x150.jpeg\" class=\"attachment-thumbnail size-thumbnail\" alt=\"\" \/><\/a>\n\t\t\t<\/dt><\/dl><dl class='gallery-item'>\n\t\t\t<dt class='gallery-icon landscape'>\n\t\t\t\t<a href='https:\/\/blogsaverroes.juntadeandalucia.es\/ieshimilce\/actividades\/whatsapp-image-2024-01-11-at-14-29-53\/'><img loading=\"lazy\" decoding=\"async\" width=\"150\" height=\"150\" src=\"https:\/\/blogsaverroes.juntadeandalucia.es\/ieshimilce\/files\/2024\/01\/WhatsApp-Image-2024-01-11-at-14.29.53-150x150.jpeg\" class=\"attachment-thumbnail size-thumbnail\" alt=\"\" \/><\/a>\n\t\t\t<\/dt><\/dl><dl class='gallery-item'>\n\t\t\t<dt class='gallery-icon landscape'>\n\t\t\t\t<a href='https:\/\/blogsaverroes.juntadeandalucia.es\/ieshimilce\/actividades\/whatsapp-image-2024-01-11-at-14-29-52-2\/'><img loading=\"lazy\" decoding=\"async\" width=\"150\" height=\"150\" src=\"https:\/\/blogsaverroes.juntadeandalucia.es\/ieshimilce\/files\/2024\/01\/WhatsApp-Image-2024-01-11-at-14.29.52-2-150x150.jpeg\" class=\"attachment-thumbnail size-thumbnail\" alt=\"\" \/><\/a>\n\t\t\t<\/dt><\/dl><dl class='gallery-item'>\n\t\t\t<dt class='gallery-icon landscape'>\n\t\t\t\t<a href='https:\/\/blogsaverroes.juntadeandalucia.es\/ieshimilce\/actividades\/whatsapp-image-2024-01-11-at-14-29-52-1\/'><img loading=\"lazy\" decoding=\"async\" width=\"150\" height=\"150\" src=\"https:\/\/blogsaverroes.juntadeandalucia.es\/ieshimilce\/files\/2024\/01\/WhatsApp-Image-2024-01-11-at-14.29.52-1-150x150.jpeg\" class=\"attachment-thumbnail size-thumbnail\" alt=\"\" \/><\/a>\n\t\t\t<\/dt><\/dl><br style=\"clear: both\" \/><dl class='gallery-item'>\n\t\t\t<dt class='gallery-icon landscape'>\n\t\t\t\t<a href='https:\/\/blogsaverroes.juntadeandalucia.es\/ieshimilce\/actividades\/whatsapp-image-2024-01-11-at-14-29-52\/'><img loading=\"lazy\" decoding=\"async\" width=\"150\" height=\"150\" src=\"https:\/\/blogsaverroes.juntadeandalucia.es\/ieshimilce\/files\/2024\/01\/WhatsApp-Image-2024-01-11-at-14.29.52-150x150.jpeg\" class=\"attachment-thumbnail size-thumbnail\" alt=\"\" \/><\/a>\n\t\t\t<\/dt><\/dl><dl class='gallery-item'>\n\t\t\t<dt class='gallery-icon landscape'>\n\t\t\t\t<a href='https:\/\/blogsaverroes.juntadeandalucia.es\/ieshimilce\/actividades\/whatsapp-image-2024-01-11-at-14-29-51-2\/'><img loading=\"lazy\" decoding=\"async\" width=\"150\" height=\"150\" src=\"https:\/\/blogsaverroes.juntadeandalucia.es\/ieshimilce\/files\/2024\/01\/WhatsApp-Image-2024-01-11-at-14.29.51-2-150x150.jpeg\" class=\"attachment-thumbnail size-thumbnail\" alt=\"\" \/><\/a>\n\t\t\t<\/dt><\/dl><dl class='gallery-item'>\n\t\t\t<dt class='gallery-icon landscape'>\n\t\t\t\t<a href='https:\/\/blogsaverroes.juntadeandalucia.es\/ieshimilce\/actividades\/whatsapp-image-2024-01-11-at-14-29-51-1\/'><img loading=\"lazy\" decoding=\"async\" width=\"150\" height=\"150\" src=\"https:\/\/blogsaverroes.juntadeandalucia.es\/ieshimilce\/files\/2024\/01\/WhatsApp-Image-2024-01-11-at-14.29.51-1-150x150.jpeg\" class=\"attachment-thumbnail size-thumbnail\" alt=\"\" \/><\/a>\n\t\t\t<\/dt><\/dl><dl class='gallery-item'>\n\t\t\t<dt class='gallery-icon landscape'>\n\t\t\t\t<a href='https:\/\/blogsaverroes.juntadeandalucia.es\/ieshimilce\/actividades\/whatsapp-image-2024-01-11-at-14-29-51\/'><img loading=\"lazy\" decoding=\"async\" width=\"150\" height=\"150\" src=\"https:\/\/blogsaverroes.juntadeandalucia.es\/ieshimilce\/files\/2024\/01\/WhatsApp-Image-2024-01-11-at-14.29.51-150x150.jpeg\" class=\"attachment-thumbnail size-thumbnail\" alt=\"\" \/><\/a>\n\t\t\t<\/dt><\/dl><dl class='gallery-item'>\n\t\t\t<dt class='gallery-icon landscape'>\n\t\t\t\t<a href='https:\/\/blogsaverroes.juntadeandalucia.es\/ieshimilce\/actividades\/whatsapp-image-2024-01-11-at-14-29-50\/'><img loading=\"lazy\" decoding=\"async\" width=\"150\" height=\"150\" src=\"https:\/\/blogsaverroes.juntadeandalucia.es\/ieshimilce\/files\/2024\/01\/WhatsApp-Image-2024-01-11-at-14.29.50-150x150.jpeg\" class=\"attachment-thumbnail size-thumbnail\" alt=\"\" \/><\/a>\n\t\t\t<\/dt><\/dl><br style=\"clear: both\" \/>\n\t\t<\/div>\n\n<h4><strong>\ud83d\ude42 25\/10\/2023. Taller de ideas de negocio.<\/strong><\/h4>\n<p style=\"text-align: justify\"><span style=\"font-size: 14pt\">Con motivo de la celebraci\u00f3n del D\u00eda de la empresa en Andaluc\u00eda (28 de Octubre) hemos realizado un Taller de ideas de negocio con los grupos de 2\u00ba curso de los CFGS ARI y ER.<\/span><\/p>\n<p><a href=\"https:\/\/blogsaverroes.juntadeandalucia.es\/ieshimilce\/files\/2023\/10\/taller-ideas-negocio.jpg\"><img loading=\"lazy\" decoding=\"async\" class=\"aligncenter size-full wp-image-12878\" src=\"https:\/\/blogsaverroes.juntadeandalucia.es\/ieshimilce\/files\/2023\/10\/taller-ideas-negocio.jpg\" alt=\"\" width=\"1200\" height=\"806\" srcset=\"https:\/\/blogsaverroes.juntadeandalucia.es\/ieshimilce\/files\/2023\/10\/taller-ideas-negocio.jpg 1200w, https:\/\/blogsaverroes.juntadeandalucia.es\/ieshimilce\/files\/2023\/10\/taller-ideas-negocio-300x201.jpg 300w, https:\/\/blogsaverroes.juntadeandalucia.es\/ieshimilce\/files\/2023\/10\/taller-ideas-negocio-1024x687.jpg 1024w, https:\/\/blogsaverroes.juntadeandalucia.es\/ieshimilce\/files\/2023\/10\/taller-ideas-negocio-768x516.jpg 768w\" sizes=\"(max-width: 1200px) 100vw, 1200px\" \/><\/a><\/p>\n<p><a href=\"https:\/\/blogsaverroes.juntadeandalucia.es\/ieshimilce\/files\/2023\/10\/WhatsApp-Image-2023-10-26-at-09.53.59.jpeg\"><img loading=\"lazy\" decoding=\"async\" class=\"aligncenter size-full wp-image-12870\" src=\"https:\/\/blogsaverroes.juntadeandalucia.es\/ieshimilce\/files\/2023\/10\/WhatsApp-Image-2023-10-26-at-09.53.59.jpeg\" alt=\"\" width=\"1200\" height=\"583\" srcset=\"https:\/\/blogsaverroes.juntadeandalucia.es\/ieshimilce\/files\/2023\/10\/WhatsApp-Image-2023-10-26-at-09.53.59.jpeg 1200w, https:\/\/blogsaverroes.juntadeandalucia.es\/ieshimilce\/files\/2023\/10\/WhatsApp-Image-2023-10-26-at-09.53.59-300x146.jpeg 300w, https:\/\/blogsaverroes.juntadeandalucia.es\/ieshimilce\/files\/2023\/10\/WhatsApp-Image-2023-10-26-at-09.53.59-1024x497.jpeg 1024w, https:\/\/blogsaverroes.juntadeandalucia.es\/ieshimilce\/files\/2023\/10\/WhatsApp-Image-2023-10-26-at-09.53.59-768x373.jpeg 768w, https:\/\/blogsaverroes.juntadeandalucia.es\/ieshimilce\/files\/2023\/10\/WhatsApp-Image-2023-10-26-at-09.53.59-1536x746.jpeg 1536w\" sizes=\"(max-width: 1200px) 100vw, 1200px\" \/><\/a><\/p>\n<h4><strong>\ud83d\ude42 17\/10\/2023. Taller de Primeros auxilios con los grupos de FP B\u00e1sica y FPB Espec\u00edfica.<\/strong><\/h4>\n<p style=\"text-align: justify\"><span style=\"font-size: 14pt\">Actividad realizada con la colaboraci\u00f3n del Centro de Salud de la Barriada de Arrayanes de Linares. Desde aqu\u00ed queremos agradecer las demostraciones pr\u00e1cticas de primeros auxilios y felicitar a las enfermeras del Centro de salud por el trabajo realizado.&nbsp;<\/span><\/p>\n<p><a href=\"https:\/\/blogsaverroes.juntadeandalucia.es\/ieshimilce\/files\/2023\/10\/1-scaled.jpg\"><img loading=\"lazy\" decoding=\"async\" class=\"aligncenter size-full wp-image-12874\" src=\"https:\/\/blogsaverroes.juntadeandalucia.es\/ieshimilce\/files\/2023\/10\/1-scaled.jpg\" alt=\"\" width=\"1200\" height=\"671\" srcset=\"https:\/\/blogsaverroes.juntadeandalucia.es\/ieshimilce\/files\/2023\/10\/1-scaled.jpg 1200w, https:\/\/blogsaverroes.juntadeandalucia.es\/ieshimilce\/files\/2023\/10\/1-300x168.jpg 300w, https:\/\/blogsaverroes.juntadeandalucia.es\/ieshimilce\/files\/2023\/10\/1-1024x572.jpg 1024w, https:\/\/blogsaverroes.juntadeandalucia.es\/ieshimilce\/files\/2023\/10\/1-768x429.jpg 768w, https:\/\/blogsaverroes.juntadeandalucia.es\/ieshimilce\/files\/2023\/10\/1-1536x858.jpg 1536w, https:\/\/blogsaverroes.juntadeandalucia.es\/ieshimilce\/files\/2023\/10\/1-2048x1145.jpg 2048w\" sizes=\"(max-width: 1200px) 100vw, 1200px\" \/><\/a><\/p>\n<h4 style=\"text-align: justify\"><strong>\ud83d\ude42 C.F.G.S. de Energ\u00edas renovables. Primeras pruebas con nuestro veh\u00edculo impulsado por Hidr\u00f3geno verde.&nbsp;<\/strong><\/h4>\n<div style=\"width: 555px;\" class=\"wp-video\"><video class=\"wp-video-shortcode\" id=\"video-13349-3\" width=\"555\" height=\"312\" preload=\"metadata\" controls=\"controls\"><source type=\"video\/mp4\" src=\"https:\/\/blogsaverroes.juntadeandalucia.es\/ieshimilce\/files\/2024\/01\/VEH\u00cdCULO1.mp4?_=3\" \/><a href=\"https:\/\/blogsaverroes.juntadeandalucia.es\/ieshimilce\/files\/2024\/01\/VEH\u00cdCULO1.mp4\">https:\/\/blogsaverroes.juntadeandalucia.es\/ieshimilce\/files\/2024\/01\/VEH\u00cdCULO1.mp4<\/a><\/video><\/div>\n<h4>&nbsp;<\/h4>\n<h4><strong>\ud83d\ude42 15\/09\/2023. Inicio del Curso Acad\u00e9mico 2023-2024<\/strong><\/h4>\n<h4><a href=\"https:\/\/blogsaverroes.juntadeandalucia.es\/ieshimilce\/files\/2023\/09\/Bienvenidos-al-curso-acad\u00e9mico-2023-2024.png\"><img loading=\"lazy\" decoding=\"async\" class=\"aligncenter size-full wp-image-12841\" src=\"https:\/\/blogsaverroes.juntadeandalucia.es\/ieshimilce\/files\/2023\/09\/Bienvenidos-al-curso-acad\u00e9mico-2023-2024.png\" alt=\"\" width=\"1200\" height=\"670\" srcset=\"https:\/\/blogsaverroes.juntadeandalucia.es\/ieshimilce\/files\/2023\/09\/Bienvenidos-al-curso-acad\u00e9mico-2023-2024.png 1200w, https:\/\/blogsaverroes.juntadeandalucia.es\/ieshimilce\/files\/2023\/09\/Bienvenidos-al-curso-acad\u00e9mico-2023-2024-300x167.png 300w, https:\/\/blogsaverroes.juntadeandalucia.es\/ieshimilce\/files\/2023\/09\/Bienvenidos-al-curso-acad\u00e9mico-2023-2024-1024x571.png 1024w, https:\/\/blogsaverroes.juntadeandalucia.es\/ieshimilce\/files\/2023\/09\/Bienvenidos-al-curso-acad\u00e9mico-2023-2024-768x429.png 768w, https:\/\/blogsaverroes.juntadeandalucia.es\/ieshimilce\/files\/2023\/09\/Bienvenidos-al-curso-acad\u00e9mico-2023-2024-1536x857.png 1536w\" sizes=\"(max-width: 1200px) 100vw, 1200px\" \/><\/a><\/h4>\n<p style=\"text-align: justify\"><span style=\"font-size: 14pt\">Hoy en el IES Himilce se ha realizado el acto oficial de inicio del curso escolar 2023\/2024 para las ense\u00f1anzas de Educaci\u00f3n Secundaria, Bachillerato, Formaci\u00f3n Profesional y Educaci\u00f3n de Adultos, en el que han participado el delegado de Gobierno de la Junta de Andaluc\u00eda, Jes\u00fas Estrella, acompa\u00f1ado por el delegado de Desarrollo Educativo, Formaci\u00f3n Profesional, Universidad, Investigaci\u00f3n e Innovaci\u00f3n, Francisco Jos\u00e9 Solano, as\u00ed como por la alcaldesa de Linares, Auxi del Olmo, y nuestra directora del centro, Adela L\u00f3pez.<\/span><\/p>\n<p style=\"text-align: justify\"><span style=\"font-size: 14pt\">Este a\u00f1o iniciamos el nuevo curso acad\u00e9mico lleno de novedades, con nuevas ense\u00f1anzas, nuevas infraestructuras y equipamientos, con un crecimiento importante de nuestro alumnado, y un incremento importante de nuestra plantilla de profesorado. Y lo que es m\u00e1s importante, con la ilusi\u00f3n y la esperanza de ofrecer la mejor calidad de ense\u00f1anza y profesionalidad a todos nuestros alumnos y alumnas.<\/span><\/p>\n<p style=\"text-align: justify\"><span style=\"font-size: 14pt\">Desde aqu\u00ed queremos darle la bienvenida a todo nuestro alumnado y profesorado, y desearle a todos un<\/span><\/p>\n<h4 style=\"text-align: center\"><span style=\"font-size: 14pt\"><strong><em>\u00a1\u00a1Feliz y provechoso curso 2023-2024!!.<\/em><\/strong><\/span><\/h4>\n<p><a href=\"https:\/\/blogsaverroes.juntadeandalucia.es\/ieshimilce\/files\/2023\/09\/1.jpg\"><img loading=\"lazy\" decoding=\"async\" class=\"aligncenter size-full wp-image-12842\" src=\"https:\/\/blogsaverroes.juntadeandalucia.es\/ieshimilce\/files\/2023\/09\/1.jpg\" alt=\"\" width=\"1200\" height=\"798\" srcset=\"https:\/\/blogsaverroes.juntadeandalucia.es\/ieshimilce\/files\/2023\/09\/1.jpg 1200w, https:\/\/blogsaverroes.juntadeandalucia.es\/ieshimilce\/files\/2023\/09\/1-300x200.jpg 300w, https:\/\/blogsaverroes.juntadeandalucia.es\/ieshimilce\/files\/2023\/09\/1-1024x681.jpg 1024w, https:\/\/blogsaverroes.juntadeandalucia.es\/ieshimilce\/files\/2023\/09\/1-768x511.jpg 768w\" sizes=\"(max-width: 1200px) 100vw, 1200px\" \/><\/a> <a href=\"https:\/\/blogsaverroes.juntadeandalucia.es\/ieshimilce\/files\/2023\/09\/2.jpg\"><img loading=\"lazy\" decoding=\"async\" class=\"aligncenter size-full wp-image-12843\" src=\"https:\/\/blogsaverroes.juntadeandalucia.es\/ieshimilce\/files\/2023\/09\/2.jpg\" alt=\"\" width=\"1200\" height=\"798\" srcset=\"https:\/\/blogsaverroes.juntadeandalucia.es\/ieshimilce\/files\/2023\/09\/2.jpg 1200w, https:\/\/blogsaverroes.juntadeandalucia.es\/ieshimilce\/files\/2023\/09\/2-300x200.jpg 300w, https:\/\/blogsaverroes.juntadeandalucia.es\/ieshimilce\/files\/2023\/09\/2-1024x681.jpg 1024w, https:\/\/blogsaverroes.juntadeandalucia.es\/ieshimilce\/files\/2023\/09\/2-768x511.jpg 768w, https:\/\/blogsaverroes.juntadeandalucia.es\/ieshimilce\/files\/2023\/09\/2-1536x1022.jpg 1536w\" sizes=\"(max-width: 1200px) 100vw, 1200px\" \/><\/a> <a href=\"https:\/\/blogsaverroes.juntadeandalucia.es\/ieshimilce\/files\/2023\/09\/3.jpg\"><img loading=\"lazy\" decoding=\"async\" class=\"aligncenter size-full wp-image-12844\" src=\"https:\/\/blogsaverroes.juntadeandalucia.es\/ieshimilce\/files\/2023\/09\/3.jpg\" alt=\"\" width=\"1200\" height=\"798\" srcset=\"https:\/\/blogsaverroes.juntadeandalucia.es\/ieshimilce\/files\/2023\/09\/3.jpg 1200w, https:\/\/blogsaverroes.juntadeandalucia.es\/ieshimilce\/files\/2023\/09\/3-300x200.jpg 300w, https:\/\/blogsaverroes.juntadeandalucia.es\/ieshimilce\/files\/2023\/09\/3-1024x681.jpg 1024w, https:\/\/blogsaverroes.juntadeandalucia.es\/ieshimilce\/files\/2023\/09\/3-768x511.jpg 768w\" sizes=\"(max-width: 1200px) 100vw, 1200px\" \/><\/a> <a href=\"https:\/\/blogsaverroes.juntadeandalucia.es\/ieshimilce\/files\/2023\/09\/4.jpg\"><img loading=\"lazy\" decoding=\"async\" class=\"aligncenter size-full wp-image-12845\" src=\"https:\/\/blogsaverroes.juntadeandalucia.es\/ieshimilce\/files\/2023\/09\/4.jpg\" alt=\"\" width=\"1200\" height=\"798\" srcset=\"https:\/\/blogsaverroes.juntadeandalucia.es\/ieshimilce\/files\/2023\/09\/4.jpg 1200w, https:\/\/blogsaverroes.juntadeandalucia.es\/ieshimilce\/files\/2023\/09\/4-300x200.jpg 300w, https:\/\/blogsaverroes.juntadeandalucia.es\/ieshimilce\/files\/2023\/09\/4-1024x681.jpg 1024w, https:\/\/blogsaverroes.juntadeandalucia.es\/ieshimilce\/files\/2023\/09\/4-768x511.jpg 768w, https:\/\/blogsaverroes.juntadeandalucia.es\/ieshimilce\/files\/2023\/09\/4-1536x1022.jpg 1536w\" sizes=\"(max-width: 1200px) 100vw, 1200px\" \/><\/a> <a href=\"https:\/\/blogsaverroes.juntadeandalucia.es\/ieshimilce\/files\/2023\/09\/5.png\"><img loading=\"lazy\" decoding=\"async\" class=\"aligncenter size-full wp-image-12846\" src=\"https:\/\/blogsaverroes.juntadeandalucia.es\/ieshimilce\/files\/2023\/09\/5.png\" alt=\"\" width=\"1200\" height=\"736\" srcset=\"https:\/\/blogsaverroes.juntadeandalucia.es\/ieshimilce\/files\/2023\/09\/5.png 1200w, https:\/\/blogsaverroes.juntadeandalucia.es\/ieshimilce\/files\/2023\/09\/5-300x184.png 300w, https:\/\/blogsaverroes.juntadeandalucia.es\/ieshimilce\/files\/2023\/09\/5-1024x628.png 1024w, https:\/\/blogsaverroes.juntadeandalucia.es\/ieshimilce\/files\/2023\/09\/5-768x471.png 768w\" sizes=\"(max-width: 1200px) 100vw, 1200px\" \/><\/a> <a href=\"https:\/\/blogsaverroes.juntadeandalucia.es\/ieshimilce\/files\/2023\/09\/6-scaled.jpg\"><img loading=\"lazy\" decoding=\"async\" class=\"aligncenter size-full wp-image-12847\" src=\"https:\/\/blogsaverroes.juntadeandalucia.es\/ieshimilce\/files\/2023\/09\/6-scaled.jpg\" alt=\"\" width=\"1200\" height=\"675\" srcset=\"https:\/\/blogsaverroes.juntadeandalucia.es\/ieshimilce\/files\/2023\/09\/6-scaled.jpg 1200w, https:\/\/blogsaverroes.juntadeandalucia.es\/ieshimilce\/files\/2023\/09\/6-300x169.jpg 300w, https:\/\/blogsaverroes.juntadeandalucia.es\/ieshimilce\/files\/2023\/09\/6-1024x576.jpg 1024w, https:\/\/blogsaverroes.juntadeandalucia.es\/ieshimilce\/files\/2023\/09\/6-768x432.jpg 768w, https:\/\/blogsaverroes.juntadeandalucia.es\/ieshimilce\/files\/2023\/09\/6-1536x864.jpg 1536w, https:\/\/blogsaverroes.juntadeandalucia.es\/ieshimilce\/files\/2023\/09\/6-2048x1152.jpg 2048w\" sizes=\"(max-width: 1200px) 100vw, 1200px\" \/><\/a><\/p>\n<p>&nbsp;<\/p>\n<h4>&nbsp;<\/h4>\n<h4>&nbsp;<\/h4>\n","protected":false},"excerpt":{"rendered":"<p>CURSO ACAD\u00c9MICO 2023-2024 &nbsp; \ud83d\ude42 13\/06\/2024. ACTO DE GRADUACI\u00d3N Promoci\u00f3n 2022-2024 GRADUACI\u00d3N ESO-CFGB-CFGM GRADUACI\u00d3N CFFBe Y CFGS Pincha aqu\u00ed para acceder al CANAL YOUTUBE IES HIMILCE &nbsp; \ud83d\ude42 12\/06\/2024. Miembros de Alianza para la FP Dual El IES Himilce ya pertenece a La Alianza para la FP Dual. Se trata de una red estatal de &hellip; <\/p>\n<p><a class=\"more-link btn\" href=\"https:\/\/blogsaverroes.juntadeandalucia.es\/ieshimilce\/curso-2023-2024\/\">Seguir leyendo<\/a><\/p>\n","protected":false},"author":5100,"featured_media":0,"parent":0,"menu_order":0,"comment_status":"closed","ping_status":"closed","template":"page-template-full.php","meta":{"ngg_post_thumbnail":0,"footnotes":"","_mc_calendar":[]},"aioseo_notices":[],"_links":{"self":[{"href":"https:\/\/blogsaverroes.juntadeandalucia.es\/ieshimilce\/wp-json\/wp\/v2\/pages\/13349"}],"collection":[{"href":"https:\/\/blogsaverroes.juntadeandalucia.es\/ieshimilce\/wp-json\/wp\/v2\/pages"}],"about":[{"href":"https:\/\/blogsaverroes.juntadeandalucia.es\/ieshimilce\/wp-json\/wp\/v2\/types\/page"}],"author":[{"embeddable":true,"href":"https:\/\/blogsaverroes.juntadeandalucia.es\/ieshimilce\/wp-json\/wp\/v2\/users\/5100"}],"replies":[{"embeddable":true,"href":"https:\/\/blogsaverroes.juntadeandalucia.es\/ieshimilce\/wp-json\/wp\/v2\/comments?post=13349"}],"version-history":[{"count":27,"href":"https:\/\/blogsaverroes.juntadeandalucia.es\/ieshimilce\/wp-json\/wp\/v2\/pages\/13349\/revisions"}],"predecessor-version":[{"id":13715,"href":"https:\/\/blogsaverroes.juntadeandalucia.es\/ieshimilce\/wp-json\/wp\/v2\/pages\/13349\/revisions\/13715"}],"wp:attachment":[{"href":"https:\/\/blogsaverroes.juntadeandalucia.es\/ieshimilce\/wp-json\/wp\/v2\/media?parent=13349"}],"curies":[{"name":"wp","href":"https:\/\/api.w.org\/{rel}","templated":true}]}}