{"id":13351,"date":"2024-08-04T17:11:58","date_gmt":"2024-08-04T17:11:58","guid":{"rendered":"https:\/\/blogsaverroes.juntadeandalucia.es\/ieshimilce\/?page_id=13351"},"modified":"2024-08-06T11:03:52","modified_gmt":"2024-08-06T11:03:52","slug":"curso-2022-2023","status":"publish","type":"page","link":"https:\/\/blogsaverroes.juntadeandalucia.es\/ieshimilce\/curso-2022-2023\/","title":{"rendered":"Curso 2022-2023"},"content":{"rendered":"<h3 style=\"text-align: center\"><strong>CURSO ACAD\u00c9MICO 2022-2023<\/strong><\/h3>\n<h4 style=\"text-align: justify\"><strong>\ud83d\ude42 22\/06\/2023.<span style=\"color: #008000\"> VIDEOS ACTO DE GRADUACI\u00d3N PROMOCI\u00d3N 2021-2023 DE CFGM-FPB-FPBe<\/span><\/strong><\/h4>\n<div class=\"embed-container\"><iframe loading=\"lazy\" title=\"GRADUACI\u00d3N PROMOCI\u00d3N 201-2023 DE CFGM-FPB-FPBe\" width=\"555\" height=\"312\" src=\"https:\/\/www.youtube.com\/embed\/PQZf9DFq5es?feature=oembed\" frameborder=\"0\" allow=\"accelerometer; autoplay; clipboard-write; encrypted-media; gyroscope; picture-in-picture; web-share\" referrerpolicy=\"strict-origin-when-cross-origin\" allowfullscreen><\/iframe><\/div>\n<div class=\"embed-container\"><iframe loading=\"lazy\" title=\"GRADUACI\u00d3N PROMOCION 2021-2023 ESO Y CFGS\" width=\"555\" height=\"312\" src=\"https:\/\/www.youtube.com\/embed\/VSZGJBz_N9E?feature=oembed\" frameborder=\"0\" allow=\"accelerometer; autoplay; clipboard-write; encrypted-media; gyroscope; picture-in-picture; web-share\" referrerpolicy=\"strict-origin-when-cross-origin\" allowfullscreen><\/iframe><\/div>\n<h4 style=\"text-align: justify\"><strong>\ud83d\ude42 11\/05\/2023. <span style=\"color: #008000\">FERIA DE LA FP DUAL DE LINARES<\/span><\/strong><\/h4>\n<p style=\"text-align: justify\"><span style=\"font-size: 14pt\">Otro a\u00f1o m\u00e1s el IES Himilce ha participado, junto a otros Centros de la localidad y comarca, en la Feria de la FP DUAL de Linares. Esta feria es organizada por el Ayuntamiento y la C\u00e1mara de Comercio, y tiene como objetivo dar a conocer la amplia oferta formativa de CFGM y CFGS que ofrecen los Centros educativos, as\u00ed como sus salidas profesionales y laborales.<\/span><\/p>\n\n\t\t<style type=\"text\/css\">\n\t\t\t#gallery-1 {\n\t\t\t\tmargin: auto;\n\t\t\t}\n\t\t\t#gallery-1 .gallery-item {\n\t\t\t\tfloat: left;\n\t\t\t\tmargin-top: 10px;\n\t\t\t\ttext-align: center;\n\t\t\t\twidth: 20%;\n\t\t\t}\n\t\t\t#gallery-1 img {\n\t\t\t\tborder: 2px solid #cfcfcf;\n\t\t\t}\n\t\t\t#gallery-1 .gallery-caption {\n\t\t\t\tmargin-left: 0;\n\t\t\t}\n\t\t\t\/* see gallery_shortcode() in wp-includes\/media.php *\/\n\t\t<\/style>\n\t\t<div id='gallery-1' class='gallery galleryid-13351 gallery-columns-5 gallery-size-thumbnail'><dl class='gallery-item'>\n\t\t\t<dt class='gallery-icon landscape'>\n\t\t\t\t<a href='https:\/\/blogsaverroes.juntadeandalucia.es\/ieshimilce\/files\/2023\/05\/20230511_113957-scaled.jpg'><img loading=\"lazy\" decoding=\"async\" width=\"150\" height=\"150\" src=\"https:\/\/blogsaverroes.juntadeandalucia.es\/ieshimilce\/files\/2023\/05\/20230511_113957-150x150.jpg\" class=\"attachment-thumbnail size-thumbnail\" alt=\"\" \/><\/a>\n\t\t\t<\/dt><\/dl><dl class='gallery-item'>\n\t\t\t<dt class='gallery-icon landscape'>\n\t\t\t\t<a href='https:\/\/blogsaverroes.juntadeandalucia.es\/ieshimilce\/files\/2023\/05\/20230511_113942-scaled.jpg'><img loading=\"lazy\" decoding=\"async\" width=\"150\" height=\"150\" src=\"https:\/\/blogsaverroes.juntadeandalucia.es\/ieshimilce\/files\/2023\/05\/20230511_113942-150x150.jpg\" class=\"attachment-thumbnail size-thumbnail\" alt=\"\" \/><\/a>\n\t\t\t<\/dt><\/dl><dl class='gallery-item'>\n\t\t\t<dt class='gallery-icon landscape'>\n\t\t\t\t<a href='https:\/\/blogsaverroes.juntadeandalucia.es\/ieshimilce\/files\/2023\/05\/20230511_113924-scaled.jpg'><img loading=\"lazy\" decoding=\"async\" width=\"150\" height=\"150\" src=\"https:\/\/blogsaverroes.juntadeandalucia.es\/ieshimilce\/files\/2023\/05\/20230511_113924-150x150.jpg\" class=\"attachment-thumbnail size-thumbnail\" alt=\"\" \/><\/a>\n\t\t\t<\/dt><\/dl><dl class='gallery-item'>\n\t\t\t<dt class='gallery-icon landscape'>\n\t\t\t\t<a href='https:\/\/blogsaverroes.juntadeandalucia.es\/ieshimilce\/files\/2023\/05\/20230511_113909-scaled.jpg'><img loading=\"lazy\" decoding=\"async\" width=\"150\" height=\"150\" src=\"https:\/\/blogsaverroes.juntadeandalucia.es\/ieshimilce\/files\/2023\/05\/20230511_113909-150x150.jpg\" class=\"attachment-thumbnail size-thumbnail\" alt=\"\" \/><\/a>\n\t\t\t<\/dt><\/dl><dl class='gallery-item'>\n\t\t\t<dt class='gallery-icon landscape'>\n\t\t\t\t<a href='https:\/\/blogsaverroes.juntadeandalucia.es\/ieshimilce\/files\/2023\/05\/20230511_113902-scaled.jpg'><img loading=\"lazy\" decoding=\"async\" width=\"150\" height=\"150\" src=\"https:\/\/blogsaverroes.juntadeandalucia.es\/ieshimilce\/files\/2023\/05\/20230511_113902-150x150.jpg\" class=\"attachment-thumbnail size-thumbnail\" alt=\"\" \/><\/a>\n\t\t\t<\/dt><\/dl><br style=\"clear: both\" \/><dl class='gallery-item'>\n\t\t\t<dt class='gallery-icon landscape'>\n\t\t\t\t<a href='https:\/\/blogsaverroes.juntadeandalucia.es\/ieshimilce\/files\/2023\/05\/20230511_113850-scaled.jpg'><img loading=\"lazy\" decoding=\"async\" width=\"150\" height=\"150\" src=\"https:\/\/blogsaverroes.juntadeandalucia.es\/ieshimilce\/files\/2023\/05\/20230511_113850-150x150.jpg\" class=\"attachment-thumbnail size-thumbnail\" alt=\"\" \/><\/a>\n\t\t\t<\/dt><\/dl><dl class='gallery-item'>\n\t\t\t<dt class='gallery-icon landscape'>\n\t\t\t\t<a href='https:\/\/blogsaverroes.juntadeandalucia.es\/ieshimilce\/files\/2023\/05\/20230511_113836-scaled.jpg'><img loading=\"lazy\" decoding=\"async\" width=\"150\" height=\"150\" src=\"https:\/\/blogsaverroes.juntadeandalucia.es\/ieshimilce\/files\/2023\/05\/20230511_113836-150x150.jpg\" class=\"attachment-thumbnail size-thumbnail\" alt=\"\" \/><\/a>\n\t\t\t<\/dt><\/dl><dl class='gallery-item'>\n\t\t\t<dt class='gallery-icon landscape'>\n\t\t\t\t<a href='https:\/\/blogsaverroes.juntadeandalucia.es\/ieshimilce\/files\/2023\/05\/20230511_100924-scaled.jpg'><img loading=\"lazy\" decoding=\"async\" width=\"150\" height=\"150\" src=\"https:\/\/blogsaverroes.juntadeandalucia.es\/ieshimilce\/files\/2023\/05\/20230511_100924-150x150.jpg\" class=\"attachment-thumbnail size-thumbnail\" alt=\"\" \/><\/a>\n\t\t\t<\/dt><\/dl><dl class='gallery-item'>\n\t\t\t<dt class='gallery-icon landscape'>\n\t\t\t\t<a href='https:\/\/blogsaverroes.juntadeandalucia.es\/ieshimilce\/files\/2023\/05\/20230511_100916-scaled.jpg'><img loading=\"lazy\" decoding=\"async\" width=\"150\" height=\"150\" src=\"https:\/\/blogsaverroes.juntadeandalucia.es\/ieshimilce\/files\/2023\/05\/20230511_100916-150x150.jpg\" class=\"attachment-thumbnail size-thumbnail\" alt=\"\" \/><\/a>\n\t\t\t<\/dt><\/dl><dl class='gallery-item'>\n\t\t\t<dt class='gallery-icon landscape'>\n\t\t\t\t<a href='https:\/\/blogsaverroes.juntadeandalucia.es\/ieshimilce\/files\/2023\/05\/20230511_100907-scaled.jpg'><img loading=\"lazy\" decoding=\"async\" width=\"150\" height=\"150\" src=\"https:\/\/blogsaverroes.juntadeandalucia.es\/ieshimilce\/files\/2023\/05\/20230511_100907-150x150.jpg\" class=\"attachment-thumbnail size-thumbnail\" alt=\"\" \/><\/a>\n\t\t\t<\/dt><\/dl><br style=\"clear: both\" \/><dl class='gallery-item'>\n\t\t\t<dt class='gallery-icon landscape'>\n\t\t\t\t<a href='https:\/\/blogsaverroes.juntadeandalucia.es\/ieshimilce\/files\/2023\/05\/20230511_100856-scaled.jpg'><img loading=\"lazy\" decoding=\"async\" width=\"150\" height=\"150\" src=\"https:\/\/blogsaverroes.juntadeandalucia.es\/ieshimilce\/files\/2023\/05\/20230511_100856-150x150.jpg\" class=\"attachment-thumbnail size-thumbnail\" alt=\"\" \/><\/a>\n\t\t\t<\/dt><\/dl><dl class='gallery-item'>\n\t\t\t<dt class='gallery-icon landscape'>\n\t\t\t\t<a href='https:\/\/blogsaverroes.juntadeandalucia.es\/ieshimilce\/files\/2023\/05\/20230511_100841-scaled.jpg'><img loading=\"lazy\" decoding=\"async\" width=\"150\" height=\"150\" src=\"https:\/\/blogsaverroes.juntadeandalucia.es\/ieshimilce\/files\/2023\/05\/20230511_100841-150x150.jpg\" class=\"attachment-thumbnail size-thumbnail\" alt=\"\" \/><\/a>\n\t\t\t<\/dt><\/dl><dl class='gallery-item'>\n\t\t\t<dt class='gallery-icon landscape'>\n\t\t\t\t<a href='https:\/\/blogsaverroes.juntadeandalucia.es\/ieshimilce\/files\/2023\/05\/20230511_100824-scaled.jpg'><img loading=\"lazy\" decoding=\"async\" width=\"150\" height=\"150\" src=\"https:\/\/blogsaverroes.juntadeandalucia.es\/ieshimilce\/files\/2023\/05\/20230511_100824-150x150.jpg\" class=\"attachment-thumbnail size-thumbnail\" alt=\"\" \/><\/a>\n\t\t\t<\/dt><\/dl><dl class='gallery-item'>\n\t\t\t<dt class='gallery-icon landscape'>\n\t\t\t\t<a href='https:\/\/blogsaverroes.juntadeandalucia.es\/ieshimilce\/files\/2023\/05\/20230511_100816-scaled.jpg'><img loading=\"lazy\" decoding=\"async\" width=\"150\" height=\"150\" src=\"https:\/\/blogsaverroes.juntadeandalucia.es\/ieshimilce\/files\/2023\/05\/20230511_100816-150x150.jpg\" class=\"attachment-thumbnail size-thumbnail\" alt=\"\" \/><\/a>\n\t\t\t<\/dt><\/dl><dl class='gallery-item'>\n\t\t\t<dt class='gallery-icon landscape'>\n\t\t\t\t<a href='https:\/\/blogsaverroes.juntadeandalucia.es\/ieshimilce\/files\/2023\/05\/20230511_100749-scaled.jpg'><img loading=\"lazy\" decoding=\"async\" width=\"150\" height=\"150\" src=\"https:\/\/blogsaverroes.juntadeandalucia.es\/ieshimilce\/files\/2023\/05\/20230511_100749-150x150.jpg\" class=\"attachment-thumbnail size-thumbnail\" alt=\"\" \/><\/a>\n\t\t\t<\/dt><\/dl><br style=\"clear: both\" \/><dl class='gallery-item'>\n\t\t\t<dt class='gallery-icon landscape'>\n\t\t\t\t<a href='https:\/\/blogsaverroes.juntadeandalucia.es\/ieshimilce\/files\/2023\/05\/20230511_100741-scaled.jpg'><img loading=\"lazy\" decoding=\"async\" width=\"150\" height=\"150\" src=\"https:\/\/blogsaverroes.juntadeandalucia.es\/ieshimilce\/files\/2023\/05\/20230511_100741-150x150.jpg\" class=\"attachment-thumbnail size-thumbnail\" alt=\"\" \/><\/a>\n\t\t\t<\/dt><\/dl><dl class='gallery-item'>\n\t\t\t<dt class='gallery-icon landscape'>\n\t\t\t\t<a href='https:\/\/blogsaverroes.juntadeandalucia.es\/ieshimilce\/files\/2023\/05\/20230511_100732-scaled.jpg'><img loading=\"lazy\" decoding=\"async\" width=\"150\" height=\"150\" src=\"https:\/\/blogsaverroes.juntadeandalucia.es\/ieshimilce\/files\/2023\/05\/20230511_100732-150x150.jpg\" class=\"attachment-thumbnail size-thumbnail\" alt=\"\" \/><\/a>\n\t\t\t<\/dt><\/dl><dl class='gallery-item'>\n\t\t\t<dt class='gallery-icon landscape'>\n\t\t\t\t<a href='https:\/\/blogsaverroes.juntadeandalucia.es\/ieshimilce\/files\/2023\/05\/20230511_100727-scaled.jpg'><img loading=\"lazy\" decoding=\"async\" width=\"150\" height=\"150\" src=\"https:\/\/blogsaverroes.juntadeandalucia.es\/ieshimilce\/files\/2023\/05\/20230511_100727-150x150.jpg\" class=\"attachment-thumbnail size-thumbnail\" alt=\"\" \/><\/a>\n\t\t\t<\/dt><\/dl><dl class='gallery-item'>\n\t\t\t<dt class='gallery-icon landscape'>\n\t\t\t\t<a href='https:\/\/blogsaverroes.juntadeandalucia.es\/ieshimilce\/files\/2023\/05\/20230511_100722-scaled.jpg'><img loading=\"lazy\" decoding=\"async\" width=\"150\" height=\"150\" src=\"https:\/\/blogsaverroes.juntadeandalucia.es\/ieshimilce\/files\/2023\/05\/20230511_100722-150x150.jpg\" class=\"attachment-thumbnail size-thumbnail\" alt=\"\" \/><\/a>\n\t\t\t<\/dt><\/dl><dl class='gallery-item'>\n\t\t\t<dt class='gallery-icon landscape'>\n\t\t\t\t<a href='https:\/\/blogsaverroes.juntadeandalucia.es\/ieshimilce\/files\/2023\/05\/20230511_100714-scaled.jpg'><img loading=\"lazy\" decoding=\"async\" width=\"150\" height=\"150\" src=\"https:\/\/blogsaverroes.juntadeandalucia.es\/ieshimilce\/files\/2023\/05\/20230511_100714-150x150.jpg\" class=\"attachment-thumbnail size-thumbnail\" alt=\"\" \/><\/a>\n\t\t\t<\/dt><\/dl><br style=\"clear: both\" \/><dl class='gallery-item'>\n\t\t\t<dt class='gallery-icon landscape'>\n\t\t\t\t<a href='https:\/\/blogsaverroes.juntadeandalucia.es\/ieshimilce\/files\/2023\/05\/20230511_100707-scaled.jpg'><img loading=\"lazy\" decoding=\"async\" width=\"150\" height=\"150\" src=\"https:\/\/blogsaverroes.juntadeandalucia.es\/ieshimilce\/files\/2023\/05\/20230511_100707-150x150.jpg\" class=\"attachment-thumbnail size-thumbnail\" alt=\"\" \/><\/a>\n\t\t\t<\/dt><\/dl>\n\t\t\t<br style='clear: both' \/>\n\t\t<\/div>\n\n<h4 style=\"text-align: justify\"><strong><span style=\"text-decoration: underline\">1\u00ba y 2\u00ba PREMIO EN EL CONCURSO <span style=\"color: #800080;text-decoration: underline\">\u00abEMPRENDER E INNOVAR EN LAS AULAS\u00bb<\/span><\/span><\/strong><\/h4>\n<p style=\"text-align: justify\"><span style=\"font-size: 14pt\">Durante la Feria de la FP de Linares tambi\u00e9n ha tenido lugar la <span style=\"color: #800080\"><strong><span style=\"color: #000000\">Final&nbsp;del Concurso<\/span> \u00abEmprender e Innovar en las aulas\u00bb<\/strong><\/span>, y en la que nuestra alumna <strong>Noelia Faya G\u00f3mez<\/strong> de 2\u00ba del CFGS de Energ\u00edas Renovables ha obtenido el <strong>Primer premio<\/strong> con su idea de \u00ab<strong><span style=\"color: #800080\">Cubierta piscina fotovoltaica<\/span><\/strong>\u00ab, y nuestro alumno <strong>Rafael Garc\u00eda Boliv\u00e1r<\/strong> de 2\u00ba de CFGS de Automatizaci\u00f3n y Rob\u00f3tica Industrial ha obtenido el segundo premio con su idea de \u00ab<strong><span style=\"color: #800080\">WebCam antichoque<\/span><\/strong>\u00bb para personas invidentes. <strong>Desde aqu\u00ed queremos darles la \u00abEnhorabuena\u00bb y \u00abFelicitarles\u00bb por el gran trabajo realizado.<\/strong><\/span><\/p>\n<p><a href=\"https:\/\/blogsaverroes.juntadeandalucia.es\/ieshimilce\/files\/2023\/05\/WhatsApp-Image-2023-05-11-at-14.55.17.jpeg\"><img loading=\"lazy\" decoding=\"async\" class=\"aligncenter size-full wp-image-12748\" src=\"https:\/\/blogsaverroes.juntadeandalucia.es\/ieshimilce\/files\/2023\/05\/WhatsApp-Image-2023-05-11-at-14.55.17.jpeg\" alt=\"\" width=\"1024\" height=\"768\" srcset=\"https:\/\/blogsaverroes.juntadeandalucia.es\/ieshimilce\/files\/2023\/05\/WhatsApp-Image-2023-05-11-at-14.55.17.jpeg 1024w, https:\/\/blogsaverroes.juntadeandalucia.es\/ieshimilce\/files\/2023\/05\/WhatsApp-Image-2023-05-11-at-14.55.17-300x225.jpeg 300w, https:\/\/blogsaverroes.juntadeandalucia.es\/ieshimilce\/files\/2023\/05\/WhatsApp-Image-2023-05-11-at-14.55.17-768x576.jpeg 768w\" sizes=\"(max-width: 1024px) 100vw, 1024px\" \/><\/a><\/p>\n<h4 style=\"text-align: justify\"><strong>\ud83d\ude42 26\/04\/2024. Visita al Tatro Cervantes.<\/strong><\/h4>\n<p style=\"text-align: justify\"><span style=\"font-size: 14pt\">El grupo 1 EBE realiz\u00f3 una salida al teatro Cervantes de Linares para asistir a la proyecci\u00f3n de la obra : La Rebeli\u00f3n de Bernarda . Un cortometraje con guion y direcci\u00f3n de Jorge Pastor,patrocinado por el servicio municipal de Educaci\u00f3n del Ayuntamiento de Linares. Nuestro alumnado pudo observar c\u00f3mo la imagen personal se puede trasladar al mundo del cine habiendo observado la transformaci\u00f3n de los diferentes personajes de la obra.<\/span><\/p>\n<p><a href=\"https:\/\/blogsaverroes.juntadeandalucia.es\/ieshimilce\/files\/2024\/05\/WhatsApp-Image-2024-04-26-at-11.25.26.jpeg\"><img loading=\"lazy\" decoding=\"async\" class=\"aligncenter size-large wp-image-13065\" src=\"https:\/\/blogsaverroes.juntadeandalucia.es\/ieshimilce\/files\/2024\/05\/WhatsApp-Image-2024-04-26-at-11.25.26-1024x768.jpeg\" alt=\"\" width=\"1024\" height=\"768\" srcset=\"https:\/\/blogsaverroes.juntadeandalucia.es\/ieshimilce\/files\/2024\/05\/WhatsApp-Image-2024-04-26-at-11.25.26-1024x768.jpeg 1024w, https:\/\/blogsaverroes.juntadeandalucia.es\/ieshimilce\/files\/2024\/05\/WhatsApp-Image-2024-04-26-at-11.25.26-300x225.jpeg 300w, https:\/\/blogsaverroes.juntadeandalucia.es\/ieshimilce\/files\/2024\/05\/WhatsApp-Image-2024-04-26-at-11.25.26-768x576.jpeg 768w, https:\/\/blogsaverroes.juntadeandalucia.es\/ieshimilce\/files\/2024\/05\/WhatsApp-Image-2024-04-26-at-11.25.26-1536x1152.jpeg 1536w, https:\/\/blogsaverroes.juntadeandalucia.es\/ieshimilce\/files\/2024\/05\/WhatsApp-Image-2024-04-26-at-11.25.26.jpeg 1200w\" sizes=\"(max-width: 1024px) 100vw, 1024px\" \/><\/a> <a href=\"https:\/\/blogsaverroes.juntadeandalucia.es\/ieshimilce\/files\/2024\/05\/WhatsApp-Image-2024-04-26-at-11.25.25.jpeg\"><img loading=\"lazy\" decoding=\"async\" class=\"aligncenter size-large wp-image-13066\" src=\"https:\/\/blogsaverroes.juntadeandalucia.es\/ieshimilce\/files\/2024\/05\/WhatsApp-Image-2024-04-26-at-11.25.25-1024x768.jpeg\" alt=\"\" width=\"1024\" height=\"768\" srcset=\"https:\/\/blogsaverroes.juntadeandalucia.es\/ieshimilce\/files\/2024\/05\/WhatsApp-Image-2024-04-26-at-11.25.25-1024x768.jpeg 1024w, https:\/\/blogsaverroes.juntadeandalucia.es\/ieshimilce\/files\/2024\/05\/WhatsApp-Image-2024-04-26-at-11.25.25-300x225.jpeg 300w, https:\/\/blogsaverroes.juntadeandalucia.es\/ieshimilce\/files\/2024\/05\/WhatsApp-Image-2024-04-26-at-11.25.25-768x576.jpeg 768w, https:\/\/blogsaverroes.juntadeandalucia.es\/ieshimilce\/files\/2024\/05\/WhatsApp-Image-2024-04-26-at-11.25.25-1536x1152.jpeg 1536w, https:\/\/blogsaverroes.juntadeandalucia.es\/ieshimilce\/files\/2024\/05\/WhatsApp-Image-2024-04-26-at-11.25.25.jpeg 1200w\" sizes=\"(max-width: 1024px) 100vw, 1024px\" \/><\/a><\/p>\n<h4 style=\"text-align: justify\"><strong>\ud83d\ude42 26\/04\/2024. Charla sobre enfermedades de transmisi\u00f3n sexual.<\/strong><\/h4>\n<p><a href=\"https:\/\/blogsaverroes.juntadeandalucia.es\/ieshimilce\/files\/2024\/05\/WhatsApp-Image-2024-04-26-at-11.51.23-1.jpeg\"><img loading=\"lazy\" decoding=\"async\" class=\"aligncenter size-large wp-image-13068\" src=\"https:\/\/blogsaverroes.juntadeandalucia.es\/ieshimilce\/files\/2024\/05\/WhatsApp-Image-2024-04-26-at-11.51.23-1-1024x768.jpeg\" alt=\"\" width=\"1024\" height=\"768\" srcset=\"https:\/\/blogsaverroes.juntadeandalucia.es\/ieshimilce\/files\/2024\/05\/WhatsApp-Image-2024-04-26-at-11.51.23-1-1024x768.jpeg 1024w, https:\/\/blogsaverroes.juntadeandalucia.es\/ieshimilce\/files\/2024\/05\/WhatsApp-Image-2024-04-26-at-11.51.23-1-300x225.jpeg 300w, https:\/\/blogsaverroes.juntadeandalucia.es\/ieshimilce\/files\/2024\/05\/WhatsApp-Image-2024-04-26-at-11.51.23-1-768x576.jpeg 768w, https:\/\/blogsaverroes.juntadeandalucia.es\/ieshimilce\/files\/2024\/05\/WhatsApp-Image-2024-04-26-at-11.51.23-1-1536x1152.jpeg 1536w, https:\/\/blogsaverroes.juntadeandalucia.es\/ieshimilce\/files\/2024\/05\/WhatsApp-Image-2024-04-26-at-11.51.23-1.jpeg 1200w\" sizes=\"(max-width: 1024px) 100vw, 1024px\" \/><\/a><a href=\"https:\/\/blogsaverroes.juntadeandalucia.es\/ieshimilce\/files\/2024\/05\/WhatsApp-Image-2024-04-26-at-11.51.23.jpeg\"><img loading=\"lazy\" decoding=\"async\" class=\"aligncenter size-large wp-image-13069\" src=\"https:\/\/blogsaverroes.juntadeandalucia.es\/ieshimilce\/files\/2024\/05\/WhatsApp-Image-2024-04-26-at-11.51.23-1024x768.jpeg\" alt=\"\" width=\"1024\" height=\"768\" srcset=\"https:\/\/blogsaverroes.juntadeandalucia.es\/ieshimilce\/files\/2024\/05\/WhatsApp-Image-2024-04-26-at-11.51.23-1024x768.jpeg 1024w, https:\/\/blogsaverroes.juntadeandalucia.es\/ieshimilce\/files\/2024\/05\/WhatsApp-Image-2024-04-26-at-11.51.23-300x225.jpeg 300w, https:\/\/blogsaverroes.juntadeandalucia.es\/ieshimilce\/files\/2024\/05\/WhatsApp-Image-2024-04-26-at-11.51.23-768x576.jpeg 768w, https:\/\/blogsaverroes.juntadeandalucia.es\/ieshimilce\/files\/2024\/05\/WhatsApp-Image-2024-04-26-at-11.51.23-1536x1152.jpeg 1536w, https:\/\/blogsaverroes.juntadeandalucia.es\/ieshimilce\/files\/2024\/05\/WhatsApp-Image-2024-04-26-at-11.51.23.jpeg 1200w\" sizes=\"(max-width: 1024px) 100vw, 1024px\" \/><\/a><\/p>\n<h4 style=\"text-align: justify\"><strong>\ud83d\ude42 22\/04\/2024.&nbsp;INMERSI\u00d3N LING\u00dc\u00cdSTICA.<\/strong><\/h4>\n<p style=\"text-align: justify\"><span style=\"font-size: 14pt\">Parte del alumnado de 1\u00ba EIB, est\u00e1 disfrutando de la inmersi\u00f3n ling\u00fc\u00edstica en Dubl\u00edn (Irlanda \ud83c\uddee\ud83c\uddea) junto a sus profesores. Desde el IES Himilce les deseamos que disfruten y aprovechen la experiencia al m\u00e1ximo. \u00a1Buen viaje!<\/span><\/p>\n<p><a href=\"https:\/\/blogsaverroes.juntadeandalucia.es\/ieshimilce\/files\/2024\/04\/INMERSION.jpg\"><img loading=\"lazy\" decoding=\"async\" class=\"aligncenter size-full wp-image-13050\" src=\"https:\/\/blogsaverroes.juntadeandalucia.es\/ieshimilce\/files\/2024\/04\/INMERSION.jpg\" alt=\"\" width=\"960\" height=\"720\" srcset=\"https:\/\/blogsaverroes.juntadeandalucia.es\/ieshimilce\/files\/2024\/04\/INMERSION.jpg 960w, https:\/\/blogsaverroes.juntadeandalucia.es\/ieshimilce\/files\/2024\/04\/INMERSION-300x225.jpg 300w, https:\/\/blogsaverroes.juntadeandalucia.es\/ieshimilce\/files\/2024\/04\/INMERSION-768x576.jpg 768w\" sizes=\"(max-width: 960px) 100vw, 960px\" \/><\/a><a href=\"https:\/\/blogsaverroes.juntadeandalucia.es\/ieshimilce\/files\/2024\/04\/INMERSION-1.jpeg\"><img loading=\"lazy\" decoding=\"async\" class=\"aligncenter size-large wp-image-13051\" src=\"https:\/\/blogsaverroes.juntadeandalucia.es\/ieshimilce\/files\/2024\/04\/INMERSION-1-768x1024.jpeg\" alt=\"\" width=\"768\" height=\"1024\" srcset=\"https:\/\/blogsaverroes.juntadeandalucia.es\/ieshimilce\/files\/2024\/04\/INMERSION-1-768x1024.jpeg 768w, https:\/\/blogsaverroes.juntadeandalucia.es\/ieshimilce\/files\/2024\/04\/INMERSION-1-225x300.jpeg 225w, https:\/\/blogsaverroes.juntadeandalucia.es\/ieshimilce\/files\/2024\/04\/INMERSION-1-1152x1536.jpeg 1152w, https:\/\/blogsaverroes.juntadeandalucia.es\/ieshimilce\/files\/2024\/04\/INMERSION-1.jpeg 900w\" sizes=\"(max-width: 768px) 100vw, 768px\" \/><\/a><\/p>\n<h4 style=\"text-align: justify\"><strong>\ud83d\ude42 22\/04\/2024. <\/strong>ERASMUS FPBE<\/h4>\n<p style=\"text-align: justify\"><span style=\"font-size: 14pt\">En esta ocasi\u00f3n, nuestro alumnado de 2\u00baFPBE est\u00e1 participando en nuestro programa ERASMUS en la ciudad de Faro (Portugal \ud83c\uddf5\ud83c\uddf9) Desde el IES Himilce les deseamos que disfruten esta experiencia junto a sus profes. \u00a1Buen viaje!<\/span><\/p>\n<p><a href=\"https:\/\/blogsaverroes.juntadeandalucia.es\/ieshimilce\/files\/2024\/04\/WhatsApp-Image-2024-04-22-at-12.24.22.jpeg\"><img loading=\"lazy\" decoding=\"async\" class=\"aligncenter size-full wp-image-13047\" src=\"https:\/\/blogsaverroes.juntadeandalucia.es\/ieshimilce\/files\/2024\/04\/WhatsApp-Image-2024-04-22-at-12.24.22.jpeg\" alt=\"\" width=\"1600\" height=\"1200\" srcset=\"https:\/\/blogsaverroes.juntadeandalucia.es\/ieshimilce\/files\/2024\/04\/WhatsApp-Image-2024-04-22-at-12.24.22.jpeg 1200w, https:\/\/blogsaverroes.juntadeandalucia.es\/ieshimilce\/files\/2024\/04\/WhatsApp-Image-2024-04-22-at-12.24.22-300x225.jpeg 300w, https:\/\/blogsaverroes.juntadeandalucia.es\/ieshimilce\/files\/2024\/04\/WhatsApp-Image-2024-04-22-at-12.24.22-1024x768.jpeg 1024w, https:\/\/blogsaverroes.juntadeandalucia.es\/ieshimilce\/files\/2024\/04\/WhatsApp-Image-2024-04-22-at-12.24.22-768x576.jpeg 768w, https:\/\/blogsaverroes.juntadeandalucia.es\/ieshimilce\/files\/2024\/04\/WhatsApp-Image-2024-04-22-at-12.24.22-1536x1152.jpeg 1536w\" sizes=\"(max-width: 1600px) 100vw, 1600px\" \/><\/a><a href=\"https:\/\/blogsaverroes.juntadeandalucia.es\/ieshimilce\/files\/2024\/04\/ERASMUS-FPBE.jpg\"><img loading=\"lazy\" decoding=\"async\" class=\"aligncenter size-full wp-image-13048\" src=\"https:\/\/blogsaverroes.juntadeandalucia.es\/ieshimilce\/files\/2024\/04\/ERASMUS-FPBE.jpg\" alt=\"\" width=\"960\" height=\"720\" srcset=\"https:\/\/blogsaverroes.juntadeandalucia.es\/ieshimilce\/files\/2024\/04\/ERASMUS-FPBE.jpg 960w, https:\/\/blogsaverroes.juntadeandalucia.es\/ieshimilce\/files\/2024\/04\/ERASMUS-FPBE-300x225.jpg 300w, https:\/\/blogsaverroes.juntadeandalucia.es\/ieshimilce\/files\/2024\/04\/ERASMUS-FPBE-768x576.jpg 768w\" sizes=\"(max-width: 960px) 100vw, 960px\" \/><\/a><\/p>\n<h4 style=\"text-align: justify\"><strong>\ud83d\ude42 11\/04\/2024. Viaje con las alumnas de CFGS- 2\u00ba EIB a la Academia IR MEDICAL.<\/strong><\/h4>\n<p style=\"text-align: justify\"><span style=\"font-size: 14pt\">Este viaje nos ha permitido conocer y practicar con los equipos m\u00e1s novedosos utilizados en los centro de est\u00e9tica. Gracias a IR Acedemy por abrirnos las puertas de su empresa.<\/span><\/p>\n<div style=\"width: 555px;\" class=\"wp-video\"><!--[if lt IE 9]><script>document.createElement('video');<\/script><![endif]-->\n<video class=\"wp-video-shortcode\" id=\"video-13351-1\" width=\"555\" height=\"416\" preload=\"metadata\" controls=\"controls\"><source type=\"video\/mp4\" src=\"https:\/\/blogsaverroes.juntadeandalucia.es\/ieshimilce\/files\/2024\/04\/CURSO-EN-IR-MEDICAL.mp4?_=1\" \/><a href=\"https:\/\/blogsaverroes.juntadeandalucia.es\/ieshimilce\/files\/2024\/04\/CURSO-EN-IR-MEDICAL.mp4\">https:\/\/blogsaverroes.juntadeandalucia.es\/ieshimilce\/files\/2024\/04\/CURSO-EN-IR-MEDICAL.mp4<\/a><\/video><\/div>\n<p>&nbsp;<\/p>\n<h4 style=\"text-align: justify\"><strong>\ud83d\ude42 09\/04\/2024. Masterclass de aromaterapia cuida tu piel y tu mente, con la colaboraci\u00f3n de Elena B. Torres y la participaci\u00f3n de 1\u00baEIB.<\/strong><\/h4>\n<div style=\"width: 480px;\" class=\"wp-video\"><video class=\"wp-video-shortcode\" id=\"video-13351-2\" width=\"480\" height=\"864\" preload=\"metadata\" controls=\"controls\"><source type=\"video\/mp4\" src=\"https:\/\/blogsaverroes.juntadeandalucia.es\/ieshimilce\/files\/2024\/04\/WhatsApp-Video-2024-04-09-at-13.56.39.mp4?_=2\" \/><a href=\"https:\/\/blogsaverroes.juntadeandalucia.es\/ieshimilce\/files\/2024\/04\/WhatsApp-Video-2024-04-09-at-13.56.39.mp4\">https:\/\/blogsaverroes.juntadeandalucia.es\/ieshimilce\/files\/2024\/04\/WhatsApp-Video-2024-04-09-at-13.56.39.mp4<\/a><\/video><\/div>\n<h4>&nbsp;<\/h4>\n<h4><strong>\ud83d\ude42 24\/02\/2023. <span style=\"color: #008000\">CELEBRACI\u00d3N DEL D\u00cdA DE ANDALUC\u00cdA<\/span><\/strong><\/h4>\n<p style=\"text-align: justify\"><span style=\"font-size: 14pt\">Hoy con motivo del D\u00eda de Andaluc\u00eda hemos compartido con nuestros alumnos y alumnas un desayuno t\u00edpico de Ja\u00e9n \u00a1muy rico!, \u00a1muy rico!.<\/span><\/p>\n<p><a href=\"https:\/\/blogsaverroes.juntadeandalucia.es\/ieshimilce\/files\/2023\/02\/Celebraci\u00f3n-del-D\u00eda-de-Andaluc\u00eda.png\"><img loading=\"lazy\" decoding=\"async\" class=\"aligncenter size-full wp-image-12700\" src=\"https:\/\/blogsaverroes.juntadeandalucia.es\/ieshimilce\/files\/2023\/02\/Celebraci\u00f3n-del-D\u00eda-de-Andaluc\u00eda.png\" alt=\"\" width=\"1200\" height=\"897\" srcset=\"https:\/\/blogsaverroes.juntadeandalucia.es\/ieshimilce\/files\/2023\/02\/Celebraci\u00f3n-del-D\u00eda-de-Andaluc\u00eda.png 1200w, https:\/\/blogsaverroes.juntadeandalucia.es\/ieshimilce\/files\/2023\/02\/Celebraci\u00f3n-del-D\u00eda-de-Andaluc\u00eda-300x224.png 300w, https:\/\/blogsaverroes.juntadeandalucia.es\/ieshimilce\/files\/2023\/02\/Celebraci\u00f3n-del-D\u00eda-de-Andaluc\u00eda-1024x765.png 1024w, https:\/\/blogsaverroes.juntadeandalucia.es\/ieshimilce\/files\/2023\/02\/Celebraci\u00f3n-del-D\u00eda-de-Andaluc\u00eda-768x574.png 768w\" sizes=\"(max-width: 1200px) 100vw, 1200px\" \/><\/a><\/p>\n<h4 style=\"text-align: justify\"><strong>\ud83d\ude42 21\/02\/2023. <span style=\"color: #008000\">TALLER DE FORMACI\u00d3N B\u00c1SICA DE INSTALACI\u00d3N Y MANTENIMIENTO DE SISTEMAS DE CALEFACCI\u00d3N CON BIOMASA<\/span><\/strong><\/h4>\n<p style=\"text-align: justify\"><span style=\"font-size: 14pt\">Durante los d\u00edas 21 y 22 de Marzo, un total de 26 alumnos\/as de los CFGS de Energ\u00edas Renovables y de Sistemas Electrot\u00e9cnicos y Automatizados del IES Himilce, han participado en un taller de formaci\u00f3n para la instalaci\u00f3n y mantenimiento de sistemas de calefacci\u00f3n con biomasa organizado por el \u00c1rea de Agricultura, Ganader\u00eda, Medio Ambiente y Cambio Clim\u00e1tico de la Diputaci\u00f3n de Ja\u00e9n, e impartido por t\u00e9cnicos de la empresa de Ingenier\u00eda Energ\u00e9tica INTELEC.<\/span><\/p>\n<p style=\"text-align: justify\"><span style=\"font-size: 14pt\">El diputado de Agricultura, Ganader\u00eda, Medio Ambiente y Cambio Clim\u00e1tico, Pedro Bruno, junto a la Concejala de Juventud de Linares Paqui D\u00edez, nos han visitado en el d\u00eda de hoy para interesarse por la marcha del taller e intercambiar opiniones con los participantes sobre las expectativas profesionales del sector de la biomasa en la provincia de Ja\u00e9n. Al final de la actividad los alumnos\/as recibieron un Diploma acreditativo de su participaci\u00f3n en el Taller.<\/span><\/p>\n<p style=\"text-align: justify\"><span style=\"font-size: 14pt\">En esta visita tambi\u00e9n se interesaron por nuestros Proyectos de Aula ATECA y Huerto Escolar, del que por cierto, se quedaron muy impresionados con el trabajo que est\u00e1n realizando nuestros alumnos y alumnas de FPB Espec\u00edfica y ESO.<\/span><\/p>\n<p style=\"text-align: justify\"><a href=\"https:\/\/blogsaverroes.juntadeandalucia.es\/ieshimilce\/files\/2023\/03\/TALLER-BIOMASA.png\"><img loading=\"lazy\" decoding=\"async\" class=\"aligncenter size-full wp-image-12720\" src=\"https:\/\/blogsaverroes.juntadeandalucia.es\/ieshimilce\/files\/2023\/03\/TALLER-BIOMASA.png\" alt=\"\" width=\"1198\" height=\"900\" srcset=\"https:\/\/blogsaverroes.juntadeandalucia.es\/ieshimilce\/files\/2023\/03\/TALLER-BIOMASA.png 1198w, https:\/\/blogsaverroes.juntadeandalucia.es\/ieshimilce\/files\/2023\/03\/TALLER-BIOMASA-300x225.png 300w, https:\/\/blogsaverroes.juntadeandalucia.es\/ieshimilce\/files\/2023\/03\/TALLER-BIOMASA-1024x769.png 1024w, https:\/\/blogsaverroes.juntadeandalucia.es\/ieshimilce\/files\/2023\/03\/TALLER-BIOMASA-768x577.png 768w\" sizes=\"(max-width: 1198px) 100vw, 1198px\" \/><\/a><a href=\"https:\/\/blogsaverroes.juntadeandalucia.es\/ieshimilce\/files\/2023\/03\/TALLER-BIOMASA-1.png\"><img loading=\"lazy\" decoding=\"async\" class=\"aligncenter size-full wp-image-12722\" src=\"https:\/\/blogsaverroes.juntadeandalucia.es\/ieshimilce\/files\/2023\/03\/TALLER-BIOMASA-1.png\" alt=\"\" width=\"1198\" height=\"900\" srcset=\"https:\/\/blogsaverroes.juntadeandalucia.es\/ieshimilce\/files\/2023\/03\/TALLER-BIOMASA-1.png 1198w, https:\/\/blogsaverroes.juntadeandalucia.es\/ieshimilce\/files\/2023\/03\/TALLER-BIOMASA-1-300x225.png 300w, https:\/\/blogsaverroes.juntadeandalucia.es\/ieshimilce\/files\/2023\/03\/TALLER-BIOMASA-1-1024x769.png 1024w, https:\/\/blogsaverroes.juntadeandalucia.es\/ieshimilce\/files\/2023\/03\/TALLER-BIOMASA-1-768x577.png 768w\" sizes=\"(max-width: 1198px) 100vw, 1198px\" \/><\/a><a href=\"https:\/\/blogsaverroes.juntadeandalucia.es\/ieshimilce\/files\/2023\/03\/TALLER-BIOMASA-2.png\"><img loading=\"lazy\" decoding=\"async\" class=\"aligncenter size-full wp-image-12721\" src=\"https:\/\/blogsaverroes.juntadeandalucia.es\/ieshimilce\/files\/2023\/03\/TALLER-BIOMASA-2.png\" alt=\"\" width=\"1198\" height=\"888\" srcset=\"https:\/\/blogsaverroes.juntadeandalucia.es\/ieshimilce\/files\/2023\/03\/TALLER-BIOMASA-2.png 1198w, https:\/\/blogsaverroes.juntadeandalucia.es\/ieshimilce\/files\/2023\/03\/TALLER-BIOMASA-2-300x222.png 300w, https:\/\/blogsaverroes.juntadeandalucia.es\/ieshimilce\/files\/2023\/03\/TALLER-BIOMASA-2-1024x759.png 1024w, https:\/\/blogsaverroes.juntadeandalucia.es\/ieshimilce\/files\/2023\/03\/TALLER-BIOMASA-2-768x569.png 768w\" sizes=\"(max-width: 1198px) 100vw, 1198px\" \/><\/a><\/p>\n<h4><strong>\ud83d\ude42 20\/02\/2023. <span style=\"color: #800080\">TRABAJANDO LOS VALORES DEPORTIVOS<\/span><\/strong><\/h4>\n<p><a href=\"https:\/\/blogsaverroes.juntadeandalucia.es\/ieshimilce\/files\/2023\/02\/CONFERENCIA.jpeg\"><img loading=\"lazy\" decoding=\"async\" class=\"aligncenter size-full wp-image-12684\" src=\"https:\/\/blogsaverroes.juntadeandalucia.es\/ieshimilce\/files\/2023\/02\/CONFERENCIA.jpeg\" alt=\"\" width=\"902\" height=\"1200\" srcset=\"https:\/\/blogsaverroes.juntadeandalucia.es\/ieshimilce\/files\/2023\/02\/CONFERENCIA.jpeg 902w, https:\/\/blogsaverroes.juntadeandalucia.es\/ieshimilce\/files\/2023\/02\/CONFERENCIA-226x300.jpeg 226w, https:\/\/blogsaverroes.juntadeandalucia.es\/ieshimilce\/files\/2023\/02\/CONFERENCIA-770x1024.jpeg 770w, https:\/\/blogsaverroes.juntadeandalucia.es\/ieshimilce\/files\/2023\/02\/CONFERENCIA-768x1021.jpeg 768w\" sizes=\"(max-width: 902px) 100vw, 902px\" \/><\/a><\/p>\n<div style=\"width: 555px;\" class=\"wp-video\"><video class=\"wp-video-shortcode\" id=\"video-13351-3\" width=\"555\" height=\"312\" preload=\"metadata\" controls=\"controls\"><source type=\"video\/mp4\" src=\"https:\/\/blogsaverroes.juntadeandalucia.es\/ieshimilce\/files\/2023\/02\/DEMOSTRACI\u00d3N2.mp4?_=3\" \/><a href=\"https:\/\/blogsaverroes.juntadeandalucia.es\/ieshimilce\/files\/2023\/02\/DEMOSTRACI\u00d3N2.mp4\">https:\/\/blogsaverroes.juntadeandalucia.es\/ieshimilce\/files\/2023\/02\/DEMOSTRACI\u00d3N2.mp4<\/a><\/video><\/div>\n<h4>&nbsp;<\/h4>\n<h4><strong>\ud83d\ude42 17\/02\/2023. <span style=\"color: #993300\">AMPLICACI\u00d3N Y EQUIPAMIENTO DE INFRAESTRUCTURAS<\/span><\/strong><\/h4>\n<p style=\"text-align: justify\"><span style=\"font-size: 14pt\">Hoy hemos recibido la visita del Delegado del Gobierno andaluz <strong>Jes\u00fas Estrella<\/strong> y del Delegado de educaci\u00f3n <strong>Francisco Jos\u00e9 Solano<\/strong> para interesarse por las obras de construcci\u00f3n&nbsp; que se est\u00e1n ejecutando en nuestro centro y para las cuales la Junta de Andaluc\u00eda ha invertido <strong>800.000 \u20ac<\/strong>.<\/span><\/p>\n<p style=\"text-align: justify\"><span style=\"font-size: 14pt\">Los trabajos consisten en la reordenaci\u00f3n del edificio actual y la ejecuci\u00f3n de un edificio de nueva construcci\u00f3n de 640 metros cuadrados que acoger\u00e1 el nuevo<strong> C.F.G.M de Electromec\u00e1nica de Maquinaria<\/strong>, que quedar\u00e1 dotado de un taller de mecanizado, un taller de equipos y aperos, un taller de fuerza, detenci\u00f3n, supervisi\u00f3n y guiado y un taller de motores con laboratorio, as\u00ed como los aseos y vestuarios correspondientes, cuarto de limpieza e instalaciones. La intervenci\u00f3n se completar\u00e1 con la reurbanizaci\u00f3n del espacio exterior necesario para el acceso peatonal y rodado.<\/span><\/p>\n<p style=\"text-align: justify\"><span style=\"font-size: 14pt\">Esta actuaci\u00f3n est\u00e1 recogida en la Inversi\u00f3n Territorial Integrada (ITI) de Ja\u00e9n y cuenta con cofinanciaci\u00f3n europea a trav\u00e9s del Fondo Europeo de Desarrollo Regional (FEDER) adem\u00e1s de formar parte del Plan de Infraestructuras Educativas que ejecuta la Consejer\u00eda de Desarrollo Educativo y Formaci\u00f3n Profesional.<\/span><\/p>\n<h4><a href=\"https:\/\/blogsaverroes.juntadeandalucia.es\/ieshimilce\/files\/2023\/02\/20230217_095052-scaled.jpg\"><img loading=\"lazy\" decoding=\"async\" class=\"aligncenter size-full wp-image-12626\" src=\"https:\/\/blogsaverroes.juntadeandalucia.es\/ieshimilce\/files\/2023\/02\/20230217_095052-scaled.jpg\" alt=\"\" width=\"1200\" height=\"900\" srcset=\"https:\/\/blogsaverroes.juntadeandalucia.es\/ieshimilce\/files\/2023\/02\/20230217_095052-scaled.jpg 1200w, https:\/\/blogsaverroes.juntadeandalucia.es\/ieshimilce\/files\/2023\/02\/20230217_095052-300x225.jpg 300w, https:\/\/blogsaverroes.juntadeandalucia.es\/ieshimilce\/files\/2023\/02\/20230217_095052-1024x768.jpg 1024w, https:\/\/blogsaverroes.juntadeandalucia.es\/ieshimilce\/files\/2023\/02\/20230217_095052-768x576.jpg 768w, https:\/\/blogsaverroes.juntadeandalucia.es\/ieshimilce\/files\/2023\/02\/20230217_095052-1536x1152.jpg 1536w, https:\/\/blogsaverroes.juntadeandalucia.es\/ieshimilce\/files\/2023\/02\/20230217_095052-2048x1536.jpg 2048w\" sizes=\"(max-width: 1200px) 100vw, 1200px\" \/><\/a><\/h4>\n\n\t\t<style type=\"text\/css\">\n\t\t\t#gallery-2 {\n\t\t\t\tmargin: auto;\n\t\t\t}\n\t\t\t#gallery-2 .gallery-item {\n\t\t\t\tfloat: left;\n\t\t\t\tmargin-top: 10px;\n\t\t\t\ttext-align: center;\n\t\t\t\twidth: 25%;\n\t\t\t}\n\t\t\t#gallery-2 img {\n\t\t\t\tborder: 2px solid #cfcfcf;\n\t\t\t}\n\t\t\t#gallery-2 .gallery-caption {\n\t\t\t\tmargin-left: 0;\n\t\t\t}\n\t\t\t\/* see gallery_shortcode() in wp-includes\/media.php *\/\n\t\t<\/style>\n\t\t<div id='gallery-2' class='gallery galleryid-13351 gallery-columns-4 gallery-size-medium'><dl class='gallery-item'>\n\t\t\t<dt class='gallery-icon landscape'>\n\t\t\t\t<a href='https:\/\/blogsaverroes.juntadeandalucia.es\/ieshimilce\/actualidad\/20230217_095052\/'><img loading=\"lazy\" decoding=\"async\" width=\"300\" height=\"225\" src=\"https:\/\/blogsaverroes.juntadeandalucia.es\/ieshimilce\/files\/2023\/02\/20230217_095052-300x225.jpg\" class=\"attachment-medium size-medium\" alt=\"\" srcset=\"https:\/\/blogsaverroes.juntadeandalucia.es\/ieshimilce\/files\/2023\/02\/20230217_095052-300x225.jpg 300w, https:\/\/blogsaverroes.juntadeandalucia.es\/ieshimilce\/files\/2023\/02\/20230217_095052-1024x768.jpg 1024w, https:\/\/blogsaverroes.juntadeandalucia.es\/ieshimilce\/files\/2023\/02\/20230217_095052-768x576.jpg 768w, https:\/\/blogsaverroes.juntadeandalucia.es\/ieshimilce\/files\/2023\/02\/20230217_095052-1536x1152.jpg 1536w, https:\/\/blogsaverroes.juntadeandalucia.es\/ieshimilce\/files\/2023\/02\/20230217_095052-2048x1536.jpg 2048w, https:\/\/blogsaverroes.juntadeandalucia.es\/ieshimilce\/files\/2023\/02\/20230217_095052-scaled.jpg 1200w\" sizes=\"(max-width: 300px) 100vw, 300px\" \/><\/a>\n\t\t\t<\/dt><\/dl><dl class='gallery-item'>\n\t\t\t<dt class='gallery-icon landscape'>\n\t\t\t\t<a href='https:\/\/blogsaverroes.juntadeandalucia.es\/ieshimilce\/actualidad\/20230217_094954\/'><img loading=\"lazy\" decoding=\"async\" width=\"300\" height=\"225\" src=\"https:\/\/blogsaverroes.juntadeandalucia.es\/ieshimilce\/files\/2023\/02\/20230217_094954-300x225.jpg\" class=\"attachment-medium size-medium\" alt=\"\" srcset=\"https:\/\/blogsaverroes.juntadeandalucia.es\/ieshimilce\/files\/2023\/02\/20230217_094954-300x225.jpg 300w, https:\/\/blogsaverroes.juntadeandalucia.es\/ieshimilce\/files\/2023\/02\/20230217_094954-1024x768.jpg 1024w, https:\/\/blogsaverroes.juntadeandalucia.es\/ieshimilce\/files\/2023\/02\/20230217_094954-768x576.jpg 768w, https:\/\/blogsaverroes.juntadeandalucia.es\/ieshimilce\/files\/2023\/02\/20230217_094954-1536x1152.jpg 1536w, https:\/\/blogsaverroes.juntadeandalucia.es\/ieshimilce\/files\/2023\/02\/20230217_094954-2048x1536.jpg 2048w, https:\/\/blogsaverroes.juntadeandalucia.es\/ieshimilce\/files\/2023\/02\/20230217_094954-scaled.jpg 1200w\" sizes=\"(max-width: 300px) 100vw, 300px\" \/><\/a>\n\t\t\t<\/dt><\/dl><dl class='gallery-item'>\n\t\t\t<dt class='gallery-icon landscape'>\n\t\t\t\t<a href='https:\/\/blogsaverroes.juntadeandalucia.es\/ieshimilce\/actualidad\/20230217_095806\/'><img loading=\"lazy\" decoding=\"async\" width=\"300\" height=\"225\" src=\"https:\/\/blogsaverroes.juntadeandalucia.es\/ieshimilce\/files\/2023\/02\/20230217_095806-300x225.jpg\" class=\"attachment-medium size-medium\" alt=\"\" srcset=\"https:\/\/blogsaverroes.juntadeandalucia.es\/ieshimilce\/files\/2023\/02\/20230217_095806-300x225.jpg 300w, https:\/\/blogsaverroes.juntadeandalucia.es\/ieshimilce\/files\/2023\/02\/20230217_095806-1024x768.jpg 1024w, https:\/\/blogsaverroes.juntadeandalucia.es\/ieshimilce\/files\/2023\/02\/20230217_095806-768x576.jpg 768w, https:\/\/blogsaverroes.juntadeandalucia.es\/ieshimilce\/files\/2023\/02\/20230217_095806-1536x1152.jpg 1536w, https:\/\/blogsaverroes.juntadeandalucia.es\/ieshimilce\/files\/2023\/02\/20230217_095806-2048x1536.jpg 2048w, https:\/\/blogsaverroes.juntadeandalucia.es\/ieshimilce\/files\/2023\/02\/20230217_095806-scaled.jpg 1200w\" sizes=\"(max-width: 300px) 100vw, 300px\" \/><\/a>\n\t\t\t<\/dt><\/dl><dl class='gallery-item'>\n\t\t\t<dt class='gallery-icon landscape'>\n\t\t\t\t<a href='https:\/\/blogsaverroes.juntadeandalucia.es\/ieshimilce\/actualidad\/20230217_095516\/'><img loading=\"lazy\" decoding=\"async\" width=\"300\" height=\"225\" src=\"https:\/\/blogsaverroes.juntadeandalucia.es\/ieshimilce\/files\/2023\/02\/20230217_095516-300x225.jpg\" class=\"attachment-medium size-medium\" alt=\"\" srcset=\"https:\/\/blogsaverroes.juntadeandalucia.es\/ieshimilce\/files\/2023\/02\/20230217_095516-300x225.jpg 300w, https:\/\/blogsaverroes.juntadeandalucia.es\/ieshimilce\/files\/2023\/02\/20230217_095516-1024x768.jpg 1024w, https:\/\/blogsaverroes.juntadeandalucia.es\/ieshimilce\/files\/2023\/02\/20230217_095516-768x576.jpg 768w, https:\/\/blogsaverroes.juntadeandalucia.es\/ieshimilce\/files\/2023\/02\/20230217_095516-1536x1152.jpg 1536w, https:\/\/blogsaverroes.juntadeandalucia.es\/ieshimilce\/files\/2023\/02\/20230217_095516-2048x1536.jpg 2048w, https:\/\/blogsaverroes.juntadeandalucia.es\/ieshimilce\/files\/2023\/02\/20230217_095516-scaled.jpg 1200w\" sizes=\"(max-width: 300px) 100vw, 300px\" \/><\/a>\n\t\t\t<\/dt><\/dl><br style=\"clear: both\" \/><dl class='gallery-item'>\n\t\t\t<dt class='gallery-icon landscape'>\n\t\t\t\t<a href='https:\/\/blogsaverroes.juntadeandalucia.es\/ieshimilce\/actualidad\/20230209_112626\/'><img loading=\"lazy\" decoding=\"async\" width=\"300\" height=\"225\" src=\"https:\/\/blogsaverroes.juntadeandalucia.es\/ieshimilce\/files\/2023\/02\/20230209_112626-300x225.jpg\" class=\"attachment-medium size-medium\" alt=\"\" srcset=\"https:\/\/blogsaverroes.juntadeandalucia.es\/ieshimilce\/files\/2023\/02\/20230209_112626-300x225.jpg 300w, https:\/\/blogsaverroes.juntadeandalucia.es\/ieshimilce\/files\/2023\/02\/20230209_112626-1024x768.jpg 1024w, https:\/\/blogsaverroes.juntadeandalucia.es\/ieshimilce\/files\/2023\/02\/20230209_112626-768x576.jpg 768w, https:\/\/blogsaverroes.juntadeandalucia.es\/ieshimilce\/files\/2023\/02\/20230209_112626-1536x1152.jpg 1536w, https:\/\/blogsaverroes.juntadeandalucia.es\/ieshimilce\/files\/2023\/02\/20230209_112626-2048x1536.jpg 2048w, https:\/\/blogsaverroes.juntadeandalucia.es\/ieshimilce\/files\/2023\/02\/20230209_112626-scaled.jpg 1200w\" sizes=\"(max-width: 300px) 100vw, 300px\" \/><\/a>\n\t\t\t<\/dt><\/dl><dl class='gallery-item'>\n\t\t\t<dt class='gallery-icon landscape'>\n\t\t\t\t<a href='https:\/\/blogsaverroes.juntadeandalucia.es\/ieshimilce\/actualidad\/20230208_110541\/'><img loading=\"lazy\" decoding=\"async\" width=\"300\" height=\"225\" src=\"https:\/\/blogsaverroes.juntadeandalucia.es\/ieshimilce\/files\/2023\/02\/20230208_110541-300x225.jpg\" class=\"attachment-medium size-medium\" alt=\"\" srcset=\"https:\/\/blogsaverroes.juntadeandalucia.es\/ieshimilce\/files\/2023\/02\/20230208_110541-300x225.jpg 300w, https:\/\/blogsaverroes.juntadeandalucia.es\/ieshimilce\/files\/2023\/02\/20230208_110541-1024x768.jpg 1024w, https:\/\/blogsaverroes.juntadeandalucia.es\/ieshimilce\/files\/2023\/02\/20230208_110541-768x576.jpg 768w, https:\/\/blogsaverroes.juntadeandalucia.es\/ieshimilce\/files\/2023\/02\/20230208_110541-1536x1152.jpg 1536w, https:\/\/blogsaverroes.juntadeandalucia.es\/ieshimilce\/files\/2023\/02\/20230208_110541-2048x1536.jpg 2048w, https:\/\/blogsaverroes.juntadeandalucia.es\/ieshimilce\/files\/2023\/02\/20230208_110541-scaled.jpg 1200w\" sizes=\"(max-width: 300px) 100vw, 300px\" \/><\/a>\n\t\t\t<\/dt><\/dl><dl class='gallery-item'>\n\t\t\t<dt class='gallery-icon landscape'>\n\t\t\t\t<a href='https:\/\/blogsaverroes.juntadeandalucia.es\/ieshimilce\/actualidad\/20230217_101214\/'><img loading=\"lazy\" decoding=\"async\" width=\"300\" height=\"225\" src=\"https:\/\/blogsaverroes.juntadeandalucia.es\/ieshimilce\/files\/2023\/02\/20230217_101214-300x225.jpg\" class=\"attachment-medium size-medium\" alt=\"\" srcset=\"https:\/\/blogsaverroes.juntadeandalucia.es\/ieshimilce\/files\/2023\/02\/20230217_101214-300x225.jpg 300w, https:\/\/blogsaverroes.juntadeandalucia.es\/ieshimilce\/files\/2023\/02\/20230217_101214-1024x768.jpg 1024w, https:\/\/blogsaverroes.juntadeandalucia.es\/ieshimilce\/files\/2023\/02\/20230217_101214-768x576.jpg 768w, https:\/\/blogsaverroes.juntadeandalucia.es\/ieshimilce\/files\/2023\/02\/20230217_101214-1536x1152.jpg 1536w, https:\/\/blogsaverroes.juntadeandalucia.es\/ieshimilce\/files\/2023\/02\/20230217_101214-2048x1536.jpg 2048w, https:\/\/blogsaverroes.juntadeandalucia.es\/ieshimilce\/files\/2023\/02\/20230217_101214-scaled.jpg 1200w\" sizes=\"(max-width: 300px) 100vw, 300px\" \/><\/a>\n\t\t\t<\/dt><\/dl><dl class='gallery-item'>\n\t\t\t<dt class='gallery-icon landscape'>\n\t\t\t\t<a href='https:\/\/blogsaverroes.juntadeandalucia.es\/ieshimilce\/actualidad\/20230217_094335\/'><img loading=\"lazy\" decoding=\"async\" width=\"300\" height=\"225\" src=\"https:\/\/blogsaverroes.juntadeandalucia.es\/ieshimilce\/files\/2023\/02\/20230217_094335-300x225.jpg\" class=\"attachment-medium size-medium\" alt=\"\" srcset=\"https:\/\/blogsaverroes.juntadeandalucia.es\/ieshimilce\/files\/2023\/02\/20230217_094335-300x225.jpg 300w, https:\/\/blogsaverroes.juntadeandalucia.es\/ieshimilce\/files\/2023\/02\/20230217_094335-1024x768.jpg 1024w, https:\/\/blogsaverroes.juntadeandalucia.es\/ieshimilce\/files\/2023\/02\/20230217_094335-768x576.jpg 768w, https:\/\/blogsaverroes.juntadeandalucia.es\/ieshimilce\/files\/2023\/02\/20230217_094335-1536x1152.jpg 1536w, https:\/\/blogsaverroes.juntadeandalucia.es\/ieshimilce\/files\/2023\/02\/20230217_094335-2048x1536.jpg 2048w, https:\/\/blogsaverroes.juntadeandalucia.es\/ieshimilce\/files\/2023\/02\/20230217_094335-scaled.jpg 1200w\" sizes=\"(max-width: 300px) 100vw, 300px\" \/><\/a>\n\t\t\t<\/dt><\/dl><br style=\"clear: both\" \/>\n\t\t<\/div>\n\n<h4><strong><span style=\"color: #800080\">PRESENTAMOS NUESTRA AULA ATECA<\/span><\/strong><\/h4>\n<div style=\"width: 555px;\" class=\"wp-video\"><video class=\"wp-video-shortcode\" id=\"video-13351-4\" width=\"555\" height=\"305\" preload=\"metadata\" controls=\"controls\"><source type=\"video\/mp4\" src=\"https:\/\/blogsaverroes.juntadeandalucia.es\/ieshimilce\/files\/2023\/02\/aula-ateca.mp4?_=4\" \/><a href=\"https:\/\/blogsaverroes.juntadeandalucia.es\/ieshimilce\/files\/2023\/02\/aula-ateca.mp4\">https:\/\/blogsaverroes.juntadeandalucia.es\/ieshimilce\/files\/2023\/02\/aula-ateca.mp4<\/a><\/video><\/div>\n\n\t\t<style type=\"text\/css\">\n\t\t\t#gallery-3 {\n\t\t\t\tmargin: auto;\n\t\t\t}\n\t\t\t#gallery-3 .gallery-item {\n\t\t\t\tfloat: left;\n\t\t\t\tmargin-top: 10px;\n\t\t\t\ttext-align: center;\n\t\t\t\twidth: 20%;\n\t\t\t}\n\t\t\t#gallery-3 img {\n\t\t\t\tborder: 2px solid #cfcfcf;\n\t\t\t}\n\t\t\t#gallery-3 .gallery-caption {\n\t\t\t\tmargin-left: 0;\n\t\t\t}\n\t\t\t\/* see gallery_shortcode() in wp-includes\/media.php *\/\n\t\t<\/style>\n\t\t<div id='gallery-3' class='gallery galleryid-13351 gallery-columns-5 gallery-size-thumbnail'><dl class='gallery-item'>\n\t\t\t<dt class='gallery-icon landscape'>\n\t\t\t\t<a href='https:\/\/blogsaverroes.juntadeandalucia.es\/ieshimilce\/actualidad\/img-20230210-wa0003\/'><img loading=\"lazy\" decoding=\"async\" width=\"150\" height=\"150\" src=\"https:\/\/blogsaverroes.juntadeandalucia.es\/ieshimilce\/files\/2023\/02\/IMG-20230210-WA0003-150x150.jpg\" class=\"attachment-thumbnail size-thumbnail\" alt=\"\" \/><\/a>\n\t\t\t<\/dt><\/dl><dl class='gallery-item'>\n\t\t\t<dt class='gallery-icon landscape'>\n\t\t\t\t<a href='https:\/\/blogsaverroes.juntadeandalucia.es\/ieshimilce\/actualidad\/img-20230210-wa0005\/'><img loading=\"lazy\" decoding=\"async\" width=\"150\" height=\"150\" src=\"https:\/\/blogsaverroes.juntadeandalucia.es\/ieshimilce\/files\/2023\/02\/IMG-20230210-WA0005-150x150.jpg\" class=\"attachment-thumbnail size-thumbnail\" alt=\"\" \/><\/a>\n\t\t\t<\/dt><\/dl><dl class='gallery-item'>\n\t\t\t<dt class='gallery-icon landscape'>\n\t\t\t\t<a href='https:\/\/blogsaverroes.juntadeandalucia.es\/ieshimilce\/actualidad\/img-20230210-wa0006\/'><img loading=\"lazy\" decoding=\"async\" width=\"150\" height=\"150\" src=\"https:\/\/blogsaverroes.juntadeandalucia.es\/ieshimilce\/files\/2023\/02\/IMG-20230210-WA0006-150x150.jpg\" class=\"attachment-thumbnail size-thumbnail\" alt=\"\" \/><\/a>\n\t\t\t<\/dt><\/dl><dl class='gallery-item'>\n\t\t\t<dt class='gallery-icon landscape'>\n\t\t\t\t<a href='https:\/\/blogsaverroes.juntadeandalucia.es\/ieshimilce\/actualidad\/20230217_101937\/'><img loading=\"lazy\" decoding=\"async\" width=\"150\" height=\"150\" src=\"https:\/\/blogsaverroes.juntadeandalucia.es\/ieshimilce\/files\/2023\/02\/20230217_101937-150x150.jpg\" class=\"attachment-thumbnail size-thumbnail\" alt=\"\" \/><\/a>\n\t\t\t<\/dt><\/dl><dl class='gallery-item'>\n\t\t\t<dt class='gallery-icon landscape'>\n\t\t\t\t<a href='https:\/\/blogsaverroes.juntadeandalucia.es\/ieshimilce\/actualidad\/20230217_101214\/'><img loading=\"lazy\" decoding=\"async\" width=\"150\" height=\"150\" src=\"https:\/\/blogsaverroes.juntadeandalucia.es\/ieshimilce\/files\/2023\/02\/20230217_101214-150x150.jpg\" class=\"attachment-thumbnail size-thumbnail\" alt=\"\" \/><\/a>\n\t\t\t<\/dt><\/dl><br style=\"clear: both\" \/>\n\t\t<\/div>\n\n<h4>\ud83d\ude42 <strong>21\/12\/2022. Visita del alumnado de los Ciclos formativos de SEA y ER al Parque E\u00f3lico de Noalejo.<\/strong><\/h4>\n<p style=\"text-align: justify\"><span style=\"font-size: 14pt\">Hoy, d\u00eda 21 de diciembre de 2022, el alumnado de los Ciclos Formativos de Grado Superior de Energ\u00edas Renovables (ER) y de Sistemas Electrot\u00e9cnicos y Automatizados (SEA), han realizado una visita t\u00e9cnica al Parque E\u00f3lico de la Sierra del Trigo de la localidad de Noalejo (Ja\u00e9n), en la que los alumnos\/as han conocido \u201cin situ\u201d el parque de intemperie, las instalaciones de la subestaci\u00f3n de energ\u00eda el\u00e9ctrica y del edificio de control, as\u00ed como el funcionamiento de los aerogeneradores.<\/span><\/p>\n<p style=\"text-align: justify\"><a href=\"https:\/\/blogsaverroes.juntadeandalucia.es\/ieshimilce\/files\/2022\/12\/WhatsApp-Image-2022-12-21-at-15.11.24-2.jpeg\"><img loading=\"lazy\" decoding=\"async\" class=\"aligncenter size-full wp-image-12502\" src=\"https:\/\/blogsaverroes.juntadeandalucia.es\/ieshimilce\/files\/2022\/12\/WhatsApp-Image-2022-12-21-at-15.11.24-2.jpeg\" alt=\"\" width=\"1200\" height=\"552\" srcset=\"https:\/\/blogsaverroes.juntadeandalucia.es\/ieshimilce\/files\/2022\/12\/WhatsApp-Image-2022-12-21-at-15.11.24-2.jpeg 1200w, https:\/\/blogsaverroes.juntadeandalucia.es\/ieshimilce\/files\/2022\/12\/WhatsApp-Image-2022-12-21-at-15.11.24-2-300x138.jpeg 300w, https:\/\/blogsaverroes.juntadeandalucia.es\/ieshimilce\/files\/2022\/12\/WhatsApp-Image-2022-12-21-at-15.11.24-2-1024x471.jpeg 1024w, https:\/\/blogsaverroes.juntadeandalucia.es\/ieshimilce\/files\/2022\/12\/WhatsApp-Image-2022-12-21-at-15.11.24-2-768x353.jpeg 768w, https:\/\/blogsaverroes.juntadeandalucia.es\/ieshimilce\/files\/2022\/12\/WhatsApp-Image-2022-12-21-at-15.11.24-2-1536x707.jpeg 1536w\" sizes=\"(max-width: 1200px) 100vw, 1200px\" \/><\/a> <a href=\"https:\/\/blogsaverroes.juntadeandalucia.es\/ieshimilce\/files\/2022\/12\/WhatsApp-Image-2022-12-21-at-15.11.23-1.jpeg\"><img loading=\"lazy\" decoding=\"async\" class=\"aligncenter size-full wp-image-12506\" src=\"https:\/\/blogsaverroes.juntadeandalucia.es\/ieshimilce\/files\/2022\/12\/WhatsApp-Image-2022-12-21-at-15.11.23-1.jpeg\" alt=\"\" width=\"1200\" height=\"552\" srcset=\"https:\/\/blogsaverroes.juntadeandalucia.es\/ieshimilce\/files\/2022\/12\/WhatsApp-Image-2022-12-21-at-15.11.23-1.jpeg 1200w, https:\/\/blogsaverroes.juntadeandalucia.es\/ieshimilce\/files\/2022\/12\/WhatsApp-Image-2022-12-21-at-15.11.23-1-300x138.jpeg 300w, https:\/\/blogsaverroes.juntadeandalucia.es\/ieshimilce\/files\/2022\/12\/WhatsApp-Image-2022-12-21-at-15.11.23-1-1024x471.jpeg 1024w, https:\/\/blogsaverroes.juntadeandalucia.es\/ieshimilce\/files\/2022\/12\/WhatsApp-Image-2022-12-21-at-15.11.23-1-768x353.jpeg 768w, https:\/\/blogsaverroes.juntadeandalucia.es\/ieshimilce\/files\/2022\/12\/WhatsApp-Image-2022-12-21-at-15.11.23-1-1536x707.jpeg 1536w\" sizes=\"(max-width: 1200px) 100vw, 1200px\" \/><\/a> <a href=\"https:\/\/blogsaverroes.juntadeandalucia.es\/ieshimilce\/files\/2022\/12\/WhatsApp-Image-2022-12-21-at-15.11.23.jpeg\"><img loading=\"lazy\" decoding=\"async\" class=\"aligncenter size-full wp-image-12507\" src=\"https:\/\/blogsaverroes.juntadeandalucia.es\/ieshimilce\/files\/2022\/12\/WhatsApp-Image-2022-12-21-at-15.11.23.jpeg\" alt=\"\" width=\"1200\" height=\"552\" srcset=\"https:\/\/blogsaverroes.juntadeandalucia.es\/ieshimilce\/files\/2022\/12\/WhatsApp-Image-2022-12-21-at-15.11.23.jpeg 1200w, https:\/\/blogsaverroes.juntadeandalucia.es\/ieshimilce\/files\/2022\/12\/WhatsApp-Image-2022-12-21-at-15.11.23-300x138.jpeg 300w, https:\/\/blogsaverroes.juntadeandalucia.es\/ieshimilce\/files\/2022\/12\/WhatsApp-Image-2022-12-21-at-15.11.23-1024x471.jpeg 1024w, https:\/\/blogsaverroes.juntadeandalucia.es\/ieshimilce\/files\/2022\/12\/WhatsApp-Image-2022-12-21-at-15.11.23-768x353.jpeg 768w, https:\/\/blogsaverroes.juntadeandalucia.es\/ieshimilce\/files\/2022\/12\/WhatsApp-Image-2022-12-21-at-15.11.23-1536x707.jpeg 1536w\" sizes=\"(max-width: 1200px) 100vw, 1200px\" \/><\/a><\/p>\n<h4><strong>\ud83d\ude42 21\/12\/2022. III Semana de Prevenci\u00f3n de riesgos laborales en el IES Himilce.<\/strong><\/h4>\n<p style=\"text-align: justify\"><span style=\"font-size: 14pt\">Un a\u00f1o mas hemos celebrado la III Semana de Prevenci\u00f3n de Riesgos Laborales en la que hemos tenido ocasi\u00f3n de practicar 1\u00b0 auxilios de la mano de nuestro compa\u00f1ero Israel Ortiz Jurado, as\u00ed como otras actividades preventivas centradas en la practica profesional propia de cada ciclo formativo existente en nuestro centro, incluido un simulacro de incendio en el Centro.<\/span><\/p>\n<p><a href=\"https:\/\/blogsaverroes.juntadeandalucia.es\/ieshimilce\/files\/2022\/12\/PREVENCION.png\"><img loading=\"lazy\" decoding=\"async\" class=\"aligncenter size-full wp-image-12486\" src=\"https:\/\/blogsaverroes.juntadeandalucia.es\/ieshimilce\/files\/2022\/12\/PREVENCION.png\" alt=\"\" width=\"1199\" height=\"834\" srcset=\"https:\/\/blogsaverroes.juntadeandalucia.es\/ieshimilce\/files\/2022\/12\/PREVENCION.png 1199w, https:\/\/blogsaverroes.juntadeandalucia.es\/ieshimilce\/files\/2022\/12\/PREVENCION-300x209.png 300w, https:\/\/blogsaverroes.juntadeandalucia.es\/ieshimilce\/files\/2022\/12\/PREVENCION-1024x712.png 1024w, https:\/\/blogsaverroes.juntadeandalucia.es\/ieshimilce\/files\/2022\/12\/PREVENCION-768x534.png 768w\" sizes=\"(max-width: 1199px) 100vw, 1199px\" \/><\/a><\/p>\n<h4><a href=\"https:\/\/blogsaverroes.juntadeandalucia.es\/ieshimilce\/files\/2022\/12\/PRL.jpg\"><img loading=\"lazy\" decoding=\"async\" class=\"aligncenter size-full wp-image-12557\" src=\"https:\/\/blogsaverroes.juntadeandalucia.es\/ieshimilce\/files\/2022\/12\/PRL.jpg\" alt=\"\" width=\"1200\" height=\"746\" srcset=\"https:\/\/blogsaverroes.juntadeandalucia.es\/ieshimilce\/files\/2022\/12\/PRL.jpg 1200w, https:\/\/blogsaverroes.juntadeandalucia.es\/ieshimilce\/files\/2022\/12\/PRL-300x186.jpg 300w, https:\/\/blogsaverroes.juntadeandalucia.es\/ieshimilce\/files\/2022\/12\/PRL-1024x636.jpg 1024w, https:\/\/blogsaverroes.juntadeandalucia.es\/ieshimilce\/files\/2022\/12\/PRL-768x477.jpg 768w, https:\/\/blogsaverroes.juntadeandalucia.es\/ieshimilce\/files\/2022\/12\/PRL-1536x955.jpg 1536w\" sizes=\"(max-width: 1200px) 100vw, 1200px\" \/><\/a><a href=\"https:\/\/blogsaverroes.juntadeandalucia.es\/ieshimilce\/files\/2022\/12\/PRL-1.jpg\"><img loading=\"lazy\" decoding=\"async\" class=\"aligncenter size-full wp-image-12559\" src=\"https:\/\/blogsaverroes.juntadeandalucia.es\/ieshimilce\/files\/2022\/12\/PRL-1.jpg\" alt=\"\" width=\"1200\" height=\"909\" srcset=\"https:\/\/blogsaverroes.juntadeandalucia.es\/ieshimilce\/files\/2022\/12\/PRL-1.jpg 1200w, https:\/\/blogsaverroes.juntadeandalucia.es\/ieshimilce\/files\/2022\/12\/PRL-1-300x227.jpg 300w, https:\/\/blogsaverroes.juntadeandalucia.es\/ieshimilce\/files\/2022\/12\/PRL-1-1024x776.jpg 1024w, https:\/\/blogsaverroes.juntadeandalucia.es\/ieshimilce\/files\/2022\/12\/PRL-1-768x582.jpg 768w\" sizes=\"(max-width: 1200px) 100vw, 1200px\" \/><\/a><\/h4>\n<h4><strong>\ud83d\ude42 15 al 20\/12\/2022. Formaci\u00f3n GWO para trabajos en Parques E\u00f3licos.<\/strong><\/h4>\n<p style=\"text-align: justify\"><span style=\"font-size: 14pt\">El alumnado de los Ciclos Formativos de Grado Superior de Energ\u00edas Renovables (ER) y de Sistemas Electrot\u00e9cnicos y Automatizados (SEA), han asistido y completado la Formaci\u00f3n <strong>GWO (Global Wind Organization) <\/strong>con el que obtienen el certificado oficial necesario que les capacita y cualifica en materia de seguridad para la realizaci\u00f3n de trabajos relacionados con el sector&nbsp; e\u00f3lico. El curso se ha realizado en dos fases: durante los d\u00edas 15 y 16 (fase te\u00f3rica) en el IES Himilce, y los d\u00edas 19 y 20 (fase pr\u00e1ctica) en un Centro Homologado de Sevilla.&nbsp;Este curso de formaci\u00f3n se engloba en el marco del Proyecto de \u00abMejora de la empleabilidad para los ciclos formativos duales del IES Himilce\u00bb, y por el cual nuestro alumnado queda incorporado y registrado en la plataforma WINDA para el empleo en parques e\u00f3licos, lo que facilitar\u00e1 sin duda la empleabilidad de nuestro alumnado en empresas del sector una vez hayan finalizados sus estudios.&nbsp;<\/span><\/p>\n<p style=\"text-align: justify\"><a href=\"https:\/\/blogsaverroes.juntadeandalucia.es\/ieshimilce\/files\/2022\/12\/WhatsApp-Image-2022-12-21-at-23.36.06.jpeg\"><img loading=\"lazy\" decoding=\"async\" class=\"aligncenter size-full wp-image-12524\" src=\"https:\/\/blogsaverroes.juntadeandalucia.es\/ieshimilce\/files\/2022\/12\/WhatsApp-Image-2022-12-21-at-23.36.06.jpeg\" alt=\"\" width=\"1024\" height=\"768\" srcset=\"https:\/\/blogsaverroes.juntadeandalucia.es\/ieshimilce\/files\/2022\/12\/WhatsApp-Image-2022-12-21-at-23.36.06.jpeg 1024w, https:\/\/blogsaverroes.juntadeandalucia.es\/ieshimilce\/files\/2022\/12\/WhatsApp-Image-2022-12-21-at-23.36.06-300x225.jpeg 300w, https:\/\/blogsaverroes.juntadeandalucia.es\/ieshimilce\/files\/2022\/12\/WhatsApp-Image-2022-12-21-at-23.36.06-768x576.jpeg 768w\" sizes=\"(max-width: 1024px) 100vw, 1024px\" \/><\/a> <a href=\"https:\/\/blogsaverroes.juntadeandalucia.es\/ieshimilce\/files\/2022\/12\/WhatsApp-Image-2022-12-21-at-23.36.06-1.jpeg\"><img loading=\"lazy\" decoding=\"async\" class=\"aligncenter size-full wp-image-12523\" src=\"https:\/\/blogsaverroes.juntadeandalucia.es\/ieshimilce\/files\/2022\/12\/WhatsApp-Image-2022-12-21-at-23.36.06-1.jpeg\" alt=\"\" width=\"768\" height=\"1024\" srcset=\"https:\/\/blogsaverroes.juntadeandalucia.es\/ieshimilce\/files\/2022\/12\/WhatsApp-Image-2022-12-21-at-23.36.06-1.jpeg 768w, https:\/\/blogsaverroes.juntadeandalucia.es\/ieshimilce\/files\/2022\/12\/WhatsApp-Image-2022-12-21-at-23.36.06-1-225x300.jpeg 225w\" sizes=\"(max-width: 768px) 100vw, 768px\" \/><\/a> <a href=\"https:\/\/blogsaverroes.juntadeandalucia.es\/ieshimilce\/files\/2022\/12\/WhatsApp-Image-2022-12-21-at-23.36.06-2.jpeg\"><img loading=\"lazy\" decoding=\"async\" class=\"aligncenter size-full wp-image-12522\" src=\"https:\/\/blogsaverroes.juntadeandalucia.es\/ieshimilce\/files\/2022\/12\/WhatsApp-Image-2022-12-21-at-23.36.06-2.jpeg\" alt=\"\" width=\"768\" height=\"1024\" srcset=\"https:\/\/blogsaverroes.juntadeandalucia.es\/ieshimilce\/files\/2022\/12\/WhatsApp-Image-2022-12-21-at-23.36.06-2.jpeg 768w, https:\/\/blogsaverroes.juntadeandalucia.es\/ieshimilce\/files\/2022\/12\/WhatsApp-Image-2022-12-21-at-23.36.06-2-225x300.jpeg 225w\" sizes=\"(max-width: 768px) 100vw, 768px\" \/><\/a> <a href=\"https:\/\/blogsaverroes.juntadeandalucia.es\/ieshimilce\/files\/2022\/12\/WhatsApp-Image-2022-12-21-at-23.36.07.jpeg\"><img loading=\"lazy\" decoding=\"async\" class=\"aligncenter size-full wp-image-12521\" src=\"https:\/\/blogsaverroes.juntadeandalucia.es\/ieshimilce\/files\/2022\/12\/WhatsApp-Image-2022-12-21-at-23.36.07.jpeg\" alt=\"\" width=\"768\" height=\"1024\" srcset=\"https:\/\/blogsaverroes.juntadeandalucia.es\/ieshimilce\/files\/2022\/12\/WhatsApp-Image-2022-12-21-at-23.36.07.jpeg 768w, https:\/\/blogsaverroes.juntadeandalucia.es\/ieshimilce\/files\/2022\/12\/WhatsApp-Image-2022-12-21-at-23.36.07-225x300.jpeg 225w\" sizes=\"(max-width: 768px) 100vw, 768px\" \/><\/a> <a href=\"https:\/\/blogsaverroes.juntadeandalucia.es\/ieshimilce\/files\/2022\/12\/WhatsApp-Image-2022-12-21-at-23.42.41.jpeg\"><img loading=\"lazy\" decoding=\"async\" class=\"aligncenter size-full wp-image-12520\" src=\"https:\/\/blogsaverroes.juntadeandalucia.es\/ieshimilce\/files\/2022\/12\/WhatsApp-Image-2022-12-21-at-23.42.41.jpeg\" alt=\"\" width=\"1024\" height=\"768\" srcset=\"https:\/\/blogsaverroes.juntadeandalucia.es\/ieshimilce\/files\/2022\/12\/WhatsApp-Image-2022-12-21-at-23.42.41.jpeg 1024w, https:\/\/blogsaverroes.juntadeandalucia.es\/ieshimilce\/files\/2022\/12\/WhatsApp-Image-2022-12-21-at-23.42.41-300x225.jpeg 300w, https:\/\/blogsaverroes.juntadeandalucia.es\/ieshimilce\/files\/2022\/12\/WhatsApp-Image-2022-12-21-at-23.42.41-768x576.jpeg 768w\" sizes=\"(max-width: 1024px) 100vw, 1024px\" \/><\/a> <a href=\"https:\/\/blogsaverroes.juntadeandalucia.es\/ieshimilce\/files\/2022\/12\/WhatsApp-Image-2022-12-21-at-23.42.41-3.jpeg\"><img loading=\"lazy\" decoding=\"async\" class=\"aligncenter size-full wp-image-12517\" src=\"https:\/\/blogsaverroes.juntadeandalucia.es\/ieshimilce\/files\/2022\/12\/WhatsApp-Image-2022-12-21-at-23.42.41-3.jpeg\" alt=\"\" width=\"1024\" height=\"768\" srcset=\"https:\/\/blogsaverroes.juntadeandalucia.es\/ieshimilce\/files\/2022\/12\/WhatsApp-Image-2022-12-21-at-23.42.41-3.jpeg 1024w, https:\/\/blogsaverroes.juntadeandalucia.es\/ieshimilce\/files\/2022\/12\/WhatsApp-Image-2022-12-21-at-23.42.41-3-300x225.jpeg 300w, https:\/\/blogsaverroes.juntadeandalucia.es\/ieshimilce\/files\/2022\/12\/WhatsApp-Image-2022-12-21-at-23.42.41-3-768x576.jpeg 768w\" sizes=\"(max-width: 1024px) 100vw, 1024px\" \/><\/a><\/p>\n<h4 style=\"text-align: justify\"><strong>\ud83d\ude42 15\/12\/2022.&nbsp;Proyecto FACILITA. Entrega de Diplomas.&nbsp;<\/strong><\/h4>\n<p style=\"text-align: justify\"><span style=\"font-size: 14pt\">Entrega de diplomas a los alumnos del IES Himilce participantes en el Proyecto Facilita, proyecto piloto impulsado por la C\u00e1mara de Comercio de Linares y la Diputaci\u00f3n provincial de Ja\u00e9n para favorecer la inserci\u00f3n laboral del alumnado de nuestros ciclos formativos.<\/span><\/p>\n<p><a href=\"https:\/\/blogsaverroes.juntadeandalucia.es\/ieshimilce\/files\/2022\/12\/WhatsApp-Image-2022-12-21-at-22.37.59.jpeg\"><img loading=\"lazy\" decoding=\"async\" class=\"aligncenter size-full wp-image-12533\" src=\"https:\/\/blogsaverroes.juntadeandalucia.es\/ieshimilce\/files\/2022\/12\/WhatsApp-Image-2022-12-21-at-22.37.59.jpeg\" alt=\"\" width=\"768\" height=\"1024\" srcset=\"https:\/\/blogsaverroes.juntadeandalucia.es\/ieshimilce\/files\/2022\/12\/WhatsApp-Image-2022-12-21-at-22.37.59.jpeg 768w, https:\/\/blogsaverroes.juntadeandalucia.es\/ieshimilce\/files\/2022\/12\/WhatsApp-Image-2022-12-21-at-22.37.59-225x300.jpeg 225w\" sizes=\"(max-width: 768px) 100vw, 768px\" \/><\/a> <a href=\"https:\/\/blogsaverroes.juntadeandalucia.es\/ieshimilce\/files\/2022\/12\/WhatsApp-Image-2022-12-21-at-22.37.59-1.jpeg\"><img loading=\"lazy\" decoding=\"async\" class=\"aligncenter size-full wp-image-12532\" src=\"https:\/\/blogsaverroes.juntadeandalucia.es\/ieshimilce\/files\/2022\/12\/WhatsApp-Image-2022-12-21-at-22.37.59-1.jpeg\" alt=\"\" width=\"768\" height=\"1024\" srcset=\"https:\/\/blogsaverroes.juntadeandalucia.es\/ieshimilce\/files\/2022\/12\/WhatsApp-Image-2022-12-21-at-22.37.59-1.jpeg 768w, https:\/\/blogsaverroes.juntadeandalucia.es\/ieshimilce\/files\/2022\/12\/WhatsApp-Image-2022-12-21-at-22.37.59-1-225x300.jpeg 225w\" sizes=\"(max-width: 768px) 100vw, 768px\" \/><\/a><\/p>\n<h4 style=\"text-align: justify\"><strong>\ud83d\ude42 17\/11\/2022. VISITA A LA FERIA MATELEC 2022 (Sal\u00f3n Internacional para la Industria El\u00e9ctrica y Electr\u00f3nica (Madrid) con alumnado de los CFGM y CFGS.<\/strong><\/h4>\n<p><a href=\"https:\/\/blogsaverroes.juntadeandalucia.es\/ieshimilce\/files\/2022\/11\/WhatsApp-Image-2022-11-17-at-11.51.46.jpeg\"><img loading=\"lazy\" decoding=\"async\" class=\"aligncenter size-full wp-image-12429\" src=\"https:\/\/blogsaverroes.juntadeandalucia.es\/ieshimilce\/files\/2022\/11\/WhatsApp-Image-2022-11-17-at-11.51.46.jpeg\" alt=\"\" width=\"1024\" height=\"768\" srcset=\"https:\/\/blogsaverroes.juntadeandalucia.es\/ieshimilce\/files\/2022\/11\/WhatsApp-Image-2022-11-17-at-11.51.46.jpeg 1024w, https:\/\/blogsaverroes.juntadeandalucia.es\/ieshimilce\/files\/2022\/11\/WhatsApp-Image-2022-11-17-at-11.51.46-300x225.jpeg 300w, https:\/\/blogsaverroes.juntadeandalucia.es\/ieshimilce\/files\/2022\/11\/WhatsApp-Image-2022-11-17-at-11.51.46-768x576.jpeg 768w\" sizes=\"(max-width: 1024px) 100vw, 1024px\" \/><\/a><\/p>\n<p><a href=\"https:\/\/blogsaverroes.juntadeandalucia.es\/ieshimilce\/files\/2022\/11\/WhatsApp-Image-2022-11-17-at-11.51.36.jpeg\"><img loading=\"lazy\" decoding=\"async\" class=\"aligncenter size-full wp-image-12430\" src=\"https:\/\/blogsaverroes.juntadeandalucia.es\/ieshimilce\/files\/2022\/11\/WhatsApp-Image-2022-11-17-at-11.51.36.jpeg\" alt=\"\" width=\"1024\" height=\"768\" srcset=\"https:\/\/blogsaverroes.juntadeandalucia.es\/ieshimilce\/files\/2022\/11\/WhatsApp-Image-2022-11-17-at-11.51.36.jpeg 1024w, https:\/\/blogsaverroes.juntadeandalucia.es\/ieshimilce\/files\/2022\/11\/WhatsApp-Image-2022-11-17-at-11.51.36-300x225.jpeg 300w, https:\/\/blogsaverroes.juntadeandalucia.es\/ieshimilce\/files\/2022\/11\/WhatsApp-Image-2022-11-17-at-11.51.36-768x576.jpeg 768w\" sizes=\"(max-width: 1024px) 100vw, 1024px\" \/><\/a><\/p>\n<p><a href=\"https:\/\/blogsaverroes.juntadeandalucia.es\/ieshimilce\/files\/2022\/11\/WhatsApp-Image-2022-11-17-at-12.19.17.jpeg\"><img loading=\"lazy\" decoding=\"async\" class=\"aligncenter size-full wp-image-12428\" src=\"https:\/\/blogsaverroes.juntadeandalucia.es\/ieshimilce\/files\/2022\/11\/WhatsApp-Image-2022-11-17-at-12.19.17.jpeg\" alt=\"\" width=\"1200\" height=\"542\" srcset=\"https:\/\/blogsaverroes.juntadeandalucia.es\/ieshimilce\/files\/2022\/11\/WhatsApp-Image-2022-11-17-at-12.19.17.jpeg 1200w, https:\/\/blogsaverroes.juntadeandalucia.es\/ieshimilce\/files\/2022\/11\/WhatsApp-Image-2022-11-17-at-12.19.17-300x135.jpeg 300w, https:\/\/blogsaverroes.juntadeandalucia.es\/ieshimilce\/files\/2022\/11\/WhatsApp-Image-2022-11-17-at-12.19.17-1024x462.jpeg 1024w, https:\/\/blogsaverroes.juntadeandalucia.es\/ieshimilce\/files\/2022\/11\/WhatsApp-Image-2022-11-17-at-12.19.17-768x347.jpeg 768w, https:\/\/blogsaverroes.juntadeandalucia.es\/ieshimilce\/files\/2022\/11\/WhatsApp-Image-2022-11-17-at-12.19.17-1536x694.jpeg 1536w\" sizes=\"(max-width: 1200px) 100vw, 1200px\" \/><\/a><\/p>\n<h4><strong>\ud83d\ude42 26\/10\/2022. EN ESTE NUEVO CURSO 2022-2023 SEGUIMOS CON NUESTRO PROYECTO \u00abALDEA\u00bb Y NUESTRO HUERTO ESCOLAR.<\/strong><\/h4>\n\n\t\t<style type=\"text\/css\">\n\t\t\t#gallery-4 {\n\t\t\t\tmargin: auto;\n\t\t\t}\n\t\t\t#gallery-4 .gallery-item {\n\t\t\t\tfloat: left;\n\t\t\t\tmargin-top: 10px;\n\t\t\t\ttext-align: center;\n\t\t\t\twidth: 33%;\n\t\t\t}\n\t\t\t#gallery-4 img {\n\t\t\t\tborder: 2px solid #cfcfcf;\n\t\t\t}\n\t\t\t#gallery-4 .gallery-caption {\n\t\t\t\tmargin-left: 0;\n\t\t\t}\n\t\t\t\/* see gallery_shortcode() in wp-includes\/media.php *\/\n\t\t<\/style>\n\t\t<div id='gallery-4' class='gallery galleryid-13351 gallery-columns-3 gallery-size-thumbnail'><dl class='gallery-item'>\n\t\t\t<dt class='gallery-icon portrait'>\n\t\t\t\t<a href='https:\/\/blogsaverroes.juntadeandalucia.es\/ieshimilce\/actividades\/whatsapp-image-2022-10-25-at-17-54-39-1\/'><img loading=\"lazy\" decoding=\"async\" width=\"150\" height=\"150\" src=\"https:\/\/blogsaverroes.juntadeandalucia.es\/ieshimilce\/files\/2022\/10\/WhatsApp-Image-2022-10-25-at-17.54.39-1-150x150.jpeg\" class=\"attachment-thumbnail size-thumbnail\" alt=\"\" \/><\/a>\n\t\t\t<\/dt><\/dl><dl class='gallery-item'>\n\t\t\t<dt class='gallery-icon landscape'>\n\t\t\t\t<a href='https:\/\/blogsaverroes.juntadeandalucia.es\/ieshimilce\/actividades\/whatsapp-image-2022-10-25-at-17-54-39\/'><img loading=\"lazy\" decoding=\"async\" width=\"150\" height=\"150\" src=\"https:\/\/blogsaverroes.juntadeandalucia.es\/ieshimilce\/files\/2022\/10\/WhatsApp-Image-2022-10-25-at-17.54.39-150x150.jpeg\" class=\"attachment-thumbnail size-thumbnail\" alt=\"\" \/><\/a>\n\t\t\t<\/dt><\/dl><dl class='gallery-item'>\n\t\t\t<dt class='gallery-icon portrait'>\n\t\t\t\t<a href='https:\/\/blogsaverroes.juntadeandalucia.es\/ieshimilce\/actividades\/whatsapp-image-2022-10-25-at-17-54-38\/'><img loading=\"lazy\" decoding=\"async\" width=\"150\" height=\"150\" src=\"https:\/\/blogsaverroes.juntadeandalucia.es\/ieshimilce\/files\/2022\/10\/WhatsApp-Image-2022-10-25-at-17.54.38-150x150.jpeg\" class=\"attachment-thumbnail size-thumbnail\" alt=\"\" \/><\/a>\n\t\t\t<\/dt><\/dl><br style=\"clear: both\" \/><dl class='gallery-item'>\n\t\t\t<dt class='gallery-icon landscape'>\n\t\t\t\t<a href='https:\/\/blogsaverroes.juntadeandalucia.es\/ieshimilce\/actividades\/whatsapp-image-2022-11-08-at-15-30-01-1\/'><img loading=\"lazy\" decoding=\"async\" width=\"150\" height=\"150\" src=\"https:\/\/blogsaverroes.juntadeandalucia.es\/ieshimilce\/files\/2022\/11\/WhatsApp-Image-2022-11-08-at-15.30.01-1-150x150.jpeg\" class=\"attachment-thumbnail size-thumbnail\" alt=\"\" \/><\/a>\n\t\t\t<\/dt><\/dl><dl class='gallery-item'>\n\t\t\t<dt class='gallery-icon portrait'>\n\t\t\t\t<a href='https:\/\/blogsaverroes.juntadeandalucia.es\/ieshimilce\/actividades\/whatsapp-image-2022-11-08-at-15-30-01\/'><img loading=\"lazy\" decoding=\"async\" width=\"150\" height=\"150\" src=\"https:\/\/blogsaverroes.juntadeandalucia.es\/ieshimilce\/files\/2022\/11\/WhatsApp-Image-2022-11-08-at-15.30.01-150x150.jpeg\" class=\"attachment-thumbnail size-thumbnail\" alt=\"\" \/><\/a>\n\t\t\t<\/dt><\/dl><dl class='gallery-item'>\n\t\t\t<dt class='gallery-icon landscape'>\n\t\t\t\t<a href='https:\/\/blogsaverroes.juntadeandalucia.es\/ieshimilce\/actividades\/whatsapp-image-2022-11-08-at-15-30-00-1\/'><img loading=\"lazy\" decoding=\"async\" width=\"150\" height=\"150\" src=\"https:\/\/blogsaverroes.juntadeandalucia.es\/ieshimilce\/files\/2022\/11\/WhatsApp-Image-2022-11-08-at-15.30.00-1-150x150.jpeg\" class=\"attachment-thumbnail size-thumbnail\" alt=\"\" \/><\/a>\n\t\t\t<\/dt><\/dl><br style=\"clear: both\" \/><dl class='gallery-item'>\n\t\t\t<dt class='gallery-icon portrait'>\n\t\t\t\t<a href='https:\/\/blogsaverroes.juntadeandalucia.es\/ieshimilce\/actividades\/whatsapp-image-2022-11-08-at-15-30-00\/'><img loading=\"lazy\" decoding=\"async\" width=\"150\" height=\"150\" src=\"https:\/\/blogsaverroes.juntadeandalucia.es\/ieshimilce\/files\/2022\/11\/WhatsApp-Image-2022-11-08-at-15.30.00-150x150.jpeg\" class=\"attachment-thumbnail size-thumbnail\" alt=\"\" \/><\/a>\n\t\t\t<\/dt><\/dl><dl class='gallery-item'>\n\t\t\t<dt class='gallery-icon portrait'>\n\t\t\t\t<a href='https:\/\/blogsaverroes.juntadeandalucia.es\/ieshimilce\/actividades\/whatsapp-image-2022-11-08-at-15-29-59-1\/'><img loading=\"lazy\" decoding=\"async\" width=\"150\" height=\"150\" src=\"https:\/\/blogsaverroes.juntadeandalucia.es\/ieshimilce\/files\/2022\/11\/WhatsApp-Image-2022-11-08-at-15.29.59-1-150x150.jpeg\" class=\"attachment-thumbnail size-thumbnail\" alt=\"\" \/><\/a>\n\t\t\t<\/dt><\/dl><dl class='gallery-item'>\n\t\t\t<dt class='gallery-icon portrait'>\n\t\t\t\t<a href='https:\/\/blogsaverroes.juntadeandalucia.es\/ieshimilce\/actividades\/whatsapp-image-2022-11-08-at-15-29-59\/'><img loading=\"lazy\" decoding=\"async\" width=\"150\" height=\"150\" src=\"https:\/\/blogsaverroes.juntadeandalucia.es\/ieshimilce\/files\/2022\/11\/WhatsApp-Image-2022-11-08-at-15.29.59-150x150.jpeg\" class=\"attachment-thumbnail size-thumbnail\" alt=\"\" \/><\/a>\n\t\t\t<\/dt><\/dl><br style=\"clear: both\" \/>\n\t\t<\/div>\n\n<h4 style=\"text-align: justify\"><strong>\ud83d\ude42 \/10\/2022. VISITA de los alumnos de 2 SEA y 2 ER de la Subestaci\u00f3n el\u00e9ctrica de Linares sur y l\u00edneas anexas.<\/strong><\/h4>\n<p><a href=\"https:\/\/blogsaverroes.juntadeandalucia.es\/ieshimilce\/files\/2022\/12\/WhatsApp-Image-2022-12-21-at-23.47.12-2.jpeg\"><img loading=\"lazy\" decoding=\"async\" class=\"aligncenter size-full wp-image-12528\" src=\"https:\/\/blogsaverroes.juntadeandalucia.es\/ieshimilce\/files\/2022\/12\/WhatsApp-Image-2022-12-21-at-23.47.12-2.jpeg\" alt=\"\" width=\"768\" height=\"1024\" srcset=\"https:\/\/blogsaverroes.juntadeandalucia.es\/ieshimilce\/files\/2022\/12\/WhatsApp-Image-2022-12-21-at-23.47.12-2.jpeg 768w, https:\/\/blogsaverroes.juntadeandalucia.es\/ieshimilce\/files\/2022\/12\/WhatsApp-Image-2022-12-21-at-23.47.12-2-225x300.jpeg 225w\" sizes=\"(max-width: 768px) 100vw, 768px\" \/><\/a> <a href=\"https:\/\/blogsaverroes.juntadeandalucia.es\/ieshimilce\/files\/2022\/12\/WhatsApp-Image-2022-12-21-at-23.47.12-1.jpeg\"><img loading=\"lazy\" decoding=\"async\" class=\"aligncenter size-full wp-image-12529\" src=\"https:\/\/blogsaverroes.juntadeandalucia.es\/ieshimilce\/files\/2022\/12\/WhatsApp-Image-2022-12-21-at-23.47.12-1.jpeg\" alt=\"\" width=\"768\" height=\"1024\" srcset=\"https:\/\/blogsaverroes.juntadeandalucia.es\/ieshimilce\/files\/2022\/12\/WhatsApp-Image-2022-12-21-at-23.47.12-1.jpeg 768w, https:\/\/blogsaverroes.juntadeandalucia.es\/ieshimilce\/files\/2022\/12\/WhatsApp-Image-2022-12-21-at-23.47.12-1-225x300.jpeg 225w\" sizes=\"(max-width: 768px) 100vw, 768px\" \/><\/a> <a href=\"https:\/\/blogsaverroes.juntadeandalucia.es\/ieshimilce\/files\/2022\/12\/WhatsApp-Image-2022-12-21-at-23.47.12.jpeg\"><img loading=\"lazy\" decoding=\"async\" class=\"aligncenter size-full wp-image-12530\" src=\"https:\/\/blogsaverroes.juntadeandalucia.es\/ieshimilce\/files\/2022\/12\/WhatsApp-Image-2022-12-21-at-23.47.12.jpeg\" alt=\"\" width=\"1024\" height=\"768\" srcset=\"https:\/\/blogsaverroes.juntadeandalucia.es\/ieshimilce\/files\/2022\/12\/WhatsApp-Image-2022-12-21-at-23.47.12.jpeg 1024w, https:\/\/blogsaverroes.juntadeandalucia.es\/ieshimilce\/files\/2022\/12\/WhatsApp-Image-2022-12-21-at-23.47.12-300x225.jpeg 300w, https:\/\/blogsaverroes.juntadeandalucia.es\/ieshimilce\/files\/2022\/12\/WhatsApp-Image-2022-12-21-at-23.47.12-768x576.jpeg 768w\" sizes=\"(max-width: 1024px) 100vw, 1024px\" \/><\/a><\/p>\n<h4 style=\"text-align: justify\"><strong>\ud83d\ude42 10\/2022. Participaci\u00f3n en la Feria PICE. 8\u00aa Feria de empleo celebrada en el Posito de Linares.<\/strong><\/h4>\n<p><a href=\"https:\/\/blogsaverroes.juntadeandalucia.es\/ieshimilce\/files\/2022\/12\/WhatsApp-Image-2022-12-22-at-00.01.47.jpeg\"><img loading=\"lazy\" decoding=\"async\" class=\"aligncenter size-full wp-image-12527\" src=\"https:\/\/blogsaverroes.juntadeandalucia.es\/ieshimilce\/files\/2022\/12\/WhatsApp-Image-2022-12-22-at-00.01.47.jpeg\" alt=\"\" width=\"662\" height=\"559\" srcset=\"https:\/\/blogsaverroes.juntadeandalucia.es\/ieshimilce\/files\/2022\/12\/WhatsApp-Image-2022-12-22-at-00.01.47.jpeg 662w, https:\/\/blogsaverroes.juntadeandalucia.es\/ieshimilce\/files\/2022\/12\/WhatsApp-Image-2022-12-22-at-00.01.47-300x253.jpeg 300w\" sizes=\"(max-width: 662px) 100vw, 662px\" \/><\/a><\/p>\n<h4><strong>\ud83d\ude42 27\/10\/2022. CELEBRACI\u00d3N DE HALLOWEEN 2022<\/strong><\/h4>\n<p><a href=\"https:\/\/blogsaverroes.juntadeandalucia.es\/ieshimilce\/files\/2022\/11\/WhatsApp-Image-2022-11-03-at-12.36.30.jpeg\"><img loading=\"lazy\" decoding=\"async\" class=\"aligncenter size-full wp-image-12399\" src=\"https:\/\/blogsaverroes.juntadeandalucia.es\/ieshimilce\/files\/2022\/11\/WhatsApp-Image-2022-11-03-at-12.36.30.jpeg\" alt=\"\" width=\"1200\" height=\"900\" srcset=\"https:\/\/blogsaverroes.juntadeandalucia.es\/ieshimilce\/files\/2022\/11\/WhatsApp-Image-2022-11-03-at-12.36.30.jpeg 1200w, https:\/\/blogsaverroes.juntadeandalucia.es\/ieshimilce\/files\/2022\/11\/WhatsApp-Image-2022-11-03-at-12.36.30-300x225.jpeg 300w, https:\/\/blogsaverroes.juntadeandalucia.es\/ieshimilce\/files\/2022\/11\/WhatsApp-Image-2022-11-03-at-12.36.30-1024x768.jpeg 1024w, https:\/\/blogsaverroes.juntadeandalucia.es\/ieshimilce\/files\/2022\/11\/WhatsApp-Image-2022-11-03-at-12.36.30-768x576.jpeg 768w, https:\/\/blogsaverroes.juntadeandalucia.es\/ieshimilce\/files\/2022\/11\/WhatsApp-Image-2022-11-03-at-12.36.30-1536x1152.jpeg 1536w\" sizes=\"(max-width: 1200px) 100vw, 1200px\" \/><\/a><\/p>\n\n\t\t<style type=\"text\/css\">\n\t\t\t#gallery-5 {\n\t\t\t\tmargin: auto;\n\t\t\t}\n\t\t\t#gallery-5 .gallery-item {\n\t\t\t\tfloat: left;\n\t\t\t\tmargin-top: 10px;\n\t\t\t\ttext-align: center;\n\t\t\t\twidth: 16%;\n\t\t\t}\n\t\t\t#gallery-5 img {\n\t\t\t\tborder: 2px solid #cfcfcf;\n\t\t\t}\n\t\t\t#gallery-5 .gallery-caption {\n\t\t\t\tmargin-left: 0;\n\t\t\t}\n\t\t\t\/* see gallery_shortcode() in wp-includes\/media.php *\/\n\t\t<\/style>\n\t\t<div id='gallery-5' class='gallery galleryid-13351 gallery-columns-6 gallery-size-large'><dl class='gallery-item'>\n\t\t\t<dt class='gallery-icon portrait'>\n\t\t\t\t<a href='https:\/\/blogsaverroes.juntadeandalucia.es\/ieshimilce\/files\/2022\/10\/WhatsApp-Image-2022-10-26-at-16.14.30.jpeg'><img loading=\"lazy\" decoding=\"async\" width=\"555\" height=\"737\" src=\"https:\/\/blogsaverroes.juntadeandalucia.es\/ieshimilce\/files\/2022\/10\/WhatsApp-Image-2022-10-26-at-16.14.30.jpeg\" class=\"attachment-large size-large\" alt=\"\" srcset=\"https:\/\/blogsaverroes.juntadeandalucia.es\/ieshimilce\/files\/2022\/10\/WhatsApp-Image-2022-10-26-at-16.14.30.jpeg 771w, https:\/\/blogsaverroes.juntadeandalucia.es\/ieshimilce\/files\/2022\/10\/WhatsApp-Image-2022-10-26-at-16.14.30-226x300.jpeg 226w, https:\/\/blogsaverroes.juntadeandalucia.es\/ieshimilce\/files\/2022\/10\/WhatsApp-Image-2022-10-26-at-16.14.30-768x1020.jpeg 768w\" sizes=\"(max-width: 555px) 100vw, 555px\" \/><\/a>\n\t\t\t<\/dt><\/dl><dl class='gallery-item'>\n\t\t\t<dt class='gallery-icon portrait'>\n\t\t\t\t<a href='https:\/\/blogsaverroes.juntadeandalucia.es\/ieshimilce\/files\/2022\/10\/WhatsApp-Image-2022-10-26-at-16.14.29-2.jpeg'><img loading=\"lazy\" decoding=\"async\" width=\"555\" height=\"737\" src=\"https:\/\/blogsaverroes.juntadeandalucia.es\/ieshimilce\/files\/2022\/10\/WhatsApp-Image-2022-10-26-at-16.14.29-2.jpeg\" class=\"attachment-large size-large\" alt=\"\" srcset=\"https:\/\/blogsaverroes.juntadeandalucia.es\/ieshimilce\/files\/2022\/10\/WhatsApp-Image-2022-10-26-at-16.14.29-2.jpeg 771w, https:\/\/blogsaverroes.juntadeandalucia.es\/ieshimilce\/files\/2022\/10\/WhatsApp-Image-2022-10-26-at-16.14.29-2-226x300.jpeg 226w, https:\/\/blogsaverroes.juntadeandalucia.es\/ieshimilce\/files\/2022\/10\/WhatsApp-Image-2022-10-26-at-16.14.29-2-768x1020.jpeg 768w\" sizes=\"(max-width: 555px) 100vw, 555px\" \/><\/a>\n\t\t\t<\/dt><\/dl><dl class='gallery-item'>\n\t\t\t<dt class='gallery-icon landscape'>\n\t\t\t\t<a href='https:\/\/blogsaverroes.juntadeandalucia.es\/ieshimilce\/files\/2022\/10\/WhatsApp-Image-2022-10-26-at-16.14.29-1.jpeg'><img loading=\"lazy\" decoding=\"async\" width=\"555\" height=\"418\" src=\"https:\/\/blogsaverroes.juntadeandalucia.es\/ieshimilce\/files\/2022\/10\/WhatsApp-Image-2022-10-26-at-16.14.29-1.jpeg\" class=\"attachment-large size-large\" alt=\"\" srcset=\"https:\/\/blogsaverroes.juntadeandalucia.es\/ieshimilce\/files\/2022\/10\/WhatsApp-Image-2022-10-26-at-16.14.29-1.jpeg 1024w, https:\/\/blogsaverroes.juntadeandalucia.es\/ieshimilce\/files\/2022\/10\/WhatsApp-Image-2022-10-26-at-16.14.29-1-300x226.jpeg 300w, https:\/\/blogsaverroes.juntadeandalucia.es\/ieshimilce\/files\/2022\/10\/WhatsApp-Image-2022-10-26-at-16.14.29-1-768x578.jpeg 768w\" sizes=\"(max-width: 555px) 100vw, 555px\" \/><\/a>\n\t\t\t<\/dt><\/dl><dl class='gallery-item'>\n\t\t\t<dt class='gallery-icon landscape'>\n\t\t\t\t<a href='https:\/\/blogsaverroes.juntadeandalucia.es\/ieshimilce\/files\/2022\/10\/WhatsApp-Image-2022-10-26-at-16.14.29.jpeg'><img loading=\"lazy\" decoding=\"async\" width=\"555\" height=\"418\" src=\"https:\/\/blogsaverroes.juntadeandalucia.es\/ieshimilce\/files\/2022\/10\/WhatsApp-Image-2022-10-26-at-16.14.29.jpeg\" class=\"attachment-large size-large\" alt=\"\" srcset=\"https:\/\/blogsaverroes.juntadeandalucia.es\/ieshimilce\/files\/2022\/10\/WhatsApp-Image-2022-10-26-at-16.14.29.jpeg 1024w, https:\/\/blogsaverroes.juntadeandalucia.es\/ieshimilce\/files\/2022\/10\/WhatsApp-Image-2022-10-26-at-16.14.29-300x226.jpeg 300w, https:\/\/blogsaverroes.juntadeandalucia.es\/ieshimilce\/files\/2022\/10\/WhatsApp-Image-2022-10-26-at-16.14.29-768x578.jpeg 768w\" sizes=\"(max-width: 555px) 100vw, 555px\" \/><\/a>\n\t\t\t<\/dt><\/dl><dl class='gallery-item'>\n\t\t\t<dt class='gallery-icon portrait'>\n\t\t\t\t<a href='https:\/\/blogsaverroes.juntadeandalucia.es\/ieshimilce\/files\/2022\/10\/WhatsApp-Image-2022-10-26-at-16.14.28.jpeg'><img loading=\"lazy\" decoding=\"async\" width=\"555\" height=\"737\" src=\"https:\/\/blogsaverroes.juntadeandalucia.es\/ieshimilce\/files\/2022\/10\/WhatsApp-Image-2022-10-26-at-16.14.28.jpeg\" class=\"attachment-large size-large\" alt=\"\" srcset=\"https:\/\/blogsaverroes.juntadeandalucia.es\/ieshimilce\/files\/2022\/10\/WhatsApp-Image-2022-10-26-at-16.14.28.jpeg 771w, https:\/\/blogsaverroes.juntadeandalucia.es\/ieshimilce\/files\/2022\/10\/WhatsApp-Image-2022-10-26-at-16.14.28-226x300.jpeg 226w, https:\/\/blogsaverroes.juntadeandalucia.es\/ieshimilce\/files\/2022\/10\/WhatsApp-Image-2022-10-26-at-16.14.28-768x1020.jpeg 768w\" sizes=\"(max-width: 555px) 100vw, 555px\" \/><\/a>\n\t\t\t<\/dt><\/dl><dl class='gallery-item'>\n\t\t\t<dt class='gallery-icon portrait'>\n\t\t\t\t<a href='https:\/\/blogsaverroes.juntadeandalucia.es\/ieshimilce\/files\/2022\/10\/WhatsApp-Image-2022-10-26-at-16.14.27.jpeg'><img loading=\"lazy\" decoding=\"async\" width=\"555\" height=\"737\" src=\"https:\/\/blogsaverroes.juntadeandalucia.es\/ieshimilce\/files\/2022\/10\/WhatsApp-Image-2022-10-26-at-16.14.27.jpeg\" class=\"attachment-large size-large\" alt=\"\" srcset=\"https:\/\/blogsaverroes.juntadeandalucia.es\/ieshimilce\/files\/2022\/10\/WhatsApp-Image-2022-10-26-at-16.14.27.jpeg 771w, https:\/\/blogsaverroes.juntadeandalucia.es\/ieshimilce\/files\/2022\/10\/WhatsApp-Image-2022-10-26-at-16.14.27-226x300.jpeg 226w, https:\/\/blogsaverroes.juntadeandalucia.es\/ieshimilce\/files\/2022\/10\/WhatsApp-Image-2022-10-26-at-16.14.27-768x1020.jpeg 768w\" sizes=\"(max-width: 555px) 100vw, 555px\" \/><\/a>\n\t\t\t<\/dt><\/dl><br style=\"clear: both\" \/>\n\t\t<\/div>\n\n<div style=\"width: 555px;\" class=\"wp-video\"><video class=\"wp-video-shortcode\" id=\"video-13351-5\" width=\"555\" height=\"319\" preload=\"metadata\" controls=\"controls\"><source type=\"video\/mp4\" src=\"https:\/\/blogsaverroes.juntadeandalucia.es\/ieshimilce\/files\/2022\/11\/WhatsApp-Video-2022-11-05-at-23.31.02.mp4?_=5\" \/><a href=\"https:\/\/blogsaverroes.juntadeandalucia.es\/ieshimilce\/files\/2022\/11\/WhatsApp-Video-2022-11-05-at-23.31.02.mp4\">https:\/\/blogsaverroes.juntadeandalucia.es\/ieshimilce\/files\/2022\/11\/WhatsApp-Video-2022-11-05-at-23.31.02.mp4<\/a><\/video><\/div>\n<div style=\"width: 555px;\" class=\"wp-video\"><video class=\"wp-video-shortcode\" id=\"video-13351-6\" width=\"555\" height=\"305\" preload=\"metadata\" controls=\"controls\"><source type=\"video\/mp4\" src=\"https:\/\/blogsaverroes.juntadeandalucia.es\/ieshimilce\/files\/2022\/11\/WhatsApp-Video-2022-11-05-at-23.31.13.mp4?_=6\" \/><a href=\"https:\/\/blogsaverroes.juntadeandalucia.es\/ieshimilce\/files\/2022\/11\/WhatsApp-Video-2022-11-05-at-23.31.13.mp4\">https:\/\/blogsaverroes.juntadeandalucia.es\/ieshimilce\/files\/2022\/11\/WhatsApp-Video-2022-11-05-at-23.31.13.mp4<\/a><\/video><\/div>\n<h4>&nbsp;<\/h4>\n<p>&nbsp;<\/p>\n<p>&nbsp;<\/p>\n<p>&nbsp;<\/p>\n<p>&nbsp;<\/p>\n<p>&nbsp;<\/p>\n<p>&nbsp;<\/p>\n<p>&nbsp;<\/p>\n<p>&nbsp;<\/p>\n<p>&nbsp;<\/p>\n<p>&nbsp;<\/p>\n<hr>\n<h3 style=\"text-align: center\">&nbsp;<\/h3>\n","protected":false},"excerpt":{"rendered":"<p>CURSO ACAD\u00c9MICO 2022-2023 \ud83d\ude42 22\/06\/2023. VIDEOS ACTO DE GRADUACI\u00d3N PROMOCI\u00d3N 2021-2023 DE CFGM-FPB-FPBe \ud83d\ude42 11\/05\/2023. FERIA DE LA FP DUAL DE LINARES Otro a\u00f1o m\u00e1s el IES Himilce ha participado, junto a otros Centros de la localidad y comarca, en la Feria de la FP DUAL de Linares. Esta feria es organizada por el Ayuntamiento &hellip; <\/p>\n<p><a class=\"more-link btn\" href=\"https:\/\/blogsaverroes.juntadeandalucia.es\/ieshimilce\/curso-2022-2023\/\">Seguir leyendo<\/a><\/p>\n","protected":false},"author":5100,"featured_media":0,"parent":0,"menu_order":0,"comment_status":"closed","ping_status":"closed","template":"page-template-full.php","meta":{"ngg_post_thumbnail":0,"footnotes":"","_mc_calendar":[]},"aioseo_notices":[],"_links":{"self":[{"href":"https:\/\/blogsaverroes.juntadeandalucia.es\/ieshimilce\/wp-json\/wp\/v2\/pages\/13351"}],"collection":[{"href":"https:\/\/blogsaverroes.juntadeandalucia.es\/ieshimilce\/wp-json\/wp\/v2\/pages"}],"about":[{"href":"https:\/\/blogsaverroes.juntadeandalucia.es\/ieshimilce\/wp-json\/wp\/v2\/types\/page"}],"author":[{"embeddable":true,"href":"https:\/\/blogsaverroes.juntadeandalucia.es\/ieshimilce\/wp-json\/wp\/v2\/users\/5100"}],"replies":[{"embeddable":true,"href":"https:\/\/blogsaverroes.juntadeandalucia.es\/ieshimilce\/wp-json\/wp\/v2\/comments?post=13351"}],"version-history":[{"count":12,"href":"https:\/\/blogsaverroes.juntadeandalucia.es\/ieshimilce\/wp-json\/wp\/v2\/pages\/13351\/revisions"}],"predecessor-version":[{"id":13723,"href":"https:\/\/blogsaverroes.juntadeandalucia.es\/ieshimilce\/wp-json\/wp\/v2\/pages\/13351\/revisions\/13723"}],"wp:attachment":[{"href":"https:\/\/blogsaverroes.juntadeandalucia.es\/ieshimilce\/wp-json\/wp\/v2\/media?parent=13351"}],"curies":[{"name":"wp","href":"https:\/\/api.w.org\/{rel}","templated":true}]}}