{"id":13402,"date":"2024-08-04T19:20:44","date_gmt":"2024-08-04T19:20:44","guid":{"rendered":"https:\/\/blogsaverroes.juntadeandalucia.es\/ieshimilce\/?page_id=13402"},"modified":"2024-08-07T11:49:21","modified_gmt":"2024-08-07T11:49:21","slug":"curso-2017-2018","status":"publish","type":"page","link":"https:\/\/blogsaverroes.juntadeandalucia.es\/ieshimilce\/curso-2017-2018\/","title":{"rendered":"Curso 2017-2018"},"content":{"rendered":"<h3 style=\"text-align: center\"><strong>CURSO ACAD\u00c9MICO 2017-2018<\/strong><\/h3>\n<h4 style=\"text-align: justify\"><span style=\"color: #a34405;font-size: 14pt\"><strong>Graduaci\u00f3n 4\u00ba de la ESO. Curso 2017\/2018. <\/strong><\/span><\/h4>\n<p style=\"text-align: justify\"><span style=\"font-size: 14pt\">Entrega de Diplomas a nuestros alumnos y alumnas que finalizan sus estudios de la ESO.&nbsp;Enhorabuena a todos.&nbsp;<\/span><\/p>\n<p style=\"text-align: justify\"><span style=\"font-size: 14pt\"><a href=\"https:\/\/blogsaverroes.juntadeandalucia.es\/ieshimilce\/files\/2017\/06\/Promoci\u00f3n-4-ESO-2017-2018.jpg\"><img loading=\"lazy\" decoding=\"async\" class=\"aligncenter size-full wp-image-5542\" src=\"https:\/\/blogsaverroes.juntadeandalucia.es\/ieshimilce\/files\/2017\/06\/Promoci\u00f3n-4-ESO-2017-2018.jpg\" alt=\"\" width=\"960\" height=\"720\" srcset=\"https:\/\/blogsaverroes.juntadeandalucia.es\/ieshimilce\/files\/2017\/06\/Promoci\u00f3n-4-ESO-2017-2018.jpg 960w, https:\/\/blogsaverroes.juntadeandalucia.es\/ieshimilce\/files\/2017\/06\/Promoci\u00f3n-4-ESO-2017-2018-300x225.jpg 300w, https:\/\/blogsaverroes.juntadeandalucia.es\/ieshimilce\/files\/2017\/06\/Promoci\u00f3n-4-ESO-2017-2018-768x576.jpg 768w, https:\/\/blogsaverroes.juntadeandalucia.es\/ieshimilce\/files\/2017\/06\/Promoci\u00f3n-4-ESO-2017-2018-24x18.jpg 24w, https:\/\/blogsaverroes.juntadeandalucia.es\/ieshimilce\/files\/2017\/06\/Promoci\u00f3n-4-ESO-2017-2018-36x27.jpg 36w, https:\/\/blogsaverroes.juntadeandalucia.es\/ieshimilce\/files\/2017\/06\/Promoci\u00f3n-4-ESO-2017-2018-48x36.jpg 48w\" sizes=\"(max-width: 960px) 100vw, 960px\" \/><\/a><\/span><\/p>\n<hr>\n<h4 style=\"text-align: justify\"><span style=\"font-size: 14pt\"><strong>Photocall Halloween con alumn@ de la ESO.<\/strong><\/span><\/h4>\n<p style=\"text-align: justify\"><span style=\"font-size: 14pt\"><a href=\"https:\/\/blogsaverroes.juntadeandalucia.es\/ieshimilce\/files\/2017\/06\/IMG-20171030-WA0028.jpg\"><img loading=\"lazy\" decoding=\"async\" class=\"aligncenter size-full wp-image-5118\" src=\"https:\/\/blogsaverroes.juntadeandalucia.es\/ieshimilce\/files\/2017\/06\/IMG-20171030-WA0028.jpg\" alt=\"\" width=\"720\" height=\"720\" srcset=\"https:\/\/blogsaverroes.juntadeandalucia.es\/ieshimilce\/files\/2017\/06\/IMG-20171030-WA0028.jpg 720w, https:\/\/blogsaverroes.juntadeandalucia.es\/ieshimilce\/files\/2017\/06\/IMG-20171030-WA0028-150x150.jpg 150w, https:\/\/blogsaverroes.juntadeandalucia.es\/ieshimilce\/files\/2017\/06\/IMG-20171030-WA0028-300x300.jpg 300w, https:\/\/blogsaverroes.juntadeandalucia.es\/ieshimilce\/files\/2017\/06\/IMG-20171030-WA0028-100x100.jpg 100w, https:\/\/blogsaverroes.juntadeandalucia.es\/ieshimilce\/files\/2017\/06\/IMG-20171030-WA0028-24x24.jpg 24w, https:\/\/blogsaverroes.juntadeandalucia.es\/ieshimilce\/files\/2017\/06\/IMG-20171030-WA0028-36x36.jpg 36w, https:\/\/blogsaverroes.juntadeandalucia.es\/ieshimilce\/files\/2017\/06\/IMG-20171030-WA0028-48x48.jpg 48w, https:\/\/blogsaverroes.juntadeandalucia.es\/ieshimilce\/files\/2017\/06\/IMG-20171030-WA0028-50x50.jpg 50w\" sizes=\"(max-width: 720px) 100vw, 720px\" \/><\/a><\/span><\/p>\n<p style=\"text-align: justify\"><span style=\"font-size: 14pt\"><a href=\"https:\/\/blogsaverroes.juntadeandalucia.es\/ieshimilce\/files\/2017\/06\/IMG-20171031-WA00033.jpg\"><img loading=\"lazy\" decoding=\"async\" class=\"aligncenter size-full wp-image-5141\" src=\"https:\/\/blogsaverroes.juntadeandalucia.es\/ieshimilce\/files\/2017\/06\/IMG-20171031-WA00033.jpg\" alt=\"\" width=\"747\" height=\"1328\" srcset=\"https:\/\/blogsaverroes.juntadeandalucia.es\/ieshimilce\/files\/2017\/06\/IMG-20171031-WA00033.jpg 747w, https:\/\/blogsaverroes.juntadeandalucia.es\/ieshimilce\/files\/2017\/06\/IMG-20171031-WA00033-169x300.jpg 169w, https:\/\/blogsaverroes.juntadeandalucia.es\/ieshimilce\/files\/2017\/06\/IMG-20171031-WA00033-576x1024.jpg 576w, https:\/\/blogsaverroes.juntadeandalucia.es\/ieshimilce\/files\/2017\/06\/IMG-20171031-WA00033-14x24.jpg 14w, https:\/\/blogsaverroes.juntadeandalucia.es\/ieshimilce\/files\/2017\/06\/IMG-20171031-WA00033-20x36.jpg 20w, https:\/\/blogsaverroes.juntadeandalucia.es\/ieshimilce\/files\/2017\/06\/IMG-20171031-WA00033-27x48.jpg 27w\" sizes=\"(max-width: 747px) 100vw, 747px\" \/><\/a> <a href=\"https:\/\/blogsaverroes.juntadeandalucia.es\/ieshimilce\/files\/2017\/06\/IMG-20171031-WA0010.jpg\"><img loading=\"lazy\" decoding=\"async\" class=\"aligncenter size-full wp-image-5126\" src=\"https:\/\/blogsaverroes.juntadeandalucia.es\/ieshimilce\/files\/2017\/06\/IMG-20171031-WA0010.jpg\" alt=\"\" width=\"747\" height=\"1328\" srcset=\"https:\/\/blogsaverroes.juntadeandalucia.es\/ieshimilce\/files\/2017\/06\/IMG-20171031-WA0010.jpg 747w, https:\/\/blogsaverroes.juntadeandalucia.es\/ieshimilce\/files\/2017\/06\/IMG-20171031-WA0010-169x300.jpg 169w, https:\/\/blogsaverroes.juntadeandalucia.es\/ieshimilce\/files\/2017\/06\/IMG-20171031-WA0010-576x1024.jpg 576w, https:\/\/blogsaverroes.juntadeandalucia.es\/ieshimilce\/files\/2017\/06\/IMG-20171031-WA0010-14x24.jpg 14w, https:\/\/blogsaverroes.juntadeandalucia.es\/ieshimilce\/files\/2017\/06\/IMG-20171031-WA0010-20x36.jpg 20w, https:\/\/blogsaverroes.juntadeandalucia.es\/ieshimilce\/files\/2017\/06\/IMG-20171031-WA0010-27x48.jpg 27w\" sizes=\"(max-width: 747px) 100vw, 747px\" \/><\/a> <a href=\"https:\/\/blogsaverroes.juntadeandalucia.es\/ieshimilce\/files\/2017\/06\/IMG-20171031-WA0006.jpg\"><img loading=\"lazy\" decoding=\"async\" class=\"aligncenter size-full wp-image-5122\" src=\"https:\/\/blogsaverroes.juntadeandalucia.es\/ieshimilce\/files\/2017\/06\/IMG-20171031-WA0006.jpg\" alt=\"\" width=\"1328\" height=\"747\" srcset=\"https:\/\/blogsaverroes.juntadeandalucia.es\/ieshimilce\/files\/2017\/06\/IMG-20171031-WA0006.jpg 1328w, https:\/\/blogsaverroes.juntadeandalucia.es\/ieshimilce\/files\/2017\/06\/IMG-20171031-WA0006-300x169.jpg 300w, https:\/\/blogsaverroes.juntadeandalucia.es\/ieshimilce\/files\/2017\/06\/IMG-20171031-WA0006-768x432.jpg 768w, https:\/\/blogsaverroes.juntadeandalucia.es\/ieshimilce\/files\/2017\/06\/IMG-20171031-WA0006-1024x576.jpg 1024w, https:\/\/blogsaverroes.juntadeandalucia.es\/ieshimilce\/files\/2017\/06\/IMG-20171031-WA0006-24x14.jpg 24w, https:\/\/blogsaverroes.juntadeandalucia.es\/ieshimilce\/files\/2017\/06\/IMG-20171031-WA0006-36x20.jpg 36w, https:\/\/blogsaverroes.juntadeandalucia.es\/ieshimilce\/files\/2017\/06\/IMG-20171031-WA0006-48x27.jpg 48w\" sizes=\"(max-width: 1328px) 100vw, 1328px\" \/><\/a> <a href=\"https:\/\/blogsaverroes.juntadeandalucia.es\/ieshimilce\/files\/2017\/06\/IMG-20171031-WA0009.jpg\"><img loading=\"lazy\" decoding=\"async\" class=\"aligncenter size-full wp-image-5125\" src=\"https:\/\/blogsaverroes.juntadeandalucia.es\/ieshimilce\/files\/2017\/06\/IMG-20171031-WA0009.jpg\" alt=\"\" width=\"747\" height=\"1328\" srcset=\"https:\/\/blogsaverroes.juntadeandalucia.es\/ieshimilce\/files\/2017\/06\/IMG-20171031-WA0009.jpg 747w, https:\/\/blogsaverroes.juntadeandalucia.es\/ieshimilce\/files\/2017\/06\/IMG-20171031-WA0009-169x300.jpg 169w, https:\/\/blogsaverroes.juntadeandalucia.es\/ieshimilce\/files\/2017\/06\/IMG-20171031-WA0009-576x1024.jpg 576w, https:\/\/blogsaverroes.juntadeandalucia.es\/ieshimilce\/files\/2017\/06\/IMG-20171031-WA0009-14x24.jpg 14w, https:\/\/blogsaverroes.juntadeandalucia.es\/ieshimilce\/files\/2017\/06\/IMG-20171031-WA0009-20x36.jpg 20w, https:\/\/blogsaverroes.juntadeandalucia.es\/ieshimilce\/files\/2017\/06\/IMG-20171031-WA0009-27x48.jpg 27w\" sizes=\"(max-width: 747px) 100vw, 747px\" \/><\/a><\/span><\/p>\n<p style=\"text-align: justify\"><span style=\"font-size: 14pt\"><a href=\"https:\/\/blogsaverroes.juntadeandalucia.es\/ieshimilce\/files\/2017\/06\/IMG-20171031-WA0004.jpg\"><img loading=\"lazy\" decoding=\"async\" class=\"aligncenter size-full wp-image-5120\" src=\"https:\/\/blogsaverroes.juntadeandalucia.es\/ieshimilce\/files\/2017\/06\/IMG-20171031-WA0004.jpg\" alt=\"\" width=\"1465\" height=\"1270\" srcset=\"https:\/\/blogsaverroes.juntadeandalucia.es\/ieshimilce\/files\/2017\/06\/IMG-20171031-WA0004.jpg 1465w, https:\/\/blogsaverroes.juntadeandalucia.es\/ieshimilce\/files\/2017\/06\/IMG-20171031-WA0004-300x260.jpg 300w, https:\/\/blogsaverroes.juntadeandalucia.es\/ieshimilce\/files\/2017\/06\/IMG-20171031-WA0004-768x666.jpg 768w, https:\/\/blogsaverroes.juntadeandalucia.es\/ieshimilce\/files\/2017\/06\/IMG-20171031-WA0004-1024x888.jpg 1024w, https:\/\/blogsaverroes.juntadeandalucia.es\/ieshimilce\/files\/2017\/06\/IMG-20171031-WA0004-24x21.jpg 24w, https:\/\/blogsaverroes.juntadeandalucia.es\/ieshimilce\/files\/2017\/06\/IMG-20171031-WA0004-36x31.jpg 36w, https:\/\/blogsaverroes.juntadeandalucia.es\/ieshimilce\/files\/2017\/06\/IMG-20171031-WA0004-48x42.jpg 48w\" sizes=\"(max-width: 1465px) 100vw, 1465px\" \/><\/a> <a href=\"https:\/\/blogsaverroes.juntadeandalucia.es\/ieshimilce\/files\/2017\/06\/IMG-20171031-WA0005.jpg\"><img loading=\"lazy\" decoding=\"async\" class=\"aligncenter size-full wp-image-5121\" src=\"https:\/\/blogsaverroes.juntadeandalucia.es\/ieshimilce\/files\/2017\/06\/IMG-20171031-WA0005.jpg\" alt=\"\" width=\"1296\" height=\"728\" srcset=\"https:\/\/blogsaverroes.juntadeandalucia.es\/ieshimilce\/files\/2017\/06\/IMG-20171031-WA0005.jpg 1296w, https:\/\/blogsaverroes.juntadeandalucia.es\/ieshimilce\/files\/2017\/06\/IMG-20171031-WA0005-300x169.jpg 300w, https:\/\/blogsaverroes.juntadeandalucia.es\/ieshimilce\/files\/2017\/06\/IMG-20171031-WA0005-768x431.jpg 768w, https:\/\/blogsaverroes.juntadeandalucia.es\/ieshimilce\/files\/2017\/06\/IMG-20171031-WA0005-1024x575.jpg 1024w, https:\/\/blogsaverroes.juntadeandalucia.es\/ieshimilce\/files\/2017\/06\/IMG-20171031-WA0005-24x13.jpg 24w, https:\/\/blogsaverroes.juntadeandalucia.es\/ieshimilce\/files\/2017\/06\/IMG-20171031-WA0005-36x20.jpg 36w, https:\/\/blogsaverroes.juntadeandalucia.es\/ieshimilce\/files\/2017\/06\/IMG-20171031-WA0005-48x27.jpg 48w\" sizes=\"(max-width: 1296px) 100vw, 1296px\" \/><\/a> <a href=\"https:\/\/blogsaverroes.juntadeandalucia.es\/ieshimilce\/files\/2017\/06\/IMG-20171031-WA0006.jpg\"><img loading=\"lazy\" decoding=\"async\" class=\"aligncenter size-full wp-image-5122\" src=\"https:\/\/blogsaverroes.juntadeandalucia.es\/ieshimilce\/files\/2017\/06\/IMG-20171031-WA0006.jpg\" alt=\"\" width=\"1328\" height=\"747\" srcset=\"https:\/\/blogsaverroes.juntadeandalucia.es\/ieshimilce\/files\/2017\/06\/IMG-20171031-WA0006.jpg 1328w, https:\/\/blogsaverroes.juntadeandalucia.es\/ieshimilce\/files\/2017\/06\/IMG-20171031-WA0006-300x169.jpg 300w, https:\/\/blogsaverroes.juntadeandalucia.es\/ieshimilce\/files\/2017\/06\/IMG-20171031-WA0006-768x432.jpg 768w, https:\/\/blogsaverroes.juntadeandalucia.es\/ieshimilce\/files\/2017\/06\/IMG-20171031-WA0006-1024x576.jpg 1024w, https:\/\/blogsaverroes.juntadeandalucia.es\/ieshimilce\/files\/2017\/06\/IMG-20171031-WA0006-24x14.jpg 24w, https:\/\/blogsaverroes.juntadeandalucia.es\/ieshimilce\/files\/2017\/06\/IMG-20171031-WA0006-36x20.jpg 36w, https:\/\/blogsaverroes.juntadeandalucia.es\/ieshimilce\/files\/2017\/06\/IMG-20171031-WA0006-48x27.jpg 48w\" sizes=\"(max-width: 1328px) 100vw, 1328px\" \/><\/a> <a href=\"https:\/\/blogsaverroes.juntadeandalucia.es\/ieshimilce\/files\/2017\/06\/IMG-20171031-WA0007.jpg\"><img loading=\"lazy\" decoding=\"async\" class=\"aligncenter size-full wp-image-5123\" src=\"https:\/\/blogsaverroes.juntadeandalucia.es\/ieshimilce\/files\/2017\/06\/IMG-20171031-WA0007.jpg\" alt=\"\" width=\"1328\" height=\"747\" srcset=\"https:\/\/blogsaverroes.juntadeandalucia.es\/ieshimilce\/files\/2017\/06\/IMG-20171031-WA0007.jpg 1328w, https:\/\/blogsaverroes.juntadeandalucia.es\/ieshimilce\/files\/2017\/06\/IMG-20171031-WA0007-300x169.jpg 300w, https:\/\/blogsaverroes.juntadeandalucia.es\/ieshimilce\/files\/2017\/06\/IMG-20171031-WA0007-768x432.jpg 768w, https:\/\/blogsaverroes.juntadeandalucia.es\/ieshimilce\/files\/2017\/06\/IMG-20171031-WA0007-1024x576.jpg 1024w, https:\/\/blogsaverroes.juntadeandalucia.es\/ieshimilce\/files\/2017\/06\/IMG-20171031-WA0007-24x14.jpg 24w, https:\/\/blogsaverroes.juntadeandalucia.es\/ieshimilce\/files\/2017\/06\/IMG-20171031-WA0007-36x20.jpg 36w, https:\/\/blogsaverroes.juntadeandalucia.es\/ieshimilce\/files\/2017\/06\/IMG-20171031-WA0007-48x27.jpg 48w\" sizes=\"(max-width: 1328px) 100vw, 1328px\" \/><\/a> <a href=\"https:\/\/blogsaverroes.juntadeandalucia.es\/ieshimilce\/files\/2017\/06\/IMG-20171031-WA0011.jpg\"><img loading=\"lazy\" decoding=\"async\" class=\"aligncenter size-full wp-image-5127\" src=\"https:\/\/blogsaverroes.juntadeandalucia.es\/ieshimilce\/files\/2017\/06\/IMG-20171031-WA0011.jpg\" alt=\"\" width=\"1328\" height=\"747\" srcset=\"https:\/\/blogsaverroes.juntadeandalucia.es\/ieshimilce\/files\/2017\/06\/IMG-20171031-WA0011.jpg 1328w, https:\/\/blogsaverroes.juntadeandalucia.es\/ieshimilce\/files\/2017\/06\/IMG-20171031-WA0011-300x169.jpg 300w, https:\/\/blogsaverroes.juntadeandalucia.es\/ieshimilce\/files\/2017\/06\/IMG-20171031-WA0011-768x432.jpg 768w, https:\/\/blogsaverroes.juntadeandalucia.es\/ieshimilce\/files\/2017\/06\/IMG-20171031-WA0011-1024x576.jpg 1024w, https:\/\/blogsaverroes.juntadeandalucia.es\/ieshimilce\/files\/2017\/06\/IMG-20171031-WA0011-24x14.jpg 24w, https:\/\/blogsaverroes.juntadeandalucia.es\/ieshimilce\/files\/2017\/06\/IMG-20171031-WA0011-36x20.jpg 36w, https:\/\/blogsaverroes.juntadeandalucia.es\/ieshimilce\/files\/2017\/06\/IMG-20171031-WA0011-48x27.jpg 48w\" sizes=\"(max-width: 1328px) 100vw, 1328px\" \/><\/a> <a href=\"https:\/\/blogsaverroes.juntadeandalucia.es\/ieshimilce\/files\/2017\/06\/IMG-20171031-WA0016.jpg\"><img loading=\"lazy\" decoding=\"async\" class=\"aligncenter size-full wp-image-5132\" src=\"https:\/\/blogsaverroes.juntadeandalucia.es\/ieshimilce\/files\/2017\/06\/IMG-20171031-WA0016.jpg\" alt=\"\" width=\"1024\" height=\"768\" srcset=\"https:\/\/blogsaverroes.juntadeandalucia.es\/ieshimilce\/files\/2017\/06\/IMG-20171031-WA0016.jpg 1024w, https:\/\/blogsaverroes.juntadeandalucia.es\/ieshimilce\/files\/2017\/06\/IMG-20171031-WA0016-300x225.jpg 300w, https:\/\/blogsaverroes.juntadeandalucia.es\/ieshimilce\/files\/2017\/06\/IMG-20171031-WA0016-768x576.jpg 768w, https:\/\/blogsaverroes.juntadeandalucia.es\/ieshimilce\/files\/2017\/06\/IMG-20171031-WA0016-24x18.jpg 24w, https:\/\/blogsaverroes.juntadeandalucia.es\/ieshimilce\/files\/2017\/06\/IMG-20171031-WA0016-36x27.jpg 36w, https:\/\/blogsaverroes.juntadeandalucia.es\/ieshimilce\/files\/2017\/06\/IMG-20171031-WA0016-48x36.jpg 48w\" sizes=\"(max-width: 1024px) 100vw, 1024px\" \/><\/a> <a href=\"https:\/\/blogsaverroes.juntadeandalucia.es\/ieshimilce\/files\/2017\/06\/IMG-20171031-WA0015.jpg\"><img loading=\"lazy\" decoding=\"async\" class=\"aligncenter size-full wp-image-5131\" src=\"https:\/\/blogsaverroes.juntadeandalucia.es\/ieshimilce\/files\/2017\/06\/IMG-20171031-WA0015.jpg\" alt=\"\" width=\"1328\" height=\"747\" srcset=\"https:\/\/blogsaverroes.juntadeandalucia.es\/ieshimilce\/files\/2017\/06\/IMG-20171031-WA0015.jpg 1328w, https:\/\/blogsaverroes.juntadeandalucia.es\/ieshimilce\/files\/2017\/06\/IMG-20171031-WA0015-300x169.jpg 300w, https:\/\/blogsaverroes.juntadeandalucia.es\/ieshimilce\/files\/2017\/06\/IMG-20171031-WA0015-768x432.jpg 768w, https:\/\/blogsaverroes.juntadeandalucia.es\/ieshimilce\/files\/2017\/06\/IMG-20171031-WA0015-1024x576.jpg 1024w, https:\/\/blogsaverroes.juntadeandalucia.es\/ieshimilce\/files\/2017\/06\/IMG-20171031-WA0015-24x14.jpg 24w, https:\/\/blogsaverroes.juntadeandalucia.es\/ieshimilce\/files\/2017\/06\/IMG-20171031-WA0015-36x20.jpg 36w, https:\/\/blogsaverroes.juntadeandalucia.es\/ieshimilce\/files\/2017\/06\/IMG-20171031-WA0015-48x27.jpg 48w\" sizes=\"(max-width: 1328px) 100vw, 1328px\" \/><\/a> <a href=\"https:\/\/blogsaverroes.juntadeandalucia.es\/ieshimilce\/files\/2017\/06\/IMG-20171031-WA0014.jpg\"><img loading=\"lazy\" decoding=\"async\" class=\"aligncenter size-full wp-image-5130\" src=\"https:\/\/blogsaverroes.juntadeandalucia.es\/ieshimilce\/files\/2017\/06\/IMG-20171031-WA0014.jpg\" alt=\"\" width=\"1328\" height=\"747\" srcset=\"https:\/\/blogsaverroes.juntadeandalucia.es\/ieshimilce\/files\/2017\/06\/IMG-20171031-WA0014.jpg 1328w, https:\/\/blogsaverroes.juntadeandalucia.es\/ieshimilce\/files\/2017\/06\/IMG-20171031-WA0014-300x169.jpg 300w, https:\/\/blogsaverroes.juntadeandalucia.es\/ieshimilce\/files\/2017\/06\/IMG-20171031-WA0014-768x432.jpg 768w, https:\/\/blogsaverroes.juntadeandalucia.es\/ieshimilce\/files\/2017\/06\/IMG-20171031-WA0014-1024x576.jpg 1024w, https:\/\/blogsaverroes.juntadeandalucia.es\/ieshimilce\/files\/2017\/06\/IMG-20171031-WA0014-24x14.jpg 24w, https:\/\/blogsaverroes.juntadeandalucia.es\/ieshimilce\/files\/2017\/06\/IMG-20171031-WA0014-36x20.jpg 36w, https:\/\/blogsaverroes.juntadeandalucia.es\/ieshimilce\/files\/2017\/06\/IMG-20171031-WA0014-48x27.jpg 48w\" sizes=\"(max-width: 1328px) 100vw, 1328px\" \/><\/a> <a href=\"https:\/\/blogsaverroes.juntadeandalucia.es\/ieshimilce\/files\/2017\/06\/IMG-20171031-WA0013.jpg\"><img loading=\"lazy\" decoding=\"async\" class=\"aligncenter size-full wp-image-5129\" src=\"https:\/\/blogsaverroes.juntadeandalucia.es\/ieshimilce\/files\/2017\/06\/IMG-20171031-WA0013.jpg\" alt=\"\" width=\"1328\" height=\"747\" srcset=\"https:\/\/blogsaverroes.juntadeandalucia.es\/ieshimilce\/files\/2017\/06\/IMG-20171031-WA0013.jpg 1328w, https:\/\/blogsaverroes.juntadeandalucia.es\/ieshimilce\/files\/2017\/06\/IMG-20171031-WA0013-300x169.jpg 300w, https:\/\/blogsaverroes.juntadeandalucia.es\/ieshimilce\/files\/2017\/06\/IMG-20171031-WA0013-768x432.jpg 768w, https:\/\/blogsaverroes.juntadeandalucia.es\/ieshimilce\/files\/2017\/06\/IMG-20171031-WA0013-1024x576.jpg 1024w, https:\/\/blogsaverroes.juntadeandalucia.es\/ieshimilce\/files\/2017\/06\/IMG-20171031-WA0013-24x14.jpg 24w, https:\/\/blogsaverroes.juntadeandalucia.es\/ieshimilce\/files\/2017\/06\/IMG-20171031-WA0013-36x20.jpg 36w, https:\/\/blogsaverroes.juntadeandalucia.es\/ieshimilce\/files\/2017\/06\/IMG-20171031-WA0013-48x27.jpg 48w\" sizes=\"(max-width: 1328px) 100vw, 1328px\" \/><\/a> <a href=\"https:\/\/blogsaverroes.juntadeandalucia.es\/ieshimilce\/files\/2017\/06\/IMG-20171031-WA0012.jpg\"><img loading=\"lazy\" decoding=\"async\" class=\"aligncenter size-full wp-image-5128\" src=\"https:\/\/blogsaverroes.juntadeandalucia.es\/ieshimilce\/files\/2017\/06\/IMG-20171031-WA0012.jpg\" alt=\"\" width=\"1328\" height=\"747\" srcset=\"https:\/\/blogsaverroes.juntadeandalucia.es\/ieshimilce\/files\/2017\/06\/IMG-20171031-WA0012.jpg 1328w, https:\/\/blogsaverroes.juntadeandalucia.es\/ieshimilce\/files\/2017\/06\/IMG-20171031-WA0012-300x169.jpg 300w, https:\/\/blogsaverroes.juntadeandalucia.es\/ieshimilce\/files\/2017\/06\/IMG-20171031-WA0012-768x432.jpg 768w, https:\/\/blogsaverroes.juntadeandalucia.es\/ieshimilce\/files\/2017\/06\/IMG-20171031-WA0012-1024x576.jpg 1024w, https:\/\/blogsaverroes.juntadeandalucia.es\/ieshimilce\/files\/2017\/06\/IMG-20171031-WA0012-24x14.jpg 24w, https:\/\/blogsaverroes.juntadeandalucia.es\/ieshimilce\/files\/2017\/06\/IMG-20171031-WA0012-36x20.jpg 36w, https:\/\/blogsaverroes.juntadeandalucia.es\/ieshimilce\/files\/2017\/06\/IMG-20171031-WA0012-48x27.jpg 48w\" sizes=\"(max-width: 1328px) 100vw, 1328px\" \/><\/a><\/span><\/p>\n<p style=\"text-align: justify\"><span style=\"font-size: 14pt\"><strong>Trabajo \u00abVALORES\u00bb alumn@s ESO<\/strong><\/span><\/p>\n<p style=\"text-align: justify\"><span style=\"font-size: 14pt\"><img loading=\"lazy\" decoding=\"async\" class=\"aligncenter size-full wp-image-4338\" src=\"https:\/\/blogsaverroes.juntadeandalucia.es\/ieshimilce\/files\/2017\/06\/Diapositiva6.jpg\" alt=\"\" width=\"1040\" height=\"720\" srcset=\"https:\/\/blogsaverroes.juntadeandalucia.es\/ieshimilce\/files\/2017\/06\/Diapositiva6.jpg 1040w, https:\/\/blogsaverroes.juntadeandalucia.es\/ieshimilce\/files\/2017\/06\/Diapositiva6-300x208.jpg 300w, https:\/\/blogsaverroes.juntadeandalucia.es\/ieshimilce\/files\/2017\/06\/Diapositiva6-768x532.jpg 768w, https:\/\/blogsaverroes.juntadeandalucia.es\/ieshimilce\/files\/2017\/06\/Diapositiva6-1024x709.jpg 1024w, https:\/\/blogsaverroes.juntadeandalucia.es\/ieshimilce\/files\/2017\/06\/Diapositiva6-24x17.jpg 24w, https:\/\/blogsaverroes.juntadeandalucia.es\/ieshimilce\/files\/2017\/06\/Diapositiva6-36x25.jpg 36w, https:\/\/blogsaverroes.juntadeandalucia.es\/ieshimilce\/files\/2017\/06\/Diapositiva6-48x33.jpg 48w\" sizes=\"(max-width: 1040px) 100vw, 1040px\" \/><\/span><\/p>\n<p style=\"text-align: justify\"><span style=\"font-size: 14pt\"><strong>Concurso \u00abMascota Biblioteca\u00bb<\/strong><\/span><\/p>\n\n\t\t<style type=\"text\/css\">\n\t\t\t#gallery-1 {\n\t\t\t\tmargin: auto;\n\t\t\t}\n\t\t\t#gallery-1 .gallery-item {\n\t\t\t\tfloat: left;\n\t\t\t\tmargin-top: 10px;\n\t\t\t\ttext-align: center;\n\t\t\t\twidth: 16%;\n\t\t\t}\n\t\t\t#gallery-1 img {\n\t\t\t\tborder: 2px solid #cfcfcf;\n\t\t\t}\n\t\t\t#gallery-1 .gallery-caption {\n\t\t\t\tmargin-left: 0;\n\t\t\t}\n\t\t\t\/* see gallery_shortcode() in wp-includes\/media.php *\/\n\t\t<\/style>\n\t\t<div id='gallery-1' class='gallery galleryid-13402 gallery-columns-6 gallery-size-thumbnail'><dl class='gallery-item'>\n\t\t\t<dt class='gallery-icon landscape'>\n\t\t\t\t<a href='https:\/\/blogsaverroes.juntadeandalucia.es\/ieshimilce\/files\/2017\/06\/Diapositiva5.jpg'><img loading=\"lazy\" decoding=\"async\" width=\"150\" height=\"150\" src=\"https:\/\/blogsaverroes.juntadeandalucia.es\/ieshimilce\/files\/2017\/06\/Diapositiva5-150x150.jpg\" class=\"attachment-thumbnail size-thumbnail\" alt=\"\" srcset=\"https:\/\/blogsaverroes.juntadeandalucia.es\/ieshimilce\/files\/2017\/06\/Diapositiva5-150x150.jpg 150w, https:\/\/blogsaverroes.juntadeandalucia.es\/ieshimilce\/files\/2017\/06\/Diapositiva5-100x100.jpg 100w, https:\/\/blogsaverroes.juntadeandalucia.es\/ieshimilce\/files\/2017\/06\/Diapositiva5-50x50.jpg 50w\" sizes=\"(max-width: 150px) 100vw, 150px\" \/><\/a>\n\t\t\t<\/dt><\/dl><dl class='gallery-item'>\n\t\t\t<dt class='gallery-icon landscape'>\n\t\t\t\t<a href='https:\/\/blogsaverroes.juntadeandalucia.es\/ieshimilce\/files\/2017\/06\/Diapositiva4.jpg'><img loading=\"lazy\" decoding=\"async\" width=\"150\" height=\"150\" src=\"https:\/\/blogsaverroes.juntadeandalucia.es\/ieshimilce\/files\/2017\/06\/Diapositiva4-150x150.jpg\" class=\"attachment-thumbnail size-thumbnail\" alt=\"\" srcset=\"https:\/\/blogsaverroes.juntadeandalucia.es\/ieshimilce\/files\/2017\/06\/Diapositiva4-150x150.jpg 150w, https:\/\/blogsaverroes.juntadeandalucia.es\/ieshimilce\/files\/2017\/06\/Diapositiva4-100x100.jpg 100w, https:\/\/blogsaverroes.juntadeandalucia.es\/ieshimilce\/files\/2017\/06\/Diapositiva4-50x50.jpg 50w\" sizes=\"(max-width: 150px) 100vw, 150px\" \/><\/a>\n\t\t\t<\/dt><\/dl><dl class='gallery-item'>\n\t\t\t<dt class='gallery-icon landscape'>\n\t\t\t\t<a href='https:\/\/blogsaverroes.juntadeandalucia.es\/ieshimilce\/files\/2017\/06\/Diapositiva3.jpg'><img loading=\"lazy\" decoding=\"async\" width=\"150\" height=\"150\" src=\"https:\/\/blogsaverroes.juntadeandalucia.es\/ieshimilce\/files\/2017\/06\/Diapositiva3-150x150.jpg\" class=\"attachment-thumbnail size-thumbnail\" alt=\"\" srcset=\"https:\/\/blogsaverroes.juntadeandalucia.es\/ieshimilce\/files\/2017\/06\/Diapositiva3-150x150.jpg 150w, https:\/\/blogsaverroes.juntadeandalucia.es\/ieshimilce\/files\/2017\/06\/Diapositiva3-100x100.jpg 100w, https:\/\/blogsaverroes.juntadeandalucia.es\/ieshimilce\/files\/2017\/06\/Diapositiva3-50x50.jpg 50w\" sizes=\"(max-width: 150px) 100vw, 150px\" \/><\/a>\n\t\t\t<\/dt><\/dl><dl class='gallery-item'>\n\t\t\t<dt class='gallery-icon landscape'>\n\t\t\t\t<a href='https:\/\/blogsaverroes.juntadeandalucia.es\/ieshimilce\/files\/2017\/06\/Diapositiva2.jpg'><img loading=\"lazy\" decoding=\"async\" width=\"150\" height=\"150\" src=\"https:\/\/blogsaverroes.juntadeandalucia.es\/ieshimilce\/files\/2017\/06\/Diapositiva2-150x150.jpg\" class=\"attachment-thumbnail size-thumbnail\" alt=\"\" srcset=\"https:\/\/blogsaverroes.juntadeandalucia.es\/ieshimilce\/files\/2017\/06\/Diapositiva2-150x150.jpg 150w, https:\/\/blogsaverroes.juntadeandalucia.es\/ieshimilce\/files\/2017\/06\/Diapositiva2-100x100.jpg 100w, https:\/\/blogsaverroes.juntadeandalucia.es\/ieshimilce\/files\/2017\/06\/Diapositiva2-50x50.jpg 50w\" sizes=\"(max-width: 150px) 100vw, 150px\" \/><\/a>\n\t\t\t<\/dt><\/dl><dl class='gallery-item'>\n\t\t\t<dt class='gallery-icon landscape'>\n\t\t\t\t<a href='https:\/\/blogsaverroes.juntadeandalucia.es\/ieshimilce\/files\/2017\/06\/Diapositiva1.jpg'><img loading=\"lazy\" decoding=\"async\" width=\"150\" height=\"150\" src=\"https:\/\/blogsaverroes.juntadeandalucia.es\/ieshimilce\/files\/2017\/06\/Diapositiva1-150x150.jpg\" class=\"attachment-thumbnail size-thumbnail\" alt=\"\" srcset=\"https:\/\/blogsaverroes.juntadeandalucia.es\/ieshimilce\/files\/2017\/06\/Diapositiva1-150x150.jpg 150w, https:\/\/blogsaverroes.juntadeandalucia.es\/ieshimilce\/files\/2017\/06\/Diapositiva1-100x100.jpg 100w, https:\/\/blogsaverroes.juntadeandalucia.es\/ieshimilce\/files\/2017\/06\/Diapositiva1-50x50.jpg 50w\" sizes=\"(max-width: 150px) 100vw, 150px\" \/><\/a>\n\t\t\t<\/dt><\/dl><dl class='gallery-item'>\n\t\t\t<dt class='gallery-icon landscape'>\n\t\t\t\t<a href='https:\/\/blogsaverroes.juntadeandalucia.es\/ieshimilce\/files\/2017\/06\/M3.jpg'><img loading=\"lazy\" decoding=\"async\" width=\"150\" height=\"150\" src=\"https:\/\/blogsaverroes.juntadeandalucia.es\/ieshimilce\/files\/2017\/06\/M3-150x150.jpg\" class=\"attachment-thumbnail size-thumbnail\" alt=\"\" srcset=\"https:\/\/blogsaverroes.juntadeandalucia.es\/ieshimilce\/files\/2017\/06\/M3-150x150.jpg 150w, https:\/\/blogsaverroes.juntadeandalucia.es\/ieshimilce\/files\/2017\/06\/M3-100x100.jpg 100w, https:\/\/blogsaverroes.juntadeandalucia.es\/ieshimilce\/files\/2017\/06\/M3-50x50.jpg 50w\" sizes=\"(max-width: 150px) 100vw, 150px\" \/><\/a>\n\t\t\t<\/dt><\/dl><br style=\"clear: both\" \/>\n\t\t<\/div>\n\n<p style=\"text-align: justify\"><span style=\"font-size: 14pt\"><strong>Actividades ECO ESCUELA<\/strong><\/span><\/p>\n\n\t\t<style type=\"text\/css\">\n\t\t\t#gallery-2 {\n\t\t\t\tmargin: auto;\n\t\t\t}\n\t\t\t#gallery-2 .gallery-item {\n\t\t\t\tfloat: left;\n\t\t\t\tmargin-top: 10px;\n\t\t\t\ttext-align: center;\n\t\t\t\twidth: 16%;\n\t\t\t}\n\t\t\t#gallery-2 img {\n\t\t\t\tborder: 2px solid #cfcfcf;\n\t\t\t}\n\t\t\t#gallery-2 .gallery-caption {\n\t\t\t\tmargin-left: 0;\n\t\t\t}\n\t\t\t\/* see gallery_shortcode() in wp-includes\/media.php *\/\n\t\t<\/style>\n\t\t<div id='gallery-2' class='gallery galleryid-13402 gallery-columns-6 gallery-size-thumbnail'><dl class='gallery-item'>\n\t\t\t<dt class='gallery-icon landscape'>\n\t\t\t\t<a href='https:\/\/blogsaverroes.juntadeandalucia.es\/ieshimilce\/actividades\/junio-2013-134_800x600\/'><img loading=\"lazy\" decoding=\"async\" width=\"150\" height=\"150\" src=\"https:\/\/blogsaverroes.juntadeandalucia.es\/ieshimilce\/files\/2017\/06\/junio-2013-134_800x600-150x150.jpg\" class=\"attachment-thumbnail size-thumbnail\" alt=\"\" srcset=\"https:\/\/blogsaverroes.juntadeandalucia.es\/ieshimilce\/files\/2017\/06\/junio-2013-134_800x600-150x150.jpg 150w, https:\/\/blogsaverroes.juntadeandalucia.es\/ieshimilce\/files\/2017\/06\/junio-2013-134_800x600-100x100.jpg 100w, https:\/\/blogsaverroes.juntadeandalucia.es\/ieshimilce\/files\/2017\/06\/junio-2013-134_800x600-50x50.jpg 50w\" sizes=\"(max-width: 150px) 100vw, 150px\" \/><\/a>\n\t\t\t<\/dt><\/dl><dl class='gallery-item'>\n\t\t\t<dt class='gallery-icon landscape'>\n\t\t\t\t<a href='https:\/\/blogsaverroes.juntadeandalucia.es\/ieshimilce\/actividades\/junio-2013-135_800x600\/'><img loading=\"lazy\" decoding=\"async\" width=\"150\" height=\"150\" src=\"https:\/\/blogsaverroes.juntadeandalucia.es\/ieshimilce\/files\/2017\/06\/junio-2013-135_800x600-150x150.jpg\" class=\"attachment-thumbnail size-thumbnail\" alt=\"\" srcset=\"https:\/\/blogsaverroes.juntadeandalucia.es\/ieshimilce\/files\/2017\/06\/junio-2013-135_800x600-150x150.jpg 150w, https:\/\/blogsaverroes.juntadeandalucia.es\/ieshimilce\/files\/2017\/06\/junio-2013-135_800x600-100x100.jpg 100w, https:\/\/blogsaverroes.juntadeandalucia.es\/ieshimilce\/files\/2017\/06\/junio-2013-135_800x600-50x50.jpg 50w\" sizes=\"(max-width: 150px) 100vw, 150px\" \/><\/a>\n\t\t\t<\/dt><\/dl><dl class='gallery-item'>\n\t\t\t<dt class='gallery-icon landscape'>\n\t\t\t\t<a href='https:\/\/blogsaverroes.juntadeandalucia.es\/ieshimilce\/actividades\/junio-2013-136_800x600\/'><img loading=\"lazy\" decoding=\"async\" width=\"150\" height=\"150\" src=\"https:\/\/blogsaverroes.juntadeandalucia.es\/ieshimilce\/files\/2017\/06\/junio-2013-136_800x600-150x150.jpg\" class=\"attachment-thumbnail size-thumbnail\" alt=\"\" srcset=\"https:\/\/blogsaverroes.juntadeandalucia.es\/ieshimilce\/files\/2017\/06\/junio-2013-136_800x600-150x150.jpg 150w, https:\/\/blogsaverroes.juntadeandalucia.es\/ieshimilce\/files\/2017\/06\/junio-2013-136_800x600-100x100.jpg 100w, https:\/\/blogsaverroes.juntadeandalucia.es\/ieshimilce\/files\/2017\/06\/junio-2013-136_800x600-50x50.jpg 50w\" sizes=\"(max-width: 150px) 100vw, 150px\" \/><\/a>\n\t\t\t<\/dt><\/dl><dl class='gallery-item'>\n\t\t\t<dt class='gallery-icon landscape'>\n\t\t\t\t<a href='https:\/\/blogsaverroes.juntadeandalucia.es\/ieshimilce\/actividades\/junio-2013-137_800x600\/'><img loading=\"lazy\" decoding=\"async\" width=\"150\" height=\"150\" src=\"https:\/\/blogsaverroes.juntadeandalucia.es\/ieshimilce\/files\/2017\/06\/junio-2013-137_800x600-150x150.jpg\" class=\"attachment-thumbnail size-thumbnail\" alt=\"\" srcset=\"https:\/\/blogsaverroes.juntadeandalucia.es\/ieshimilce\/files\/2017\/06\/junio-2013-137_800x600-150x150.jpg 150w, https:\/\/blogsaverroes.juntadeandalucia.es\/ieshimilce\/files\/2017\/06\/junio-2013-137_800x600-100x100.jpg 100w, https:\/\/blogsaverroes.juntadeandalucia.es\/ieshimilce\/files\/2017\/06\/junio-2013-137_800x600-50x50.jpg 50w\" sizes=\"(max-width: 150px) 100vw, 150px\" \/><\/a>\n\t\t\t<\/dt><\/dl><dl class='gallery-item'>\n\t\t\t<dt class='gallery-icon landscape'>\n\t\t\t\t<a href='https:\/\/blogsaverroes.juntadeandalucia.es\/ieshimilce\/actividades\/junio-2013-138_800x600\/'><img loading=\"lazy\" decoding=\"async\" width=\"150\" height=\"150\" src=\"https:\/\/blogsaverroes.juntadeandalucia.es\/ieshimilce\/files\/2017\/06\/junio-2013-138_800x600-150x150.jpg\" class=\"attachment-thumbnail size-thumbnail\" alt=\"\" srcset=\"https:\/\/blogsaverroes.juntadeandalucia.es\/ieshimilce\/files\/2017\/06\/junio-2013-138_800x600-150x150.jpg 150w, https:\/\/blogsaverroes.juntadeandalucia.es\/ieshimilce\/files\/2017\/06\/junio-2013-138_800x600-100x100.jpg 100w, https:\/\/blogsaverroes.juntadeandalucia.es\/ieshimilce\/files\/2017\/06\/junio-2013-138_800x600-50x50.jpg 50w\" sizes=\"(max-width: 150px) 100vw, 150px\" \/><\/a>\n\t\t\t<\/dt><\/dl><dl class='gallery-item'>\n\t\t\t<dt class='gallery-icon landscape'>\n\t\t\t\t<a href='https:\/\/blogsaverroes.juntadeandalucia.es\/ieshimilce\/actividades\/junio-2013-139_800x600\/'><img loading=\"lazy\" decoding=\"async\" width=\"150\" height=\"150\" src=\"https:\/\/blogsaverroes.juntadeandalucia.es\/ieshimilce\/files\/2017\/06\/junio-2013-139_800x600-150x150.jpg\" class=\"attachment-thumbnail size-thumbnail\" alt=\"\" srcset=\"https:\/\/blogsaverroes.juntadeandalucia.es\/ieshimilce\/files\/2017\/06\/junio-2013-139_800x600-150x150.jpg 150w, https:\/\/blogsaverroes.juntadeandalucia.es\/ieshimilce\/files\/2017\/06\/junio-2013-139_800x600-100x100.jpg 100w, https:\/\/blogsaverroes.juntadeandalucia.es\/ieshimilce\/files\/2017\/06\/junio-2013-139_800x600-50x50.jpg 50w\" sizes=\"(max-width: 150px) 100vw, 150px\" \/><\/a>\n\t\t\t<\/dt><\/dl><br style=\"clear: both\" \/><dl class='gallery-item'>\n\t\t\t<dt class='gallery-icon landscape'>\n\t\t\t\t<a href='https:\/\/blogsaverroes.juntadeandalucia.es\/ieshimilce\/actividades\/junio-2013-140_800x600\/'><img loading=\"lazy\" decoding=\"async\" width=\"150\" height=\"150\" src=\"https:\/\/blogsaverroes.juntadeandalucia.es\/ieshimilce\/files\/2017\/06\/junio-2013-140_800x600-150x150.jpg\" class=\"attachment-thumbnail size-thumbnail\" alt=\"\" srcset=\"https:\/\/blogsaverroes.juntadeandalucia.es\/ieshimilce\/files\/2017\/06\/junio-2013-140_800x600-150x150.jpg 150w, https:\/\/blogsaverroes.juntadeandalucia.es\/ieshimilce\/files\/2017\/06\/junio-2013-140_800x600-100x100.jpg 100w, https:\/\/blogsaverroes.juntadeandalucia.es\/ieshimilce\/files\/2017\/06\/junio-2013-140_800x600-50x50.jpg 50w\" sizes=\"(max-width: 150px) 100vw, 150px\" \/><\/a>\n\t\t\t<\/dt><\/dl><dl class='gallery-item'>\n\t\t\t<dt class='gallery-icon landscape'>\n\t\t\t\t<a href='https:\/\/blogsaverroes.juntadeandalucia.es\/ieshimilce\/actividades\/junio-2013-141_800x600\/'><img loading=\"lazy\" decoding=\"async\" width=\"150\" height=\"150\" src=\"https:\/\/blogsaverroes.juntadeandalucia.es\/ieshimilce\/files\/2017\/06\/junio-2013-141_800x600-150x150.jpg\" class=\"attachment-thumbnail size-thumbnail\" alt=\"\" srcset=\"https:\/\/blogsaverroes.juntadeandalucia.es\/ieshimilce\/files\/2017\/06\/junio-2013-141_800x600-150x150.jpg 150w, https:\/\/blogsaverroes.juntadeandalucia.es\/ieshimilce\/files\/2017\/06\/junio-2013-141_800x600-100x100.jpg 100w, https:\/\/blogsaverroes.juntadeandalucia.es\/ieshimilce\/files\/2017\/06\/junio-2013-141_800x600-50x50.jpg 50w\" sizes=\"(max-width: 150px) 100vw, 150px\" \/><\/a>\n\t\t\t<\/dt><\/dl><dl class='gallery-item'>\n\t\t\t<dt class='gallery-icon landscape'>\n\t\t\t\t<a href='https:\/\/blogsaverroes.juntadeandalucia.es\/ieshimilce\/actividades\/junio-2013-142_800x600\/'><img loading=\"lazy\" decoding=\"async\" width=\"150\" height=\"150\" src=\"https:\/\/blogsaverroes.juntadeandalucia.es\/ieshimilce\/files\/2017\/06\/junio-2013-142_800x600-150x150.jpg\" class=\"attachment-thumbnail size-thumbnail\" alt=\"\" srcset=\"https:\/\/blogsaverroes.juntadeandalucia.es\/ieshimilce\/files\/2017\/06\/junio-2013-142_800x600-150x150.jpg 150w, https:\/\/blogsaverroes.juntadeandalucia.es\/ieshimilce\/files\/2017\/06\/junio-2013-142_800x600-100x100.jpg 100w, https:\/\/blogsaverroes.juntadeandalucia.es\/ieshimilce\/files\/2017\/06\/junio-2013-142_800x600-50x50.jpg 50w\" sizes=\"(max-width: 150px) 100vw, 150px\" \/><\/a>\n\t\t\t<\/dt><\/dl><dl class='gallery-item'>\n\t\t\t<dt class='gallery-icon landscape'>\n\t\t\t\t<a href='https:\/\/blogsaverroes.juntadeandalucia.es\/ieshimilce\/actividades\/junio-2013-143_800x600\/'><img loading=\"lazy\" decoding=\"async\" width=\"150\" height=\"150\" src=\"https:\/\/blogsaverroes.juntadeandalucia.es\/ieshimilce\/files\/2017\/06\/junio-2013-143_800x600-150x150.jpg\" class=\"attachment-thumbnail size-thumbnail\" alt=\"\" srcset=\"https:\/\/blogsaverroes.juntadeandalucia.es\/ieshimilce\/files\/2017\/06\/junio-2013-143_800x600-150x150.jpg 150w, https:\/\/blogsaverroes.juntadeandalucia.es\/ieshimilce\/files\/2017\/06\/junio-2013-143_800x600-100x100.jpg 100w, https:\/\/blogsaverroes.juntadeandalucia.es\/ieshimilce\/files\/2017\/06\/junio-2013-143_800x600-50x50.jpg 50w\" sizes=\"(max-width: 150px) 100vw, 150px\" \/><\/a>\n\t\t\t<\/dt><\/dl><dl class='gallery-item'>\n\t\t\t<dt class='gallery-icon landscape'>\n\t\t\t\t<a href='https:\/\/blogsaverroes.juntadeandalucia.es\/ieshimilce\/actividades\/junio-2013-144_800x600\/'><img loading=\"lazy\" decoding=\"async\" width=\"150\" height=\"150\" src=\"https:\/\/blogsaverroes.juntadeandalucia.es\/ieshimilce\/files\/2017\/06\/junio-2013-144_800x600-150x150.jpg\" class=\"attachment-thumbnail size-thumbnail\" alt=\"\" srcset=\"https:\/\/blogsaverroes.juntadeandalucia.es\/ieshimilce\/files\/2017\/06\/junio-2013-144_800x600-150x150.jpg 150w, https:\/\/blogsaverroes.juntadeandalucia.es\/ieshimilce\/files\/2017\/06\/junio-2013-144_800x600-100x100.jpg 100w, https:\/\/blogsaverroes.juntadeandalucia.es\/ieshimilce\/files\/2017\/06\/junio-2013-144_800x600-50x50.jpg 50w\" sizes=\"(max-width: 150px) 100vw, 150px\" \/><\/a>\n\t\t\t<\/dt><\/dl><dl class='gallery-item'>\n\t\t\t<dt class='gallery-icon landscape'>\n\t\t\t\t<a href='https:\/\/blogsaverroes.juntadeandalucia.es\/ieshimilce\/actividades\/junio-2013-145_800x600\/'><img loading=\"lazy\" decoding=\"async\" width=\"150\" height=\"150\" src=\"https:\/\/blogsaverroes.juntadeandalucia.es\/ieshimilce\/files\/2017\/06\/junio-2013-145_800x600-150x150.jpg\" class=\"attachment-thumbnail size-thumbnail\" alt=\"\" srcset=\"https:\/\/blogsaverroes.juntadeandalucia.es\/ieshimilce\/files\/2017\/06\/junio-2013-145_800x600-150x150.jpg 150w, https:\/\/blogsaverroes.juntadeandalucia.es\/ieshimilce\/files\/2017\/06\/junio-2013-145_800x600-100x100.jpg 100w, https:\/\/blogsaverroes.juntadeandalucia.es\/ieshimilce\/files\/2017\/06\/junio-2013-145_800x600-50x50.jpg 50w\" sizes=\"(max-width: 150px) 100vw, 150px\" \/><\/a>\n\t\t\t<\/dt><\/dl><br style=\"clear: both\" \/><dl class='gallery-item'>\n\t\t\t<dt class='gallery-icon landscape'>\n\t\t\t\t<a href='https:\/\/blogsaverroes.juntadeandalucia.es\/ieshimilce\/actividades\/junio-2013-146_800x600\/'><img loading=\"lazy\" decoding=\"async\" width=\"150\" height=\"150\" src=\"https:\/\/blogsaverroes.juntadeandalucia.es\/ieshimilce\/files\/2017\/06\/junio-2013-146_800x600-150x150.jpg\" class=\"attachment-thumbnail size-thumbnail\" alt=\"\" srcset=\"https:\/\/blogsaverroes.juntadeandalucia.es\/ieshimilce\/files\/2017\/06\/junio-2013-146_800x600-150x150.jpg 150w, https:\/\/blogsaverroes.juntadeandalucia.es\/ieshimilce\/files\/2017\/06\/junio-2013-146_800x600-100x100.jpg 100w, https:\/\/blogsaverroes.juntadeandalucia.es\/ieshimilce\/files\/2017\/06\/junio-2013-146_800x600-50x50.jpg 50w\" sizes=\"(max-width: 150px) 100vw, 150px\" \/><\/a>\n\t\t\t<\/dt><\/dl><dl class='gallery-item'>\n\t\t\t<dt class='gallery-icon landscape'>\n\t\t\t\t<a href='https:\/\/blogsaverroes.juntadeandalucia.es\/ieshimilce\/actividades\/junio-2013-147_800x600\/'><img loading=\"lazy\" decoding=\"async\" width=\"150\" height=\"150\" src=\"https:\/\/blogsaverroes.juntadeandalucia.es\/ieshimilce\/files\/2017\/06\/junio-2013-147_800x600-150x150.jpg\" class=\"attachment-thumbnail size-thumbnail\" alt=\"\" srcset=\"https:\/\/blogsaverroes.juntadeandalucia.es\/ieshimilce\/files\/2017\/06\/junio-2013-147_800x600-150x150.jpg 150w, https:\/\/blogsaverroes.juntadeandalucia.es\/ieshimilce\/files\/2017\/06\/junio-2013-147_800x600-100x100.jpg 100w, https:\/\/blogsaverroes.juntadeandalucia.es\/ieshimilce\/files\/2017\/06\/junio-2013-147_800x600-50x50.jpg 50w\" sizes=\"(max-width: 150px) 100vw, 150px\" \/><\/a>\n\t\t\t<\/dt><\/dl><dl class='gallery-item'>\n\t\t\t<dt class='gallery-icon landscape'>\n\t\t\t\t<a href='https:\/\/blogsaverroes.juntadeandalucia.es\/ieshimilce\/actividades\/junio-2013-148_800x600\/'><img loading=\"lazy\" decoding=\"async\" width=\"150\" height=\"150\" src=\"https:\/\/blogsaverroes.juntadeandalucia.es\/ieshimilce\/files\/2017\/06\/junio-2013-148_800x600-150x150.jpg\" class=\"attachment-thumbnail size-thumbnail\" alt=\"\" srcset=\"https:\/\/blogsaverroes.juntadeandalucia.es\/ieshimilce\/files\/2017\/06\/junio-2013-148_800x600-150x150.jpg 150w, https:\/\/blogsaverroes.juntadeandalucia.es\/ieshimilce\/files\/2017\/06\/junio-2013-148_800x600-100x100.jpg 100w, https:\/\/blogsaverroes.juntadeandalucia.es\/ieshimilce\/files\/2017\/06\/junio-2013-148_800x600-50x50.jpg 50w\" sizes=\"(max-width: 150px) 100vw, 150px\" \/><\/a>\n\t\t\t<\/dt><\/dl><dl class='gallery-item'>\n\t\t\t<dt class='gallery-icon landscape'>\n\t\t\t\t<a href='https:\/\/blogsaverroes.juntadeandalucia.es\/ieshimilce\/actividades\/junio-2013-149_800x600\/'><img loading=\"lazy\" decoding=\"async\" width=\"150\" height=\"150\" src=\"https:\/\/blogsaverroes.juntadeandalucia.es\/ieshimilce\/files\/2017\/06\/junio-2013-149_800x600-150x150.jpg\" class=\"attachment-thumbnail size-thumbnail\" alt=\"\" srcset=\"https:\/\/blogsaverroes.juntadeandalucia.es\/ieshimilce\/files\/2017\/06\/junio-2013-149_800x600-150x150.jpg 150w, https:\/\/blogsaverroes.juntadeandalucia.es\/ieshimilce\/files\/2017\/06\/junio-2013-149_800x600-100x100.jpg 100w, https:\/\/blogsaverroes.juntadeandalucia.es\/ieshimilce\/files\/2017\/06\/junio-2013-149_800x600-50x50.jpg 50w\" sizes=\"(max-width: 150px) 100vw, 150px\" \/><\/a>\n\t\t\t<\/dt><\/dl><dl class='gallery-item'>\n\t\t\t<dt class='gallery-icon landscape'>\n\t\t\t\t<a href='https:\/\/blogsaverroes.juntadeandalucia.es\/ieshimilce\/actividades\/junio-2013-150_800x600\/'><img loading=\"lazy\" decoding=\"async\" width=\"150\" height=\"150\" src=\"https:\/\/blogsaverroes.juntadeandalucia.es\/ieshimilce\/files\/2017\/06\/junio-2013-150_800x600-150x150.jpg\" class=\"attachment-thumbnail size-thumbnail\" alt=\"\" srcset=\"https:\/\/blogsaverroes.juntadeandalucia.es\/ieshimilce\/files\/2017\/06\/junio-2013-150_800x600-150x150.jpg 150w, https:\/\/blogsaverroes.juntadeandalucia.es\/ieshimilce\/files\/2017\/06\/junio-2013-150_800x600-100x100.jpg 100w, https:\/\/blogsaverroes.juntadeandalucia.es\/ieshimilce\/files\/2017\/06\/junio-2013-150_800x600-50x50.jpg 50w\" sizes=\"(max-width: 150px) 100vw, 150px\" \/><\/a>\n\t\t\t<\/dt><\/dl><dl class='gallery-item'>\n\t\t\t<dt class='gallery-icon landscape'>\n\t\t\t\t<a href='https:\/\/blogsaverroes.juntadeandalucia.es\/ieshimilce\/actividades\/junio-2013-151_800x600\/'><img loading=\"lazy\" decoding=\"async\" width=\"150\" height=\"150\" src=\"https:\/\/blogsaverroes.juntadeandalucia.es\/ieshimilce\/files\/2017\/06\/junio-2013-151_800x600-150x150.jpg\" class=\"attachment-thumbnail size-thumbnail\" alt=\"\" srcset=\"https:\/\/blogsaverroes.juntadeandalucia.es\/ieshimilce\/files\/2017\/06\/junio-2013-151_800x600-150x150.jpg 150w, https:\/\/blogsaverroes.juntadeandalucia.es\/ieshimilce\/files\/2017\/06\/junio-2013-151_800x600-100x100.jpg 100w, https:\/\/blogsaverroes.juntadeandalucia.es\/ieshimilce\/files\/2017\/06\/junio-2013-151_800x600-50x50.jpg 50w\" sizes=\"(max-width: 150px) 100vw, 150px\" \/><\/a>\n\t\t\t<\/dt><\/dl><br style=\"clear: both\" \/><dl class='gallery-item'>\n\t\t\t<dt class='gallery-icon portrait'>\n\t\t\t\t<a href='https:\/\/blogsaverroes.juntadeandalucia.es\/ieshimilce\/actividades\/junio-2013-152_450x600\/'><img loading=\"lazy\" decoding=\"async\" width=\"150\" height=\"150\" src=\"https:\/\/blogsaverroes.juntadeandalucia.es\/ieshimilce\/files\/2017\/06\/junio-2013-152_450x600-150x150.jpg\" class=\"attachment-thumbnail size-thumbnail\" alt=\"\" srcset=\"https:\/\/blogsaverroes.juntadeandalucia.es\/ieshimilce\/files\/2017\/06\/junio-2013-152_450x600-150x150.jpg 150w, https:\/\/blogsaverroes.juntadeandalucia.es\/ieshimilce\/files\/2017\/06\/junio-2013-152_450x600-100x100.jpg 100w, https:\/\/blogsaverroes.juntadeandalucia.es\/ieshimilce\/files\/2017\/06\/junio-2013-152_450x600-50x50.jpg 50w\" sizes=\"(max-width: 150px) 100vw, 150px\" \/><\/a>\n\t\t\t<\/dt><\/dl><dl class='gallery-item'>\n\t\t\t<dt class='gallery-icon landscape'>\n\t\t\t\t<a href='https:\/\/blogsaverroes.juntadeandalucia.es\/ieshimilce\/actividades\/junio-2013-153_800x600\/'><img loading=\"lazy\" decoding=\"async\" width=\"150\" height=\"150\" src=\"https:\/\/blogsaverroes.juntadeandalucia.es\/ieshimilce\/files\/2017\/06\/junio-2013-153_800x600-150x150.jpg\" class=\"attachment-thumbnail size-thumbnail\" alt=\"\" srcset=\"https:\/\/blogsaverroes.juntadeandalucia.es\/ieshimilce\/files\/2017\/06\/junio-2013-153_800x600-150x150.jpg 150w, https:\/\/blogsaverroes.juntadeandalucia.es\/ieshimilce\/files\/2017\/06\/junio-2013-153_800x600-100x100.jpg 100w, https:\/\/blogsaverroes.juntadeandalucia.es\/ieshimilce\/files\/2017\/06\/junio-2013-153_800x600-50x50.jpg 50w\" sizes=\"(max-width: 150px) 100vw, 150px\" \/><\/a>\n\t\t\t<\/dt><\/dl><dl class='gallery-item'>\n\t\t\t<dt class='gallery-icon landscape'>\n\t\t\t\t<a href='https:\/\/blogsaverroes.juntadeandalucia.es\/ieshimilce\/actividades\/junio-2013-154_800x600\/'><img loading=\"lazy\" decoding=\"async\" width=\"150\" height=\"150\" src=\"https:\/\/blogsaverroes.juntadeandalucia.es\/ieshimilce\/files\/2017\/06\/junio-2013-154_800x600-150x150.jpg\" class=\"attachment-thumbnail size-thumbnail\" alt=\"\" srcset=\"https:\/\/blogsaverroes.juntadeandalucia.es\/ieshimilce\/files\/2017\/06\/junio-2013-154_800x600-150x150.jpg 150w, https:\/\/blogsaverroes.juntadeandalucia.es\/ieshimilce\/files\/2017\/06\/junio-2013-154_800x600-100x100.jpg 100w, https:\/\/blogsaverroes.juntadeandalucia.es\/ieshimilce\/files\/2017\/06\/junio-2013-154_800x600-50x50.jpg 50w\" sizes=\"(max-width: 150px) 100vw, 150px\" \/><\/a>\n\t\t\t<\/dt><\/dl>\n\t\t\t<br style='clear: both' \/>\n\t\t<\/div>\n\n<h4 style=\"text-align: justify\"><span style=\"font-size: 12pt\">Participaci\u00f3n de estudiantes y docentes andaluces en las olimpiadas europeas de FP \u201cEuroskills 2018\u201d.<\/span><\/h4>\n<div style=\"text-align: justify\">\n<p><span style=\"font-size: 12pt\"><a href=\"https:\/\/blogsaverroes.juntadeandalucia.es\/ieshimilce\/files\/2017\/06\/Skills_2018.jpg\"><img loading=\"lazy\" decoding=\"async\" class=\"aligncenter size-full wp-image-5618\" src=\"https:\/\/blogsaverroes.juntadeandalucia.es\/ieshimilce\/files\/2017\/06\/Skills_2018.jpg\" alt=\"\" width=\"1397\" height=\"194\" srcset=\"https:\/\/blogsaverroes.juntadeandalucia.es\/ieshimilce\/files\/2017\/06\/Skills_2018.jpg 1397w, https:\/\/blogsaverroes.juntadeandalucia.es\/ieshimilce\/files\/2017\/06\/Skills_2018-300x42.jpg 300w, https:\/\/blogsaverroes.juntadeandalucia.es\/ieshimilce\/files\/2017\/06\/Skills_2018-768x107.jpg 768w, https:\/\/blogsaverroes.juntadeandalucia.es\/ieshimilce\/files\/2017\/06\/Skills_2018-1024x142.jpg 1024w, https:\/\/blogsaverroes.juntadeandalucia.es\/ieshimilce\/files\/2017\/06\/Skills_2018-24x3.jpg 24w, https:\/\/blogsaverroes.juntadeandalucia.es\/ieshimilce\/files\/2017\/06\/Skills_2018-36x5.jpg 36w, https:\/\/blogsaverroes.juntadeandalucia.es\/ieshimilce\/files\/2017\/06\/Skills_2018-48x7.jpg 48w\" sizes=\"(max-width: 1397px) 100vw, 1397px\" \/><\/a><\/span><\/p>\n<hr>\n<p><span style=\"font-size: 12pt\"><span style=\"font-size: 14pt\">La andadura de los estudiantes y profesores de FP dio comienzo en el campeonato auton\u00f3mico &#8216;Andaluc\u00edaskills&#8217;, celebrado en C\u00f3rdoba en 2016. Los participantes que recibieron medalla de oro en las distintas modalidades fueron designados para representar a Andaluc\u00eda en la competici\u00f3n nacional Spainskills.&nbsp; A trav\u00e9s de dicha competici\u00f3n fueron seleccionados los integrantes del equipo espa\u00f1ol para participar en la competici\u00f3n europea \u00abEuroskills 2018\u00bb, celebrado en Septiembre de este a\u00f1o en Budapest.En esta edici\u00f3n, el estudiante <strong>Carlos Carmona P\u00e9rez <\/strong>del IES Atenea de Mairena de Aljarafe (Sevilla), ha recibido un doble galard\u00f3n tras ganar la medalla de oro, en la modalidad de <em>Servicio de Restaurante y Bar<\/em>. Asimismo, el estudiante <strong>Tom\u00e1s Rivera D\u00edaz, <\/strong>preparado y tutorado por nuestro compa\u00f1ero<strong> Juan Jos\u00e9 Mariscal Romero<\/strong> en su etapa docente en el IES Salduba de M\u00e1laga, se ha hecho con la medalla de excelencia en la modalidad de <em>Peluquer\u00eda<\/em> tras alcanzar m\u00e1s de 700 puntos.La presidenta de la Junta, Susana D\u00edaz, se reuni\u00f3 con una representaci\u00f3n de los estudiantes y docentes andaluces que han participado en estas &#8216;olimpiadas&#8217; de Formaci\u00f3n Profesional, para trasladarles personalmente su enhorabuena y su agradecimiento por la magn\u00edfica representaci\u00f3n que hicieron de Andaluc\u00eda.&nbsp;Podemos ver como transcurri\u00f3 la olimpiada en el siguiente enlace:&nbsp;<\/span><\/span><\/p>\n<p><span style=\"font-size: 14pt\"><a href=\"https:\/\/www.flickr.com\/photos\/euroskills2018\/page1\">https:\/\/www.flickr.com\/photos\/euroskills2018\/page1<\/a><\/span><\/p>\n<p><span style=\"font-size: 12pt\"><a href=\"https:\/\/blogsaverroes.juntadeandalucia.es\/ieshimilce\/files\/2017\/06\/fotosSkills_2018.jpg\"><img loading=\"lazy\" decoding=\"async\" class=\"aligncenter size-full wp-image-5619\" src=\"https:\/\/blogsaverroes.juntadeandalucia.es\/ieshimilce\/files\/2017\/06\/fotosSkills_2018.jpg\" alt=\"\" width=\"1404\" height=\"840\" srcset=\"https:\/\/blogsaverroes.juntadeandalucia.es\/ieshimilce\/files\/2017\/06\/fotosSkills_2018.jpg 1404w, https:\/\/blogsaverroes.juntadeandalucia.es\/ieshimilce\/files\/2017\/06\/fotosSkills_2018-300x179.jpg 300w, https:\/\/blogsaverroes.juntadeandalucia.es\/ieshimilce\/files\/2017\/06\/fotosSkills_2018-768x459.jpg 768w, https:\/\/blogsaverroes.juntadeandalucia.es\/ieshimilce\/files\/2017\/06\/fotosSkills_2018-1024x613.jpg 1024w, https:\/\/blogsaverroes.juntadeandalucia.es\/ieshimilce\/files\/2017\/06\/fotosSkills_2018-24x14.jpg 24w, https:\/\/blogsaverroes.juntadeandalucia.es\/ieshimilce\/files\/2017\/06\/fotosSkills_2018-36x22.jpg 36w, https:\/\/blogsaverroes.juntadeandalucia.es\/ieshimilce\/files\/2017\/06\/fotosSkills_2018-48x29.jpg 48w\" sizes=\"(max-width: 1404px) 100vw, 1404px\" \/><\/a><a href=\"https:\/\/blogsaverroes.juntadeandalucia.es\/ieshimilce\/files\/2017\/06\/Euroskills-2018.jpg\"><img loading=\"lazy\" decoding=\"async\" class=\"aligncenter size-full wp-image-5617\" src=\"https:\/\/blogsaverroes.juntadeandalucia.es\/ieshimilce\/files\/2017\/06\/Euroskills-2018.jpg\" alt=\"\" width=\"930\" height=\"548\" srcset=\"https:\/\/blogsaverroes.juntadeandalucia.es\/ieshimilce\/files\/2017\/06\/Euroskills-2018.jpg 930w, https:\/\/blogsaverroes.juntadeandalucia.es\/ieshimilce\/files\/2017\/06\/Euroskills-2018-300x177.jpg 300w, https:\/\/blogsaverroes.juntadeandalucia.es\/ieshimilce\/files\/2017\/06\/Euroskills-2018-768x453.jpg 768w, https:\/\/blogsaverroes.juntadeandalucia.es\/ieshimilce\/files\/2017\/06\/Euroskills-2018-24x14.jpg 24w, https:\/\/blogsaverroes.juntadeandalucia.es\/ieshimilce\/files\/2017\/06\/Euroskills-2018-36x21.jpg 36w, https:\/\/blogsaverroes.juntadeandalucia.es\/ieshimilce\/files\/2017\/06\/Euroskills-2018-48x28.jpg 48w\" sizes=\"(max-width: 930px) 100vw, 930px\" \/><\/a><\/span><\/p>\n<h3><strong style=\"font-size: 12pt\">Programa INNICA<\/strong><\/h3>\n<p><span style=\"font-size: 14pt\">Como en cursos anteriores, el IES HIMILCE ha participado durante este curso 2017\/2018 en el Programa INNICIA impulsado por la Junta de Andaluc\u00eda (Andaluc\u00eda Emprende y Educaci\u00f3n), en el marco del Plan para el Fomento de la Cultura Emprendedora en el Sistema Educativo P\u00fablico de Andaluc\u00eda.El resumen final de dicho programa fue presentado en esta ocasi\u00f3n en la <strong>Feria de Emprendimiento<\/strong> celebrada en la localidad de Torredelcampo (Ja\u00e9n), en la que se dieron a conocer los 41 proyectos desarrollados dentro del programa INNICIA en los que han trabajado 41 centros educativos de la provincia de Ja\u00e9n durante todo el curso escolar.Como novedad para este a\u00f1o, se celebr\u00f3 la primera edici\u00f3n del <strong>concurso de video-experiencias Inicia 2018 \u00abShow what you do\u00bb,<\/strong><\/span><span style=\"font-size: 12pt\"><span style=\"font-size: 14pt\"> que reconoce y distingue el esfuerzo innovador que el profesorado y el alumnado realizan en el \u00e1mbito escolar para el fomento y el desarrollo de habilidades emprendedoras.<\/span> <span style=\"font-size: 14pt\">El <\/span><\/span><span style=\"font-size: 14pt\"><strong>IES Fernando III<\/strong>, de Martos, resulto el ganador, quedando el <strong>IES Himilce<\/strong> en segundo lugar.El proyecto presentado y desarrollado en esta ocasi\u00f3n por el IES Himilce lleva por t\u00edtulo: <strong>ILUSI\u00d3N E INCLUSI\u00d3N HIMILCE<\/strong>, y cuyos objetivos principales son:<\/span><\/p>\n<\/div>\n<div style=\"text-align: justify\">\n<ul style=\"text-align: justify\">\n<li><span style=\"font-size: 14pt\"><strong>INCLUIR <\/strong>a todos los alumn@s y a nuestro entorno en la vida del centro.<\/span><\/li>\n<li><span style=\"font-size: 14pt\"><strong>ILUSIONAR<\/strong> a nuestros alumn@as a nivel personal, social y productivo.<\/span><\/li>\n<li><span style=\"font-size: 14pt\"><strong>MOTIVAR <\/strong>el esp\u00edritu creativo, la innovaci\u00f3n y el emprendimiento de nuestros alumn@s.<\/span><\/li>\n<\/ul>\n<p><span style=\"font-size: 14pt\">El v\u00eddeo que mostramos a continuaci\u00f3n muestra un resumen del proyecto desarrollado durante este curso.<\/span><\/p>\n<p><span style=\"font-size: 12pt\"><a href=\"https:\/\/blogsaverroes.juntadeandalucia.es\/ieshimilce\/files\/2017\/06\/Alumnos-en-INNICIA.jpg\"><img loading=\"lazy\" decoding=\"async\" class=\"aligncenter size-full wp-image-5530\" src=\"https:\/\/blogsaverroes.juntadeandalucia.es\/ieshimilce\/files\/2017\/06\/Alumnos-en-INNICIA.jpg\" alt=\"\" width=\"1600\" height=\"900\" srcset=\"https:\/\/blogsaverroes.juntadeandalucia.es\/ieshimilce\/files\/2017\/06\/Alumnos-en-INNICIA.jpg 1600w, https:\/\/blogsaverroes.juntadeandalucia.es\/ieshimilce\/files\/2017\/06\/Alumnos-en-INNICIA-300x169.jpg 300w, https:\/\/blogsaverroes.juntadeandalucia.es\/ieshimilce\/files\/2017\/06\/Alumnos-en-INNICIA-768x432.jpg 768w, https:\/\/blogsaverroes.juntadeandalucia.es\/ieshimilce\/files\/2017\/06\/Alumnos-en-INNICIA-1024x576.jpg 1024w, https:\/\/blogsaverroes.juntadeandalucia.es\/ieshimilce\/files\/2017\/06\/Alumnos-en-INNICIA-24x14.jpg 24w, https:\/\/blogsaverroes.juntadeandalucia.es\/ieshimilce\/files\/2017\/06\/Alumnos-en-INNICIA-36x20.jpg 36w, https:\/\/blogsaverroes.juntadeandalucia.es\/ieshimilce\/files\/2017\/06\/Alumnos-en-INNICIA-48x27.jpg 48w\" sizes=\"(max-width: 1600px) 100vw, 1600px\" \/><\/a><\/span><\/p>\n<\/div>\n<div style=\"text-align: justify\">\n<div class=\"embed-container\"><iframe loading=\"lazy\" title=\"VIDEO INNICIA IES HIMILCE\" width=\"555\" height=\"312\" src=\"https:\/\/www.youtube.com\/embed\/1nV7PwmiRfk?feature=oembed\" frameborder=\"0\" allow=\"accelerometer; autoplay; clipboard-write; encrypted-media; gyroscope; picture-in-picture; web-share\" referrerpolicy=\"strict-origin-when-cross-origin\" allowfullscreen><\/iframe><\/div>\n<hr>\n<\/div>\n<p style=\"text-align: justify\"><span style=\"font-size: 14pt\"><strong>Tres de nuestros alumnos\/as del IES Himilce participan este a\u00f1o en el encuentro de Corresponsales juveniles del Instituto Andaluz de la Juventud.<\/strong><\/span><\/p>\n<p style=\"text-align: justify\"><span style=\"font-size: 14pt\">Los encuentros de corresponsales juveniles en Andaluc\u00eda son una iniciativa promovida por el Instituto Andaluz de la Juventud (IAJ), cuyos destinatarios son tanto corresponsales juveniles como j\u00f3venes dispuestos a darse de alta como tales en el momento de la inscripci\u00f3n que tengan edades comprendidas entre los 16 y 23 a\u00f1os.<\/span><\/p>\n<p style=\"text-align: justify\"><span style=\"font-size: 14pt\">Los encuentros, que tienen lugar en diversas provincias andaluzas, tienen un contenido informativo y especialmente formativo en temas sobre redes sociales, complement\u00e1ndose con la realizaci\u00f3n de talleres y&nbsp; el desarrollo de actividades l\u00fadicas.<\/span><\/p>\n<p>&nbsp;<\/p>\n<p style=\"text-align: justify\"><span style=\"font-size: 12pt\"><a href=\"https:\/\/blogsaverroes.juntadeandalucia.es\/ieshimilce\/files\/2017\/06\/Encuentros.jpg\"><img loading=\"lazy\" decoding=\"async\" class=\"aligncenter size-full wp-image-5551\" src=\"https:\/\/blogsaverroes.juntadeandalucia.es\/ieshimilce\/files\/2017\/06\/Encuentros.jpg\" alt=\"\" width=\"960\" height=\"720\" srcset=\"https:\/\/blogsaverroes.juntadeandalucia.es\/ieshimilce\/files\/2017\/06\/Encuentros.jpg 960w, https:\/\/blogsaverroes.juntadeandalucia.es\/ieshimilce\/files\/2017\/06\/Encuentros-300x225.jpg 300w, https:\/\/blogsaverroes.juntadeandalucia.es\/ieshimilce\/files\/2017\/06\/Encuentros-768x576.jpg 768w, https:\/\/blogsaverroes.juntadeandalucia.es\/ieshimilce\/files\/2017\/06\/Encuentros-24x18.jpg 24w, https:\/\/blogsaverroes.juntadeandalucia.es\/ieshimilce\/files\/2017\/06\/Encuentros-36x27.jpg 36w, https:\/\/blogsaverroes.juntadeandalucia.es\/ieshimilce\/files\/2017\/06\/Encuentros-48x36.jpg 48w\" sizes=\"(max-width: 960px) 100vw, 960px\" \/><\/a><\/span><\/p>\n<div style=\"text-align: justify\">\n<hr>\n<\/div>\n<h4><strong><span style=\"font-size: 12pt\">Taller de primeros auxilios.<\/span><\/strong><\/h4>\n<div style=\"text-align: justify\"><span style=\"font-size: 14pt\">Los alumnos y profesores de los Ciclos Formativos aprendimos a realizar primeros auxilios de la mano de aut\u00e9nticos profesionales. Muy \u00fatil. Nunca se sabe&#8230;<\/span><\/div>\n<div style=\"text-align: justify\"><span style=\"font-size: 12pt\">&nbsp;<\/span><\/div>\n<div style=\"text-align: justify\">\n<p><span style=\"font-size: 12pt\"><a href=\"https:\/\/blogsaverroes.juntadeandalucia.es\/ieshimilce\/files\/2017\/06\/Primeros-auxilios.jpg\"><img loading=\"lazy\" decoding=\"async\" class=\"aligncenter size-full wp-image-5497\" src=\"https:\/\/blogsaverroes.juntadeandalucia.es\/ieshimilce\/files\/2017\/06\/Primeros-auxilios.jpg\" alt=\"\" width=\"960\" height=\"540\" srcset=\"https:\/\/blogsaverroes.juntadeandalucia.es\/ieshimilce\/files\/2017\/06\/Primeros-auxilios.jpg 960w, https:\/\/blogsaverroes.juntadeandalucia.es\/ieshimilce\/files\/2017\/06\/Primeros-auxilios-300x169.jpg 300w, https:\/\/blogsaverroes.juntadeandalucia.es\/ieshimilce\/files\/2017\/06\/Primeros-auxilios-768x432.jpg 768w, https:\/\/blogsaverroes.juntadeandalucia.es\/ieshimilce\/files\/2017\/06\/Primeros-auxilios-24x14.jpg 24w, https:\/\/blogsaverroes.juntadeandalucia.es\/ieshimilce\/files\/2017\/06\/Primeros-auxilios-36x20.jpg 36w, https:\/\/blogsaverroes.juntadeandalucia.es\/ieshimilce\/files\/2017\/06\/Primeros-auxilios-48x27.jpg 48w\" sizes=\"(max-width: 960px) 100vw, 960px\" \/><\/a><\/span><\/p>\n<hr>\n<\/div>\n<h4 style=\"text-align: justify\"><span style=\"font-size: 12pt\"><strong>04\/05\/2018. Participaci\u00f3n del IES Himilce en la I Fer\u00eda de FP de Baeza.<\/strong><\/span><\/h4>\n<div style=\"text-align: justify\"><span style=\"font-size: 12pt\">&nbsp;<\/span><\/div>\n<div style=\"text-align: justify\"><span style=\"font-size: 12pt\"><a href=\"https:\/\/blogsaverroes.juntadeandalucia.es\/ieshimilce\/files\/2017\/06\/Feria-FP-Baeza.jpg\"><img loading=\"lazy\" decoding=\"async\" class=\"aligncenter size-full wp-image-5485\" src=\"https:\/\/blogsaverroes.juntadeandalucia.es\/ieshimilce\/files\/2017\/06\/Feria-FP-Baeza.jpg\" alt=\"\" width=\"960\" height=\"540\" srcset=\"https:\/\/blogsaverroes.juntadeandalucia.es\/ieshimilce\/files\/2017\/06\/Feria-FP-Baeza.jpg 960w, https:\/\/blogsaverroes.juntadeandalucia.es\/ieshimilce\/files\/2017\/06\/Feria-FP-Baeza-300x169.jpg 300w, https:\/\/blogsaverroes.juntadeandalucia.es\/ieshimilce\/files\/2017\/06\/Feria-FP-Baeza-768x432.jpg 768w, https:\/\/blogsaverroes.juntadeandalucia.es\/ieshimilce\/files\/2017\/06\/Feria-FP-Baeza-24x14.jpg 24w, https:\/\/blogsaverroes.juntadeandalucia.es\/ieshimilce\/files\/2017\/06\/Feria-FP-Baeza-36x20.jpg 36w, https:\/\/blogsaverroes.juntadeandalucia.es\/ieshimilce\/files\/2017\/06\/Feria-FP-Baeza-48x27.jpg 48w\" sizes=\"(max-width: 960px) 100vw, 960px\" \/><\/a><\/span><\/div>\n<div style=\"text-align: justify\">\n<hr>\n<\/div>\n<h4 style=\"text-align: justify\"><strong><span style=\"font-size: 12pt\">24\/04\/2018. OBRA DE TEATRO.<\/span><\/strong><\/h4>\n<div style=\"text-align: justify\"><span style=\"font-size: 14pt\">Con motivo de la Feria del libro, la <strong>compa\u00f1\u00eda de teatro \u00abLA CUERDA\u00bb<\/strong> de Linares nos amenizo la ma\u00f1ana con la <strong>Obra de teatro<\/strong> \u00bb <em><strong>Franky y la Madre que lo pari\u00f3<\/strong><\/em>\u00ab. Una obra muy divertida y entretenida, en la que tambi\u00e9n participaron y se estrenaron como t\u00e9cnicos de sonido e iluminaci\u00f3n nuestros alumnos del Ciclo Formativo de Grado Medio de Instalaciones de Telecomunicaciones.&nbsp; Aqu\u00ed os dejamos algunos momentos de la obra.<\/span><\/div>\n<div style=\"text-align: justify\"><span style=\"font-size: 14pt\">&nbsp;<\/span><\/div>\n<div style=\"text-align: justify\"><span style=\"font-size: 12pt\"><a href=\"https:\/\/blogsaverroes.juntadeandalucia.es\/ieshimilce\/files\/2017\/06\/Diapositiva3.png\"><img loading=\"lazy\" decoding=\"async\" class=\"aligncenter size-full wp-image-5467\" src=\"https:\/\/blogsaverroes.juntadeandalucia.es\/ieshimilce\/files\/2017\/06\/Diapositiva3.png\" alt=\"\" width=\"960\" height=\"720\" srcset=\"https:\/\/blogsaverroes.juntadeandalucia.es\/ieshimilce\/files\/2017\/06\/Diapositiva3.png 960w, https:\/\/blogsaverroes.juntadeandalucia.es\/ieshimilce\/files\/2017\/06\/Diapositiva3-300x225.png 300w, https:\/\/blogsaverroes.juntadeandalucia.es\/ieshimilce\/files\/2017\/06\/Diapositiva3-768x576.png 768w, https:\/\/blogsaverroes.juntadeandalucia.es\/ieshimilce\/files\/2017\/06\/Diapositiva3-24x18.png 24w, https:\/\/blogsaverroes.juntadeandalucia.es\/ieshimilce\/files\/2017\/06\/Diapositiva3-36x27.png 36w, https:\/\/blogsaverroes.juntadeandalucia.es\/ieshimilce\/files\/2017\/06\/Diapositiva3-48x36.png 48w\" sizes=\"(max-width: 960px) 100vw, 960px\" \/><\/a><\/span><\/div>\n<div style=\"text-align: justify\"><span style=\"font-size: 12pt\"><a href=\"https:\/\/blogsaverroes.juntadeandalucia.es\/ieshimilce\/files\/2017\/06\/Diapositiva2.png\"><img loading=\"lazy\" decoding=\"async\" class=\"aligncenter size-full wp-image-5466\" src=\"https:\/\/blogsaverroes.juntadeandalucia.es\/ieshimilce\/files\/2017\/06\/Diapositiva2.png\" alt=\"\" width=\"960\" height=\"720\" srcset=\"https:\/\/blogsaverroes.juntadeandalucia.es\/ieshimilce\/files\/2017\/06\/Diapositiva2.png 960w, https:\/\/blogsaverroes.juntadeandalucia.es\/ieshimilce\/files\/2017\/06\/Diapositiva2-300x225.png 300w, https:\/\/blogsaverroes.juntadeandalucia.es\/ieshimilce\/files\/2017\/06\/Diapositiva2-768x576.png 768w, https:\/\/blogsaverroes.juntadeandalucia.es\/ieshimilce\/files\/2017\/06\/Diapositiva2-24x18.png 24w, https:\/\/blogsaverroes.juntadeandalucia.es\/ieshimilce\/files\/2017\/06\/Diapositiva2-36x27.png 36w, https:\/\/blogsaverroes.juntadeandalucia.es\/ieshimilce\/files\/2017\/06\/Diapositiva2-48x36.png 48w\" sizes=\"(max-width: 960px) 100vw, 960px\" \/><\/a><\/span><\/div>\n<div style=\"text-align: justify\"><span style=\"font-size: 12pt\"><a href=\"https:\/\/blogsaverroes.juntadeandalucia.es\/ieshimilce\/files\/2017\/06\/Diapositiva1.png\"><img loading=\"lazy\" decoding=\"async\" class=\"aligncenter size-full wp-image-5465\" src=\"https:\/\/blogsaverroes.juntadeandalucia.es\/ieshimilce\/files\/2017\/06\/Diapositiva1.png\" alt=\"\" width=\"960\" height=\"720\" srcset=\"https:\/\/blogsaverroes.juntadeandalucia.es\/ieshimilce\/files\/2017\/06\/Diapositiva1.png 960w, https:\/\/blogsaverroes.juntadeandalucia.es\/ieshimilce\/files\/2017\/06\/Diapositiva1-300x225.png 300w, https:\/\/blogsaverroes.juntadeandalucia.es\/ieshimilce\/files\/2017\/06\/Diapositiva1-768x576.png 768w, https:\/\/blogsaverroes.juntadeandalucia.es\/ieshimilce\/files\/2017\/06\/Diapositiva1-24x18.png 24w, https:\/\/blogsaverroes.juntadeandalucia.es\/ieshimilce\/files\/2017\/06\/Diapositiva1-36x27.png 36w, https:\/\/blogsaverroes.juntadeandalucia.es\/ieshimilce\/files\/2017\/06\/Diapositiva1-48x36.png 48w\" sizes=\"(max-width: 960px) 100vw, 960px\" \/><\/a><\/span><\/div>\n<div style=\"text-align: justify\"><span style=\"font-size: 12pt\">&nbsp;<\/span><\/div>\n<div style=\"text-align: justify\">\n<p><span style=\"font-size: 12pt\"><a href=\"https:\/\/blogsaverroes.juntadeandalucia.es\/ieshimilce\/files\/2017\/06\/Diapositiva4.png\"><img loading=\"lazy\" decoding=\"async\" class=\"aligncenter size-full wp-image-5468\" src=\"https:\/\/blogsaverroes.juntadeandalucia.es\/ieshimilce\/files\/2017\/06\/Diapositiva4.png\" alt=\"\" width=\"960\" height=\"720\" srcset=\"https:\/\/blogsaverroes.juntadeandalucia.es\/ieshimilce\/files\/2017\/06\/Diapositiva4.png 960w, https:\/\/blogsaverroes.juntadeandalucia.es\/ieshimilce\/files\/2017\/06\/Diapositiva4-300x225.png 300w, https:\/\/blogsaverroes.juntadeandalucia.es\/ieshimilce\/files\/2017\/06\/Diapositiva4-768x576.png 768w, https:\/\/blogsaverroes.juntadeandalucia.es\/ieshimilce\/files\/2017\/06\/Diapositiva4-24x18.png 24w, https:\/\/blogsaverroes.juntadeandalucia.es\/ieshimilce\/files\/2017\/06\/Diapositiva4-36x27.png 36w, https:\/\/blogsaverroes.juntadeandalucia.es\/ieshimilce\/files\/2017\/06\/Diapositiva4-48x36.png 48w\" sizes=\"(max-width: 960px) 100vw, 960px\" \/><\/a><\/span><\/p>\n<\/div>\n<div style=\"text-align: justify\">\n<h4 style=\"text-align: justify\"><span style=\"font-size: 12pt\"><strong>12\/04\/2018. COLABORACIONES.<\/strong><\/span><\/h4>\n<div><span style=\"font-size: 14pt\">Nuestro alumnos\/as de los Ciclos formativos de Peluquer\u00eda y Est\u00e9tica vienen participando en numerosas actividades relacionadas con los preparativos necesarios de peluquer\u00eda y est\u00e9tica para la representaci\u00f3n de obras de teatro y en desfiles de moda. \u00c9stas son algunas de las colaboraciones:<\/span><\/div>\n<div>&nbsp;<\/div>\n<div><span style=\"font-size: 14pt\">Obra \u00ab<strong>Viento del pueblo<\/strong>\u00bb de <strong>Miguel Hern\u00e1ndez<\/strong> representada en el <strong>Teatro Maestro \u00c1lvarez Alonso<\/strong><\/span><span style=\"font-size: 12pt\"><span style=\"font-size: 14pt\"> de Martos (Ja\u00e9n).&nbsp;<\/span>&nbsp;<\/span><\/div>\n<div style=\"text-align: justify\">\n<h2 class=\"art-postheader\"><span style=\"font-size: 12pt\"><a href=\"https:\/\/blogsaverroes.juntadeandalucia.es\/ieshimilce\/files\/2017\/06\/Martos.png\"><img loading=\"lazy\" decoding=\"async\" class=\"aligncenter size-full wp-image-5472\" src=\"https:\/\/blogsaverroes.juntadeandalucia.es\/ieshimilce\/files\/2017\/06\/Martos.png\" alt=\"\" width=\"1234\" height=\"252\" srcset=\"https:\/\/blogsaverroes.juntadeandalucia.es\/ieshimilce\/files\/2017\/06\/Martos.png 1234w, https:\/\/blogsaverroes.juntadeandalucia.es\/ieshimilce\/files\/2017\/06\/Martos-300x61.png 300w, https:\/\/blogsaverroes.juntadeandalucia.es\/ieshimilce\/files\/2017\/06\/Martos-768x157.png 768w, https:\/\/blogsaverroes.juntadeandalucia.es\/ieshimilce\/files\/2017\/06\/Martos-1024x209.png 1024w, https:\/\/blogsaverroes.juntadeandalucia.es\/ieshimilce\/files\/2017\/06\/Martos-24x5.png 24w, https:\/\/blogsaverroes.juntadeandalucia.es\/ieshimilce\/files\/2017\/06\/Martos-36x7.png 36w, https:\/\/blogsaverroes.juntadeandalucia.es\/ieshimilce\/files\/2017\/06\/Martos-48x10.png 48w\" sizes=\"(max-width: 1234px) 100vw, 1234px\" \/><\/a><\/span><\/h2>\n<\/div>\n<\/div>\n<div style=\"text-align: justify\">\n<div>\n<h2 class=\"art-postheader\"><span style=\"font-size: 14pt\"><a href=\"https:\/\/martos.es\/cultura\/4567-teatro\">El teatro &#8216;Maestro \u00c1lvarez Alonso&#8217; acoge la obra &#8216;Miguel Hern\u00e1ndez. Viento del Pueblo&#8217;<\/a><\/span><\/h2>\n<h2 class=\"art-postheader\"><span style=\"font-size: 12pt\"><span style=\"font-size: 14pt\"><strong>\u00daltimo Desfile de modelos<\/strong><\/span><a href=\"https:\/\/blogsaverroes.juntadeandalucia.es\/ieshimilce\/files\/2017\/06\/IMG-20180406-WA0000.jpg\"><img loading=\"lazy\" decoding=\"async\" class=\"aligncenter size-full wp-image-5473\" src=\"https:\/\/blogsaverroes.juntadeandalucia.es\/ieshimilce\/files\/2017\/06\/IMG-20180406-WA0000.jpg\" alt=\"\" width=\"1134\" height=\"1600\" srcset=\"https:\/\/blogsaverroes.juntadeandalucia.es\/ieshimilce\/files\/2017\/06\/IMG-20180406-WA0000.jpg 1134w, https:\/\/blogsaverroes.juntadeandalucia.es\/ieshimilce\/files\/2017\/06\/IMG-20180406-WA0000-213x300.jpg 213w, https:\/\/blogsaverroes.juntadeandalucia.es\/ieshimilce\/files\/2017\/06\/IMG-20180406-WA0000-768x1084.jpg 768w, https:\/\/blogsaverroes.juntadeandalucia.es\/ieshimilce\/files\/2017\/06\/IMG-20180406-WA0000-726x1024.jpg 726w, https:\/\/blogsaverroes.juntadeandalucia.es\/ieshimilce\/files\/2017\/06\/IMG-20180406-WA0000-17x24.jpg 17w, https:\/\/blogsaverroes.juntadeandalucia.es\/ieshimilce\/files\/2017\/06\/IMG-20180406-WA0000-26x36.jpg 26w, https:\/\/blogsaverroes.juntadeandalucia.es\/ieshimilce\/files\/2017\/06\/IMG-20180406-WA0000-34x48.jpg 34w\" sizes=\"(max-width: 1134px) 100vw, 1134px\" \/><\/a><\/span><\/h2>\n<\/div>\n<div>\n<p>&nbsp;<\/p>\n<\/div>\n<\/div>\n<div style=\"text-align: justify\">\n<h4><span style=\"font-size: 12pt\"><strong>19\/03\/2018. Proyecto ERASMUS JA\u00c9N+ II para Ciclos Formativos de Grado Medio.<\/strong><\/span><\/h4>\n<div><span style=\"font-size: 12pt\"><a href=\"https:\/\/blogsaverroes.juntadeandalucia.es\/ieshimilce\/files\/2017\/06\/erasmus.png\"><img loading=\"lazy\" decoding=\"async\" class=\"size-full wp-image-5419 aligncenter\" src=\"https:\/\/blogsaverroes.juntadeandalucia.es\/ieshimilce\/files\/2017\/06\/erasmus.png\" alt=\"\" width=\"743\" height=\"75\" srcset=\"https:\/\/blogsaverroes.juntadeandalucia.es\/ieshimilce\/files\/2017\/06\/erasmus.png 743w, https:\/\/blogsaverroes.juntadeandalucia.es\/ieshimilce\/files\/2017\/06\/erasmus-300x30.png 300w, https:\/\/blogsaverroes.juntadeandalucia.es\/ieshimilce\/files\/2017\/06\/erasmus-24x2.png 24w, https:\/\/blogsaverroes.juntadeandalucia.es\/ieshimilce\/files\/2017\/06\/erasmus-36x4.png 36w, https:\/\/blogsaverroes.juntadeandalucia.es\/ieshimilce\/files\/2017\/06\/erasmus-48x5.png 48w\" sizes=\"(max-width: 743px) 100vw, 743px\" \/><\/a><\/span><\/div>\n<div style=\"text-align: justify\">\n<p><span style=\"font-size: 14pt\">Abierta la 1\u00aa convocatoria de Becas Ja\u00e9n +II Erasmus para Ciclos Formativos de Grado correspondiente al Primer trimestre del Curso 2018\/2019.<\/span><\/p>\n<\/div>\n<\/div>\n<h4 style=\"text-align: justify\"><strong><span style=\"font-size: 12pt\">&nbsp;<\/span><span style=\"font-size: 12pt\">22\/02\/2018. Celebraci\u00f3n del D\u00cdA DE ANDALUC\u00cdA.<\/span><\/strong><\/h4>\n<div style=\"text-align: justify\"><span style=\"font-size: 12pt\">Con motivo de la celebraci\u00f3n del D\u00eda de Andaluc\u00eda, nuestros alumn@s y profesor@s de los Ciclos Formativos y de la ESO, han realizado una muestra ilustrativa en las aulas sobre las costumbres, cultura y la gastronom\u00eda t\u00edpica de cada provincia andaluza. Ha sido una actividad muy divertida y lo hemos pasado genial.<\/span><\/div>\n<div style=\"text-align: justify\">ngg_shortcode_0_placeholder<\/div>\n<h4>&nbsp;<\/h4>\n<h4 style=\"text-align: justify\"><span style=\"font-size: 12pt\"><strong>16\/02\/2018. Proyecto ERASMUS JA\u00c9N+ II para Ciclos Formativos de Grado Medio.<\/strong><\/span><\/h4>\n<div style=\"text-align: justify\"><span style=\"font-size: 14pt\">Este viernes 16 de febrero recibimos la visita de Esperanza Mart\u00ednez, t\u00e9cnica del \u00c1rea de Empleo de la Diputaci\u00f3n Provincial, que realiz\u00f3 la jornada informativa del Proyecto Ja\u00e9n+ II. Este es el primer curso en el que nuestro centro est\u00e1 adherido a este consorcio en el que participan 28 centros de la provincia siendo el I.E.S. Himilce el \u00fanico de Linares que participa en el mismo. Se trata de un proyecto para estancias con beca en pr\u00e1cticas en empresas de pa\u00edses de la Uni\u00f3n Europea para alumnado de Ciclos de Grado Medio de Formaci\u00f3n Profesional. Una gran oportunidad de desarrollar sus aptitudes profesionales y personales de nuestros alumnos y alumnas.&nbsp;<\/span><\/div>\n<div style=\"text-align: justify\">\n<p><span style=\"font-size: 12pt\"><a href=\"https:\/\/blogsaverroes.juntadeandalucia.es\/ieshimilce\/files\/2017\/06\/Proyecto-Erasmus-Ja\u00e9nII.jpg\"><img loading=\"lazy\" decoding=\"async\" class=\"aligncenter size-full wp-image-5253\" src=\"https:\/\/blogsaverroes.juntadeandalucia.es\/ieshimilce\/files\/2017\/06\/Proyecto-Erasmus-Ja\u00e9nII.jpg\" alt=\"\" width=\"960\" height=\"540\" srcset=\"https:\/\/blogsaverroes.juntadeandalucia.es\/ieshimilce\/files\/2017\/06\/Proyecto-Erasmus-Ja\u00e9nII.jpg 960w, https:\/\/blogsaverroes.juntadeandalucia.es\/ieshimilce\/files\/2017\/06\/Proyecto-Erasmus-Ja\u00e9nII-300x169.jpg 300w, https:\/\/blogsaverroes.juntadeandalucia.es\/ieshimilce\/files\/2017\/06\/Proyecto-Erasmus-Ja\u00e9nII-768x432.jpg 768w, https:\/\/blogsaverroes.juntadeandalucia.es\/ieshimilce\/files\/2017\/06\/Proyecto-Erasmus-Ja\u00e9nII-24x14.jpg 24w, https:\/\/blogsaverroes.juntadeandalucia.es\/ieshimilce\/files\/2017\/06\/Proyecto-Erasmus-Ja\u00e9nII-36x20.jpg 36w, https:\/\/blogsaverroes.juntadeandalucia.es\/ieshimilce\/files\/2017\/06\/Proyecto-Erasmus-Ja\u00e9nII-48x27.jpg 48w\" sizes=\"(max-width: 960px) 100vw, 960px\" \/><\/a><\/span><\/p>\n<h4><span style=\"font-size: 12pt\"><strong>01\/02\/2018. El IES Himilce acoge un Taller de imagen personal de Cruz Roja Espa\u00f1ola.<\/strong><\/span><\/h4>\n<\/div>\n<p style=\"text-align: justify\"><span style=\"font-size: 14pt\">Hoy nos han visitado 18 usuarios del programa de empleo de la Cruz Roja Espa\u00f1ola que han tenido la oportunidad de recibir asesoramiento sobre imagen personal para afrontar entrevistas de trabajo.&nbsp;<\/span><\/p>\n<p style=\"text-align: justify\"><span style=\"font-size: 12pt\"><a href=\"https:\/\/blogsaverroes.juntadeandalucia.es\/ieshimilce\/files\/2017\/06\/Diapositiva1-4.jpg\"><img loading=\"lazy\" decoding=\"async\" class=\"aligncenter size-full wp-image-5231\" src=\"https:\/\/blogsaverroes.juntadeandalucia.es\/ieshimilce\/files\/2017\/06\/Diapositiva1-4.jpg\" alt=\"\" width=\"960\" height=\"540\" srcset=\"https:\/\/blogsaverroes.juntadeandalucia.es\/ieshimilce\/files\/2017\/06\/Diapositiva1-4.jpg 960w, https:\/\/blogsaverroes.juntadeandalucia.es\/ieshimilce\/files\/2017\/06\/Diapositiva1-4-300x169.jpg 300w, https:\/\/blogsaverroes.juntadeandalucia.es\/ieshimilce\/files\/2017\/06\/Diapositiva1-4-768x432.jpg 768w, https:\/\/blogsaverroes.juntadeandalucia.es\/ieshimilce\/files\/2017\/06\/Diapositiva1-4-24x14.jpg 24w, https:\/\/blogsaverroes.juntadeandalucia.es\/ieshimilce\/files\/2017\/06\/Diapositiva1-4-36x20.jpg 36w, https:\/\/blogsaverroes.juntadeandalucia.es\/ieshimilce\/files\/2017\/06\/Diapositiva1-4-48x27.jpg 48w\" sizes=\"(max-width: 960px) 100vw, 960px\" \/><\/a> <a href=\"https:\/\/blogsaverroes.juntadeandalucia.es\/ieshimilce\/files\/2017\/06\/Diapositiva2-4.jpg\"><img loading=\"lazy\" decoding=\"async\" class=\"aligncenter size-full wp-image-5232\" src=\"https:\/\/blogsaverroes.juntadeandalucia.es\/ieshimilce\/files\/2017\/06\/Diapositiva2-4.jpg\" alt=\"\" width=\"960\" height=\"540\" srcset=\"https:\/\/blogsaverroes.juntadeandalucia.es\/ieshimilce\/files\/2017\/06\/Diapositiva2-4.jpg 960w, https:\/\/blogsaverroes.juntadeandalucia.es\/ieshimilce\/files\/2017\/06\/Diapositiva2-4-300x169.jpg 300w, https:\/\/blogsaverroes.juntadeandalucia.es\/ieshimilce\/files\/2017\/06\/Diapositiva2-4-768x432.jpg 768w, https:\/\/blogsaverroes.juntadeandalucia.es\/ieshimilce\/files\/2017\/06\/Diapositiva2-4-24x14.jpg 24w, https:\/\/blogsaverroes.juntadeandalucia.es\/ieshimilce\/files\/2017\/06\/Diapositiva2-4-36x20.jpg 36w, https:\/\/blogsaverroes.juntadeandalucia.es\/ieshimilce\/files\/2017\/06\/Diapositiva2-4-48x27.jpg 48w\" sizes=\"(max-width: 960px) 100vw, 960px\" \/><\/a><\/span><\/p>\n<h4 style=\"text-align: justify\"><span style=\"font-size: 12pt\"><strong>30\/01\/2018. Celebraci\u00f3n del D\u00cdA DE LA PAZ.<\/strong><\/span><\/h4>\n<p style=\"text-align: justify\"><span style=\"font-size: 12pt\"><a href=\"https:\/\/blogsaverroes.juntadeandalucia.es\/ieshimilce\/files\/2017\/06\/Dia-de-la-paz-30-01-2018.jpg\"><img loading=\"lazy\" decoding=\"async\" class=\"aligncenter size-full wp-image-5225\" src=\"https:\/\/blogsaverroes.juntadeandalucia.es\/ieshimilce\/files\/2017\/06\/Dia-de-la-paz-30-01-2018.jpg\" alt=\"\" width=\"960\" height=\"540\" srcset=\"https:\/\/blogsaverroes.juntadeandalucia.es\/ieshimilce\/files\/2017\/06\/Dia-de-la-paz-30-01-2018.jpg 960w, https:\/\/blogsaverroes.juntadeandalucia.es\/ieshimilce\/files\/2017\/06\/Dia-de-la-paz-30-01-2018-300x169.jpg 300w, https:\/\/blogsaverroes.juntadeandalucia.es\/ieshimilce\/files\/2017\/06\/Dia-de-la-paz-30-01-2018-768x432.jpg 768w, https:\/\/blogsaverroes.juntadeandalucia.es\/ieshimilce\/files\/2017\/06\/Dia-de-la-paz-30-01-2018-24x14.jpg 24w, https:\/\/blogsaverroes.juntadeandalucia.es\/ieshimilce\/files\/2017\/06\/Dia-de-la-paz-30-01-2018-36x20.jpg 36w, https:\/\/blogsaverroes.juntadeandalucia.es\/ieshimilce\/files\/2017\/06\/Dia-de-la-paz-30-01-2018-48x27.jpg 48w\" sizes=\"(max-width: 960px) 100vw, 960px\" \/><\/a><\/span><\/p>\n<h4 style=\"text-align: justify\"><span style=\"font-size: 12pt\"><strong>25\/01\/2018. Programa \u00abIN-DEPENDIENTES: EMPREDIZAJE EN LAS AULAS\u00bb<\/strong><\/span><\/h4>\n<p style=\"text-align: justify\"><span style=\"font-size: 14pt\">Los alumnos de los ciclos formativos medio y superior de est\u00e9tica, peluquer\u00eda y electr\u00f3nica han participado el d\u00eda 25 de enero&nbsp; en una actividad de emprendimiento organizada por el&nbsp;<b>Instituto Andaluz<\/b>&nbsp;de la Juventud junto con su centro&nbsp;<b>Fortalezas Formaci\u00f3n&nbsp;<\/b>en el&nbsp;<b>Colegio Concertado Acel<\/b>&nbsp;de Linares.<\/span><\/p>\n<div style=\"text-align: justify\"><span style=\"font-size: 12pt\"><span style=\"font-size: 14pt\">El objetivo de la actividad fue despertar sus habilidades y creatividad, dise\u00f1ando proyectos de empresa. Cada equipo expuso su proyecto y se vot\u00f3 el proyecto empresarial que m\u00e1s<\/span> <span style=\"font-size: 14pt\">viabilidad, idea innovadora, modelo de negocio y implicaci\u00f3n con el medio ambiente conten\u00eda.<\/span><\/span><\/div>\n<div style=\"text-align: justify\"><span style=\"font-size: 14pt\">&nbsp;<\/span><\/div>\n<div style=\"text-align: justify\"><span style=\"font-size: 14pt\">La organizaci\u00f3n entreg\u00f3&nbsp; a los integrantes del proyecto&nbsp;<b>\u00bb Un spa es para siempre\u00bb&nbsp;<\/b>una medalla y un diploma que les acredita como ganadores del programa&nbsp;<b>J\u00f3venes Capaces<\/b>. La participaci\u00f3n del alumnado fue muy buena y todos disfrutamos mucho de la actividad.&nbsp;<\/span><\/div>\n<p style=\"text-align: justify\"><span style=\"font-size: 12pt\"><a href=\"https:\/\/blogsaverroes.juntadeandalucia.es\/ieshimilce\/files\/2017\/06\/Diapositiva1-3.jpg\"><img loading=\"lazy\" decoding=\"async\" class=\"aligncenter size-full wp-image-5227\" src=\"https:\/\/blogsaverroes.juntadeandalucia.es\/ieshimilce\/files\/2017\/06\/Diapositiva1-3.jpg\" alt=\"\" width=\"960\" height=\"540\" srcset=\"https:\/\/blogsaverroes.juntadeandalucia.es\/ieshimilce\/files\/2017\/06\/Diapositiva1-3.jpg 960w, https:\/\/blogsaverroes.juntadeandalucia.es\/ieshimilce\/files\/2017\/06\/Diapositiva1-3-300x169.jpg 300w, https:\/\/blogsaverroes.juntadeandalucia.es\/ieshimilce\/files\/2017\/06\/Diapositiva1-3-768x432.jpg 768w, https:\/\/blogsaverroes.juntadeandalucia.es\/ieshimilce\/files\/2017\/06\/Diapositiva1-3-24x14.jpg 24w, https:\/\/blogsaverroes.juntadeandalucia.es\/ieshimilce\/files\/2017\/06\/Diapositiva1-3-36x20.jpg 36w, https:\/\/blogsaverroes.juntadeandalucia.es\/ieshimilce\/files\/2017\/06\/Diapositiva1-3-48x27.jpg 48w\" sizes=\"(max-width: 960px) 100vw, 960px\" \/><\/a> <a href=\"https:\/\/blogsaverroes.juntadeandalucia.es\/ieshimilce\/files\/2017\/06\/Diapositiva2-3.jpg\"><img loading=\"lazy\" decoding=\"async\" class=\"aligncenter size-full wp-image-5228\" src=\"https:\/\/blogsaverroes.juntadeandalucia.es\/ieshimilce\/files\/2017\/06\/Diapositiva2-3.jpg\" alt=\"\" width=\"960\" height=\"540\" srcset=\"https:\/\/blogsaverroes.juntadeandalucia.es\/ieshimilce\/files\/2017\/06\/Diapositiva2-3.jpg 960w, https:\/\/blogsaverroes.juntadeandalucia.es\/ieshimilce\/files\/2017\/06\/Diapositiva2-3-300x169.jpg 300w, https:\/\/blogsaverroes.juntadeandalucia.es\/ieshimilce\/files\/2017\/06\/Diapositiva2-3-768x432.jpg 768w, https:\/\/blogsaverroes.juntadeandalucia.es\/ieshimilce\/files\/2017\/06\/Diapositiva2-3-24x14.jpg 24w, https:\/\/blogsaverroes.juntadeandalucia.es\/ieshimilce\/files\/2017\/06\/Diapositiva2-3-36x20.jpg 36w, https:\/\/blogsaverroes.juntadeandalucia.es\/ieshimilce\/files\/2017\/06\/Diapositiva2-3-48x27.jpg 48w\" sizes=\"(max-width: 960px) 100vw, 960px\" \/><\/a> <a href=\"https:\/\/blogsaverroes.juntadeandalucia.es\/ieshimilce\/files\/2017\/06\/Diapositiva3-3.jpg\"><img loading=\"lazy\" decoding=\"async\" class=\"aligncenter size-full wp-image-5229\" src=\"https:\/\/blogsaverroes.juntadeandalucia.es\/ieshimilce\/files\/2017\/06\/Diapositiva3-3.jpg\" alt=\"\" width=\"960\" height=\"540\" srcset=\"https:\/\/blogsaverroes.juntadeandalucia.es\/ieshimilce\/files\/2017\/06\/Diapositiva3-3.jpg 960w, https:\/\/blogsaverroes.juntadeandalucia.es\/ieshimilce\/files\/2017\/06\/Diapositiva3-3-300x169.jpg 300w, https:\/\/blogsaverroes.juntadeandalucia.es\/ieshimilce\/files\/2017\/06\/Diapositiva3-3-768x432.jpg 768w, https:\/\/blogsaverroes.juntadeandalucia.es\/ieshimilce\/files\/2017\/06\/Diapositiva3-3-24x14.jpg 24w, https:\/\/blogsaverroes.juntadeandalucia.es\/ieshimilce\/files\/2017\/06\/Diapositiva3-3-36x20.jpg 36w, https:\/\/blogsaverroes.juntadeandalucia.es\/ieshimilce\/files\/2017\/06\/Diapositiva3-3-48x27.jpg 48w\" sizes=\"(max-width: 960px) 100vw, 960px\" \/><\/a><\/span><\/p>\n<h4 style=\"text-align: justify\"><span style=\"font-size: 12pt\"><strong>18\/01\/2018. Visita de nuestros alumnos\/as de los C.F.G.S. a la Universidad de Ja\u00e9n.<\/strong><\/span><\/h4>\n<p style=\"text-align: justify\"><span style=\"font-size: 12pt\"><a href=\"https:\/\/blogsaverroes.juntadeandalucia.es\/ieshimilce\/files\/2017\/06\/IMG-20180118-WA0011.jpg\"><img loading=\"lazy\" decoding=\"async\" class=\"aligncenter size-full wp-image-5220\" src=\"https:\/\/blogsaverroes.juntadeandalucia.es\/ieshimilce\/files\/2017\/06\/IMG-20180118-WA0011.jpg\" alt=\"\" width=\"1600\" height=\"1200\" srcset=\"https:\/\/blogsaverroes.juntadeandalucia.es\/ieshimilce\/files\/2017\/06\/IMG-20180118-WA0011.jpg 1600w, https:\/\/blogsaverroes.juntadeandalucia.es\/ieshimilce\/files\/2017\/06\/IMG-20180118-WA0011-300x225.jpg 300w, https:\/\/blogsaverroes.juntadeandalucia.es\/ieshimilce\/files\/2017\/06\/IMG-20180118-WA0011-768x576.jpg 768w, https:\/\/blogsaverroes.juntadeandalucia.es\/ieshimilce\/files\/2017\/06\/IMG-20180118-WA0011-1024x768.jpg 1024w, https:\/\/blogsaverroes.juntadeandalucia.es\/ieshimilce\/files\/2017\/06\/IMG-20180118-WA0011-24x18.jpg 24w, https:\/\/blogsaverroes.juntadeandalucia.es\/ieshimilce\/files\/2017\/06\/IMG-20180118-WA0011-36x27.jpg 36w, https:\/\/blogsaverroes.juntadeandalucia.es\/ieshimilce\/files\/2017\/06\/IMG-20180118-WA0011-48x36.jpg 48w\" sizes=\"(max-width: 1600px) 100vw, 1600px\" \/><\/a><\/span><\/p>\n<p style=\"text-align: justify\"><span style=\"font-size: 12pt\"><a href=\"https:\/\/blogsaverroes.juntadeandalucia.es\/ieshimilce\/files\/2017\/06\/Feliznavidad.jpg\"><img loading=\"lazy\" decoding=\"async\" class=\"aligncenter size-full wp-image-5206\" src=\"https:\/\/blogsaverroes.juntadeandalucia.es\/ieshimilce\/files\/2017\/06\/Feliznavidad.jpg\" alt=\"\" width=\"960\" height=\"720\" srcset=\"https:\/\/blogsaverroes.juntadeandalucia.es\/ieshimilce\/files\/2017\/06\/Feliznavidad.jpg 960w, https:\/\/blogsaverroes.juntadeandalucia.es\/ieshimilce\/files\/2017\/06\/Feliznavidad-300x225.jpg 300w, https:\/\/blogsaverroes.juntadeandalucia.es\/ieshimilce\/files\/2017\/06\/Feliznavidad-768x576.jpg 768w, https:\/\/blogsaverroes.juntadeandalucia.es\/ieshimilce\/files\/2017\/06\/Feliznavidad-24x18.jpg 24w, https:\/\/blogsaverroes.juntadeandalucia.es\/ieshimilce\/files\/2017\/06\/Feliznavidad-36x27.jpg 36w, https:\/\/blogsaverroes.juntadeandalucia.es\/ieshimilce\/files\/2017\/06\/Feliznavidad-48x36.jpg 48w\" sizes=\"(max-width: 960px) 100vw, 960px\" \/><\/a><\/span><\/p>\n<h4 style=\"text-align: justify\"><span style=\"font-size: 12pt\"><strong>01\/12\/2017.&nbsp;<\/strong><strong>&nbsp;Visita al Yacimiento arqueol\u00f3gico de la ciudad \u00edbera de C\u00e1stulo.<\/strong><\/span><\/h4>\n<p style=\"text-align: justify\"><span style=\"font-size: 12pt\"><a href=\"https:\/\/blogsaverroes.juntadeandalucia.es\/ieshimilce\/files\/2017\/06\/Visita-a-C\u00e1stulo.jpg\"><img loading=\"lazy\" decoding=\"async\" class=\"aligncenter size-full wp-image-5199\" src=\"https:\/\/blogsaverroes.juntadeandalucia.es\/ieshimilce\/files\/2017\/06\/Visita-a-C\u00e1stulo.jpg\" alt=\"\" width=\"1600\" height=\"1200\" srcset=\"https:\/\/blogsaverroes.juntadeandalucia.es\/ieshimilce\/files\/2017\/06\/Visita-a-C\u00e1stulo.jpg 1600w, https:\/\/blogsaverroes.juntadeandalucia.es\/ieshimilce\/files\/2017\/06\/Visita-a-C\u00e1stulo-300x225.jpg 300w, https:\/\/blogsaverroes.juntadeandalucia.es\/ieshimilce\/files\/2017\/06\/Visita-a-C\u00e1stulo-768x576.jpg 768w, https:\/\/blogsaverroes.juntadeandalucia.es\/ieshimilce\/files\/2017\/06\/Visita-a-C\u00e1stulo-1024x768.jpg 1024w, https:\/\/blogsaverroes.juntadeandalucia.es\/ieshimilce\/files\/2017\/06\/Visita-a-C\u00e1stulo-24x18.jpg 24w, https:\/\/blogsaverroes.juntadeandalucia.es\/ieshimilce\/files\/2017\/06\/Visita-a-C\u00e1stulo-36x27.jpg 36w, https:\/\/blogsaverroes.juntadeandalucia.es\/ieshimilce\/files\/2017\/06\/Visita-a-C\u00e1stulo-48x36.jpg 48w\" sizes=\"(max-width: 1600px) 100vw, 1600px\" \/><\/a><\/span><\/p>\n<hr>\n<h4 style=\"text-align: justify\"><span style=\"font-size: 12pt\"><strong>30\/11\/2017.&nbsp;<\/strong><strong>&nbsp;Actividad de Teatro con alumnos\/as de ESO<\/strong><\/span><\/h4>\n<p style=\"text-align: justify\"><span style=\"font-size: 14pt\">Nuestro compa\u00f1ero y actor Fernando Bl\u00e1zquez nos hizo una interpretaci\u00f3n de la obra \u00abEl Lazarillo de Tormes\u00bb.&nbsp;<\/span><\/p>\n<p style=\"text-align: justify\"><span style=\"font-size: 12pt\"><a href=\"https:\/\/blogsaverroes.juntadeandalucia.es\/ieshimilce\/files\/2017\/06\/Teatro.jpg\"><img loading=\"lazy\" decoding=\"async\" class=\"aligncenter size-full wp-image-5196\" src=\"https:\/\/blogsaverroes.juntadeandalucia.es\/ieshimilce\/files\/2017\/06\/Teatro.jpg\" alt=\"\" width=\"1600\" height=\"1200\" srcset=\"https:\/\/blogsaverroes.juntadeandalucia.es\/ieshimilce\/files\/2017\/06\/Teatro.jpg 1600w, https:\/\/blogsaverroes.juntadeandalucia.es\/ieshimilce\/files\/2017\/06\/Teatro-300x225.jpg 300w, https:\/\/blogsaverroes.juntadeandalucia.es\/ieshimilce\/files\/2017\/06\/Teatro-768x576.jpg 768w, https:\/\/blogsaverroes.juntadeandalucia.es\/ieshimilce\/files\/2017\/06\/Teatro-1024x768.jpg 1024w, https:\/\/blogsaverroes.juntadeandalucia.es\/ieshimilce\/files\/2017\/06\/Teatro-24x18.jpg 24w, https:\/\/blogsaverroes.juntadeandalucia.es\/ieshimilce\/files\/2017\/06\/Teatro-36x27.jpg 36w, https:\/\/blogsaverroes.juntadeandalucia.es\/ieshimilce\/files\/2017\/06\/Teatro-48x36.jpg 48w\" sizes=\"(max-width: 1600px) 100vw, 1600px\" \/><\/a><\/span><\/p>\n<h4 style=\"text-align: justify\"><span style=\"font-size: 12pt\"><strong>24\/11\/2017. <\/strong><strong>&nbsp;D\u00eda Contra la violencia de G\u00e9nero.<\/strong><\/span><\/h4>\n<p style=\"text-align: justify\"><span style=\"font-size: 12pt\"><a href=\"https:\/\/blogsaverroes.juntadeandalucia.es\/ieshimilce\/files\/2017\/06\/D\u00eda-Contra-la-Violencia-de-G\u00e9nero.jpg\"><img loading=\"lazy\" decoding=\"async\" class=\"aligncenter size-full wp-image-5194\" src=\"https:\/\/blogsaverroes.juntadeandalucia.es\/ieshimilce\/files\/2017\/06\/D\u00eda-Contra-la-Violencia-de-G\u00e9nero.jpg\" alt=\"\" width=\"1328\" height=\"747\" srcset=\"https:\/\/blogsaverroes.juntadeandalucia.es\/ieshimilce\/files\/2017\/06\/D\u00eda-Contra-la-Violencia-de-G\u00e9nero.jpg 1328w, https:\/\/blogsaverroes.juntadeandalucia.es\/ieshimilce\/files\/2017\/06\/D\u00eda-Contra-la-Violencia-de-G\u00e9nero-300x169.jpg 300w, https:\/\/blogsaverroes.juntadeandalucia.es\/ieshimilce\/files\/2017\/06\/D\u00eda-Contra-la-Violencia-de-G\u00e9nero-768x432.jpg 768w, https:\/\/blogsaverroes.juntadeandalucia.es\/ieshimilce\/files\/2017\/06\/D\u00eda-Contra-la-Violencia-de-G\u00e9nero-1024x576.jpg 1024w, https:\/\/blogsaverroes.juntadeandalucia.es\/ieshimilce\/files\/2017\/06\/D\u00eda-Contra-la-Violencia-de-G\u00e9nero-24x14.jpg 24w, https:\/\/blogsaverroes.juntadeandalucia.es\/ieshimilce\/files\/2017\/06\/D\u00eda-Contra-la-Violencia-de-G\u00e9nero-36x20.jpg 36w, https:\/\/blogsaverroes.juntadeandalucia.es\/ieshimilce\/files\/2017\/06\/D\u00eda-Contra-la-Violencia-de-G\u00e9nero-48x27.jpg 48w\" sizes=\"(max-width: 1328px) 100vw, 1328px\" \/><\/a><\/span><\/p>\n<hr>\n<h4 style=\"text-align: justify\"><span style=\"font-size: 12pt\"><strong>24\/11\/2017.&nbsp;<\/strong><strong>&nbsp;III Certamen Escolar de Cortometrajes. Contra la violencia de G\u00e9nero.<\/strong><\/span><\/h4>\n<p style=\"text-align: justify\"><span style=\"font-size: 14pt\">Nuestros alumnos\/as de la FPB de Peluquer\u00eda recibieron el premio al Mejor Cortometraje.<\/span><\/p>\n<p style=\"text-align: justify\"><span style=\"font-size: 12pt\"><a href=\"https:\/\/blogsaverroes.juntadeandalucia.es\/ieshimilce\/files\/2017\/06\/PREMIO-CORTOMETRAJE.jpg\"><img loading=\"lazy\" decoding=\"async\" class=\"aligncenter size-full wp-image-5186\" src=\"https:\/\/blogsaverroes.juntadeandalucia.es\/ieshimilce\/files\/2017\/06\/PREMIO-CORTOMETRAJE.jpg\" alt=\"\" width=\"1709\" height=\"1200\" srcset=\"https:\/\/blogsaverroes.juntadeandalucia.es\/ieshimilce\/files\/2017\/06\/PREMIO-CORTOMETRAJE.jpg 1600w, https:\/\/blogsaverroes.juntadeandalucia.es\/ieshimilce\/files\/2017\/06\/PREMIO-CORTOMETRAJE-300x211.jpg 300w, https:\/\/blogsaverroes.juntadeandalucia.es\/ieshimilce\/files\/2017\/06\/PREMIO-CORTOMETRAJE-768x539.jpg 768w, https:\/\/blogsaverroes.juntadeandalucia.es\/ieshimilce\/files\/2017\/06\/PREMIO-CORTOMETRAJE-1024x719.jpg 1024w, https:\/\/blogsaverroes.juntadeandalucia.es\/ieshimilce\/files\/2017\/06\/PREMIO-CORTOMETRAJE-24x17.jpg 24w, https:\/\/blogsaverroes.juntadeandalucia.es\/ieshimilce\/files\/2017\/06\/PREMIO-CORTOMETRAJE-36x25.jpg 36w, https:\/\/blogsaverroes.juntadeandalucia.es\/ieshimilce\/files\/2017\/06\/PREMIO-CORTOMETRAJE-48x34.jpg 48w\" sizes=\"(max-width: 1709px) 100vw, 1709px\" \/><\/a><\/span><\/p>\n<hr>\n<h4 style=\"text-align: justify\"><span style=\"font-size: 12pt\"><strong>21\/11\/2017.&nbsp;<\/strong><strong>&nbsp;Proyecto \u00abComunidades de Aprendizaje\u00bb.<\/strong><\/span><\/h4>\n<p style=\"text-align: justify\"><span style=\"font-size: 14pt\">Profesores\/as del I.E.S. Himilce participando en los cursos, conferencias y jornadas programadas dentro del Proyecto \u00abComunidades de Aprendizaje\u00bb, cuyo fin principal es la mejora de la calidad de la ense\u00f1anza y de la convivencia.<\/span><\/p>\n<p style=\"text-align: justify\"><span style=\"font-size: 12pt\"><a href=\"https:\/\/blogsaverroes.juntadeandalucia.es\/ieshimilce\/files\/2017\/06\/Profesores.jpg\"><img loading=\"lazy\" decoding=\"async\" class=\"aligncenter size-full wp-image-5191\" src=\"https:\/\/blogsaverroes.juntadeandalucia.es\/ieshimilce\/files\/2017\/06\/Profesores.jpg\" alt=\"\" width=\"1600\" height=\"1200\" srcset=\"https:\/\/blogsaverroes.juntadeandalucia.es\/ieshimilce\/files\/2017\/06\/Profesores.jpg 1600w, https:\/\/blogsaverroes.juntadeandalucia.es\/ieshimilce\/files\/2017\/06\/Profesores-300x225.jpg 300w, https:\/\/blogsaverroes.juntadeandalucia.es\/ieshimilce\/files\/2017\/06\/Profesores-768x576.jpg 768w, https:\/\/blogsaverroes.juntadeandalucia.es\/ieshimilce\/files\/2017\/06\/Profesores-1024x768.jpg 1024w, https:\/\/blogsaverroes.juntadeandalucia.es\/ieshimilce\/files\/2017\/06\/Profesores-24x18.jpg 24w, https:\/\/blogsaverroes.juntadeandalucia.es\/ieshimilce\/files\/2017\/06\/Profesores-36x27.jpg 36w, https:\/\/blogsaverroes.juntadeandalucia.es\/ieshimilce\/files\/2017\/06\/Profesores-48x36.jpg 48w\" sizes=\"(max-width: 1600px) 100vw, 1600px\" \/><\/a><a href=\"https:\/\/blogsaverroes.juntadeandalucia.es\/ieshimilce\/files\/2017\/06\/Talleres.jpg\"><img loading=\"lazy\" decoding=\"async\" class=\"aligncenter size-full wp-image-5192\" src=\"https:\/\/blogsaverroes.juntadeandalucia.es\/ieshimilce\/files\/2017\/06\/Talleres.jpg\" alt=\"\" width=\"1600\" height=\"1200\" srcset=\"https:\/\/blogsaverroes.juntadeandalucia.es\/ieshimilce\/files\/2017\/06\/Talleres.jpg 1600w, https:\/\/blogsaverroes.juntadeandalucia.es\/ieshimilce\/files\/2017\/06\/Talleres-300x225.jpg 300w, https:\/\/blogsaverroes.juntadeandalucia.es\/ieshimilce\/files\/2017\/06\/Talleres-768x576.jpg 768w, https:\/\/blogsaverroes.juntadeandalucia.es\/ieshimilce\/files\/2017\/06\/Talleres-1024x768.jpg 1024w, https:\/\/blogsaverroes.juntadeandalucia.es\/ieshimilce\/files\/2017\/06\/Talleres-24x18.jpg 24w, https:\/\/blogsaverroes.juntadeandalucia.es\/ieshimilce\/files\/2017\/06\/Talleres-36x27.jpg 36w, https:\/\/blogsaverroes.juntadeandalucia.es\/ieshimilce\/files\/2017\/06\/Talleres-48x36.jpg 48w\" sizes=\"(max-width: 1600px) 100vw, 1600px\" \/><\/a><\/span><\/p>\n<h4 style=\"text-align: justify\"><span style=\"font-size: 12pt\"><strong>8\/10\/2017. \u00abStartup On\u00bb. Jornada sobre Emprendimiento para J\u00f3venes, uso Profesional de las Redes Sociales y Posicionamiento en la Web.<\/strong><\/span><\/h4>\n<p style=\"text-align: justify\"><span style=\"font-size: 14pt\">Participaci\u00f3n de nuestros alumnos\/as de los Ciclos Formativos de Grado Superior en la Jornada&nbsp; <strong>\u00abStartup On\u00bb<\/strong>,&nbsp;orientada al Emprendimiento para J\u00f3venes y la utilizaci\u00f3n de la WEB para mejorar el futuro profesional.<\/span><\/p>\n<p style=\"text-align: justify\"><span style=\"font-size: 14pt\">La Jornada, organizada por el Instituto Andaluz de la Juventud en el Campus Cient\u00edfico-Tecnol\u00f3gico de Linares de la Universidad de Ja\u00e9n,&nbsp;tuvo gran participaci\u00f3n, aceptaci\u00f3n e inter\u00e9s para nuestros alumnos\/as.<\/span><\/p>\n<p style=\"text-align: justify\"><span style=\"font-size: 14pt\">Nuestro agradecimiento por el fomento de estas iniciativas&nbsp;al Instituto Andaluz de la Juventud, a la Concejal\u00eda de Juventud del Ayuntamiento de Linares y a la direcci\u00f3n del Campus Cient\u00edfico-Tecnol\u00f3gico por su invitaci\u00f3n, y por supuesto, felicitar a nuestros alumnos\/as por su colaboraci\u00f3n y participaci\u00f3n, al Grupo Fortalezas por sus ponencias, as\u00ed como a las empresas y j\u00f3venes emprendedores que colaboraron en la jornada.<\/span><\/p>\n<p style=\"text-align: justify\"><span style=\"font-size: 12pt\"><a href=\"https:\/\/blogsaverroes.juntadeandalucia.es\/ieshimilce\/files\/2017\/06\/IMG-20171108-WA0007.jpg\"><img loading=\"lazy\" decoding=\"async\" class=\"aligncenter size-full wp-image-5145\" src=\"https:\/\/blogsaverroes.juntadeandalucia.es\/ieshimilce\/files\/2017\/06\/IMG-20171108-WA0007.jpg\" alt=\"\" width=\"1600\" height=\"900\" srcset=\"https:\/\/blogsaverroes.juntadeandalucia.es\/ieshimilce\/files\/2017\/06\/IMG-20171108-WA0007.jpg 1600w, https:\/\/blogsaverroes.juntadeandalucia.es\/ieshimilce\/files\/2017\/06\/IMG-20171108-WA0007-300x169.jpg 300w, https:\/\/blogsaverroes.juntadeandalucia.es\/ieshimilce\/files\/2017\/06\/IMG-20171108-WA0007-768x432.jpg 768w, https:\/\/blogsaverroes.juntadeandalucia.es\/ieshimilce\/files\/2017\/06\/IMG-20171108-WA0007-1024x576.jpg 1024w, https:\/\/blogsaverroes.juntadeandalucia.es\/ieshimilce\/files\/2017\/06\/IMG-20171108-WA0007-24x14.jpg 24w, https:\/\/blogsaverroes.juntadeandalucia.es\/ieshimilce\/files\/2017\/06\/IMG-20171108-WA0007-36x20.jpg 36w, https:\/\/blogsaverroes.juntadeandalucia.es\/ieshimilce\/files\/2017\/06\/IMG-20171108-WA0007-48x27.jpg 48w\" sizes=\"(max-width: 1600px) 100vw, 1600px\" \/><\/a><\/span><\/p>\n<p style=\"text-align: justify\"><span style=\"font-size: 12pt\"><a href=\"https:\/\/blogsaverroes.juntadeandalucia.es\/ieshimilce\/files\/2017\/06\/IMG-20171108-WA0008.jpg\"><img loading=\"lazy\" decoding=\"async\" class=\"aligncenter size-full wp-image-5146\" src=\"https:\/\/blogsaverroes.juntadeandalucia.es\/ieshimilce\/files\/2017\/06\/IMG-20171108-WA0008.jpg\" alt=\"\" width=\"1600\" height=\"900\" srcset=\"https:\/\/blogsaverroes.juntadeandalucia.es\/ieshimilce\/files\/2017\/06\/IMG-20171108-WA0008.jpg 1600w, https:\/\/blogsaverroes.juntadeandalucia.es\/ieshimilce\/files\/2017\/06\/IMG-20171108-WA0008-300x169.jpg 300w, https:\/\/blogsaverroes.juntadeandalucia.es\/ieshimilce\/files\/2017\/06\/IMG-20171108-WA0008-768x432.jpg 768w, https:\/\/blogsaverroes.juntadeandalucia.es\/ieshimilce\/files\/2017\/06\/IMG-20171108-WA0008-1024x576.jpg 1024w, https:\/\/blogsaverroes.juntadeandalucia.es\/ieshimilce\/files\/2017\/06\/IMG-20171108-WA0008-24x14.jpg 24w, https:\/\/blogsaverroes.juntadeandalucia.es\/ieshimilce\/files\/2017\/06\/IMG-20171108-WA0008-36x20.jpg 36w, https:\/\/blogsaverroes.juntadeandalucia.es\/ieshimilce\/files\/2017\/06\/IMG-20171108-WA0008-48x27.jpg 48w\" sizes=\"(max-width: 1600px) 100vw, 1600px\" \/><\/a><\/span><\/p>\n<p style=\"text-align: justify\"><span style=\"font-size: 12pt\"><a href=\"https:\/\/blogsaverroes.juntadeandalucia.es\/ieshimilce\/files\/2017\/06\/prensa.jpg\"><img loading=\"lazy\" decoding=\"async\" class=\"aligncenter size-full wp-image-5170\" src=\"https:\/\/blogsaverroes.juntadeandalucia.es\/ieshimilce\/files\/2017\/06\/prensa.jpg\" alt=\"\" width=\"1187\" height=\"307\" srcset=\"https:\/\/blogsaverroes.juntadeandalucia.es\/ieshimilce\/files\/2017\/06\/prensa.jpg 1187w, https:\/\/blogsaverroes.juntadeandalucia.es\/ieshimilce\/files\/2017\/06\/prensa-300x78.jpg 300w, https:\/\/blogsaverroes.juntadeandalucia.es\/ieshimilce\/files\/2017\/06\/prensa-768x199.jpg 768w, https:\/\/blogsaverroes.juntadeandalucia.es\/ieshimilce\/files\/2017\/06\/prensa-1024x265.jpg 1024w, https:\/\/blogsaverroes.juntadeandalucia.es\/ieshimilce\/files\/2017\/06\/prensa-24x6.jpg 24w, https:\/\/blogsaverroes.juntadeandalucia.es\/ieshimilce\/files\/2017\/06\/prensa-36x9.jpg 36w, https:\/\/blogsaverroes.juntadeandalucia.es\/ieshimilce\/files\/2017\/06\/prensa-48x12.jpg 48w\" sizes=\"(max-width: 1187px) 100vw, 1187px\" \/><\/a><\/span><\/p>\n<hr>\n<h4 style=\"text-align: justify\"><span style=\"font-size: 14pt\"><strong>25\/10\/2017. Jornada \u00abRedes para mejorar tu Futuro\u00bb.&nbsp;<\/strong><\/span><\/h4>\n<p style=\"text-align: justify\"><span style=\"font-size: 14pt\">Participaci\u00f3n de los alumnos\/as del C.F.G.S. de Estilismo y Direcci\u00f3n de Peluquer\u00eda en la Jornada \u00ab<em><strong>Redes para Mejorar tu Futuro<\/strong><\/em>\u00ab, organizado por el Instituto Andaluz de la Juventud en el Campus Cient\u00edfico-Tecnol\u00f3gico de Linares de la Universidad de Ja\u00e9n.<\/span><\/p>\n<p style=\"text-align: justify\"><span style=\"font-size: 12pt\"><a href=\"https:\/\/blogsaverroes.juntadeandalucia.es\/ieshimilce\/files\/2017\/06\/ALUMNAS-1\u00ba.png\"><img loading=\"lazy\" decoding=\"async\" class=\"aligncenter size-full wp-image-5112\" src=\"https:\/\/blogsaverroes.juntadeandalucia.es\/ieshimilce\/files\/2017\/06\/ALUMNAS-1\u00ba.png\" alt=\"\" width=\"1081\" height=\"662\" srcset=\"https:\/\/blogsaverroes.juntadeandalucia.es\/ieshimilce\/files\/2017\/06\/ALUMNAS-1\u00ba.png 1081w, https:\/\/blogsaverroes.juntadeandalucia.es\/ieshimilce\/files\/2017\/06\/ALUMNAS-1\u00ba-300x184.png 300w, https:\/\/blogsaverroes.juntadeandalucia.es\/ieshimilce\/files\/2017\/06\/ALUMNAS-1\u00ba-768x470.png 768w, https:\/\/blogsaverroes.juntadeandalucia.es\/ieshimilce\/files\/2017\/06\/ALUMNAS-1\u00ba-1024x627.png 1024w, https:\/\/blogsaverroes.juntadeandalucia.es\/ieshimilce\/files\/2017\/06\/ALUMNAS-1\u00ba-24x15.png 24w, https:\/\/blogsaverroes.juntadeandalucia.es\/ieshimilce\/files\/2017\/06\/ALUMNAS-1\u00ba-36x22.png 36w, https:\/\/blogsaverroes.juntadeandalucia.es\/ieshimilce\/files\/2017\/06\/ALUMNAS-1\u00ba-48x29.png 48w\" sizes=\"(max-width: 1081px) 100vw, 1081px\" \/><\/a><\/span><\/p>\n<p style=\"text-align: justify\"><span style=\"font-size: 12pt\"><a href=\"https:\/\/blogsaverroes.juntadeandalucia.es\/ieshimilce\/files\/2017\/06\/JORNADAS.png\"><img loading=\"lazy\" decoding=\"async\" class=\"aligncenter size-full wp-image-5115\" src=\"https:\/\/blogsaverroes.juntadeandalucia.es\/ieshimilce\/files\/2017\/06\/JORNADAS.png\" alt=\"\" width=\"1150\" height=\"545\" srcset=\"https:\/\/blogsaverroes.juntadeandalucia.es\/ieshimilce\/files\/2017\/06\/JORNADAS.png 1150w, https:\/\/blogsaverroes.juntadeandalucia.es\/ieshimilce\/files\/2017\/06\/JORNADAS-300x142.png 300w, https:\/\/blogsaverroes.juntadeandalucia.es\/ieshimilce\/files\/2017\/06\/JORNADAS-768x364.png 768w, https:\/\/blogsaverroes.juntadeandalucia.es\/ieshimilce\/files\/2017\/06\/JORNADAS-1024x485.png 1024w, https:\/\/blogsaverroes.juntadeandalucia.es\/ieshimilce\/files\/2017\/06\/JORNADAS-24x11.png 24w, https:\/\/blogsaverroes.juntadeandalucia.es\/ieshimilce\/files\/2017\/06\/JORNADAS-36x17.png 36w, https:\/\/blogsaverroes.juntadeandalucia.es\/ieshimilce\/files\/2017\/06\/JORNADAS-48x23.png 48w\" sizes=\"(max-width: 1150px) 100vw, 1150px\" \/><\/a><\/span><\/p>\n<hr>\n<h4 style=\"text-align: justify\"><span style=\"font-size: 12pt\"><strong>19\/10\/2017. Participaci\u00f3n del I.E.S. Himilce en el programa INNICIA. Cultura Emprendedora.<\/strong><\/span><\/h4>\n<p style=\"text-align: justify\"><span style=\"font-size: 14pt\">Dentro de las actividades programas por el IES Himilce en su participaci\u00f3n en el Programa Inicia-Cultura Emprendedora de la Junta de Andaluc\u00eda, se organiz\u00f3 una&nbsp;Charla sobre \u00abEmprendimiento Productivo\u00bb impartida por t\u00e9cnicos del CADE de Linares. En esta charla nuestros alumnos\/as tuvieron la oportunidad de conocer de primera mano el proyecto de emprendimiento de una ex alumna, que amablemente nos explic\u00f3 su experiencia en el mundo laborar y empresarial.<\/span><\/p>\n<p style=\"text-align: justify\"><span style=\"font-size: 12pt\"><a href=\"https:\/\/blogsaverroes.juntadeandalucia.es\/ieshimilce\/files\/2017\/06\/Charla.jpg\"><img loading=\"lazy\" decoding=\"async\" class=\"aligncenter size-full wp-image-5107\" src=\"https:\/\/blogsaverroes.juntadeandalucia.es\/ieshimilce\/files\/2017\/06\/Charla.jpg\" alt=\"\" width=\"1200\" height=\"800\" srcset=\"https:\/\/blogsaverroes.juntadeandalucia.es\/ieshimilce\/files\/2017\/06\/Charla.jpg 1200w, https:\/\/blogsaverroes.juntadeandalucia.es\/ieshimilce\/files\/2017\/06\/Charla-300x200.jpg 300w, https:\/\/blogsaverroes.juntadeandalucia.es\/ieshimilce\/files\/2017\/06\/Charla-768x512.jpg 768w, https:\/\/blogsaverroes.juntadeandalucia.es\/ieshimilce\/files\/2017\/06\/Charla-1024x683.jpg 1024w, https:\/\/blogsaverroes.juntadeandalucia.es\/ieshimilce\/files\/2017\/06\/Charla-24x16.jpg 24w, https:\/\/blogsaverroes.juntadeandalucia.es\/ieshimilce\/files\/2017\/06\/Charla-36x24.jpg 36w, https:\/\/blogsaverroes.juntadeandalucia.es\/ieshimilce\/files\/2017\/06\/Charla-48x32.jpg 48w\" sizes=\"(max-width: 1200px) 100vw, 1200px\" \/><\/a><\/span><\/p>\n<h4><span style=\"font-size: 12pt\"><strong>25\/05\/2017. Participaci\u00f3n del IES Himilce en el Proyecto \u00abComunidades de Aprendizaje\u00bb.<\/strong><\/span><\/h4>\n<p style=\"text-align: justify\"><span style=\"font-size: 14pt\">El pasado d\u00eda 25 de Septiembre tuvo lugar en el CEP de Profesores de Linares la presentaci\u00f3n de la actividad \u201c<strong>SENSIBILIZACI\u00d3N EN COMUNIDADES DE APRENDIZAJE<\/strong>\u201d, en el que participa todo el Claustro de profesores\/as del IES Himilce durante el curso escolar 2017\/18, as\u00ed como profesorado de otros &nbsp;Institutos educativos de Linares y la Comarca.<\/span><\/p>\n<p style=\"text-align: justify\"><span style=\"font-size: 12pt\"><a href=\"https:\/\/blogsaverroes.juntadeandalucia.es\/ieshimilce\/files\/2017\/06\/Curso-Cep.jpg\"><img loading=\"lazy\" decoding=\"async\" class=\"aligncenter size-full wp-image-5091\" src=\"https:\/\/blogsaverroes.juntadeandalucia.es\/ieshimilce\/files\/2017\/06\/Curso-Cep.jpg\" alt=\"\" width=\"2104\" height=\"1184\" srcset=\"https:\/\/blogsaverroes.juntadeandalucia.es\/ieshimilce\/files\/2017\/06\/Curso-Cep.jpg 1600w, https:\/\/blogsaverroes.juntadeandalucia.es\/ieshimilce\/files\/2017\/06\/Curso-Cep-300x169.jpg 300w, https:\/\/blogsaverroes.juntadeandalucia.es\/ieshimilce\/files\/2017\/06\/Curso-Cep-768x432.jpg 768w, https:\/\/blogsaverroes.juntadeandalucia.es\/ieshimilce\/files\/2017\/06\/Curso-Cep-1024x576.jpg 1024w, https:\/\/blogsaverroes.juntadeandalucia.es\/ieshimilce\/files\/2017\/06\/Curso-Cep-24x14.jpg 24w, https:\/\/blogsaverroes.juntadeandalucia.es\/ieshimilce\/files\/2017\/06\/Curso-Cep-36x20.jpg 36w, https:\/\/blogsaverroes.juntadeandalucia.es\/ieshimilce\/files\/2017\/06\/Curso-Cep-48x27.jpg 48w\" sizes=\"(max-width: 2104px) 100vw, 2104px\" \/><\/a><\/span><\/p>\n<p style=\"text-align: justify\"><span style=\"font-size: 14pt\">La presentaci\u00f3n de la actividad estuvo al cargo de Francisco Dom\u00ednguez Rodr\u00edguez, asesor del CEP, y continu\u00f3 con una interesante conferencia realizada por <strong>Ram\u00f3n Flecha Garc\u00eda, <\/strong>catedr\u00e1tico de sociolog\u00eda de la&nbsp;Universidad de Barcelona, Doctor Honoris Causa de la West University of Timi\u015foara,\u200b y un reconocido investigador en&nbsp;ciencias sociales&nbsp;en Europa. Sus aportaciones sociol\u00f3gicas abarcan diferentes \u00e1mbitos: metodolog\u00eda de investigaci\u00f3n (metodolog\u00eda comunicativa), cultura (tertulias literarias dial\u00f3gicas), econom\u00eda (actuaciones cooperativistas de \u00e9xito), educaci\u00f3n (comunidades de aprendizaje), grupos culturales (comunidad societal dial\u00f3gica), nuevas masculinidades (masculinidades alternativas), sociolog\u00eda de la ciencia (impacto cient\u00edfico, pol\u00edtico y social) y teor\u00eda social (sociedades dial\u00f3gicas). Su trabajo ha sido publicado en doce idiomas diferentes, incluyendo alem\u00e1n, catal\u00e1n, coreano, chino, espa\u00f1ol, euskera, gallego, finland\u00e9s, franc\u00e9s, ingl\u00e9s, portugu\u00e9s, rumano.&nbsp;<\/span><\/p>\n<p style=\"text-align: justify\"><span style=\"font-size: 14pt\">El objetivo principal que persigue este proyecto denominado \u00ab<strong>Comunidades de Aprendizaje<\/strong>\u00ab, es el de aplicar en nuestro centro \u201c<strong>actuaciones educativas de \u00e9xito<\/strong>\u201d, basadas en m\u00e9todos cient\u00edficos ya aplicados a nivel internacional, que permitan mejoras en los resultados de aprendizaje y en el rendimiento acad\u00e9mico, valores, emociones y sentimientos de nuestro alumnos\/as.<\/span><\/p>\n<p style=\"text-align: justify\"><span style=\"font-size: 14pt\">En definitiva, un proyecto innovador y muy interesante, en el que todo el profesorado del IES Himilce est\u00e1 muy implicado.<\/span><\/p>\n<hr>\n<h4><span style=\"font-size: 12pt\"><strong>29\/05\/2017. Visita de la Delegada de Educaci\u00f3n al IES Himilce<\/strong><\/span><\/h4>\n<p style=\"text-align: justify\"><span style=\"font-size: 14pt\">La delegada de Educaci\u00f3n, Yolanda Caballero, nos ha visitado hoy el IES Himilce para conocer las instalaciones de los Ciclos de Formaci\u00f3n Profesional que est\u00e1n imparti\u00e9ndose en la actualidad, y las necesidades del Centro.<\/span><\/p>\n<p style=\"text-align: justify\"><span style=\"font-size: 12pt\"><a href=\"https:\/\/blogsaverroes.juntadeandalucia.es\/ieshimilce\/files\/2017\/06\/Delegada.jpg\"><img loading=\"lazy\" decoding=\"async\" class=\"aligncenter size-full wp-image-3128\" src=\"https:\/\/blogsaverroes.juntadeandalucia.es\/ieshimilce\/files\/2017\/06\/Delegada.jpg\" alt=\"\" width=\"3382\" height=\"2187\" srcset=\"https:\/\/blogsaverroes.juntadeandalucia.es\/ieshimilce\/files\/2017\/06\/Delegada.jpg 1600w, https:\/\/blogsaverroes.juntadeandalucia.es\/ieshimilce\/files\/2017\/06\/Delegada-300x194.jpg 300w, https:\/\/blogsaverroes.juntadeandalucia.es\/ieshimilce\/files\/2017\/06\/Delegada-768x497.jpg 768w, https:\/\/blogsaverroes.juntadeandalucia.es\/ieshimilce\/files\/2017\/06\/Delegada-1024x662.jpg 1024w, https:\/\/blogsaverroes.juntadeandalucia.es\/ieshimilce\/files\/2017\/06\/Delegada-24x16.jpg 24w, https:\/\/blogsaverroes.juntadeandalucia.es\/ieshimilce\/files\/2017\/06\/Delegada-36x23.jpg 36w, https:\/\/blogsaverroes.juntadeandalucia.es\/ieshimilce\/files\/2017\/06\/Delegada-48x31.jpg 48w\" sizes=\"(max-width: 3382px) 100vw, 3382px\" \/><\/a><\/span><\/p>\n<p>&nbsp;<\/p>\n","protected":false},"excerpt":{"rendered":"<p>CURSO ACAD\u00c9MICO 2017-2018 Graduaci\u00f3n 4\u00ba de la ESO. Curso 2017\/2018. Entrega de Diplomas a nuestros alumnos y alumnas que finalizan sus estudios de la ESO.&nbsp;Enhorabuena a todos.&nbsp; Photocall Halloween con alumn@ de la ESO. Trabajo \u00abVALORES\u00bb alumn@s ESO Concurso \u00abMascota Biblioteca\u00bb Actividades ECO ESCUELA Participaci\u00f3n de estudiantes y docentes andaluces en las olimpiadas europeas de &hellip; <\/p>\n<p><a class=\"more-link btn\" href=\"https:\/\/blogsaverroes.juntadeandalucia.es\/ieshimilce\/curso-2017-2018\/\">Seguir leyendo<\/a><\/p>\n","protected":false},"author":5100,"featured_media":0,"parent":0,"menu_order":0,"comment_status":"closed","ping_status":"closed","template":"page-template-full.php","meta":{"ngg_post_thumbnail":0,"footnotes":"","_mc_calendar":[]},"aioseo_notices":[],"_links":{"self":[{"href":"https:\/\/blogsaverroes.juntadeandalucia.es\/ieshimilce\/wp-json\/wp\/v2\/pages\/13402"}],"collection":[{"href":"https:\/\/blogsaverroes.juntadeandalucia.es\/ieshimilce\/wp-json\/wp\/v2\/pages"}],"about":[{"href":"https:\/\/blogsaverroes.juntadeandalucia.es\/ieshimilce\/wp-json\/wp\/v2\/types\/page"}],"author":[{"embeddable":true,"href":"https:\/\/blogsaverroes.juntadeandalucia.es\/ieshimilce\/wp-json\/wp\/v2\/users\/5100"}],"replies":[{"embeddable":true,"href":"https:\/\/blogsaverroes.juntadeandalucia.es\/ieshimilce\/wp-json\/wp\/v2\/comments?post=13402"}],"version-history":[{"count":6,"href":"https:\/\/blogsaverroes.juntadeandalucia.es\/ieshimilce\/wp-json\/wp\/v2\/pages\/13402\/revisions"}],"predecessor-version":[{"id":13786,"href":"https:\/\/blogsaverroes.juntadeandalucia.es\/ieshimilce\/wp-json\/wp\/v2\/pages\/13402\/revisions\/13786"}],"wp:attachment":[{"href":"https:\/\/blogsaverroes.juntadeandalucia.es\/ieshimilce\/wp-json\/wp\/v2\/media?parent=13402"}],"curies":[{"name":"wp","href":"https:\/\/api.w.org\/{rel}","templated":true}]}}