{"id":4439,"date":"2017-06-24T09:02:32","date_gmt":"2017-06-24T09:02:32","guid":{"rendered":"https:\/\/blogsaverroes.juntadeandalucia.es\/ieshimilce\/?page_id=4439"},"modified":"2018-12-07T19:53:04","modified_gmt":"2018-12-07T19:53:04","slug":"tablon-de-anuncios","status":"publish","type":"page","link":"https:\/\/blogsaverroes.juntadeandalucia.es\/ieshimilce\/tablon-de-anuncios\/","title":{"rendered":"Tabl\u00f3n de anuncios"},"content":{"rendered":"<p><strong>Enlaces de inter\u00e9s para el alumnado:<\/strong><\/p>\n<ul>\n<li><a href=\"https:\/\/orientaguia.wordpress.com\/2017\/03\/24\/tabla-periodica-de-fp\/\" target=\"_blank\" rel=\"noopener\">Tabla peri\u00f3dica de la FP<\/a><\/li>\n<li><a href=\"http:\/\/www.juntadeandalucia.es\/educacion\/vscripts\/centros\/\" target=\"_blank\" rel=\"noopener\">Buscador de Centros<\/a><\/li>\n<li><a href=\"http:\/\/www.juntadeandalucia.es\/educacion\/portals\/web\/formacion-profesional-andaluza\" target=\"_blank\" rel=\"noopener\">Portal FP Andaluc\u00eda<\/a><\/li>\n<li><a href=\"https:\/\/blogsaverroes.juntadeandalucia.es\/ieshimilce\/calendario-escolar\/\" target=\"_blank\" rel=\"noopener\">Calendario escolar 2018\/2019<\/a><\/li>\n<li><a href=\"http:\/\/www.juntadeandalucia.es\/educacion\/portals\/web\/escolarizacion\" target=\"_blank\" rel=\"noopener\">Matr\u00edculas y Escolarizaci\u00f3n<\/a><\/li>\n<li><a href=\"http:\/\/www.juntadeandalucia.es\/educacion\/portals\/web\/formacion-profesional-andaluza\/escolarizacion\/oferta-completa\/grado-medio-superior\/calendario\" target=\"_blank\" rel=\"noopener\">Calendario escolarizaci\u00f3n en Ciclos Formativos<\/a><\/li>\n<li><a href=\"http:\/\/www.juntadeandalucia.es\/boja\/2016\/108\/BOJA16-108-00051-10179-01_00092708.pdf\" target=\"_blank\" rel=\"noopener\">Criterios de admisi\u00f3n en Ciclos Formativos<\/a><\/li>\n<li><a href=\"http:\/\/www.juntadeandalucia.es\/educacion\/portals\/web\/becas-y-ayudas\" target=\"_blank\" rel=\"noopener\">Becas y Ayudas<\/a><\/li>\n<li><a href=\"https:\/\/www.dipujaen.es\/conoce-diputacion\/areas-organismos-empresas\/areaJ\/proyectos-europeos\/jaen-plus-II\/\">Proyecto ERASMUS JAEN+II<\/a><\/li>\n<li><a href=\"http:\/\/www.juntadeandalucia.es\/educacion\/webportal\/web\/planes-y-programas\" target=\"_blank\" rel=\"noopener\">Planes y Programas<\/a><\/li>\n<li><a href=\"https:\/\/blogsaverroes.juntadeandalucia.es\/ieshimilce\/portales-tematicos\/\" target=\"_blank\" rel=\"noopener\">Portales educativos<\/a><\/li>\n<li><a href=\"http:\/\/www.ujaen.es\/serv\/acceso\/selectividad\/estructura.htm\" target=\"_blank\" rel=\"noopener\">Enlace Universidad de Ja\u00e9n<\/a><\/li>\n<\/ul>\n<p><strong>Normativa de inter\u00e9s:<\/strong><\/p>\n<ul>\n<li><a href=\"http:\/\/www.juntadeandalucia.es\/educacion\/portals\/web\/ced\/normativa\" target=\"_blank\" rel=\"noopener\">Normativa Consejer\u00eda de Educaci\u00f3n<\/a><\/li>\n<li><a href=\"http:\/\/www.loscerros.org\/documentos\/Ordenfuncionamientoies.pdf\" target=\"_blank\" rel=\"noopener\">Organizaci\u00f3n y Funcionamiento de los I.E.S.<\/a><\/li>\n<li><a href=\"http:\/\/www.loscerros.org\/documentos\/ReglamentoorganicoIES.pdf\" target=\"_blank\" rel=\"noopener\">Reglamento Org\u00e1nico IES<\/a><\/li>\n<li><a href=\"http:\/\/www.juntadeandalucia.es\/educacion\/portals\/web\/formacion-profesional-andaluza\/empresa\/fct\" target=\"_blank\" rel=\"noopener\">Normativa Formaci\u00f3n en Centros de Trabajo<\/a><\/li>\n<li><a href=\"http:\/\/www.juntadeandalucia.es\/educacion\/portals\/web\/formacion-profesional-andaluza\/9\/-\/normativas\/detalle\/orden-de-28-de-septiembre-de-2011-por-la-que-se-regulan-los-modulos-profesionales-de-formacion-en\" target=\"_blank\" rel=\"noopener\">Regulaci\u00f3n FCT<\/a><\/li>\n<li><a href=\"http:\/\/www.juntadeandalucia.es\/servicios\/ayudas\/detalle\/68558.html\" target=\"_blank\" rel=\"noopener\">Ayudas por Desplazamiento F.C.T.<\/a><\/li>\n<li><a href=\"http:\/\/www.juntadeandalucia.es\/boja\/1999\/4\/4\" target=\"_blank\" rel=\"noopener\">Exenci\u00f3n F.C.T.<\/a><\/li>\n<li><a href=\"http:\/\/www.juntadeandalucia.es\/educacion\/portals\/web\/formacion-profesional-andaluza\/docente\/formacion-y-empresa\/fct\/seguros-responsabilidad-civil-y-accidentes\" target=\"_blank\" rel=\"noopener\">Seguros de responsabilidad civil y accidentes en la FCT<\/a><\/li>\n<li><a href=\"http:\/\/www.juntadeandalucia.es\/educacion\/portals\/web\/formacion-profesional-andaluza\/estudiante\/posibilidades-tras-formarme\/convalidaciones-modulos\" target=\"_blank\" rel=\"noopener\">Convalidaciones entre m\u00f3dulos profesionales<\/a><\/li>\n<\/ul>\n","protected":false},"excerpt":{"rendered":"<p>Enlaces de inter\u00e9s para el alumnado: Tabla peri\u00f3dica de la FP Buscador de Centros Portal FP Andaluc\u00eda Calendario escolar 2018\/2019 Matr\u00edculas y Escolarizaci\u00f3n Calendario escolarizaci\u00f3n en Ciclos Formativos Criterios de admisi\u00f3n en Ciclos Formativos Becas y Ayudas Proyecto ERASMUS JAEN+II Planes y Programas Portales educativos Enlace Universidad de Ja\u00e9n Normativa de inter\u00e9s: Normativa Consejer\u00eda de &hellip; <\/p>\n<p><a class=\"more-link btn\" href=\"https:\/\/blogsaverroes.juntadeandalucia.es\/ieshimilce\/tablon-de-anuncios\/\">Seguir leyendo<\/a><\/p>\n","protected":false},"author":5100,"featured_media":0,"parent":0,"menu_order":0,"comment_status":"closed","ping_status":"closed","template":"","meta":{"ngg_post_thumbnail":0,"footnotes":"","_mc_calendar":[]},"aioseo_notices":[],"_links":{"self":[{"href":"https:\/\/blogsaverroes.juntadeandalucia.es\/ieshimilce\/wp-json\/wp\/v2\/pages\/4439"}],"collection":[{"href":"https:\/\/blogsaverroes.juntadeandalucia.es\/ieshimilce\/wp-json\/wp\/v2\/pages"}],"about":[{"href":"https:\/\/blogsaverroes.juntadeandalucia.es\/ieshimilce\/wp-json\/wp\/v2\/types\/page"}],"author":[{"embeddable":true,"href":"https:\/\/blogsaverroes.juntadeandalucia.es\/ieshimilce\/wp-json\/wp\/v2\/users\/5100"}],"replies":[{"embeddable":true,"href":"https:\/\/blogsaverroes.juntadeandalucia.es\/ieshimilce\/wp-json\/wp\/v2\/comments?post=4439"}],"version-history":[{"count":7,"href":"https:\/\/blogsaverroes.juntadeandalucia.es\/ieshimilce\/wp-json\/wp\/v2\/pages\/4439\/revisions"}],"predecessor-version":[{"id":5840,"href":"https:\/\/blogsaverroes.juntadeandalucia.es\/ieshimilce\/wp-json\/wp\/v2\/pages\/4439\/revisions\/5840"}],"wp:attachment":[{"href":"https:\/\/blogsaverroes.juntadeandalucia.es\/ieshimilce\/wp-json\/wp\/v2\/media?parent=4439"}],"curies":[{"name":"wp","href":"https:\/\/api.w.org\/{rel}","templated":true}]}}