{"id":1667,"date":"2022-05-16T10:10:16","date_gmt":"2022-05-16T09:10:16","guid":{"rendered":"https:\/\/blogsaverroes.juntadeandalucia.es\/iesincagarcilaso\/?page_id=1667"},"modified":"2022-05-16T11:41:40","modified_gmt":"2022-05-16T10:41:40","slug":"montilla-2","status":"publish","type":"page","link":"https:\/\/blogsaverroes.juntadeandalucia.es\/iesincagarcilaso\/montilla-2\/","title":{"rendered":"Montilla"},"content":{"rendered":"<p>[et_pb_section fb_built=&#8221;1&#8243; custom_padding_last_edited=&#8221;on|desktop&#8221; next_background_color=&#8221;#ffffff&#8221; admin_label=&#8221;Header&#8221; _builder_version=&#8221;4.5.0&#8243; use_background_color_gradient=&#8221;on&#8221; background_color_gradient_start=&#8221;#ffffff&#8221; background_color_gradient_end=&#8221;#ffffff&#8221; background_color_gradient_direction=&#8221;130deg&#8221; background_color_gradient_start_position=&#8221;25%&#8221; background_image=&#8221;https:\/\/blogsaverroes.juntadeandalucia.es\/iesincagarcilaso\/files\/2021\/10\/inca1.jpg&#8221; height=&#8221;500px&#8221; custom_padding=&#8221;4vw||16vw|&#8221; custom_padding_tablet=&#8221;100px||100px||true&#8221; custom_padding_phone=&#8221;||||true&#8221; bottom_divider_style=&#8221;ramp2&#8243; bottom_divider_height=&#8221;250px&#8221; bottom_divider_flip=&#8221;horizontal&#8221; bottom_divider_height_tablet=&#8221;150px&#8221; bottom_divider_height_phone=&#8221;110px&#8221; bottom_divider_height_last_edited=&#8221;on|phone&#8221; z_index_tablet=&#8221;500&#8243; box_shadow_horizontal_tablet=&#8221;0px&#8221; box_shadow_vertical_tablet=&#8221;0px&#8221; box_shadow_blur_tablet=&#8221;40px&#8221; box_shadow_spread_tablet=&#8221;0px&#8221; saved_tabs=&#8221;all&#8221; global_colors_info=&#8221;{}&#8221;][et_pb_row _builder_version=&#8221;3.25&#8243; width_phone=&#8221;50px&#8221; max_width_phone=&#8221;1280px&#8221; custom_margin=&#8221;-20px|||&#8221; custom_padding=&#8221;||80px|&#8221; z_index_tablet=&#8221;500&#8243; box_shadow_horizontal_tablet=&#8221;0px&#8221; box_shadow_vertical_tablet=&#8221;0px&#8221; box_shadow_blur_tablet=&#8221;40px&#8221; box_shadow_spread_tablet=&#8221;0px&#8221; global_colors_info=&#8221;{}&#8221;][et_pb_column type=&#8221;4_4&#8243; _builder_version=&#8221;3.25&#8243; custom_padding=&#8221;|||&#8221; global_colors_info=&#8221;{}&#8221; custom_padding__hover=&#8221;|||&#8221;][et_pb_text admin_label=&#8221;Portada. Imagen, t\u00edtulo, nombre del centro y ciudad&#8221; _builder_version=&#8221;4.5.0&#8243; text_font=&#8221;Roboto||||||||&#8221; text_line_height=&#8221;1.8em&#8221; header_font=&#8221;Roboto|700|||||||&#8221; header_text_align=&#8221;center&#8221; header_font_size=&#8221;80px&#8221; header_line_height=&#8221;1.2em&#8221; header_3_font=&#8221;Roboto|700||on|||||&#8221; header_3_text_align=&#8221;center&#8221; header_3_text_color=&#8221;#ffffff&#8221; header_3_font_size=&#8221;24px&#8221; header_3_letter_spacing=&#8221;10px&#8221; header_3_line_height=&#8221;2em&#8221; background_color=&#8221;rgba(0,0,0,0)&#8221; text_orientation=&#8221;center&#8221; background_layout=&#8221;dark&#8221; module_alignment=&#8221;center&#8221; custom_margin=&#8221;-50px|||&#8221; custom_padding=&#8221;150px||||false|false&#8221; text_font_size_last_edited=&#8221;off|desktop&#8221; header_font_size_tablet=&#8221;40px&#8221; header_font_size_phone=&#8221;32px&#8221; header_font_size_last_edited=&#8221;on|phone&#8221; header_3_font_size_tablet=&#8221;16px&#8221; header_3_font_size_phone=&#8221;14px&#8221; header_3_font_size_last_edited=&#8221;on|phone&#8221; header_3_letter_spacing_tablet=&#8221;5px&#8221; header_3_letter_spacing_phone=&#8221;&#8221; header_3_letter_spacing_last_edited=&#8221;on|tablet&#8221; z_index_tablet=&#8221;500&#8243; text_text_shadow_horizontal_length_tablet=&#8221;0px&#8221; text_text_shadow_vertical_length_tablet=&#8221;0px&#8221; text_text_shadow_blur_strength_tablet=&#8221;1px&#8221; link_text_shadow_horizontal_length_tablet=&#8221;0px&#8221; link_text_shadow_vertical_length_tablet=&#8221;0px&#8221; link_text_shadow_blur_strength_tablet=&#8221;1px&#8221; ul_text_shadow_horizontal_length_tablet=&#8221;0px&#8221; ul_text_shadow_vertical_length_tablet=&#8221;0px&#8221; ul_text_shadow_blur_strength_tablet=&#8221;1px&#8221; ol_text_shadow_horizontal_length_tablet=&#8221;0px&#8221; ol_text_shadow_vertical_length_tablet=&#8221;0px&#8221; ol_text_shadow_blur_strength_tablet=&#8221;1px&#8221; quote_text_shadow_horizontal_length_tablet=&#8221;0px&#8221; quote_text_shadow_vertical_length_tablet=&#8221;0px&#8221; quote_text_shadow_blur_strength_tablet=&#8221;1px&#8221; header_text_shadow_horizontal_length_tablet=&#8221;0px&#8221; header_text_shadow_vertical_length_tablet=&#8221;0px&#8221; header_text_shadow_blur_strength_tablet=&#8221;1px&#8221; header_2_text_shadow_horizontal_length_tablet=&#8221;0px&#8221; header_2_text_shadow_vertical_length_tablet=&#8221;0px&#8221; header_2_text_shadow_blur_strength_tablet=&#8221;1px&#8221; header_3_text_shadow_horizontal_length_tablet=&#8221;0px&#8221; header_3_text_shadow_vertical_length_tablet=&#8221;0px&#8221; header_3_text_shadow_blur_strength_tablet=&#8221;1px&#8221; header_4_text_shadow_horizontal_length_tablet=&#8221;0px&#8221; header_4_text_shadow_vertical_length_tablet=&#8221;0px&#8221; header_4_text_shadow_blur_strength_tablet=&#8221;1px&#8221; header_5_text_shadow_horizontal_length_tablet=&#8221;0px&#8221; header_5_text_shadow_vertical_length_tablet=&#8221;0px&#8221; header_5_text_shadow_blur_strength_tablet=&#8221;1px&#8221; header_6_text_shadow_horizontal_length_tablet=&#8221;0px&#8221; header_6_text_shadow_vertical_length_tablet=&#8221;0px&#8221; header_6_text_shadow_blur_strength_tablet=&#8221;1px&#8221; box_shadow_horizontal_tablet=&#8221;0px&#8221; box_shadow_vertical_tablet=&#8221;0px&#8221; box_shadow_blur_tablet=&#8221;40px&#8221; box_shadow_spread_tablet=&#8221;0px&#8221; global_colors_info=&#8221;{}&#8221;]<\/p>\n<h1 style=\"text-align: right\"><strong>IES<\/strong><\/h1>\n<h1 style=\"text-align: right\"><strong>INCA GARCILASO<\/strong><\/h1>\n<p>[\/et_pb_text][\/et_pb_column][\/et_pb_row][\/et_pb_section][et_pb_section fb_built=&#8221;1&#8243; _builder_version=&#8221;4.5.0&#8243; _module_preset=&#8221;default&#8221; global_colors_info=&#8221;{}&#8221;][et_pb_row _builder_version=&#8221;4.5.0&#8243; _module_preset=&#8221;default&#8221; global_colors_info=&#8221;{}&#8221;][et_pb_column type=&#8221;4_4&#8243; _builder_version=&#8221;4.5.0&#8243; _module_preset=&#8221;default&#8221; global_colors_info=&#8221;{}&#8221;][et_pb_text _builder_version=&#8221;4.14.5&#8243; _module_preset=&#8221;default&#8221; global_colors_info=&#8221;{}&#8221;]<\/p>\n<p><strong><span style=\"font-size: 24pt\">\u00bfD\u00f3nde se localiza Montilla?<\/span><\/strong><\/p>\n<p>[\/et_pb_text][et_pb_text _builder_version=&#8221;4.14.5&#8243; _module_preset=&#8221;default&#8221; text_text_color=&#8221;#FFFFFF&#8221; text_font_size=&#8221;16px&#8221; text_letter_spacing=&#8221;2px&#8221; background_color=&#8221;#000b8e&#8221; custom_margin=&#8221;0px|0px|0px|0px|false|false&#8221; custom_padding=&#8221;20px|20px|20px|20px|true|true&#8221; border_radii=&#8221;on|15px|15px|15px|15px&#8221; box_shadow_style=&#8221;preset2&#8243; global_colors_info=&#8221;{}&#8221;]<\/p>\n<p style=\"text-align: justify\"><span style=\"font-size: 12pt;font-family: arial, helvetica, sans-serif\">Montilla es un municipio de la provincia de C\u00f3rdoba, en la comunidad aut\u00f3noma de Andaluc\u00eda. Esta ciudad, de tipo medio, se localiza en pleno centro geogr\u00e1fico de la regi\u00f3n: a unos 45 km al sur de C\u00f3rdoba, en la comarca de la Campi\u00f1a Sur Cordobesa, 115 km al norte de M\u00e1laga y 130 km al oeste de Sevilla. Sus coordenadas geogr\u00e1ficas son 37\u00b0 35\u2032 23\u2032\u2032 latitud Norte y 4\u00b0 38\u2032 18 \u2032\u2032 longitud O, y se encuentra a una altitud media de 374 m sobre el nivel del mar. El t\u00e9rmino municipal tiene una extensi\u00f3n de 169,29 km2 y en el a\u00f1o 2021 estaba ocupado por unos 22.633 habitantes, lo que supone una densidad de poblaci\u00f3n de entorno a 133 hab\/km2.<\/span><\/p>\n<table style=\"border-collapse: collapse;width: 100%;height: 358px\">\n<tbody>\n<tr style=\"height: 358px\">\n<td style=\"width: 50%;border-style: hidden;height: 358px\"><img loading=\"lazy\" decoding=\"async\" class=\"wp-image-1675 aligncenter\" src=\"https:\/\/blogsaverroes.juntadeandalucia.es\/iesincagarcilaso\/files\/2022\/05\/mapaMontilla.png\" alt=\"\" width=\"279\" height=\"278\"><\/td>\n<td style=\"width: 50%;border-style: hidden;height: 358px\"><img loading=\"lazy\" decoding=\"async\" class=\"aligncenter  wp-image-1688\" src=\"https:\/\/blogsaverroes.juntadeandalucia.es\/iesincagarcilaso\/files\/2022\/05\/csur2.png\" alt=\"\" width=\"368\" height=\"255\"><\/td>\n<\/tr>\n<\/tbody>\n<\/table>\n<p style=\"text-align: center\"><span style=\"font-family: arial, helvetica, sans-serif\">Fuente: Mancomunidad Campi\u00f1a Sur<\/span><\/p>\n<p>[\/et_pb_text][\/et_pb_column][\/et_pb_row][et_pb_row _builder_version=&#8221;4.14.5&#8243; _module_preset=&#8221;default&#8221; global_colors_info=&#8221;{}&#8221;][et_pb_column type=&#8221;4_4&#8243; _builder_version=&#8221;4.14.5&#8243; _module_preset=&#8221;default&#8221; global_colors_info=&#8221;{}&#8221;][et_pb_text _builder_version=&#8221;4.14.5&#8243; _module_preset=&#8221;default&#8221; global_colors_info=&#8221;{}&#8221;]<\/p>\n<p><strong><span style=\"font-size: 24pt\">\u00bfC\u00f3mo se llega a Montilla?<\/span><\/strong><\/p>\n<p>[\/et_pb_text][et_pb_tabs _builder_version=&#8221;4.14.5&#8243; _module_preset=&#8221;default&#8221; hover_enabled=&#8221;0&#8243; global_colors_info=&#8221;{}&#8221; sticky_enabled=&#8221;0&#8243;][et_pb_tab title=&#8221;Comunicaciones y transportes&#8221; _builder_version=&#8221;4.14.5&#8243; _module_preset=&#8221;default&#8221; tab_font_size=&#8221;16px&#8221; tab_letter_spacing=&#8221;1px&#8221; global_colors_info=&#8221;{}&#8221;]<\/p>\n<p style=\"text-align: justify\"><span style=\"font-size: 12pt;font-family: arial, helvetica, sans-serif\">La localizaci\u00f3n geogr\u00e1fica en la que se encuentra Montilla ha hecho que disponga de una ubicaci\u00f3n preferente respecto de las principales v\u00edas de conexi\u00f3n de Andaluc\u00eda, siendo ,por tanto, una poblaci\u00f3n bien comunicada y de f\u00e1cil acceso. Podemos decir que Montilla cuenta con variadas infraestructuras de transporte en cuanto que posee una excelente red de carreteras y estaci\u00f3n de autobuses,. Adem\u00e1s se encuentra a poca distancia por carretera de los dos principales aeropuertos de Andaluc\u00eda, el de M\u00e1laga y el de Sevilla.<\/span><\/p>\n<p>[\/et_pb_tab][et_pb_tab title=&#8221;Carretera&#8221; _builder_version=&#8221;4.14.5&#8243; _module_preset=&#8221;default&#8221; tab_font_size=&#8221;16px&#8221; tab_letter_spacing=&#8221;1px&#8221; hover_enabled=&#8221;0&#8243; global_colors_info=&#8221;{}&#8221; sticky_enabled=&#8221;0&#8243;]<\/p>\n<p style=\"text-align: justify\"><span style=\"font-size: 12pt;font-family: arial, helvetica, sans-serif\">Por carretera, desde el centro de la pen\u00ednsula se puede acceder a Montilla por la Autov\u00eda de Andaluc\u00eda la A-4, que partiendo de Madrid, atraviesa Castilla la Mancha y pasa por C\u00f3rdoba, Sevilla, y C\u00e1diz.<\/span><\/p>\n<p style=\"text-align: justify\"><span style=\"font-size: 12pt;font-family: arial, helvetica, sans-serif\"><img loading=\"lazy\" decoding=\"async\" class=\"wp-image-1679 alignleft\" src=\"https:\/\/blogsaverroes.juntadeandalucia.es\/iesincagarcilaso\/files\/2022\/05\/carretera.png\" alt=\"\" width=\"329\" height=\"241\"> <\/span><br \/><span style=\"font-size: 12pt;font-family: arial, helvetica, sans-serif\">Se puede llegar a Montilla por la N-331, la antigua carretera nacional direcci\u00f3n M\u00e1laga, que enlaza con la A-4 en el t\u00e9rmino de C\u00f3rdoba capital, \u00f3 por la A-45, direcci\u00f3n C\u00f3rdoba-M\u00e1laga, autov\u00eda que une Montilla con la capital cordobesa en tan solo veinte minutos, y con M\u00e1laga, Sevilla y Granada en poco m\u00e1s de hora y media. <\/span><br \/><span style=\"font-size: 12pt;font-family: arial, helvetica, sans-serif\">La A-4 y la A-45 permiten conectar Montilla con las provincias anejas existiendo otras carreteras de menor \u00edndole, como la antigua nacional N-331 que pasa por las localidades de Fern\u00e1n N\u00fa\u00f1ez, Montemayor, Montilla, Aguilar y Lucena, \u00f3 como la antigua auton\u00f3mica A-309 (actualmente separada en tramos A-307 y A-304) que comunica las localidades cercanas de Espejo, Montilla, Aguilar de la Frontera y Puente Genil.<\/span><\/p>\n<p>&nbsp;<\/p>\n<p>Fuente Imagen: Bodegas Cruz Conde.<\/p>\n<p>[\/et_pb_tab][et_pb_tab title=&#8221;Autobuses&#8221; _builder_version=&#8221;4.14.5&#8243; _module_preset=&#8221;default&#8221; tab_font_size=&#8221;16px&#8221; tab_letter_spacing=&#8221;1px&#8221; hover_enabled=&#8221;0&#8243; global_colors_info=&#8221;{}&#8221; sticky_enabled=&#8221;0&#8243;]<\/p>\n<p style=\"text-align: justify\"><span style=\"font-size: 12pt;font-family: arial, helvetica, sans-serif\">En la entrada de Montilla (C\/ Conde de la Cortina) se encuentra la moderna Estaci\u00f3n de Autobuses que dispone de varias l\u00edneas, DAIBUS, con direcci\u00f3n a Madrid, ALSINA GRAELLS SUR,con destino a M\u00e1laga y Granada y CARRERAS con direcci\u00f3n C\u00f3rdoba, l\u00ednea que pone en relaci\u00f3n a todos los municipios cercanos de la provincia.<\/span><\/p>\n<p><img loading=\"lazy\" decoding=\"async\" class=\"aligncenter size-full wp-image-1692\" src=\"https:\/\/blogsaverroes.juntadeandalucia.es\/iesincagarcilaso\/files\/2022\/05\/acarrera.png\" alt=\"\" width=\"663\" height=\"196\" srcset=\"https:\/\/blogsaverroes.juntadeandalucia.es\/iesincagarcilaso\/files\/2022\/05\/acarrera.png 663w, https:\/\/blogsaverroes.juntadeandalucia.es\/iesincagarcilaso\/files\/2022\/05\/acarrera-480x142.png 480w\" sizes=\"(min-width: 0px) and (max-width: 480px) 480px, (min-width: 481px) 663px, 100vw\" \/><\/p>\n<p><img loading=\"lazy\" decoding=\"async\" class=\"aligncenter size-full wp-image-1693\" src=\"https:\/\/blogsaverroes.juntadeandalucia.es\/iesincagarcilaso\/files\/2022\/05\/adaibus.png\" alt=\"\" width=\"509\" height=\"119\" srcset=\"https:\/\/blogsaverroes.juntadeandalucia.es\/iesincagarcilaso\/files\/2022\/05\/adaibus.png 509w, https:\/\/blogsaverroes.juntadeandalucia.es\/iesincagarcilaso\/files\/2022\/05\/adaibus-480x112.png 480w\" sizes=\"(min-width: 0px) and (max-width: 480px) 480px, (min-width: 481px) 509px, 100vw\" \/><\/p>\n<p><img loading=\"lazy\" decoding=\"async\" class=\"aligncenter size-full wp-image-1694\" src=\"https:\/\/blogsaverroes.juntadeandalucia.es\/iesincagarcilaso\/files\/2022\/05\/aalsa.png\" alt=\"\" width=\"663\" height=\"161\" srcset=\"https:\/\/blogsaverroes.juntadeandalucia.es\/iesincagarcilaso\/files\/2022\/05\/aalsa.png 663w, https:\/\/blogsaverroes.juntadeandalucia.es\/iesincagarcilaso\/files\/2022\/05\/aalsa-480x117.png 480w\" sizes=\"(min-width: 0px) and (max-width: 480px) 480px, (min-width: 481px) 663px, 100vw\" \/><\/p>\n<p>&nbsp;<\/p>\n<p>[\/et_pb_tab][\/et_pb_tabs][\/et_pb_column][\/et_pb_row][\/et_pb_section]<\/p>\n","protected":false},"excerpt":{"rendered":"<p>IES INCA GARCILASO\u00bfD\u00f3nde se localiza Montilla?Montilla es un municipio de la provincia de C\u00f3rdoba, en la comunidad aut\u00f3noma de Andaluc\u00eda. Esta ciudad, de tipo medio, se localiza en pleno centro geogr\u00e1fico de la regi\u00f3n: a unos 45 km al sur de C\u00f3rdoba, en la comarca de la Campi\u00f1a Sur Cordobesa, 115 km al norte de [&hellip;]<\/p>\n","protected":false},"author":13399,"featured_media":0,"parent":0,"menu_order":0,"comment_status":"closed","ping_status":"closed","template":"","meta":{"_et_pb_use_builder":"on","_et_pb_old_content":"","_et_gb_content_width":"","ngg_post_thumbnail":0,"footnotes":""},"aioseo_notices":[],"_links":{"self":[{"href":"https:\/\/blogsaverroes.juntadeandalucia.es\/iesincagarcilaso\/wp-json\/wp\/v2\/pages\/1667"}],"collection":[{"href":"https:\/\/blogsaverroes.juntadeandalucia.es\/iesincagarcilaso\/wp-json\/wp\/v2\/pages"}],"about":[{"href":"https:\/\/blogsaverroes.juntadeandalucia.es\/iesincagarcilaso\/wp-json\/wp\/v2\/types\/page"}],"author":[{"embeddable":true,"href":"https:\/\/blogsaverroes.juntadeandalucia.es\/iesincagarcilaso\/wp-json\/wp\/v2\/users\/13399"}],"replies":[{"embeddable":true,"href":"https:\/\/blogsaverroes.juntadeandalucia.es\/iesincagarcilaso\/wp-json\/wp\/v2\/comments?post=1667"}],"version-history":[{"count":10,"href":"https:\/\/blogsaverroes.juntadeandalucia.es\/iesincagarcilaso\/wp-json\/wp\/v2\/pages\/1667\/revisions"}],"predecessor-version":[{"id":1695,"href":"https:\/\/blogsaverroes.juntadeandalucia.es\/iesincagarcilaso\/wp-json\/wp\/v2\/pages\/1667\/revisions\/1695"}],"wp:attachment":[{"href":"https:\/\/blogsaverroes.juntadeandalucia.es\/iesincagarcilaso\/wp-json\/wp\/v2\/media?parent=1667"}],"curies":[{"name":"wp","href":"https:\/\/api.w.org\/{rel}","templated":true}]}}