{"id":2498,"date":"2023-03-06T14:19:09","date_gmt":"2023-03-06T13:19:09","guid":{"rendered":"https:\/\/blogsaverroes.juntadeandalucia.es\/iesisidorosanchez\/?page_id=2498"},"modified":"2025-05-23T10:56:22","modified_gmt":"2025-05-23T09:56:22","slug":"admision-matriculacion","status":"publish","type":"page","link":"https:\/\/blogsaverroes.juntadeandalucia.es\/iesisidorosanchez\/admision-matriculacion\/","title":{"rendered":"Admisi\u00f3n\/Matr\u00edculaci\u00f3n"},"content":{"rendered":"<!--themify_builder_content-->\n<div id=\"themify_builder_content-2498\" data-postid=\"2498\" class=\"themify_builder_content themify_builder_content-2498 themify_builder tf_clear\">\n                    <div  data-lazy=\"1\" class=\"module_row themify_builder_row tb_sexn144 tb_first tf_w\">\n                        <div class=\"row_inner col_align_top tb_col_count_1 tf_box tf_rel\">\n                        <div  data-lazy=\"1\" class=\"module_column tb-column col-full tb_8zl5144 first\">\n                    <!-- module accordion -->\n<div  class=\"module module-accordion tb_420k38 \" data-behavior=\"toggle\" data-lazy=\"1\">\n    \n    <ul class=\"ui module-accordion separate rounded embossed shadow tb_default_color\">\n            <li>\n            <div class=\"accordion-title tf_rel\">\n                <a href=\"#acc-420k38-0\" class=\"tb_title_accordion\" aria-controls=\"acc-420k38-0-content\" aria-expanded=\"false\">\n                    <i class=\"accordion-icon\"><svg  class=\"tf_fa tf-ti-plus\" aria-hidden=\"true\"><use href=\"#tf-ti-plus\"><\/use><\/svg><\/i>                    <i class=\"accordion-active-icon tf_hide\"><svg  class=\"tf_fa tf-ti-minus\" aria-hidden=\"true\"><use href=\"#tf-ti-minus\"><\/use><\/svg><\/i>                    ESO y Bachillerato: alumnado del centro. Curso 2025\/2026                <\/a>\n            <\/div><!-- .accordion-title -->\n            <div id=\"acc-420k38-0-content\" data-id=\"acc-420k38-0\" aria-hidden=\"true\" class=\"accordion-content tf_hide tf_clearfix\">\n                        <div  data-lazy=\"1\" class=\"module_subrow themify_builder_sub_row tf_w col_align_top tb_col_count_1 tb_le3u620\">\n                <div  data-lazy=\"1\" class=\"module_column sub_column tb_o9j5620 first\">\n                    <!-- module text -->\n<div  class=\"module module-text tb_q0x9620   \" data-lazy=\"1\">\n        <div  class=\"tb_text_wrap\">\n        <p><strong>Del 1 al 10 de julio <\/strong>matriculaci\u00f3n a trav\u00e9s de siguiente enlace <a href=\"https:\/\/www.juntadeandalucia.es\/educacion\/secretariavirtual\/solicitudes\/\" target=\"_blank\" rel=\"noopener noreferrer\"><strong>SECRETAR\u00cdA VIRTUAL <\/strong><\/a> o accede a ella desde el iPASEN<\/p><p>Para realizar la matr\u00edcula por la Secretar\u00eda Virtual es necesaria la <strong>clave iANDE.<\/strong><\/p><p style=\"padding-left: 40px\">Las madres\/padres deben entrar en su<strong> iPASEN<\/strong> donde encontrar\u00e1n la <strong>clave iANDE <\/strong>de sus hijos\/as:<\/p><ol style=\"color: black;padding-left: 60px\"><li>Acceder a iPASEN.<\/li><li>Hacer clic en comunicaciones.<\/li><li>Hacer clic en el primer mensaje fijo.<\/li><li>En el mensaje que se abre figurar\u00e1 la clave.<\/li><\/ol><div class=\"themify_builder_sub_row module_subrow clearfix sub_row_0-0-1 tb_wwmh418\"><div class=\"subrow_inner col_align_top\"><div class=\"sub_column module_column col2-1 first sub_column_post_2450 sub_column_0-0-1-0 tb_1um4420\"><div class=\"tb-column-inner\"><p><!-- module image --><\/p><div class=\"module module-image tb_nml2496 bordered image-center \"><div class=\"image-wrap\"><img decoding=\"async\" class=\" wp-post-image wp-image-2472\" title=\"iAnde1 - Comunicaciones\" src=\"..\/files\/2023\/03\/iande1-269x500.jpg\" alt=\"iAnde1 - Comunicaciones\" height=\"500\" srcset=\"https:\/\/blogsaverroes.juntadeandalucia.es\/iesisidorosanchez\/files\/2023\/03\/iande1-269x500.jpg 269w, https:\/\/blogsaverroes.juntadeandalucia.es\/iesisidorosanchez\/files\/2023\/03\/iande1-161x300.jpg 161w, https:\/\/blogsaverroes.juntadeandalucia.es\/iesisidorosanchez\/files\/2023\/03\/iande1-53x100.jpg 53w, https:\/\/blogsaverroes.juntadeandalucia.es\/iesisidorosanchez\/files\/2023\/03\/iande1-107x200.jpg 107w, https:\/\/blogsaverroes.juntadeandalucia.es\/iesisidorosanchez\/files\/2023\/03\/iande1-134x250.jpg 134w, https:\/\/blogsaverroes.juntadeandalucia.es\/iesisidorosanchez\/files\/2023\/03\/iande1.jpg 551w\" sizes=\"(max-width: 269px) 100vw, 269px\" \/><\/div><p><!-- \/image-wrap --><\/p><\/div><p><!-- \/module image --><br><!-- module text --><\/p><div class=\"module module-text tb_j6hb148 \"><div class=\"tb_text_wrap\"><p style=\"text-align: center\">Paso 2. Hacer clic en comunicaciones<\/p><\/div><\/div><p><!-- \/module text --><\/p><\/div><\/div><div class=\"sub_column module_column col2-1 last sub_column_post_2450 sub_column_0-0-1-1 tb_52xg420\"><div class=\"tb-column-inner\"><p><!-- module image --><\/p><div class=\"module module-image tb_7dbm685 bordered image-center \"><div class=\"image-wrap\"><img decoding=\"async\" class=\" wp-post-image wp-image-2471\" title=\"iAnde2 - mensaje fijo\" src=\"..\/files\/2023\/03\/iande2-265x500.jpg\" alt=\"iAnde2 - mensaje fijo\" height=\"500\" srcset=\"https:\/\/blogsaverroes.juntadeandalucia.es\/iesisidorosanchez\/files\/2023\/03\/iande2-265x500.jpg 265w, https:\/\/blogsaverroes.juntadeandalucia.es\/iesisidorosanchez\/files\/2023\/03\/iande2-159x300.jpg 159w, https:\/\/blogsaverroes.juntadeandalucia.es\/iesisidorosanchez\/files\/2023\/03\/iande2-100x188.jpg 100w, https:\/\/blogsaverroes.juntadeandalucia.es\/iesisidorosanchez\/files\/2023\/03\/iande2-150x282.jpg 150w, https:\/\/blogsaverroes.juntadeandalucia.es\/iesisidorosanchez\/files\/2023\/03\/iande2.jpg 544w\" sizes=\"(max-width: 265px) 100vw, 265px\" \/><\/div><p><!-- \/image-wrap --><\/p><\/div><p><!-- \/module image --><br><!-- module text --><\/p><div class=\"module module-text tb_hjlt123 \"><div class=\"tb_text_wrap\"><p style=\"text-align: center\">Paso 3. Hacer clic en el primer mensaje fijo<\/p><\/div><\/div><p><!-- \/module text --><\/p><\/div><\/div><\/div><\/div><p>Si tienes cualquier problema, no dudes en ponerte en <a href=\"..\/contacto\/\" target=\"_blank\" rel=\"noopener noreferrer\">contacto<\/a> con nosotros.<\/p>    <\/div>\n<\/div>\n<!-- \/module text -->        <\/div>\n                    <\/div>\n                    <\/div><!-- .accordion-content -->\n        <\/li>\n            <li>\n            <div class=\"accordion-title tf_rel\">\n                <a href=\"#acc-420k38-1\" class=\"tb_title_accordion\" aria-controls=\"acc-420k38-1-content\" aria-expanded=\"false\">\n                    <i class=\"accordion-icon\"><svg  class=\"tf_fa tf-ti-plus\" aria-hidden=\"true\"><use href=\"#tf-ti-plus\"><\/use><\/svg><\/i>                    <i class=\"accordion-active-icon tf_hide\"><svg  class=\"tf_fa tf-ti-minus\" aria-hidden=\"true\"><use href=\"#tf-ti-minus\"><\/use><\/svg><\/i>                    ESO y Bachillerato: nuevo alumnado. Curso 2025\/2026                <\/a>\n            <\/div><!-- .accordion-title -->\n            <div id=\"acc-420k38-1-content\" data-id=\"acc-420k38-1\" aria-hidden=\"true\" class=\"accordion-content tf_hide tf_clearfix\">\n                        <div  data-lazy=\"1\" class=\"module_subrow themify_builder_sub_row tf_w col_align_top tb_col_count_1 tb_xpzy622\">\n                <div  data-lazy=\"1\" class=\"module_column sub_column tb_rqc3622 first\">\n                    <!-- module text -->\n<div  class=\"module module-text tb_t725622   \" data-lazy=\"1\">\n        <div  class=\"tb_text_wrap\">\n        <p><strong>Del 1 al 31 de marzo <\/strong>presentaci\u00f3n de la <strong>solicitud de admisi\u00f3n<\/strong> en el siguiente enlace <a href=\"https:\/\/www.juntadeandalucia.es\/educacion\/secretariavirtual\/solicitudes\/\" target=\"_blank\" rel=\"noopener noreferrer\"><strong>SECRETAR\u00cdA VIRTUAL<\/strong><\/a><strong>&nbsp; <\/strong>o accede a ella desde el iPASEN.<\/p><p>Para realizar la solicitud por la Secretar\u00eda Virtual es necesaria la <strong>clave iANDE.<\/strong><\/p><p style=\"padding-left: 40px\">Las madres\/padres deben entrar en su<strong> iPASEN<\/strong> donde encontrar\u00e1n la <strong>clave iANDE <\/strong>de sus hijos\/as:<\/p><ol style=\"color: black;padding-left: 60px\"><li>Acceder a iPASEN.<\/li><li>Hacer clic en comunicaciones.<\/li><li>Hacer clic en el primer mensaje fijo.<\/li><li>En el mensaje que se abre figurar\u00e1 la clave.<\/li><\/ol><div class=\"themify_builder_sub_row module_subrow clearfix sub_row_0-0-1 tb_wwmh418\"><div class=\"subrow_inner col_align_top\"><div class=\"sub_column module_column col2-1 first sub_column_post_2450 sub_column_0-0-1-0 tb_1um4420\"><div class=\"tb-column-inner\"><p><!-- module image --><\/p><div class=\"module module-image tb_nml2496 bordered image-center \"><div class=\"image-wrap\"><img decoding=\"async\" class=\" wp-post-image wp-image-2472\" title=\"iAnde1 - Comunicaciones\" src=\"..\/files\/2023\/03\/iande1-269x500.jpg\" alt=\"iAnde1 - Comunicaciones\" height=\"500\" srcset=\"https:\/\/blogsaverroes.juntadeandalucia.es\/iesisidorosanchez\/files\/2023\/03\/iande1-269x500.jpg 269w, https:\/\/blogsaverroes.juntadeandalucia.es\/iesisidorosanchez\/files\/2023\/03\/iande1-161x300.jpg 161w, https:\/\/blogsaverroes.juntadeandalucia.es\/iesisidorosanchez\/files\/2023\/03\/iande1-53x100.jpg 53w, https:\/\/blogsaverroes.juntadeandalucia.es\/iesisidorosanchez\/files\/2023\/03\/iande1-107x200.jpg 107w, https:\/\/blogsaverroes.juntadeandalucia.es\/iesisidorosanchez\/files\/2023\/03\/iande1-134x250.jpg 134w, https:\/\/blogsaverroes.juntadeandalucia.es\/iesisidorosanchez\/files\/2023\/03\/iande1.jpg 551w\" sizes=\"(max-width: 269px) 100vw, 269px\" \/><\/div><p><!-- \/image-wrap --><\/p><\/div><p><!-- \/module image --><br><!-- module text --><\/p><div class=\"module module-text tb_j6hb148 \"><div class=\"tb_text_wrap\"><p style=\"text-align: center\">Paso 2. Hacer clic en comunicaciones<\/p><\/div><\/div><p><!-- \/module text --><\/p><\/div><\/div><div class=\"sub_column module_column col2-1 last sub_column_post_2450 sub_column_0-0-1-1 tb_52xg420\"><div class=\"tb-column-inner\"><p><!-- module image --><\/p><div class=\"module module-image tb_7dbm685 bordered image-center \"><div class=\"image-wrap\"><img decoding=\"async\" class=\" wp-post-image wp-image-2471\" title=\"iAnde2 - mensaje fijo\" src=\"..\/files\/2023\/03\/iande2-265x500.jpg\" alt=\"iAnde2 - mensaje fijo\" height=\"500\" srcset=\"https:\/\/blogsaverroes.juntadeandalucia.es\/iesisidorosanchez\/files\/2023\/03\/iande2-265x500.jpg 265w, https:\/\/blogsaverroes.juntadeandalucia.es\/iesisidorosanchez\/files\/2023\/03\/iande2-159x300.jpg 159w, https:\/\/blogsaverroes.juntadeandalucia.es\/iesisidorosanchez\/files\/2023\/03\/iande2-100x188.jpg 100w, https:\/\/blogsaverroes.juntadeandalucia.es\/iesisidorosanchez\/files\/2023\/03\/iande2-150x282.jpg 150w, https:\/\/blogsaverroes.juntadeandalucia.es\/iesisidorosanchez\/files\/2023\/03\/iande2.jpg 544w\" sizes=\"(max-width: 265px) 100vw, 265px\" \/><\/div><p><!-- \/image-wrap --><\/p><\/div><p><!-- \/module image --><br><!-- module text --><\/p><div class=\"module module-text tb_hjlt123 \"><div class=\"tb_text_wrap\"><p style=\"text-align: center\">Paso 3. Hacer clic en el primer mensaje fijo<\/p><\/div><\/div><p><!-- \/module text --><\/p><\/div><\/div><\/div><\/div><p>Si tienes cualquier problema, no dudes en ponerte en <a href=\"..\/contacto\/\" target=\"_blank\" rel=\"noopener noreferrer\">contacto<\/a> con nosotros.<\/p><p>En la p\u00e1gina web de la Junta de Andaluc\u00eda est\u00e1 disponible el <a href=\"https:\/\/www.juntadeandalucia.es\/educacion\/portales\/web\/escolarizacion\/infantil-a-bachillerato\/calendario\" target=\"_blank\" rel=\"noopener noreferrer\"><strong>Calendario de actuaciones<\/strong><\/a> del procedimiento ordinario de admisi\u00f3n para el curso 2025\/26.<\/p><p>Toda la informaci\u00f3n sobre el procedimiento de escolarizaci\u00f3n en<strong>:<\/strong><\/p><p><a href=\"https:\/\/www.juntadeandalucia.es\/educacion\/portales\/web\/escolarizacion\" target=\"_blank\" rel=\"noopener\">https:\/\/www.juntadeandalucia.es\/educacion\/portales\/web\/escolarizacion<\/a><\/p>    <\/div>\n<\/div>\n<!-- \/module text -->        <\/div>\n                    <\/div>\n                    <\/div><!-- .accordion-content -->\n        <\/li>\n            <li>\n            <div class=\"accordion-title tf_rel\">\n                <a href=\"#acc-420k38-2\" class=\"tb_title_accordion\" aria-controls=\"acc-420k38-2-content\" aria-expanded=\"false\">\n                    <i class=\"accordion-icon\"><svg  class=\"tf_fa tf-ti-plus\" aria-hidden=\"true\"><use href=\"#tf-ti-plus\"><\/use><\/svg><\/i>                    <i class=\"accordion-active-icon tf_hide\"><svg  class=\"tf_fa tf-ti-minus\" aria-hidden=\"true\"><use href=\"#tf-ti-minus\"><\/use><\/svg><\/i>                    Ciclo Formativo de Grado B\u00e1sico: ADMISI\u00d3N 1\u00ba CURSO. Curso 2025\/2026                <\/a>\n            <\/div><!-- .accordion-title -->\n            <div id=\"acc-420k38-2-content\" data-id=\"acc-420k38-2\" aria-hidden=\"true\" class=\"accordion-content tf_hide tf_clearfix\">\n                        <div  data-lazy=\"1\" class=\"module_subrow themify_builder_sub_row tf_w col_align_top tb_col_count_1 tb_mqrh623\">\n                <div  data-lazy=\"1\" class=\"module_column sub_column tb_w6n8623 first\">\n                    <!-- module text -->\n<div  class=\"module module-text tb_wel0623   \" data-lazy=\"1\">\n        <div  class=\"tb_text_wrap\">\n        <p>El GRADO B\u00c1SICO est\u00e1 dirigido al alumnado que <strong>no tiene la ESO<\/strong> y para acceder al mismo se requiere el cumplimiento simult\u00e1neo de los siguientes requisitos:<\/p><ol type=\"a\"><li>Tener cumplidos 15 a\u00f1os o cumplirlos durante el a\u00f1o natural en curso.<\/li><li>Haber cursado 3\u00ba de ESO o, excepcionalmente y a criterio del equipo docente y el responsable de la orientaci\u00f3n en el centro, el 2\u00ba de ESO.<\/li><li>Es <strong>imprescindible<\/strong> contar con el <strong>CONSEJO ORIENTADOR<\/strong> que establezca el Grado B\u00e1sico como itinerario recomendado por el equipo docente del \u00faltimo curso realizado.<\/li><\/ol><p><span style=\"text-decoration: underline\">CALENDARIO del Procedimiento de admisi\u00f3n.<\/span><\/p><ol type=\"a\"><li style=\"list-style-type: none\"><ol type=\"a\"><li><strong>SOLICITUD del 15 de junio al 30 de junio:<\/strong> Una <strong>\u00daNICA<\/strong> solicitud en la que pongas por orden de preferencia los Ciclos y Centros que te interesen (usa la pesta\u00f1a A\u00d1ADIR CENTRO). Si presentas varias solicitudes, ser\u00e1 <strong>V\u00c1LIDA<\/strong> la \u00faltima, anul\u00e1ndose las anteriores.<\/li><li><strong>RELACI\u00d3N PROVISIONAL<\/strong> DE SOLICITANTES el <strong>3 de julio<\/strong>: <strong>Comprueba que los datos que aparecen en el listado coinciden con los que pusiste en tu solicitud.<\/strong> Si no es as\u00ed, ponte en contacto con nosotros en el <strong>PLAZO DE ALEGACIONES del 4 al 7 de julio<\/strong>. Transcurrido este plazo NO podr\u00e1n corregirse las posibles discrepancias y puedes quedar fuera del procedimiento. Resueltas las alegaciones se publicar\u00e1 la Relaci\u00f3n Definitiva de Solicitantes el<strong> 10 de julio<\/strong>.<\/li><li><strong>1\u00aa ADJUDICACI\u00d3N de plazas el 10 de julio<\/strong>. Matr\u00edcula o Reserva del 11 al 16 de julio.<p>Se pueden dar 3 situaciones:<\/p><ul><li><strong>Matr\u00edcula Obligatoria:<\/strong> debes realizar la matr\u00edcula obligatoriamente.<\/li><li><strong>Reserva o Matr\u00edcula:<\/strong> Tienes <strong>2 opciones<\/strong> y debes realizar alguna de ellas para no ser <strong>excluido\/a<\/strong> del procedimiento: hacer la <span style=\"text-decoration: underline\">reserva<\/span> para continuar en el proceso en espera de obtener una plaza de mejor prioridad en la 2\u00aa adjudicaci\u00f3n o <em>matricularte<\/em> poniendo fin al proceso.<\/li><li><strong>Sin plaza:<\/strong> No tienes que hacer nada, esperas a la siguiente adjudicaci\u00f3n.<\/li><\/ul><\/li><li><strong>2\u00aa ADJUDICACI\u00d3N de plazas el 21 de julio.<\/strong> Matr\u00edcula <strong>obligatoria del 22 al 24 de julio<\/strong> en la plaza que finalmente te han dado. De no hacerlo, quedas excluido\/a del procedimiento.<\/li><li><strong>LISTA DE ESPERA hasta el 15 de octubre<\/strong><\/li><\/ol><\/li><\/ol><p>ENLACES<\/p><p>Presentaci\u00f3n de la solicitud:<br><a href=\"https:\/\/www.juntadeandalucia.es\/educacion\/secretariavirtual\/solicitudes\/\" target=\"_blank\" rel=\"noopener\">https:\/\/www.juntadeandalucia.es\/educacion\/secretariavirtual\/solicitudes\/<\/a><br>Consulta de listados y adjudicaciones<br><a href=\"https:\/\/www.juntadeandalucia.es\/educacion\/secretariavirtual\/consultas\/\" target=\"_blank\" rel=\"noopener\">https:\/\/www.juntadeandalucia.es\/educacion\/secretariavirtual\/consultas\/<\/a><\/p><p>M\u00e1s informaci\u00f3n:<\/p><p>Escolarizaci\u00f3n en Formaci\u00f3n Profesional<br><a href=\"https:\/\/www.juntadeandalucia.es\/educacion\/portales\/web\/escolarizacion\/formacion-profesional\/grado-basico\" target=\"_blank\" rel=\"noopener\">https:\/\/www.juntadeandalucia.es\/educacion\/portales\/web\/escolarizacion\/formacion-profesional\/grado-basico<\/a><br>Portal Formaci\u00f3n Profesional Andaluza<br><a href=\"https:\/\/www.juntadeandalucia.es\/educacion\/portals\/web\/formacion-profesional-andaluza\" target=\"_blank\" rel=\"noopener\">https:\/\/www.juntadeandalucia.es\/educacion\/portals\/web\/formacion-profesional-andaluza<\/a><\/p>    <\/div>\n<\/div>\n<!-- \/module text -->        <\/div>\n                    <\/div>\n                    <\/div><!-- .accordion-content -->\n        <\/li>\n            <li>\n            <div class=\"accordion-title tf_rel\">\n                <a href=\"#acc-420k38-3\" class=\"tb_title_accordion\" aria-controls=\"acc-420k38-3-content\" aria-expanded=\"false\">\n                    <i class=\"accordion-icon\"><svg  class=\"tf_fa tf-ti-plus\" aria-hidden=\"true\"><use href=\"#tf-ti-plus\"><\/use><\/svg><\/i>                    <i class=\"accordion-active-icon tf_hide\"><svg  class=\"tf_fa tf-ti-minus\" aria-hidden=\"true\"><use href=\"#tf-ti-minus\"><\/use><\/svg><\/i>                    Ciclo Formativo de Grado Medio o Grado Superior: ADMISI\u00d3N 1\u00ba CURSO. Curso 2025\/2026                <\/a>\n            <\/div><!-- .accordion-title -->\n            <div id=\"acc-420k38-3-content\" data-id=\"acc-420k38-3\" aria-hidden=\"true\" class=\"accordion-content tf_hide tf_clearfix\">\n                        <div  data-lazy=\"1\" class=\"module_subrow themify_builder_sub_row tf_w col_align_top tb_col_count_1 tb_19u0625\">\n                <div  data-lazy=\"1\" class=\"module_column sub_column tb_1s41625 first\">\n                    <!-- module text -->\n<div  class=\"module module-text tb_ved1625   \" data-lazy=\"1\">\n        <div  class=\"tb_text_wrap\">\n        <p><span style=\"text-decoration: underline\"><strong>CALENDARIO del Procedimiento Ordinario de admisi\u00f3n en oferta completa.<\/strong><\/span><\/p><ol type=\"a\"><li><strong>SOLICITUD del 15 de junio al 30 de junio:<\/strong> Una <strong>\u00daNICA<\/strong> solicitud en la que pongas por orden de preferencia los Ciclos y Centros que te interesen (usa la pesta\u00f1a A\u00d1ADIR CENTRO). Si presentas varias solicitudes, ser\u00e1 <strong>V\u00c1LIDA<\/strong> la \u00faltima, anul\u00e1ndose las anteriores.<\/li><li><strong>RELACI\u00d3N PROVISIONAL DE SOLICITANTES<\/strong> el <strong>3 de julio<\/strong>: <strong>Comprueba que los datos que aparecen en el listado coinciden con los que pusiste en tu solicitud.<\/strong> Si no es as\u00ed, ponte en contacto con nosotros en el<strong> PLAZO DE ALEGACIONES del 4 al 7 de julio<\/strong>. Transcurrido este plazo NO podr\u00e1n corregirse las posibles discrepancias y puedes quedar fuera del procedimiento. Resueltas las alegaciones se publicar\u00e1 la Relaci\u00f3n Definitiva de Solicitantes el <strong>10 de julio<\/strong>.<\/li><li><strong>1\u00aa ADJUDICACI\u00d3N<\/strong> de plazas el <strong>10 de julio<\/strong>. Matr\u00edcula o Reserva del 11 al 16 de julio.<br><br>Se pueden dar 3 situaciones:<ul><li><strong>Matr\u00edcula Obligatoria:<\/strong> debes realizar la matr\u00edcula obligatoriamente.<\/li><li><strong>Reserva o Matr\u00edcula:<\/strong> Tienes 2 opciones y debes realizar alguna de ellas para no ser excluido\/a del procedimiento: hacer la <span style=\"text-decoration: underline\">reserva<\/span> para continuar en el proceso en espera de obtener una plaza de mejor prioridad en la 2\u00aa adjudicaci\u00f3n o <span style=\"text-decoration: underline\">matricularte<\/span> poniendo fin al proceso.<\/li><li><strong>Sin plaza:<\/strong> No tienes que hacer nada, esperas a la siguiente adjudicaci\u00f3n.<\/li><\/ul><\/li><li><strong>2\u00aa ADJUDICACI\u00d3N<\/strong> de plazas el 21 de julio. <strong>Matr\u00edcula obligatoria del 22 al 24 de julio<\/strong> en la plaza que finalmente te han dado (permaneciendo en lista de espera en tus peticiones superiores). De no hacerlo, quedas <strong>excluido\/a<\/strong> del procedimiento.<\/li><li><strong>LISTA DE ESPERA del 1 de septiembre al 15 de octubre.<\/strong><\/li><\/ol><p>&nbsp;<\/p><p>ENLACES<\/p><p>Presentaci\u00f3n de la solicitud<br><a href=\"https:\/\/www.juntadeandalucia.es\/educacion\/secretariavirtual\/solicitudes\/\" target=\"_blank\" rel=\"noopener\">https:\/\/www.juntadeandalucia.es\/educacion\/secretariavirtual\/solicitudes\/<\/a><br>Consulta de listados y adjudicaciones<br><a href=\"https:\/\/www.juntadeandalucia.es\/educacion\/secretariavirtual\/consultas\/\" target=\"_blank\" rel=\"noopener\">https:\/\/www.juntadeandalucia.es\/educacion\/secretariavirtual\/consultas\/<\/a><\/p><p>M\u00e1s informaci\u00f3n:<\/p><p>Escolarizaci\u00f3n en Formaci\u00f3n Profesional<br><a href=\"https:\/\/www.juntadeandalucia.es\/educacion\/portales\/web\/escolarizacion\/formacion-profesional\/d-grado-medio-grado-superior\" target=\"_blank\" rel=\"noopener\">https:\/\/www.juntadeandalucia.es\/educacion\/portales\/web\/escolarizacion\/formacion-profesional\/d-grado-medio-grado-superior<\/a><br>Portal Formaci\u00f3n Profesional Andaluza<br><a href=\"https:\/\/www.juntadeandalucia.es\/educacion\/portals\/web\/formacion-profesional-andaluza\" target=\"_blank\" rel=\"noopener\">https:\/\/www.juntadeandalucia.es\/educacion\/portals\/web\/formacion-profesional-andaluza<\/a><\/p>    <\/div>\n<\/div>\n<!-- \/module text -->        <\/div>\n                    <\/div>\n                    <\/div><!-- .accordion-content -->\n        <\/li>\n            <li>\n            <div class=\"accordion-title tf_rel\">\n                <a href=\"#acc-420k38-4\" class=\"tb_title_accordion\" aria-controls=\"acc-420k38-4-content\" aria-expanded=\"false\">\n                    <i class=\"accordion-icon\"><svg  class=\"tf_fa tf-ti-plus\" aria-hidden=\"true\"><use href=\"#tf-ti-plus\"><\/use><\/svg><\/i>                    <i class=\"accordion-active-icon tf_hide\"><svg  class=\"tf_fa tf-ti-minus\" aria-hidden=\"true\"><use href=\"#tf-ti-minus\"><\/use><\/svg><\/i>                    Ciclo Formativo de Grado Medio o Grado Superior: ADMISI\u00d3N 2\u00ba CURSO. Curso 2025\/2026                <\/a>\n            <\/div><!-- .accordion-title -->\n            <div id=\"acc-420k38-4-content\" data-id=\"acc-420k38-4\" aria-hidden=\"true\" class=\"accordion-content tf_hide tf_clearfix\">\n                        <div  data-lazy=\"1\" class=\"module_subrow themify_builder_sub_row tf_w col_align_top tb_col_count_1 tb_dph9626\">\n                <div  data-lazy=\"1\" class=\"module_column sub_column tb_qan3626 first\">\n                    <!-- module text -->\n<div  class=\"module module-text tb_a1v6626   \" data-lazy=\"1\">\n        <div  class=\"tb_text_wrap\">\n        <ul><li>Presentaci\u00f3n de la SOLICITUD del <strong>25 de junio al 30 de junio<\/strong>.<\/li><li>Relaci\u00f3n Provisional de Solicitantes el <strong>3 de julio<\/strong>.<\/li><li>Plazo de alegaciones el <strong>4 al 7 de julio<\/strong> y publicaci\u00f3n de la Relaci\u00f3n Definitiva de Solicitantes el <strong>16 de julio<\/strong>.<\/li><li>Adjudicaci\u00f3n de plaza el <strong>16 de julio<\/strong>.<\/li><li><strong>Matr\u00edcula Obligatoria del 17 al 22 de julio.<\/strong><\/li><li>Lista de Espera del <strong>1 de septiembre al 15 de octubre<\/strong>.<\/li><\/ul><p>ENLACES<\/p><p>Presentaci\u00f3n de la solicitud<br><a href=\"https:\/\/www.juntadeandalucia.es\/educacion\/secretariavirtual\/solicitudes\/\" target=\"_blank\" rel=\"noopener\">https:\/\/www.juntadeandalucia.es\/educacion\/secretariavirtual\/solicitudes\/<\/a><br>Consulta de listados y adjudicaciones<br><a href=\"https:\/\/www.juntadeandalucia.es\/educacion\/secretariavirtual\/consultas\/\" target=\"_blank\" rel=\"noopener\">https:\/\/www.juntadeandalucia.es\/educacion\/secretariavirtual\/consultas\/<\/a><\/p><p>M\u00e1s informaci\u00f3n:<\/p><p>Escolarizaci\u00f3n en Formaci\u00f3n Profesional<br><a href=\"https:\/\/www.juntadeandalucia.es\/educacion\/portales\/web\/escolarizacion\/w\/admision-alumnado-de-2\u00ba-curso-de-grado-medio-y-grado-superior?redirect=%2Feducacion%2Fportales%2Fweb%2Fescolarizacion%2Fformacion-profesional%2Fd-grado-medio-grado-superior\" target=\"_blank\" rel=\"noopener\">https:\/\/www.juntadeandalucia.es\/educacion\/portales\/web\/escolarizacion\/w\/admision-alumnado-de-2\u00ba-curso-de-grado-medio-y-grado-superior?redirect=%2Feducacion%2Fportales%2Fweb%2Fescolarizacion%2Fformacion-profesional%2Fd-grado-medio-grado-superior<\/a><br>Portal Formaci\u00f3n Profesional Andaluza<br><a href=\"https:\/\/www.juntadeandalucia.es\/educacion\/portals\/web\/formacion-profesional-andaluza\" target=\"_blank\" rel=\"noopener\">https:\/\/www.juntadeandalucia.es\/educacion\/portals\/web\/formacion-profesional-andaluza<\/a><\/p>    <\/div>\n<\/div>\n<!-- \/module text -->        <\/div>\n                    <\/div>\n                    <\/div><!-- .accordion-content -->\n        <\/li>\n        <\/ul>\n\n<\/div><!-- \/module accordion -->        <\/div>\n                        <\/div>\n        <\/div>\n        <\/div>\n<!--\/themify_builder_content-->&nbsp;<\/p>\n<p>&nbsp;<\/p>\n<p>&nbsp;<\/p>\n<p>&nbsp;<\/p>\n<p>&nbsp;<\/p>\n<p>&nbsp;<\/p>\n<p>&nbsp;<\/p>\n<p>&nbsp;<\/p>\n<p>&nbsp;<\/p>\n<p>&nbsp;<\/p>\n<p>&nbsp;<\/p>\n<p>&nbsp;<\/p>\n<p>&nbsp;<\/p>\n<p>&nbsp;<\/p>\n<p>&nbsp;<\/p>","protected":false},"excerpt":{"rendered":"<p>ESO y Bachillerato: alumnado del centro. Curso 2025\/2026 Del 1 al 10 de julio matriculaci\u00f3n a trav\u00e9s de siguiente enlace SECRETAR\u00cdA VIRTUAL o accede a ella desde el iPASEN Para realizar la matr\u00edcula por la Secretar\u00eda Virtual es necesaria la clave iANDE. Las madres\/padres deben entrar en su iPASEN donde encontrar\u00e1n la clave iANDE de [&hellip;]<\/p>\n","protected":false},"author":15654,"featured_media":0,"parent":0,"menu_order":0,"comment_status":"closed","ping_status":"closed","template":"","meta":{"ngg_post_thumbnail":0,"footnotes":""},"aioseo_notices":[],"_links":{"self":[{"href":"https:\/\/blogsaverroes.juntadeandalucia.es\/iesisidorosanchez\/wp-json\/wp\/v2\/pages\/2498"}],"collection":[{"href":"https:\/\/blogsaverroes.juntadeandalucia.es\/iesisidorosanchez\/wp-json\/wp\/v2\/pages"}],"about":[{"href":"https:\/\/blogsaverroes.juntadeandalucia.es\/iesisidorosanchez\/wp-json\/wp\/v2\/types\/page"}],"author":[{"embeddable":true,"href":"https:\/\/blogsaverroes.juntadeandalucia.es\/iesisidorosanchez\/wp-json\/wp\/v2\/users\/15654"}],"replies":[{"embeddable":true,"href":"https:\/\/blogsaverroes.juntadeandalucia.es\/iesisidorosanchez\/wp-json\/wp\/v2\/comments?post=2498"}],"version-history":[{"count":61,"href":"https:\/\/blogsaverroes.juntadeandalucia.es\/iesisidorosanchez\/wp-json\/wp\/v2\/pages\/2498\/revisions"}],"predecessor-version":[{"id":4283,"href":"https:\/\/blogsaverroes.juntadeandalucia.es\/iesisidorosanchez\/wp-json\/wp\/v2\/pages\/2498\/revisions\/4283"}],"wp:attachment":[{"href":"https:\/\/blogsaverroes.juntadeandalucia.es\/iesisidorosanchez\/wp-json\/wp\/v2\/media?parent=2498"}],"curies":[{"name":"wp","href":"https:\/\/api.w.org\/{rel}","templated":true}]}}