{"id":1091,"date":"2021-10-10T22:21:20","date_gmt":"2021-10-10T21:21:20","guid":{"rendered":"https:\/\/blogsaverroes.juntadeandalucia.es\/iesjosecaballero\/?page_id=1091"},"modified":"2022-11-24T20:59:16","modified_gmt":"2022-11-24T19:59:16","slug":"1091-2","status":"publish","type":"page","link":"https:\/\/blogsaverroes.juntadeandalucia.es\/iesjosecaballero\/1091-2\/","title":{"rendered":"JOS\u00c9 CABALLERO"},"content":{"rendered":"<p>[et_pb_section fb_built=&#8221;1&#8243; admin_label=&#8221;section&#8221; _builder_version=&#8221;3.22&#8243; global_colors_info=&#8221;{}&#8221;][et_pb_row admin_label=&#8221;row&#8221; _builder_version=&#8221;3.25&#8243; background_size=&#8221;initial&#8221; background_position=&#8221;top_left&#8221; background_repeat=&#8221;repeat&#8221; global_colors_info=&#8221;{}&#8221;][et_pb_column type=&#8221;4_4&#8243; _builder_version=&#8221;3.25&#8243; custom_padding=&#8221;|||&#8221; global_colors_info=&#8221;{}&#8221; custom_padding__hover=&#8221;|||&#8221;][et_pb_text admin_label=&#8221;Text&#8221; _builder_version=&#8221;4.5.0&#8243; background_size=&#8221;initial&#8221; background_position=&#8221;top_left&#8221; background_repeat=&#8221;repeat&#8221; global_colors_info=&#8221;{}&#8221;]<\/p>\n<p>&nbsp;<\/p>\n<div id=\"id2\" class=\"style_SkipStroke_2 shape-with-text\">\n<div class=\"text-content style_External_454_43\">\n<div class=\"style_1\">\n<h3 class=\"paragraph_style_6\"><span style=\"font-size: 24pt;font-family: 'times new roman', times, serif;color: #000000\"><\/span><\/h3>\n<h3 class=\"paragraph_style_6\"><span style=\"font-size: 24pt;font-family: 'times new roman', times, serif;color: #000000\"><\/span><\/h3>\n<h3 class=\"paragraph_style_6\"><span style=\"font-size: 24pt;font-family: 'times new roman', times, serif;color: #000000\"><\/span><\/h3>\n<h3 class=\"paragraph_style_6\"><span style=\"font-size: 24pt;font-family: 'times new roman', times, serif;color: #000000\">Jos\u00e9 Caballero<\/span><\/h3>\n<\/div>\n<\/div>\n<\/div>\n<div id=\"id3\" class=\"style_SkipStroke_3 shape-with-text\">\n<div class=\"text-content style_External_454_29\">\n<div class=\"style_1\">\n<h3 class=\"paragraph_style_7\"><span style=\"font-family: 'times new roman', times, serif;color: #ff2f00\">El jefe del fuego de siete manos<\/span><\/h3>\n<\/div>\n<\/div>\n<\/div>\n<div id=\"id4\" class=\"style_SkipStroke_4 shape-with-text\">\n<div class=\"text-content style_External_454_54\">\n<div class=\"style_1\">\n<pre class=\"paragraph_style_8\" style=\"text-align: right\"><em><span class=\"style\" style=\"font-family: 'times new roman', times, serif\">La \u00a0verdad es el alimento de la vida, que, sin embargo, no la devora,<\/span><\/em>\n<span class=\"style\"><em><span style=\"font-family: 'times new roman', times, serif\">sino que la sostiene en alto y la deja al fin clavada en el tiempo.<\/span><\/em>\n<\/span><\/pre>\n<p class=\"paragraph_style_9\" lang=\"--multilingual\" style=\"text-align: right\" xml:lang=\"--multilingual\"><strong><span style=\"color: #000000\">Mar\u00eda Zambrano.<\/span><\/strong><\/p>\n<p class=\"paragraph_style_9\" lang=\"--multilingual\" style=\"text-align: right\" xml:lang=\"--multilingual\"><strong><span style=\"color: #000000\"><\/span><\/strong><\/p>\n<p class=\"paragraph_style_9\" lang=\"--multilingual\" style=\"text-align: right\" xml:lang=\"--multilingual\"><strong><span style=\"color: #000000\"><\/span><\/strong><\/p>\n<p class=\"paragraph_style_9\" lang=\"--multilingual\" style=\"text-align: right\" xml:lang=\"--multilingual\"><strong><span style=\"color: #000000\"><\/span><\/strong><\/p>\n<\/div>\n<\/div>\n<\/div>\n<div id=\"id10\" class=\"style_SkipStroke_3 shape-with-text\">\n<div class=\"text-content style_External_122_26\">\n<div class=\"style_1\">\n<p class=\"paragraph_style_10\">\n<\/div>\n<\/div>\n<\/div>\n<div class=\"tinyText stroke_0\" style=\"text-align: justify\">\n<div class=\"tinyText stroke_0\" style=\"text-align: justify\">\n<div class=\"tinyText stroke_0\">\n<div class=\"tinyText stroke_0\" style=\"text-align: justify\">\n<table style=\"width: 100%;border-collapse: collapse;border-style: hidden;height: 170px\">\n<tbody>\n<tr style=\"height: 147px\">\n<td style=\"width: 264.594px;text-align: center;height: 147px\"><a href=\"https:\/\/blogsaverroes.juntadeandalucia.es\/iesjosecaballero\/biografia-de-jose-caballero\/\"><\/a><\/td>\n<td style=\"width: 264.594px;text-align: center;height: 147px\"><\/td>\n<td style=\"width: 264.594px;text-align: center;height: 147px\"><\/td>\n<td style=\"width: 264.594px;text-align: center;height: 147px\"><\/td>\n<td style=\"width: 264.625px;text-align: center;height: 147px\"><\/td>\n<\/tr>\n<tr style=\"height: 23px\">\n<td style=\"width: 264.594px;text-align: center;height: 23px\">BIOGRAF\u00cdA<\/td>\n<td style=\"width: 264.594px;text-align: center;height: 23px\">EXPOSICI\u00d3N<\/td>\n<td style=\"width: 264.594px;text-align: center;height: 23px\">V\u00cdDEO<\/td>\n<td style=\"width: 264.594px;text-align: center;height: 23px\">EN EL INSTITUTO<\/td>\n<td style=\"width: 264.625px;text-align: center;height: 23px\">ENLACES<\/td>\n<\/tr>\n<\/tbody>\n<\/table>\n<pre><\/pre>\n<\/div>\n<\/div>\n<\/div>\n<\/div>\n<p>&nbsp;<\/p>\n<pre><\/pre>\n<p class=\"paragraph_style\" lang=\"--multilingual\" style=\"text-align: justify\" xml:lang=\"--multilingual\">Si hacemos un recorrido por el Arte Espa\u00f1ol del siglo XX, es una verdad irrefutable, que la Obra de Jos\u00e9 Caballero est\u00e1 en la \u00f3rbita est\u00e9tica de los grand\u00edsimos pintores que en este siglo nos deleitan, conmueven y abrazan\u00a0 con sus obras y con su indiscutible personalidad.<\/p>\n<p class=\"paragraph_style\" lang=\"--multilingual\" style=\"text-align: justify\" xml:lang=\"--multilingual\">Jos\u00e9 Caballero desde muy ni\u00f1o hab\u00eda mostrado su capacidad creativa, publicando sus primeros dibujos en la Revista\u00a0<span class=\"style\">El Estudiante<\/span>\u00a0del Instituto de Ense\u00f1anza Media donde era alumno, y en las Revistas\u00a0<span class=\"style\">Mater Dolorosa o\u00a0 La R\u00e1bida,\u00a0<\/span>as\u00ed como\u00a0 en Carteles para anunciar las Fiestas Colombinas.<\/p>\n<p class=\"paragraph_style\" lang=\"--multilingual\" style=\"text-align: justify\" xml:lang=\"--multilingual\">En Febrero de 1931 llega a Madrid con la intenci\u00f3n de cursar estudios en la Escuela Superior de Ingenier\u00eda Industrial. Estudia para los ex\u00e1menes preparatorios\u00a0 de ingreso en la Academia Krahe y visita casi a diario el Museo del Prado, verdadero oasis para sus sue\u00f1os.\u00a0 Son los proleg\u00f3menos de la proclamaci\u00f3n de la II Rep\u00fablica, en Madrid est\u00e1 ya presente ese ambiente de apertura y de libertad que\u00a0 en breve surgir\u00eda, y\u00a0 en lo est\u00e9tico el Surrealismo se encontraba en todo su apogeo. Los a\u00f1os que discurren hasta la guerra civil son a\u00f1os de plena creatividad y de amistad sincera.\u00a0\u00a0<span class=\"style\">Esencia de la Verbena,<\/span>\u00a01933 o\u00a0\u00a0<span class=\"style\">Las enfermedades de la Burgues\u00eda, 1936;\u00a0<\/span>son magn\u00edficos dibujos\u00a0 donde la perfecci\u00f3n en la ejecuci\u00f3n se une a lo on\u00edrico surrealista. Inicia su amistad con Federico Garc\u00eda Lorca, quien lo integra en el Teatro Universitario de\u00a0<span class=\"style\">La Barraca\u00a0<\/span>y realiza para esta compa\u00f1\u00eda figurines, decorados y escenograf\u00edas adem\u00e1s de las ilustraciones para el\u00a0<span class=\"style\">Llanto por Ignacio S\u00e1nchez Mej\u00edas.\u00a0<\/span>Con Pablo Neruda colabora en su revista\u00a0<span class=\"style\">Caballo verde para la Poes\u00eda<\/span>\u00a0y entra a formar parte del c\u00edrculo de amigos\u00a0 de la llamada Generaci\u00f3n del 27, esa generaci\u00f3n de la amistad entre los que se encontraban Rafael Alberti, Emilio Prados, Manuel Altolaguirre, Jos\u00e9 Bergam\u00edn con quien colabora en la Revista Cruz y Raya,\u00a0 o Luis Cernuda a quien acompa\u00f1a durante\u00a0 la visita que realiza el poeta con las Misiones Pedag\u00f3gicas\u00a0 a diversos pueblos de Huelva en 1934. En las famosas fiestas que celebraba Pablo Neruda en\u00a0<span class=\"style\">La Casa de las Flores<\/span>\u00a0entablar\u00e1 amistad con Luis y Alfonso Bu\u00f1uel, Maruja Mallo, Adolfo Salazar, Eduardo Ugarte, el escultor Alberto y algunos otros cuya influencia y personalidad ser\u00e1n decisivas en la formaci\u00f3n est\u00e9tica y personal del joven pintor, que llegar\u00e1 a ser:<\/p>\n<pre class=\"paragraph_style_1\" style=\"text-align: center\"><em><span class=\"style\" style=\"font-family: 'times new roman', times, serif\">el joven se\u00f1or de los sue\u00f1os,<\/span><\/em>\n<em><span class=\"style\" style=\"font-family: 'times new roman', times, serif\">el vencedor de las manzanas,<\/span><\/em>\n<em><span class=\"style\" style=\"font-family: 'times new roman', times, serif\">el gran disparo entre las hojas,<\/span><\/em>\n<em><span class=\"style\" style=\"font-family: 'times new roman', times, serif\">el catalejo de coral humeante,<\/span><\/em>\n<span class=\"style\"><em><span style=\"font-family: 'times new roman', times, serif\">y\u00a0 es a\u00fan m\u00e1s: es el jefe del fuego de siete manos<\/span><\/em>\n<\/span><\/pre>\n<p class=\"paragraph_style_3\" lang=\"--multilingual\" xml:lang=\"--multilingual\">Despu\u00e9s de la Guerra Civil todo se vuelve oscuro y triste y el pintor abandona la pintura voluntariamente durante diez a\u00f1os,<\/p>\n<pre class=\"paragraph_style_1\" style=\"text-align: center\"><em><span class=\"style\" style=\"font-family: 'times new roman', times, serif\">Vino la Guerra y todo fue brutalmente distinto, y de aquella alegr\u00eda\u00a0 anterior<\/span><\/em>\n<em><span class=\"style\" style=\"font-family: 'times new roman', times, serif\">no qued\u00f3\u00a0 nada.\u00a0 Tuvimos que aprender a callar\u00a0 y esto\u00a0 resultaba\u00a0 doloroso<\/span><\/em>\n<span class=\"style\"><em><span style=\"font-family: 'times new roman', times, serif\">Comenzaba el exilio interior que durar\u00eda muchos a\u00f1os.<\/span><\/em>\n<\/span><\/pre>\n<p class=\"paragraph_style_3\" lang=\"--multilingual\" style=\"text-align: justify\" xml:lang=\"--multilingual\">Es a partir de 1949, cuando conoce a Mar\u00eda Fernanda, cuando vuelve plenamente a\u00a0 la Pintura con la b\u00fasqueda incesante que siempre le ha\u00a0 mantenido vivo, \u00fanico, indiscutible. En esta \u00e9poca incesante de experimentaci\u00f3n y sue\u00f1os, trabaja Jos\u00e9 Caballero con la simbolog\u00eda de los Gallos,\u00a0<span class=\"style\">Gallos con atizador,<\/span>\u00a01953; con la plenitud de los hierros, en un acercamiento lineal al cubismo;\u00a0<span class=\"style\">Interior Espa\u00f1ol<\/span>, 1957; con el aislamiento de los Muros Blancos y las Barreras rojas;\u00a0<span class=\"style\">Sangre en la Barrera, 1960;<\/span>\u00a0 hasta llegar al encuentro total con la Materia. Es una \u00e9poca en la que su pintura est\u00e1 viva, es audaz y donde el c\u00edrculo acabar\u00e1 siendo\u00a0 protagonista esencial,\u00a0<span class=\"style\">Por la\u00a0 ardiente meseta amarilla<\/span>, 1968. Jos\u00e9 Caballero indagar\u00e1 en la totalidad hasta la desmembraci\u00f3n de ese c\u00edrculo que lo ha acompa\u00f1ado durante tanto tiempo e incorporar\u00e1 otros elementos definidores de su obra como son los signos y las caligraf\u00edas que poblaran enigm\u00e1ticos sus \u00faltimos a\u00f1os,\u00a0<span class=\"style\">C\u00edrculo roto,\u00a0<\/span>1972.<\/p>\n<p class=\"paragraph_style\" lang=\"--multilingual\" style=\"text-align: justify\" xml:lang=\"--multilingual\">A mediados de los a\u00f1os Ochenta, Jos\u00e9 Caballero abandona totalmente la materia\u00a0<span class=\"style\">El Puente<\/span>, 1984;\u00a0<span class=\"style\">Bandera de nadie<\/span>, 1987 y nos ofrece un r\u00edo inmenso de luz que marcado por las caligraf\u00edas personal\u00edsimas\u00a0 y los signos hirientes, bru\u00f1idos,\u00a0<span class=\"style\">Objeto para atraer signos,\u00a0<\/span>1990; nos vuelve a sorprender con una de las trayectorias m\u00e1s interesantes e imprescindibles de finales del siglo XX. Una obra que es el recorrido por\u00a0 su vida y\u00a0 una vida que es la aventura\u00a0 humana\u00a0\u00a0 de su pintura, pues permanece\u00a0 con la generosidad de su humanidad y la luminosidad de su l\u00ednea po\u00e9tica atravesando siempre\u00a0 nuestra alma en la contemplaci\u00f3n\u00a0 infinita de su Obra:<\/p>\n<pre class=\"paragraph_style_1\" style=\"text-align: center\"><em><span class=\"style\" style=\"font-family: 'times new roman', times, serif\">No os olvid\u00e9is de volar algunas veces.<\/span><\/em>\n<em><span class=\"style\" style=\"font-family: 'times new roman', times, serif\">Es conveniente.<\/span><\/em>\n<em><span class=\"style\" style=\"font-family: 'times new roman', times, serif\">y seguramente necesario<\/span><\/em>\n<em><span class=\"style\" style=\"font-family: 'times new roman', times, serif\">para mirar<\/span><\/em>\n<em><span class=\"style\" style=\"font-family: 'times new roman', times, serif\">desde otro punto de vista<\/span><\/em>\n<em><span class=\"style\" style=\"font-family: 'times new roman', times, serif\">una misma cosa.<\/span><\/em>\n<em><span class=\"style\" style=\"font-family: 'times new roman', times, serif\">Como se hubiera querido<\/span><\/em>\n<em><span class=\"style\" style=\"font-family: 'times new roman', times, serif\">olvidar la huella de su paso.<\/span><\/em>\n<em><span class=\"style\" style=\"font-family: 'times new roman', times, serif\">Su contacto, para volver a encontrarla.<\/span><\/em>\n<em><span class=\"style\" style=\"font-family: 'times new roman', times, serif\">El mundo<\/span><\/em>\n<em><span class=\"style\" style=\"font-family: 'times new roman', times, serif\">es susceptible de ser medido<\/span><\/em>\n<em><span class=\"style\" style=\"font-family: 'times new roman', times, serif\">no por medio de un comp\u00e1s<\/span><\/em>\n<em><span class=\"style\" style=\"font-family: 'times new roman', times, serif\">sino por el instinto<\/span><\/em>\n<em><span class=\"style\" style=\"font-family: 'times new roman', times, serif\">que lo hace gravitar<\/span><\/em>\n<em><span class=\"style\" style=\"font-family: 'times new roman', times, serif\">por esta dimensi\u00f3n atemporal, que parte de datos<\/span><\/em>\n<em><span class=\"style\" style=\"font-family: 'times new roman', times, serif\">geom\u00e9tricos y matem\u00e1ticos<\/span><\/em>\n<em><span class=\"style\" style=\"font-family: 'times new roman', times, serif\">y que luego se resuelve<\/span><\/em>\n<em><span class=\"style\" style=\"font-family: 'times new roman', times, serif\">por la intensidad de la pintura,<\/span><\/em>\n<em><span class=\"style\" style=\"font-family: 'times new roman', times, serif\">coherente con su mundo<\/span><\/em>\n<em><span class=\"style\" style=\"font-family: 'times new roman', times, serif\">que esta elige<\/span><\/em>\n<em><span class=\"style\" style=\"font-family: 'times new roman', times, serif\">para expresar sus pensamientos<\/span><\/em>\n<em><span class=\"style\" style=\"font-family: 'times new roman', times, serif\">que humanamente<\/span><\/em>\n<em><span class=\"style\" style=\"font-family: 'times new roman', times, serif\">sobrepasan el fondo del cuadro<\/span><\/em>\n<em><span class=\"style\" style=\"font-family: 'times new roman', times, serif\">para llegar al infinito, o quiz\u00e1, algo m\u00e1s all\u00e1,<\/span><\/em>\n<em><span class=\"style\" style=\"font-family: 'times new roman', times, serif\">todav\u00eda.\n\n<\/span><\/em><\/pre>\n<div class=\"tinyText style_SkipStroke stroke_0\"><\/div>\n<div id=\"id12\" class=\"style_SkipStroke_7 shape-with-text\">\n<div class=\"text-content style_External_168_100 vertical-align-middle-middlebox\">\n<div class=\"style_2 vertical-align-middle-innerbox\">\n<p class=\"paragraph_style_11\">\n<\/div>\n<\/div>\n<\/div>\n<table style=\"width: 100%;border-collapse: collapse;background-color: #dedede\">\n<tbody>\n<tr>\n<td style=\"width: 33.3333%\"><\/td>\n<td style=\"width: 33.3333%;text-align: center\"><\/td>\n<td style=\"width: 33.3333%;text-align: center\"><span style=\"font-size: 24pt\"><span style=\"color: #000000\">HUELVA<\/span>\u00a0<span class=\"style_3\" style=\"color: #ff2f00\">2013<\/span><\/span><\/td>\n<\/tr>\n<\/tbody>\n<\/table>\n<pre class=\"paragraph_style_1\" style=\"text-align: center\"><em><span class=\"style\" style=\"font-family: 'times new roman', times, serif\">\u00a0<\/span><\/em><\/pre>\n<p>[\/et_pb_text][\/et_pb_column][\/et_pb_row][\/et_pb_section]<\/p>\n","protected":false},"excerpt":{"rendered":"<p>&nbsp; Jos\u00e9 Caballero El jefe del fuego de siete manos La \u00a0verdad es el alimento de la vida, que, sin embargo, no la devora, sino que la sostiene en alto y la deja al fin clavada en el tiempo. Mar\u00eda Zambrano. BIOGRAF\u00cdA EXPOSICI\u00d3N V\u00cdDEO EN EL INSTITUTO ENLACES &nbsp; Si hacemos un recorrido por el [&hellip;]<\/p>\n","protected":false},"author":13618,"featured_media":0,"parent":0,"menu_order":0,"comment_status":"closed","ping_status":"closed","template":"","meta":{"_et_pb_use_builder":"on","_et_pb_old_content":"<img class=\"aligncenter\" src=\"http:\/\/www.iesjosecaballero.es\/web\/jc100\/Jose_Caballero_100\/Portada_files\/droppedImage.jpg\">\r\n<p lang=\"--multilingual\" xml:lang=\"--multilingual\">&nbsp;<\/p>\r\n\r\n<div id=\"id2\" class=\"style_SkipStroke_2 shape-with-text\">\r\n<div class=\"text-content style_External_454_43\">\r\n<div class=\"style_1\">\r\n<h3 class=\"paragraph_style_6\"><span style=\"font-size: 24pt;font-family: 'times new roman', times, serif;color: #000000\">Jos\u00e9 Caballero<\/span><\/h3>\r\n<\/div>\r\n<\/div>\r\n<\/div>\r\n<div id=\"id3\" class=\"style_SkipStroke_3 shape-with-text\">\r\n<div class=\"text-content style_External_454_29\">\r\n<div class=\"style_1\">\r\n<h3 class=\"paragraph_style_7\"><span style=\"font-family: 'times new roman', times, serif;color: #ff2f00\">El jefe del fuego de siete manos<\/span><\/h3>\r\n<\/div>\r\n<\/div>\r\n<\/div>\r\n<div id=\"id4\" class=\"style_SkipStroke_4 shape-with-text\">\r\n<div class=\"text-content style_External_454_54\">\r\n<div class=\"style_1\">\r\n<pre class=\"paragraph_style_8\" style=\"text-align: right\"><em><span class=\"style\" style=\"font-family: 'times new roman', times, serif\">La &nbsp;verdad es el alimento de la vida, que, sin embargo, no la devora,<\/span><\/em>\r\n<span class=\"style\"><em><span style=\"font-family: 'times new roman', times, serif\">sino que la sostiene en alto y la deja al fin clavada en el tiempo.<\/span><\/em>\r\n<\/span><\/pre>\r\n<p class=\"paragraph_style_9\" lang=\"--multilingual\" style=\"text-align: right\" xml:lang=\"--multilingual\"><strong><span style=\"color: #000000\">Mar\u00eda Zambrano.<\/span><\/strong><\/p>\r\n\r\n<\/div>\r\n<\/div>\r\n<\/div>\r\n<div id=\"id10\" class=\"style_SkipStroke_3 shape-with-text\">\r\n<div class=\"text-content style_External_122_26\">\r\n<div class=\"style_1\">\r\n<p class=\"paragraph_style_10\">&nbsp;<\/p>\r\n\r\n<\/div>\r\n<\/div>\r\n<\/div>\r\n<div class=\"tinyText stroke_0\" style=\"text-align: justify\">\r\n<div class=\"tinyText stroke_0\" style=\"text-align: justify\">\r\n<div class=\"tinyText stroke_0\">\r\n<div class=\"tinyText stroke_0\" style=\"text-align: justify\">\r\n<table style=\"width: 100%;border-collapse: collapse;border-style: hidden;height: 170px\">\r\n<tbody>\r\n<tr style=\"height: 147px\">\r\n<td style=\"width: 264.594px;text-align: center;height: 147px\"><img class=\"aligncenter\" src=\"http:\/\/www.iesjosecaballero.es\/web\/jc100\/Jose_Caballero_100\/Portada_files\/shapeimage_1.png\"><\/td>\r\n<td style=\"width: 264.594px;text-align: center;height: 147px\"><a title=\"Exposicion.html\" href=\"http:\/\/www.iesjosecaballero.es\/web\/jc100\/Jose_Caballero_100\/Exposicion.html\"><img class=\"aligncenter\" src=\"http:\/\/www.iesjosecaballero.es\/web\/jc100\/Jose_Caballero_100\/Portada_files\/shapeimage_2.png\" alt=\"\" width=\"124\" height=\"124\"><\/a><\/td>\r\n<td style=\"width: 264.594px;text-align: center;height: 147px\"><a style=\"text-align: start\" title=\"Video.html\" href=\"http:\/\/www.iesjosecaballero.es\/web\/jc100\/Jose_Caballero_100\/Video.html\"><img class=\"alignnone\" src=\"http:\/\/www.iesjosecaballero.es\/web\/jc100\/Jose_Caballero_100\/Portada_files\/shapeimage_3.png\" alt=\"\" width=\"127\" height=\"127\"><\/a><\/td>\r\n<td style=\"width: 264.594px;text-align: center;height: 147px\"><a title=\"en_el_Instituto.html\" href=\"http:\/\/www.iesjosecaballero.es\/web\/jc100\/Jose_Caballero_100\/en_el_Instituto.html\"><img class=\"aligncenter\" src=\"http:\/\/www.iesjosecaballero.es\/web\/jc100\/Jose_Caballero_100\/Portada_files\/shapeimage_4.png\" alt=\"\"><\/a><\/td>\r\n<td style=\"width: 264.625px;text-align: center;height: 147px\"><a style=\"text-align: start\" title=\"Enlaces.html\" href=\"http:\/\/www.iesjosecaballero.es\/web\/jc100\/Jose_Caballero_100\/Enlaces.html\"><img class=\"\" src=\"http:\/\/www.iesjosecaballero.es\/web\/jc100\/Jose_Caballero_100\/Portada_files\/shapeimage_5.png\" alt=\"\" width=\"127\" height=\"127\"><\/a><\/td>\r\n<\/tr>\r\n<tr style=\"height: 23px\">\r\n<td style=\"width: 264.594px;text-align: center;height: 23px\">BIOGRAF\u00cdA<\/td>\r\n<td style=\"width: 264.594px;text-align: center;height: 23px\">EXPOSICI\u00d3N<\/td>\r\n<td style=\"width: 264.594px;text-align: center;height: 23px\">V\u00cdDEO<\/td>\r\n<td style=\"width: 264.594px;text-align: center;height: 23px\">EN EL INSTITUTO<\/td>\r\n<td style=\"width: 264.625px;text-align: center;height: 23px\">ENLACES<\/td>\r\n<\/tr>\r\n<\/tbody>\r\n<\/table>\r\n<pre>&nbsp;<\/pre>\r\n<\/div>\r\n<\/div>\r\n<\/div>\r\n<\/div>\r\n<div class=\"tinyText stroke_0\" style=\"text-align: justify\">\r\n<div class=\"tinyText stroke_0\" style=\"text-align: justify\">&nbsp;<\/div>\r\n<\/div>\r\n<pre><img class=\"aligncenter\" style=\"font-family: 'Open Sans', Arial, sans-serif\" src=\"http:\/\/www.iesjosecaballero.es\/web\/jc100\/Jose_Caballero_100\/Portada_files\/droppedImage_1.jpg\" alt=\"\"><\/pre>\r\n<p class=\"paragraph_style\" lang=\"--multilingual\" style=\"text-align: justify\" xml:lang=\"--multilingual\">Si hacemos un recorrido por el Arte Espa\u00f1ol del siglo XX, es una verdad irrefutable, que la Obra de Jos\u00e9 Caballero est\u00e1 en la \u00f3rbita est\u00e9tica de los grand\u00edsimos pintores que en este siglo nos deleitan, conmueven y abrazan&nbsp; con sus obras y con su indiscutible personalidad.<\/p>\r\n<p class=\"paragraph_style\" lang=\"--multilingual\" style=\"text-align: justify\" xml:lang=\"--multilingual\">Jos\u00e9 Caballero desde muy ni\u00f1o hab\u00eda mostrado su capacidad creativa, publicando sus primeros dibujos en la Revista&nbsp;<span class=\"style\">El Estudiante<\/span>&nbsp;del Instituto de Ense\u00f1anza Media donde era alumno, y en las Revistas&nbsp;<span class=\"style\">Mater Dolorosa o&nbsp; La R\u00e1bida,&nbsp;<\/span>as\u00ed como&nbsp; en Carteles para anunciar las Fiestas Colombinas.<\/p>\r\n<p class=\"paragraph_style\" lang=\"--multilingual\" style=\"text-align: justify\" xml:lang=\"--multilingual\">En Febrero de 1931 llega a Madrid con la intenci\u00f3n de cursar estudios en la Escuela Superior de Ingenier\u00eda Industrial. Estudia para los ex\u00e1menes preparatorios&nbsp; de ingreso en la Academia Krahe y visita casi a diario el Museo del Prado, verdadero oasis para sus sue\u00f1os.&nbsp; Son los proleg\u00f3menos de la proclamaci\u00f3n de la II Rep\u00fablica, en Madrid est\u00e1 ya presente ese ambiente de apertura y de libertad que&nbsp; en breve surgir\u00eda, y&nbsp; en lo est\u00e9tico el Surrealismo se encontraba en todo su apogeo. Los a\u00f1os que discurren hasta la guerra civil son a\u00f1os de plena creatividad y de amistad sincera.&nbsp;&nbsp;<span class=\"style\">Esencia de la Verbena,<\/span>&nbsp;1933 o&nbsp;&nbsp;<span class=\"style\">Las enfermedades de la Burgues\u00eda, 1936;&nbsp;<\/span>son magn\u00edficos dibujos&nbsp; donde la perfecci\u00f3n en la ejecuci\u00f3n se une a lo on\u00edrico surrealista. Inicia su amistad con Federico Garc\u00eda Lorca, quien lo integra en el Teatro Universitario de&nbsp;<span class=\"style\">La Barraca&nbsp;<\/span>y realiza para esta compa\u00f1\u00eda figurines, decorados y escenograf\u00edas adem\u00e1s de las ilustraciones para el&nbsp;<span class=\"style\">Llanto por Ignacio S\u00e1nchez Mej\u00edas.&nbsp;<\/span>Con Pablo Neruda colabora en su revista&nbsp;<span class=\"style\">Caballo verde para la Poes\u00eda<\/span>&nbsp;y entra a formar parte del c\u00edrculo de amigos&nbsp; de la llamada Generaci\u00f3n del 27, esa generaci\u00f3n de la amistad entre los que se encontraban Rafael Alberti, Emilio Prados, Manuel Altolaguirre, Jos\u00e9 Bergam\u00edn con quien colabora en la Revista Cruz y Raya,&nbsp; o Luis Cernuda a quien acompa\u00f1a durante&nbsp; la visita que realiza el poeta con las Misiones Pedag\u00f3gicas&nbsp; a diversos pueblos de Huelva en 1934. En las famosas fiestas que celebraba Pablo Neruda en&nbsp;<span class=\"style\">La Casa de las Flores<\/span>&nbsp;entablar\u00e1 amistad con Luis y Alfonso Bu\u00f1uel, Maruja Mallo, Adolfo Salazar, Eduardo Ugarte, el escultor Alberto y algunos otros cuya influencia y personalidad ser\u00e1n decisivas en la formaci\u00f3n est\u00e9tica y personal del joven pintor, que llegar\u00e1 a ser:<\/p>\r\n\r\n<pre class=\"paragraph_style_1\" style=\"text-align: center\"><em><span class=\"style\" style=\"font-family: 'times new roman', times, serif\">el joven se\u00f1or de los sue\u00f1os,<\/span><\/em>\r\n<em><span class=\"style\" style=\"font-family: 'times new roman', times, serif\">el vencedor de las manzanas,<\/span><\/em>\r\n<em><span class=\"style\" style=\"font-family: 'times new roman', times, serif\">el gran disparo entre las hojas,<\/span><\/em>\r\n<em><span class=\"style\" style=\"font-family: 'times new roman', times, serif\">el catalejo de coral humeante,<\/span><\/em>\r\n<span class=\"style\"><em><span style=\"font-family: 'times new roman', times, serif\">y&nbsp; es a\u00fan m\u00e1s: es el jefe del fuego de siete manos<\/span><\/em>\r\n<\/span><\/pre>\r\n<p class=\"paragraph_style_3\" lang=\"--multilingual\" xml:lang=\"--multilingual\">Despu\u00e9s de la Guerra Civil todo se vuelve oscuro y triste y el pintor abandona la pintura voluntariamente durante diez a\u00f1os,<\/p>\r\n\r\n<pre class=\"paragraph_style_1\" style=\"text-align: center\"><em><span class=\"style\" style=\"font-family: 'times new roman', times, serif\">Vino la Guerra y todo fue brutalmente distinto, y de aquella alegr\u00eda&nbsp; anterior<\/span><\/em>\r\n<em><span class=\"style\" style=\"font-family: 'times new roman', times, serif\">no qued\u00f3&nbsp; nada.&nbsp; Tuvimos que aprender a callar&nbsp; y esto&nbsp; resultaba&nbsp; doloroso<\/span><\/em>\r\n<span class=\"style\"><em><span style=\"font-family: 'times new roman', times, serif\">Comenzaba el exilio interior que durar\u00eda muchos a\u00f1os.<\/span><\/em>\r\n<\/span><\/pre>\r\n<p class=\"paragraph_style_3\" lang=\"--multilingual\" style=\"text-align: justify\" xml:lang=\"--multilingual\">Es a partir de 1949, cuando conoce a Mar\u00eda Fernanda, cuando vuelve plenamente a&nbsp; la Pintura con la b\u00fasqueda incesante que siempre le ha&nbsp; mantenido vivo, \u00fanico, indiscutible. En esta \u00e9poca incesante de experimentaci\u00f3n y sue\u00f1os, trabaja Jos\u00e9 Caballero con la simbolog\u00eda de los Gallos,&nbsp;<span class=\"style\">Gallos con atizador,<\/span>&nbsp;1953; con la plenitud de los hierros, en un acercamiento lineal al cubismo;&nbsp;<span class=\"style\">Interior Espa\u00f1ol<\/span>, 1957; con el aislamiento de los Muros Blancos y las Barreras rojas;&nbsp;<span class=\"style\">Sangre en la Barrera, 1960;<\/span>&nbsp; hasta llegar al encuentro total con la Materia. Es una \u00e9poca en la que su pintura est\u00e1 viva, es audaz y donde el c\u00edrculo acabar\u00e1 siendo&nbsp; protagonista esencial,&nbsp;<span class=\"style\">Por la&nbsp; ardiente meseta amarilla<\/span>, 1968. Jos\u00e9 Caballero indagar\u00e1 en la totalidad hasta la desmembraci\u00f3n de ese c\u00edrculo que lo ha acompa\u00f1ado durante tanto tiempo e incorporar\u00e1 otros elementos definidores de su obra como son los signos y las caligraf\u00edas que poblaran enigm\u00e1ticos sus \u00faltimos a\u00f1os,&nbsp;<span class=\"style\">C\u00edrculo roto,&nbsp;<\/span>1972.<\/p>\r\n<p class=\"paragraph_style\" lang=\"--multilingual\" style=\"text-align: justify\" xml:lang=\"--multilingual\">A mediados de los a\u00f1os Ochenta, Jos\u00e9 Caballero abandona totalmente la materia&nbsp;<span class=\"style\">El Puente<\/span>, 1984;&nbsp;<span class=\"style\">Bandera de nadie<\/span>, 1987 y nos ofrece un r\u00edo inmenso de luz que marcado por las caligraf\u00edas personal\u00edsimas&nbsp; y los signos hirientes, bru\u00f1idos,&nbsp;<span class=\"style\">Objeto para atraer signos,&nbsp;<\/span>1990; nos vuelve a sorprender con una de las trayectorias m\u00e1s interesantes e imprescindibles de finales del siglo XX. Una obra que es el recorrido por&nbsp; su vida y&nbsp; una vida que es la aventura&nbsp; humana&nbsp;&nbsp; de su pintura, pues permanece&nbsp; con la generosidad de su humanidad y la luminosidad de su l\u00ednea po\u00e9tica atravesando siempre&nbsp; nuestra alma en la contemplaci\u00f3n&nbsp; infinita de su Obra:<\/p>\r\n\r\n<pre class=\"paragraph_style_1\" style=\"text-align: center\"><em><span class=\"style\" style=\"font-family: 'times new roman', times, serif\">No os olvid\u00e9is de volar algunas veces.<\/span><\/em>\r\n<em><span class=\"style\" style=\"font-family: 'times new roman', times, serif\">Es conveniente.<\/span><\/em>\r\n<em><span class=\"style\" style=\"font-family: 'times new roman', times, serif\">y seguramente necesario<\/span><\/em>\r\n<em><span class=\"style\" style=\"font-family: 'times new roman', times, serif\">para mirar<\/span><\/em>\r\n<em><span class=\"style\" style=\"font-family: 'times new roman', times, serif\">desde otro punto de vista<\/span><\/em>\r\n<em><span class=\"style\" style=\"font-family: 'times new roman', times, serif\">una misma cosa.<\/span><\/em>\r\n<em><span class=\"style\" style=\"font-family: 'times new roman', times, serif\">Como se hubiera querido<\/span><\/em>\r\n<em><span class=\"style\" style=\"font-family: 'times new roman', times, serif\">olvidar la huella de su paso.<\/span><\/em>\r\n<em><span class=\"style\" style=\"font-family: 'times new roman', times, serif\">Su contacto, para volver a encontrarla.<\/span><\/em>\r\n<em><span class=\"style\" style=\"font-family: 'times new roman', times, serif\">El mundo<\/span><\/em>\r\n<em><span class=\"style\" style=\"font-family: 'times new roman', times, serif\">es susceptible de ser medido<\/span><\/em>\r\n<em><span class=\"style\" style=\"font-family: 'times new roman', times, serif\">no por medio de un comp\u00e1s<\/span><\/em>\r\n<em><span class=\"style\" style=\"font-family: 'times new roman', times, serif\">sino por el instinto<\/span><\/em>\r\n<em><span class=\"style\" style=\"font-family: 'times new roman', times, serif\">que lo hace gravitar<\/span><\/em>\r\n<em><span class=\"style\" style=\"font-family: 'times new roman', times, serif\">por esta dimensi\u00f3n atemporal, que parte de datos<\/span><\/em>\r\n<em><span class=\"style\" style=\"font-family: 'times new roman', times, serif\">geom\u00e9tricos y matem\u00e1ticos<\/span><\/em>\r\n<em><span class=\"style\" style=\"font-family: 'times new roman', times, serif\">y que luego se resuelve<\/span><\/em>\r\n<em><span class=\"style\" style=\"font-family: 'times new roman', times, serif\">por la intensidad de la pintura,<\/span><\/em>\r\n<em><span class=\"style\" style=\"font-family: 'times new roman', times, serif\">coherente con su mundo<\/span><\/em>\r\n<em><span class=\"style\" style=\"font-family: 'times new roman', times, serif\">que esta elige<\/span><\/em>\r\n<em><span class=\"style\" style=\"font-family: 'times new roman', times, serif\">para expresar sus pensamientos<\/span><\/em>\r\n<em><span class=\"style\" style=\"font-family: 'times new roman', times, serif\">que humanamente<\/span><\/em>\r\n<em><span class=\"style\" style=\"font-family: 'times new roman', times, serif\">sobrepasan el fondo del cuadro<\/span><\/em>\r\n<em><span class=\"style\" style=\"font-family: 'times new roman', times, serif\">para llegar al infinito, o quiz\u00e1, algo m\u00e1s all\u00e1,<\/span><\/em>\r\n<em><span class=\"style\" style=\"font-family: 'times new roman', times, serif\">todav\u00eda.\r\n\r\n<\/span><\/em><\/pre>\r\n<div class=\"tinyText style_SkipStroke stroke_0\">&nbsp;<\/div>\r\n<div id=\"id12\" class=\"style_SkipStroke_7 shape-with-text\">\r\n<div class=\"text-content style_External_168_100 vertical-align-middle-middlebox\">\r\n<div class=\"style_2 vertical-align-middle-innerbox\">\r\n<p class=\"paragraph_style_11\">&nbsp;<\/p>\r\n\r\n<\/div>\r\n<\/div>\r\n<\/div>\r\n<table style=\"width: 100%;border-collapse: collapse;background-color: #dedede\">\r\n<tbody>\r\n<tr>\r\n<td style=\"width: 33.3333%\"><img class=\"aligncenter\" src=\"http:\/\/www.iesjosecaballero.es\/web\/jc100\/Jose_Caballero_100\/Portada_files\/droppedImage_2.jpg\" alt=\"\"><\/td>\r\n<td style=\"width: 33.3333%;text-align: center\"><img src=\"http:\/\/www.iesjosecaballero.es\/web\/jc100\/Jose_Caballero_100\/Portada_files\/droppedImage_3.jpg\" alt=\"\"><\/td>\r\n<td style=\"width: 33.3333%;text-align: center\"><span style=\"font-size: 24pt\"><span style=\"color: #000000\">HUELVA<\/span>&nbsp;<span class=\"style_3\" style=\"color: #ff2f00\">2013<\/span><\/span><\/td>\r\n<\/tr>\r\n<\/tbody>\r\n<\/table>\r\n<pre class=\"paragraph_style_1\" style=\"text-align: center\"><em><span class=\"style\" style=\"font-family: 'times new roman', times, serif\">&nbsp;<\/span><\/em><\/pre>","_et_gb_content_width":"","ngg_post_thumbnail":0,"footnotes":""},"aioseo_notices":[],"_links":{"self":[{"href":"https:\/\/blogsaverroes.juntadeandalucia.es\/iesjosecaballero\/wp-json\/wp\/v2\/pages\/1091"}],"collection":[{"href":"https:\/\/blogsaverroes.juntadeandalucia.es\/iesjosecaballero\/wp-json\/wp\/v2\/pages"}],"about":[{"href":"https:\/\/blogsaverroes.juntadeandalucia.es\/iesjosecaballero\/wp-json\/wp\/v2\/types\/page"}],"author":[{"embeddable":true,"href":"https:\/\/blogsaverroes.juntadeandalucia.es\/iesjosecaballero\/wp-json\/wp\/v2\/users\/13618"}],"replies":[{"embeddable":true,"href":"https:\/\/blogsaverroes.juntadeandalucia.es\/iesjosecaballero\/wp-json\/wp\/v2\/comments?post=1091"}],"version-history":[{"count":12,"href":"https:\/\/blogsaverroes.juntadeandalucia.es\/iesjosecaballero\/wp-json\/wp\/v2\/pages\/1091\/revisions"}],"predecessor-version":[{"id":5792,"href":"https:\/\/blogsaverroes.juntadeandalucia.es\/iesjosecaballero\/wp-json\/wp\/v2\/pages\/1091\/revisions\/5792"}],"wp:attachment":[{"href":"https:\/\/blogsaverroes.juntadeandalucia.es\/iesjosecaballero\/wp-json\/wp\/v2\/media?parent=1091"}],"curies":[{"name":"wp","href":"https:\/\/api.w.org\/{rel}","templated":true}]}}