{"id":3728,"date":"2021-10-14T20:52:53","date_gmt":"2021-10-14T19:52:53","guid":{"rendered":"https:\/\/blogsaverroes.juntadeandalucia.es\/iesjosecaballero\/?page_id=3728"},"modified":"2025-06-16T16:30:21","modified_gmt":"2025-06-16T15:30:21","slug":"admision-matricula-adultos-farmacia-y-parafarmacia","status":"publish","type":"page","link":"https:\/\/blogsaverroes.juntadeandalucia.es\/iesjosecaballero\/admision-matricula-adultos-farmacia-y-parafarmacia\/","title":{"rendered":"ADMISI\u00d3N\/MATR\u00cdCULA FARMACIA Y PARAFARMACIA ADULTOS (OFERTA MODULAR DIFERENCIADA)"},"content":{"rendered":"<header class=\"titlePost magContainer\">\n<div class=\"singleTitle \">\n<p>La&nbsp;<strong>oferta modular diferenciada<\/strong>&nbsp;est\u00e1 destinada a personas adultas que, por sus circunstancias personales y\/o laborales, no pueden realizar un curso completo de forma presencial. De esta forma, t\u00fa dise\u00f1as tu propio itinerario formativo, ya que decides qu\u00e9 m\u00f3dulo o m\u00f3dulos profesionales individuales de ciclos formativos de grado medio y superior y cursos de especializaci\u00f3n quieres cursar.&nbsp;<\/p>\n<p>No existe la estructura convencional de primer o segundo curso, ni solicitas ni te matriculas por cursos completos. En lugar de eso, el&nbsp;<strong>m\u00f3dulo profesional es la unidad b\u00e1sica de organizaci\u00f3n<\/strong>: solicitas y te matriculas de m\u00f3dulos. Para ello debes tener en cuenta que la&nbsp;<strong>carga horaria total de los m\u00f3dulos profesionales<\/strong>&nbsp;solicitados y\/o matriculados&nbsp;<strong>no puede ser superior a las 1.000 horas lectivas anuales.<\/strong><\/p>\n<h4 style=\"text-align: left\"><span style=\"text-decoration: underline\"><strong><span style=\"font-size: 18pt\">Requisitos de Acceso<\/span><\/strong><\/span><\/h4>\n<p>Para acceder a la oferta modular diferenciada es necesario que tengas&nbsp;<strong>cumplidos los 18 a\u00f1os<\/strong>&nbsp;en el a\u00f1o en que comience el curso. Excepcionalmente, podr\u00e1s acceder&nbsp;<strong>si tienes m\u00e1s de 16 a\u00f1os<\/strong>&nbsp;(o los cumples dentro del a\u00f1o natural en que comienza el curso escolar)<strong>&nbsp;y cumples alguna de estas condiciones:<\/strong><\/p>\n<ol>\n<li>Tener un contrato laboral que no te permita acudir a centros educativos en r\u00e9gimen ordinario.<\/li>\n<li>Ser deportistas de alto rendimiento.<\/li>\n<li>Encontrarte en situaci\u00f3n personal extraordinaria de enfermedad, discapacidad o cualquier otra situaci\u00f3n que te impida cursar las ense\u00f1anzas en r\u00e9gimen ordinario, quedando incluidas en este supuesto las mujeres v\u00edctimas de la violencia de g\u00e9nero y las personas v\u00edctimas de terrorismo, as\u00ed como sus hijos e hijas.<\/li>\n<li>Encontrarte en situaci\u00f3n de dificultad social extrema o riesgo de exclusi\u00f3n.<\/li>\n<li>No haber estado escolarizados en el sistema educativo espa\u00f1ol.<\/li>\n<\/ol>\n<p>Estas circunstancias deben estar debidamente acreditadas y, adem\u00e1s,&nbsp;<strong>deber\u00e1s disponer de alguno de los requisitos acad\u00e9micos de acceso<\/strong>&nbsp;ya sea para un&nbsp;<a href=\"https:\/\/www.juntadeandalucia.es\/educacion\/portales\/web\/escolarizacion\/w\/requisitos-de-acceso-y-cupos-para-grado-medio\">grado medio<\/a>, un&nbsp;<a href=\"https:\/\/www.juntadeandalucia.es\/educacion\/portales\/web\/escolarizacion\/w\/requisitos-de-acceso-y-cupos-para-grado-superior\">grado superior<\/a>&nbsp;o un&nbsp;<a href=\"https:\/\/www.juntadeandalucia.es\/educacion\/portales\/web\/escolarizacion\/w\/requisitos-de-acceso-y-criterios-de-prioridad-para-cursos-de-especializacion\">curso de especializaci\u00f3n<\/a>.<\/p>\n<h4 style=\"text-align: left\"><span style=\"text-decoration: underline\"><span style=\"font-size: 18pt\"><strong>Calendario de preinscripci\u00f3n y matr\u00edcula 25\/26<\/strong><\/span><\/span><\/h4>\n<p><a href=\"https:\/\/www.juntadeandalucia.es\/educacion\/portales\/documents\/100629\/1872074\/Oferta%20Modular%20Diferenciada%20de%20Grado%20Medio,%20Superior%20y%20Cursos%20de%20Especializacio%C2%BFn.pdf\/f590c283-c1c0-81cb-add8-bef98dcea26d?version=1.1\"><br \/>\n<\/a><img loading=\"lazy\" decoding=\"async\" class=\"aligncenter size-large wp-image-7061\" src=\"https:\/\/blogsaverroes.juntadeandalucia.es\/iesjosecaballero\/files\/2025\/06\/Captura-de-pantalla-83-1-1024x618.png\" alt=\"\" width=\"1024\" height=\"618\" srcset=\"https:\/\/blogsaverroes.juntadeandalucia.es\/iesjosecaballero\/files\/2025\/06\/Captura-de-pantalla-83-1-1024x618.png 1024w, https:\/\/blogsaverroes.juntadeandalucia.es\/iesjosecaballero\/files\/2025\/06\/Captura-de-pantalla-83-1-980x591.png 980w, https:\/\/blogsaverroes.juntadeandalucia.es\/iesjosecaballero\/files\/2025\/06\/Captura-de-pantalla-83-1-480x290.png 480w\" sizes=\"(min-width: 0px) and (max-width: 480px) 480px, (min-width: 481px) and (max-width: 980px) 980px, (min-width: 981px) 1024px, 100vw\" \/><\/p>\n<\/div>\n<div>&nbsp;<\/div>\n<div style=\"text-align: left\"><span style=\"text-decoration: underline\"><span style=\"font-size: 18pt\"><strong style=\"color: #333333;text-decoration: underline\">Horario OMD\/OPD para el curso 2025\/2026:<\/strong><\/span><\/span><\/div>\n<div>&nbsp;<\/div>\n<p><iframe loading=\"lazy\" src=\"https:\/\/drive.google.com\/file\/d\/1wVUY7msZQY3FoGDcT4rvChQWD3azFH3o\/preview\" width=\"840\" height=\"680\"><span data-mce-type=\"bookmark\" style=\"width: 0px;overflow: hidden;line-height: 0\" class=\"mce_SELRES_start\">\ufeff<\/span><\/iframe><\/p>\n<div>&nbsp;<\/div>\n<div>&nbsp;<\/div>\n<div class=\"clear\" style=\"text-align: left\"><span style=\"text-decoration: underline\"><span style=\"font-size: 18pt\"><strong style=\"color: #333333;text-decoration: underline\">C\u00f3mo realizar el procedimiento:<\/strong><\/span><\/span><\/div>\n<div>&nbsp;<\/div>\n<\/header>\n<div id=\"mainContent\">\n<div id=\"post-3436\" class=\"postMag post-3436 page type-page status-publish hentry\">\n<div class=\"article\">\n<ul>\n<li><strong>De forma telem\u00e1tica<\/strong>&nbsp;(recomendable):&nbsp; a trav\u00e9s del formulario habilitado en la&nbsp;<a class=\"customize-unpreviewable\" href=\"https:\/\/www.juntadeandalucia.es\/educacion\/secretariavirtual\/solicitudes\/\">Secretar\u00eda Virtual de los&nbsp;Centros Educativos.<\/a><\/li>\n<\/ul>\n<p><a href=\"https:\/\/www.juntadeandalucia.es\/educacion\/secretariavirtual\/solicitudes\/\"><img loading=\"lazy\" decoding=\"async\" class=\"aligncenter wp-image-2778 size-full\" src=\"https:\/\/blogsaverroes.juntadeandalucia.es\/iesjosecaballero\/files\/2020\/05\/secretariavirtual.jpg\" alt=\"\" width=\"280\" height=\"150\"><\/a><\/p>\n<p style=\"padding-left: 80px\">Para la realizaci\u00f3n del procedimiento ser\u00e1 necesaria la clave iANDe o Certificado Digital.<a href=\"http:\/\/iesjosecaballero.es\/web\/?p=2774&amp;customize_changeset_uuid=19859bc4-89e9-417c-a82d-f51ce40e3ae0&amp;customize_messenger_channel=preview-15\" target=\"_self\" rel=\"noopener noreferrer\">&nbsp;<\/a><\/p>\n<p>&nbsp;<\/p>\n<p style=\"text-align: center\"><span style=\"font-size: 18pt\"><a href=\"https:\/\/www.juntadeandalucia.es\/educacion\/portales\/web\/escolarizacion\/formacion-profesional\/oferta-modular-diferenciada\">MAS INFORMACI\u00d3N<\/a><\/span><\/p>\n<p style=\"text-align: center\">&nbsp;<\/p>\n<\/div>\n<\/div>\n<\/div>\n","protected":false},"excerpt":{"rendered":"<p>La&nbsp;oferta modular diferenciada&nbsp;est\u00e1 destinada a personas adultas que, por sus circunstancias personales y\/o laborales, no pueden realizar un curso completo de forma presencial. De esta forma, t\u00fa dise\u00f1as tu propio itinerario formativo, ya que decides qu\u00e9 m\u00f3dulo o m\u00f3dulos profesionales individuales de ciclos formativos de grado medio y superior y cursos de especializaci\u00f3n quieres cursar.&nbsp; [&hellip;]<\/p>\n","protected":false},"author":13618,"featured_media":0,"parent":0,"menu_order":0,"comment_status":"closed","ping_status":"closed","template":"","meta":{"_et_pb_use_builder":"","_et_pb_old_content":"","_et_gb_content_width":"","ngg_post_thumbnail":0,"footnotes":""},"aioseo_notices":[],"_links":{"self":[{"href":"https:\/\/blogsaverroes.juntadeandalucia.es\/iesjosecaballero\/wp-json\/wp\/v2\/pages\/3728"}],"collection":[{"href":"https:\/\/blogsaverroes.juntadeandalucia.es\/iesjosecaballero\/wp-json\/wp\/v2\/pages"}],"about":[{"href":"https:\/\/blogsaverroes.juntadeandalucia.es\/iesjosecaballero\/wp-json\/wp\/v2\/types\/page"}],"author":[{"embeddable":true,"href":"https:\/\/blogsaverroes.juntadeandalucia.es\/iesjosecaballero\/wp-json\/wp\/v2\/users\/13618"}],"replies":[{"embeddable":true,"href":"https:\/\/blogsaverroes.juntadeandalucia.es\/iesjosecaballero\/wp-json\/wp\/v2\/comments?post=3728"}],"version-history":[{"count":15,"href":"https:\/\/blogsaverroes.juntadeandalucia.es\/iesjosecaballero\/wp-json\/wp\/v2\/pages\/3728\/revisions"}],"predecessor-version":[{"id":7066,"href":"https:\/\/blogsaverroes.juntadeandalucia.es\/iesjosecaballero\/wp-json\/wp\/v2\/pages\/3728\/revisions\/7066"}],"wp:attachment":[{"href":"https:\/\/blogsaverroes.juntadeandalucia.es\/iesjosecaballero\/wp-json\/wp\/v2\/media?parent=3728"}],"curies":[{"name":"wp","href":"https:\/\/api.w.org\/{rel}","templated":true}]}}