{"id":3812,"date":"2021-10-14T22:32:13","date_gmt":"2021-10-14T21:32:13","guid":{"rendered":"https:\/\/blogsaverroes.juntadeandalucia.es\/iesjosecaballero\/?page_id=3812"},"modified":"2026-04-15T12:11:23","modified_gmt":"2026-04-15T11:11:23","slug":"oferta-educativa-de-fp","status":"publish","type":"page","link":"https:\/\/blogsaverroes.juntadeandalucia.es\/iesjosecaballero\/oferta-educativa-de-fp\/","title":{"rendered":"Oferta Educativa de Formaci\u00f3n Profesional"},"content":{"rendered":"<p>[et_pb_section fb_built=&#8221;1&#8243; admin_label=&#8221;About Us&#8221; _builder_version=&#8221;4.16&#8243; background_image=&#8221;https:\/\/blogsaverroes.juntadeandalucia.es\/iesjosecaballero\/files\/2021\/10\/mural-jc.png&#8221; locked=&#8221;off&#8221; global_colors_info=&#8221;{}&#8221;][et_pb_row custom_padding_last_edited=&#8221;on|phone&#8221; _builder_version=&#8221;4.16&#8243; background_color=&#8221;rgba(255,255,255,0.9)&#8221; max_width=&#8221;1280px&#8221; min_height=&#8221;350px&#8221; custom_margin=&#8221;3px|auto||auto||&#8221; custom_padding=&#8221;73px|60px|73px|60px|true|true&#8221; custom_padding_tablet=&#8221;|40px||40px||true&#8221; custom_padding_phone=&#8221;|20px||20px||true&#8221; box_shadow_style=&#8221;preset1&#8243; box_shadow_vertical=&#8221;50px&#8221; box_shadow_blur=&#8221;80px&#8221; box_shadow_color=&#8221;rgba(15,19,25,0.1)&#8221; use_custom_width=&#8221;on&#8221; custom_width_px=&#8221;1280px&#8221; global_colors_info=&#8221;{}&#8221;][et_pb_column type=&#8221;4_4&#8243; _builder_version=&#8221;4.16&#8243; custom_padding=&#8221;|||&#8221; global_colors_info=&#8221;{}&#8221; custom_padding__hover=&#8221;|||&#8221;][et_pb_text _builder_version=&#8221;4.16&#8243; text_font=&#8221;||||||||&#8221; text_font_size=&#8221;15px&#8221; text_line_height=&#8221;2em&#8221; ul_font=&#8221;||||||||&#8221; ol_font=&#8221;||||||||&#8221; header_font=&#8221;||||||||&#8221; header_2_font=&#8221;EB Garamond||||||||&#8221; header_2_font_size=&#8221;50px&#8221; header_2_line_height=&#8221;1.3em&#8221; header_3_font=&#8221;||||||||&#8221; header_4_font=&#8221;|700||on|||||&#8221; header_4_text_color=&#8221;#ffdaa4&#8243; header_4_font_size=&#8221;12px&#8221; header_4_letter_spacing=&#8221;2px&#8221; header_4_line_height=&#8221;2em&#8221; header_5_font=&#8221;||||||||&#8221; header_6_font=&#8221;||||||||&#8221; custom_padding=&#8221;|||20px||&#8221; header_2_font_size_tablet=&#8221;40px&#8221; header_2_font_size_phone=&#8221;30px&#8221; header_2_font_size_last_edited=&#8221;on|phone&#8221; locked=&#8221;off&#8221; global_colors_info=&#8221;{}&#8221;]<\/p>\n<h2 style=\"text-align: center\">OFERTA EDUCATIVA DE FORMACI\u00d3N PROFESIONAL<\/h2>\n<p>&nbsp;<\/p>\n<p>[\/et_pb_text][\/et_pb_column][\/et_pb_row][\/et_pb_section][et_pb_section fb_built=&#8221;1&#8243; admin_label=&#8221;Courses&#8221; _builder_version=&#8221;4.16&#8243; background_color=&#8221;#FFFFFF&#8221; use_background_color_gradient=&#8221;on&#8221; background_color_gradient_direction=&#8221;321deg&#8221; background_color_gradient_stops=&#8221;rgba(255,255,255,0.5) 0%|#ffffff 100%&#8221; background_color_gradient_start=&#8221;rgba(255,255,255,0.5)&#8221; background_color_gradient_end=&#8221;#ffffff&#8221; background_image=&#8221;https:\/\/blogsaverroes.juntadeandalucia.es\/iesjosecaballero\/files\/2022\/05\/jose-caballero-2.jpg&#8221; background_blend=&#8221;soft-light&#8221; custom_padding=&#8221;54px|0px|80px|0px|false|false&#8221; border_width_top=&#8221;7px&#8221; border_color_top=&#8221;#E02B20&#8243; global_colors_info=&#8221;{}&#8221;][et_pb_row _builder_version=&#8221;4.16&#8243; min_height=&#8221;277px&#8221; custom_margin=&#8221;|auto||auto|false|false&#8221; global_colors_info=&#8221;{}&#8221;][et_pb_column type=&#8221;4_4&#8243; _builder_version=&#8221;4.16&#8243; custom_padding=&#8221;|||&#8221; global_colors_info=&#8221;{}&#8221; custom_padding__hover=&#8221;|||&#8221;][et_pb_text _builder_version=&#8221;4.16&#8243; text_font=&#8221;EB Garamond|700|||||||&#8221; text_text_color=&#8221;rgba(0,0,0,0.02)&#8221; text_font_size=&#8221;80px&#8221; text_line_height=&#8221;0em&#8221; header_2_font=&#8221;EB Garamond||||||||&#8221; header_2_font_size=&#8221;50px&#8221; header_2_line_height=&#8221;1.3em&#8221; text_orientation=&#8221;center&#8221; min_height=&#8221;88px&#8221; text_font_size_tablet=&#8221;50px&#8221; text_font_size_phone=&#8221;30px&#8221; text_font_size_last_edited=&#8221;on|desktop&#8221; header_2_font_size_tablet=&#8221;40px&#8221; header_2_font_size_phone=&#8221;30px&#8221; header_2_font_size_last_edited=&#8221;on|phone&#8221; global_colors_info=&#8221;{}&#8221;]<\/p>\n<p>&nbsp;<\/p>\n<h2><\/h2>\n<h2>FAMILIA DE HOSTELER\u00cdA Y TURISMO<\/h2>\n<p>[\/et_pb_text][et_pb_text _builder_version=&#8221;4.24.2&#8243; _module_preset=&#8221;default&#8221; custom_padding=&#8221;||17px|||&#8221; global_colors_info=&#8221;{}&#8221;]<\/p>\n<div class=\"kvgmc6g5 cxmmr5t8 oygrvhab hcukyx3x c1et5uql ii04i59q\">\n<p dir=\"auto\" style=\"text-align: justify\"><span style=\"font-size: large\"><span class=\"pq6dq46d tbxw36s4 knj5qynh kvgmc6g5 ditlmg2l oygrvhab nvdbi5me sf5mxxl7 gl3lb2sf hhz5lgdu\"><img loading=\"lazy\" decoding=\"async\" src=\"https:\/\/static.xx.fbcdn.net\/images\/emoji.php\/v9\/t92\/1.5\/16\/1f4e2.png\" alt=\"\ud83d\udce2\" width=\"16\" height=\"16\" \/><\/span>Si te llama la atenci\u00f3n el mundo de los fogones<span class=\"pq6dq46d tbxw36s4 knj5qynh kvgmc6g5 ditlmg2l oygrvhab nvdbi5me sf5mxxl7 gl3lb2sf hhz5lgdu\"><img loading=\"lazy\" decoding=\"async\" src=\"https:\/\/static.xx.fbcdn.net\/images\/emoji.php\/v9\/tc1\/1.5\/16\/1f374.png\" alt=\"\ud83c\udf74\" width=\"16\" height=\"16\" \/><\/span>\u00a0y de la sala<span class=\"pq6dq46d tbxw36s4 knj5qynh kvgmc6g5 ditlmg2l oygrvhab nvdbi5me sf5mxxl7 gl3lb2sf hhz5lgdu\"><img loading=\"lazy\" decoding=\"async\" src=\"https:\/\/static.xx.fbcdn.net\/images\/emoji.php\/v9\/t7b\/1.5\/16\/1f468_200d_1f373.png\" alt=\"\ud83d\udc68\u200d\ud83c\udf73\" width=\"16\" height=\"16\" \/><\/span><span class=\"pq6dq46d tbxw36s4 knj5qynh kvgmc6g5 ditlmg2l oygrvhab nvdbi5me sf5mxxl7 gl3lb2sf hhz5lgdu\"><img loading=\"lazy\" decoding=\"async\" src=\"https:\/\/static.xx.fbcdn.net\/images\/emoji.php\/v9\/t5a\/1.5\/16\/1f469_200d_1f373.png\" alt=\"\ud83d\udc69\u200d\ud83c\udf73\" width=\"16\" height=\"16\" \/><\/span>\u00a0y tienes cumplidos quince a\u00f1os, o los cumples durante el a\u00f1o natural en curso, y no superas los diecisiete a\u00f1os de edad en el momento del acceso ,ni durante el a\u00f1o natural en el que se inicia esta ense\u00f1anza, en el I.E.S. Jos\u00e9 Caballero tienes la oportunidad de iniciarte en este apasionante mundo.<\/span><\/p>\n<p dir=\"auto\" style=\"text-align: justify\"><span style=\"font-size: large\"><span class=\"pq6dq46d tbxw36s4 knj5qynh kvgmc6g5 ditlmg2l oygrvhab nvdbi5me sf5mxxl7 gl3lb2sf hhz5lgdu\"><img loading=\"lazy\" decoding=\"async\" src=\"https:\/\/blogsaverroes.juntadeandalucia.es\/iesjosecaballero\/files\/2026\/04\/Gemini_Generated_Image_b66d4pb66d4pb66d-1-1024x559.png\" width=\"1024\" height=\"559\" alt=\"\" class=\"wp-image-7160 aligncenter size-large\" srcset=\"https:\/\/blogsaverroes.juntadeandalucia.es\/iesjosecaballero\/files\/2026\/04\/Gemini_Generated_Image_b66d4pb66d4pb66d-1-980x535.png 980w, https:\/\/blogsaverroes.juntadeandalucia.es\/iesjosecaballero\/files\/2026\/04\/Gemini_Generated_Image_b66d4pb66d4pb66d-1-480x262.png 480w\" sizes=\"(min-width: 0px) and (max-width: 480px) 480px, (min-width: 481px) and (max-width: 980px) 980px, (min-width: 981px) 1024px, 100vw\" \/><\/span><\/span><span style=\"font-size: large\"><\/span><\/p>\n<div dir=\"auto\"><\/div>\n<div dir=\"auto\"><span style=\"font-size: large\"><span class=\"pq6dq46d tbxw36s4 knj5qynh kvgmc6g5 ditlmg2l oygrvhab nvdbi5me sf5mxxl7 gl3lb2sf hhz5lgdu\"><img loading=\"lazy\" decoding=\"async\" src=\"https:\/\/static.xx.fbcdn.net\/images\/emoji.php\/v9\/t63\/1.5\/16\/1f4fd.png\" alt=\"\ud83d\udcfd\ufe0f\" width=\"16\" height=\"16\" \/><\/span> Conoce mejor a trav\u00e9s de este video, la oferta educativa de Hosteler\u00eda.<\/span><\/div>\n<div dir=\"auto\"><span style=\"font-size: large\"><\/span><\/div>\n<div dir=\"auto\"><span style=\"font-size: large\"><\/span><\/div>\n<div dir=\"auto\"><span style=\"font-size: large\"><\/span><\/div>\n<\/div>\n<div class=\"cxmmr5t8 oygrvhab hcukyx3x c1et5uql o9v6fnle ii04i59q\">\n<div dir=\"auto\">\n<div dir=\"auto\"><\/div>\n<\/div>\n<\/div>\n<div class=\"cxmmr5t8 oygrvhab hcukyx3x c1et5uql o9v6fnle ii04i59q\">\n<div dir=\"auto\"><\/div>\n<\/div>\n<p>[\/et_pb_text][et_pb_video src=&#8221;https:\/\/blogsaverroes.juntadeandalucia.es\/iesjosecaballero\/files\/2022\/06\/277450561_1144117056402442_6717747828909704296_n-1.mp4&#8243; image_src=&#8221;https:\/\/blogsaverroes.juntadeandalucia.es\/iesjosecaballero\/files\/2022\/03\/Imagen1.png&#8221; _builder_version=&#8221;4.16&#8243; _module_preset=&#8221;default&#8221; global_colors_info=&#8221;{}&#8221;][\/et_pb_video][\/et_pb_column][\/et_pb_row][et_pb_row _builder_version=&#8221;4.24.2&#8243; _module_preset=&#8221;default&#8221; global_colors_info=&#8221;{}&#8221;][et_pb_column type=&#8221;4_4&#8243; _builder_version=&#8221;4.24.2&#8243; _module_preset=&#8221;default&#8221; global_colors_info=&#8221;{}&#8221;][et_pb_image src=&#8221;https:\/\/blogsaverroes.juntadeandalucia.es\/iesjosecaballero\/files\/2026\/04\/Captura-de-pantalla-52.png&#8221; _builder_version=&#8221;4.24.2&#8243; _module_preset=&#8221;default&#8221; title_text=&#8221;Captura de pantalla (52)&#8221; hover_enabled=&#8221;0&#8243; sticky_enabled=&#8221;0&#8243;][\/et_pb_image][\/et_pb_column][\/et_pb_row][\/et_pb_section][et_pb_section fb_built=&#8221;1&#8243; admin_label=&#8221;Courses&#8221; _builder_version=&#8221;4.16&#8243; background_color=&#8221;#FFFFFF&#8221; use_background_color_gradient=&#8221;on&#8221; background_color_gradient_direction=&#8221;151deg&#8221; background_color_gradient_stops=&#8221;rgba(255,255,255,0.92) 0%|#ffffff 100%&#8221; background_color_gradient_start=&#8221;rgba(255,255,255,0.92)&#8221; background_color_gradient_end=&#8221;#ffffff&#8221; background_image=&#8221;https:\/\/blogsaverroes.juntadeandalucia.es\/iesjosecaballero\/files\/2022\/05\/jose-caballero-1.jpg&#8221; background_blend=&#8221;lighten&#8221; custom_padding=&#8221;54px|0px|80px|0px|false|false&#8221; filter_saturate=&#8221;72%&#8221; filter_brightness=&#8221;94%&#8221; border_color_all=&#8221;#E02B20&#8243; border_width_top=&#8221;7px&#8221; global_colors_info=&#8221;{}&#8221;][et_pb_row _builder_version=&#8221;4.16&#8243; min_height=&#8221;215px&#8221; custom_margin=&#8221;|auto|-56px|auto||&#8221; global_colors_info=&#8221;{}&#8221;][et_pb_column type=&#8221;4_4&#8243; _builder_version=&#8221;4.16&#8243; custom_padding=&#8221;|||&#8221; global_colors_info=&#8221;{}&#8221; custom_padding__hover=&#8221;|||&#8221;][et_pb_text _builder_version=&#8221;4.16&#8243; text_font=&#8221;EB Garamond|700|||||||&#8221; text_text_color=&#8221;rgba(0,0,0,0.02)&#8221; text_font_size=&#8221;80px&#8221; text_line_height=&#8221;0em&#8221; header_2_font=&#8221;EB Garamond||||||||&#8221; header_2_font_size=&#8221;50px&#8221; header_2_line_height=&#8221;1.3em&#8221; text_orientation=&#8221;center&#8221; text_font_size_tablet=&#8221;50px&#8221; text_font_size_phone=&#8221;30px&#8221; text_font_size_last_edited=&#8221;on|desktop&#8221; header_2_font_size_tablet=&#8221;40px&#8221; header_2_font_size_phone=&#8221;30px&#8221; header_2_font_size_last_edited=&#8221;on|phone&#8221; global_colors_info=&#8221;{}&#8221;]<\/p>\n<p>&nbsp;<\/p>\n<h2><\/h2>\n<h2>FAMILIA PROFESIONAL DE SANIDAD<\/h2>\n<p>[\/et_pb_text][\/et_pb_column][\/et_pb_row][et_pb_row column_structure=&#8221;1_2,1_2&#8243; _builder_version=&#8221;4.16&#8243; _module_preset=&#8221;default&#8221; global_colors_info=&#8221;{}&#8221;][et_pb_column type=&#8221;1_2&#8243; _builder_version=&#8221;4.16&#8243; _module_preset=&#8221;default&#8221; global_colors_info=&#8221;{}&#8221;][et_pb_blurb title=&#8221;CICLOS FORMATIVOS DE GRADO MEDIO Y SUPERIOR&#8221; url=&#8221;https:\/\/view.genial.ly\/60be73ab0f6bf10d7164f44e\/interactive-image-oferta-formativa-fp-ies-jose-caballero-curso-2122&#8243; image=&#8221;https:\/\/blogsaverroes.juntadeandalucia.es\/iesjosecaballero\/files\/2026\/04\/oferta-sanidad.png&#8221; _builder_version=&#8221;4.24.2&#8243; _module_preset=&#8221;default&#8221; background_color=&#8221;#FFFFFF&#8221; custom_padding=&#8221;||0px|||&#8221; link_option_url=&#8221;https:\/\/view.genial.ly\/60be73ab0f6bf10d7164f44e\/interactive-image-oferta-formativa-fp-ies-jose-caballero-curso-2122&#8243; global_colors_info=&#8221;{}&#8221;]<\/p>\n<p><span style=\"font-size: large\">Nuestro centro ofrece 4 ciclos formativos de Grado Superior (Pr\u00f3tesis Dental, Audiolog\u00eda, Documentaci\u00f3n Sanitaria e Higiene Bucodental) y el ciclo formativo de Grado Medio Farmacia y Parafarmacia.<\/span><\/p>\n<p>[\/et_pb_blurb][et_pb_button button_url=&#8221;https:\/\/blogsaverroes.juntadeandalucia.es\/iesjosecaballero\/files\/2026\/04\/oferta-sanidad.png&#8221; url_new_window=&#8221;on&#8221; button_text=&#8221;Leer m\u00e1s&#8221; button_alignment=&#8221;center&#8221; _builder_version=&#8221;4.24.2&#8243; _module_preset=&#8221;default&#8221; global_colors_info=&#8221;{}&#8221;][\/et_pb_button][\/et_pb_column][et_pb_column type=&#8221;1_2&#8243; _builder_version=&#8221;4.16&#8243; _module_preset=&#8221;default&#8221; global_colors_info=&#8221;{}&#8221;][et_pb_blurb title=&#8221;OFERTA MODULAR DIFERENCIADA (adultos) DEL CFGM FARMACIA Y PARAFARMACIA&#8221; image=&#8221;https:\/\/blogsaverroes.juntadeandalucia.es\/iesjosecaballero\/files\/2026\/04\/Gemini_Generated_Image_1vrcp21vrcp21vrc.png&#8221; _builder_version=&#8221;4.24.2&#8243; _module_preset=&#8221;default&#8221; min_height=&#8221;528px&#8221; global_colors_info=&#8221;{}&#8221;]<\/p>\n<p><span style=\"font-size: large\">El IES Jos\u00e9 Caballero cuenta con el CFGM Farmacia y Parafarmacia en Oferta Modular Diferenciada.<\/span><\/p>\n<p><span style=\"font-size: large\">Se llama \u201cmodular\u201d porque te matriculas en m\u00f3dulos sueltos, no en cursos completos. De esta forma, si est\u00e1s trabajando, puedes solicitar m\u00e1s o menos m\u00f3dulos en funci\u00f3n del tiempo que le puedas dedicar. Esta es la mejor opci\u00f3n para dise\u00f1ar tu propio itinerario.<\/span><\/p>\n<p><span><\/span><\/p>\n<p><span><\/span><\/p>\n<p><span><\/span><\/p>\n<p>[\/et_pb_blurb][et_pb_button button_url=&#8221;https:\/\/blogsaverroes.juntadeandalucia.es\/iesjosecaballero\/admision-matricula-adultos-farmacia-y-parafarmacia\/&#8221; button_text=&#8221;Leer m\u00e1s&#8221; button_alignment=&#8221;center&#8221; _builder_version=&#8221;4.16&#8243; _module_preset=&#8221;default&#8221; global_colors_info=&#8221;{}&#8221;][\/et_pb_button][\/et_pb_column][\/et_pb_row][et_pb_row _builder_version=&#8221;4.16&#8243; _module_preset=&#8221;default&#8221; min_height=&#8221;212px&#8221; custom_padding=&#8221;||86px|||&#8221; global_colors_info=&#8221;{}&#8221;][et_pb_column type=&#8221;4_4&#8243; _builder_version=&#8221;4.16&#8243; _module_preset=&#8221;default&#8221; global_colors_info=&#8221;{}&#8221;][et_pb_text _builder_version=&#8221;4.16&#8243; text_font=&#8221;EB Garamond|700|||||||&#8221; text_text_color=&#8221;rgba(0,0,0,0.02)&#8221; text_font_size=&#8221;80px&#8221; text_line_height=&#8221;0em&#8221; header_2_font=&#8221;EB Garamond||||||||&#8221; header_2_font_size=&#8221;50px&#8221; header_2_line_height=&#8221;1.3em&#8221; text_orientation=&#8221;center&#8221; text_font_size_tablet=&#8221;50px&#8221; text_font_size_phone=&#8221;30px&#8221; text_font_size_last_edited=&#8221;on|desktop&#8221; header_2_font_size_tablet=&#8221;40px&#8221; header_2_font_size_phone=&#8221;30px&#8221; header_2_font_size_last_edited=&#8221;on|phone&#8221; global_colors_info=&#8221;{}&#8221;]<\/p>\n<p>&nbsp;<\/p>\n<h2><\/h2>\n<h2>F.P. DUAL<\/h2>\n<p>[\/et_pb_text][et_pb_text _builder_version=&#8221;4.16&#8243; _module_preset=&#8221;default&#8221; custom_padding=&#8221;||17px|||&#8221; global_colors_info=&#8221;{}&#8221;]<\/p>\n<div class=\"kvgmc6g5 cxmmr5t8 oygrvhab hcukyx3x c1et5uql ii04i59q\">\n<div class=\"kvgmc6g5 cxmmr5t8 oygrvhab hcukyx3x c1et5uql ii04i59q\">\n<div dir=\"auto\" style=\"text-align: justify\"><\/div>\n<\/div>\n<div class=\"cxmmr5t8 oygrvhab hcukyx3x c1et5uql o9v6fnle ii04i59q\" style=\"text-align: justify\">\n<div dir=\"auto\" style=\"text-align: justify\"><span style=\"font-size: large\"><span class=\"pq6dq46d tbxw36s4 knj5qynh kvgmc6g5 ditlmg2l oygrvhab nvdbi5me sf5mxxl7 gl3lb2sf hhz5lgdu\"><img loading=\"lazy\" decoding=\"async\" src=\"https:\/\/static.xx.fbcdn.net\/images\/emoji.php\/v9\/t58\/1.5\/16\/1f3a5.png\" alt=\"\ud83c\udfa5\" width=\"16\" height=\"16\" \/><\/span> Conoce mejor, en los siguientes v\u00eddeos, el Ciclo Formativo de Grado Medio en <strong>Farmacia y Parafarmacia<\/strong> y <strong>CFGS Higiene Bucodental<\/strong> que podr\u00e1s realizar en el Instituto de Ense\u00f1anza Secundaria Jos\u00e9 Caballero de Huelva. Actualmente toda la oferta formativa de FP es en modalidad DUAL con Fase de Formaci\u00f3n en Empresa u Organismo Equiparado desde primer curso.<\/span><\/div>\n<\/div>\n<div class=\"cxmmr5t8 oygrvhab hcukyx3x c1et5uql o9v6fnle ii04i59q\" style=\"text-align: justify\">\n<div dir=\"auto\"><span style=\"font-size: large\"><span class=\"pq6dq46d tbxw36s4 knj5qynh kvgmc6g5 ditlmg2l oygrvhab nvdbi5me sf5mxxl7 gl3lb2sf hhz5lgdu\"><img loading=\"lazy\" decoding=\"async\" src=\"https:\/\/static.xx.fbcdn.net\/images\/emoji.php\/v9\/t15\/1.5\/16\/2139.png\" alt=\"\u2139\ufe0f\" width=\"16\" height=\"16\" \/><\/span> \u00bfQuieres saber m\u00e1s sobre la FP Dual?<\/span><\/div>\n<div dir=\"auto\"><span style=\"font-size: large\">La Formaci\u00f3n Profesional Dual es una modalidad de ense\u00f1anza donde el proceso formativo se produce en distintos escenarios: el centro educativo y la empresa. Durante los dos cursos acad\u00e9micos, el alumnado combina la formaci\u00f3n te\u00f3rica con la formaci\u00f3n en habilidades y destrezas.<\/span><\/div>\n<\/div>\n<div class=\"cxmmr5t8 oygrvhab hcukyx3x c1et5uql o9v6fnle ii04i59q\" style=\"text-align: justify\">\n<div dir=\"auto\"><\/div>\n<\/div>\n<div class=\"cxmmr5t8 oygrvhab hcukyx3x c1et5uql o9v6fnle ii04i59q\">\n<div dir=\"auto\" style=\"text-align: justify\"><span style=\"font-size: large\"><span class=\"pq6dq46d tbxw36s4 knj5qynh kvgmc6g5 ditlmg2l oygrvhab nvdbi5me sf5mxxl7 gl3lb2sf hhz5lgdu\"><img loading=\"lazy\" decoding=\"async\" src=\"https:\/\/static.xx.fbcdn.net\/images\/emoji.php\/v9\/tfe\/1.5\/16\/203c.png\" alt=\"\u203c\ufe0f\" width=\"16\" height=\"16\" \/><\/span> Inf\u00f3rmate en nuestro centro, en el <a class=\"oajrlxb2 g5ia77u1 qu0x051f esr5mh6w e9989ue4 r7d6kgcz rq0escxv nhd2j8a9 nc684nl6 p7hjln8o kvgmc6g5 cxmmr5t8 oygrvhab hcukyx3x jb3vyjys rz4wbd8a qt6c0cv9 a8nywdso i1ao9s8h esuyzwwr f1sip0of lzcic4wl gpro0wi8 q66pz984 b1v8xokw\" role=\"link\" href=\"https:\/\/www.facebook.com\/profile.php?id=100063489822004&amp;__cft__[0]=AZW4e1ht6iq6OTK9rEhb4fzM6XAuINCbTdY34E9Nnt37ne7pIrWn7gV80fjyRcIqI-YgssGRUcUrsyxOueJE4FOQcJlNpwyoJsVO_ZPTNrmks3cL3cEpKhResbu4RhanqvI7RAkwN4V85YJT1AnHL1xwccBzQm1SWGRTS9VQwkM8wQ&amp;__tn__=-]K-R\"><span class=\"nc684nl6\">IES Jos\u00e9 Caballero<\/span><\/a>.<\/span><\/div>\n<\/div>\n<\/div>\n<div class=\"cxmmr5t8 oygrvhab hcukyx3x c1et5uql o9v6fnle ii04i59q\">\n<div dir=\"auto\"><\/div>\n<\/div>\n<p>[\/et_pb_text][\/et_pb_column][\/et_pb_row][et_pb_row _builder_version=&#8221;4.16&#8243; _module_preset=&#8221;default&#8221; custom_padding=&#8221;3px|||||&#8221; global_colors_info=&#8221;{}&#8221;][et_pb_column type=&#8221;4_4&#8243; _builder_version=&#8221;4.16&#8243; _module_preset=&#8221;default&#8221; global_colors_info=&#8221;{}&#8221;][et_pb_video src=&#8221;https:\/\/blogsaverroes.juntadeandalucia.es\/iesjosecaballero\/files\/2022\/01\/10000000_3084628555150748_202663512145510215_n.mp4&#8243; image_src=&#8221;https:\/\/blogsaverroes.juntadeandalucia.es\/iesjosecaballero\/files\/2022\/01\/Captura-de-pantalla-31.png&#8221; _builder_version=&#8221;4.16&#8243; _module_preset=&#8221;default&#8221; global_colors_info=&#8221;{}&#8221;][\/et_pb_video][et_pb_video src=&#8221;https:\/\/blogsaverroes.juntadeandalucia.es\/iesjosecaballero\/files\/2022\/01\/10000000_339345394324851_3784178838711233440_n.mp4&#8243; image_src=&#8221;https:\/\/blogsaverroes.juntadeandalucia.es\/iesjosecaballero\/files\/2021\/11\/IMG-20211115-WA0016-copia-1.jpg&#8221; _builder_version=&#8221;4.16&#8243; _module_preset=&#8221;default&#8221; global_colors_info=&#8221;{}&#8221;][\/et_pb_video][\/et_pb_column][\/et_pb_row][\/et_pb_section][et_pb_section fb_built=&#8221;1&#8243; _builder_version=&#8221;4.16&#8243; _module_preset=&#8221;default&#8221; global_colors_info=&#8221;{}&#8221;][et_pb_row _builder_version=&#8221;4.24.2&#8243; _module_preset=&#8221;default&#8221; global_colors_info=&#8221;{}&#8221;][et_pb_column type=&#8221;4_4&#8243; _builder_version=&#8221;4.24.2&#8243; _module_preset=&#8221;default&#8221; global_colors_info=&#8221;{}&#8221;][et_pb_image src=&#8221;https:\/\/blogsaverroes.juntadeandalucia.es\/iesjosecaballero\/files\/2026\/04\/Captura-de-pantalla-52.png&#8221; _builder_version=&#8221;4.24.2&#8243; _module_preset=&#8221;default&#8221; title_text=&#8221;Captura de pantalla (52)&#8221; hover_enabled=&#8221;0&#8243; sticky_enabled=&#8221;0&#8243;][\/et_pb_image][\/et_pb_column][\/et_pb_row][\/et_pb_section]<\/p>\n","protected":false},"excerpt":{"rendered":"<p>OFERTA EDUCATIVA DE FORMACI\u00d3N PROFESIONAL &nbsp;&nbsp; FAMILIA DE HOSTELER\u00cdA Y TURISMO Si te llama la atenci\u00f3n el mundo de los fogones\u00a0y de la sala\u00a0y tienes cumplidos quince a\u00f1os, o los cumples durante el a\u00f1o natural en curso, y no superas los diecisiete a\u00f1os de edad en el momento del acceso ,ni durante el a\u00f1o natural [&hellip;]<\/p>\n","protected":false},"author":13618,"featured_media":0,"parent":0,"menu_order":0,"comment_status":"closed","ping_status":"closed","template":"","meta":{"_et_pb_use_builder":"on","_et_pb_old_content":"<p>\u00a0<\/p><p>\u00a0<\/p><p>https:\/\/view.genial.ly\/60be73ab0f6bf10d7164f44e\/interactive-image-oferta-formativa-fp-ies-jose-caballero-curso-2122<\/p>","_et_gb_content_width":"","ngg_post_thumbnail":0,"footnotes":""},"aioseo_notices":[],"_links":{"self":[{"href":"https:\/\/blogsaverroes.juntadeandalucia.es\/iesjosecaballero\/wp-json\/wp\/v2\/pages\/3812"}],"collection":[{"href":"https:\/\/blogsaverroes.juntadeandalucia.es\/iesjosecaballero\/wp-json\/wp\/v2\/pages"}],"about":[{"href":"https:\/\/blogsaverroes.juntadeandalucia.es\/iesjosecaballero\/wp-json\/wp\/v2\/types\/page"}],"author":[{"embeddable":true,"href":"https:\/\/blogsaverroes.juntadeandalucia.es\/iesjosecaballero\/wp-json\/wp\/v2\/users\/13618"}],"replies":[{"embeddable":true,"href":"https:\/\/blogsaverroes.juntadeandalucia.es\/iesjosecaballero\/wp-json\/wp\/v2\/comments?post=3812"}],"version-history":[{"count":32,"href":"https:\/\/blogsaverroes.juntadeandalucia.es\/iesjosecaballero\/wp-json\/wp\/v2\/pages\/3812\/revisions"}],"predecessor-version":[{"id":7170,"href":"https:\/\/blogsaverroes.juntadeandalucia.es\/iesjosecaballero\/wp-json\/wp\/v2\/pages\/3812\/revisions\/7170"}],"wp:attachment":[{"href":"https:\/\/blogsaverroes.juntadeandalucia.es\/iesjosecaballero\/wp-json\/wp\/v2\/media?parent=3812"}],"curies":[{"name":"wp","href":"https:\/\/api.w.org\/{rel}","templated":true}]}}