{"id":853,"date":"2020-12-18T08:50:47","date_gmt":"2020-12-18T07:50:47","guid":{"rendered":"https:\/\/blogsaverroes.juntadeandalucia.es\/pre\/plantilla-pencil\/?page_id=853"},"modified":"2022-11-24T21:00:41","modified_gmt":"2022-11-24T20:00:41","slug":"nuestra-historia","status":"publish","type":"page","link":"https:\/\/blogsaverroes.juntadeandalucia.es\/iesjosecaballero\/nuestra-historia\/","title":{"rendered":"Nuestra Historia"},"content":{"rendered":"<p>[et_pb_section fb_built=&#8221;1&#8243; _builder_version=&#8221;3.22&#8243; global_colors_info=&#8221;{}&#8221;][et_pb_row _builder_version=&#8221;4.5.0&#8243; background_size=&#8221;initial&#8221; background_position=&#8221;top_left&#8221; background_repeat=&#8221;repeat&#8221; custom_padding=&#8221;||14px|||&#8221; global_colors_info=&#8221;{}&#8221;][et_pb_column type=&#8221;4_4&#8243; _builder_version=&#8221;3.25&#8243; custom_padding=&#8221;|||&#8221; global_colors_info=&#8221;{}&#8221; custom_padding__hover=&#8221;|||&#8221;][et_pb_image src=&#8221;https:\/\/blogsaverroes.juntadeandalucia.es\/iesjosecaballero\/files\/2021\/10\/TRANSITO-20-21.jpg&#8221; title_text=&#8221;mural jc&#8221; show_bottom_space=&#8221;off&#8221; src_last_edited=&#8221;off|desktop&#8221; admin_label=&#8221;Imagen de la portada&#8221; _builder_version=&#8221;4.5.0&#8243; background_image=&#8221;https:\/\/blogsaverroes.juntadeandalucia.es\/iesjosecaballero\/files\/2021\/10\/mural-jc.png&#8221; background_blend=&#8221;hard-light&#8221; min_height=&#8221;366px&#8221; height=&#8221;357px&#8221; max_height=&#8221;865px&#8221; custom_margin=&#8221;1px||||false|false&#8221; custom_padding=&#8221;27px||50px||false|false&#8221; z_index_tablet=&#8221;500&#8243; border_width_all=&#8221;2px&#8221; box_shadow_horizontal_tablet=&#8221;0px&#8221; box_shadow_vertical_tablet=&#8221;0px&#8221; box_shadow_blur_tablet=&#8221;40px&#8221; box_shadow_spread_tablet=&#8221;0px&#8221; global_colors_info=&#8221;{}&#8221;][\/et_pb_image][et_pb_text admin_label=&#8221;Texto descriptivo&#8221; _builder_version=&#8221;4.5.0&#8243; custom_margin=&#8221;|||38px||&#8221; custom_padding=&#8221;53px|37px||||&#8221; z_index_tablet=&#8221;500&#8243; text_text_shadow_horizontal_length_tablet=&#8221;0px&#8221; text_text_shadow_vertical_length_tablet=&#8221;0px&#8221; text_text_shadow_blur_strength_tablet=&#8221;1px&#8221; link_text_shadow_horizontal_length_tablet=&#8221;0px&#8221; link_text_shadow_vertical_length_tablet=&#8221;0px&#8221; link_text_shadow_blur_strength_tablet=&#8221;1px&#8221; ul_text_shadow_horizontal_length_tablet=&#8221;0px&#8221; ul_text_shadow_vertical_length_tablet=&#8221;0px&#8221; ul_text_shadow_blur_strength_tablet=&#8221;1px&#8221; ol_text_shadow_horizontal_length_tablet=&#8221;0px&#8221; ol_text_shadow_vertical_length_tablet=&#8221;0px&#8221; ol_text_shadow_blur_strength_tablet=&#8221;1px&#8221; quote_text_shadow_horizontal_length_tablet=&#8221;0px&#8221; quote_text_shadow_vertical_length_tablet=&#8221;0px&#8221; quote_text_shadow_blur_strength_tablet=&#8221;1px&#8221; header_text_shadow_horizontal_length_tablet=&#8221;0px&#8221; header_text_shadow_vertical_length_tablet=&#8221;0px&#8221; header_text_shadow_blur_strength_tablet=&#8221;1px&#8221; header_2_text_shadow_horizontal_length_tablet=&#8221;0px&#8221; header_2_text_shadow_vertical_length_tablet=&#8221;0px&#8221; header_2_text_shadow_blur_strength_tablet=&#8221;1px&#8221; header_3_text_shadow_horizontal_length_tablet=&#8221;0px&#8221; header_3_text_shadow_vertical_length_tablet=&#8221;0px&#8221; header_3_text_shadow_blur_strength_tablet=&#8221;1px&#8221; header_4_text_shadow_horizontal_length_tablet=&#8221;0px&#8221; header_4_text_shadow_vertical_length_tablet=&#8221;0px&#8221; header_4_text_shadow_blur_strength_tablet=&#8221;1px&#8221; header_5_text_shadow_horizontal_length_tablet=&#8221;0px&#8221; header_5_text_shadow_vertical_length_tablet=&#8221;0px&#8221; header_5_text_shadow_blur_strength_tablet=&#8221;1px&#8221; header_6_text_shadow_horizontal_length_tablet=&#8221;0px&#8221; header_6_text_shadow_vertical_length_tablet=&#8221;0px&#8221; header_6_text_shadow_blur_strength_tablet=&#8221;1px&#8221; box_shadow_horizontal_tablet=&#8221;0px&#8221; box_shadow_vertical_tablet=&#8221;0px&#8221; box_shadow_blur_tablet=&#8221;40px&#8221; box_shadow_spread_tablet=&#8221;0px&#8221; inline_fonts=&#8221;ABeeZee&#8221; global_colors_info=&#8221;{}&#8221;]<\/p>\n<p style=\"text-align: justify\"><span style=\"font-size: 14px;font-family: inherit;font-weight: normal\">\u00a0<\/span><span style=\"font-size: 14px;font-weight: normal;font-family: ABeeZee\"> \u00a0Fue en el curso 1984-1985 cuando el antiguo Instituto de Bachillerato Los Rosales abri\u00f3 sus puertas en la calle Marchena Colombo, en el actual Albergue Juvenil. En el curso 1986-1987 se traslad\u00f3 e inaugur\u00f3 el actual edificio localizado en la barriada de Los Rosales. Ese mismo curso se decidi\u00f3 cambiar el nombre por el de Jos\u00e9 Caballero, uno de los principales artistas espa\u00f1oles del siglo XX.<\/span><\/p>\n<p style=\"text-align: justify\"><span style=\"font-weight: normal;font-family: ABeeZee\">\u00a0 \u00a0En el curso\u00a0 2009-2010 el Instituto Jos\u00e9 Caballero celebr\u00f3 su 25 aniversario. Enmarcado en esta celebraci\u00f3n el instituto llev\u00f3 a cabo diversos actos, entre ellos, una exposici\u00f3n sobre Jos\u00e9 Caballero titulada &#8220;La memoria no es nostalgia&#8221;, en los pasillos del instituto. Con esta exposici\u00f3n se ha querido recordar la figura del pintor que da nombre al centro de secundaria, uno de los m\u00e1s grandes artistas espa\u00f1oles del siglo XX, que se form\u00f3 en el Instituto La R\u00e1bida, que estudi\u00f3 con V\u00e1zquez D\u00edaz y fue amigo de Federico Garc\u00eda Lorca, Rafael Alberti, Pablo Neruda, entre otros.\u00a0<\/span><\/p>\n<p style=\"text-align: justify\"><span style=\"font-weight: normal;font-family: ABeeZee\">\u00a0 \u00a0El IES Jos\u00e9 Caballero ha ido modificando y adaptando su oferta educativa a lo largo de los cursos desde su comienzo como Instituto de Bachillerato. En los a\u00f1os noventa, con la entrada en vigor de la LOGSE se hacen obligatorios los estudios hasta los 16 a\u00f1os. En el Curso 96\/97 se empez\u00f3 a impartir 3\u00ba de Secundaria y al a\u00f1o siguiente 4\u00ba de E.S.O., en el Curso 00\/01 termin\u00f3 de implantarse con la llegada del 1er Ciclo de Secundaria.\u00a0\u00a0Desde el curso 2008\/2009 somos centro Biling\u00fce (Ingl\u00e9s) y ese mismo curso se implant\u00f3 el P.C.P.I. de \u201cAyudante de Cocina\u201d que posteriormente se convirti\u00f3 en F.P. B\u00e1sica \u201cCocina y Restauraci\u00f3n\u201d.<\/span><\/p>\n<p style=\"text-align: justify\"><span style=\"font-weight: normal;font-family: ABeeZee\">\u00a0 \u00a0En el Curso 98\/99 se comenz\u00f3 a implantar las ense\u00f1anzas de Formaci\u00f3n Profesional de Grado Medio y posteriormente de Grado Superior. En los sucesivos cursos se fue incrementando la oferta educativa de Ciclos Formativos de Formaci\u00f3n Profesional de la Familia Profesional de Sanidad.\u00a0<span style=\"font-size: 14px\">Con la obtenci\u00f3n de la Carta ECHE en el a\u00f1o 2016, comenzamos la estrategia de internacionalizaci\u00f3n del IES Jos\u00e9 Caballero, dando la posibilidad al alumnado de Formaci\u00f3n Profesional de realizar la fase de formaci\u00f3n pr\u00e1ctica en pa\u00edses de la Uni\u00f3n Europea.\u00a0<\/span><span style=\"font-size: 14px\">En el curso 2018-2019 se ampl\u00eda la oferta formativa de la rama sanitaria con un grupo de Farmacia y Parafarmacia en modalidad Dual y el CFGS de Higiene Bucodental Dual.\u00a0<\/span><span style=\"font-size: 14px\">Comenzamos un nuevo proyecto en el curso 2021-2022 con la puesta en marcha de las Aulas Biling\u00fces en algunos ciclos formativos<\/span><span style=\"font-size: 14px\">\u00a0que redundar\u00e1 en un aumento de la internacionalizaci\u00f3n de nuestro centro y de las competencias ling\u00fc\u00edsticas del alumnado y del profesorado.\u00a0<\/span><\/span><\/p>\n<p style=\"text-align: justify\"><span><\/span><\/p>\n<p>[\/et_pb_text][et_pb_blurb title=&#8221;Jos\u00e9 Caballero&#8221; url=&#8221;http:\/\/www.josecaballero.info\/&#8221; image=&#8221;https:\/\/blogsaverroes.juntadeandalucia.es\/iesjosecaballero\/files\/2021\/10\/web-oficial-jose-caballero-150&#215;150.jpg&#8221; admin_label=&#8221;Informaci\u00f3n innovaci\u00f3n (icono, titulo y texto)&#8221; _builder_version=&#8221;4.14.5&#8243; hover_enabled=&#8221;0&#8243; z_index_tablet=&#8221;500&#8243; header_text_shadow_horizontal_length_tablet=&#8221;0px&#8221; header_text_shadow_vertical_length_tablet=&#8221;0px&#8221; header_text_shadow_blur_strength_tablet=&#8221;1px&#8221; body_text_shadow_horizontal_length_tablet=&#8221;0px&#8221; body_text_shadow_vertical_length_tablet=&#8221;0px&#8221; body_text_shadow_blur_strength_tablet=&#8221;1px&#8221; body_link_text_shadow_horizontal_length_tablet=&#8221;0px&#8221; body_link_text_shadow_vertical_length_tablet=&#8221;0px&#8221; body_link_text_shadow_blur_strength_tablet=&#8221;1px&#8221; body_ul_text_shadow_horizontal_length_tablet=&#8221;0px&#8221; body_ul_text_shadow_vertical_length_tablet=&#8221;0px&#8221; body_ul_text_shadow_blur_strength_tablet=&#8221;1px&#8221; body_ol_text_shadow_horizontal_length_tablet=&#8221;0px&#8221; body_ol_text_shadow_vertical_length_tablet=&#8221;0px&#8221; body_ol_text_shadow_blur_strength_tablet=&#8221;1px&#8221; body_quote_text_shadow_horizontal_length_tablet=&#8221;0px&#8221; body_quote_text_shadow_vertical_length_tablet=&#8221;0px&#8221; body_quote_text_shadow_blur_strength_tablet=&#8221;1px&#8221; border_radii_image=&#8221;on|50px|50px|50px|50px&#8221; box_shadow_horizontal_tablet=&#8221;0px&#8221; box_shadow_vertical_tablet=&#8221;0px&#8221; box_shadow_blur_tablet=&#8221;40px&#8221; box_shadow_spread_tablet=&#8221;0px&#8221; box_shadow_horizontal_image_tablet=&#8221;0px&#8221; box_shadow_vertical_image_tablet=&#8221;0px&#8221; box_shadow_blur_image_tablet=&#8221;40px&#8221; box_shadow_spread_image_tablet=&#8221;0px&#8221; text_shadow_horizontal_length_tablet=&#8221;0px&#8221; text_shadow_vertical_length_tablet=&#8221;0px&#8221; text_shadow_blur_strength_tablet=&#8221;1px&#8221; global_colors_info=&#8221;{}&#8221; sticky_enabled=&#8221;0&#8243;][\/et_pb_blurb][\/et_pb_column][\/et_pb_row][\/et_pb_section]<\/p>\n","protected":false},"excerpt":{"rendered":"<p>\u00a0 \u00a0Fue en el curso 1984-1985 cuando el antiguo Instituto de Bachillerato Los Rosales abri\u00f3 sus puertas en la calle Marchena Colombo, en el actual Albergue Juvenil. En el curso 1986-1987 se traslad\u00f3 e inaugur\u00f3 el actual edificio localizado en la barriada de Los Rosales. Ese mismo curso se decidi\u00f3 cambiar el nombre por el [&hellip;]<\/p>\n","protected":false},"author":13618,"featured_media":0,"parent":0,"menu_order":0,"comment_status":"closed","ping_status":"closed","template":"","meta":{"_et_pb_use_builder":"on","_et_pb_old_content":"","_et_gb_content_width":"","ngg_post_thumbnail":0,"footnotes":""},"aioseo_notices":[],"_links":{"self":[{"href":"https:\/\/blogsaverroes.juntadeandalucia.es\/iesjosecaballero\/wp-json\/wp\/v2\/pages\/853"}],"collection":[{"href":"https:\/\/blogsaverroes.juntadeandalucia.es\/iesjosecaballero\/wp-json\/wp\/v2\/pages"}],"about":[{"href":"https:\/\/blogsaverroes.juntadeandalucia.es\/iesjosecaballero\/wp-json\/wp\/v2\/types\/page"}],"author":[{"embeddable":true,"href":"https:\/\/blogsaverroes.juntadeandalucia.es\/iesjosecaballero\/wp-json\/wp\/v2\/users\/13618"}],"replies":[{"embeddable":true,"href":"https:\/\/blogsaverroes.juntadeandalucia.es\/iesjosecaballero\/wp-json\/wp\/v2\/comments?post=853"}],"version-history":[{"count":22,"href":"https:\/\/blogsaverroes.juntadeandalucia.es\/iesjosecaballero\/wp-json\/wp\/v2\/pages\/853\/revisions"}],"predecessor-version":[{"id":5793,"href":"https:\/\/blogsaverroes.juntadeandalucia.es\/iesjosecaballero\/wp-json\/wp\/v2\/pages\/853\/revisions\/5793"}],"wp:attachment":[{"href":"https:\/\/blogsaverroes.juntadeandalucia.es\/iesjosecaballero\/wp-json\/wp\/v2\/media?parent=853"}],"curies":[{"name":"wp","href":"https:\/\/api.w.org\/{rel}","templated":true}]}}