{"id":1113,"date":"2015-03-12T11:00:55","date_gmt":"2015-03-12T11:00:55","guid":{"rendered":"http:\/\/blogsaverroes.juntadeandalucia.es\/pre\/ceip\/?page_id=2"},"modified":"2020-05-29T10:44:27","modified_gmt":"2020-05-29T10:44:27","slug":"pagina-ejemplo-2","status":"publish","type":"page","link":"https:\/\/blogsaverroes.juntadeandalucia.es\/iesjosemariamoronybarrientos\/pagina-ejemplo-2\/","title":{"rendered":"Inicio"},"content":{"rendered":"<!-- This slideshow output is generated with Advanced post slider a multipurpose responsive WordPress slideshow plugin - http:\/\/www.wpcue.com\/wordpress-plugins\/advanced-post-slider\/ -->\r\n<style>\r\n#advps_container1 .bx-wrapper .bx-viewport {\r\n\t\t-moz-box-shadow: 0px 1px 4px #000000;\r\n\t-webkit-box-shadow: 0px 1px 4px #000000;\r\n\tbox-shadow: 0px 1px 4px #000000;\r\n\t\tborder: 1px solid #444444;\r\n\t\tbackground:#FFFFFF;\r\n}\r\n#advps_container1 .bx-wrapper .bx-pager{\r\n\ttext-align: center;\r\n\t;\r\n}\r\n#advps_container1 .bx-wrapper .bx-pager\r\n{\r\n\tbottom:-35px;\r\n\tz-index:999;\r\n}\r\n#advps_container1 .bx-wrapper .bx-controls-auto\r\n{\r\n\tbottom:6px;\r\n}\r\n#advps_container1 .bx-wrapper .bx-controls.bx-has-controls-auto.bx-has-pager .bx-pager {\r\n\ttext-align: center;\r\n}\r\n#advps_container1 .bx-wrapper .bx-controls-auto {\r\n\tz-index:99999;\r\n\ttext-align:center;width:100%;}\r\n\r\n#advps_container1 .bx-wrapper .bx-pager.bx-default-pager a {\r\n\tbackground: #666;\r\n\ttext-indent: -9999px;\r\n\tdisplay: block;\r\n\twidth: 10px;\r\n\theight: 10px;\r\n\tmargin: 0 5px;\r\n\toutline: 0;\r\n\t-moz-border-radius: 5px;\r\n\t-webkit-border-radius: 5px;\r\n\tborder-radius: 5px;\r\n\ttext-align:left;\r\n}\r\n#advps_container1 .bx-wrapper .bx-pager.bx-default-pager a:hover,\r\n#advps_container1 .bx-wrapper .bx-pager.bx-default-pager a.active {\r\n\tbackground: #000;\r\n}\r\n\r\n\/* thumbnail pager*\/\r\n#advps_container1 #bx-pager\r\n{\r\n\twidth:100%;\r\n\tposition:absolute;\r\n\tbottom:-35px;\r\n    text-align: center;\r\n\tz-index: 9999;\r\n}\r\n#advps_container1 #bx-pager a img\r\n{\r\n\tborder: 1px solid #CCCCCC;\r\n    padding: 3px;\r\n}\r\n#advps_container1 #bx-pager a:hover img, #advps_container1 #bx-pager a.active img\r\n{\r\n\tborder: 1px solid #666666;\r\n}\r\n\/* medai queries *\/\r\n#advps_container1 .advs-title,#advps_container1 .advs-title a\r\n{\r\n\tfont-size:20px;\r\n\tline-height:20px;\r\n}\r\n#advps_container1 .advps-slide p\r\n{\r\n\tfont-size:14px;\r\n\tline-height:14px;\r\n}\r\n@media screen and (max-width: 1024px){\r\n\t#advps_container1 .advs-title,#advps_container1 .advs-title a\r\n\t{\r\n\t\tfont-size:18px;\r\n\t\tline-height:18px;\r\n\t}\r\n\t#advps_container1 .advps-slide p\r\n\t{\r\n\t\tfont-size:12px;\r\n\t\tline-height:12px;\r\n\t}\r\n}\r\n@media screen and (max-width: 768px){\r\n\t#advps_container1 h2.advs-title, #advps_container1 h2.advs-title a\r\n\t{\r\n\t\tfont-size:16px;\r\n\t\tline-height:16px;\r\n\t}\r\n\t#advps_container1 .advps-slide p\r\n\t{\r\n\t\tfont-size:12px;\r\n\t\tline-height:12px;\r\n\t}\r\n}\r\n@media screen and (max-width: 650px){\r\n\t#advps_container1 h2.advs-title, #advps_container1 h2.advs-title a\r\n\t{\r\n\t\tfont-size:15px;\r\n\t\tline-height:15px;\r\n\t}\r\n\t#advps_container1 .advps-slide p\r\n\t{\r\n\t\tfont-size:12px;\r\n\t\tline-height:12px;\r\n\t}\r\n}\r\n@media screen and (max-width: 480px){\r\n\t#advps_container1 h2.advs-title, #advps_container1 h2.advs-title a\r\n\t{\r\n\t\tfont-size:15px;\r\n\t\tline-height:15px;\r\n\t}\r\n\t#advps_container1 .advps-slide p\r\n\t{\r\n\t\tfont-size:12px;\r\n\t\tline-height:12px;\r\n\t}\r\n}\r\n@media screen and (max-width: 320px){\r\n\t#advps_container1 h2.advs-title, #advps_container1 h2.advs-title a\r\n\t{\r\n\t\tfont-size:15px;\r\n\t\tline-height:15px;\r\n\t}\r\n\t#advps_container1 .advps-slide p\r\n\t{\r\n\t\tfont-size:12px;\r\n\t\tline-height:12px;\r\n\t}\r\n}\r\n<\/style>\r\n<script type=\"text\/javascript\">\r\n\t\tjQuery(document).ready(function($){\r\n\t\t\t$('#advpsslideshow_1').bxSlider({\r\n\t\t\t\tuseCSS:1,\r\n\t\t\t\tslideMargin: 0,\r\n\t\t\t\tspeed: 5000,\t\t\t\t\r\n\t\t\t\t\t\t\t\tmode: 'fade',\r\n\t\t\t\t\t\t\t\t\t\t\t\tauto: 1,\r\n\t\t\t\tautoHover: 1,\r\n\t\t\t\tpause: 3000,\r\n\t\t\t\teasing: 'linear',\r\n\t\t\t\tcontrols: 1,\r\n\t\t\t\tpager: 1,\r\n  \t\t\t\tautoControls: 0\t\t\t\t\t\t\t});\r\n\t\t\t\t\t\t\t$(\"#advpsslideshow_1 .advs-title a\").hover(function(){\r\n\t\t\t\t\t$(this).css('color','#c9c9c9');\r\n\t\t\t\t},function(){\r\n\t\t\t\t\t$(this).css('color','#FFFFFF');\r\n\t\t\t\t});\r\n\t\t\t\t\t\t$(\"#advpsslideshow_1 .advps-slide\").hover(function(){\r\n\t\t\t\t  \t\t\t},function(){\r\n\t\t\t\t\t\t\t});\r\n\t\t});\r\n\t<\/script>\r\n<div id=\"advps_container1\" class=\"advps-slide-container\" style=\"overflow:hidden;max-width:1024px;margin:auto;\">\r\n \r\n  <div id=\"advpsslideshow_1\">\r\n        <div class=\"advps-slide\">\r\n\t<a target=\"_self\" href=\"https:\/\/blogsaverroes.juntadeandalucia.es\/iesjosemariamoronybarrientos\/nuestroies\/\" >      <img loading=\"lazy\" decoding=\"async\" width=\"480\" height=\"360\" src=\"https:\/\/blogsaverroes.juntadeandalucia.es\/iesjosemariamoronybarrientos\/files\/2020\/05\/E812270F-CB79-428E-B08F-ABA579E45F78_4_5005_c.jpeg\" class=\"attachment-full size-full wp-post-image\" alt=\"\" srcset=\"https:\/\/blogsaverroes.juntadeandalucia.es\/iesjosemariamoronybarrientos\/files\/2020\/05\/E812270F-CB79-428E-B08F-ABA579E45F78_4_5005_c.jpeg 480w, https:\/\/blogsaverroes.juntadeandalucia.es\/iesjosemariamoronybarrientos\/files\/2020\/05\/E812270F-CB79-428E-B08F-ABA579E45F78_4_5005_c-300x225.jpeg 300w, https:\/\/blogsaverroes.juntadeandalucia.es\/iesjosemariamoronybarrientos\/files\/2020\/05\/E812270F-CB79-428E-B08F-ABA579E45F78_4_5005_c-24x18.jpeg 24w, https:\/\/blogsaverroes.juntadeandalucia.es\/iesjosemariamoronybarrientos\/files\/2020\/05\/E812270F-CB79-428E-B08F-ABA579E45F78_4_5005_c-36x27.jpeg 36w, https:\/\/blogsaverroes.juntadeandalucia.es\/iesjosemariamoronybarrientos\/files\/2020\/05\/E812270F-CB79-428E-B08F-ABA579E45F78_4_5005_c-48x36.jpeg 48w\" sizes=\"(max-width: 480px) 100vw, 480px\" \/>      <\/a>       \r\n      <div class=\"advps-excerpt-one\" style=\"width:30%;height:100%;top:0; right:0;\">\r\n      \t<div class=\"advps-overlay-one\" style=\"background-color:#000000; -moz-opacity:0.6;filter:alpha(opacity=60);opacity:0.6;\"><\/div>\r\n        <div class=\"advps-excerpt-block-one\" style=\"text-align:left;color:#FFFFFF;-moz-opacity:1;filter:alpha(opacity=100);opacity:1;\">        \r\n        <h2 class=\"advs-title\" style=\"margin:5px 0px 10px 0px;color:#FFFFFF\"><a target=\"_self\" href=\"https:\/\/blogsaverroes.juntadeandalucia.es\/iesjosemariamoronybarrientos\/nuestroies\/\" style=\"margin:5px 0px 10px 0px;color:#FFFFFF\" >IES Jos\u00e9 Mar\u00eda Mor\u00f3n y Barrientos<\/a><\/h2>\r\n          \r\n            <p>IES Jos\u00e9 Mar\u00eda Mor\u00f3n y Barrientos Nuestro centro se encuentra situado en Cumbres Mayores (Huelva). Este es el centro de referencia para que curse la ESO el alumnado de Cumbres&#46;&#46;&#46;<\/p>\n        <\/div>\r\n      <\/div>\r\n    <\/div>\r\n        <div class=\"advps-slide\">\r\n\t<a target=\"_self\" href=\"https:\/\/blogsaverroes.juntadeandalucia.es\/iesjosemariamoronybarrientos\/erasmus\/\" >      <img loading=\"lazy\" decoding=\"async\" width=\"688\" height=\"208\" src=\"https:\/\/blogsaverroes.juntadeandalucia.es\/iesjosemariamoronybarrientos\/files\/2020\/05\/Captura-de-pantalla-2020-05-29-a-las-19.42.20.png\" class=\"attachment-full size-full wp-post-image\" alt=\"\" srcset=\"https:\/\/blogsaverroes.juntadeandalucia.es\/iesjosemariamoronybarrientos\/files\/2020\/05\/Captura-de-pantalla-2020-05-29-a-las-19.42.20.png 688w, https:\/\/blogsaverroes.juntadeandalucia.es\/iesjosemariamoronybarrientos\/files\/2020\/05\/Captura-de-pantalla-2020-05-29-a-las-19.42.20-300x91.png 300w, https:\/\/blogsaverroes.juntadeandalucia.es\/iesjosemariamoronybarrientos\/files\/2020\/05\/Captura-de-pantalla-2020-05-29-a-las-19.42.20-24x7.png 24w, https:\/\/blogsaverroes.juntadeandalucia.es\/iesjosemariamoronybarrientos\/files\/2020\/05\/Captura-de-pantalla-2020-05-29-a-las-19.42.20-36x11.png 36w, https:\/\/blogsaverroes.juntadeandalucia.es\/iesjosemariamoronybarrientos\/files\/2020\/05\/Captura-de-pantalla-2020-05-29-a-las-19.42.20-48x15.png 48w\" sizes=\"(max-width: 688px) 100vw, 688px\" \/>      <\/a>       \r\n      <div class=\"advps-excerpt-one\" style=\"width:30%;height:100%;top:0; right:0;\">\r\n      \t<div class=\"advps-overlay-one\" style=\"background-color:#000000; -moz-opacity:0.6;filter:alpha(opacity=60);opacity:0.6;\"><\/div>\r\n        <div class=\"advps-excerpt-block-one\" style=\"text-align:left;color:#FFFFFF;-moz-opacity:1;filter:alpha(opacity=100);opacity:1;\">        \r\n        <h2 class=\"advs-title\" style=\"margin:5px 0px 10px 0px;color:#FFFFFF\"><a target=\"_self\" href=\"https:\/\/blogsaverroes.juntadeandalucia.es\/iesjosemariamoronybarrientos\/erasmus\/\" style=\"margin:5px 0px 10px 0px;color:#FFFFFF\" >Erasmus+<\/a><\/h2>\r\n          \r\n            <p>Haz clic sobre la imagen para acceder al blog del proyecto. Puedes encontrar m\u00e1s informaci\u00f3n en este enlace. Proyecto europeo: Erasmus+ Durante los cursos 2019 &#8211; 2021 nuestro centro participar\u00e1&#46;&#46;&#46;<\/p>\n        <\/div>\r\n      <\/div>\r\n    <\/div>\r\n        <div class=\"advps-slide\">\r\n\t<a target=\"_self\" href=\"https:\/\/blogsaverroes.juntadeandalucia.es\/iesjosemariamoronybarrientos\/buenaspracticas\/\" >      <img loading=\"lazy\" decoding=\"async\" width=\"1599\" height=\"1126\" src=\"https:\/\/blogsaverroes.juntadeandalucia.es\/iesjosemariamoronybarrientos\/files\/2015\/05\/buenaspractica.jpg\" class=\"attachment-full size-full wp-post-image\" alt=\"\" srcset=\"https:\/\/blogsaverroes.juntadeandalucia.es\/iesjosemariamoronybarrientos\/files\/2015\/05\/buenaspractica.jpg 1599w, https:\/\/blogsaverroes.juntadeandalucia.es\/iesjosemariamoronybarrientos\/files\/2015\/05\/buenaspractica-300x211.jpg 300w, https:\/\/blogsaverroes.juntadeandalucia.es\/iesjosemariamoronybarrientos\/files\/2015\/05\/buenaspractica-768x541.jpg 768w, https:\/\/blogsaverroes.juntadeandalucia.es\/iesjosemariamoronybarrientos\/files\/2015\/05\/buenaspractica-1024x721.jpg 1024w, https:\/\/blogsaverroes.juntadeandalucia.es\/iesjosemariamoronybarrientos\/files\/2015\/05\/buenaspractica-24x17.jpg 24w, https:\/\/blogsaverroes.juntadeandalucia.es\/iesjosemariamoronybarrientos\/files\/2015\/05\/buenaspractica-36x25.jpg 36w, https:\/\/blogsaverroes.juntadeandalucia.es\/iesjosemariamoronybarrientos\/files\/2015\/05\/buenaspractica-48x34.jpg 48w\" sizes=\"(max-width: 1599px) 100vw, 1599px\" \/>      <\/a>       \r\n      <div class=\"advps-excerpt-one\" style=\"width:30%;height:100%;top:0; right:0;\">\r\n      \t<div class=\"advps-overlay-one\" style=\"background-color:#000000; -moz-opacity:0.6;filter:alpha(opacity=60);opacity:0.6;\"><\/div>\r\n        <div class=\"advps-excerpt-block-one\" style=\"text-align:left;color:#FFFFFF;-moz-opacity:1;filter:alpha(opacity=100);opacity:1;\">        \r\n        <h2 class=\"advs-title\" style=\"margin:5px 0px 10px 0px;color:#FFFFFF\"><a target=\"_self\" href=\"https:\/\/blogsaverroes.juntadeandalucia.es\/iesjosemariamoronybarrientos\/buenaspracticas\/\" style=\"margin:5px 0px 10px 0px;color:#FFFFFF\" >Buenas pr\u00e1cticas educativas<\/a><\/h2>\r\n          \r\n            <p>Reconocimiento de Buenas Pr\u00e1cticas Docentes en el USO DE LAS TIC EN LOS PROCESOS DE ENSE\u00d1ANZA Y APRENDIZAJE La competencia digital es una de las claves para que el alumnado&#46;&#46;&#46;<\/p>\n        <\/div>\r\n      <\/div>\r\n    <\/div>\r\n        <div class=\"advps-slide\">\r\n\t<a target=\"_self\" href=\"https:\/\/blogsaverroes.juntadeandalucia.es\/iesjosemariamoronybarrientos\/escuelaespaciodepaz\/\" >      <img loading=\"lazy\" decoding=\"async\" width=\"1280\" height=\"853\" src=\"https:\/\/blogsaverroes.juntadeandalucia.es\/iesjosemariamoronybarrientos\/files\/2014\/12\/lapices3.jpg\" class=\"attachment-full size-full wp-post-image\" alt=\"\" srcset=\"https:\/\/blogsaverroes.juntadeandalucia.es\/iesjosemariamoronybarrientos\/files\/2014\/12\/lapices3.jpg 1280w, https:\/\/blogsaverroes.juntadeandalucia.es\/iesjosemariamoronybarrientos\/files\/2014\/12\/lapices3-300x199.jpg 300w, https:\/\/blogsaverroes.juntadeandalucia.es\/iesjosemariamoronybarrientos\/files\/2014\/12\/lapices3-1024x682.jpg 1024w\" sizes=\"(max-width: 1280px) 100vw, 1280px\" \/>      <\/a>       \r\n      <div class=\"advps-excerpt-one\" style=\"width:30%;height:100%;top:0; right:0;\">\r\n      \t<div class=\"advps-overlay-one\" style=\"background-color:#000000; -moz-opacity:0.6;filter:alpha(opacity=60);opacity:0.6;\"><\/div>\r\n        <div class=\"advps-excerpt-block-one\" style=\"text-align:left;color:#FFFFFF;-moz-opacity:1;filter:alpha(opacity=100);opacity:1;\">        \r\n        <h2 class=\"advs-title\" style=\"margin:5px 0px 10px 0px;color:#FFFFFF\"><a target=\"_self\" href=\"https:\/\/blogsaverroes.juntadeandalucia.es\/iesjosemariamoronybarrientos\/escuelaespaciodepaz\/\" style=\"margin:5px 0px 10px 0px;color:#FFFFFF\" >Escuela: Espacio de Paz<\/a><\/h2>\r\n          \r\n            <p>CONVIVENCIA ESCOLAR Y PREVENCI\u00d3N DE CONFLICTOS Desde el a\u00f1o 2002 venimos trabajando para mejorar la convivencia en nuestro centro y prevenir los conflictos.&nbsp; En la actualidad estamos construyendo una red&#46;&#46;&#46;<\/p>\n        <\/div>\r\n      <\/div>\r\n    <\/div>\r\n      <\/div>\r\n  <\/div><!-- end advps-slide-container -->\r\n<!-- \/ Advanced post slider a multipurpose responsive slideshow plugin -->\r\n\n<div class=\"osc-res-tab tabbable   osc-tabs-left\"><div style=\"clear:both;width: 100%;\"><ul class=\"nav osc-res-nav nav-tabs osc-tabs-left-ul\" id=\"oscitas-restabs-1-escuelaespaciodepaz-35308\"><li class=\"active\"><a href=\"#ert_pane1-0\" data-toggle=\"tab\">Blogs Averroes<\/a><\/li><li class=\"\"><a href=\"#ert_pane1-1\" data-toggle=\"tab\">Wordpress<\/a><\/li><li class=\"\"><a href=\"#ert_pane1-2\" data-toggle=\"tab\">P\u00e1ginas y Men\u00fas<\/a><\/li><li class=\"\"><a href=\"#ert_pane1-3\" data-toggle=\"tab\">Categor\u00edas y Entradas<\/a><\/li><\/ul><\/div><div style=\"clear:both;width: 100%;\"><ul class=\"tab-content\" id=\"oscitas-restabcontent-1-escuelaespaciodepaz-35308\"><li class=\"tab-pane active\" id=\"ert_pane1-0\"><\/p>\n<p style=\"text-align: center\"><a href=\"https:\/\/blogsaverroes.juntadeandalucia.es\/iesjosemariamoronybarrientos\/files\/2020\/05\/E812270F-CB79-428E-B08F-ABA579E45F78_4_5005_c.jpeg\"><img loading=\"lazy\" decoding=\"async\" class=\"size-medium wp-image-2445 aligncenter\" src=\"https:\/\/blogsaverroes.juntadeandalucia.es\/iesjosemariamoronybarrientos\/files\/2020\/05\/E812270F-CB79-428E-B08F-ABA579E45F78_4_5005_c-300x225.jpeg\" alt=\"\" width=\"300\" height=\"225\" srcset=\"https:\/\/blogsaverroes.juntadeandalucia.es\/iesjosemariamoronybarrientos\/files\/2020\/05\/E812270F-CB79-428E-B08F-ABA579E45F78_4_5005_c-300x225.jpeg 300w, https:\/\/blogsaverroes.juntadeandalucia.es\/iesjosemariamoronybarrientos\/files\/2020\/05\/E812270F-CB79-428E-B08F-ABA579E45F78_4_5005_c-24x18.jpeg 24w, https:\/\/blogsaverroes.juntadeandalucia.es\/iesjosemariamoronybarrientos\/files\/2020\/05\/E812270F-CB79-428E-B08F-ABA579E45F78_4_5005_c-36x27.jpeg 36w, https:\/\/blogsaverroes.juntadeandalucia.es\/iesjosemariamoronybarrientos\/files\/2020\/05\/E812270F-CB79-428E-B08F-ABA579E45F78_4_5005_c-48x36.jpeg 48w, https:\/\/blogsaverroes.juntadeandalucia.es\/iesjosemariamoronybarrientos\/files\/2020\/05\/E812270F-CB79-428E-B08F-ABA579E45F78_4_5005_c.jpeg 480w\" sizes=\"(max-width: 300px) 100vw, 300px\" \/><\/a><\/p>\n<p><\/li><li class=\"tab-pane \" id=\"ert_pane1-1\"><br \/>\nEs sofware libre, se distribuye bajo licencia GNU General Public License.<\/p>\n<p>Puede incorporar multitud de Temas (plantillas), plugins y widgets, que permiten personalizar f\u00e1cilmente nuestro blog o nuestro sitio web. Actualmente existen m\u00e1s de 2.700 temas y 38.000 plugins gratuitos, aunque en Blogs Averroes solo est\u00e1n disponibles algunos de ellos.<\/p>\n<p>Es muy f\u00e1cil de usar. Dispone de una interfaz amigable e intuitiva y no requiere conocimientos de programaci\u00f3n o lenguaje HTML.<\/p>\n<p>Se adapta a los dispositivos desde el que se visualiza, tabletas, smartphone, PC, port\u00e1tiles,\u2026<\/p>\n<p>Permite la participaci\u00f3n de distintos usuarios con distintos permisos:<\/p>\n<p>Administrador \u2013 Quien tiene acceso a todas las caracter\u00edsticas de administraci\u00f3n de un sitio en particular.<br \/>\nEditor \u2013 Quien puede publicar y editar entradas, propias y de otros usuarios.<br \/>\nAutor \u2013 Quien puede publicar y editar sus propias entradas.<br \/>\nColaborador \u2013 Quien puede escribir y editar sus propias entradas pero no publicarlas.<br \/>\nSubscriptor \u2013 Quien solamente puede editar su perfil.<\/p>\n<p>Tiene una gran comunidad de usuarios que ofrecen soporte.<\/p>\n<p><\/li><li class=\"tab-pane \" id=\"ert_pane1-2\"><\/p>\n<p>Al iniciar la construcci\u00f3n de un sitio Web, es necesario un proceso de reflexi\u00f3n sobre la informaci\u00f3n que un centro muestra sobre s\u00ed mismo en cuanto a las ense\u00f1anzas que imparte, profesorado, secretar\u00eda, servicios que oferta, ubicaci\u00f3n, etc. Es decir, todo aquello que tiene un car\u00e1cter m\u00e1s o menos general e institucional y que permite al visitante que accede a la Web hacerse una idea del centro, su funcionamiento y sus caracter\u00edsticas principales. Por esta raz\u00f3n, su contenido ser\u00eda fundamentalmente de tipo est\u00e1tico, ya que la informaci\u00f3n no precisar\u00eda de modificaciones continuas, siendo el concepto P\u00e1ginas el formato mas aconsejable para su construcci\u00f3n. Las p\u00e1ginas as\u00ed creadas deben ser organizadas en Men\u00fas coherentes y comprensibles para el visitante de la Web.<\/p>\n<p><\/li><li class=\"tab-pane \" id=\"ert_pane1-3\"><\/p>\n<p>Por otro lado, en todo centro se producen noticias y eventos, asociados a su funcionamiento, cuyo rasgo esencial es el car\u00e1cter din\u00e1mico de la informaci\u00f3n. Para estos contenidos el formato m\u00e1s apropiado es el de Entradas que, organizadas en Categor\u00edas, mantienen a la comunidad educativa informada de la vida del centro y de las actividades, acontecimientos o novedades de inter\u00e9s, posibilitando al mismo tiempo interactuar con los mismos y crear una red social.<\/p>\n<p><\/li><\/ul><\/div><\/div>\n","protected":false},"excerpt":{"rendered":"","protected":false},"author":1,"featured_media":0,"parent":0,"menu_order":0,"comment_status":"open","ping_status":"open","template":"","meta":{"ngg_post_thumbnail":0,"footnotes":"","_mc_calendar":[]},"aioseo_notices":[],"_links":{"self":[{"href":"https:\/\/blogsaverroes.juntadeandalucia.es\/iesjosemariamoronybarrientos\/wp-json\/wp\/v2\/pages\/1113"}],"collection":[{"href":"https:\/\/blogsaverroes.juntadeandalucia.es\/iesjosemariamoronybarrientos\/wp-json\/wp\/v2\/pages"}],"about":[{"href":"https:\/\/blogsaverroes.juntadeandalucia.es\/iesjosemariamoronybarrientos\/wp-json\/wp\/v2\/types\/page"}],"author":[{"embeddable":true,"href":"https:\/\/blogsaverroes.juntadeandalucia.es\/iesjosemariamoronybarrientos\/wp-json\/wp\/v2\/users\/1"}],"replies":[{"embeddable":true,"href":"https:\/\/blogsaverroes.juntadeandalucia.es\/iesjosemariamoronybarrientos\/wp-json\/wp\/v2\/comments?post=1113"}],"version-history":[{"count":16,"href":"https:\/\/blogsaverroes.juntadeandalucia.es\/iesjosemariamoronybarrientos\/wp-json\/wp\/v2\/pages\/1113\/revisions"}],"predecessor-version":[{"id":2448,"href":"https:\/\/blogsaverroes.juntadeandalucia.es\/iesjosemariamoronybarrientos\/wp-json\/wp\/v2\/pages\/1113\/revisions\/2448"}],"wp:attachment":[{"href":"https:\/\/blogsaverroes.juntadeandalucia.es\/iesjosemariamoronybarrientos\/wp-json\/wp\/v2\/media?parent=1113"}],"curies":[{"name":"wp","href":"https:\/\/api.w.org\/{rel}","templated":true}]}}