{"id":1807,"date":"2015-03-18T07:11:43","date_gmt":"2015-03-18T07:11:43","guid":{"rendered":"http:\/\/blogsaverroes.juntadeandalucia.es\/pre\/ceip\/?page_id=330"},"modified":"2021-10-27T08:02:52","modified_gmt":"2021-10-27T08:02:52","slug":"bibliop-2","status":"publish","type":"page","link":"https:\/\/blogsaverroes.juntadeandalucia.es\/iesjosemariamoronybarrientos\/biblioteca\/bibliop-2\/","title":{"rendered":"Biblioteca_Actividades"},"content":{"rendered":"<h1>Concurso de Marcap\u00e1ginas<\/h1>\n<p style=\"text-align: center\"><a href=\"https:\/\/blogsaverroes.juntadeandalucia.es\/iesjosemariamoronybarrientos\/files\/2021\/10\/PHOTO-2021-10-25-11-08-00.jpg\"><img loading=\"lazy\" decoding=\"async\" class=\"alignnone size-medium wp-image-2857\" src=\"https:\/\/blogsaverroes.juntadeandalucia.es\/iesjosemariamoronybarrientos\/files\/2021\/10\/PHOTO-2021-10-25-11-08-00-225x300.jpg\" alt=\"\" width=\"225\" height=\"300\" srcset=\"https:\/\/blogsaverroes.juntadeandalucia.es\/iesjosemariamoronybarrientos\/files\/2021\/10\/PHOTO-2021-10-25-11-08-00-225x300.jpg 225w, https:\/\/blogsaverroes.juntadeandalucia.es\/iesjosemariamoronybarrientos\/files\/2021\/10\/PHOTO-2021-10-25-11-08-00-769x1024.jpg 769w, https:\/\/blogsaverroes.juntadeandalucia.es\/iesjosemariamoronybarrientos\/files\/2021\/10\/PHOTO-2021-10-25-11-08-00-768x1023.jpg 768w, https:\/\/blogsaverroes.juntadeandalucia.es\/iesjosemariamoronybarrientos\/files\/2021\/10\/PHOTO-2021-10-25-11-08-00-1153x1536.jpg 1153w, https:\/\/blogsaverroes.juntadeandalucia.es\/iesjosemariamoronybarrientos\/files\/2021\/10\/PHOTO-2021-10-25-11-08-00.jpg 1201w\" sizes=\"(max-width: 225px) 100vw, 225px\" \/><\/a><\/p>\n<h1 style=\"text-align: center\">Curso 2020 &#8211; 2021<\/h1>\n<h1>T\u00edtulo: La f\u00eate de l&#8217;amour<\/h1>\n<p><a href=\"https:\/\/blogsaverroes.juntadeandalucia.es\/iesjosemariamoronybarrientos\/files\/2021\/03\/WhatsApp-Image-2021-03-03-at-13.05.07-1.jpeg\"><img loading=\"lazy\" decoding=\"async\" class=\"alignnone size-medium wp-image-2778 aligncenter\" src=\"https:\/\/blogsaverroes.juntadeandalucia.es\/iesjosemariamoronybarrientos\/files\/2021\/03\/WhatsApp-Image-2021-03-03-at-13.05.07-1-300x225.jpeg\" alt=\"\" width=\"300\" height=\"225\" srcset=\"https:\/\/blogsaverroes.juntadeandalucia.es\/iesjosemariamoronybarrientos\/files\/2021\/03\/WhatsApp-Image-2021-03-03-at-13.05.07-1-300x225.jpeg 300w, https:\/\/blogsaverroes.juntadeandalucia.es\/iesjosemariamoronybarrientos\/files\/2021\/03\/WhatsApp-Image-2021-03-03-at-13.05.07-1-768x576.jpeg 768w, https:\/\/blogsaverroes.juntadeandalucia.es\/iesjosemariamoronybarrientos\/files\/2021\/03\/WhatsApp-Image-2021-03-03-at-13.05.07-1.jpeg 1024w\" sizes=\"(max-width: 300px) 100vw, 300px\" \/><\/a><a href=\"https:\/\/blogsaverroes.juntadeandalucia.es\/iesjosemariamoronybarrientos\/files\/2021\/03\/WhatsApp-Image-2021-03-03-at-13.05.07.jpeg\"><img loading=\"lazy\" decoding=\"async\" class=\"alignnone size-medium wp-image-2779 aligncenter\" src=\"https:\/\/blogsaverroes.juntadeandalucia.es\/iesjosemariamoronybarrientos\/files\/2021\/03\/WhatsApp-Image-2021-03-03-at-13.05.07-300x225.jpeg\" alt=\"\" width=\"300\" height=\"225\" srcset=\"https:\/\/blogsaverroes.juntadeandalucia.es\/iesjosemariamoronybarrientos\/files\/2021\/03\/WhatsApp-Image-2021-03-03-at-13.05.07-300x225.jpeg 300w, https:\/\/blogsaverroes.juntadeandalucia.es\/iesjosemariamoronybarrientos\/files\/2021\/03\/WhatsApp-Image-2021-03-03-at-13.05.07-768x576.jpeg 768w, https:\/\/blogsaverroes.juntadeandalucia.es\/iesjosemariamoronybarrientos\/files\/2021\/03\/WhatsApp-Image-2021-03-03-at-13.05.07.jpeg 1024w\" sizes=\"(max-width: 300px) 100vw, 300px\" \/><\/a><\/p>\n<p style=\"text-align: center\"><a href=\"https:\/\/blogsaverroes.juntadeandalucia.es\/iesjosemariamoronybarrientos\/files\/2021\/03\/WhatsApp-Image-2021-03-03-at-13.39.33-1.jpeg\"><img loading=\"lazy\" decoding=\"async\" class=\"alignnone size-medium wp-image-2780\" src=\"https:\/\/blogsaverroes.juntadeandalucia.es\/iesjosemariamoronybarrientos\/files\/2021\/03\/WhatsApp-Image-2021-03-03-at-13.39.33-1-225x300.jpeg\" alt=\"\" width=\"225\" height=\"300\" srcset=\"https:\/\/blogsaverroes.juntadeandalucia.es\/iesjosemariamoronybarrientos\/files\/2021\/03\/WhatsApp-Image-2021-03-03-at-13.39.33-1-225x300.jpeg 225w, https:\/\/blogsaverroes.juntadeandalucia.es\/iesjosemariamoronybarrientos\/files\/2021\/03\/WhatsApp-Image-2021-03-03-at-13.39.33-1.jpeg 768w\" sizes=\"(max-width: 225px) 100vw, 225px\" \/><\/a><a href=\"https:\/\/blogsaverroes.juntadeandalucia.es\/iesjosemariamoronybarrientos\/files\/2021\/03\/WhatsApp-Image-2021-03-03-at-13.39.33.jpeg\"><img loading=\"lazy\" decoding=\"async\" class=\"alignnone size-medium wp-image-2781 aligncenter\" src=\"https:\/\/blogsaverroes.juntadeandalucia.es\/iesjosemariamoronybarrientos\/files\/2021\/03\/WhatsApp-Image-2021-03-03-at-13.39.33-225x300.jpeg\" alt=\"\" width=\"225\" height=\"300\" srcset=\"https:\/\/blogsaverroes.juntadeandalucia.es\/iesjosemariamoronybarrientos\/files\/2021\/03\/WhatsApp-Image-2021-03-03-at-13.39.33-225x300.jpeg 225w, https:\/\/blogsaverroes.juntadeandalucia.es\/iesjosemariamoronybarrientos\/files\/2021\/03\/WhatsApp-Image-2021-03-03-at-13.39.33.jpeg 768w\" sizes=\"(max-width: 225px) 100vw, 225px\" \/><\/a><\/p>\n<h1>T\u00edtulo: D\u00eda de San Valent\u00edn<\/h1>\n<p style=\"text-align: center\"><a href=\"https:\/\/blogsaverroes.juntadeandalucia.es\/iesjosemariamoronybarrientos\/files\/2021\/03\/FB_IMG_1614776017466.jpg\"><img loading=\"lazy\" decoding=\"async\" class=\"alignnone size-medium wp-image-2777\" src=\"https:\/\/blogsaverroes.juntadeandalucia.es\/iesjosemariamoronybarrientos\/files\/2021\/03\/FB_IMG_1614776017466-300x300.jpg\" alt=\"\" width=\"300\" height=\"300\" srcset=\"https:\/\/blogsaverroes.juntadeandalucia.es\/iesjosemariamoronybarrientos\/files\/2021\/03\/FB_IMG_1614776017466-300x300.jpg 300w, https:\/\/blogsaverroes.juntadeandalucia.es\/iesjosemariamoronybarrientos\/files\/2021\/03\/FB_IMG_1614776017466-150x150.jpg 150w, https:\/\/blogsaverroes.juntadeandalucia.es\/iesjosemariamoronybarrientos\/files\/2021\/03\/FB_IMG_1614776017466-80x80.jpg 80w, https:\/\/blogsaverroes.juntadeandalucia.es\/iesjosemariamoronybarrientos\/files\/2021\/03\/FB_IMG_1614776017466-320x320.jpg 320w, https:\/\/blogsaverroes.juntadeandalucia.es\/iesjosemariamoronybarrientos\/files\/2021\/03\/FB_IMG_1614776017466.jpg 720w\" sizes=\"(max-width: 300px) 100vw, 300px\" \/><\/a><a href=\"https:\/\/blogsaverroes.juntadeandalucia.es\/iesjosemariamoronybarrientos\/files\/2021\/03\/FB_IMG_1614775971714.jpg\"><img loading=\"lazy\" decoding=\"async\" class=\"alignnone size-medium wp-image-2776\" src=\"https:\/\/blogsaverroes.juntadeandalucia.es\/iesjosemariamoronybarrientos\/files\/2021\/03\/FB_IMG_1614775971714-300x300.jpg\" alt=\"\" width=\"300\" height=\"300\" srcset=\"https:\/\/blogsaverroes.juntadeandalucia.es\/iesjosemariamoronybarrientos\/files\/2021\/03\/FB_IMG_1614775971714-300x300.jpg 300w, https:\/\/blogsaverroes.juntadeandalucia.es\/iesjosemariamoronybarrientos\/files\/2021\/03\/FB_IMG_1614775971714-150x150.jpg 150w, https:\/\/blogsaverroes.juntadeandalucia.es\/iesjosemariamoronybarrientos\/files\/2021\/03\/FB_IMG_1614775971714-80x80.jpg 80w, https:\/\/blogsaverroes.juntadeandalucia.es\/iesjosemariamoronybarrientos\/files\/2021\/03\/FB_IMG_1614775971714-320x320.jpg 320w, https:\/\/blogsaverroes.juntadeandalucia.es\/iesjosemariamoronybarrientos\/files\/2021\/03\/FB_IMG_1614775971714.jpg 720w\" sizes=\"(max-width: 300px) 100vw, 300px\" \/>&nbsp;<\/a><\/p>\n<h1>T\u00edtulo: D\u00cdA DE ANDALUC\u00cdA&nbsp;<\/h1>\n<!--[if lt IE 9]><script>document.createElement('audio');<\/script><![endif]-->\n<audio class=\"wp-audio-shortcode\" id=\"audio-1807-1\" preload=\"none\" style=\"width: 100%;\" controls=\"controls\"><source type=\"audio\/mpeg\" src=\"https:\/\/blogsaverroes.juntadeandalucia.es\/iesjosemariamoronybarrientos\/files\/2021\/02\/juanito-makand\u00e9.mp3?_=1\" \/><a href=\"https:\/\/blogsaverroes.juntadeandalucia.es\/iesjosemariamoronybarrientos\/files\/2021\/02\/juanito-makand\u00e9.mp3\">https:\/\/blogsaverroes.juntadeandalucia.es\/iesjosemariamoronybarrientos\/files\/2021\/02\/juanito-makand\u00e9.mp3<\/a><\/audio>\n<p><a href=\"https:\/\/blogsaverroes.juntadeandalucia.es\/iesjosemariamoronybarrientos\/files\/2021\/02\/1614169317975-scaled.jpg\"><img loading=\"lazy\" decoding=\"async\" class=\"aligncenter wp-image-2773 size-large\" src=\"https:\/\/blogsaverroes.juntadeandalucia.es\/iesjosemariamoronybarrientos\/files\/2021\/02\/1614169317975-1024x769.jpg\" alt=\"\" width=\"1024\" height=\"769\" srcset=\"https:\/\/blogsaverroes.juntadeandalucia.es\/iesjosemariamoronybarrientos\/files\/2021\/02\/1614169317975-1024x769.jpg 1024w, https:\/\/blogsaverroes.juntadeandalucia.es\/iesjosemariamoronybarrientos\/files\/2021\/02\/1614169317975-300x225.jpg 300w, https:\/\/blogsaverroes.juntadeandalucia.es\/iesjosemariamoronybarrientos\/files\/2021\/02\/1614169317975-768x577.jpg 768w, https:\/\/blogsaverroes.juntadeandalucia.es\/iesjosemariamoronybarrientos\/files\/2021\/02\/1614169317975-1536x1153.jpg 1536w, https:\/\/blogsaverroes.juntadeandalucia.es\/iesjosemariamoronybarrientos\/files\/2021\/02\/1614169317975-2048x1538.jpg 2048w, https:\/\/blogsaverroes.juntadeandalucia.es\/iesjosemariamoronybarrientos\/files\/2021\/02\/1614169317975-scaled.jpg 1600w\" sizes=\"(max-width: 1024px) 100vw, 1024px\" \/><\/a><\/p>\n<p>&nbsp;<\/p>\n<h1>T\u00edtulo: HARRY<\/h1>\n<p>&nbsp;<\/p>\n<audio class=\"wp-audio-shortcode\" id=\"audio-1807-2\" preload=\"none\" style=\"width: 100%;\" controls=\"controls\"><source type=\"audio\/mpeg\" src=\"https:\/\/blogsaverroes.juntadeandalucia.es\/iesjosemariamoronybarrientos\/files\/2020\/11\/Harry-definitivo.mp3?_=2\" \/><a href=\"https:\/\/blogsaverroes.juntadeandalucia.es\/iesjosemariamoronybarrientos\/files\/2020\/11\/Harry-definitivo.mp3\">https:\/\/blogsaverroes.juntadeandalucia.es\/iesjosemariamoronybarrientos\/files\/2020\/11\/Harry-definitivo.mp3<\/a><\/audio>\n<p>Descripci\u00f3n: Un poco de terror por parte de los alumnos y alumnas de 1\u00baFPB (\u00e1mbito socioling\u00fc\u00edstico) y 4\u00aaESO (m\u00fasica)\ud83d\udc7b\ud83d\ude28<\/p>\n<p>&nbsp;<\/p>\n<h1>T\u00edtulo: CONCURSO DE CUENTOS<\/h1>\n<p><a href=\"https:\/\/blogsaverroes.juntadeandalucia.es\/iesjosemariamoronybarrientos\/files\/2020\/11\/Ganadores-concurso-de-cuentos-1\u00baESO.jpeg\"><br \/>\n<img loading=\"lazy\" decoding=\"async\" class=\"size-medium wp-image-2706 aligncenter\" src=\"https:\/\/blogsaverroes.juntadeandalucia.es\/iesjosemariamoronybarrientos\/files\/2020\/11\/Ganadores-concurso-de-cuentos-1\u00baESO-300x225.jpeg\" alt=\"\" width=\"300\" height=\"225\" srcset=\"https:\/\/blogsaverroes.juntadeandalucia.es\/iesjosemariamoronybarrientos\/files\/2020\/11\/Ganadores-concurso-de-cuentos-1\u00baESO-300x225.jpeg 300w, https:\/\/blogsaverroes.juntadeandalucia.es\/iesjosemariamoronybarrientos\/files\/2020\/11\/Ganadores-concurso-de-cuentos-1\u00baESO-1024x768.jpeg 1024w, https:\/\/blogsaverroes.juntadeandalucia.es\/iesjosemariamoronybarrientos\/files\/2020\/11\/Ganadores-concurso-de-cuentos-1\u00baESO-768x576.jpeg 768w, https:\/\/blogsaverroes.juntadeandalucia.es\/iesjosemariamoronybarrientos\/files\/2020\/11\/Ganadores-concurso-de-cuentos-1\u00baESO-1536x1152.jpeg 1536w, https:\/\/blogsaverroes.juntadeandalucia.es\/iesjosemariamoronybarrientos\/files\/2020\/11\/Ganadores-concurso-de-cuentos-1\u00baESO-24x18.jpeg 24w, https:\/\/blogsaverroes.juntadeandalucia.es\/iesjosemariamoronybarrientos\/files\/2020\/11\/Ganadores-concurso-de-cuentos-1\u00baESO-36x27.jpeg 36w, https:\/\/blogsaverroes.juntadeandalucia.es\/iesjosemariamoronybarrientos\/files\/2020\/11\/Ganadores-concurso-de-cuentos-1\u00baESO-48x36.jpeg 48w, https:\/\/blogsaverroes.juntadeandalucia.es\/iesjosemariamoronybarrientos\/files\/2020\/11\/Ganadores-concurso-de-cuentos-1\u00baESO.jpeg 1600w\" sizes=\"(max-width: 300px) 100vw, 300px\" \/><\/a><\/p>\n<p>Descripci\u00f3n: Vaya cuento tienen estos chicos de 1\u00baESO&#8230; \ud83d\ude02 \u00a1\u00a1\u00a1\u00a1Enhorabuena!!!!\ud83d\udcd7\ud83d\udcd8\ud83d\udcd9\ud83d\ude0d<\/p>\n","protected":false},"excerpt":{"rendered":"<p>Concurso de Marcap\u00e1ginas Curso 2020 &#8211; 2021 T\u00edtulo: La f\u00eate de l&#8217;amour T\u00edtulo: D\u00eda de San Valent\u00edn &nbsp; T\u00edtulo: D\u00cdA DE ANDALUC\u00cdA&nbsp; &nbsp; T\u00edtulo: HARRY &nbsp; Descripci\u00f3n: Un poco de terror por parte de&#46;&#46;&#46;<\/p>\n","protected":false},"author":1,"featured_media":0,"parent":113,"menu_order":0,"comment_status":"open","ping_status":"open","template":"","meta":{"ngg_post_thumbnail":0,"footnotes":"","_mc_calendar":[]},"aioseo_notices":[],"_links":{"self":[{"href":"https:\/\/blogsaverroes.juntadeandalucia.es\/iesjosemariamoronybarrientos\/wp-json\/wp\/v2\/pages\/1807"}],"collection":[{"href":"https:\/\/blogsaverroes.juntadeandalucia.es\/iesjosemariamoronybarrientos\/wp-json\/wp\/v2\/pages"}],"about":[{"href":"https:\/\/blogsaverroes.juntadeandalucia.es\/iesjosemariamoronybarrientos\/wp-json\/wp\/v2\/types\/page"}],"author":[{"embeddable":true,"href":"https:\/\/blogsaverroes.juntadeandalucia.es\/iesjosemariamoronybarrientos\/wp-json\/wp\/v2\/users\/1"}],"replies":[{"embeddable":true,"href":"https:\/\/blogsaverroes.juntadeandalucia.es\/iesjosemariamoronybarrientos\/wp-json\/wp\/v2\/comments?post=1807"}],"version-history":[{"count":7,"href":"https:\/\/blogsaverroes.juntadeandalucia.es\/iesjosemariamoronybarrientos\/wp-json\/wp\/v2\/pages\/1807\/revisions"}],"predecessor-version":[{"id":2865,"href":"https:\/\/blogsaverroes.juntadeandalucia.es\/iesjosemariamoronybarrientos\/wp-json\/wp\/v2\/pages\/1807\/revisions\/2865"}],"up":[{"embeddable":true,"href":"https:\/\/blogsaverroes.juntadeandalucia.es\/iesjosemariamoronybarrientos\/wp-json\/wp\/v2\/pages\/113"}],"wp:attachment":[{"href":"https:\/\/blogsaverroes.juntadeandalucia.es\/iesjosemariamoronybarrientos\/wp-json\/wp\/v2\/media?parent=1807"}],"curies":[{"name":"wp","href":"https:\/\/api.w.org\/{rel}","templated":true}]}}