{"id":2677,"date":"2019-11-14T16:35:31","date_gmt":"2019-11-14T16:35:31","guid":{"rendered":"https:\/\/blogsaverroes.juntadeandalucia.es\/iesjosesaramago\/?page_id=2677"},"modified":"2022-06-28T11:23:46","modified_gmt":"2022-06-28T11:23:46","slug":"igualdad","status":"publish","type":"page","link":"https:\/\/blogsaverroes.juntadeandalucia.es\/iesjosesaramago\/igualdad\/","title":{"rendered":"Igualdad &#8211; Escuela, espacio de Paz"},"content":{"rendered":"<p style=\"text-align: center\"><strong>ACTIVIDADES DEL PLAN DE IGUALDAD DE G\u00c9NERO EN EDUCACI\u00d3N 21\/22<\/strong><\/p>\n<p>&nbsp; &nbsp; &nbsp; &nbsp; &nbsp; &nbsp; &nbsp; &nbsp; &nbsp; &nbsp; &nbsp; &nbsp; &nbsp; &nbsp;M\u00e1s informaci\u00f3n pinchar en el siguiente <a href=\"https:\/\/drive.google.com\/file\/d\/1cUsFYoySxFWB-EydY04aPL_dlweV7yFK\/view?usp=sharing\">ENLACE<\/a><\/p>\n<p>&nbsp;<\/p>\n<p style=\"text-align: center\"><span style=\"color: #993366\"><strong>NUESTRO PADLET: MEMORIA DE ACTIVIDADES, <\/strong><\/span><\/p>\n<p style=\"text-align: center\"><span style=\"color: #993366\"><strong>ASOCIACIONES QUE COLABORAN CON EL CENTRO, <\/strong><\/span><\/p>\n<p style=\"text-align: center\"><span style=\"color: #993366\"><strong>GU\u00cdAS, V\u00cdDEOS&#8230; \u00a1Y M\u00c1S RECURSOS!<\/strong><\/span><\/p>\n<p style=\"text-align: center\"><strong>(Con\u00f3celo, pinchando sobre la imagen)<\/strong><\/p>\n<p><a href=\"https:\/\/padlet.com\/igualdadydiversidadsaramago\/dw259uz7fbns\"><img loading=\"lazy\" decoding=\"async\" class=\"size-medium wp-image-3579 aligncenter\" src=\"https:\/\/blogsaverroes.juntadeandalucia.es\/iesjosesaramago\/files\/2020\/05\/Captura-de-pantalla-2020-05-28-144329-1-300x163.png\" alt=\"\" width=\"300\" height=\"163\" srcset=\"https:\/\/blogsaverroes.juntadeandalucia.es\/iesjosesaramago\/files\/2020\/05\/Captura-de-pantalla-2020-05-28-144329-1-300x163.png 300w, https:\/\/blogsaverroes.juntadeandalucia.es\/iesjosesaramago\/files\/2020\/05\/Captura-de-pantalla-2020-05-28-144329-1-768x417.png 768w, https:\/\/blogsaverroes.juntadeandalucia.es\/iesjosesaramago\/files\/2020\/05\/Captura-de-pantalla-2020-05-28-144329-1-1024x556.png 1024w, https:\/\/blogsaverroes.juntadeandalucia.es\/iesjosesaramago\/files\/2020\/05\/Captura-de-pantalla-2020-05-28-144329-1-24x13.png 24w, https:\/\/blogsaverroes.juntadeandalucia.es\/iesjosesaramago\/files\/2020\/05\/Captura-de-pantalla-2020-05-28-144329-1-36x20.png 36w, https:\/\/blogsaverroes.juntadeandalucia.es\/iesjosesaramago\/files\/2020\/05\/Captura-de-pantalla-2020-05-28-144329-1-48x26.png 48w, https:\/\/blogsaverroes.juntadeandalucia.es\/iesjosesaramago\/files\/2020\/05\/Captura-de-pantalla-2020-05-28-144329-1.png 1364w\" sizes=\"(max-width: 300px) 100vw, 300px\" \/><\/a><\/p>\n<p style=\"text-align: center\"><span style=\"color: #800080\"><strong>DESPEDIDA DEL CURSO E INICIO DEL NUEVO CURSO ESCOLAR:<\/strong> <\/span><\/p>\n<p style=\"text-align: center\"><a href=\"https:\/\/www.almaserra.com\/blog\/\"><strong>El cierre de esta etapa (Por Alma Serra). Asociaci\u00f3n Rumbos<\/strong><\/a><\/p>\n<p>&nbsp;<\/p>\n<p><a href=\"https:\/\/blogsaverroes.juntadeandalucia.es\/iesjosesaramago\/files\/2020\/06\/Captura-de-pantalla-2020-06-21-130322.png\"><img loading=\"lazy\" decoding=\"async\" class=\"size-medium wp-image-3640 aligncenter\" src=\"https:\/\/blogsaverroes.juntadeandalucia.es\/iesjosesaramago\/files\/2020\/06\/Captura-de-pantalla-2020-06-21-130322-300x183.png\" alt=\"\" width=\"300\" height=\"183\" srcset=\"https:\/\/blogsaverroes.juntadeandalucia.es\/iesjosesaramago\/files\/2020\/06\/Captura-de-pantalla-2020-06-21-130322-300x183.png 300w, https:\/\/blogsaverroes.juntadeandalucia.es\/iesjosesaramago\/files\/2020\/06\/Captura-de-pantalla-2020-06-21-130322-768x469.png 768w, https:\/\/blogsaverroes.juntadeandalucia.es\/iesjosesaramago\/files\/2020\/06\/Captura-de-pantalla-2020-06-21-130322-1024x625.png 1024w, https:\/\/blogsaverroes.juntadeandalucia.es\/iesjosesaramago\/files\/2020\/06\/Captura-de-pantalla-2020-06-21-130322-24x15.png 24w, https:\/\/blogsaverroes.juntadeandalucia.es\/iesjosesaramago\/files\/2020\/06\/Captura-de-pantalla-2020-06-21-130322-36x22.png 36w, https:\/\/blogsaverroes.juntadeandalucia.es\/iesjosesaramago\/files\/2020\/06\/Captura-de-pantalla-2020-06-21-130322-48x29.png 48w, https:\/\/blogsaverroes.juntadeandalucia.es\/iesjosesaramago\/files\/2020\/06\/Captura-de-pantalla-2020-06-21-130322.png 1200w\" sizes=\"(max-width: 300px) 100vw, 300px\" \/><\/a><\/p>\n<p>&nbsp;<\/p>\n<p style=\"text-align: center\"><span style=\"color: #008000\"><strong>DEC\u00c1LOGO&nbsp; PARA SEGUIR CUIDANDO LA CONVIVENCIA EN CASA <\/strong><\/span><\/p>\n<p style=\"text-align: center\"><span style=\"color: #008000\"><strong>(JUNTA DE ANDALUC\u00cdA): <a href=\"https:\/\/www.juntadeandalucia.es\/educacion\/portals\/delegate\/content\/e1f4c998-bf1a-4637-9ce2-8173413a17df\/Dec%C3%A1logo%20Cvv%20en%20casa\">Desc\u00e1rgalo<\/a> <\/strong><\/span><\/p>\n<p>&nbsp;<\/p>\n<p style=\"text-align: center\"><span style=\"color: #800080\"><strong>\u00a1\u00c1nimo a tod@s!<\/strong><\/span><\/p>\n<p>Desde aqu\u00ed os queremos transmitir fuerza para pasar este tiempo que estamos viviendo y os dejamos por aqu\u00ed esta canci\u00f3n de la int\u00e9rprete Rozal\u00e9n que nos trae el mensaje de que tenemos que vivir lo que nos ha tocado d\u00eda a d\u00eda, aprendiendo de esto para volver con m\u00e1s fuerza.&nbsp;<\/p>\n<p><iframe loading=\"lazy\" title=\"Rozal\u00e9n - Aves Enjauladas (Lyric Video)\" width=\"500\" height=\"281\" src=\"https:\/\/www.youtube.com\/embed\/B9rfD5WEJXM?feature=oembed&#038;wmode=opaque\" frameborder=\"0\" allow=\"accelerometer; autoplay; clipboard-write; encrypted-media; gyroscope; picture-in-picture\" allowfullscreen><\/iframe><\/p>\n<p>&nbsp;<\/p>\n<p style=\"text-align: center\"><span style=\"color: #800080\"><strong>Lecturas, ejercicios de relajaci\u00f3n y recursos para compartir en FAMILIA:<\/strong><\/span><\/p>\n<p style=\"text-align: center\">Prueba a relajarte en familia, <strong>practicando mindfulness. \u00bfOs imagin\u00e1is jugando todos\/as en casa?<\/strong><\/p>\n<p>&nbsp;<\/p>\n<p style=\"text-align: center\">Por otro lado, en estos tiempos que vivimos&#8230;<\/p>\n<p style=\"text-align: center\">No est\u00e1 de m\u00e1s <strong>repensar nuestra convivencia,<\/strong> nuestro trato, nuestros cuidados, desde el feminismo<\/p>\n<p style=\"text-align: center\">Pod\u00e9is <strong>descargar los recursos pinchando sobre cada imagen:<\/strong><\/p>\n<p>&nbsp;<\/p>\n<p style=\"text-align: center\"><a href=\"https:\/\/drive.google.com\/file\/d\/1x01EvWA502Vh3HBxLMZQ1lyEDhFnzh-G\/view?usp=sharing\"><img loading=\"lazy\" decoding=\"async\" class=\"alignnone size-medium wp-image-3490\" src=\"https:\/\/blogsaverroes.juntadeandalucia.es\/iesjosesaramago\/files\/2020\/05\/71T-zoSoh6L-202x300.jpg\" alt=\"\" width=\"202\" height=\"300\" srcset=\"https:\/\/blogsaverroes.juntadeandalucia.es\/iesjosesaramago\/files\/2020\/05\/71T-zoSoh6L-202x300.jpg 202w, https:\/\/blogsaverroes.juntadeandalucia.es\/iesjosesaramago\/files\/2020\/05\/71T-zoSoh6L-768x1143.jpg 768w, https:\/\/blogsaverroes.juntadeandalucia.es\/iesjosesaramago\/files\/2020\/05\/71T-zoSoh6L-688x1024.jpg 688w, https:\/\/blogsaverroes.juntadeandalucia.es\/iesjosesaramago\/files\/2020\/05\/71T-zoSoh6L-16x24.jpg 16w, https:\/\/blogsaverroes.juntadeandalucia.es\/iesjosesaramago\/files\/2020\/05\/71T-zoSoh6L-24x36.jpg 24w, https:\/\/blogsaverroes.juntadeandalucia.es\/iesjosesaramago\/files\/2020\/05\/71T-zoSoh6L-32x48.jpg 32w, https:\/\/blogsaverroes.juntadeandalucia.es\/iesjosesaramago\/files\/2020\/05\/71T-zoSoh6L.jpg 1720w\" sizes=\"(max-width: 202px) 100vw, 202px\" \/><\/a> <a href=\"https:\/\/drive.google.com\/file\/d\/18-C4-ra5lwrdIYOLswLnrq1mO_Mvc_rp\/view?usp=sharing\"><img loading=\"lazy\" decoding=\"async\" class=\"alignnone size-medium wp-image-3491\" src=\"https:\/\/blogsaverroes.juntadeandalucia.es\/iesjosesaramago\/files\/2020\/05\/9788417114503-186x300.jpg\" alt=\"\" width=\"186\" height=\"300\" srcset=\"https:\/\/blogsaverroes.juntadeandalucia.es\/iesjosesaramago\/files\/2020\/05\/9788417114503-186x300.jpg 186w, https:\/\/blogsaverroes.juntadeandalucia.es\/iesjosesaramago\/files\/2020\/05\/9788417114503-15x24.jpg 15w, https:\/\/blogsaverroes.juntadeandalucia.es\/iesjosesaramago\/files\/2020\/05\/9788417114503-22x36.jpg 22w, https:\/\/blogsaverroes.juntadeandalucia.es\/iesjosesaramago\/files\/2020\/05\/9788417114503-30x48.jpg 30w, https:\/\/blogsaverroes.juntadeandalucia.es\/iesjosesaramago\/files\/2020\/05\/9788417114503.jpg 229w\" sizes=\"(max-width: 186px) 100vw, 186px\" \/><\/a><\/p>\n<p>&nbsp;<\/p>\n<p style=\"text-align: center\">Y, si nos apetece compartir, jugar, expresarnos en familia&#8230;, aqu\u00ed ten\u00e9is el <strong>Proyecto Hendere, una incre\u00edble gu\u00eda que puede acompa\u00f1arnos para trabajar esta situaci\u00f3n que vivimos con los m\u00e1s peque\u00f1itos\/as de la casa<br \/>\n<\/strong><\/p>\n<p style=\"text-align: center\"><strong> Ahora, m\u00e1s que nunca, \u00a1debemos proteger todos nuestros derechos!<\/strong><\/p>\n<p>&nbsp;<\/p>\n<p style=\"text-align: center\"><a href=\"https:\/\/docentesparaeldesarrollo.blogspot.com\/\"><img loading=\"lazy\" decoding=\"async\" class=\"alignnone size-medium wp-image-3492\" src=\"https:\/\/blogsaverroes.juntadeandalucia.es\/iesjosesaramago\/files\/2020\/05\/\u00edndice-300x168.png\" alt=\"\" width=\"300\" height=\"168\" srcset=\"https:\/\/blogsaverroes.juntadeandalucia.es\/iesjosesaramago\/files\/2020\/05\/\u00edndice.png 300w, https:\/\/blogsaverroes.juntadeandalucia.es\/iesjosesaramago\/files\/2020\/05\/\u00edndice-24x13.png 24w, https:\/\/blogsaverroes.juntadeandalucia.es\/iesjosesaramago\/files\/2020\/05\/\u00edndice-36x20.png 36w, https:\/\/blogsaverroes.juntadeandalucia.es\/iesjosesaramago\/files\/2020\/05\/\u00edndice-48x27.png 48w\" sizes=\"(max-width: 300px) 100vw, 300px\" \/><\/a><\/p>\n<p>&nbsp;<\/p>\n<p style=\"text-align: center\"><span style=\"color: #800080\"><strong>\u00a1Por una ciberconvivencia positiva!<\/strong><\/span><\/p>\n<p>En estos tiempos en los que todos\/as estamos usando mucho m\u00e1s nuestras pantallas no est\u00e1 de m\u00e1s recordaros un uso positivo de \u00e9stas, os animamos a ver este corto para aprender sobre una ciberconvivencia positiva con nuestras pantallas.&nbsp;<\/p>\n<p>&nbsp;<\/p>\n<p><iframe loading=\"lazy\" title=\"Consejos para la ciberconvivencia positiva\" width=\"500\" height=\"281\" src=\"https:\/\/www.youtube.com\/embed\/SeVzpfolBw8?feature=oembed&#038;wmode=opaque\" frameborder=\"0\" allow=\"accelerometer; autoplay; clipboard-write; encrypted-media; gyroscope; picture-in-picture\" allowfullscreen><\/iframe><\/p>\n<p>&nbsp;<\/p>\n<p style=\"text-align: center\"><span style=\"color: #800080\"><strong>\u00a1Juntos\/as venceremos!<\/strong><\/span><\/p>\n<p style=\"text-align: center\"><span style=\"color: #000000\">V\u00eddeo colaborativo, coordinado desde la acci\u00f3n de nuestras tutoras, y en el que participamos toda la comunidad educativa.<\/span><\/p>\n<p style=\"text-align: center\"><strong>\u00a1Gracias a nuestro alumnado y a sus familias, por tanto esfuerzo!<\/strong><\/p>\n<p style=\"text-align: center\">[youtube https:\/\/www.youtube.com\/watch?v=mRisxVbr3NY]<\/p>\n<p style=\"text-align: center\"><strong><span style=\"color: #800080\">\u00bfA\u00daN NO HAS PARTICIPADO EN NUESTRA ESCAPE MIND?<\/span><\/strong><\/p>\n<p style=\"text-align: center\">\u00a1Venga, es muy divertido hacerla en familia!<\/p>\n<p style=\"text-align: center\">\u00a1Y tenemos de plazo hasta finales de mayo!<\/p>\n<p style=\"text-align: center\">Pincha sobre la imagen para entrar<\/p>\n<p style=\"text-align: center\"><a href=\"https:\/\/saramaleda.wordpress.com\/\"><img loading=\"lazy\" decoding=\"async\" class=\"alignnone size-medium wp-image-3493\" src=\"https:\/\/blogsaverroes.juntadeandalucia.es\/iesjosesaramago\/files\/2020\/05\/20200513_195900-300x225.jpg\" alt=\"\" width=\"300\" height=\"225\" srcset=\"https:\/\/blogsaverroes.juntadeandalucia.es\/iesjosesaramago\/files\/2020\/05\/20200513_195900-300x225.jpg 300w, https:\/\/blogsaverroes.juntadeandalucia.es\/iesjosesaramago\/files\/2020\/05\/20200513_195900-768x576.jpg 768w, https:\/\/blogsaverroes.juntadeandalucia.es\/iesjosesaramago\/files\/2020\/05\/20200513_195900-1024x768.jpg 1024w, https:\/\/blogsaverroes.juntadeandalucia.es\/iesjosesaramago\/files\/2020\/05\/20200513_195900-24x18.jpg 24w, https:\/\/blogsaverroes.juntadeandalucia.es\/iesjosesaramago\/files\/2020\/05\/20200513_195900-36x27.jpg 36w, https:\/\/blogsaverroes.juntadeandalucia.es\/iesjosesaramago\/files\/2020\/05\/20200513_195900-48x36.jpg 48w\" sizes=\"(max-width: 300px) 100vw, 300px\" \/><\/a><\/p>\n<p>&nbsp;<\/p>\n<p>&nbsp;<\/p>\n<p style=\"text-align: center\"><a href=\"https:\/\/blogsaverroes.juntadeandalucia.es\/iesjosesaramago\/files\/2020\/03\/logo_pacto_de_estado_pq.jpg\"><img loading=\"lazy\" decoding=\"async\" class=\"wp-image-2936 aligncenter\" src=\"https:\/\/blogsaverroes.juntadeandalucia.es\/iesjosesaramago\/files\/2020\/03\/logo_pacto_de_estado_pq-300x240.jpg\" alt=\"\" width=\"416\" height=\"333\" srcset=\"https:\/\/blogsaverroes.juntadeandalucia.es\/iesjosesaramago\/files\/2020\/03\/logo_pacto_de_estado_pq-300x240.jpg 300w, https:\/\/blogsaverroes.juntadeandalucia.es\/iesjosesaramago\/files\/2020\/03\/logo_pacto_de_estado_pq-24x19.jpg 24w, https:\/\/blogsaverroes.juntadeandalucia.es\/iesjosesaramago\/files\/2020\/03\/logo_pacto_de_estado_pq-36x29.jpg 36w, https:\/\/blogsaverroes.juntadeandalucia.es\/iesjosesaramago\/files\/2020\/03\/logo_pacto_de_estado_pq-48x38.jpg 48w, https:\/\/blogsaverroes.juntadeandalucia.es\/iesjosesaramago\/files\/2020\/03\/logo_pacto_de_estado_pq.jpg 556w\" sizes=\"(max-width: 416px) 100vw, 416px\" \/><\/a><\/p>\n<p style=\"text-align: center\"><span style=\"color: #339966\"><strong>ACTIVIDADES DESARROLLADAS DENTRO <\/strong><\/span><\/p>\n<p style=\"text-align: center\"><span style=\"color: #339966\"><strong>DEL PROGRAMA DE SUBVENCIONES DEL&nbsp;<\/strong><\/span><\/p>\n<h3 style=\"text-align: center\"><span style=\"color: #993366\"><strong> PACTO DE ESTADO<\/strong><\/span><\/h3>\n<h3 style=\"text-align: center\"><span style=\"color: #993366\"><strong>CONTRA LA VIOLENCIA DE G\u00c9NERO<\/strong><\/span><\/h3>\n<p style=\"text-align: center\">&nbsp;<\/p>\n<p><strong><span style=\"color: #800080\">FEBRERO:<\/span><\/strong><\/p>\n<p>&nbsp;<\/p>\n<ul>\n<li>\n<p style=\"text-align: justify\"><strong><span style=\"color: #993366\">DISE\u00d1O E IMPRESI\u00d3N DEL FOTOMONTAJE \u00abIES JOS\u00c9 SARAMAGO: RESPETO, EQUIDAD, DIVERSIDAD\u00bb <span style=\"color: #000000\">para participar en la Exposici\u00f3n colectiva de centros educativos de la provincia de Sevilla (<span style=\"color: #339966\">La Escuela Sevillana por la Paz y la Igualdad:<\/span> VISIBILIZANDO PEQUE\u00d1AS ESTRELLAS EN UN UNIVERSO DE COLOR. CURSO 2019-2020)<\/span><br \/>\n<\/span><\/strong><\/p>\n<\/li>\n<\/ul>\n<p style=\"text-align: center\"><a href=\"https:\/\/blogsaverroes.juntadeandalucia.es\/iesjosesaramago\/files\/2020\/03\/Exposici\u00f3n-Sevilla-1.jpg\"><img loading=\"lazy\" decoding=\"async\" class=\"size-medium wp-image-2939 aligncenter\" src=\"https:\/\/blogsaverroes.juntadeandalucia.es\/iesjosesaramago\/files\/2020\/03\/Exposici\u00f3n-Sevilla-1-300x295.jpg\" alt=\"\" width=\"300\" height=\"295\" srcset=\"https:\/\/blogsaverroes.juntadeandalucia.es\/iesjosesaramago\/files\/2020\/03\/Exposici\u00f3n-Sevilla-1-300x295.jpg 300w, https:\/\/blogsaverroes.juntadeandalucia.es\/iesjosesaramago\/files\/2020\/03\/Exposici\u00f3n-Sevilla-1-768x756.jpg 768w, https:\/\/blogsaverroes.juntadeandalucia.es\/iesjosesaramago\/files\/2020\/03\/Exposici\u00f3n-Sevilla-1-1024x1007.jpg 1024w, https:\/\/blogsaverroes.juntadeandalucia.es\/iesjosesaramago\/files\/2020\/03\/Exposici\u00f3n-Sevilla-1-24x24.jpg 24w, https:\/\/blogsaverroes.juntadeandalucia.es\/iesjosesaramago\/files\/2020\/03\/Exposici\u00f3n-Sevilla-1-36x36.jpg 36w, https:\/\/blogsaverroes.juntadeandalucia.es\/iesjosesaramago\/files\/2020\/03\/Exposici\u00f3n-Sevilla-1-48x48.jpg 48w, https:\/\/blogsaverroes.juntadeandalucia.es\/iesjosesaramago\/files\/2020\/03\/Exposici\u00f3n-Sevilla-1-50x50.jpg 50w, https:\/\/blogsaverroes.juntadeandalucia.es\/iesjosesaramago\/files\/2020\/03\/Exposici\u00f3n-Sevilla-1.jpg 1485w\" sizes=\"(max-width: 300px) 100vw, 300px\" \/><\/a><strong>Impresiones en cart\u00f3n pluma de proyectos<\/strong><\/p>\n<p style=\"text-align: center\"><strong> llevados <\/strong><strong>a cabo por el centro, <\/strong><strong>en los pasados dos cursos<\/strong><\/p>\n<p style=\"text-align: center\"><img loading=\"lazy\" decoding=\"async\" class=\"size-medium wp-image-2940 aligncenter\" src=\"https:\/\/blogsaverroes.juntadeandalucia.es\/iesjosesaramago\/files\/2020\/03\/Exposici\u00f3n-Sevilla-2-300x169.jpg\" alt=\"\" width=\"300\" height=\"169\" srcset=\"https:\/\/blogsaverroes.juntadeandalucia.es\/iesjosesaramago\/files\/2020\/03\/Exposici\u00f3n-Sevilla-2-300x169.jpg 300w, https:\/\/blogsaverroes.juntadeandalucia.es\/iesjosesaramago\/files\/2020\/03\/Exposici\u00f3n-Sevilla-2-768x432.jpg 768w, https:\/\/blogsaverroes.juntadeandalucia.es\/iesjosesaramago\/files\/2020\/03\/Exposici\u00f3n-Sevilla-2-1024x576.jpg 1024w, https:\/\/blogsaverroes.juntadeandalucia.es\/iesjosesaramago\/files\/2020\/03\/Exposici\u00f3n-Sevilla-2-24x14.jpg 24w, https:\/\/blogsaverroes.juntadeandalucia.es\/iesjosesaramago\/files\/2020\/03\/Exposici\u00f3n-Sevilla-2-36x20.jpg 36w, https:\/\/blogsaverroes.juntadeandalucia.es\/iesjosesaramago\/files\/2020\/03\/Exposici\u00f3n-Sevilla-2-48x27.jpg 48w, https:\/\/blogsaverroes.juntadeandalucia.es\/iesjosesaramago\/files\/2020\/03\/Exposici\u00f3n-Sevilla-2.jpg 1600w\" sizes=\"(max-width: 300px) 100vw, 300px\" \/><strong>Fotograf\u00eda de la instalaci\u00f3n del montaje en la Delegaci\u00f3n de Educaci\u00f3n de Sevilla<\/strong><\/p>\n<p style=\"text-align: center\"><a href=\"https:\/\/drive.google.com\/file\/d\/13M0Kl1ivSXWmJMon5ZHBzNKMgPWdmPsa\/view?usp=sharing\"><strong>Informaci\u00f3n de las actividades expuestas (Pdf informativo)<\/strong><\/a><\/p>\n<p>&nbsp;<\/p>\n<p>&nbsp;<\/p>\n<p>&nbsp;<\/p>\n<p><span style=\"color: #800080\"><strong>FEBRERO:<\/strong><\/span><\/p>\n<ul>\n<li style=\"text-align: justify\">DOTACI\u00d3N DE<span style=\"color: #800080\"><strong><span style=\"color: #993366\"> EQUIPAMIENTO (MOBILIARIO, MATERIALES) PARA <\/span><span style=\"color: #993366\">INSTALAR<\/span> EL <\/strong><\/span><span style=\"color: #993366\"><strong>AULA DE MEDIACI\u00d3N<\/strong><\/span> EN EL CENTRO, AS\u00cd COMO PARA INICIAR NUESTRO PROYECTO DE <strong><span style=\"color: #00ff00\"><span style=\"color: #339966\">PATIO COEDUCATIVO<\/span><\/span><\/strong> (PINTURA, MATERIAL DEPORTIVO). <span style=\"color: #800080\"><strong>SEGUIMOS CON ESTOS DOS ESPACIOS EN CONSTRUCCI\u00d3N<\/strong><\/span><\/li>\n<\/ul>\n<p style=\"text-align: center\">&nbsp;<\/p>\n<p style=\"text-align: center\"><img loading=\"lazy\" decoding=\"async\" class=\"size-medium wp-image-2937 aligncenter\" src=\"https:\/\/blogsaverroes.juntadeandalucia.es\/iesjosesaramago\/files\/2020\/03\/AULA-DE-MEDIACI\u00d3N-300x300.png\" alt=\"\" width=\"300\" height=\"300\" srcset=\"https:\/\/blogsaverroes.juntadeandalucia.es\/iesjosesaramago\/files\/2020\/03\/AULA-DE-MEDIACI\u00d3N-300x300.png 300w, https:\/\/blogsaverroes.juntadeandalucia.es\/iesjosesaramago\/files\/2020\/03\/AULA-DE-MEDIACI\u00d3N-150x150.png 150w, https:\/\/blogsaverroes.juntadeandalucia.es\/iesjosesaramago\/files\/2020\/03\/AULA-DE-MEDIACI\u00d3N-768x768.png 768w, https:\/\/blogsaverroes.juntadeandalucia.es\/iesjosesaramago\/files\/2020\/03\/AULA-DE-MEDIACI\u00d3N-1024x1024.png 1024w, https:\/\/blogsaverroes.juntadeandalucia.es\/iesjosesaramago\/files\/2020\/03\/AULA-DE-MEDIACI\u00d3N-100x100.png 100w, https:\/\/blogsaverroes.juntadeandalucia.es\/iesjosesaramago\/files\/2020\/03\/AULA-DE-MEDIACI\u00d3N-24x24.png 24w, https:\/\/blogsaverroes.juntadeandalucia.es\/iesjosesaramago\/files\/2020\/03\/AULA-DE-MEDIACI\u00d3N-36x36.png 36w, https:\/\/blogsaverroes.juntadeandalucia.es\/iesjosesaramago\/files\/2020\/03\/AULA-DE-MEDIACI\u00d3N-48x48.png 48w, https:\/\/blogsaverroes.juntadeandalucia.es\/iesjosesaramago\/files\/2020\/03\/AULA-DE-MEDIACI\u00d3N-50x50.png 50w, https:\/\/blogsaverroes.juntadeandalucia.es\/iesjosesaramago\/files\/2020\/03\/AULA-DE-MEDIACI\u00d3N.png 1080w\" sizes=\"(max-width: 300px) 100vw, 300px\" \/><strong>En construcci\u00f3n<\/strong><\/p>\n<p>&nbsp;<\/p>\n<p style=\"text-align: justify\"><strong><span style=\"color: #993366\">MARZO:<\/span> <\/strong><\/p>\n<ul>\n<li style=\"text-align: justify\">DOTACI\u00d3N DE NUEVOS FONDOS<span style=\"color: #993366\"><strong> (MATERIALES BIBLIOGR\u00c1FICOS) PARA LA BIBLIOTECA DE IGUALDAD Y EL AULA DE CONVIVENCIA-MEDIACI\u00d3N.<\/strong><\/span><\/li>\n<\/ul>\n<p style=\"text-align: center\"><a href=\"https:\/\/blogsaverroes.juntadeandalucia.es\/iesjosesaramago\/files\/2020\/03\/Dotaci\u00f3n-biblioteca-Igualdad.jpg\"><img loading=\"lazy\" decoding=\"async\" class=\"alignnone size-medium wp-image-2938\" src=\"https:\/\/blogsaverroes.juntadeandalucia.es\/iesjosesaramago\/files\/2020\/03\/Dotaci\u00f3n-biblioteca-Igualdad-300x225.jpg\" alt=\"\" width=\"300\" height=\"225\" srcset=\"https:\/\/blogsaverroes.juntadeandalucia.es\/iesjosesaramago\/files\/2020\/03\/Dotaci\u00f3n-biblioteca-Igualdad-300x225.jpg 300w, https:\/\/blogsaverroes.juntadeandalucia.es\/iesjosesaramago\/files\/2020\/03\/Dotaci\u00f3n-biblioteca-Igualdad-768x576.jpg 768w, https:\/\/blogsaverroes.juntadeandalucia.es\/iesjosesaramago\/files\/2020\/03\/Dotaci\u00f3n-biblioteca-Igualdad-1024x768.jpg 1024w, https:\/\/blogsaverroes.juntadeandalucia.es\/iesjosesaramago\/files\/2020\/03\/Dotaci\u00f3n-biblioteca-Igualdad-24x18.jpg 24w, https:\/\/blogsaverroes.juntadeandalucia.es\/iesjosesaramago\/files\/2020\/03\/Dotaci\u00f3n-biblioteca-Igualdad-36x27.jpg 36w, https:\/\/blogsaverroes.juntadeandalucia.es\/iesjosesaramago\/files\/2020\/03\/Dotaci\u00f3n-biblioteca-Igualdad-48x36.jpg 48w, https:\/\/blogsaverroes.juntadeandalucia.es\/iesjosesaramago\/files\/2020\/03\/Dotaci\u00f3n-biblioteca-Igualdad.jpg 1600w\" sizes=\"(max-width: 300px) 100vw, 300px\" \/><\/a><\/p>\n<p>&nbsp;<\/p>\n<ul>\n<li style=\"text-align: justify\"><span style=\"color: #993366\"><strong>CELEBRACI\u00d3N DE LAS \u00abI JORNADAS FEMINISTAS DEL IES JOS\u00c9 SARAMAGO\u00bb (Talleres para el alumnado de todos los cursos)<\/strong><\/span> : Previstas para la semana del 16-20 de Marzo, y <span style=\"color: #ff0000\"><strong>aplazadas, dadas las circunstancias, a la semana del 18 al 22 de mayo (PROVISIONALMENTE)<\/strong><\/span><\/li>\n<\/ul>\n<p>&nbsp;<\/p>\n<p style=\"text-align: center\"><a href=\"https:\/\/blogsaverroes.juntadeandalucia.es\/iesjosesaramago\/files\/2020\/03\/Jornadas-Feministas_.jpg\"><img loading=\"lazy\" decoding=\"async\" class=\"alignnone wp-image-2941\" src=\"https:\/\/blogsaverroes.juntadeandalucia.es\/iesjosesaramago\/files\/2020\/03\/Jornadas-Feministas_-300x300.jpg\" alt=\"\" width=\"385\" height=\"385\" srcset=\"https:\/\/blogsaverroes.juntadeandalucia.es\/iesjosesaramago\/files\/2020\/03\/Jornadas-Feministas_-300x300.jpg 300w, https:\/\/blogsaverroes.juntadeandalucia.es\/iesjosesaramago\/files\/2020\/03\/Jornadas-Feministas_-150x150.jpg 150w, https:\/\/blogsaverroes.juntadeandalucia.es\/iesjosesaramago\/files\/2020\/03\/Jornadas-Feministas_-768x768.jpg 768w, https:\/\/blogsaverroes.juntadeandalucia.es\/iesjosesaramago\/files\/2020\/03\/Jornadas-Feministas_-1024x1024.jpg 1024w, https:\/\/blogsaverroes.juntadeandalucia.es\/iesjosesaramago\/files\/2020\/03\/Jornadas-Feministas_-100x100.jpg 100w, https:\/\/blogsaverroes.juntadeandalucia.es\/iesjosesaramago\/files\/2020\/03\/Jornadas-Feministas_-24x24.jpg 24w, https:\/\/blogsaverroes.juntadeandalucia.es\/iesjosesaramago\/files\/2020\/03\/Jornadas-Feministas_-36x36.jpg 36w, https:\/\/blogsaverroes.juntadeandalucia.es\/iesjosesaramago\/files\/2020\/03\/Jornadas-Feministas_-48x48.jpg 48w, https:\/\/blogsaverroes.juntadeandalucia.es\/iesjosesaramago\/files\/2020\/03\/Jornadas-Feministas_-50x50.jpg 50w, https:\/\/blogsaverroes.juntadeandalucia.es\/iesjosesaramago\/files\/2020\/03\/Jornadas-Feministas_.jpg 1080w\" sizes=\"(max-width: 385px) 100vw, 385px\" \/><\/a><\/p>\n<p style=\"text-align: center\"><a href=\"https:\/\/es-es.facebook.com\/HazTuAccion\/\"><strong>Informaci\u00f3n sobre la asociaci\u00f3n&nbsp; \u00abHazTuAcci\u00f3n\u00bb (Sevilla)<\/strong><\/a><\/p>\n<p style=\"text-align: center\"><a href=\"https:\/\/ahige.org\/\"><strong>Informaci\u00f3n sobre la asociaci\u00f3n \u00abAHIGE\u00bb (M\u00e1laga)<\/strong><\/a><\/p>\n<p>&nbsp;<\/p>\n<p>&nbsp;<\/p>\n<p>&nbsp;<\/p>\n<h2><span style=\"color: #99cc00\"><strong>OTRAS ACTUACIONES DE ESTE CURSO:<\/strong> <\/span><\/h2>\n<p><strong><span style=\"color: #993366\">NOVIEMBRE<\/span><\/strong><\/p>\n<p style=\"text-align: center\"><span style=\"color: #cc99ff\"><strong>25N: ACTIVIDADES CONTRA LA VIOLENCIA MACHISTA<\/strong><\/span><\/p>\n<p style=\"text-align: center\"><a href=\"https:\/\/blogsaverroes.juntadeandalucia.es\/iesjosesaramago\/files\/2019\/11\/25N-2.jpg\"><img loading=\"lazy\" decoding=\"async\" class=\"alignnone size-medium wp-image-2697\" src=\"https:\/\/blogsaverroes.juntadeandalucia.es\/iesjosesaramago\/files\/2019\/11\/25N-2-300x251.jpg\" alt=\"\" width=\"300\" height=\"251\" srcset=\"https:\/\/blogsaverroes.juntadeandalucia.es\/iesjosesaramago\/files\/2019\/11\/25N-2-300x251.jpg 300w, https:\/\/blogsaverroes.juntadeandalucia.es\/iesjosesaramago\/files\/2019\/11\/25N-2-768x644.jpg 768w, https:\/\/blogsaverroes.juntadeandalucia.es\/iesjosesaramago\/files\/2019\/11\/25N-2-24x20.jpg 24w, https:\/\/blogsaverroes.juntadeandalucia.es\/iesjosesaramago\/files\/2019\/11\/25N-2-36x30.jpg 36w, https:\/\/blogsaverroes.juntadeandalucia.es\/iesjosesaramago\/files\/2019\/11\/25N-2-48x40.jpg 48w, https:\/\/blogsaverroes.juntadeandalucia.es\/iesjosesaramago\/files\/2019\/11\/25N-2.jpg 940w\" sizes=\"(max-width: 300px) 100vw, 300px\" \/><\/a><\/p>\n<ul style=\"text-align: center\">\n<li><a href=\"https:\/\/drive.google.com\/open?id=1mMSz_5LiSkb5SK7g7LLWFyhf_clL-1We\">Circular \u00abMarcha contra la violencia de g\u00e9nero\u00bb<\/a><\/li>\n<\/ul>\n<p><a href=\"https:\/\/blogsaverroes.juntadeandalucia.es\/iesjosesaramago\/files\/2019\/11\/CARTEL-CARRERA.jpg\"><img loading=\"lazy\" decoding=\"async\" class=\"size-medium wp-image-2689 alignnone aligncenter\" src=\"https:\/\/blogsaverroes.juntadeandalucia.es\/iesjosesaramago\/files\/2019\/11\/CARTEL-CARRERA-225x300.jpg\" alt=\"\" width=\"225\" height=\"300\" srcset=\"https:\/\/blogsaverroes.juntadeandalucia.es\/iesjosesaramago\/files\/2019\/11\/CARTEL-CARRERA-225x300.jpg 225w, https:\/\/blogsaverroes.juntadeandalucia.es\/iesjosesaramago\/files\/2019\/11\/CARTEL-CARRERA-18x24.jpg 18w, https:\/\/blogsaverroes.juntadeandalucia.es\/iesjosesaramago\/files\/2019\/11\/CARTEL-CARRERA-27x36.jpg 27w, https:\/\/blogsaverroes.juntadeandalucia.es\/iesjosesaramago\/files\/2019\/11\/CARTEL-CARRERA-36x48.jpg 36w, https:\/\/blogsaverroes.juntadeandalucia.es\/iesjosesaramago\/files\/2019\/11\/CARTEL-CARRERA.jpg 720w\" sizes=\"(max-width: 225px) 100vw, 225px\" \/><\/a><\/p>\n<p>&nbsp;<\/p>\n<p><strong>CURSO 2020-2021 IGUALDAD Y ESCUELA, ESPACIO DE PAZ.<\/strong><\/p>\n<p><strong>Detalle de actividades coordinadas por el Plan de Igualdad y Escuela, espacio de Paz:<\/strong><\/p>\n<ul>\n<li style=\"text-align: justify\">En las primeras jornadas del mes de septiembre se llev\u00f3 a cabo desde la acci\u00f3n tutorial el dec\u00e1logo sobre las <strong>normas de convivencia en el aula<\/strong>, en el que participaron todos los grupos del centro. Se realiza un listado con las principales normas de convivencia del centro y a la vez se confeccionan dibujos que est\u00e1n relacionados con esas normas para colocarse en el aula.<\/li>\n<li style=\"text-align: justify\"><strong>Saramalloween:<\/strong> durante la jornada del 30 de octubre tuvo lugar en el centro la actividad \u201cSomos los\/as nietos\/as de las brujos\/as que no pudisteis quemar\u201d. Con la lectura de varios art\u00edculos sobre el origen de las brujas y varios v\u00eddeos de apoyo, se analizaron a estas villanas de los cuentos de hadas como las primeras feministas de nuestra historia. El alumnado pudo disfrutar de varias sesiones a lo largo de la jornada impartida por nuestro profesorado que sorprendi\u00f3 con distintos disfraces. (Art\u00edculo \u201cLa bruja de Shropshire\u201d \/ Ciencia y m\u00e1s \/ mujeres con ciencia. Visionado y reflexi\u00f3n sobre dos v\u00eddeos \u201cEl origen de las brujas\u201d y \u201cLa brujer\u00eda\u201d. Leyendas o cortos de terror. \/ Photocall <em>Saramalloween<\/em>).<\/li>\n<\/ul>\n<ul>\n<li style=\"text-align: justify\"><strong>Al comp\u00e1s de la igualdad: <\/strong>el d\u00eda 16 de noviembre (D\u00eda internacional del flamenco) algunos\/as de nuestros alumnos\/as mostraron su talento con distintos bailes y cantes que llenaron de alegr\u00eda nuestro centro. Con diferentes art\u00edculos y actividades de detecci\u00f3n del machismo a lo largo de la historia, se trabaj\u00f3 este g\u00e9nero musical que enriqueci\u00f3 al alumnado desde todos los \u00e1mbitos. Algunos se atrevieron a componer algunas sevillanas al IES Jos\u00e9 Saramago.<\/li>\n<li style=\"text-align: justify\"><strong>Celebraci\u00f3n 25 N <\/strong>Durante el 25 de noviembre (D\u00eda Internacional contra la violencia de g\u00e9nero) el alumnado pudo disfrutar de una jornada completa de actividades. Para introducir el d\u00eda se comenz\u00f3 con una lectura sobre un texto period\u00edstico con la siguiente tem\u00e1tica: \u201cviolencia de g\u00e9nero durante el confinamiento\u201d. A continuaci\u00f3n, se realiz\u00f3 un debate entre el alumnado: \u201c\u00bfQu\u00e9 pueden hacer hombres y mujeres para combatir la violencia de g\u00e9nero?\u201d. Posteriormente, se repartieron al alumnado las mascarillas blancas que deb\u00edan personalizar. La mascarilla fue utilizada en la marcha por el municipio de Marinaleda. Seguidamente, se dividi\u00f3 la clase en tres grupos: uno se encarg\u00f3 de la creaci\u00f3n de las pancartas, otro del manifiesto y un \u00faltimo se dedic\u00f3 a la elaboraci\u00f3n del dec\u00e1logo (con las mejores frases motivadoras de la actividad anterior). Adem\u00e1s, el alumnado cre\u00f3 un baile&nbsp; para tik tok con la canci\u00f3n \u201cvivir\u201d de Rozalen. Una vez que el ensayo sali\u00f3 bien, se pintaron las manos violetas y pegaron su palma sobre el panel del pasillo. Posteriormente, con las manos pintadas, salieron a su zona del patio para realizar el TIK TOK previamente ensayado. Durante la marcha, en un punto de encuentro, varios\/as alumnos\/as leyeron el manifiesto realizado.&nbsp; Las dos \u00faltimas horas se dedicaron para la pel\u00edcula y debate. \u201cJump in\u201d 1\u00bay 2\u00ba ESO \/ \u201cTe doy mis ojos\u201d 3\u00baESO&nbsp;&nbsp; \/ \u201cNo soy un hombre f\u00e1cil\u201d 4\u00baESO.<\/li>\n<\/ul>\n<p>&nbsp;<a href=\"https:\/\/blogsaverroes.juntadeandalucia.es\/iesjosesaramago\/files\/2021\/06\/IMG-20201125-WA0094.jpg\"><img loading=\"lazy\" decoding=\"async\" class=\"wp-image-3720 aligncenter\" src=\"https:\/\/blogsaverroes.juntadeandalucia.es\/iesjosesaramago\/files\/2021\/06\/IMG-20201125-WA0094-300x208.jpg\" alt=\"\" width=\"333\" height=\"231\" srcset=\"https:\/\/blogsaverroes.juntadeandalucia.es\/iesjosesaramago\/files\/2021\/06\/IMG-20201125-WA0094-300x208.jpg 300w, https:\/\/blogsaverroes.juntadeandalucia.es\/iesjosesaramago\/files\/2021\/06\/IMG-20201125-WA0094-1024x711.jpg 1024w, https:\/\/blogsaverroes.juntadeandalucia.es\/iesjosesaramago\/files\/2021\/06\/IMG-20201125-WA0094-768x534.jpg 768w, https:\/\/blogsaverroes.juntadeandalucia.es\/iesjosesaramago\/files\/2021\/06\/IMG-20201125-WA0094-1536x1067.jpg 1536w, https:\/\/blogsaverroes.juntadeandalucia.es\/iesjosesaramago\/files\/2021\/06\/IMG-20201125-WA0094.jpg 1785w\" sizes=\"(max-width: 333px) 100vw, 333px\" \/><\/a><a href=\"https:\/\/blogsaverroes.juntadeandalucia.es\/iesjosesaramago\/files\/2021\/06\/IMG-20201125-WA0119.jpg\"><img loading=\"lazy\" decoding=\"async\" class=\"wp-image-3721 aligncenter\" src=\"https:\/\/blogsaverroes.juntadeandalucia.es\/iesjosesaramago\/files\/2021\/06\/IMG-20201125-WA0119-300x224.jpg\" alt=\"\" width=\"309\" height=\"231\" srcset=\"https:\/\/blogsaverroes.juntadeandalucia.es\/iesjosesaramago\/files\/2021\/06\/IMG-20201125-WA0119-300x224.jpg 300w, https:\/\/blogsaverroes.juntadeandalucia.es\/iesjosesaramago\/files\/2021\/06\/IMG-20201125-WA0119-1024x766.jpg 1024w, https:\/\/blogsaverroes.juntadeandalucia.es\/iesjosesaramago\/files\/2021\/06\/IMG-20201125-WA0119-768x575.jpg 768w, https:\/\/blogsaverroes.juntadeandalucia.es\/iesjosesaramago\/files\/2021\/06\/IMG-20201125-WA0119-1536x1149.jpg 1536w, https:\/\/blogsaverroes.juntadeandalucia.es\/iesjosesaramago\/files\/2021\/06\/IMG-20201125-WA0119.jpg 1600w\" sizes=\"(max-width: 309px) 100vw, 309px\" \/><\/a><a href=\"https:\/\/blogsaverroes.juntadeandalucia.es\/iesjosesaramago\/files\/2021\/06\/IMG-20201125-WA0034.jpg\"><img loading=\"lazy\" decoding=\"async\" class=\" wp-image-3722 aligncenter\" src=\"https:\/\/blogsaverroes.juntadeandalucia.es\/iesjosesaramago\/files\/2021\/06\/IMG-20201125-WA0034-300x225.jpg\" alt=\"\" width=\"311\" height=\"233\" srcset=\"https:\/\/blogsaverroes.juntadeandalucia.es\/iesjosesaramago\/files\/2021\/06\/IMG-20201125-WA0034-300x225.jpg 300w, https:\/\/blogsaverroes.juntadeandalucia.es\/iesjosesaramago\/files\/2021\/06\/IMG-20201125-WA0034-1024x768.jpg 1024w, https:\/\/blogsaverroes.juntadeandalucia.es\/iesjosesaramago\/files\/2021\/06\/IMG-20201125-WA0034-768x576.jpg 768w, https:\/\/blogsaverroes.juntadeandalucia.es\/iesjosesaramago\/files\/2021\/06\/IMG-20201125-WA0034-1536x1152.jpg 1536w, https:\/\/blogsaverroes.juntadeandalucia.es\/iesjosesaramago\/files\/2021\/06\/IMG-20201125-WA0034.jpg 1600w\" sizes=\"(max-width: 311px) 100vw, 311px\" \/><\/a><\/p>\n<ul>\n<li style=\"text-align: justify\"><strong>D\u00eda de la discapacidad (3 diciembre). <\/strong>Desde el IES Jos\u00e9 Saramago, y concretamente desde el Departamento de Orientaci\u00f3n, se celebr\u00f3 el d\u00eda, dando con ello la opci\u00f3n a la totalidad del alumnado de que pudiesen conocer historias, ejemplos, experiencias, personas, etc. y as\u00ed entender un poco m\u00e1s lo que una discapacidad conlleva. El Jueves 3 diciembre se desarroll\u00f3 en el gimnasio del centro una Gymkana para 1\u00ba y 2\u00ba ESO y visionado de v\u00eddeos y cortos con debate posterior para 3\u00ba y 4\u00ba ESO), con el objetivo de que el alumnado se pudiese poner en la piel de las personas que presentan alguna discapacidad y desarrollando con ello la empat\u00eda hacia los dem\u00e1s, as\u00ed como el conocimiento de las distintas discapacidades.<\/li>\n<\/ul>\n<ul>\n<li style=\"text-align: justify\"><strong>D\u00eda internacional de los Derechos Humanos. 10 diciembre. <\/strong>Los sectores implicados para esta actividad: alumnado desde 1\u00ba a 4\u00ba ESO y fue llevado a cabo por el departamento de Geograf\u00eda e Historia y el Departamento de Lengua castellana y Literatura. Durante la jornada, se procedi\u00f3 al visionado de un documental relacionado con la efem\u00e9ride y se realiz\u00f3 un mural&nbsp; basado en el art. 1: \u201cDiferentes pero libres e iguales\u201d. Adem\u00e1s, se realizaron actividades en la materia de ECDH. 3\u00ba ESO, durante la semana del 10 al 22 de diciembre. Adem\u00e1s, se logr\u00f3 que el alumnado participase en el&nbsp; juego \u201cEscalera por los Derechos Humanos\u201d. Tambi\u00e9n, para 1\u00ba ESO, considerando que es el grupo en el que se han concentrado la mayor\u00eda de las conductas contrarias (sobre todo interrupciones constantes durante las explicaciones), ha sido un instrumento motivador para que el alumnado regule su conducta y se reduzcan las incidencias.&nbsp;&nbsp;<\/li>\n<li style=\"text-align: justify\"><strong>Term\u00f3metro de convivencia:<\/strong> a partir de la 2\u00aaEvaluaci\u00f3n, se puso en pr\u00e1ctica una estrategia para mejorar la convivencia de los distintos grupos del centro. Consiste en un gr\u00e1fico situado en la puerta de cada clase \u2013bien visible- y en el que el profesorado de cada materia registr\u00f3, al t\u00e9rmino de cada clase, la conducta de cada alumno coloreando de color azul o rojo cada cuadro seg\u00fan sea la naturaleza de la conducta, positiva o negativa respectivamente. &nbsp;&nbsp;<\/li>\n<li style=\"text-align: justify\"><strong>D\u00eda mundial de la Paz. 29 de Enero. <\/strong>Sectores implicados: Todo el centro. Se dedica la jornada lectiva a la realizaci\u00f3n de actividades, fomentando la convivencia positiva de una manera entretenida y divertida. Descripci\u00f3n: 1\u00ba actividad: Visionado del documental \u201cMi yo adolescente\u201d Aprendemos juntos: BBVA. 2\u00ba actividad: Realizaci\u00f3n de infograf\u00edas sobre premios nobel de la Paz, con los cuales se ha realizado una exposici\u00f3n en el <em>hall<\/em> del centro y&nbsp; donde el alumnado ha tenido que resolver un cuestionario, buscando informaci\u00f3n sobre los mismos galardonados. 3\u00ba actividad: Realizaci\u00f3n de v\u00eddeo en colaboraci\u00f3n con el CEIP \u201cEncarnaci\u00f3n Mart\u00edn Porras\u201d, en la que el alumnado del centro responde a diferentes cuestiones relativas a las normas de convivencia del instituto. &nbsp;4\u00ba actividad: Elaboraci\u00f3n por grupos de un Tik-Tok con la canci\u00f3n de <em>Jerusalema<\/em>. 5\u00ba actividad: Realizaci\u00f3n de un marca p\u00e1ginas por grupo y de forma individual, premiando al mejor con un obsequio. 6\u00ba actividad: Realizaci\u00f3n de un arco iris de la paz&nbsp; con las huellas del alumnado en papel continuo. 7\u00ba actividad: Plantaci\u00f3n de \u00e1rboles frutales por grupos en el patio. 8\u00ba actividad: Recogida de alimentos infantiles en colaboraci\u00f3n con Cruz Roja de Estepa.<\/li>\n<\/ul>\n<p><a href=\"https:\/\/blogsaverroes.juntadeandalucia.es\/iesjosesaramago\/files\/2021\/06\/IMG_20210129_222643_451-scaled.jpg\"><img loading=\"lazy\" decoding=\"async\" class=\"size-medium wp-image-3730 aligncenter\" src=\"https:\/\/blogsaverroes.juntadeandalucia.es\/iesjosesaramago\/files\/2021\/06\/IMG_20210129_222643_451-240x300.jpg\" alt=\"\" width=\"240\" height=\"300\" srcset=\"https:\/\/blogsaverroes.juntadeandalucia.es\/iesjosesaramago\/files\/2021\/06\/IMG_20210129_222643_451-240x300.jpg 240w, https:\/\/blogsaverroes.juntadeandalucia.es\/iesjosesaramago\/files\/2021\/06\/IMG_20210129_222643_451-819x1024.jpg 819w, https:\/\/blogsaverroes.juntadeandalucia.es\/iesjosesaramago\/files\/2021\/06\/IMG_20210129_222643_451-768x960.jpg 768w, https:\/\/blogsaverroes.juntadeandalucia.es\/iesjosesaramago\/files\/2021\/06\/IMG_20210129_222643_451-1229x1536.jpg 1229w, https:\/\/blogsaverroes.juntadeandalucia.es\/iesjosesaramago\/files\/2021\/06\/IMG_20210129_222643_451-1638x2048.jpg 1638w, https:\/\/blogsaverroes.juntadeandalucia.es\/iesjosesaramago\/files\/2021\/06\/IMG_20210129_222643_451-scaled.jpg 2048w\" sizes=\"(max-width: 240px) 100vw, 240px\" \/><\/a><\/p>\n<ul>\n<li style=\"text-align: justify\"><strong>Actividad&nbsp; \u201cM\u00e1s amor por favor\u201d 14 Febrero. San Valent\u00edn. <\/strong>Sectores implicados: 3\u00ba ESO en la materia de ECDH Descripci\u00f3n: El alumnado realiza una dedicatoria a un compa\u00f1ero de la clase procurando resaltar valores positivos desde el respeto. No se trata de una dedicatoria de amor sino de una muestra de cari\u00f1o hacia un compa\u00f1ero\/a que se aprecie, fomentando la convivencia positiva entre otras cuestiones. Con los dispositivos port\u00e1tiles o m\u00f3viles, previa autorizaci\u00f3n, el alumnado busc\u00f3 una dedicatoria de amor de alg\u00fan grafiti en internet.<\/li>\n<li style=\"text-align: justify\"><strong>Juego de la Oca. Celebraci\u00f3n del 28 Febrero (D\u00eda de Andaluc\u00eda). <\/strong>Sectores implicados. Todo el profesorado y alumnado Por grupos durante la jornada lectiva, el alumnado participa en este&nbsp; juego de mesa gigante, elaborado por el propio alumnado y profesorado, con preguntas relacionadas con la onom\u00e1stica, fomentando la convivencia positiva.<\/li>\n<li style=\"text-align: justify\"><strong>El D\u00eda Internacional de la Mujer&nbsp;<\/strong>del 8 de marzo, celebramos en el IES Jos\u00e9 Saramago otra jornada completa dedicada a una de las efem\u00e9rides m\u00e1s importantes del curso escolar. La jornada comenz\u00f3 con la lectura y debate de varios art\u00edculos<strong>.<\/strong> A continuaci\u00f3n se dividi\u00f3 la clase en 3 o 4 grupos (dependiendo del n\u00famero de alumnado). 2 o 3 grupos (cada uno de ellos) se encargaron de la realizaci\u00f3n de un cartel sobre la efem\u00e9ride que adorn\u00f3 los pasillos. El otro grupo restante se encarg\u00f3 del photocall. A continuaci\u00f3n, el alumnado escribi\u00f3 una carta de agradecimiento a una mujer de su familia (madre, abuela, t\u00eda\u2026) o a la persona que eligieron para la foto de la exposici\u00f3n. (V\u00e9ase la imagen). Posteriormente tuvo lugar una ruta por el municipio de Marinaleda donde el alumnado de 3\u00ba y 4\u00ba de ESO visit\u00f3 dos establecimientos del pueblo para entrevistar a una mujer trabajadora. Durante la marcha utilizaron el photocall que han realizaron en el aula. Por su parte, los alumnos de 1\u00ba y 2\u00ba de ESO pudieron disfrutar de la pel\u00edcula <em>Mul\u00e1n<\/em> y su correspondiente cuestionario.<\/li>\n<\/ul>\n<p><a href=\"https:\/\/blogsaverroes.juntadeandalucia.es\/iesjosesaramago\/files\/2021\/06\/IMG_20210308_115327_054-scaled.jpg\"><img loading=\"lazy\" decoding=\"async\" class=\" wp-image-3731 aligncenter\" src=\"https:\/\/blogsaverroes.juntadeandalucia.es\/iesjosesaramago\/files\/2021\/06\/IMG_20210308_115327_054-300x278.jpg\" alt=\"\" width=\"376\" height=\"349\" srcset=\"https:\/\/blogsaverroes.juntadeandalucia.es\/iesjosesaramago\/files\/2021\/06\/IMG_20210308_115327_054-300x278.jpg 300w, https:\/\/blogsaverroes.juntadeandalucia.es\/iesjosesaramago\/files\/2021\/06\/IMG_20210308_115327_054-1024x950.jpg 1024w, https:\/\/blogsaverroes.juntadeandalucia.es\/iesjosesaramago\/files\/2021\/06\/IMG_20210308_115327_054-768x713.jpg 768w, https:\/\/blogsaverroes.juntadeandalucia.es\/iesjosesaramago\/files\/2021\/06\/IMG_20210308_115327_054-1536x1425.jpg 1536w, https:\/\/blogsaverroes.juntadeandalucia.es\/iesjosesaramago\/files\/2021\/06\/IMG_20210308_115327_054-2048x1900.jpg 2048w\" sizes=\"(max-width: 376px) 100vw, 376px\" \/><\/a><\/p>\n<ul>\n<li style=\"text-align: justify\"><strong>Decoraci\u00f3n del Aula de Convivencia. <\/strong>Sectores implicados: Alumnado de 2\u00ba ESO y 4\u00ba ESO. Departamento de EPVA, Geograf\u00eda e Historia, y M\u00fasica.Descripci\u00f3n: elaboraci\u00f3n de un mural con una pintura de Picasso sobre la paz, para crear un ambiente y clima adecuado que invite al alumnado a reflexionar, con objeto de prevenir conflictos. Durante la realizaci\u00f3n del mural se foment\u00f3 mucho la convivencia entre el propio alumnado que particip\u00f3 en este proyecto.&nbsp;<\/li>\n<\/ul>\n<p><a href=\"https:\/\/blogsaverroes.juntadeandalucia.es\/iesjosesaramago\/files\/2021\/06\/IMG_20210609_2157181.jpg\"><img loading=\"lazy\" decoding=\"async\" class=\" wp-image-3732 aligncenter\" src=\"https:\/\/blogsaverroes.juntadeandalucia.es\/iesjosesaramago\/files\/2021\/06\/IMG_20210609_2157181-300x298.jpg\" alt=\"\" width=\"534\" height=\"530\" srcset=\"https:\/\/blogsaverroes.juntadeandalucia.es\/iesjosesaramago\/files\/2021\/06\/IMG_20210609_2157181-300x298.jpg 300w, https:\/\/blogsaverroes.juntadeandalucia.es\/iesjosesaramago\/files\/2021\/06\/IMG_20210609_2157181-1024x1015.jpg 1024w, https:\/\/blogsaverroes.juntadeandalucia.es\/iesjosesaramago\/files\/2021\/06\/IMG_20210609_2157181-150x150.jpg 150w, https:\/\/blogsaverroes.juntadeandalucia.es\/iesjosesaramago\/files\/2021\/06\/IMG_20210609_2157181-768x762.jpg 768w, https:\/\/blogsaverroes.juntadeandalucia.es\/iesjosesaramago\/files\/2021\/06\/IMG_20210609_2157181-50x50.jpg 50w, https:\/\/blogsaverroes.juntadeandalucia.es\/iesjosesaramago\/files\/2021\/06\/IMG_20210609_2157181.jpg 1080w\" sizes=\"(max-width: 534px) 100vw, 534px\" \/><\/a><\/p>\n<ul>\n<li><strong>Talleres coeducativos durante los meses de abril y mayo:<\/strong><\/li>\n<\/ul>\n<ol>\n<li style=\"text-align: justify\"><strong>\u201cEnganchados a la Red\u201d: 12 de Abril. <\/strong>Sector implicado: Alumnado mediador de 2\u00ba ESO, Departamento de Orientaci\u00f3n. Asociaci\u00f3n Enganchada a la Vida.Descripci\u00f3n: Formaci\u00f3n de mediadores para poder resolver diferentes conflictos que tengan que ver con el ciberacoso escolar.<\/li>\n<li style=\"text-align: justify\"><strong>Taller para las familias con hijos e hijas adolescentes. 1\u00ba sesi\u00f3n: 21 y 28 abril de 17:00 a 19:30 horas. 2\u00ba sesi\u00f3n: 19 de mayo. <\/strong>Sectores implicados: Familias del alumnado de 3\u00ba ESO. Asociaci\u00f3n Haz tu acci\u00f3n (Sevilla). Descripci\u00f3n: Soluciones a la problem\u00e1tica concreta de las familias de los adolescentes, facilitando herramientas para abordar conflictos en dichas relaciones.<\/li>\n<li style=\"text-align: justify\"><strong>Formaci\u00f3n de mediadores en el alumnado. Desde mayo hasta la finalizaci\u00f3n del curso. <\/strong>Sectores implicados: 1\u00ba y 2\u00ba ESO, Departamento de Orientaci\u00f3n y Direcci\u00f3n.Descripci\u00f3n: Formar a mediadores de los cursos desde 1\u00ba y 2\u00ba de ESO para resolver posibles situaciones de conflicto en el centro educativo.<\/li>\n<\/ol>\n<p>&nbsp;<\/p>\n<ul>\n<li style=\"text-align: justify\"><strong>D\u00eda internacional del acoso escolar. 2 Mayo. <\/strong>Sectores implicados: Desde 1\u00ba a 4\u00ba ESO, Departamento de Orientaci\u00f3n. Actividad: Visionado de dos videos interesantes que tratan el ciberacoso en la adolescencia para que el alumnado se sienta identificado y reflexione. Adem\u00e1s, desde el departamento de Lengua se leyeron varios art\u00edculos period\u00edsticos que ayudaron al alumnado a descubrir y asimilar la importancia del ciberacoso y el sexismo en las redes sociales.<\/li>\n<li style=\"text-align: justify\"><strong>Realizaci\u00f3n de un mural en el patio. <\/strong>Sectores implicados: Alumnado de 2\u00ba ESO y 4\u00ba ESO, Departamento de Geograf\u00eda e Historia, y Departamento de M\u00fasica. Descripci\u00f3n: El alumnado pinta un eslogan grande en una de las fachadas traseras del patio con una frase con la que se siente identificado: \u201cLa mejor manera de educarse es aprender\u201d.<\/li>\n<li style=\"text-align: justify\"><strong>Actividad tutorial \u201cEl monstruo de los miedos\u201d 3\u00ba Trimestre. <\/strong>Sectores implicados: Alumnado de 1\u00ba y 2\u00ba ESO y departamento de Orientaci\u00f3n. Descripci\u00f3n: cada alumno hac\u00eda un dibujo de \u00absu monstruo\u00bb, es decir, dibujaba aquello que no le gusta de \u00e9l, relacionado con alguna cualidad que quiera cambiar, etc. Despu\u00e9s, se expusieron en la pared de la clase y cada semana se hac\u00eda la siguiente din\u00e1mica: Un compa\u00f1ero, de forma an\u00f3nima, anotaba en un post-it algo positivo de alguno de los compa\u00f1eros, y lo pegaba sobre el dibujo de su monstruo. Cada semana se iba aumentando el n\u00famero de post-it con cualidades positivas que ocultaban el monstruo. As\u00ed, de forma muy visual, se hac\u00eda ver c\u00f3mo, aunque todos tengan algo que no les gusta de ellos mismos, sus compa\u00f1eros eran capaces de ver muchas m\u00e1s cosas positivas que terminaban eclipsando a las negativas.<\/li>\n<li style=\"text-align: justify\"><strong><em>No m\u00e1s Matildas<\/em><\/strong>: el grupo de 3\u00ba ESO se comprometi\u00f3 con la campa\u00f1a \u201cNo m\u00e1s matildas\u201d mediante la grabaci\u00f3n de distintas escenas donde recreaban el papel de la mujer cient\u00edfica durante las \u00faltimas d\u00e9cadas. Esta actividad fue llevada a cabo por el departamento de ciencias. Adem\u00e1s, se ha elaborado un concurso de frases de igualdad, tambi\u00e9n realizado por el mismo curso, donde han intervenido las familias con la grabaci\u00f3n de distintos audios, que pueden ser escuchados a trav\u00e9s de la plataforma <em>\u201cgenially\u201d<\/em> usando los c\u00f3digos QR que est\u00e1n insertos en el mural. En el mapa se aprecia el domicilio de cada alumno\/a del grupo y la grabaci\u00f3n comentada anteriormente por cada familia.<\/li>\n<\/ul>\n<p><a href=\"https:\/\/blogsaverroes.juntadeandalucia.es\/iesjosesaramago\/files\/2021\/06\/IMG_20210520_111841-scaled.jpg\"><img loading=\"lazy\" decoding=\"async\" class=\"size-medium wp-image-3726 aligncenter\" src=\"https:\/\/blogsaverroes.juntadeandalucia.es\/iesjosesaramago\/files\/2021\/06\/IMG_20210520_111841-300x224.jpg\" alt=\"\" width=\"300\" height=\"224\" srcset=\"https:\/\/blogsaverroes.juntadeandalucia.es\/iesjosesaramago\/files\/2021\/06\/IMG_20210520_111841-300x224.jpg 300w, https:\/\/blogsaverroes.juntadeandalucia.es\/iesjosesaramago\/files\/2021\/06\/IMG_20210520_111841-1024x766.jpg 1024w, https:\/\/blogsaverroes.juntadeandalucia.es\/iesjosesaramago\/files\/2021\/06\/IMG_20210520_111841-768x575.jpg 768w, https:\/\/blogsaverroes.juntadeandalucia.es\/iesjosesaramago\/files\/2021\/06\/IMG_20210520_111841-1536x1149.jpg 1536w, https:\/\/blogsaverroes.juntadeandalucia.es\/iesjosesaramago\/files\/2021\/06\/IMG_20210520_111841-2048x1532.jpg 2048w\" sizes=\"(max-width: 300px) 100vw, 300px\" \/><\/a><\/p>\n<ul>\n<li style=\"text-align: justify\">Pir\u00e1mide de <em>Maslow (17 mayo)<\/em>: desde el departamento de matem\u00e1ticas y de ciencias aplicadas y tecnolog\u00eda, se ha fabricado una pir\u00e1mide de un metro y medio de altura, formada por 4 caras. Cada una de ellas est\u00e1 relacionada con un aspecto diferente: la primera relacionada con la alimentaci\u00f3n saludable, t\u00e9cnicas culinarias saludables y la pr\u00e1ctica del deporte. Se utiliza en ella la gamificaci\u00f3n para despertar el inter\u00e9s del alumnado; la segunda, est\u00e1 relacionada con el reciclaje, impulsando el uso adecuado de los contenedores, a trav\u00e9s de informaci\u00f3n y juegos interactivos; la tercera, se basa en las energ\u00edas renovables, haciendo uso de los c\u00f3digos QR con informaci\u00f3n a\u00f1adida y m\u00e1s juegos; la cuarta, se representa la pir\u00e1mide de Maslow, la importancia de tener las necesidades b\u00e1sicas cubiertas. Adem\u00e1s se ha representado el papel de la mujer en la sociedad, como ser aut\u00f3nomo e independiente, al igual que la diversidad del amor, para reivindicar la libertad sexual.<\/li>\n<\/ul>\n<p><a href=\"https:\/\/blogsaverroes.juntadeandalucia.es\/iesjosesaramago\/files\/2021\/06\/IMG_20210520_112019-scaled.jpg\"><img loading=\"lazy\" decoding=\"async\" class=\"size-medium wp-image-3727 aligncenter\" src=\"https:\/\/blogsaverroes.juntadeandalucia.es\/iesjosesaramago\/files\/2021\/06\/IMG_20210520_112019-300x224.jpg\" alt=\"\" width=\"300\" height=\"224\" srcset=\"https:\/\/blogsaverroes.juntadeandalucia.es\/iesjosesaramago\/files\/2021\/06\/IMG_20210520_112019-300x224.jpg 300w, https:\/\/blogsaverroes.juntadeandalucia.es\/iesjosesaramago\/files\/2021\/06\/IMG_20210520_112019-1024x766.jpg 1024w, https:\/\/blogsaverroes.juntadeandalucia.es\/iesjosesaramago\/files\/2021\/06\/IMG_20210520_112019-768x575.jpg 768w, https:\/\/blogsaverroes.juntadeandalucia.es\/iesjosesaramago\/files\/2021\/06\/IMG_20210520_112019-1536x1149.jpg 1536w, https:\/\/blogsaverroes.juntadeandalucia.es\/iesjosesaramago\/files\/2021\/06\/IMG_20210520_112019-2048x1532.jpg 2048w\" sizes=\"(max-width: 300px) 100vw, 300px\" \/><\/a><\/p>\n<ul>\n<li style=\"text-align: justify\"><strong>Abecedario mujer cient\u00edfica<\/strong>: durante el tercer trimestre finaliz\u00f3 el proyecto del abecedario de mujeres cient\u00edficas, llevado a cabo por el departamento de matem\u00e1ticas, en el que el alumnado de 2\u00baESO ha construido un mural con m\u00e1s de veinte personajes femeninos de nuestra historia, acompa\u00f1ados por sus datos vitales m\u00e1s relevantes, as\u00ed como sus mayores logros. Adem\u00e1s, han insertado c\u00f3digos QR con la ampliaci\u00f3n de informaci\u00f3n y juegos interactivos.<\/li>\n<\/ul>\n<p><a href=\"https:\/\/blogsaverroes.juntadeandalucia.es\/iesjosesaramago\/files\/2021\/06\/IMG_20210520_111905-scaled.jpg\"><img loading=\"lazy\" decoding=\"async\" class=\"size-medium wp-image-3728 aligncenter\" src=\"https:\/\/blogsaverroes.juntadeandalucia.es\/iesjosesaramago\/files\/2021\/06\/IMG_20210520_111905-300x224.jpg\" alt=\"\" width=\"300\" height=\"224\" srcset=\"https:\/\/blogsaverroes.juntadeandalucia.es\/iesjosesaramago\/files\/2021\/06\/IMG_20210520_111905-300x224.jpg 300w, https:\/\/blogsaverroes.juntadeandalucia.es\/iesjosesaramago\/files\/2021\/06\/IMG_20210520_111905-1024x766.jpg 1024w, https:\/\/blogsaverroes.juntadeandalucia.es\/iesjosesaramago\/files\/2021\/06\/IMG_20210520_111905-768x575.jpg 768w, https:\/\/blogsaverroes.juntadeandalucia.es\/iesjosesaramago\/files\/2021\/06\/IMG_20210520_111905-1536x1149.jpg 1536w, https:\/\/blogsaverroes.juntadeandalucia.es\/iesjosesaramago\/files\/2021\/06\/IMG_20210520_111905-2048x1532.jpg 2048w\" sizes=\"(max-width: 300px) 100vw, 300px\" \/><\/a><\/p>\n<ul>\n<li style=\"text-align: justify\">Finalizaci\u00f3n \u201cAula violeta\u201d: en la biblioteca del centro se ha terminado de construir un espacio para la igualdad, propuesta de mejora del pasado a\u00f1o. En \u00e9l encontramos diversos juegos que ha realizado el alumnado, as\u00ed como una larga colecci\u00f3n de obras literarias que ayudan a la erradicaci\u00f3n de sexismos, a obtener una visi\u00f3n m\u00e1s clara del papel de la mujer a lo largo de la historia, as\u00ed como un conjunto manuales y lecturas juveniles que favorecen la igualdad entre g\u00e9neros.<\/li>\n<\/ul>\n<p><a href=\"https:\/\/blogsaverroes.juntadeandalucia.es\/iesjosesaramago\/files\/2021\/06\/IMG_20210520_111950-scaled.jpg\"><img loading=\"lazy\" decoding=\"async\" class=\"size-medium wp-image-3725 aligncenter\" src=\"https:\/\/blogsaverroes.juntadeandalucia.es\/iesjosesaramago\/files\/2021\/06\/IMG_20210520_111950-300x224.jpg\" alt=\"\" width=\"300\" height=\"224\" srcset=\"https:\/\/blogsaverroes.juntadeandalucia.es\/iesjosesaramago\/files\/2021\/06\/IMG_20210520_111950-300x224.jpg 300w, https:\/\/blogsaverroes.juntadeandalucia.es\/iesjosesaramago\/files\/2021\/06\/IMG_20210520_111950-1024x766.jpg 1024w, https:\/\/blogsaverroes.juntadeandalucia.es\/iesjosesaramago\/files\/2021\/06\/IMG_20210520_111950-768x575.jpg 768w, https:\/\/blogsaverroes.juntadeandalucia.es\/iesjosesaramago\/files\/2021\/06\/IMG_20210520_111950-1536x1149.jpg 1536w, https:\/\/blogsaverroes.juntadeandalucia.es\/iesjosesaramago\/files\/2021\/06\/IMG_20210520_111950-2048x1532.jpg 2048w\" sizes=\"(max-width: 300px) 100vw, 300px\" \/><\/a><\/p>\n<ul>\n<li style=\"text-align: justify\"><strong>Entrega de diplomas al finalizar el curso. <\/strong>Sectores implicados. Todo el profesorado y alumnado. Con objeto de mejorar la autoestima del alumnado, se han elaborado diplomas con menciones o cualidades positivas a cada uno de los alumnos\/as del centro.<\/li>\n<\/ul>\n<p style=\"text-align: justify\">&nbsp;&nbsp;&nbsp;&nbsp;&nbsp;&nbsp;&nbsp;&nbsp;&nbsp;&nbsp; Como se ha podido observar, en el IES Jos\u00e9 Saramago, no se han pretendido celebrar \u00fanicamente las efem\u00e9rides, sino que se ha intentado trabajar la igualdad en todos los \u00e1mbitos y en las distintas materias, siempre contando con la colaboraci\u00f3n de toda la comunidad educativa. Adem\u00e1s, se han desarrollado diversas actividades con el objetivo de involucrar a las familias, a pesar de la situaci\u00f3n at\u00edpica de este curso 2020-2021.<\/p>\n<h6>&nbsp; &nbsp; Haz click en la imagen para ampliar<\/h6>\n","protected":false},"excerpt":{"rendered":"<p>ACTIVIDADES DEL PLAN DE IGUALDAD DE G\u00c9NERO EN EDUCACI\u00d3N 21\/22 &nbsp; &nbsp; &nbsp; &nbsp; &nbsp; &nbsp; &nbsp; &nbsp; &nbsp; &nbsp; &nbsp; &nbsp; &nbsp; &nbsp;M\u00e1s informaci\u00f3n pinchar en el siguiente ENLACE &nbsp; NUESTRO PADLET: MEMORIA&#46;&#46;&#46;<\/p>\n","protected":false},"author":7135,"featured_media":0,"parent":0,"menu_order":0,"comment_status":"closed","ping_status":"closed","template":"","meta":{"ngg_post_thumbnail":0,"footnotes":"","_mc_calendar":[]},"aioseo_notices":[],"_links":{"self":[{"href":"https:\/\/blogsaverroes.juntadeandalucia.es\/iesjosesaramago\/wp-json\/wp\/v2\/pages\/2677"}],"collection":[{"href":"https:\/\/blogsaverroes.juntadeandalucia.es\/iesjosesaramago\/wp-json\/wp\/v2\/pages"}],"about":[{"href":"https:\/\/blogsaverroes.juntadeandalucia.es\/iesjosesaramago\/wp-json\/wp\/v2\/types\/page"}],"author":[{"embeddable":true,"href":"https:\/\/blogsaverroes.juntadeandalucia.es\/iesjosesaramago\/wp-json\/wp\/v2\/users\/7135"}],"replies":[{"embeddable":true,"href":"https:\/\/blogsaverroes.juntadeandalucia.es\/iesjosesaramago\/wp-json\/wp\/v2\/comments?post=2677"}],"version-history":[{"count":31,"href":"https:\/\/blogsaverroes.juntadeandalucia.es\/iesjosesaramago\/wp-json\/wp\/v2\/pages\/2677\/revisions"}],"predecessor-version":[{"id":3784,"href":"https:\/\/blogsaverroes.juntadeandalucia.es\/iesjosesaramago\/wp-json\/wp\/v2\/pages\/2677\/revisions\/3784"}],"wp:attachment":[{"href":"https:\/\/blogsaverroes.juntadeandalucia.es\/iesjosesaramago\/wp-json\/wp\/v2\/media?parent=2677"}],"curies":[{"name":"wp","href":"https:\/\/api.w.org\/{rel}","templated":true}]}}