{"id":1994,"date":"2023-01-10T21:32:26","date_gmt":"2023-01-10T20:32:26","guid":{"rendered":"https:\/\/blogsaverroes.juntadeandalucia.es\/ieslacaleta\/?page_id=1994"},"modified":"2026-01-18T13:35:04","modified_gmt":"2026-01-18T12:35:04","slug":"nuestro-centro-ahora","status":"publish","type":"page","link":"https:\/\/blogsaverroes.juntadeandalucia.es\/ieslacaleta\/nuestro-centro-ahora\/","title":{"rendered":"Nuestro Centro &#8211; Ahora&#8230;"},"content":{"rendered":"<p>[et_pb_section fb_built=&#8221;1&#8243; fullwidth=&#8221;on&#8221; admin_label=&#8221;Hero&#8221; _builder_version=&#8221;4.16&#8243; background_color=&#8221;RGBA(255,255,255,0)&#8221; parallax=&#8221;on&#8221; top_divider_color=&#8221;rgba(255,255,255,0.06)&#8221; top_divider_height=&#8221;30%&#8221; z_index_tablet=&#8221;500&#8243; box_shadow_horizontal_tablet=&#8221;0px&#8221; box_shadow_vertical_tablet=&#8221;0px&#8221; box_shadow_blur_tablet=&#8221;40px&#8221; box_shadow_spread_tablet=&#8221;0px&#8221; global_colors_info=&#8221;{}&#8221;][et_pb_fullwidth_header title=&#8221;@ET-DC@eyJkeW5hbWljIjp0cnVlLCJjb250ZW50IjoiY3VycmVudF9kYXRlIiwic2V0dGluZ3MiOnsiYmVmb3JlIjoiIiwiYWZ0ZXIiOiIiLCJkYXRlX2Zvcm1hdCI6ImRlZmF1bHQiLCJjdXN0b21fZGF0ZV9mb3JtYXQiOiJkIC8gbSAvIFkiLCJlbmFibGVfaHRtbCI6Im9mZiJ9fQ==@&#8221; subhead=&#8221;IES La Caleta&#8221; image_orientation=&#8221;bottom&#8221; title_tablet=&#8221;Blog IES La Caleta | C\u00e1diz&#8221; title_phone=&#8221;Blog IES La Caleta | C\u00e1diz&#8221; title_last_edited=&#8221;on|desktop&#8221; admin_label=&#8221;Cabecera de la web. Imagen, nombre del centro y ciudad&#8221; _builder_version=&#8221;4.16&#8243; _dynamic_attributes=&#8221;title&#8221; title_level=&#8221;h5&#8243; title_font=&#8221;|700|||||||&#8221; title_text_color=&#8221;#FFFFFF&#8221; title_font_size=&#8221;16px&#8221; title_letter_spacing=&#8221;5px&#8221; title_line_height=&#8221;1.4em&#8221; content_font=&#8221;Open Sans||||||||&#8221; content_font_size=&#8221;18px&#8221; content_line_height=&#8221;2em&#8221; subhead_font=&#8221;|700|||||||&#8221; subhead_font_size=&#8221;50px&#8221; subhead_line_height=&#8221;1.4em&#8221; background_image=&#8221;https:\/\/blogsaverroes.juntadeandalucia.es\/ieslacaleta\/files\/2023\/01\/SILUETAIESv2.png&#8221; background_size=&#8221;contain&#8221; background_position=&#8221;bottom_center&#8221; custom_button_one=&#8221;on&#8221; button_one_text_size=&#8221;16px&#8221; button_one_text_color=&#8221;#ffffff&#8221; button_one_bg_color=&#8221;#ff7355&#8243; button_one_border_width=&#8221;15px&#8221; button_one_border_color=&#8221;rgba(210,159,104,0)&#8221; button_one_border_radius=&#8221;100px&#8221; button_one_font=&#8221;Open Sans|700|||||||&#8221; button_one_use_icon=&#8221;off&#8221; custom_button_two=&#8221;on&#8221; button_two_text_size=&#8221;16px&#8221; button_two_text_color=&#8221;#ffffff&#8221; button_two_bg_color=&#8221;rgba(0,0,0,0.6)&#8221; button_two_border_width=&#8221;15px&#8221; button_two_border_color=&#8221;rgba(210,159,104,0)&#8221; button_two_border_radius=&#8221;100px&#8221; button_two_font=&#8221;Open Sans|700|||||||&#8221; button_two_use_icon=&#8221;off&#8221; max_height=&#8221;320px&#8221; max_height_tablet=&#8221;200px&#8221; max_height_phone=&#8221;&#8221; max_height_last_edited=&#8221;on|phone&#8221; custom_margin=&#8221;|||&#8221; custom_padding=&#8221;0vw||19vw|&#8221; animation_style=&#8221;slide&#8221; animation_direction=&#8221;bottom&#8221; animation_intensity_slide=&#8221;1%&#8221; content_font_size_tablet=&#8221;&#8221; content_font_size_phone=&#8221;16px&#8221; content_font_size_last_edited=&#8221;on|phone&#8221; subhead_font_size_tablet=&#8221;&#8221; subhead_font_size_phone=&#8221;30px&#8221; subhead_font_size_last_edited=&#8221;on|phone&#8221; z_index_tablet=&#8221;500&#8243; title_text_shadow_style=&#8221;preset4&#8243; title_text_shadow_color=&#8221;#000000&#8243; title_text_shadow_horizontal_length_tablet=&#8221;0px&#8221; title_text_shadow_vertical_length_tablet=&#8221;0px&#8221; title_text_shadow_blur_strength_tablet=&#8221;1px&#8221; content_text_shadow_horizontal_length_tablet=&#8221;0px&#8221; content_text_shadow_vertical_length_tablet=&#8221;0px&#8221; content_text_shadow_blur_strength_tablet=&#8221;1px&#8221; subhead_text_shadow_style=&#8221;preset4&#8243; subhead_text_shadow_horizontal_length_tablet=&#8221;0px&#8221; subhead_text_shadow_vertical_length_tablet=&#8221;0px&#8221; subhead_text_shadow_blur_strength_tablet=&#8221;1px&#8221; content_link_text_shadow_horizontal_length_tablet=&#8221;0px&#8221; content_link_text_shadow_vertical_length_tablet=&#8221;0px&#8221; content_link_text_shadow_blur_strength_tablet=&#8221;1px&#8221; content_ul_text_shadow_horizontal_length_tablet=&#8221;0px&#8221; content_ul_text_shadow_vertical_length_tablet=&#8221;0px&#8221; content_ul_text_shadow_blur_strength_tablet=&#8221;1px&#8221; content_ol_text_shadow_horizontal_length_tablet=&#8221;0px&#8221; content_ol_text_shadow_vertical_length_tablet=&#8221;0px&#8221; content_ol_text_shadow_blur_strength_tablet=&#8221;1px&#8221; content_quote_text_shadow_horizontal_length_tablet=&#8221;0px&#8221; content_quote_text_shadow_vertical_length_tablet=&#8221;0px&#8221; content_quote_text_shadow_blur_strength_tablet=&#8221;1px&#8221; border_color_all=&#8221;#000000&#8243; border_radii_image=&#8221;off||||&#8221; button_one_text_shadow_horizontal_length_tablet=&#8221;0px&#8221; button_one_text_shadow_vertical_length_tablet=&#8221;0px&#8221; button_one_text_shadow_blur_strength_tablet=&#8221;1px&#8221; button_two_text_shadow_horizontal_length_tablet=&#8221;0px&#8221; button_two_text_shadow_vertical_length_tablet=&#8221;0px&#8221; button_two_text_shadow_blur_strength_tablet=&#8221;1px&#8221; box_shadow_horizontal_image_tablet=&#8221;0px&#8221; box_shadow_vertical_image_tablet=&#8221;0px&#8221; box_shadow_blur_image_tablet=&#8221;40px&#8221; box_shadow_spread_image_tablet=&#8221;0px&#8221; box_shadow_horizontal_button_one_tablet=&#8221;0px&#8221; box_shadow_vertical_button_one_tablet=&#8221;0px&#8221; box_shadow_blur_button_one_tablet=&#8221;40px&#8221; box_shadow_spread_button_one_tablet=&#8221;0px&#8221; box_shadow_horizontal_button_two_tablet=&#8221;0px&#8221; box_shadow_vertical_button_two_tablet=&#8221;0px&#8221; box_shadow_blur_button_two_tablet=&#8221;40px&#8221; box_shadow_spread_button_two_tablet=&#8221;0px&#8221; text_shadow_style=&#8221;preset1&#8243; text_shadow_horizontal_length_tablet=&#8221;0px&#8221; text_shadow_vertical_length_tablet=&#8221;0px&#8221; text_shadow_blur_strength_tablet=&#8221;1px&#8221; saved_tabs=&#8221;all&#8221; global_colors_info=&#8221;{}&#8221; button_one_text_size__hover_enabled=&#8221;off&#8221; button_one_text_size__hover=&#8221;null&#8221; button_two_text_size__hover_enabled=&#8221;off&#8221; button_two_text_size__hover=&#8221;null&#8221; button_one_text_color__hover_enabled=&#8221;off&#8221; button_one_text_color__hover=&#8221;null&#8221; button_two_text_color__hover_enabled=&#8221;off&#8221; button_two_text_color__hover=&#8221;null&#8221; button_one_border_width__hover_enabled=&#8221;off&#8221; button_one_border_width__hover=&#8221;null&#8221; button_two_border_width__hover_enabled=&#8221;off&#8221; button_two_border_width__hover=&#8221;null&#8221; button_one_border_color__hover_enabled=&#8221;off&#8221; button_one_border_color__hover=&#8221;null&#8221; button_two_border_color__hover_enabled=&#8221;off&#8221; button_two_border_color__hover=&#8221;null&#8221; button_one_border_radius__hover_enabled=&#8221;on&#8221; button_one_border_radius__hover=&#8221;100px&#8221; button_two_border_radius__hover_enabled=&#8221;on&#8221; button_two_border_radius__hover=&#8221;100px&#8221; button_one_letter_spacing__hover_enabled=&#8221;off&#8221; button_one_letter_spacing__hover=&#8221;null&#8221; button_two_letter_spacing__hover_enabled=&#8221;off&#8221; button_two_letter_spacing__hover=&#8221;null&#8221; button_one_bg_color__hover_enabled=&#8221;on&#8221; button_one_bg_color__hover=&#8221;#ff8a70&#8243; button_two_bg_color__hover_enabled=&#8221;on&#8221; button_two_bg_color__hover=&#8221;#ff8a70&#8243;][\/et_pb_fullwidth_header][\/et_pb_section][et_pb_section fb_built=&#8221;1&#8243; _builder_version=&#8221;4.16&#8243; _module_preset=&#8221;default&#8221; global_colors_info=&#8221;{}&#8221;][et_pb_row _builder_version=&#8221;4.16&#8243; _module_preset=&#8221;default&#8221; global_colors_info=&#8221;{}&#8221;][et_pb_column type=&#8221;4_4&#8243; _builder_version=&#8221;4.16&#8243; _module_preset=&#8221;default&#8221; global_colors_info=&#8221;{}&#8221;][et_pb_text _builder_version=&#8221;4.24.2&#8243; _module_preset=&#8221;default&#8221; text_orientation=&#8221;justified&#8221; global_colors_info=&#8221;{}&#8221;]<\/p>\n<p align=\"LEFT\">Nuestro centro actual naci\u00f3 en 1990 en el edificio Valc\u00e1rcel como Instituto de Bachillerato si bien ven\u00eda funcionando, desde alg\u00fan tiempo antes, como una extensi\u00f3n del Instituto Santa Mar\u00eda del Rosario ya desaparecido.<\/p>\n<p align=\"LEFT\">En el a\u00f1o 2000 se traslad\u00f3 al edificio que ocupamos en la actualidad, ya con la denominaci\u00f3n de IES La Caleta, por lo que siempre ha estado vinculado al barrio de la Vi\u00f1a que constituye su entorno natural y social y del que procede una gran parte de su alumnado.<\/p>\n<div>\n<div class=\"yj6qo\">&nbsp;<\/div>\n<div class=\"adL\">&nbsp;<\/div>\n<\/div>\n<p>[\/et_pb_text][et_pb_gallery gallery_ids=&#8221;2329,2328,2922,2698&#8243; show_title_and_caption=&#8221;off&#8221; show_pagination=&#8221;off&#8221; _builder_version=&#8221;4.24.2&#8243; _module_preset=&#8221;default&#8221; global_colors_info=&#8221;{}&#8221;][\/et_pb_gallery][\/et_pb_column][\/et_pb_row][et_pb_row column_structure=&#8221;1_2,1_2&#8243; _builder_version=&#8221;4.16&#8243; _module_preset=&#8221;default&#8221; global_colors_info=&#8221;{}&#8221;][et_pb_column type=&#8221;1_2&#8243; _builder_version=&#8221;4.16&#8243; _module_preset=&#8221;default&#8221; global_colors_info=&#8221;{}&#8221;][et_pb_text _builder_version=&#8221;4.24.2&#8243; _module_preset=&#8221;default&#8221; text_orientation=&#8221;justified&#8221; hover_enabled=&#8221;0&#8243; global_colors_info=&#8221;{}&#8221; sticky_enabled=&#8221;0&#8243;]<\/p>\n<p style=\"text-align: center\" align=\"LEFT\"><strong><span style=\"font-size: 14pt\">Oferta Educativa<\/span><\/strong><\/p>\n<div style=\"text-align: center\">&nbsp;<\/div>\n<div style=\"text-align: center\">En la actualidad se desarrollan en el centro las etapas de:<\/div>\n<div style=\"text-align: center\">&nbsp;<\/div>\n<div style=\"text-align: center\">\n<table style=\"border-collapse: collapse;width: 100%\">\n<tbody>\n<tr>\n<td style=\"width: 100%\">\n<ul>\n<li><strong>Educaci\u00f3n Secundaria (E.S.O.).<\/strong><\/li>\n<\/ul>\n<\/td>\n<\/tr>\n<tr>\n<td style=\"width: 100%\">\n<ul>\n<li>Bachillerato, en sus ramas del <strong>Bachillerato de Ciencias<\/strong> y el <strong>Bachillerato de de Humanidades y Ciencias Sociales<\/strong>.<\/li>\n<\/ul>\n<\/td>\n<\/tr>\n<\/tbody>\n<\/table>\n<\/div>\n<div style=\"text-align: center\">&nbsp;<\/div>\n<div style=\"text-align: center\">Para el curso 2025\/26 el alumnado total del centro asciende, aproximadamente, a 275 entre ambas etapas.<\/div>\n<div>&nbsp;<\/div>\n<div style=\"text-align: center\">En el centro se desarrollan una gran cantidad de <span style=\"font-size: 12pt\"><a title=\"Planes y proyectos\" href=\"https:\/\/blogsaverroes.juntadeandalucia.es\/ieslacaleta\/planes-y-proyectos\/\">proyectos y programas educativos<\/a><\/span>,<\/div>\n<p>[\/et_pb_text][\/et_pb_column][et_pb_column type=&#8221;1_2&#8243; _builder_version=&#8221;4.16&#8243; _module_preset=&#8221;default&#8221; global_colors_info=&#8221;{}&#8221;][et_pb_text _builder_version=&#8221;4.24.2&#8243; _module_preset=&#8221;default&#8221; text_orientation=&#8221;justified&#8221; global_colors_info=&#8221;{}&#8221;]<\/p>\n<p style=\"text-align: center\" align=\"LEFT\"><span style=\"font-size: 18.6667px\"><b>Proyecto Educativo<\/b><\/span><\/p>\n<div>&nbsp;<\/div>\n<div style=\"text-align: center\">Se trata de un documento vivo que recoge las bases de nuestras actuaciones educativas teniendo en cuenta las caracter\u00edsticas propias y diferenciadoras de nuestro centr y que va modific\u00e1ndose seg\u00fan las propuestas de los diferentes sectores de nuestra comunidad educativa.<\/div>\n<div>&nbsp;<\/div>\n<div style=\"text-align: center\">Abajo ten\u00e9is todos los documentos que lo integran.<\/div>\n<div>&nbsp;<\/div>\n<div style=\"text-align: center\"><span style=\"font-size: 14pt\">NUESTRO PROYECTO EDUCATIVO <\/span><\/div>\n<div style=\"text-align: center\"><span style=\"font-size: 14pt\">DOCUMENTOS 2025\/26<\/span><\/div>\n<p>[\/et_pb_text][\/et_pb_column][\/et_pb_row][et_pb_row _builder_version=&#8221;4.16&#8243; _module_preset=&#8221;default&#8221; global_colors_info=&#8221;{}&#8221;][et_pb_column type=&#8221;4_4&#8243; _builder_version=&#8221;4.16&#8243; _module_preset=&#8221;default&#8221; global_colors_info=&#8221;{}&#8221;][et_pb_divider _builder_version=&#8221;4.16&#8243; _module_preset=&#8221;default&#8221; global_colors_info=&#8221;{}&#8221;][\/et_pb_divider][\/et_pb_column][\/et_pb_row][\/et_pb_section]<\/p>\n","protected":false},"excerpt":{"rendered":"<p>Nuestro centro actual naci\u00f3 en 1990 en el edificio Valc\u00e1rcel como Instituto de Bachillerato si bien ven\u00eda funcionando, desde alg\u00fan tiempo antes, como una extensi\u00f3n del Instituto Santa Mar\u00eda del Rosario ya desaparecido. En el a\u00f1o 2000 se traslad\u00f3 al edificio que ocupamos en la actualidad, ya con la denominaci\u00f3n de IES La Caleta, por [&hellip;]<\/p>\n","protected":false},"author":15488,"featured_media":0,"parent":0,"menu_order":0,"comment_status":"closed","ping_status":"closed","template":"","meta":{"_et_pb_use_builder":"on","_et_pb_old_content":"","_et_gb_content_width":"","ngg_post_thumbnail":0,"footnotes":""},"aioseo_notices":[],"_links":{"self":[{"href":"https:\/\/blogsaverroes.juntadeandalucia.es\/ieslacaleta\/wp-json\/wp\/v2\/pages\/1994"}],"collection":[{"href":"https:\/\/blogsaverroes.juntadeandalucia.es\/ieslacaleta\/wp-json\/wp\/v2\/pages"}],"about":[{"href":"https:\/\/blogsaverroes.juntadeandalucia.es\/ieslacaleta\/wp-json\/wp\/v2\/types\/page"}],"author":[{"embeddable":true,"href":"https:\/\/blogsaverroes.juntadeandalucia.es\/ieslacaleta\/wp-json\/wp\/v2\/users\/15488"}],"replies":[{"embeddable":true,"href":"https:\/\/blogsaverroes.juntadeandalucia.es\/ieslacaleta\/wp-json\/wp\/v2\/comments?post=1994"}],"version-history":[{"count":26,"href":"https:\/\/blogsaverroes.juntadeandalucia.es\/ieslacaleta\/wp-json\/wp\/v2\/pages\/1994\/revisions"}],"predecessor-version":[{"id":3546,"href":"https:\/\/blogsaverroes.juntadeandalucia.es\/ieslacaleta\/wp-json\/wp\/v2\/pages\/1994\/revisions\/3546"}],"wp:attachment":[{"href":"https:\/\/blogsaverroes.juntadeandalucia.es\/ieslacaleta\/wp-json\/wp\/v2\/media?parent=1994"}],"curies":[{"name":"wp","href":"https:\/\/api.w.org\/{rel}","templated":true}]}}