{"id":1806,"date":"2015-03-17T07:46:28","date_gmt":"2015-03-17T07:46:28","guid":{"rendered":"http:\/\/blogsaverroes.juntadeandalucia.es\/pre\/ceip\/?page_id=144"},"modified":"2024-11-02T10:34:42","modified_gmt":"2024-11-02T09:34:42","slug":"presentacion-ori","status":"publish","type":"page","link":"https:\/\/blogsaverroes.juntadeandalucia.es\/ieslajarcia\/presentacion-ori\/","title":{"rendered":"Presentaci\u00f3n del Departamento de Orientaci\u00f3n"},"content":{"rendered":"<h2><img fetchpriority=\"high\" decoding=\"async\" class=\"alignleft size-full wp-image-8033\" src=\"https:\/\/blogsaverroes.juntadeandalucia.es\/ieslajarcia\/files\/2024\/10\/Imagen-Orientacion-Educativa.jpeg\" alt=\"\" width=\"567\" height=\"276\" srcset=\"https:\/\/blogsaverroes.juntadeandalucia.es\/ieslajarcia\/files\/2024\/10\/Imagen-Orientacion-Educativa.jpeg 567w, https:\/\/blogsaverroes.juntadeandalucia.es\/ieslajarcia\/files\/2024\/10\/Imagen-Orientacion-Educativa-150x73.jpeg 150w\" sizes=\"(max-width: 567px) 100vw, 567px\" \/><\/h2>\n<h3 class=\"western\">&nbsp;<\/h3>\n<p><span style=\"font-size: 14pt\">La Orientaci\u00f3n Educativa y Profesional es un derecho fundamental del alumnado y sus familias. Desde nuestro Departamento, coordinamos y asesoramos sobre la atenci\u00f3n a la diversidad; facilitamos la acci\u00f3n tutorial; fomentamos una adecuada orientaci\u00f3n acad\u00e9mica y profesional; colaboramos en la mejora de la convivencia en nuestro centro y ayudamos al profesorado y&nbsp;<\/span><br \/>\n<span style=\"font-size: 14pt\">a las familias en el desarrollo del proceso de ense\u00f1anza-aprendizaje.<\/span><br \/>\n<span style=\"font-size: 14pt\">Nuestro principal objetivo es promover el adecuado desarrollo de nuestro alumnado adolescente a nivel acad\u00e9mico, personal, emocional y social, y con&nbsp;ese firme compromiso trabajamos de manera coordinada d\u00eda a d\u00eda.<\/span><\/p>\n<p><span style=\"font-size: 14pt\">En nuestro instituto, el Departamento de Orientaci\u00f3n est\u00e1 compuesto por una Orientadora y un Maestro especialista en Pedagog\u00eda Terap\u00e9utica. Tambi\u00e9n se adscriben a nuestro departamento el profesorado responsable de los \u00e1mbitos del Programa de Diversificaci\u00f3n Curricular, y la Educadora Social del EOE de Puerto Real, que asiste al centro una vez en semana.<\/span><\/p>\n<p><strong><span style=\"font-size: 18pt;color: #0000ff\">Componentes<\/span><\/strong><\/p>\n<table style=\"border-collapse: collapse;width: 71.0356%;height: 39px\">\n<tbody>\n<tr>\n<td style=\"width: 43.9728%\"><span style=\"font-size: 14pt\">Marta G\u00fcelfo M\u00e1rquez<\/span><\/td>\n<td style=\"width: 57.2763%\"><span style=\"font-size: 14pt\">Orientadora y Jefa de Departamento<\/span><\/td>\n<\/tr>\n<tr>\n<td style=\"width: 43.9728%\"><span style=\"font-size: 14pt\">Mario Barrios Fuentes<\/span><\/td>\n<td style=\"width: 57.2763%\"><span style=\"font-size: 14pt\">Maestro especialista en Pedagog\u00eda Terap\u00e9utica<\/span><\/td>\n<\/tr>\n<\/tbody>\n<\/table>\n<p>&nbsp;<\/p>\n","protected":false},"excerpt":{"rendered":"<p>&nbsp; La Orientaci\u00f3n Educativa y Profesional es un derecho fundamental del alumnado y sus familias. Desde nuestro Departamento, coordinamos y asesoramos sobre la atenci\u00f3n a la diversidad; facilitamos la acci\u00f3n&#46;&#46;&#46;<\/p>\n","protected":false},"author":1,"featured_media":0,"parent":0,"menu_order":0,"comment_status":"closed","ping_status":"open","template":"","meta":{"ngg_post_thumbnail":0,"footnotes":"","_mc_calendar":[]},"aioseo_notices":[],"post_mailing_queue_ids":[],"_links":{"self":[{"href":"https:\/\/blogsaverroes.juntadeandalucia.es\/ieslajarcia\/wp-json\/wp\/v2\/pages\/1806"}],"collection":[{"href":"https:\/\/blogsaverroes.juntadeandalucia.es\/ieslajarcia\/wp-json\/wp\/v2\/pages"}],"about":[{"href":"https:\/\/blogsaverroes.juntadeandalucia.es\/ieslajarcia\/wp-json\/wp\/v2\/types\/page"}],"author":[{"embeddable":true,"href":"https:\/\/blogsaverroes.juntadeandalucia.es\/ieslajarcia\/wp-json\/wp\/v2\/users\/1"}],"replies":[{"embeddable":true,"href":"https:\/\/blogsaverroes.juntadeandalucia.es\/ieslajarcia\/wp-json\/wp\/v2\/comments?post=1806"}],"version-history":[{"count":14,"href":"https:\/\/blogsaverroes.juntadeandalucia.es\/ieslajarcia\/wp-json\/wp\/v2\/pages\/1806\/revisions"}],"predecessor-version":[{"id":8045,"href":"https:\/\/blogsaverroes.juntadeandalucia.es\/ieslajarcia\/wp-json\/wp\/v2\/pages\/1806\/revisions\/8045"}],"wp:attachment":[{"href":"https:\/\/blogsaverroes.juntadeandalucia.es\/ieslajarcia\/wp-json\/wp\/v2\/media?parent=1806"}],"curies":[{"name":"wp","href":"https:\/\/api.w.org\/{rel}","templated":true}]}}