{"id":35,"date":"2015-03-13T08:21:43","date_gmt":"2015-03-13T08:21:43","guid":{"rendered":"http:\/\/blogsaverroes.juntadeandalucia.es\/pre\/ceip\/?page_id=35"},"modified":"2023-03-09T17:10:29","modified_gmt":"2023-03-09T16:10:29","slug":"nuestro-centro-2","status":"publish","type":"page","link":"https:\/\/blogsaverroes.juntadeandalucia.es\/ieslajarcia\/nuestro-centro-2\/","title":{"rendered":"Nuestro centro"},"content":{"rendered":"<p><iframe src=\"https:\/\/www.google.com\/maps\/embed?pb=!1m18!1m12!1m3!1d2267.053607669093!2d-6.195244959354642!3d36.52763102049332!2m3!1f0!2f0!3f0!3m2!1i1024!2i768!4f13.1!3m3!1m2!1s0xd0dcc2cd4734391%3A0xa474fa20f3edd785!2sIES%20La%20Jarcia!5e0!3m2!1ses!2ses!4v1601069761668!5m2!1ses!2ses\" width=\"600\" height=\"450\" frameborder=\"0\"><\/iframe><\/p>\n<h4>&nbsp;<\/h4>\n<h4><strong>Datos de contacto<\/strong><\/h4>\n<h4><strong>Direcci\u00f3n:<\/strong> &nbsp;Calle&nbsp;Ribera del muelle s\/n, 11510 Puerto Real<br \/>\n<strong>Tel\u00e9fono \/ FAX: 956243509 \/ 956243515<\/strong><br \/>\n<strong>Email:<\/strong>&nbsp;1700718.edu@juntadeandalucia.es<\/h4>\n<h4><strong>Horarios<\/strong><\/h4>\n<p>Horario lectivo: De 08:00 a 14:30<\/p>\n<p>Tutor\u00edas:&nbsp;<\/p>\n<p>Programa de Acompa\u00f1amiento: Lunes y mi\u00e9rcoles de 16:00 a 18:00<\/p>\n<h4><strong>Oferta educativa<\/strong><\/h4>\n<p>ESO Pluriling\u00fce<\/p>\n<h4><strong>Nuestro Centro<\/strong><\/h4>\n<p align=\"justify\">El <strong>I.E.S. La Jarcia<\/strong> est\u00e1 ubicado en la zona sur de Puerto Real, localidad de la provincia de C\u00e1diz, lindando con el Paseo Mar\u00edtimo, y es un centro que tras su reconversi\u00f3n en el curso 97\/98 s\u00f3lo imparte Educaci\u00f3n Secundaria Obligatoria. Anteriormente fue colegio p\u00fablico. Su nombre est\u00e1 anclado en la tradici\u00f3n marinera de esta poblaci\u00f3n, siendo \u00abla jarcia\u00bb el conjunto de cabos y aparejos de un barco, as\u00ed como el conjunto de redes para pescar.<\/p>\n<p align=\"justify\">Consta de 3 cuerpos de edificio, dos canchas de deportes al aire libre y un aparcamiento.<\/p>\n<p align=\"justify\">El <strong>cuerpo principal<\/strong> se divide en dos plantas:<\/p>\n<blockquote>\n<p align=\"justify\">En la planta baja se encuentran: Conserjer\u00eda, Secretar\u00eda, Sala Usos M\u00faltiples, 5 Aulas, Aseos para alumnos, Cuarto de limpieza, Despacho de la A.M.P.A. y Almac\u00e9n.<\/p>\n<p align=\"justify\">En la planta alta se encuentran: 8 Aulas, Sala de Profesores, Aseos para profesores, Sala para Padres, Despachos para Director y Jefe de Estudios, y Departamento de Orientaci\u00f3n.<\/p>\n<\/blockquote>\n<p align=\"justify\">El <strong>segundo cuerpo<\/strong> tambi\u00e9n se divide en dos plantas, con una gran rampa para acceso de minusv\u00e1lidos:<\/p>\n<blockquote>\n<p align=\"justify\">En la planta baja se encuentran: Aulas de Inform\u00e1tica, M\u00fasica, Educaci\u00f3n Pl\u00e1stica y Visual, Laboratorio de Ciencias, Almac\u00e9n de Educaci\u00f3n F\u00edsica, Aseos para alumnos y Cafeter\u00eda.<\/p>\n<p align=\"justify\">En la planta alta se encuentran: Biblioteca, Despachos de Departamentos, Aulas de Apoyo, Aula de Convivencia, Aula de P.T., Aulas de PMAR y Diversificaci\u00f3n, A.M.P.A. y Aseos para alumnos<\/p>\n<\/blockquote>\n<p align=\"justify\">El <strong>tercer cuerpo<\/strong> es un edificio de planta baja que acoge un Taller de Tecnolog\u00eda, Aula diversa, Almac\u00e9n y Aseos para alumnos.<\/p>\n<p align=\"justify\">La <strong>distribuci\u00f3n del alumnado<\/strong> durante el presente curso, 2020\/21, es la siguiente:<\/p>\n<table border=\"0\" width=\"276\" align=\"center\">\n<tbody>\n<tr>\n<td width=\"129\"><u>1\u00ba E.S.O.<\/u> : 3 grupos<\/td>\n<td width=\"137\"><u>3\u00ba E.S.O.<\/u> : 3 grupos<\/td>\n<\/tr>\n<tr>\n<td><u>2\u00ba E.S.O.<\/u> : 3 grupos<\/td>\n<td><u>4\u00ba E.S.O.<\/u> : 2 grupos<\/td>\n<\/tr>\n<\/tbody>\n<\/table>\n<p>El&nbsp;<strong>I.E.S. La Jarcia<\/strong>&nbsp;est\u00e1 ubicado en la zona sur de Puerto Real, localidad de la provincia de C\u00e1diz, lindando con el Paseo Mar\u00edtimo, y es un centro que tras su reconversi\u00f3n en el curso 97\/98 s\u00f3lo imparte Educaci\u00f3n Secundaria Obligatoria. Anteriormente fue colegio p\u00fablico. Su nombre est\u00e1 anclado en la tradici\u00f3n marinera de esta poblaci\u00f3n, siendo \u00abla jarcia\u00bb el conjunto de cabos y aparejos de un barco, as\u00ed como el conjunto de redes para pescar.<\/p>\n<p>Consta de 3 cuerpos de edificio, dos canchas de deportes al aire libre y un aparcamiento.<\/p>\n<p><strong>Marie Bigey<\/strong>, nuestra Auxiliar de conversaci\u00f3n para el curso 22-23,&nbsp; nos presenta el instituto en franc\u00e9s.<\/p>\n<div style=\"width: 320px;\" class=\"wp-video\"><!--[if lt IE 9]><script>document.createElement('video');<\/script><![endif]-->\n<video class=\"wp-video-shortcode\" id=\"video-35-1\" width=\"320\" height=\"184\" preload=\"metadata\" controls=\"controls\"><source type=\"video\/mp4\" src=\"https:\/\/blogsaverroes.juntadeandalucia.es\/ieslajarcia\/files\/2023\/03\/Vid\u00e9o-pr\u00e9sentation-la-Jarcia-.mp4?_=1\" \/><a href=\"https:\/\/blogsaverroes.juntadeandalucia.es\/ieslajarcia\/files\/2023\/03\/Vid\u00e9o-pr\u00e9sentation-la-Jarcia-.mp4\">https:\/\/blogsaverroes.juntadeandalucia.es\/ieslajarcia\/files\/2023\/03\/Vid\u00e9o-pr\u00e9sentation-la-Jarcia-.mp4<\/a><\/video><\/div>\n<h4>&nbsp;<\/h4>\n<h4><strong>Instalaciones<\/strong><\/h4>\n<p><!-- index.php -->\n<div\n\tclass=\"ngg-galleryoverview\n\t ngg-ajax-pagination-none\t\"\n\tid=\"ngg-gallery-259f63327923278585ff337e49828d86-1\">\n\n\t\t<div class=\"slideshowlink\">\n\t\t<a href='https:\/\/blogsaverroes.juntadeandalucia.es\/ieslajarcia\/nuestro-centro-2\/nggallery\/slideshow'>[Mostrar presentaci\u00f3n de diapositivas]<\/a>\n\n\t<\/div>\n\t\t\t<!-- Thumbnails -->\n\t\t\t\t<div id=\"ngg-image-0\" class=\"ngg-gallery-thumbnail-box\"\n\t\t\t\t\t\t\t\t\t\t\t>\n\t\t\t\t\t\t<div class=\"ngg-gallery-thumbnail\">\n\t\t\t<a href=\"https:\/\/blogsaverroes.juntadeandalucia.es\/ieslajarcia\/wp-content\/uploads\/sites\/797\/nggallery\/prueba\/bajo_XL-150x150.jpg\"\n\t\t\t\ttitle=\"\"\n\t\t\t\tdata-src=\"https:\/\/blogsaverroes.juntadeandalucia.es\/ieslajarcia\/wp-content\/uploads\/sites\/797\/nggallery\/prueba\/bajo_XL-150x150.jpg\"\n\t\t\t\tdata-thumbnail=\"https:\/\/blogsaverroes.juntadeandalucia.es\/ieslajarcia\/wp-content\/uploads\/sites\/797\/nggallery\/prueba\/thumbs\/thumbs_bajo_XL-150x150.jpg\"\n\t\t\t\tdata-image-id=\"23\"\n\t\t\t\tdata-title=\"bajo_XL-150x150\"\n\t\t\t\tdata-description=\"\"\n\t\t\t\tdata-image-slug=\"bajo_xl-150x150-7\"\n\t\t\t\tclass=\"ngg-fancybox\" rel=\"259f63327923278585ff337e49828d86\">\n\t\t\t\t<img\n\t\t\t\t\ttitle=\"bajo_XL-150x150\"\n\t\t\t\t\talt=\"bajo_XL-150x150\"\n\t\t\t\t\tsrc=\"https:\/\/blogsaverroes.juntadeandalucia.es\/ieslajarcia\/wp-content\/uploads\/sites\/797\/nggallery\/prueba\/thumbs\/thumbs_bajo_XL-150x150.jpg\"\n\t\t\t\t\twidth=\"120\"\n\t\t\t\t\theight=\"90\"\n\t\t\t\t\tstyle=\"max-width:100%;\"\n\t\t\t\t\/>\n\t\t\t<\/a>\n\t\t<\/div>\n\t\t\t\t\t\t\t<\/div>\n\t\t\t\n\t\t\n\t\t\t\t<div id=\"ngg-image-1\" class=\"ngg-gallery-thumbnail-box\"\n\t\t\t\t\t\t\t\t\t\t\t>\n\t\t\t\t\t\t<div class=\"ngg-gallery-thumbnail\">\n\t\t\t<a href=\"https:\/\/blogsaverroes.juntadeandalucia.es\/ieslajarcia\/wp-content\/uploads\/sites\/797\/nggallery\/prueba\/entorno_XL.jpg\"\n\t\t\t\ttitle=\" \"\n\t\t\t\tdata-src=\"https:\/\/blogsaverroes.juntadeandalucia.es\/ieslajarcia\/wp-content\/uploads\/sites\/797\/nggallery\/prueba\/entorno_XL.jpg\"\n\t\t\t\tdata-thumbnail=\"https:\/\/blogsaverroes.juntadeandalucia.es\/ieslajarcia\/wp-content\/uploads\/sites\/797\/nggallery\/prueba\/thumbs\/thumbs_entorno_XL.jpg\"\n\t\t\t\tdata-image-id=\"24\"\n\t\t\t\tdata-title=\"entorno_XL\"\n\t\t\t\tdata-description=\" \"\n\t\t\t\tdata-image-slug=\"entorno_xl-5\"\n\t\t\t\tclass=\"ngg-fancybox\" rel=\"259f63327923278585ff337e49828d86\">\n\t\t\t\t<img\n\t\t\t\t\ttitle=\"entorno_XL\"\n\t\t\t\t\talt=\"entorno_XL\"\n\t\t\t\t\tsrc=\"https:\/\/blogsaverroes.juntadeandalucia.es\/ieslajarcia\/wp-content\/uploads\/sites\/797\/nggallery\/prueba\/thumbs\/thumbs_entorno_XL.jpg\"\n\t\t\t\t\twidth=\"120\"\n\t\t\t\t\theight=\"90\"\n\t\t\t\t\tstyle=\"max-width:100%;\"\n\t\t\t\t\/>\n\t\t\t<\/a>\n\t\t<\/div>\n\t\t\t\t\t\t\t<\/div>\n\t\t\t\n\t\t\n\t\t\t\t<div id=\"ngg-image-2\" class=\"ngg-gallery-thumbnail-box\"\n\t\t\t\t\t\t\t\t\t\t\t>\n\t\t\t\t\t\t<div class=\"ngg-gallery-thumbnail\">\n\t\t\t<a href=\"https:\/\/blogsaverroes.juntadeandalucia.es\/ieslajarcia\/wp-content\/uploads\/sites\/797\/nggallery\/prueba\/exterior_XL-e1453241964868.jpg\"\n\t\t\t\ttitle=\" \"\n\t\t\t\tdata-src=\"https:\/\/blogsaverroes.juntadeandalucia.es\/ieslajarcia\/wp-content\/uploads\/sites\/797\/nggallery\/prueba\/exterior_XL-e1453241964868.jpg\"\n\t\t\t\tdata-thumbnail=\"https:\/\/blogsaverroes.juntadeandalucia.es\/ieslajarcia\/wp-content\/uploads\/sites\/797\/nggallery\/prueba\/thumbs\/thumbs_exterior_XL-e1453241964868.jpg\"\n\t\t\t\tdata-image-id=\"25\"\n\t\t\t\tdata-title=\"exterior_XL-e1453241964868\"\n\t\t\t\tdata-description=\" \"\n\t\t\t\tdata-image-slug=\"exterior_xl-e1453241964868-5\"\n\t\t\t\tclass=\"ngg-fancybox\" rel=\"259f63327923278585ff337e49828d86\">\n\t\t\t\t<img\n\t\t\t\t\ttitle=\"exterior_XL-e1453241964868\"\n\t\t\t\t\talt=\"exterior_XL-e1453241964868\"\n\t\t\t\t\tsrc=\"https:\/\/blogsaverroes.juntadeandalucia.es\/ieslajarcia\/wp-content\/uploads\/sites\/797\/nggallery\/prueba\/thumbs\/thumbs_exterior_XL-e1453241964868.jpg\"\n\t\t\t\t\twidth=\"120\"\n\t\t\t\t\theight=\"90\"\n\t\t\t\t\tstyle=\"max-width:100%;\"\n\t\t\t\t\/>\n\t\t\t<\/a>\n\t\t<\/div>\n\t\t\t\t\t\t\t<\/div>\n\t\t\t\n\t\t\n\t\t\t\t<div id=\"ngg-image-3\" class=\"ngg-gallery-thumbnail-box\"\n\t\t\t\t\t\t\t\t\t\t\t>\n\t\t\t\t\t\t<div class=\"ngg-gallery-thumbnail\">\n\t\t\t<a href=\"https:\/\/blogsaverroes.juntadeandalucia.es\/ieslajarcia\/wp-content\/uploads\/sites\/797\/nggallery\/prueba\/mural_XL.jpg\"\n\t\t\t\ttitle=\" \"\n\t\t\t\tdata-src=\"https:\/\/blogsaverroes.juntadeandalucia.es\/ieslajarcia\/wp-content\/uploads\/sites\/797\/nggallery\/prueba\/mural_XL.jpg\"\n\t\t\t\tdata-thumbnail=\"https:\/\/blogsaverroes.juntadeandalucia.es\/ieslajarcia\/wp-content\/uploads\/sites\/797\/nggallery\/prueba\/thumbs\/thumbs_mural_XL.jpg\"\n\t\t\t\tdata-image-id=\"26\"\n\t\t\t\tdata-title=\"mural_XL\"\n\t\t\t\tdata-description=\" \"\n\t\t\t\tdata-image-slug=\"mural_xl-5\"\n\t\t\t\tclass=\"ngg-fancybox\" rel=\"259f63327923278585ff337e49828d86\">\n\t\t\t\t<img\n\t\t\t\t\ttitle=\"mural_XL\"\n\t\t\t\t\talt=\"mural_XL\"\n\t\t\t\t\tsrc=\"https:\/\/blogsaverroes.juntadeandalucia.es\/ieslajarcia\/wp-content\/uploads\/sites\/797\/nggallery\/prueba\/thumbs\/thumbs_mural_XL.jpg\"\n\t\t\t\t\twidth=\"120\"\n\t\t\t\t\theight=\"90\"\n\t\t\t\t\tstyle=\"max-width:100%;\"\n\t\t\t\t\/>\n\t\t\t<\/a>\n\t\t<\/div>\n\t\t\t\t\t\t\t<\/div>\n\t\t\t\n\t\t\n\t\t\t\t<div id=\"ngg-image-4\" class=\"ngg-gallery-thumbnail-box\"\n\t\t\t\t\t\t\t\t\t\t\t>\n\t\t\t\t\t\t<div class=\"ngg-gallery-thumbnail\">\n\t\t\t<a href=\"https:\/\/blogsaverroes.juntadeandalucia.es\/ieslajarcia\/wp-content\/uploads\/sites\/797\/nggallery\/prueba\/IMG_20160310_080746.jpg\"\n\t\t\t\ttitle=\"\"\n\t\t\t\tdata-src=\"https:\/\/blogsaverroes.juntadeandalucia.es\/ieslajarcia\/wp-content\/uploads\/sites\/797\/nggallery\/prueba\/IMG_20160310_080746.jpg\"\n\t\t\t\tdata-thumbnail=\"https:\/\/blogsaverroes.juntadeandalucia.es\/ieslajarcia\/wp-content\/uploads\/sites\/797\/nggallery\/prueba\/thumbs\/thumbs_IMG_20160310_080746.jpg\"\n\t\t\t\tdata-image-id=\"381\"\n\t\t\t\tdata-title=\"IMG_20160310_080746\"\n\t\t\t\tdata-description=\"\"\n\t\t\t\tdata-image-slug=\"img_20160310_080746\"\n\t\t\t\tclass=\"ngg-fancybox\" rel=\"259f63327923278585ff337e49828d86\">\n\t\t\t\t<img\n\t\t\t\t\ttitle=\"IMG_20160310_080746\"\n\t\t\t\t\talt=\"IMG_20160310_080746\"\n\t\t\t\t\tsrc=\"https:\/\/blogsaverroes.juntadeandalucia.es\/ieslajarcia\/wp-content\/uploads\/sites\/797\/nggallery\/prueba\/thumbs\/thumbs_IMG_20160310_080746.jpg\"\n\t\t\t\t\twidth=\"120\"\n\t\t\t\t\theight=\"90\"\n\t\t\t\t\tstyle=\"max-width:100%;\"\n\t\t\t\t\/>\n\t\t\t<\/a>\n\t\t<\/div>\n\t\t\t\t\t\t\t<\/div>\n\t\t\t\n\t\t\n\t\t\t\t<div id=\"ngg-image-5\" class=\"ngg-gallery-thumbnail-box\"\n\t\t\t\t\t\t\t\t\t\t\t>\n\t\t\t\t\t\t<div class=\"ngg-gallery-thumbnail\">\n\t\t\t<a href=\"https:\/\/blogsaverroes.juntadeandalucia.es\/ieslajarcia\/wp-content\/uploads\/sites\/797\/nggallery\/prueba\/IMG_20160310_080718.jpg\"\n\t\t\t\ttitle=\"\"\n\t\t\t\tdata-src=\"https:\/\/blogsaverroes.juntadeandalucia.es\/ieslajarcia\/wp-content\/uploads\/sites\/797\/nggallery\/prueba\/IMG_20160310_080718.jpg\"\n\t\t\t\tdata-thumbnail=\"https:\/\/blogsaverroes.juntadeandalucia.es\/ieslajarcia\/wp-content\/uploads\/sites\/797\/nggallery\/prueba\/thumbs\/thumbs_IMG_20160310_080718.jpg\"\n\t\t\t\tdata-image-id=\"382\"\n\t\t\t\tdata-title=\"IMG_20160310_080718\"\n\t\t\t\tdata-description=\"\"\n\t\t\t\tdata-image-slug=\"img_20160310_080718\"\n\t\t\t\tclass=\"ngg-fancybox\" rel=\"259f63327923278585ff337e49828d86\">\n\t\t\t\t<img\n\t\t\t\t\ttitle=\"IMG_20160310_080718\"\n\t\t\t\t\talt=\"IMG_20160310_080718\"\n\t\t\t\t\tsrc=\"https:\/\/blogsaverroes.juntadeandalucia.es\/ieslajarcia\/wp-content\/uploads\/sites\/797\/nggallery\/prueba\/thumbs\/thumbs_IMG_20160310_080718.jpg\"\n\t\t\t\t\twidth=\"120\"\n\t\t\t\t\theight=\"90\"\n\t\t\t\t\tstyle=\"max-width:100%;\"\n\t\t\t\t\/>\n\t\t\t<\/a>\n\t\t<\/div>\n\t\t\t\t\t\t\t<\/div>\n\t\t\t\n\t\t\n\t\t\t\t<div id=\"ngg-image-6\" class=\"ngg-gallery-thumbnail-box\"\n\t\t\t\t\t\t\t\t\t\t\t>\n\t\t\t\t\t\t<div class=\"ngg-gallery-thumbnail\">\n\t\t\t<a href=\"https:\/\/blogsaverroes.juntadeandalucia.es\/ieslajarcia\/wp-content\/uploads\/sites\/797\/nggallery\/prueba\/IMG_20160306_095417.jpg\"\n\t\t\t\ttitle=\"\"\n\t\t\t\tdata-src=\"https:\/\/blogsaverroes.juntadeandalucia.es\/ieslajarcia\/wp-content\/uploads\/sites\/797\/nggallery\/prueba\/IMG_20160306_095417.jpg\"\n\t\t\t\tdata-thumbnail=\"https:\/\/blogsaverroes.juntadeandalucia.es\/ieslajarcia\/wp-content\/uploads\/sites\/797\/nggallery\/prueba\/thumbs\/thumbs_IMG_20160306_095417.jpg\"\n\t\t\t\tdata-image-id=\"383\"\n\t\t\t\tdata-title=\"IMG_20160306_095417\"\n\t\t\t\tdata-description=\"\"\n\t\t\t\tdata-image-slug=\"img_20160306_095417\"\n\t\t\t\tclass=\"ngg-fancybox\" rel=\"259f63327923278585ff337e49828d86\">\n\t\t\t\t<img\n\t\t\t\t\ttitle=\"IMG_20160306_095417\"\n\t\t\t\t\talt=\"IMG_20160306_095417\"\n\t\t\t\t\tsrc=\"https:\/\/blogsaverroes.juntadeandalucia.es\/ieslajarcia\/wp-content\/uploads\/sites\/797\/nggallery\/prueba\/thumbs\/thumbs_IMG_20160306_095417.jpg\"\n\t\t\t\t\twidth=\"120\"\n\t\t\t\t\theight=\"90\"\n\t\t\t\t\tstyle=\"max-width:100%;\"\n\t\t\t\t\/>\n\t\t\t<\/a>\n\t\t<\/div>\n\t\t\t\t\t\t\t<\/div>\n\t\t\t\n\t\t\n\t\t\t\t<div id=\"ngg-image-7\" class=\"ngg-gallery-thumbnail-box\"\n\t\t\t\t\t\t\t\t\t\t\t>\n\t\t\t\t\t\t<div class=\"ngg-gallery-thumbnail\">\n\t\t\t<a href=\"https:\/\/blogsaverroes.juntadeandalucia.es\/ieslajarcia\/wp-content\/uploads\/sites\/797\/nggallery\/prueba\/IMG_20160306_095413.jpg\"\n\t\t\t\ttitle=\"\"\n\t\t\t\tdata-src=\"https:\/\/blogsaverroes.juntadeandalucia.es\/ieslajarcia\/wp-content\/uploads\/sites\/797\/nggallery\/prueba\/IMG_20160306_095413.jpg\"\n\t\t\t\tdata-thumbnail=\"https:\/\/blogsaverroes.juntadeandalucia.es\/ieslajarcia\/wp-content\/uploads\/sites\/797\/nggallery\/prueba\/thumbs\/thumbs_IMG_20160306_095413.jpg\"\n\t\t\t\tdata-image-id=\"384\"\n\t\t\t\tdata-title=\"IMG_20160306_095413\"\n\t\t\t\tdata-description=\"\"\n\t\t\t\tdata-image-slug=\"img_20160306_095413\"\n\t\t\t\tclass=\"ngg-fancybox\" rel=\"259f63327923278585ff337e49828d86\">\n\t\t\t\t<img\n\t\t\t\t\ttitle=\"IMG_20160306_095413\"\n\t\t\t\t\talt=\"IMG_20160306_095413\"\n\t\t\t\t\tsrc=\"https:\/\/blogsaverroes.juntadeandalucia.es\/ieslajarcia\/wp-content\/uploads\/sites\/797\/nggallery\/prueba\/thumbs\/thumbs_IMG_20160306_095413.jpg\"\n\t\t\t\t\twidth=\"120\"\n\t\t\t\t\theight=\"90\"\n\t\t\t\t\tstyle=\"max-width:100%;\"\n\t\t\t\t\/>\n\t\t\t<\/a>\n\t\t<\/div>\n\t\t\t\t\t\t\t<\/div>\n\t\t\t\n\t\t\n\t\t\t\t<div id=\"ngg-image-8\" class=\"ngg-gallery-thumbnail-box\"\n\t\t\t\t\t\t\t\t\t\t\t>\n\t\t\t\t\t\t<div class=\"ngg-gallery-thumbnail\">\n\t\t\t<a href=\"https:\/\/blogsaverroes.juntadeandalucia.es\/ieslajarcia\/wp-content\/uploads\/sites\/797\/nggallery\/prueba\/IMG_20160306_095322.jpg\"\n\t\t\t\ttitle=\"\"\n\t\t\t\tdata-src=\"https:\/\/blogsaverroes.juntadeandalucia.es\/ieslajarcia\/wp-content\/uploads\/sites\/797\/nggallery\/prueba\/IMG_20160306_095322.jpg\"\n\t\t\t\tdata-thumbnail=\"https:\/\/blogsaverroes.juntadeandalucia.es\/ieslajarcia\/wp-content\/uploads\/sites\/797\/nggallery\/prueba\/thumbs\/thumbs_IMG_20160306_095322.jpg\"\n\t\t\t\tdata-image-id=\"385\"\n\t\t\t\tdata-title=\"IMG_20160306_095322\"\n\t\t\t\tdata-description=\"\"\n\t\t\t\tdata-image-slug=\"img_20160306_095322\"\n\t\t\t\tclass=\"ngg-fancybox\" rel=\"259f63327923278585ff337e49828d86\">\n\t\t\t\t<img\n\t\t\t\t\ttitle=\"IMG_20160306_095322\"\n\t\t\t\t\talt=\"IMG_20160306_095322\"\n\t\t\t\t\tsrc=\"https:\/\/blogsaverroes.juntadeandalucia.es\/ieslajarcia\/wp-content\/uploads\/sites\/797\/nggallery\/prueba\/thumbs\/thumbs_IMG_20160306_095322.jpg\"\n\t\t\t\t\twidth=\"120\"\n\t\t\t\t\theight=\"90\"\n\t\t\t\t\tstyle=\"max-width:100%;\"\n\t\t\t\t\/>\n\t\t\t<\/a>\n\t\t<\/div>\n\t\t\t\t\t\t\t<\/div>\n\t\t\t\n\t\t\n\t\t\t\t<div id=\"ngg-image-9\" class=\"ngg-gallery-thumbnail-box\"\n\t\t\t\t\t\t\t\t\t\t\t>\n\t\t\t\t\t\t<div class=\"ngg-gallery-thumbnail\">\n\t\t\t<a href=\"https:\/\/blogsaverroes.juntadeandalucia.es\/ieslajarcia\/wp-content\/uploads\/sites\/797\/nggallery\/prueba\/IMG_20160306_094841.jpg\"\n\t\t\t\ttitle=\"\"\n\t\t\t\tdata-src=\"https:\/\/blogsaverroes.juntadeandalucia.es\/ieslajarcia\/wp-content\/uploads\/sites\/797\/nggallery\/prueba\/IMG_20160306_094841.jpg\"\n\t\t\t\tdata-thumbnail=\"https:\/\/blogsaverroes.juntadeandalucia.es\/ieslajarcia\/wp-content\/uploads\/sites\/797\/nggallery\/prueba\/thumbs\/thumbs_IMG_20160306_094841.jpg\"\n\t\t\t\tdata-image-id=\"386\"\n\t\t\t\tdata-title=\"IMG_20160306_094841\"\n\t\t\t\tdata-description=\"\"\n\t\t\t\tdata-image-slug=\"img_20160306_094841\"\n\t\t\t\tclass=\"ngg-fancybox\" rel=\"259f63327923278585ff337e49828d86\">\n\t\t\t\t<img\n\t\t\t\t\ttitle=\"IMG_20160306_094841\"\n\t\t\t\t\talt=\"IMG_20160306_094841\"\n\t\t\t\t\tsrc=\"https:\/\/blogsaverroes.juntadeandalucia.es\/ieslajarcia\/wp-content\/uploads\/sites\/797\/nggallery\/prueba\/thumbs\/thumbs_IMG_20160306_094841.jpg\"\n\t\t\t\t\twidth=\"120\"\n\t\t\t\t\theight=\"90\"\n\t\t\t\t\tstyle=\"max-width:100%;\"\n\t\t\t\t\/>\n\t\t\t<\/a>\n\t\t<\/div>\n\t\t\t\t\t\t\t<\/div>\n\t\t\t\n\t\t\n\t\t\t\t<div id=\"ngg-image-10\" class=\"ngg-gallery-thumbnail-box\"\n\t\t\t\t\t\t\t\t\t\t\t>\n\t\t\t\t\t\t<div class=\"ngg-gallery-thumbnail\">\n\t\t\t<a href=\"https:\/\/blogsaverroes.juntadeandalucia.es\/ieslajarcia\/wp-content\/uploads\/sites\/797\/nggallery\/prueba\/IMG_20160306_094828.jpg\"\n\t\t\t\ttitle=\"\"\n\t\t\t\tdata-src=\"https:\/\/blogsaverroes.juntadeandalucia.es\/ieslajarcia\/wp-content\/uploads\/sites\/797\/nggallery\/prueba\/IMG_20160306_094828.jpg\"\n\t\t\t\tdata-thumbnail=\"https:\/\/blogsaverroes.juntadeandalucia.es\/ieslajarcia\/wp-content\/uploads\/sites\/797\/nggallery\/prueba\/thumbs\/thumbs_IMG_20160306_094828.jpg\"\n\t\t\t\tdata-image-id=\"387\"\n\t\t\t\tdata-title=\"IMG_20160306_094828\"\n\t\t\t\tdata-description=\"\"\n\t\t\t\tdata-image-slug=\"img_20160306_094828\"\n\t\t\t\tclass=\"ngg-fancybox\" rel=\"259f63327923278585ff337e49828d86\">\n\t\t\t\t<img\n\t\t\t\t\ttitle=\"IMG_20160306_094828\"\n\t\t\t\t\talt=\"IMG_20160306_094828\"\n\t\t\t\t\tsrc=\"https:\/\/blogsaverroes.juntadeandalucia.es\/ieslajarcia\/wp-content\/uploads\/sites\/797\/nggallery\/prueba\/thumbs\/thumbs_IMG_20160306_094828.jpg\"\n\t\t\t\t\twidth=\"120\"\n\t\t\t\t\theight=\"90\"\n\t\t\t\t\tstyle=\"max-width:100%;\"\n\t\t\t\t\/>\n\t\t\t<\/a>\n\t\t<\/div>\n\t\t\t\t\t\t\t<\/div>\n\t\t\t\n\t\t\n\t\t\t\t<div id=\"ngg-image-11\" class=\"ngg-gallery-thumbnail-box\"\n\t\t\t\t\t\t\t\t\t\t\t>\n\t\t\t\t\t\t<div class=\"ngg-gallery-thumbnail\">\n\t\t\t<a href=\"https:\/\/blogsaverroes.juntadeandalucia.es\/ieslajarcia\/wp-content\/uploads\/sites\/797\/nggallery\/prueba\/IMG_20160306_094816.jpg\"\n\t\t\t\ttitle=\"\"\n\t\t\t\tdata-src=\"https:\/\/blogsaverroes.juntadeandalucia.es\/ieslajarcia\/wp-content\/uploads\/sites\/797\/nggallery\/prueba\/IMG_20160306_094816.jpg\"\n\t\t\t\tdata-thumbnail=\"https:\/\/blogsaverroes.juntadeandalucia.es\/ieslajarcia\/wp-content\/uploads\/sites\/797\/nggallery\/prueba\/thumbs\/thumbs_IMG_20160306_094816.jpg\"\n\t\t\t\tdata-image-id=\"388\"\n\t\t\t\tdata-title=\"IMG_20160306_094816\"\n\t\t\t\tdata-description=\"\"\n\t\t\t\tdata-image-slug=\"img_20160306_094816\"\n\t\t\t\tclass=\"ngg-fancybox\" rel=\"259f63327923278585ff337e49828d86\">\n\t\t\t\t<img\n\t\t\t\t\ttitle=\"IMG_20160306_094816\"\n\t\t\t\t\talt=\"IMG_20160306_094816\"\n\t\t\t\t\tsrc=\"https:\/\/blogsaverroes.juntadeandalucia.es\/ieslajarcia\/wp-content\/uploads\/sites\/797\/nggallery\/prueba\/thumbs\/thumbs_IMG_20160306_094816.jpg\"\n\t\t\t\t\twidth=\"120\"\n\t\t\t\t\theight=\"90\"\n\t\t\t\t\tstyle=\"max-width:100%;\"\n\t\t\t\t\/>\n\t\t\t<\/a>\n\t\t<\/div>\n\t\t\t\t\t\t\t<\/div>\n\t\t\t\n\t\t\n\t\t\t\t<div id=\"ngg-image-12\" class=\"ngg-gallery-thumbnail-box\"\n\t\t\t\t\t\t\t\t\t\t\t>\n\t\t\t\t\t\t<div class=\"ngg-gallery-thumbnail\">\n\t\t\t<a href=\"https:\/\/blogsaverroes.juntadeandalucia.es\/ieslajarcia\/wp-content\/uploads\/sites\/797\/nggallery\/prueba\/IMG_20160306_094739.jpg\"\n\t\t\t\ttitle=\"\"\n\t\t\t\tdata-src=\"https:\/\/blogsaverroes.juntadeandalucia.es\/ieslajarcia\/wp-content\/uploads\/sites\/797\/nggallery\/prueba\/IMG_20160306_094739.jpg\"\n\t\t\t\tdata-thumbnail=\"https:\/\/blogsaverroes.juntadeandalucia.es\/ieslajarcia\/wp-content\/uploads\/sites\/797\/nggallery\/prueba\/thumbs\/thumbs_IMG_20160306_094739.jpg\"\n\t\t\t\tdata-image-id=\"389\"\n\t\t\t\tdata-title=\"IMG_20160306_094739\"\n\t\t\t\tdata-description=\"\"\n\t\t\t\tdata-image-slug=\"img_20160306_094739\"\n\t\t\t\tclass=\"ngg-fancybox\" rel=\"259f63327923278585ff337e49828d86\">\n\t\t\t\t<img\n\t\t\t\t\ttitle=\"IMG_20160306_094739\"\n\t\t\t\t\talt=\"IMG_20160306_094739\"\n\t\t\t\t\tsrc=\"https:\/\/blogsaverroes.juntadeandalucia.es\/ieslajarcia\/wp-content\/uploads\/sites\/797\/nggallery\/prueba\/thumbs\/thumbs_IMG_20160306_094739.jpg\"\n\t\t\t\t\twidth=\"120\"\n\t\t\t\t\theight=\"90\"\n\t\t\t\t\tstyle=\"max-width:100%;\"\n\t\t\t\t\/>\n\t\t\t<\/a>\n\t\t<\/div>\n\t\t\t\t\t\t\t<\/div>\n\t\t\t\n\t\t\n\t\t\t\t<div id=\"ngg-image-13\" class=\"ngg-gallery-thumbnail-box\"\n\t\t\t\t\t\t\t\t\t\t\t>\n\t\t\t\t\t\t<div class=\"ngg-gallery-thumbnail\">\n\t\t\t<a href=\"https:\/\/blogsaverroes.juntadeandalucia.es\/ieslajarcia\/wp-content\/uploads\/sites\/797\/nggallery\/prueba\/IMG_20160306_094728.jpg\"\n\t\t\t\ttitle=\"\"\n\t\t\t\tdata-src=\"https:\/\/blogsaverroes.juntadeandalucia.es\/ieslajarcia\/wp-content\/uploads\/sites\/797\/nggallery\/prueba\/IMG_20160306_094728.jpg\"\n\t\t\t\tdata-thumbnail=\"https:\/\/blogsaverroes.juntadeandalucia.es\/ieslajarcia\/wp-content\/uploads\/sites\/797\/nggallery\/prueba\/thumbs\/thumbs_IMG_20160306_094728.jpg\"\n\t\t\t\tdata-image-id=\"390\"\n\t\t\t\tdata-title=\"IMG_20160306_094728\"\n\t\t\t\tdata-description=\"\"\n\t\t\t\tdata-image-slug=\"img_20160306_094728\"\n\t\t\t\tclass=\"ngg-fancybox\" rel=\"259f63327923278585ff337e49828d86\">\n\t\t\t\t<img\n\t\t\t\t\ttitle=\"IMG_20160306_094728\"\n\t\t\t\t\talt=\"IMG_20160306_094728\"\n\t\t\t\t\tsrc=\"https:\/\/blogsaverroes.juntadeandalucia.es\/ieslajarcia\/wp-content\/uploads\/sites\/797\/nggallery\/prueba\/thumbs\/thumbs_IMG_20160306_094728.jpg\"\n\t\t\t\t\twidth=\"120\"\n\t\t\t\t\theight=\"90\"\n\t\t\t\t\tstyle=\"max-width:100%;\"\n\t\t\t\t\/>\n\t\t\t<\/a>\n\t\t<\/div>\n\t\t\t\t\t\t\t<\/div>\n\t\t\t\n\t\t\n\t\t\t\t<div id=\"ngg-image-14\" class=\"ngg-gallery-thumbnail-box\"\n\t\t\t\t\t\t\t\t\t\t\t>\n\t\t\t\t\t\t<div class=\"ngg-gallery-thumbnail\">\n\t\t\t<a href=\"https:\/\/blogsaverroes.juntadeandalucia.es\/ieslajarcia\/wp-content\/uploads\/sites\/797\/nggallery\/prueba\/IMG_20160306_094712.jpg\"\n\t\t\t\ttitle=\"\"\n\t\t\t\tdata-src=\"https:\/\/blogsaverroes.juntadeandalucia.es\/ieslajarcia\/wp-content\/uploads\/sites\/797\/nggallery\/prueba\/IMG_20160306_094712.jpg\"\n\t\t\t\tdata-thumbnail=\"https:\/\/blogsaverroes.juntadeandalucia.es\/ieslajarcia\/wp-content\/uploads\/sites\/797\/nggallery\/prueba\/thumbs\/thumbs_IMG_20160306_094712.jpg\"\n\t\t\t\tdata-image-id=\"391\"\n\t\t\t\tdata-title=\"IMG_20160306_094712\"\n\t\t\t\tdata-description=\"\"\n\t\t\t\tdata-image-slug=\"img_20160306_094712\"\n\t\t\t\tclass=\"ngg-fancybox\" rel=\"259f63327923278585ff337e49828d86\">\n\t\t\t\t<img\n\t\t\t\t\ttitle=\"IMG_20160306_094712\"\n\t\t\t\t\talt=\"IMG_20160306_094712\"\n\t\t\t\t\tsrc=\"https:\/\/blogsaverroes.juntadeandalucia.es\/ieslajarcia\/wp-content\/uploads\/sites\/797\/nggallery\/prueba\/thumbs\/thumbs_IMG_20160306_094712.jpg\"\n\t\t\t\t\twidth=\"120\"\n\t\t\t\t\theight=\"90\"\n\t\t\t\t\tstyle=\"max-width:100%;\"\n\t\t\t\t\/>\n\t\t\t<\/a>\n\t\t<\/div>\n\t\t\t\t\t\t\t<\/div>\n\t\t\t\n\t\t\n\t\t\n\t\t<!-- Pagination -->\n\t\t<div class='ngg-clear'><\/div>\t<\/div>\n<\/p>\n<p>&nbsp;<\/p>\n","protected":false},"excerpt":{"rendered":"<p>&nbsp; Datos de contacto Direcci\u00f3n: &nbsp;Calle&nbsp;Ribera del muelle s\/n, 11510 Puerto Real Tel\u00e9fono \/ FAX: 956243509 \/ 956243515 Email:&nbsp;1700718.edu@juntadeandalucia.es Horarios Horario lectivo: De 08:00 a 14:30 Tutor\u00edas:&nbsp; Programa de Acompa\u00f1amiento:&#46;&#46;&#46;<\/p>\n","protected":false},"author":1,"featured_media":0,"parent":0,"menu_order":0,"comment_status":"closed","ping_status":"open","template":"","meta":{"ngg_post_thumbnail":0,"footnotes":"","_mc_calendar":[]},"aioseo_notices":[],"post_mailing_queue_ids":[],"_links":{"self":[{"href":"https:\/\/blogsaverroes.juntadeandalucia.es\/ieslajarcia\/wp-json\/wp\/v2\/pages\/35"}],"collection":[{"href":"https:\/\/blogsaverroes.juntadeandalucia.es\/ieslajarcia\/wp-json\/wp\/v2\/pages"}],"about":[{"href":"https:\/\/blogsaverroes.juntadeandalucia.es\/ieslajarcia\/wp-json\/wp\/v2\/types\/page"}],"author":[{"embeddable":true,"href":"https:\/\/blogsaverroes.juntadeandalucia.es\/ieslajarcia\/wp-json\/wp\/v2\/users\/1"}],"replies":[{"embeddable":true,"href":"https:\/\/blogsaverroes.juntadeandalucia.es\/ieslajarcia\/wp-json\/wp\/v2\/comments?post=35"}],"version-history":[{"count":33,"href":"https:\/\/blogsaverroes.juntadeandalucia.es\/ieslajarcia\/wp-json\/wp\/v2\/pages\/35\/revisions"}],"predecessor-version":[{"id":6136,"href":"https:\/\/blogsaverroes.juntadeandalucia.es\/ieslajarcia\/wp-json\/wp\/v2\/pages\/35\/revisions\/6136"}],"wp:attachment":[{"href":"https:\/\/blogsaverroes.juntadeandalucia.es\/ieslajarcia\/wp-json\/wp\/v2\/media?parent=35"}],"curies":[{"name":"wp","href":"https:\/\/api.w.org\/{rel}","templated":true}]}}