{"id":44,"date":"2015-03-13T08:42:15","date_gmt":"2015-03-13T08:42:15","guid":{"rendered":"http:\/\/blogsaverroes.juntadeandalucia.es\/pre\/ceip\/?page_id=44"},"modified":"2024-02-28T19:17:37","modified_gmt":"2024-02-28T19:17:37","slug":"planes-y-proyectos","status":"publish","type":"page","link":"https:\/\/blogsaverroes.juntadeandalucia.es\/ieslasfuentezuelas\/planes-y-proyectos\/","title":{"rendered":"Planes y Programas"},"content":{"rendered":"<p><img loading=\"lazy\" decoding=\"async\" class=\"size-medium wp-image-1667 aligncenter\" src=\"http:\/\/blogsaverroes.juntadeandalucia.es\/temahuemanies\/files\/2015\/03\/planes-300x150.png\" alt=\"planes\" width=\"300\" height=\"150\" srcset=\"https:\/\/blogsaverroes.juntadeandalucia.es\/ieslasfuentezuelas\/files\/2015\/03\/planes-300x150.png 300w, https:\/\/blogsaverroes.juntadeandalucia.es\/ieslasfuentezuelas\/files\/2015\/03\/planes.png 640w\" sizes=\"(max-width: 300px) 100vw, 300px\" \/><\/p>\n<p>Cada centro personaliza y adapta su Proyecto Educativo adheriendose a diferentes <strong>Planes y Programas<\/strong> promovidos desde la Consejer\u00eda de Educaci\u00f3n, Cultura y Deporte.<\/p>\n<p>En nuestro IES se desarrollan los siguientes:<\/p>\n<table style=\"width: 97.9805%\" width=\"115%\">\n<tbody>\n<tr>\n<td style=\"width: 51.8558%\" width=\"65%\"><strong>&nbsp;<\/strong><\/p>\n<p><strong>Relaci\u00f3n de Planes\/Proyectos\/Programas Educativos<\/strong><\/p>\n<p><strong>&nbsp;<\/strong><\/td>\n<td style=\"width: 31.9672%\" width=\"34%\"><strong>Periodo de aplicaci\u00f3n<\/strong><\/td>\n<\/tr>\n<tr>\n<td style=\"width: 51.8558%\" width=\"65%\">Plan de igualdad de g\u00e9nero en educaci\u00f3n<\/td>\n<td style=\"width: 31.9672%\" width=\"34%\">Permanentemente<\/td>\n<\/tr>\n<tr>\n<td style=\"width: 51.8558%\" width=\"65%\">Plan de Salud Laboral y P.R.L.<\/td>\n<td style=\"width: 31.9672%\" width=\"34%\">Permanentemente<\/td>\n<\/tr>\n<tr>\n<td style=\"width: 51.8558%\" width=\"65%\">Proyectos de sistemas de gesti\u00f3n de la calidad, norma ISO 9001<\/td>\n<td style=\"width: 31.9672%\" width=\"34%\">Permanentemente<\/td>\n<\/tr>\n<tr>\n<td style=\"width: 51.8558%\" width=\"65%\">Organizaci\u00f3n y Funcionamiento de las Bibliotecas Escolares<\/td>\n<td style=\"width: 31.9672%\" width=\"34%\">Permanentemente<\/td>\n<\/tr>\n<tr>\n<td style=\"width: 51.8558%\" width=\"65%\">Programa de centro biling\u00fce &#8211; Ingl\u00e9s<\/td>\n<td style=\"width: 31.9672%\" width=\"34%\">Permanentemente<\/td>\n<\/tr>\n<tr>\n<td style=\"width: 51.8558%\" width=\"65%\">Erasmus+ &#8211; ACREDITACI\u00d3N 2021<\/td>\n<td style=\"width: 31.9672%\" width=\"34%\">DESDE 01\/09\/2021 &#8211; 31\/08\/2027<\/td>\n<\/tr>\n<tr>\n<td style=\"width: 51.8558%\" width=\"65%\">Erasmus+(FP) &#8211; Las Fuentezuelas +: Pr\u00e1cticas de Educaci\u00f3n Superior en Europa &#8211; Proyectos de movilidad de estudiantes y personal de Educaci\u00f3n Superior &#8230;<\/td>\n<td style=\"width: 31.9672%\" width=\"34%\">DESDE 01\/09\/2022 &#8211; 31\/07\/2024<\/td>\n<\/tr>\n<tr>\n<td style=\"width: 51.8558%\" width=\"65%\">Erasmus+(FP) &#8211; Las Fuentezuelas por Europa &#8211; Proyectos acreditados de movilidad de estudiantes y personal de Formaci\u00f3n Profesional (FP)<\/td>\n<td style=\"width: 31.9672%\" width=\"34%\">DESDE 01\/09\/2022 &#8211; 31\/05\/2024<\/td>\n<\/tr>\n<tr>\n<td style=\"width: 51.8558%\" width=\"65%\">CDP (1\u00aa Conv) &#8211; FMEE0208 &#8211; Montaje y puesta en marcha de bienes de equipo y maquinaria industrial &#8211; Proyecto 1<\/td>\n<td style=\"width: 31.9672%\" width=\"34%\">DESDE 01\/09\/2023 &#8211; 30\/10\/2024<\/td>\n<\/tr>\n<tr>\n<td style=\"width: 51.8558%\" width=\"65%\">Convivencia Escolar<\/td>\n<td style=\"width: 31.9672%\" width=\"34%\">DESDE 01\/09\/2023 &#8211; 31\/08\/2024<\/td>\n<\/tr>\n<tr>\n<td style=\"width: 51.8558%\" width=\"65%\">Erasmus+ &#8211; ACREDITADO 2021<\/td>\n<td style=\"width: 31.9672%\" width=\"34%\">DESDE 01\/09\/2023 &#8211; 31\/08\/2024<\/td>\n<\/tr>\n<tr>\n<td style=\"width: 51.8558%\" width=\"65%\">Erasmus+(FP) &#8211; Las Fuentezuelas +: Pr\u00e1cticas de Educaci\u00f3n Superior en Europa &#8211; Proyectos de movilidad de estudiantes y personal de Educaci\u00f3n Superior &#8230;<\/td>\n<td style=\"width: 31.9672%\" width=\"34%\">DESDE 01\/09\/2023 &#8211; 31\/07\/2025<\/td>\n<\/tr>\n<tr>\n<td style=\"width: 51.8558%\" width=\"65%\">Erasmus+(FP) &#8211; Las Fuentezuelas por Europa &#8211; Proyectos acreditados de movilidad de estudiantes y personal de Formaci\u00f3n Profesional (FP)<\/td>\n<td style=\"width: 31.9672%\" width=\"34%\">DESDE 01\/09\/2023 &#8211; 31\/08\/2024<\/td>\n<\/tr>\n<tr>\n<td style=\"width: 51.8558%\" width=\"65%\">Pr\u00e1cticas CC.E. y Psicolog\u00eda<\/td>\n<td style=\"width: 31.9672%\" width=\"34%\">DESDE 01\/09\/2023 &#8211; 31\/08\/2024<\/td>\n<\/tr>\n<tr>\n<td style=\"width: 51.8558%\" width=\"65%\">Pr\u00e1cticum COFPYDE<\/td>\n<td style=\"width: 31.9672%\" width=\"34%\">DESDE 01\/09\/2023 &#8211; 31\/08\/2024<\/td>\n<\/tr>\n<tr>\n<td style=\"width: 51.8558%\" width=\"65%\">Pr\u00e1cticum Grado Maestro<\/td>\n<td style=\"width: 31.9672%\" width=\"34%\">DESDE 01\/09\/2023 &#8211; 31\/08\/2024<\/td>\n<\/tr>\n<tr>\n<td style=\"width: 51.8558%\" width=\"65%\">Pr\u00e1cticum M\u00e1ster Secundaria<\/td>\n<td style=\"width: 31.9672%\" width=\"34%\">DESDE 01\/09\/2023 &#8211; 31\/08\/2024<\/td>\n<\/tr>\n<tr>\n<td style=\"width: 51.8558%\" width=\"65%\">Prevenci\u00f3n de la Violencia de G\u00e9nero<\/td>\n<td style=\"width: 31.9672%\" width=\"34%\">DESDE 01\/09\/2023 &#8211; 31\/08\/2024<\/td>\n<\/tr>\n<tr>\n<td style=\"width: 51.8558%\" width=\"65%\">Proyectos destinados a fomentar el esp\u00edritu emprendedor y el autoempleo en el alumnado de FP &#8211; Proyecto 1 (1\u00ba Convocatoria)<\/td>\n<td style=\"width: 31.9672%\" width=\"34%\">DESDE 01\/09\/2023 &#8211; 31\/08\/2024<\/td>\n<\/tr>\n<tr>\n<td style=\"width: 51.8558%\" width=\"65%\">Red Andaluza Escuela: &#8220;Espacio de Paz&#8221;<\/td>\n<td style=\"width: 31.9672%\" width=\"34%\">DESDE 01\/09\/2023 &#8211; 31\/08\/2024<\/td>\n<\/tr>\n<tr>\n<td style=\"width: 51.8558%\" width=\"65%\">Transformaci\u00f3n Digital Educativa<\/td>\n<td style=\"width: 31.9672%\" width=\"34%\">DESDE 01\/09\/2023 &#8211; 31\/08\/2024<\/td>\n<\/tr>\n<tr>\n<td style=\"width: 51.8558%\" width=\"65%\">&nbsp;Programa CIMA<\/td>\n<td style=\"width: 31.9672%\" width=\"34%\">DESDE 01\/09\/2023 &#8211; 31\/08\/2024<\/td>\n<\/tr>\n<\/tbody>\n<\/table>\n<p>&nbsp;<\/p>\n<p>&nbsp;<\/p>\n<p>&nbsp;<\/p>\n","protected":false},"excerpt":{"rendered":"<p>Cada centro personaliza y adapta su Proyecto Educativo adheriendose a diferentes Planes y Programas promovidos desde la Consejer\u00eda de Educaci\u00f3n, Cultura y Deporte. En nuestro IES se desarrollan los siguientes: &nbsp; Relaci\u00f3n de Planes\/Proyectos\/Programas Educativos &nbsp; Periodo de aplicaci\u00f3n Plan de igualdad de g\u00e9nero en educaci\u00f3n Permanentemente Plan de Salud Laboral y P.R.L. Permanentemente Proyectos [&hellip;]<\/p>\n","protected":false},"author":1,"featured_media":0,"parent":0,"menu_order":0,"comment_status":"open","ping_status":"closed","template":"","meta":{"ngg_post_thumbnail":0,"footnotes":"","_mc_calendar":[]},"aioseo_notices":[],"_links":{"self":[{"href":"https:\/\/blogsaverroes.juntadeandalucia.es\/ieslasfuentezuelas\/wp-json\/wp\/v2\/pages\/44"}],"collection":[{"href":"https:\/\/blogsaverroes.juntadeandalucia.es\/ieslasfuentezuelas\/wp-json\/wp\/v2\/pages"}],"about":[{"href":"https:\/\/blogsaverroes.juntadeandalucia.es\/ieslasfuentezuelas\/wp-json\/wp\/v2\/types\/page"}],"author":[{"embeddable":true,"href":"https:\/\/blogsaverroes.juntadeandalucia.es\/ieslasfuentezuelas\/wp-json\/wp\/v2\/users\/1"}],"replies":[{"embeddable":true,"href":"https:\/\/blogsaverroes.juntadeandalucia.es\/ieslasfuentezuelas\/wp-json\/wp\/v2\/comments?post=44"}],"version-history":[{"count":13,"href":"https:\/\/blogsaverroes.juntadeandalucia.es\/ieslasfuentezuelas\/wp-json\/wp\/v2\/pages\/44\/revisions"}],"predecessor-version":[{"id":3868,"href":"https:\/\/blogsaverroes.juntadeandalucia.es\/ieslasfuentezuelas\/wp-json\/wp\/v2\/pages\/44\/revisions\/3868"}],"wp:attachment":[{"href":"https:\/\/blogsaverroes.juntadeandalucia.es\/ieslasfuentezuelas\/wp-json\/wp\/v2\/media?parent=44"}],"curies":[{"name":"wp","href":"https:\/\/api.w.org\/{rel}","templated":true}]}}