{"id":141,"date":"2015-03-17T07:13:24","date_gmt":"2015-03-17T07:13:24","guid":{"rendered":"http:\/\/blogsaverroes.juntadeandalucia.es\/pre\/ceip\/?page_id=141"},"modified":"2025-03-14T12:55:36","modified_gmt":"2025-03-14T11:55:36","slug":"escolarizacion","status":"publish","type":"page","link":"https:\/\/blogsaverroes.juntadeandalucia.es\/ieslaspalomas\/escolarizacion\/","title":{"rendered":"Escolarizaci\u00f3n"},"content":{"rendered":"<p>&nbsp;<\/p>\n<p><strong>ESCOLARIZACI\u00d3N CURSO ACTUAL<\/strong><\/p>\n<p>Una vez comenzado el curso acad\u00e9mico, en septiembre, s\u00f3lo se permitir\u00e1n cambios de Centro debida y documentalmente justificados (importante el Certificado de empadronamiento hist\u00f3rico para cambios en la misma localidad).<\/p>\n<p>Entregu\u00e9 en la Secretar\u00eda del Centro el Anexo IX- Procedimiento extraordinario de admisi\u00f3n que podr\u00e1 rellenar e imprimir en el siguiente enlace:<\/p>\n<p><a href=\"https:\/\/portales.ced.junta-andalucia.es\/educacion\/portales\/web\/escolarizacion\/infantil-a-bachillerato\/impresos\">https:\/\/portales.ced.junta-andalucia.es\/educacion\/portales\/web\/escolarizacion\/infantil-a-bachillerato\/impresos<\/a><\/p>\n<p>El Centro remitir\u00e1 al Servicio de Planificaci\u00f3n y Escolarizaci\u00f3n de la Delegaci\u00f3n Territorial de Educaci\u00f3n de C\u00e1diz su solicitud, quien resolver\u00e1, en todo caso,&nbsp; las solicitudes de admisi\u00f3n comenzado el curso.<\/p>\n<p>A partir del mes de marzo no se admitir\u00e1n los cambios de Centro dentro de la misma localidad por cambio de domicilio. En estos casos, hay que remitirse a la Escolarizaci\u00f3n para el curso pr\u00f3ximo.<\/p>\n<p><strong>ESOLARIZACI\u00d3N PARA EL CURSO PR\u00d3XIMO.<\/strong><\/p>\n<p>A partir del mes de marzo los Centros ofertan las plazas vacantes que sacar\u00e1n para el curso pr\u00f3ximo. Comienza la escolarizaci\u00f3n para aquellos que se incorporan por primera vez al sistema educativo, y para aquellos que cambian de Centro o Etapa educativa.<\/p>\n<p>Puede obtener m\u00e1s informaci\u00f3n en el siguiente enlace o en la Secretar\u00eda del Centro.<\/p>\n<p><a href=\"https:\/\/portales.ced.junta-andalucia.es\/educacion\/portales\/web\/escolarizacion\">https:\/\/portales.ced.junta-andalucia.es\/educacion\/portales\/web\/escolarizacion<\/a><\/p>\n<p>&nbsp;<\/p>\n","protected":false},"excerpt":{"rendered":"<p>&nbsp; ESCOLARIZACI\u00d3N CURSO ACTUAL Una vez comenzado el curso acad\u00e9mico, en septiembre, s\u00f3lo se permitir\u00e1n cambios de Centro debida y documentalmente justificados (importante el Certificado de empadronamiento hist\u00f3rico para cambios en la misma localidad).&#46;&#46;&#46;<\/p>\n","protected":false},"author":1,"featured_media":0,"parent":0,"menu_order":0,"comment_status":"closed","ping_status":"open","template":"","meta":{"ngg_post_thumbnail":0,"footnotes":"","_mc_calendar":[]},"aioseo_notices":[],"_links":{"self":[{"href":"https:\/\/blogsaverroes.juntadeandalucia.es\/ieslaspalomas\/wp-json\/wp\/v2\/pages\/141"}],"collection":[{"href":"https:\/\/blogsaverroes.juntadeandalucia.es\/ieslaspalomas\/wp-json\/wp\/v2\/pages"}],"about":[{"href":"https:\/\/blogsaverroes.juntadeandalucia.es\/ieslaspalomas\/wp-json\/wp\/v2\/types\/page"}],"author":[{"embeddable":true,"href":"https:\/\/blogsaverroes.juntadeandalucia.es\/ieslaspalomas\/wp-json\/wp\/v2\/users\/1"}],"replies":[{"embeddable":true,"href":"https:\/\/blogsaverroes.juntadeandalucia.es\/ieslaspalomas\/wp-json\/wp\/v2\/comments?post=141"}],"version-history":[{"count":7,"href":"https:\/\/blogsaverroes.juntadeandalucia.es\/ieslaspalomas\/wp-json\/wp\/v2\/pages\/141\/revisions"}],"predecessor-version":[{"id":3285,"href":"https:\/\/blogsaverroes.juntadeandalucia.es\/ieslaspalomas\/wp-json\/wp\/v2\/pages\/141\/revisions\/3285"}],"wp:attachment":[{"href":"https:\/\/blogsaverroes.juntadeandalucia.es\/ieslaspalomas\/wp-json\/wp\/v2\/media?parent=141"}],"curies":[{"name":"wp","href":"https:\/\/api.w.org\/{rel}","templated":true}]}}