{"id":938,"date":"2023-04-30T20:43:04","date_gmt":"2023-04-30T19:43:04","guid":{"rendered":"https:\/\/blogsaverroes.juntadeandalucia.es\/ieslassalinasfg\/?page_id=938"},"modified":"2024-09-13T09:57:17","modified_gmt":"2024-09-13T08:57:17","slug":"organigrama","status":"publish","type":"page","link":"https:\/\/blogsaverroes.juntadeandalucia.es\/ieslassalinas\/organigrama\/","title":{"rendered":"Personal del centro"},"content":{"rendered":"<p>[et_pb_section fb_built=&#8221;1&#8243; custom_padding_last_edited=&#8221;on|desktop&#8221; next_background_color=&#8221;#ffffff&#8221; admin_label=&#8221;Header&#8221; _builder_version=&#8221;4.16&#8243; use_background_color_gradient=&#8221;on&#8221; background_color_gradient_direction=&#8221;130deg&#8221; background_color_gradient_stops=&#8221;#8624E1 25%|#3607A6 100%&#8221; background_color_gradient_start=&#8221;#8624E1&#8243; background_color_gradient_start_position=&#8221;25%&#8221; background_color_gradient_end=&#8221;#3607A6&#8243; background_image=&#8221;https:\/\/blogsaverroes.juntadeandalucia.es\/ieslassalinas\/files\/2023\/04\/cabeceraSalinas.png&#8221; parallax=&#8221;on&#8221; custom_padding=&#8221;4vw||16vw|&#8221; custom_padding_tablet=&#8221;100px||100px||true&#8221; custom_padding_phone=&#8221;||||true&#8221; bottom_divider_style=&#8221;ramp2&#8243; bottom_divider_height=&#8221;250px&#8221; bottom_divider_flip=&#8221;horizontal&#8221; bottom_divider_height_tablet=&#8221;150px&#8221; bottom_divider_height_phone=&#8221;110px&#8221; bottom_divider_height_last_edited=&#8221;on|phone&#8221; z_index_tablet=&#8221;500&#8243; box_shadow_horizontal_tablet=&#8221;0px&#8221; box_shadow_vertical_tablet=&#8221;0px&#8221; box_shadow_blur_tablet=&#8221;40px&#8221; box_shadow_spread_tablet=&#8221;0px&#8221; saved_tabs=&#8221;all&#8221; global_colors_info=&#8221;{}&#8221;][et_pb_row _builder_version=&#8221;4.16&#8243; width_phone=&#8221;50px&#8221; max_width_phone=&#8221;1280px&#8221; custom_margin=&#8221;-20px|||&#8221; custom_padding=&#8221;||80px|&#8221; z_index_tablet=&#8221;500&#8243; box_shadow_horizontal_tablet=&#8221;0px&#8221; box_shadow_vertical_tablet=&#8221;0px&#8221; box_shadow_blur_tablet=&#8221;40px&#8221; box_shadow_spread_tablet=&#8221;0px&#8221; global_colors_info=&#8221;{}&#8221;][et_pb_column type=&#8221;4_4&#8243; _builder_version=&#8221;4.16&#8243; custom_padding=&#8221;|||&#8221; global_colors_info=&#8221;{}&#8221; custom_padding__hover=&#8221;|||&#8221;][et_pb_text admin_label=&#8221;Portada. Imagen, t\u00edtulo, nombre del centro y ciudad&#8221; _builder_version=&#8221;4.16&#8243; text_font=&#8221;Roboto||||||||&#8221; text_line_height=&#8221;1.8em&#8221; header_font=&#8221;Roboto|700|||||||&#8221; header_text_align=&#8221;center&#8221; header_font_size=&#8221;80px&#8221; header_line_height=&#8221;1.2em&#8221; header_3_font=&#8221;Roboto|700||on|||||&#8221; header_3_text_align=&#8221;center&#8221; header_3_text_color=&#8221;#ffffff&#8221; header_3_font_size=&#8221;24px&#8221; header_3_letter_spacing=&#8221;10px&#8221; header_3_line_height=&#8221;2em&#8221; text_orientation=&#8221;center&#8221; background_layout=&#8221;dark&#8221; module_alignment=&#8221;center&#8221; custom_margin=&#8221;-50px|||&#8221; animation_style=&#8221;fade&#8221; text_font_size_last_edited=&#8221;off|desktop&#8221; header_font_size_tablet=&#8221;40px&#8221; header_font_size_phone=&#8221;32px&#8221; header_font_size_last_edited=&#8221;on|phone&#8221; header_3_font_size_tablet=&#8221;16px&#8221; header_3_font_size_phone=&#8221;14px&#8221; header_3_font_size_last_edited=&#8221;on|phone&#8221; header_3_letter_spacing_tablet=&#8221;5px&#8221; header_3_letter_spacing_phone=&#8221;&#8221; header_3_letter_spacing_last_edited=&#8221;on|tablet&#8221; z_index_tablet=&#8221;500&#8243; text_text_shadow_horizontal_length_tablet=&#8221;0px&#8221; text_text_shadow_vertical_length_tablet=&#8221;0px&#8221; text_text_shadow_blur_strength_tablet=&#8221;1px&#8221; link_text_shadow_horizontal_length_tablet=&#8221;0px&#8221; link_text_shadow_vertical_length_tablet=&#8221;0px&#8221; link_text_shadow_blur_strength_tablet=&#8221;1px&#8221; ul_text_shadow_horizontal_length_tablet=&#8221;0px&#8221; ul_text_shadow_vertical_length_tablet=&#8221;0px&#8221; ul_text_shadow_blur_strength_tablet=&#8221;1px&#8221; ol_text_shadow_horizontal_length_tablet=&#8221;0px&#8221; ol_text_shadow_vertical_length_tablet=&#8221;0px&#8221; ol_text_shadow_blur_strength_tablet=&#8221;1px&#8221; quote_text_shadow_horizontal_length_tablet=&#8221;0px&#8221; quote_text_shadow_vertical_length_tablet=&#8221;0px&#8221; quote_text_shadow_blur_strength_tablet=&#8221;1px&#8221; header_text_shadow_horizontal_length_tablet=&#8221;0px&#8221; header_text_shadow_vertical_length_tablet=&#8221;0px&#8221; header_text_shadow_blur_strength_tablet=&#8221;1px&#8221; header_2_text_shadow_horizontal_length_tablet=&#8221;0px&#8221; header_2_text_shadow_vertical_length_tablet=&#8221;0px&#8221; header_2_text_shadow_blur_strength_tablet=&#8221;1px&#8221; header_3_text_shadow_horizontal_length_tablet=&#8221;0px&#8221; header_3_text_shadow_vertical_length_tablet=&#8221;0px&#8221; header_3_text_shadow_blur_strength_tablet=&#8221;1px&#8221; header_4_text_shadow_horizontal_length_tablet=&#8221;0px&#8221; header_4_text_shadow_vertical_length_tablet=&#8221;0px&#8221; header_4_text_shadow_blur_strength_tablet=&#8221;1px&#8221; header_5_text_shadow_horizontal_length_tablet=&#8221;0px&#8221; header_5_text_shadow_vertical_length_tablet=&#8221;0px&#8221; header_5_text_shadow_blur_strength_tablet=&#8221;1px&#8221; header_6_text_shadow_horizontal_length_tablet=&#8221;0px&#8221; header_6_text_shadow_vertical_length_tablet=&#8221;0px&#8221; header_6_text_shadow_blur_strength_tablet=&#8221;1px&#8221; box_shadow_horizontal_tablet=&#8221;0px&#8221; box_shadow_vertical_tablet=&#8221;0px&#8221; box_shadow_blur_tablet=&#8221;40px&#8221; box_shadow_spread_tablet=&#8221;0px&#8221; global_colors_info=&#8221;{}&#8221;]<\/p>\n<h1>IES Las Salinas<\/h1>\n<h3>Fuengirola<\/h3>\n<p>[\/et_pb_text][\/et_pb_column][\/et_pb_row][\/et_pb_section][et_pb_section fb_built=&#8221;1&#8243; _builder_version=&#8221;4.16&#8243; _module_preset=&#8221;default&#8221; global_colors_info=&#8221;{}&#8221;][et_pb_row _builder_version=&#8221;4.16&#8243; _module_preset=&#8221;default&#8221; global_colors_info=&#8221;{}&#8221;][et_pb_column type=&#8221;4_4&#8243; _builder_version=&#8221;4.16&#8243; _module_preset=&#8221;default&#8221; global_colors_info=&#8221;{}&#8221;][et_pb_text admin_label=&#8221;Organigrama&#8221; _builder_version=&#8221;4.16&#8243; _module_preset=&#8221;default&#8221; global_colors_info=&#8221;{}&#8221;]<\/p>\n<h2 style=\"text-align: center\"><span style=\"font-size: 36pt\"><strong>Personal del Centro<\/strong><\/span><\/h2>\n<p>[\/et_pb_text][et_pb_toggle title=&#8221;Equipo Directivo&#8221; admin_label=&#8221;Equipo Directivo&#8221; _builder_version=&#8221;4.16&#8243; _module_preset=&#8221;default&#8221; title_level=&#8221;h3&#8243; global_colors_info=&#8221;{}&#8221;]<\/p>\n<p>&nbsp;<\/p>\n<table style=\"border-collapse: collapse;width: 100%;height: 69px\">\n<tbody>\n<tr style=\"height: 23px\">\n<td style=\"width: 50%;height: 23px\"><strong>Direcci\u00f3n:<\/strong><\/td>\n<td style=\"width: 50%;height: 23px\">D. Francisco Jos\u00e9 Mu\u00f1oz S\u00fajar<\/td>\n<\/tr>\n<tr style=\"height: 23px\">\n<td style=\"width: 50%;height: 23px\"><strong>Jefatura de Estudios:<\/strong><\/td>\n<td style=\"width: 50%;height: 23px\">D. Jos\u00e9 Francisco S\u00e1nchez Arroyo<\/td>\n<\/tr>\n<tr style=\"height: 23px\">\n<td style=\"width: 50%;height: 23px\"><strong>Secretar\u00eda:<\/strong><\/td>\n<td style=\"width: 50%;height: 23px\">D. Vicente Raya Narv\u00e1ez<\/td>\n<\/tr>\n<\/tbody>\n<\/table>\n<p>[\/et_pb_toggle][et_pb_toggle title=&#8221;Claustro curso 24\/25&#8243; admin_label=&#8221;Claustro&#8221; _builder_version=&#8221;4.24.2&#8243; _module_preset=&#8221;default&#8221; title_level=&#8221;h3&#8243; hover_enabled=&#8221;0&#8243; global_colors_info=&#8221;{}&#8221; sticky_enabled=&#8221;0&#8243;]<\/p>\n<h3>&nbsp;<\/h3>\n<h3><strong><span style=\"font-size: 14pt\">Departamento de F\u00edsica y Qu\u00edmica:<\/span><\/strong><\/h3>\n<p style=\"padding-left: 40px\">Sara S\u00e1nchez Entrena (Jefa de departamento)<\/p>\n<p>&nbsp; &nbsp; &nbsp; &nbsp; &nbsp; Cristina Fern\u00e1ndez Gonz\u00e1lez<\/p>\n<h3><span style=\"font-size: 14pt\"><strong>Departamento de Biolog\u00eda:<\/strong><\/span><\/h3>\n<p style=\"padding-left: 40px\">Jos\u00e9 Merino Gonz\u00e1lez (Jefe del Departamento)<\/p>\n<p style=\"padding-left: 40px\">Sergio Antonio Salobre\u00f1a Lucena<\/p>\n<h3><strong><span style=\"font-size: 14pt\">Departamento de Cultura Cl\u00e1sica:<\/span><\/strong><\/h3>\n<p style=\"padding-left: 40px\">Gracia Ram\u00f3n S\u00e1nchez (Jefa del Departamento)<\/p>\n<h3><strong><span style=\"font-size: 14pt\">Departamento de Ciencias Sociales:<\/span><\/strong><\/h3>\n<p style=\"padding-left: 40px\">Roque Naranjo Lozano (Jefa del Departamento)<\/p>\n<p style=\"padding-left: 40px\">Raquel San Miguel P\u00e9rez<\/p>\n<p style=\"padding-left: 40px\">\u00c1gueda Lozano Medina<\/p>\n<p style=\"padding-left: 40px\">Samuel Garc\u00eda Maculet (Filosof\u00eda)<\/p>\n<h3><strong><span style=\"font-size: 14pt\">Departamento de Educaci\u00f3n F\u00edsica:<\/span><\/strong><\/h3>\n<p style=\"padding-left: 40px\">Jos\u00e9 Francisco S\u00e1nchez Arroyo (Jefe de Estudios y Coordinador del programa de BILING\u00dcISMO)<\/p>\n<p style=\"padding-left: 40px\">\u00c1lvaro Velasco Aguayo (Jefe del Departamento)<\/p>\n<h3><strong><span style=\"font-size: 14pt\">Departamento de Educaci\u00f3n Pl\u00e1stica y Visual (EPV):<\/span><\/strong><\/h3>\n<p style=\"padding-left: 40px\">Manuel Cort\u00e9s Urbano (Jefe del Departamento)<\/p>\n<h3><strong><span style=\"font-size: 14pt\">Departamento de Franc\u00e9s:<\/span><\/strong><\/h3>\n<p style=\"padding-left: 40px\">Jos\u00e9 Ram\u00f3n Aguilera S\u00e1nchez (Jefe del Departamento)<\/p>\n<h3><strong><span style=\"font-size: 14pt\">Departamento de Ingl\u00e9s:<\/span><\/strong><\/h3>\n<p style=\"padding-left: 40px\">Francisco Jos\u00e9 Mu\u00f1oz S\u00fajar (Director)&nbsp;<\/p>\n<p style=\"padding-left: 40px\">Ana Cristina Zamora Hermosilla<\/p>\n<p style=\"padding-left: 40px\">Mar\u00eda Bel\u00e9n Guti\u00e9rrez Ruiz (Jefa del Departamento)<\/p>\n<h3><span style=\"font-size: 14pt\"><strong>Departamento de Lengua y Literatura:<\/strong><\/span><\/h3>\n<p style=\"padding-left: 40px\">Mar\u00eda del Mar Mota&nbsp; (Jefe del Departamento)<\/p>\n<p style=\"padding-left: 40px\">Cristina Andrades Lanza (Responsable de BIBLIOTECA)<\/p>\n<p style=\"padding-left: 40px\">Miriam Justicia Rodr\u00edguez<\/p>\n<p style=\"padding-left: 40px\">Mar\u00eda Fern\u00e1ndez Fabra<\/p>\n<h3><strong><span style=\"font-size: 14pt\">Departamento de Matem\u00e1ticas:<\/span><\/strong><\/h3>\n<p style=\"padding-left: 40px\">Mar\u00eda Oliva Moya \u00c1valos (Jefa del Departamento)<\/p>\n<p style=\"padding-left: 40px\">Manuel Antonio Padr\u00f3n Fern\u00e1ndez&nbsp;<\/p>\n<p style=\"padding-left: 40px\">Ana L\u00f3pez G\u00e1mez&nbsp;<\/p>\n<p style=\"padding-left: 40px\">Mar\u00eda Esther Fern\u00e1ndez Arellano<\/p>\n<p style=\"padding-left: 40px\">Manuel Arenas G\u00f3mez (Inform\u00e1tica, TDE)<\/p>\n<p style=\"padding-left: 40px\">Juan Antonio Barranquero P\u00e9rez (Econom\u00eda)<\/p>\n<h3><strong><span style=\"font-size: 14pt\">Departamento de M\u00fasica:<\/span><\/strong><\/h3>\n<p style=\"padding-left: 40px\">Mois\u00e9s Jim\u00e9nez Medina (Jefe del Departamento)<\/p>\n<h3><span style=\"font-size: 14pt\"><strong>Departamento de Orientaci\u00f3n:<\/strong><\/span><\/h3>\n<p style=\"padding-left: 40px\">Rosa Mar\u00eda del Pilar Ramos D\u00edaz (Orientaci\u00f3n)<\/p>\n<p style=\"padding-left: 40px\">David Castro Rull (PT)<\/p>\n<h3><span style=\"font-size: 14pt\"><strong>Departamento de Religi\u00f3n:<\/strong><\/span><\/h3>\n<p style=\"padding-left: 40px\">Antonio Paz Ramos<\/p>\n<h3><strong><span style=\"font-size: 14pt\">Departamento de Tecnolog\u00eda:<\/span><\/strong><\/h3>\n<p style=\"padding-left: 40px\">Vicente Raya Narv\u00e1ez (Secretario, Coordinador FEIE)<\/p>\n<p>&nbsp; &nbsp; &nbsp; &nbsp; &nbsp; &nbsp;Noem\u00ed Mart\u00ednez Cobo<\/p>\n<h3><strong><span style=\"font-size: 14pt\">Auxiliar de conversaci\u00f3n:<\/span><\/strong><\/h3>\n<p style=\"padding-left: 40px\">Kenia<\/p>\n<p>[\/et_pb_toggle][et_pb_toggle title=&#8221;Administraci\u00f3n&#8221; admin_label=&#8221;Administraci\u00f3n&#8221; _builder_version=&#8221;4.16&#8243; _module_preset=&#8221;default&#8221; title_level=&#8221;h3&#8243; global_colors_info=&#8221;{}&#8221;]<\/p>\n<p>&nbsp;<\/p>\n<p>D\u00f1a. Mar\u00eda Araceli Ortega N\u00fa\u00f1ez<\/p>\n<p>[\/et_pb_toggle][et_pb_toggle title=&#8221;Conserjer\u00eda&#8221; admin_label=&#8221;Conserjer\u00eda&#8221; _builder_version=&#8221;4.16&#8243; _module_preset=&#8221;default&#8221; title_level=&#8221;h3&#8243; global_colors_info=&#8221;{}&#8221;]<\/p>\n<p>&nbsp;<\/p>\n<p>D\u00f1a. Carmen Rubio Alonso<\/p>\n<p>[\/et_pb_toggle][et_pb_toggle title=&#8221;Servicios de limpieza y mantenimiento&#8221; admin_label=&#8221;Limpieza y mantenimiento&#8221; _builder_version=&#8221;4.16&#8243; _module_preset=&#8221;default&#8221; title_level=&#8221;h3&#8243; global_colors_info=&#8221;{}&#8221;]<\/p>\n<p>&nbsp;<\/p>\n<p>&nbsp;<\/p>\n<p>[\/et_pb_toggle][\/et_pb_column][\/et_pb_row][\/et_pb_section]<\/p>\n","protected":false},"excerpt":{"rendered":"<p>IES Las Salinas FuengirolaPersonal del Centro&nbsp; Direcci\u00f3n: D. Francisco Jos\u00e9 Mu\u00f1oz S\u00fajar Jefatura de Estudios: D. Jos\u00e9 Francisco S\u00e1nchez Arroyo Secretar\u00eda: D. Vicente Raya Narv\u00e1ez &nbsp; Departamento de F\u00edsica y Qu\u00edmica: Sara S\u00e1nchez Entrena (Jefa de departamento) &nbsp; &nbsp; &nbsp; &nbsp; &nbsp; Cristina Fern\u00e1ndez Gonz\u00e1lez Departamento de Biolog\u00eda: Jos\u00e9 Merino Gonz\u00e1lez (Jefe del Departamento) Sergio [&hellip;]<\/p>\n","protected":false},"author":14321,"featured_media":0,"parent":0,"menu_order":0,"comment_status":"closed","ping_status":"closed","template":"","meta":{"_et_pb_use_builder":"on","_et_pb_old_content":"","_et_gb_content_width":"","ngg_post_thumbnail":0,"footnotes":""},"aioseo_notices":[],"_links":{"self":[{"href":"https:\/\/blogsaverroes.juntadeandalucia.es\/ieslassalinas\/wp-json\/wp\/v2\/pages\/938"}],"collection":[{"href":"https:\/\/blogsaverroes.juntadeandalucia.es\/ieslassalinas\/wp-json\/wp\/v2\/pages"}],"about":[{"href":"https:\/\/blogsaverroes.juntadeandalucia.es\/ieslassalinas\/wp-json\/wp\/v2\/types\/page"}],"author":[{"embeddable":true,"href":"https:\/\/blogsaverroes.juntadeandalucia.es\/ieslassalinas\/wp-json\/wp\/v2\/users\/14321"}],"replies":[{"embeddable":true,"href":"https:\/\/blogsaverroes.juntadeandalucia.es\/ieslassalinas\/wp-json\/wp\/v2\/comments?post=938"}],"version-history":[{"count":20,"href":"https:\/\/blogsaverroes.juntadeandalucia.es\/ieslassalinas\/wp-json\/wp\/v2\/pages\/938\/revisions"}],"predecessor-version":[{"id":1867,"href":"https:\/\/blogsaverroes.juntadeandalucia.es\/ieslassalinas\/wp-json\/wp\/v2\/pages\/938\/revisions\/1867"}],"wp:attachment":[{"href":"https:\/\/blogsaverroes.juntadeandalucia.es\/ieslassalinas\/wp-json\/wp\/v2\/media?parent=938"}],"curies":[{"name":"wp","href":"https:\/\/api.w.org\/{rel}","templated":true}]}}