{"id":155,"date":"2015-03-17T07:49:21","date_gmt":"2015-03-17T07:49:21","guid":{"rendered":"http:\/\/blogsaverroes.juntadeandalucia.es\/pre\/ceip\/?page_id=155"},"modified":"2024-10-28T17:02:52","modified_gmt":"2024-10-28T17:02:52","slug":"lengua","status":"publish","type":"page","link":"https:\/\/blogsaverroes.juntadeandalucia.es\/ieslasvinas\/lengua\/","title":{"rendered":"Lengua Castellana"},"content":{"rendered":"<header class=\"entry-header cf\">\n<h1 class=\"entry-title\"><a href=\"https:\/\/blogsaverroes.juntadeandalucia.es\/ieslasvinas\/lengua\/\">Lengua Castellana<\/a><\/h1>\n<\/header>\n<div class=\"entry-byline cf\">&nbsp;<\/div>\n<div class=\"entry-content cf\">\n<table style=\"width: 76.8909%;height: 202px\">\n<tbody>\n<tr style=\"height: 24px\">\n<td style=\"width: 59.7163%;height: 24px\" colspan=\"2\">&nbsp;<\/td>\n<td style=\"width: 38.8652%;height: 24px;background-color: #8cc5de\"><strong>Puesto o Especialidad<br \/>\n<\/strong><\/td>\n<\/tr>\n<tr style=\"height: 82px\">\n<td style=\"width: 23.6879%;height: 82px;background-color: #8cc5de\">\n<h5><strong>Jefatura de Departamento<\/strong><\/h5>\n<\/td>\n<td style=\"width: 36.0284%;height: 82px\" width=\"250\">Mar\u00eda Dolores Arrebola Berlanga<\/td>\n<td style=\"width: 38.8652%;height: 82px\" width=\"270\">Lengua Castellana y Literatura P.E.S.<\/td>\n<\/tr>\n<tr style=\"height: 24px\">\n<td style=\"width: 23.6879%;height: 96px;background-color: #8cc5de\" rowspan=\"2\">\n<h5><strong>Componentes<\/strong><\/h5>\n<\/td>\n<td style=\"width: 36.0284%;height: 24px\" width=\"250\">Josefa Rold\u00e1n Galisteo<\/td>\n<td style=\"width: 38.8652%;height: 24px\" width=\"270\">Lengua Castellana y Literatura P.E.S.<\/td>\n<\/tr>\n<tr style=\"height: 24px\">\n<td style=\"width: 36.0284%;height: 24px\" width=\"250\">Roc\u00edo Cid Bachot<\/td>\n<td style=\"width: 38.8652%;height: 24px\" width=\"270\">Lengua Castellana y Literatura P.E.S.<\/td>\n<\/tr>\n<\/tbody>\n<\/table>\n<table class=\" alignleft\" style=\"width: 76.9078%;border-color: #000000\">\n<tbody>\n<tr>\n<td style=\"width: 100%;background-color: #2c8cf2;text-align: left\">\n<h3><strong><span style=\"color: #ffffff\">Criterios de Evaluaci\u00f3n Curso 24-25<\/span><\/strong><\/h3>\n<\/td>\n<\/tr>\n<tr>\n<td style=\"width: 100%;text-align: left\"><a href=\"https:\/\/blogsaverroes.juntadeandalucia.es\/iessalvadorserrano\/files\/2020\/11\/PROGRAMACI%C3%93N-GENERAL-DPTO-LENGUA-2020-2021.pdf\"><img decoding=\"async\" class=\"size-full wp-image-2788 alignleft\" src=\"https:\/\/blogsaverroes.juntadeandalucia.es\/iessalvadorserrano\/files\/2015\/03\/PDFd-e1510255886258.jpg\" alt=\"\" width=\"45\" height=\"24\"><\/a><a href=\"https:\/\/blogsaverroes.juntadeandalucia.es\/ieslasvinas\/files\/2022\/12\/LCL-3\u00ba-ESO.pdf\">LCL &#8211; 3\u00ba ESO<\/a> <a href=\"https:\/\/blogsaverroes.juntadeandalucia.es\/ieslasvinas\/files\/2022\/12\/LCL-1\u00ba-ESO.pdf\">LCL &#8211; 1\u00ba ESO<\/a> <a href=\"https:\/\/blogsaverroes.juntadeandalucia.es\/ieslasvinas\/files\/2023\/12\/Criterios-LCL-4A\u0302\u00baESO.pdf\">Criterios LCL-4\u00baESO<\/a> <a href=\"https:\/\/blogsaverroes.juntadeandalucia.es\/ieslasvinas\/files\/2023\/12\/Criterios-LCL-2A\u0302\u00baESO.pdf\">Criterios LCL-2\u00baESO<\/a> <a href=\"https:\/\/blogsaverroes.juntadeandalucia.es\/ieslasvinas\/files\/2023\/12\/Criterios-LatA\u0303\u00adn.pdf\">Criterios Lat\u00ed\u00adn4\u00ba<\/a><\/td>\n<\/tr>\n<\/tbody>\n<\/table>\n<\/div>\n<p>&nbsp;<\/p>\n<p>&nbsp;<\/p>\n<p>&nbsp;<\/p>\n<p>&nbsp;<\/p>\n<p>&nbsp;<\/p>\n<p>&nbsp;<\/p>\n<p>&nbsp;<\/p>\n<p><img fetchpriority=\"high\" decoding=\"async\" class=\"aligncenter size-medium wp-image-2126\" src=\"http:\/\/blogsaverroes.juntadeandalucia.es\/temahuemanies\/files\/2015\/03\/lengua-300x200.jpg\" alt=\"lengua\" width=\"300\" height=\"200\" srcset=\"https:\/\/blogsaverroes.juntadeandalucia.es\/ieslasvinas\/files\/2015\/03\/lengua-300x200.jpg 300w, https:\/\/blogsaverroes.juntadeandalucia.es\/ieslasvinas\/files\/2015\/03\/lengua.jpg 640w\" sizes=\"(max-width: 300px) 100vw, 300px\" \/><\/p>\n<p><strong><span style=\"font-family: sans-serif\"><span style=\"font-size: medium\">Lengua Castellana y Literatura <\/span><\/span><\/strong><\/p>\n<p><span style=\"font-family: sans-serif\"><span style=\"font-size: medium\">La materia Lengua Castellana y Literatura tiene como objetivo el desarrollo de la competencia comunicativa del alumnado, entendida en todas sus vertientes: pragm\u00e1tica, ling\u00fc\u00edstica, socioling\u00fc\u00edstica y literaria. Debe tambi\u00e9n aportar las herramientas y los conocimientos necesarios para desenvolverse satisfactoriamente en cualquier situaci\u00f3n comunicativa de la vida familiar, social y profesional. Esos conocimientos son los que articulan los procesos de comprensi\u00f3n y expresi\u00f3n oral por un lado, y de comprensi\u00f3n y expresi\u00f3n escrita por otro. La estructuraci\u00f3n del pensamiento del ser humano se hace a trav\u00e9s del lenguaje, de ah\u00ed que esa capacidad de comprender y de expresarse sea el mejor y el m\u00e1s eficaz instrumento de aprendizaje.<\/span><\/span><\/p>\n","protected":false},"excerpt":{"rendered":"<p>Lengua Castellana &nbsp; &nbsp; Puesto o Especialidad Jefatura de Departamento Mar\u00eda Dolores Arrebola Berlanga Lengua Castellana y Literatura P.E.S. Componentes Josefa Rold\u00e1n Galisteo Lengua Castellana y Literatura P.E.S. Roc\u00edo Cid Bachot Lengua Castellana y&#46;&#46;&#46;<\/p>\n","protected":false},"author":1,"featured_media":0,"parent":0,"menu_order":0,"comment_status":"open","ping_status":"open","template":"page-templates\/child-menu.php","meta":{"ngg_post_thumbnail":0,"footnotes":"","_mc_calendar":[]},"aioseo_notices":[],"_links":{"self":[{"href":"https:\/\/blogsaverroes.juntadeandalucia.es\/ieslasvinas\/wp-json\/wp\/v2\/pages\/155"}],"collection":[{"href":"https:\/\/blogsaverroes.juntadeandalucia.es\/ieslasvinas\/wp-json\/wp\/v2\/pages"}],"about":[{"href":"https:\/\/blogsaverroes.juntadeandalucia.es\/ieslasvinas\/wp-json\/wp\/v2\/types\/page"}],"author":[{"embeddable":true,"href":"https:\/\/blogsaverroes.juntadeandalucia.es\/ieslasvinas\/wp-json\/wp\/v2\/users\/1"}],"replies":[{"embeddable":true,"href":"https:\/\/blogsaverroes.juntadeandalucia.es\/ieslasvinas\/wp-json\/wp\/v2\/comments?post=155"}],"version-history":[{"count":22,"href":"https:\/\/blogsaverroes.juntadeandalucia.es\/ieslasvinas\/wp-json\/wp\/v2\/pages\/155\/revisions"}],"predecessor-version":[{"id":3055,"href":"https:\/\/blogsaverroes.juntadeandalucia.es\/ieslasvinas\/wp-json\/wp\/v2\/pages\/155\/revisions\/3055"}],"wp:attachment":[{"href":"https:\/\/blogsaverroes.juntadeandalucia.es\/ieslasvinas\/wp-json\/wp\/v2\/media?parent=155"}],"curies":[{"name":"wp","href":"https:\/\/api.w.org\/{rel}","templated":true}]}}