{"id":162,"date":"2015-03-17T07:51:10","date_gmt":"2015-03-17T07:51:10","guid":{"rendered":"http:\/\/blogsaverroes.juntadeandalucia.es\/pre\/ceip\/?page_id=162"},"modified":"2025-11-16T11:24:09","modified_gmt":"2025-11-16T11:24:09","slug":"tecnologiaeinformatica","status":"publish","type":"page","link":"https:\/\/blogsaverroes.juntadeandalucia.es\/ieslaureldelareina\/tecnologiaeinformatica\/","title":{"rendered":"Tecnolog\u00eda e Inform\u00e1tica"},"content":{"rendered":"<h3>Componentes<\/h3>\n<p>Miguel \u00c1ngel Amaro Diez<br \/>\nRosa Mar\u00eda Angulo Rodr\u00edguez<br \/>\nJuan Manuel Garc\u00eda Molina<br \/>\nSonia Garrido Zamorano (Jefa de Departamento)<br \/>\nCarmen Orihuela Vega<\/p>\n<h3>Programaci\u00f3n Did\u00e1ctica<\/h3>\n<p><a href=\"https:\/\/blogsaverroes.juntadeandalucia.es\/ieslaureldelareina\/files\/2025\/11\/CyR_12y3ESO_2526.pdf\" target=\"_blank\" rel=\"noopener\">CyR_12y3ESO_2526<\/a><\/p>\n<p><a href=\"https:\/\/blogsaverroes.juntadeandalucia.es\/ieslaureldelareina\/files\/2025\/11\/TyD-2o-ESO-2526.pdf\" target=\"_blank\" rel=\"noopener\">TyD 2\u00ba ESO 2526<\/a><\/p>\n<p><a href=\"https:\/\/blogsaverroes.juntadeandalucia.es\/ieslaureldelareina\/files\/2025\/11\/TyD_3ESO-2526.pdf\" target=\"_blank\" rel=\"noopener\">TyD_3ESO-2526<\/a><\/p>\n<p><a href=\"https:\/\/blogsaverroes.juntadeandalucia.es\/ieslaureldelareina\/files\/2025\/11\/4o-TECNOLOGIA-25-26.pdf\" target=\"_blank\" rel=\"noopener\">4\u00ba TECNOLOG\u00cdA 25-26<\/a><\/p>\n<p><a href=\"https:\/\/blogsaverroes.juntadeandalucia.es\/ieslaureldelareina\/files\/2025\/11\/DIG_4ESO_2526.pdf\" target=\"_blank\" rel=\"noopener\">DIG_4ESO_2526<\/a><\/p>\n<p><a href=\"https:\/\/blogsaverroes.juntadeandalucia.es\/ieslaureldelareina\/files\/2025\/11\/Ambito-Cientifico-Tecnologico-4o-DICU-25-26.pdf\" target=\"_blank\" rel=\"noopener\">\u00c1mbito Cient\u00edfico-Tecnol\u00f3gico 4\u00ba DICU 25-26<\/a><\/p>\n<p><a href=\"https:\/\/blogsaverroes.juntadeandalucia.es\/ieslaureldelareina\/files\/2025\/11\/TICO_1y2BACH_2526.pdf\" target=\"_blank\" rel=\"noopener\">TICO_1y2BACH_2526<\/a><\/p>\n<p><a href=\"https:\/\/blogsaverroes.juntadeandalucia.es\/ieslaureldelareina\/files\/2025\/11\/1o-BACH-TEI-25-26.pdf\" target=\"_blank\" rel=\"noopener\">1\u00ba BACH TEI 25-26<\/a><\/p>\n<p><a href=\"https:\/\/blogsaverroes.juntadeandalucia.es\/ieslaureldelareina\/files\/2025\/11\/CDPC.pdf\" target=\"_blank\" rel=\"noopener\">1\u00ba BACH CDPC<\/a><\/p>\n<p><a href=\"https:\/\/blogsaverroes.juntadeandalucia.es\/ieslaureldelareina\/files\/2025\/11\/TEI-2526.pdf\" target=\"_blank\" rel=\"noopener\">2\u00ba BACH TEI 2526<\/a><\/p>\n<p><a href=\"https:\/\/blogsaverroes.juntadeandalucia.es\/ieslaureldelareina\/files\/2025\/11\/PRyC.pdf\" target=\"_blank\" rel=\"noopener\">2\u00ba BACH PRyC<\/a><\/p>\n<h3>Optativas inform\u00e1tica<\/h3>\n<div style=\"width: 100%\">\n<div style=\"padding-bottom: 56.25%;padding-top: 0;height: 0\"><a href=\"https:\/\/view.genial.ly\/64805a05a48c4e001a74853d\/presentation-optativas-informatica\" target=\"_blank\" rel=\"noopener noreferrer\">Genially Optativas Inform\u00e1tica<\/a><\/div>\n<\/div>\n","protected":false},"excerpt":{"rendered":"<p>&#46;&#46;&#46;<\/p>\n","protected":false},"author":1,"featured_media":0,"parent":0,"menu_order":0,"comment_status":"closed","ping_status":"open","template":"","meta":{"ngg_post_thumbnail":0,"footnotes":"","_mc_calendar":[]},"aioseo_notices":[],"_links":{"self":[{"href":"https:\/\/blogsaverroes.juntadeandalucia.es\/ieslaureldelareina\/wp-json\/wp\/v2\/pages\/162"}],"collection":[{"href":"https:\/\/blogsaverroes.juntadeandalucia.es\/ieslaureldelareina\/wp-json\/wp\/v2\/pages"}],"about":[{"href":"https:\/\/blogsaverroes.juntadeandalucia.es\/ieslaureldelareina\/wp-json\/wp\/v2\/types\/page"}],"author":[{"embeddable":true,"href":"https:\/\/blogsaverroes.juntadeandalucia.es\/ieslaureldelareina\/wp-json\/wp\/v2\/users\/1"}],"replies":[{"embeddable":true,"href":"https:\/\/blogsaverroes.juntadeandalucia.es\/ieslaureldelareina\/wp-json\/wp\/v2\/comments?post=162"}],"version-history":[{"count":33,"href":"https:\/\/blogsaverroes.juntadeandalucia.es\/ieslaureldelareina\/wp-json\/wp\/v2\/pages\/162\/revisions"}],"predecessor-version":[{"id":11236,"href":"https:\/\/blogsaverroes.juntadeandalucia.es\/ieslaureldelareina\/wp-json\/wp\/v2\/pages\/162\/revisions\/11236"}],"wp:attachment":[{"href":"https:\/\/blogsaverroes.juntadeandalucia.es\/ieslaureldelareina\/wp-json\/wp\/v2\/media?parent=162"}],"curies":[{"name":"wp","href":"https:\/\/api.w.org\/{rel}","templated":true}]}}