{"id":178,"date":"2015-03-17T07:56:43","date_gmt":"2015-03-17T07:56:43","guid":{"rendered":"http:\/\/blogsaverroes.juntadeandalucia.es\/pre\/ceip\/?page_id=178"},"modified":"2025-11-16T11:13:26","modified_gmt":"2025-11-16T11:13:26","slug":"musica","status":"publish","type":"page","link":"https:\/\/blogsaverroes.juntadeandalucia.es\/ieslaureldelareina\/musica\/","title":{"rendered":"M\u00fasica"},"content":{"rendered":"<h3>Componentes<\/h3>\n<p>Luis Fern\u00e1ndez Barrio<br \/>\nElena L\u00f3pez Wehrli (Jefa de Departamento)<\/p>\n<h3>Programaci\u00f3n Did\u00e1ctica<\/h3>\n<p><a href=\"https:\/\/blogsaverroes.juntadeandalucia.es\/ieslaureldelareina\/files\/2025\/11\/1o-ESO.-Musica.pdf\" target=\"_blank\" rel=\"noopener\">1\u00ba ESO. M\u00fasica<\/a><\/p>\n<p><a href=\"https:\/\/blogsaverroes.juntadeandalucia.es\/ieslaureldelareina\/files\/2025\/11\/2o-ESO.-Musica_.pdf\" target=\"_blank\" rel=\"noopener\">2\u00ba ESO. M\u00fasica_<\/a><\/p>\n<p><a href=\"https:\/\/blogsaverroes.juntadeandalucia.es\/ieslaureldelareina\/files\/2025\/11\/4aESO.-Musica.pdf\" target=\"_blank\" rel=\"noopener\">4\u00aaESO. M\u00fasica<\/a><\/p>\n<h3>Enlaces de inter\u00e9s<\/h3>\n<p>CLASE DE M\u00daSICA 2.0 de Mar\u00eda Jes\u00fas Camino: <a href=\"https:\/\/www.mariajesusmusica.com\/\" target=\"_blank\" rel=\"noopener noreferrer\">https:\/\/www.mariajesusmusica.com\/<\/a><br \/>\nEs una p\u00e1gina de una profesora de m\u00fasica. Est\u00e1 muy bien estructurada, y se pueden encontrar<br \/>\nlas distintas tem\u00e1ticas que se trabajan a lo largo de la ESO. Tambi\u00e9n partituras, ritmogramas,<br \/>\nactividades y juegos de inter\u00e9s musical.<br \/>\nJAIME ALTOZANO. <a href=\"https:\/\/www.youtube.com\/@JaimeAltozano\/about\" target=\"_blank\" rel=\"noopener noreferrer\">https:\/\/www.youtube.com\/@JaimeAltozano\/about<\/a><br \/>\nJaime Altozano es un divulgador de m\u00fasica y tecnolog\u00eda musical, youtuber, etc.<br \/>\nEl canal es muy interesante porque abarca tanto v\u00eddeos de conocimientos musicales, como<br \/>\nan\u00e1lisis de obras de cantantes actuales.<br \/>\nEjemplos:<br \/>\n&#8211; \u00bfPor qu\u00e9 medimos el RITMO as\u00ed? Comp\u00e1s de 4\/4, 2\/4, 6\/8, 3\/4&#8230;<br \/>\n&#8211; An\u00e1lisis de MOTOMAMI. Entendiendo la transformaci\u00f3n de ROSAL\u00cdA (con Rosal\u00eda)<\/p>\n","protected":false},"excerpt":{"rendered":"<p>&#46;&#46;&#46;<\/p>\n","protected":false},"author":1,"featured_media":0,"parent":0,"menu_order":0,"comment_status":"closed","ping_status":"open","template":"","meta":{"ngg_post_thumbnail":0,"footnotes":"","_mc_calendar":[]},"aioseo_notices":[],"_links":{"self":[{"href":"https:\/\/blogsaverroes.juntadeandalucia.es\/ieslaureldelareina\/wp-json\/wp\/v2\/pages\/178"}],"collection":[{"href":"https:\/\/blogsaverroes.juntadeandalucia.es\/ieslaureldelareina\/wp-json\/wp\/v2\/pages"}],"about":[{"href":"https:\/\/blogsaverroes.juntadeandalucia.es\/ieslaureldelareina\/wp-json\/wp\/v2\/types\/page"}],"author":[{"embeddable":true,"href":"https:\/\/blogsaverroes.juntadeandalucia.es\/ieslaureldelareina\/wp-json\/wp\/v2\/users\/1"}],"replies":[{"embeddable":true,"href":"https:\/\/blogsaverroes.juntadeandalucia.es\/ieslaureldelareina\/wp-json\/wp\/v2\/comments?post=178"}],"version-history":[{"count":27,"href":"https:\/\/blogsaverroes.juntadeandalucia.es\/ieslaureldelareina\/wp-json\/wp\/v2\/pages\/178\/revisions"}],"predecessor-version":[{"id":11222,"href":"https:\/\/blogsaverroes.juntadeandalucia.es\/ieslaureldelareina\/wp-json\/wp\/v2\/pages\/178\/revisions\/11222"}],"wp:attachment":[{"href":"https:\/\/blogsaverroes.juntadeandalucia.es\/ieslaureldelareina\/wp-json\/wp\/v2\/media?parent=178"}],"curies":[{"name":"wp","href":"https:\/\/api.w.org\/{rel}","templated":true}]}}