{"id":3040,"date":"2020-04-17T04:01:46","date_gmt":"2020-04-17T04:01:46","guid":{"rendered":"https:\/\/blogsaverroes.juntadeandalucia.es\/ieslauretum\/?page_id=3040"},"modified":"2025-12-11T08:49:55","modified_gmt":"2025-12-11T08:49:55","slug":"noticias-del-centro","status":"publish","type":"page","link":"https:\/\/blogsaverroes.juntadeandalucia.es\/ieslauretum\/noticias-del-centro\/","title":{"rendered":"NOTICIAS DEL CENTRO"},"content":{"rendered":"<p><span style=\"text-decoration: underline\"><strong><span style=\"color: #800000;text-decoration: underline\">11\/12\/2025 BECAS Y AYUDAS DE LA JUNTA DE ANDALUCIA<\/span><\/strong><\/span><\/p>\n<h4><strong>Con fecha 5 de diciembre de 2025 se ha publicado en el Bolet\u00edn Oficial de la Junta de Andaluc\u00eda la Resoluci\u00f3n de la Direcci\u00f3n General de Participaci\u00f3n e Inclusi\u00f3n Educativa, por la que se efect\u00faa la convocatoria p\u00fablica de las diferentes Becas, dirigida a facilitar la permanencia en el sistema educativo del alumnado que curse alguna de las ense\u00f1anzas incluidas en su \u00e1mbito de aplicaci\u00f3n, para el curso escolar 2025\/2026.<\/strong><\/h4>\n<h4><strong>El plazo de presentaci\u00f3n de solicitudes ser\u00e1 del 6 de diciembre de 2025 al 5 de enero de 2026.<\/strong><\/h4>\n<p><a href=\"https:\/\/www.juntadeandalucia.es\/educacion\/portales\/web\/educacion\/becas-ayudas\/becas\/segunda-oportunidad\/solicitud-e-impresos\" target=\"_blank\" rel=\"noopener\"><strong>Convocatoria p\u00fablica de la Beca Andaluc\u00eda Segunda Oportunidad para el curso escolar&nbsp;<\/strong><\/a><\/p>\n<p><a href=\"https:\/\/www.juntadeandalucia.es\/educacion\/portales\/web\/educacion\/becas-ayudas\/becas\/beca-6000\/solicitud-e-impresos\" target=\"_blank\" rel=\"noopener\"><strong>Convocatoria p\u00fablica de la Beca 6000 para el curso escolar&nbsp;<\/strong><\/a><\/p>\n<p><a href=\"https:\/\/www.juntadeandalucia.es\/educacion\/portales\/web\/educacion\/becas-ayudas\/becas\/beca-adriano\/solicitud-e-impresos\" target=\"_blank\" rel=\"noopener\"><strong>Convocatoria p\u00fablica de la Beca Adriano para el curso escolar&nbsp;<\/strong><\/a><\/p>\n<p><strong>La solicitud se presentar\u00e1 por&nbsp;<a class=\"ico_enlaceExt\" title=\"Se abre en una nueva ventana\" href=\"https:\/\/www.juntadeandalucia.es\/educacion\/secretariavirtual\/\" target=\"_blank\" rel=\"noopener\">La Secretar\u00eda Virtual<\/a><\/strong><\/p>\n<p><strong>Servicio de Becas y Ayudas al Estudio<\/strong><\/p>\n<hr>\n<p><em><span style=\"text-decoration: underline\"><span style=\"color: #993300\"><strong>02\/12\/2025<\/strong><\/span><\/span><\/em><\/p>\n<p><em><span style=\"text-decoration: underline\"><span style=\"color: #993300\"><strong> LISTA: INMERSI\u00d3N A EDIMBURGO 2026<\/strong><\/span><\/span><\/em><\/p>\n<p><span style=\"color: #0000ff\"><strong>Se hace publica la lista del alumnado seleccionado para la inmersi\u00f3n a Edimburgo y la lista de reserva.<\/strong><\/span><\/p>\n<p><a href=\"https:\/\/blogsaverroes.juntadeandalucia.es\/ieslauretum\/files\/2025\/12\/Inmersion-Edimburgo-2026-3oESO.pdf\">Inmersi\u00f3n Edimburgo 2026 3\u00baESO<\/a><\/p>\n<hr>\n<p><span style=\"text-decoration: underline\"><strong><span style=\"color: #800000;text-decoration: underline\">24\/11\/2025 LISTA: MOVILIDAD DE CORTA DURACI\u00d3N A LYON (FRANCIA) ERASMUS +<\/span><\/strong><\/span><\/p>\n<p><span style=\"color: #0000ff\"><strong>Se hace publica la lista provisional del alumnado seleccionado para la movilidad de larga duraci\u00f3n a Burdeos y la lista de reserva.<\/strong><\/span><\/p>\n<p><a href=\"https:\/\/blogsaverroes.juntadeandalucia.es\/ieslauretum\/files\/2025\/11\/CORTA-DURACION-LYON.pdf\">CORTA DURACI\u00d3N LYON<\/a><\/p>\n<hr>\n<p><span style=\"text-decoration: underline\"><strong><span style=\"color: #800000;text-decoration: underline\">21\/11\/2025 LISTA PROVISIONAL: MOVILIDAD DE LARGA DURACI\u00d3N A BURDEOS (FRANCIA) ERASMUS +<\/span><\/strong><\/span><\/p>\n<p><span style=\"color: #0000ff\"><strong>Se hace publica la lista provisional del alumnado seleccionado para la movilidad de larga duraci\u00f3n a Burdeos y la lista de reserva.<\/strong><\/span><\/p>\n<p><a href=\"https:\/\/blogsaverroes.juntadeandalucia.es\/ieslauretum\/files\/2025\/11\/lista-provisional-Burdeos.pdf\">lista provisional Burdeos<\/a><\/p>\n<hr>\n<p><span style=\"text-decoration: underline\"><span style=\"color: #800000;text-decoration: underline\"><strong>17\/11\/2025 OFERTA P\u00daBLICA AIRES ACONDICIONADOS<\/strong><\/span><\/span><\/p>\n<p><a href=\"https:\/\/blogsaverroes.juntadeandalucia.es\/ieslauretum\/files\/2025\/11\/Oferta-Publica-Aires-Acondicionados-2025.pdf\" target=\"_blank\" rel=\"noopener\"><span style=\"color: #0000ff\"><strong>Oferta P\u00fablica Aires Acondicionados 2025<\/strong><\/span><\/a><\/p>\n<p><span style=\"color: #0000ff\"><strong><a style=\"color: #0000ff\" href=\"https:\/\/blogsaverroes.juntadeandalucia.es\/ieslauretum\/files\/2025\/11\/PLIEGO-DE-PRESCRIPCIONES-TECNICAS-def.pdf\" target=\"_blank\" rel=\"noopener\">PLIEGO DE PRESCRIPCIONES T\u00c9CNICAS<\/a><\/strong><\/span><\/p>\n<p><span style=\"color: #0000ff\"><strong><a style=\"color: #0000ff\" href=\"https:\/\/drive.google.com\/file\/d\/1PJwahSAdK-BUzmzxwXrTEEcbSCjpIvsX\/view\" target=\"_blank\" rel=\"noopener\">ANEXO I PLANO DE EDIFICIOS&nbsp;<\/a><\/strong><\/span><\/p>\n<hr>\n<p><span style=\"text-decoration: underline;color: #800000\"><strong>20\/10\/2025 LECTURAS RECOMENDADAS POR EL DEPARTAMENTO DE LENGUA CASTELLANA Y LITERATURA PARA EL CURSO 25-26<\/strong><\/span><\/p>\n<p><strong><span style=\"color: #0000ff\">Se presenta la lista de lecturas recomendadas para el presente curso acad\u00e9mico. Esta selecci\u00f3n ha sido elaborada por el profesorado de la materia de Lengua Castellana y Literatura con objeto de fomentar el h\u00e1bito lector del alumnado, enriquecer su formaci\u00f3n literaria y bagaje cultural, as\u00ed como complementar el contenido curricular.<\/span><\/strong><\/p>\n<p><strong><span style=\"color: #0000ff\">PRIMERO DE ESO:<\/span><\/strong><\/p>\n<p><strong><span style=\"color: #0000ff\">-Antolog\u00eda po\u00e9tica (compilaci\u00f3n elaborada por el departamento de Lengua Castellana y Literatura).<\/span><\/strong><\/p>\n<p><strong><span style=\"color: #0000ff\">&#8211;<em>El pr\u00edncipe de la niebla,&nbsp;<\/em>Carlos Ruiz Zaf\u00f3n<em>.<\/em><\/span><\/strong><\/p>\n<p><strong><span style=\"color: #0000ff\">&#8211;<em>La ratonera,&nbsp;<\/em>Agatha Christie<em>.<\/em><\/span><\/strong><\/p>\n<p><strong><span style=\"color: #0000ff\">SEGUNDO DE ESO:<\/span><\/strong><\/p>\n<p><strong><span style=\"color: #0000ff\">&#8211;<em>La rosa de los vientos<\/em>. Antolog\u00eda po\u00e9tica. Vicens Vives.<\/span><\/strong><\/p>\n<p><strong><span style=\"color: #0000ff\">&#8211;<em>El ni\u00f1o con el pijama de rayas,&nbsp;<\/em>John Boyne.<\/span><\/strong><\/p>\n<p><strong><span style=\"color: #0000ff\">&#8211;<em>Romeo y Julieta,&nbsp;<\/em>William Shakespeare. Cl\u00e1sicos a medida. Anaya.<\/span><\/strong><\/p>\n<p><strong><span style=\"color: #0000ff\">TERCERO DE ESO:<\/span><\/strong><\/p>\n<p><strong><span style=\"color: #0000ff\">&#8211;<em>El Cid.&nbsp;<\/em>An\u00f3nimo<em>.<\/em>&nbsp;Cl\u00e1sicos Adaptados. Vicens Vives.<\/span><\/strong><\/p>\n<p><strong><span style=\"color: #0000ff\">&#8211;<em>La Celestina,&nbsp;<\/em>Fernando de Rojas<em>.&nbsp;<\/em>Cl\u00e1sicos Adaptados. Vicens Vives.<\/span><\/strong><\/p>\n<p><strong><span style=\"color: #0000ff\">&#8211;<em>Lazarillo de Tormes<\/em>. An\u00f3nimo. Cl\u00e1sicos Adaptados. Vicens Vives.<\/span><\/strong><\/p>\n<p><strong><span style=\"color: #0000ff\">CUARTO DE ESO:<\/span><\/strong><\/p>\n<p><strong><span style=\"color: #0000ff\">&#8211;<em>Leyendas y rimas<\/em>, Gustavo Adolfo B\u00e9cquer. Aula de Literatura. Vicens Vives.<\/span><\/strong><\/p>\n<p><strong><span style=\"color: #0000ff\">-Antolog\u00eda po\u00e9tica (compilaci\u00f3n elaborada por el departamento de Lengua Castellana y Literatura).<\/span><\/strong><\/p>\n<p><strong><span style=\"color: #0000ff\">&#8211;<em>La casa de Bernarda Alba,&nbsp;<\/em>Federico Garc\u00eda Lorca. Cl\u00e1sicos hisp\u00e1nicos. Vicens Vives.<\/span><\/strong><\/p>\n<p><strong><span style=\"color: #0000ff\">PRIMERO DE BACHILLERATO:<\/span><\/strong><\/p>\n<p><strong><span style=\"color: #0000ff\">&#8211;<em>Finis Mundi<\/em>, Laura Gallego Garc\u00eda.<\/span><\/strong><\/p>\n<p><strong><span style=\"color: #0000ff\">&#8211;<em>Don Quijote de la Mancha<\/em>, Miguel de Cervantes. El \u00c1rbol de los Cl\u00e1sicos. Oxford.<\/span><\/strong><\/p>\n<p><strong><span style=\"color: #0000ff\">&#8211;<em>Don Juan Tenorio<\/em>, Jos\u00e9 Zorrila. Cl\u00e1sicos hisp\u00e1nicos. Vicens Vives.<\/span><\/strong><\/p>\n<p><strong><span style=\"color: #0000ff\">SEGUNDO DE BACHILLERATO:<\/span><\/strong><\/p>\n<p><strong><span style=\"color: #0000ff\">&#8211;<em>El \u00e1rbol de la ciencia<\/em>, P\u00edo Baroja. Letras hisp\u00e1nicas. C\u00e1tedra.<\/span><\/strong><\/p>\n<p><strong><span style=\"color: #0000ff\">&#8211;<em>La realidad y el deseo<\/em>, Luis Cernuda.<\/span><\/strong><\/p>\n<p><strong><span style=\"color: #0000ff\">&#8211;<em>El cuarto de atr\u00e1s,&nbsp;<\/em>Carmen Mart\u00edn Gaite.<\/span><\/strong><\/p>\n<p><strong><span style=\"color: #0000ff\">&#8211;<em>La casa de Bernarda Alba,&nbsp;<\/em>Federico Garc\u00eda Lorca. Cl\u00e1sicos hisp\u00e1nicos. Vicens Vives.\u00bb<\/span><\/strong><\/p>\n<hr>\n<p><span style=\"color: #800000\"><strong><u>16<\/u><\/strong><\/span><span style=\"color: #800000\"><strong><u>\/10\/2025 Posible intercambio de corta duraci\u00f3n 10 d\u00edas a Irlanda 1\u00ba Bachillerato<\/u><\/strong><\/span><\/p>\n<p style=\"text-align: justify\"><span style=\"color: #0000ff\"><strong>Estimadas familias, a\u00fan no tenemos certeza de que el intercambio que tenemos preparado con un instituto irland\u00e9s se lleve finalmente a cabo. A pesar de la buena disposici\u00f3n tanto de la direcci\u00f3n del centro irland\u00e9s, como de su profesorado para colaborar con nosotros, a\u00fan est\u00e1n pendientes de aprobaci\u00f3n por parte del \u00abBoard of Education\u00bb, por lo que no os podemos facilitar ninguna informaci\u00f3n nueva.<\/strong><\/span><\/p>\n<p style=\"text-align: justify\"><span style=\"color: #0000ff\"><strong>La lista de alumnos que solicitaron participar en esta posible movilidad est\u00e1 cerrada, pero hay algunas familias que han pedido entrar en la lista de espera por si se quedaran plazas libres. Por lo tanto, las familias que as\u00ed lo deseen, pueden solicitarlo enviando un correo a&nbsp;<a style=\"color: #0000ff\" href=\"mailto:mcorben654@g.educaand.es\" target=\"_blank\" rel=\"noopener\">mcorben654@g.educaand.es<\/a>, indicando el nombre completo del alumno, su curso y direcci\u00f3n de correo del padre o madre.&nbsp;<\/strong><\/span><\/p>\n<p style=\"text-align: justify\"><span style=\"color: #0000ff\"><strong>Este intercambio no est\u00e1 incluido dentro del programa Erasmus+, por lo que las familias han de correr con los gastos. Ser\u00eda un intercambio bidireccional, nuestros alumnos son hospedados en casas de los compa\u00f1eros irlandeses, y despu\u00e9s ellos vendr\u00edan a Espa\u00f1a.<\/strong><\/span><\/p>\n<p style=\"text-align: justify\"><span style=\"color: #0000ff\"><strong>La lista de espera con el alumnado que lo solicite, se ordenar\u00e1 seg\u00fan la nota media del curso pasado que consta en su expediente acad\u00e9mico.<\/strong><\/span><\/p>\n<p style=\"text-align: justify\"><span style=\"color: #0000ff\"><strong>Un saludo.<\/strong><\/span><\/p>\n<p><a href=\"https:\/\/blogsaverroes.juntadeandalucia.es\/ieslauretum\/files\/2025\/10\/Alumnos-seleccionados-lista-definitiva-intercambio-Irlanda-anonimo.pdf\" target=\"_blank\" rel=\"noopener\">Alumnos seleccionados lista definitiva (intercambio Irlanda) 1\u00ba BACHILLERATO<\/a><\/p>\n<hr>\n<p><span style=\"color: #800000\"><strong><u>08<\/u><\/strong><\/span><span style=\"color: #800000\"><strong><u>\/10\/2025 Intercambio a Burdeos<\/u><\/strong><\/span><\/p>\n<p><strong><span style=\"color: #0000ff\">Publicada el listado de alumnos\/as que participan en el intercambio de Burdeos 2025-2026 para las plazas libres que no se han cubierto con el alumnado matriculado en 3 eso Franc\u00e9s<\/span><\/strong><\/p>\n<p><a href=\"https:\/\/blogsaverroes.juntadeandalucia.es\/ieslauretum\/files\/2025\/10\/INTERCAMBIO-BURDEOS-2025-2026.pdf\">INTERCAMBIO BURDEOS 2025-2026<\/a><\/p>\n<hr>\n<p>&nbsp;<\/p>\n<h3><span style=\"text-decoration: underline\"><span style=\"color: #800000;text-decoration: underline\">07\/10\/2025. PROYECTO ERASMUS 2025-2026 + KA122-SCH<\/span><\/span><\/h3>\n<p><a href=\"https:\/\/drive.google.com\/file\/d\/1lltmthhM1L2FtUK7tsQvz64JwC3sOJ29\/view?usp=sharing\" target=\"_blank\" rel=\"noopener\">CRITERIOS DE SELECCI\u00d3N<\/a><\/p>\n<p><a href=\"https:\/\/blogsaverroes.juntadeandalucia.es\/ieslauretum\/files\/2025\/10\/Alumnos-seleccionados-lista-definitiva.pdf\">Alumnos seleccionados lista definitiva<\/a><\/p>\n<hr>\n<h3 style=\"text-align: left\"><span style=\"color: #800000\"><strong><u>12\/09\/2025. FLEXIBILIDAD DE INCORPORACI\u00d3N HORARIA EL 15 DE SEPTIEMBRE<\/u><\/strong><\/span><\/h3>\n<h3>Asistir\u00e1n al centro el alumnado de los todos los niveles y etapas con el fin de recibir normas de convivencia, horarios, conocer a sus tutores\/as, conocer el centro y su formaci\u00f3n respecto a los protocolos a seguir. Venir provistos de bol\u00edgrafo y mochila,&nbsp; para la entrega de libros en los curso de 1\u00ba, 2\u00ba y 3\u00ba de ESO, por parte del centro.<\/h3>\n<h3><strong>Las unidades y tutores, asignados a cada alumno\/a, se publicar\u00e1n el 15 de septiembre, a trav\u00e9s de Pasen\/Ipasen.<\/strong><\/h3>\n<p><strong>D\u00cdA 15 DE SEPTIEMBRE<\/strong><\/p>\n<p><strong>1\u00ba ESO: De 11:30h a 14:45h. Se recibir\u00e1n en la rampa de acceso al centro, con la colaboraci\u00f3n del alumnado Welcome.<\/strong><\/p>\n<p><strong>E.E.: De 11:30h a 14:00h. Se recibir\u00e1n en la rampa de acceso al centro.<\/strong><\/p>\n<p><strong>El resto del alumnado entrara y se dirigir\u00e1n a cada una de las aulas.<\/strong><\/p>\n<p><strong>2\u00ba ESO: De 12:30h a 14:45h.<\/strong><\/p>\n<p><strong>3\u00ba ESO: De 13:15h a 14:45h.<\/strong><\/p>\n<p><strong>4\u00ba ESO: De 13:45h a 14:45h.<\/strong><\/p>\n<p><strong>1\u00ba BACHILLERATO: De 13:45h a 14:45h.&nbsp;<\/strong><\/p>\n<p><strong>2\u00ba BACHILLERATO: De 13:45h a 14:45h.<\/strong><\/p>\n<p><span style=\"background-color: #ffffff;color: #800000\"><strong>A PARTIR DEL D\u00cdA 16 DE SEPTIEMBRE<\/strong><\/span><\/p>\n<p><span style=\"background-color: #ffffff;color: #000000\"><strong>Horario de 8:15h a 14:45h para todos los niveles y etapas<\/strong><\/span><\/p>\n<hr>\n<h3 style=\"text-align: left\"><span style=\"color: #800000\"><strong><u>11\/07\/2025&nbsp; PLANOS DE DISTRIBUCI\u00d3N DE LAS AULAS Y LOS GRUPOS.<\/u><\/strong><\/span><\/h3>\n<h3 style=\"text-align: center\"><span style=\"color: #800000\"><strong><u><a href=\"https:\/\/drive.google.com\/file\/d\/1PJwahSAdK-BUzmzxwXrTEEcbSCjpIvsX\/view?usp=sharing\" target=\"_blank\" rel=\"noopener\">EDIFICIOS A+B+C<\/a><\/u><\/strong><\/span><\/h3>\n<hr>\n<h2><span style=\"text-decoration: underline\"><span style=\"color: #800000;text-decoration: underline\">02\/07\/2025 CALENDARIO: Convocatoria Extraor<\/span><span style=\"color: #800000;text-decoration: underline\">dinaria 1\u00ba Bachillerato SEPTIEMBRE 2025<\/span><\/span><\/h2>\n<p><span style=\"color: #0000ff\"><strong><a style=\"color: #0000ff\" href=\"https:\/\/blogsaverroes.juntadeandalucia.es\/ieslauretum\/files\/2025\/07\/Calendario-Septiembre-1o-BCH-2024-2025.pdf\" target=\"_blank\" rel=\"noopener\">Calendario Septiembre 1\u00ba BCH 2024-2025<\/a><\/strong><\/span><\/p>\n<hr>\n<h2><span style=\"text-decoration: underline\"><span style=\"color: #800000;text-decoration: underline\">01\/07\/2025 LIBROS DE TEXTO DE BACHILLERATO 2025-2026<\/span><\/span><\/h2>\n<p><strong><a href=\"https:\/\/drive.google.com\/file\/d\/1pSvPpEo8VF7PQhPSiRZkZERUjwQVJfro\/view\" target=\"_blank\" rel=\"noopener\"><span style=\"color: #0000ff\">Listado de libros de texto de Bachillerato<\/span><\/a><\/strong><\/p>\n<hr>\n<h3 style=\"text-align: center\"><span style=\"text-decoration: underline;color: #800000\">06\/06\/2025 RECOGIDA DE LIBROS DE TEXTO<\/span><\/h3>\n<p><strong><span style=\"color: #0000ff\">Por la presente se comunica el calendario de recogida de todos los libros de texto del presente curso escolar:<\/span><\/strong><br \/>\n<strong><span style=\"color: #0000ff\">FECHAS &nbsp; &nbsp; &nbsp; &nbsp; &nbsp; &nbsp; &nbsp; &nbsp; &nbsp; &nbsp; &nbsp; &nbsp; &nbsp; &nbsp; &nbsp; &nbsp; &nbsp; &nbsp; &nbsp; &nbsp; &nbsp; &nbsp;CURSOS<\/span><\/strong><br \/>\n<strong><span style=\"color: #0000ff\">MARTES 17 DE JUNIO&nbsp; &nbsp; &nbsp; &nbsp; &nbsp; &nbsp; &nbsp; &nbsp; &nbsp; &nbsp; &nbsp; 3\u00ba ESO<\/span><\/strong><\/p>\n<p><strong><span style=\"color: #0000ff\">MI\u00c9RCOLES 18 DE JUNIO&nbsp; &nbsp; &nbsp; &nbsp; &nbsp; &nbsp; &nbsp; 2\u00ba ESO<\/span><\/strong><\/p>\n<p><strong><span style=\"color: #0000ff\">JUEVES 19 JUNIO&nbsp; &nbsp; &nbsp; &nbsp; &nbsp; &nbsp; &nbsp; &nbsp; &nbsp; &nbsp; &nbsp; &nbsp; &nbsp; &nbsp; &nbsp; 1\u00ba ESO<\/span><\/strong><\/p>\n<p><strong><span style=\"color: #0000ff\">Se recoger\u00e1n durante la jornada escolar<\/span><\/strong><\/p>\n<p><strong><span style=\"color: #0000ff\">Atentamente<\/span><\/strong><\/p>\n<p><strong><span style=\"color: #0000ff\">Jefatura Adjunta a la Direcci\u00f3n<\/span><\/strong><\/p>\n<div><span style=\"color: #0000ff\"><strong>Los libros se recoger\u00e1n en horario lectivo&nbsp;<u>todo el grupo de clase al mismo tiempo<\/u>.<\/strong><\/span><\/div>\n<div><span style=\"color: #0000ff\"><strong>TODOS los alumnos entregar\u00e1n TODOS los libros<\/strong><\/span><\/div>\n<div>\n<hr>\n<\/div>\n<h3><span style=\"text-decoration: underline\"><span style=\"color: #800000;text-decoration: underline\">02\/12\/2024. PROCLAMACI\u00d3N DE LOS MIEMBROS DEL CONSEJO ESCOLAR 2024-2026.<\/span><\/span><\/h3>\n<h4><strong><a href=\"https:\/\/blogsaverroes.juntadeandalucia.es\/ieslauretum\/files\/2024\/11\/Proclamacion-CE-2024-2026.pdf\">Proclamaci\u00f3n CE 2024-2026<\/a><\/strong><\/h4>\n<hr>\n<h3><span style=\"text-decoration: underline;color: #800000\"><strong><em>16\/10\/2024. REUNI\u00d3N DE LAS FAMILIAS CON LOS TUTORES DE ESO Y BACHILLERATO<\/em><\/strong><\/span><\/h3>\n<p><strong><span style=\"color: #0000ff\">Por la presente se convoca a los representantes legales del alumnado de 1\u00ba, 2\u00ba, 3\u00ba y 4\u00ba de ESO, EE y 1\u00ba y 2\u00ba de Bachillerato a una reuni\u00f3n presencial, con los tutores docentes, el martes 22 de octubre de 2024.<\/span><\/strong><\/p>\n<p><strong><span style=\"color: #0000ff\">Tras finalizar la reuni\u00f3n, con los tutores docentes, el <span style=\"color: #008000\">Equipo de la Transformaci\u00f3n Digital Educativa (TDE)<\/span>, estar\u00e1 a su disposici\u00f3n en el hall del edificio \u00abA\u00bb de 17:30h a 19:00h, para resolver cualquier incidencia que tengan con el uso de PASEN\/iPasen&nbsp;<\/span><\/strong><\/p>\n<h3 style=\"text-align: center\"><strong><span style=\"color: #003300\">1\u00ba, 2\u00ba ESO y EE: 16:30h<\/span><\/strong><\/h3>\n<h3 style=\"text-align: center\"><strong><span style=\"color: #003300\">3\u00ba y 4\u00ba ESO: 17:30h<\/span><\/strong><\/h3>\n<h3 style=\"text-align: center\"><strong><span style=\"color: #003300\">1\u00ba y 2\u00ba BACHILLERATO: 18:30h<\/span><\/strong><\/h3>\n<p><span style=\"color: #003300\"><strong> Se ruega puntualidad.<\/strong><\/span><\/p>\n<h3 style=\"text-align: center\"><a href=\"https:\/\/blogsaverroes.juntadeandalucia.es\/ieslauretum\/files\/2024\/09\/EDIFICIOS-ABC-grupos-aulas.pdf\" target=\"_blank\" rel=\"noopener\">PLANOS DE LOS EDIFICIOS A+B+C<\/a><\/h3>\n<p><strong><span style=\"color: #0000ff\">Puntos a tratar<\/span><\/strong><\/p>\n<ol>\n<li><strong><span style=\"color: #0000ff\">Plan global de trabajo del curso.<\/span><\/strong><\/li>\n<li><strong><span style=\"color: #0000ff\">Criterios y procedimientos de evaluaci\u00f3n del alumnado.<\/span><\/strong><\/li>\n<li><strong><span style=\"color: #0000ff\">Medidas de apoyo al alumnado y de atenci\u00f3n a la diversidad que se puedan adoptar.<\/span><\/strong><\/li>\n<li><strong><span style=\"color: #0000ff\">Organizaci\u00f3n de la tutor\u00eda y de la tutor\u00eda electr\u00f3nica, as\u00ed como del horario de atenci\u00f3n a las familias.<\/span><\/strong><\/li>\n<li><strong><span style=\"color: #0000ff\">Procedimiento para facilitar la relaci\u00f3n de las familias con el profesorado que integra el equipo docente.<\/span><\/strong><\/li>\n<li><strong><span style=\"color: #0000ff\">Derechos y obligaciones de las familias, de acuerdo con lo recogido en los art\u00edculos 12 y 13 del Decreto 327\/2010 de 13 de julio.<\/span><\/strong><\/li>\n<li><strong><span style=\"color: #0000ff\">Funciones de las personas delegadas de los padres y madres en cada grupo. <\/span><\/strong><strong><span style=\"color: #0000ff\">Se proceder\u00e1 a la elecci\u00f3n de los delegados de padres y madres del alumnado, de acuerdo con el art\u00edculo 9.<\/span><\/strong><\/li>\n<li><strong><span style=\"color: #0000ff\">Compromisos educativos y de convivencia.<\/span><\/strong><\/li>\n<\/ol>\n<p><strong><span style=\"color: #0000ff\">Atentamente<\/span><\/strong><\/p>\n<hr>\n<h3><span style=\"text-decoration: underline\"><span style=\"color: #800000;text-decoration: underline\">02\/10\/2024. Celebraci\u00f3n de Elecciones a Consejos Escolares, Juntas de Centro y Consejos de Residencias Escolares durante el primer trimestre del curso 2024\/25.<\/span><\/span><\/h3>\n<section class=\"cuerpo detalle_html\">\n<div class=\"inner_cuerpo\"><strong><span style=\"color: #0000ff\">La RESOLUCI\u00d3N de 6 de septiembre de 2024, de la Direcci\u00f3n General de Participaci\u00f3n e Inclusi\u00f3n Educativa establece el calendario para el desarrollo de las elecciones de representantes en los Consejos Escolares de los centros docentes sostenidos con fondos p\u00fablicos de la Comunidad Aut\u00f3noma de Andaluc\u00eda, a excepci\u00f3n de los centros espec\u00edficos de educaci\u00f3n permanente de personas adultas para el curso 2024\/2025.<\/span><\/strong><\/div>\n<\/section>\n<section class=\"section_widget_abaco documentos doc_relacionados_web\">\n<header>\n<h1 class=\"titulo\"><strong><span style=\"color: #0000ff\">Documentos relacionados<\/span><\/strong><\/h1>\n<\/header>\n<div class=\"wrapper-listado\">\n<ul class=\"listado\">\n<li class=\"item item_listado\"><strong><span style=\"color: #0000ff\"><a style=\"color: #0000ff\" title=\"Pulse para visualizar el documento:&nbsp;Calendario de las elecciones a consejos escolares 2024\" href=\"https:\/\/www.juntadeandalucia.es\/educacion\/portals\/delegate\/content\/2cc15f62-d698-4e8f-aceb-4eeb1a6f78a8\/Calendario%20de%20las%20elecciones%20a%20consejos%20escolares%202024\" target=\"_blank\" rel=\"noopener\">Calendario de las elecciones a consejos escolares 2024 (PDF \/ 98.96Kb)<\/a><\/span><\/strong><\/li>\n<li class=\"item item_listado\"><strong><span style=\"color: #0000ff\"><a style=\"color: #0000ff\" title=\"Pulse para visualizar el documento:&nbsp;L\u00ednea de Tiempo Elecciones Consejos Escolares 2024\" href=\"https:\/\/www.juntadeandalucia.es\/educacion\/portals\/delegate\/content\/55a4c3b9-85a5-4fb3-98ab-77d79408a6ab\/L%C3%ADnea%20de%20Tiempo%20Elecciones%20Consejos%20Escolares%202024\" target=\"_blank\" rel=\"noopener\">L\u00ednea de Tiempo Elecciones Consejos Escolares 2024 (PDF \/ 219.01Kb)<\/a><\/span><\/strong><\/li>\n<li class=\"item item_listado\">\n<div class=\"inner-item\">\n<p><strong><span style=\"color: #0000ff\"><a style=\"color: #0000ff\" title=\"Pulse para visualizar el documento:&nbsp;Folleto tr\u00edptico Voto Electr\u00f3nico\" href=\"https:\/\/www.juntadeandalucia.es\/educacion\/portals\/delegate\/content\/4922c053-7e16-4ce3-b353-f9bc5b9ffe0d\/Folleto%20tr%C3%ADptico%20Voto%20Electr%C3%B3nico\" target=\"_blank\" rel=\"noopener\">Folleto tr\u00edptico Voto Electr\u00f3nico (PDF \/ 1050.02Kb)<\/a><\/span><\/strong><\/p>\n<\/div>\n<\/li>\n<\/ul>\n<\/div>\n<\/section>\n<hr>\n<p>&nbsp;<\/p>\n<h3><strong><span style=\"text-decoration: underline\"><span style=\"color: #800000;text-decoration: underline\">19\/09\/2024. D\u00cdAS FESTIVOS A NIVEL DE LA LOCALIDAD<\/span><\/span><\/strong><\/h3>\n<h3><span style=\"color: #0000ff\"><strong>Tras reunirse el Consejo Escolar Municipal en el d\u00eda de hoy se han decidido los siguientes d\u00edas de libre elecci\u00f3n de la localidad:&nbsp;<\/strong><\/span><\/h3>\n<div class=\"nBzcnc OjZ2cc OcVpRe Q7NH3 N1DhNb\">\n<div id=\"xDetDlgWhen\" class=\"toUqff \">\n<div class=\"JEx5le bgOWSb\">\n<ul>\n<li class=\"AzuXid Kcwcnf CyPPBf\">\n<h3><span style=\"color: #0000ff\"><strong>Viernes 2 mayo de 2025.<\/strong><\/span><\/h3>\n<\/li>\n<li class=\"AzuXid Kcwcnf CyPPBf\">\n<h3><span style=\"color: #0000ff\"><strong>Viernes de feria 9 mayo de 2025.<\/strong><\/span><\/h3>\n<\/li>\n<li class=\"AzuXid Kcwcnf CyPPBf\">\n<h3><span style=\"color: #0000ff\"><strong>Jueves 31 octubre de 2024<\/strong><\/span><\/h3>\n<\/li>\n<\/ul>\n<h3><span style=\"color: #000000\"><strong>Festivos en la Localidad<\/strong><\/span><\/h3>\n<ul>\n<li class=\"AzuXid Kcwcnf CyPPBf\">\n<h3><span style=\"font-size: 16px\">4 de junio 2025 (Salida de carretas Romer\u00eda del Roc\u00edo)<\/span><\/h3>\n<\/li>\n<li class=\"AzuXid Kcwcnf CyPPBf\">\n<h3><span style=\"font-size: 16px\">5 de septiembre 2025 ( Viernes Feria Espartinas)<\/span><\/h3>\n<\/li>\n<\/ul>\n<\/div>\n<\/div>\n<\/div>\n<hr>\n<p>&nbsp;<\/p>\n<p style=\"text-align: justify\"><span style=\"text-decoration: underline\"><span style=\"color: #800000;text-decoration: underline\"><strong>02\/09\/2024 CRITERIOS PARA ESTABLECER LOS AGRUPAMIENTOS DEL ALUMNADO:<\/strong><\/span><\/span><br \/>\n<span style=\"color: #0000ff\"><strong>Como pauta general, se favorecer\u00e1 que no se configuren grupos claramente diferenciados en cuanto a su rendimiento escolar.<\/strong><\/span><br \/>\n<span style=\"color: #0000ff\"><strong>Evitar, que el alumnado que no promociona de curso se concentre s\u00f3lo en alg\u00fan o algunos grupos. Repartiendo a estos entre todos los grupos existentes, siempre que sea posible.<\/strong><\/span><br \/>\n<span style=\"color: #0000ff\"><strong>Se procurara el reparto del alumnado con una misma optativa\/especifica o con la misma opci\u00f3n respecto a las ense\u00f1anzas de religi\u00f3n en diversos grupos y establecer despu\u00e9s las conexiones necesarias entre grupos diferentes en las horas que correspondan.<\/strong><\/span><br \/>\n<span style=\"color: #0000ff\"><strong>Las variables existentes a tener en cuenta a la hora de organizar los agrupamientos ser\u00e1n, siempre que sea posible:<\/strong><\/span><br \/>\n<span style=\"color: #0000ff\"><strong>\u2022 Reparto del alumnado PMAR entre diferentes agrupamientos.<\/strong><\/span><br \/>\n<span style=\"color: #0000ff\"><strong>\u2022 Reparto del alumnado NEAE entre diferentes agrupamientos.<\/strong><\/span><br \/>\n<span style=\"color: #0000ff\"><strong>\u2022 Reparto de alumnos\/as repetidores.<\/strong><\/span><br \/>\n<span style=\"color: #0000ff\"><strong>\u2022 Reparto de alumnos\/as que promocionan por imperativo legal.<\/strong><\/span><br \/>\n<span style=\"color: #0000ff\"><strong>&nbsp;<\/strong><\/span><span style=\"color: #0000ff\"><strong>\u2022 Agrupamiento de alumnos\/as en funci\u00f3n de las optativas\/especificas.<\/strong><\/span><br \/>\n<span style=\"color: #0000ff\"><strong>\u2022 Agrupamiento de alumnos\/as en funci\u00f3n de Religi\u00f3n\/Valores \u00c9ticos.<\/strong><\/span><br \/>\n<span style=\"color: #0000ff\"><strong>\u2022 Reparto de alumnos\/as por sexo.<\/strong><\/span><\/p>\n<p style=\"text-align: justify\"><span style=\"color: #0000ff\"><strong>En cualquier caso, el n\u00ba de l\u00edneas o de grupos en cada nivel, alumnado procedente de centros adscritos en el caso de 1\u00ba de ESO, la disponibilidad de recursos (de profesorado y de espacios) o los programas de intervenci\u00f3n que se lleven a cabo con el alumnado (adaptaciones curriculares grupales y programa de \u00e1mbito en 1\u00ba y 2\u00ba de la ESO son elementos a considerar en los criterios para establecer los agrupamientos del alumnado, por lo que el centro, en el ejercicio de su autonom\u00eda, fija todos los anteriores por entender que son los mejores que responden a la consecuci\u00f3n del \u00e9xito escolar de todo su alumnado.<\/strong><\/span><br \/>\n<span style=\"color: #0000ff\"><strong>Para la configuraci\u00f3n de los grupos de 1\u00ba de ESO pueden utilizarse los informes de tr\u00e1nsito de educaci\u00f3n primaria y las actas de evaluaci\u00f3n final de 6\u00ba. Para los dem\u00e1s cursos de ESO, las actas de evaluaci\u00f3n final y los informes personales del alumnado del curso anterior.<\/strong><\/span><\/p>\n<hr>\n<h3><span style=\"text-decoration: underline\"><span style=\"color: #800000;text-decoration: underline\">02\/09\/2024 CARACTERISTICAS Y SITUACIONES QUE SE PUEDEN DAR ANTE LA REALIZACI\u00d3N DE PRUEBAS EVALUABLES<\/span><\/span><\/h3>\n<p><span style=\"color: #0000ff\"><strong>Estimada comunidad educativa, se informa de las diferentes situaciones que se pueden dar ante la realizaci\u00f3n de pruebas escritas que valoren los criterios de evaluaci\u00f3n competenciales, seg\u00fan la LOMLOE y el ROF de nuestro centro, para su conocimiento.<\/strong><\/span><\/p>\n<p><span style=\"color: #ff0000\"><strong>Se adjunta documento.&nbsp;<a style=\"color: #ff0000\" href=\"https:\/\/blogsaverroes.juntadeandalucia.es\/ieslauretum\/files\/2023\/09\/Pruebas-escritas.pdf\">Pruebas escritas<\/a><\/strong><\/span><\/p>\n<p><span style=\"color: #0000ff\"><strong>Un afectuoso saludo<\/strong><\/span><\/p>\n<hr>\n<h3><span style=\"color: #800000\"><u>02\/09\/2024. NORMAS B\u00c1SICAS DE COMPORTAMIENTO EN EL CENTRO<\/u><\/span><\/h3>\n<p><span style=\"color: #0000ff\">La convivencia en una comunidad educativa requiere la adecuaci\u00f3n de la conducta individual a unas normas que hagan viable el \u00f3ptimo desarrollo de la actividad acad\u00e9mica y de las relaciones interpersonales. Por otra parte la conducta p\u00fablica se rige por pautas distintas de las del comportamiento privado, por lo que en un Centro educativo no est\u00e1n permitidos actos que pertenecen al \u00e1mbito de la vida privada, y que pueden ser socialmente reprobables.<\/span><\/p>\n<p><span style=\"color: #0000ff\">Las normas fundamentales que constan a continuaci\u00f3n son b\u00e1sicas, y se detallan en el Reglamento de Organizaci\u00f3n y Funcionamiento<\/span><\/p>\n<ol>\n<li><span style=\"color: #0000ff\"><em>La asistencia a clase es obligatoria en todas las etapas de ense\u00f1anza que se imparten en el Centro. Se exigir\u00e1 puntualidad para la entrada en las clases. Una vez cerradas las puertas del Centro, ning\u00fan alumno puede ausentarse (salvo indicaci\u00f3n expresa de la Jefatura de Estudios) si no es con autorizaci\u00f3n de sus padres (por escrito e indicando la causa concreta, as\u00ed como fecha, nombre y DNI) y supervisada por la Jefatura de Las ausencias deber\u00e1n justificarse por los padres en un plazo m\u00e1ximo de una semana.<\/em><\/span><\/li>\n<li><span style=\"color: #0000ff\"><em>En el Centro est\u00e1 prohibido <strong>utilizar<\/strong>&nbsp;tel\u00e9fonos m\u00f3viles u otros equipos electr\u00f3nicos que puedan suponer la captura de im\u00e1genes o di\u00e1logos, que impidan el normal desarrollo de las clases. Dichos objetos podr\u00e1n ser retirados por cualquier profesor\/a y su devoluci\u00f3n se har\u00e1 por la Jefatura de Estudios exclusivamente dentro del horario y plazo establecido para tal fin. El Centro no se responsabiliza de la p\u00e9rdida o sustracci\u00f3n de dichos Se considera una falta grave. &nbsp;<\/em><\/span><\/li>\n<li><span style=\"color: #0000ff\"><em>Constituye un delito difundir im\u00e1genes de personas, obtenidas sin su consentimiento (ya sea en webs, blogs, portales de fotograf\u00edas o videos, etc.), que puedan da\u00f1ar la imagen o la vida privada de los dem\u00e1s, as\u00ed como amenazar, injuriar, o propagar calumnias, rumores, opiniones difamantes, insultantes, amenazantes o intimidantes a trav\u00e9s de cualquier medio, (incluido el m\u00f3vil). Tales hechos ser\u00e1n sancionados acad\u00e9micamente, adem\u00e1s de que puedan serlo por los tribunales de <\/em><\/span><\/li>\n<li><span style=\"color: #0000ff\"><em>En el Centro est\u00e1 prohibido fumar y consumir bebidas alcoh\u00f3licas o cualquier otra sustancia que pueda alterar la conducta, de acuerdo con la legislaci\u00f3n vigente y las recomendaciones de la Organizaci\u00f3n Mundial de la O cualquier instrumento que reproduzca el hecho de fumar.<\/em><\/span><\/li>\n<li><span style=\"color: #0000ff\"><em>Los alumnos deber\u00e1n respetar las pertenencias personales de cada uno, no cogi\u00e9ndolas sin su autorizaci\u00f3n. Cada alumno se responsabilizar\u00e1 en todo momento de sus materiales.<\/em><\/span><\/li>\n<li><span style=\"color: #0000ff\"><em>Todos los miembros de la Comunidad Educativa tienen la obligaci\u00f3n de respetar a los dem\u00e1s, no actuando de forma despectiva, insultante, vejatoria o agresiva con nadie, sea profesor, alumno o personal no docente. Asimismo deber\u00e1n respetarse las diversas culturas de las distintas personas de la Comunidad Educativa, lo que debe redundar en un mayor conocimiento de ellas, contribuyendo as\u00ed a mejorar el desarrollo personal de cada uno.<\/em><\/span><\/li>\n<li><span style=\"color: #0000ff\"><em>No se permitir\u00e1n acciones que impliquen discriminaci\u00f3n por raz\u00f3n de raza, sexo, orientaci\u00f3n sexual, convicciones ideol\u00f3gicas o religiosas, discapacidades f\u00edsicas o ps\u00edquicas, as\u00ed como por cualquier otra condici\u00f3n personal.<\/em><\/span><\/li>\n<li><span style=\"color: #0000ff\"><em>En caso de indisposici\u00f3n de un alumno se contactar\u00e1 con los padres, por lo que es imprescindible un tel\u00e9fono de contacto de emergencia, ya que el Centro ni puede dispensar medicamentos ni autorizar la salida de un alumno enfermo, si no es recogido por un familiar.<\/em><\/span><\/li>\n<li><span style=\"color: #0000ff\"><em>Los alumnos llevar\u00e1n el carn\u00e9 del Centro y lo mostrar\u00e1n al profesorado y personal de administraci\u00f3n y servicios que se lo solicite.<\/em><\/span><\/li>\n<li><span style=\"color: #0000ff\"><em>Los alumnos no podr\u00e1n entrar sin consentimiento de los profesores en aulas de grupos <\/em><em>distintos al suyo.<\/em><\/span><\/li>\n<li><span style=\"color: #0000ff\"><em>Durante los periodos de recreo <\/em><em>los alumnos no podr\u00e1n permanecer en las aulas ni en los pasillos, sino en el patio del centro.<\/em><\/span><\/li>\n<li><span style=\"color: #0000ff\"><em>El alumnado deber\u00e1n presentarse en el Centro aseados y vestidos de forma correcta, <\/em><em>teniendo en cuenta que asisten a un centro educativo donde se relacionan con otros miembros de la Comunidad. No se permite el uso de prendas que cubran la cabeza o indumentaria excesivamente peque\u00f1a que muestre partes \u00edntimas del alumnado.<\/em><\/span><\/li>\n<li><span style=\"color: #0000ff\"><em>Los alumnos\/as deben hacer un uso adecuado del material y las dependencias del Centro. Los desperfectos ocasionados por mal uso o negligencia ser\u00e1n reparados a expensas de sus abono.<\/em><\/span><\/li>\n<li><span style=\"color: #0000ff\"><em>Es deber de todos el mantenimiento de la limpieza del Centro, no arrojando nada al suelo. A estos efectos, est\u00e1 expresamente prohibido comer pipas, polo flash, chucher\u00edas, bocatas, etc., durante las clases, y arrojar al suelo papeles o cualquier otra materia que contribuya a ensuciarlo. El incumplimiento de ello llevar\u00e1 la obligaci\u00f3n de su limpieza por parte de quien lo haya ensuciado.<\/em><\/span><\/li>\n<li><span style=\"color: #0000ff\"><em>El alumno acudir\u00e1 al Centro provisto de todo el material necesario para el desarrollo normal de sus clases.<\/em><\/span><\/li>\n<\/ol>\n<hr>\n<h3><span style=\"text-decoration: underline\"><span style=\"color: #800000;text-decoration: underline\">02\/09\/2024 ENTRADAS Y SALIDAS DEL ALUMNADO DEL CENTRO<\/span><\/span><\/h3>\n<p><span style=\"color: #0000ff\"><strong>-El alumnado debe venir acompa\u00f1ado de su tutor legal o persona autorizada y registrar su entrada o salida en el centro. No se puede autorizar a un alumno\/a del centro para la salida del alumnado menor de edad.<\/strong><\/span><\/p>\n<p><span style=\"color: #0000ff\"><strong>-Si es mayor de edad puede realizar el registro de entrada o salida el propio alumno\/a.<\/strong><\/span><\/p>\n<p><span style=\"color: #0000ff\"><strong>En caso contrario el profesor de guardia debe ponerle un parte disciplinario, y esperar con \u00e9l al cambio de clase para entrar al aula.&nbsp;<\/strong><\/span><\/p>\n<p><span style=\"color: #0000ff\"><strong>Estas se realizaran utilizando los intercambios de clase para no molestar las horas de docencia. Durante el horario de recreo no se abrir\u00e1n las puertas del centro por seguridad de los menores.<\/strong><\/span><\/p>\n<p><span style=\"color: #0000ff\"><strong>PROTOCOLO A UTILIZAR<\/strong><\/span><\/p>\n<p><span style=\"color: #0000ff\"><strong>a- Deben comunicar la intenci\u00f3n de salir a trav\u00e9s de Ipasen en el apartado de \u201ccomunicar falta de asistencia\u201d.<\/strong><\/span><\/p>\n<p><span style=\"color: #0000ff\"><strong>b- Elegimos la hora exacta que deben salir del aula explicando el motivo, intentando siempre que sea al inicio o fin de la hora de clase.<\/strong><\/span><\/p>\n<p><span style=\"color: #0000ff\"><strong>c- El profesorado dejar\u00e1 salir, de clase, al alumno\/a para que sea recogido por su familia.<\/strong><\/span><\/p>\n<p><span style=\"color: #008000\"><strong>M\u00d3DULOS HORARIOS <\/strong><\/span><\/p>\n<p><span style=\"color: #008000\"><strong>Primera clase&nbsp; 08:15H \u2013 09:15H<\/strong><\/span><\/p>\n<p><span style=\"color: #008000\"><strong>Segunda clase 09:15H \u201310:15H<\/strong><\/span><\/p>\n<p><span style=\"color: #008000\"><strong>Tercera clase&nbsp; 10:15H \u2013 11:15H<\/strong><\/span><\/p>\n<p><span style=\"color: #008000\"><strong>RECREO&nbsp;&nbsp;&nbsp;&nbsp;&nbsp;&nbsp;&nbsp; 11:15H \u2013 11:45H (NO SE PERMITE EL ACCESO AL CENTRO)<\/strong><\/span><\/p>\n<p><span style=\"color: #008000\"><strong>Cuarta clase&nbsp;&nbsp;&nbsp; 11,45H \u2013 12,45H<\/strong><\/span><\/p>\n<p><span style=\"color: #008000\"><strong>Quinta clase&nbsp;&nbsp;&nbsp; 12,45H \u2013 13,45H<\/strong><\/span><\/p>\n<p><span style=\"color: #008000\"><strong>Sexta clase&nbsp;&nbsp;&nbsp;&nbsp;&nbsp; 13,45H<\/strong><\/span><\/p>\n<hr>\n<h3 style=\"text-align: justify\"><span style=\"text-decoration: underline\"><span style=\"color: #800000;text-decoration: underline\"><strong>05\/12\/2023 CONVOCATORIA DE BECAS<\/strong><\/span><\/span><\/h3>\n<p><a href=\"https:\/\/www.juntadeandalucia.es\/educacion\/portals\/web\/becas-y-ayudas\/novedades\/-\/contenidos\/detalle\/convocatoria-publica-de-la-beca-andalucia-segunda-oportunidad-para-el-curso-escolar-2022\"><strong>Convocatoria p\u00fablica de la Beca Andaluc\u00eda Segunda Oportunidad para el curso escolar 2023\/2024<\/strong><\/a><\/p>\n<p><a href=\"https:\/\/www.juntadeandalucia.es\/educacion\/portals\/web\/becas-y-ayudas\/novedades\/-\/contenidos\/detalle\/convocatoria-publica-de-la-beca-6000-para-el-curso-escolar-2022\"><strong>Convocatoria p\u00fablica de la Beca 6000 para el curso escolar 2023\/2024<\/strong><\/a><\/p>\n<p><span style=\"color: #0000ff\"><a style=\"color: #0000ff\" href=\"https:\/\/www.juntadeandalucia.es\/educacion\/portals\/web\/becas-y-ayudas\/novedades\/-\/contenidos\/detalle\/convocatoria-publica-de-la-beca-adriano-para-el-curso-escolar-2022\"><strong>Convocatoria p\u00fablica de la Beca Adriano para el curso escolar 2023\/2024<\/strong><\/a><\/span><\/p>\n<p><strong><span style=\"color: #008000\">El plazo de presentaci\u00f3n de solicitudes ser\u00e1 del 6 de diciembre de 2023 al 5 de enero de 2024.<\/span><\/strong><\/p>\n<p><strong><span style=\"color: #008000\">La solicitud se presentar\u00e1 por&nbsp;<a class=\"ico_enlaceExt\" style=\"color: #008000\" title=\"Se abre en una nueva ventana\" href=\"https:\/\/www.juntadeandalucia.es\/educacion\/secretariavirtual\/\" target=\"_blank\" rel=\"noopener noreferrer\">La Secretar\u00eda Virtual<\/a><\/span><\/strong><\/p>\n<hr>\n<h3><span style=\"text-decoration: underline\"><span style=\"color: #800000;text-decoration: underline\">16\/11\/2023 SUBVENCIONES PARA ALUMNADO DE NEE.<\/span><\/span><\/h3>\n<p><strong><span style=\"color: #0000ff\">Se pone en conocimiento, la existencia de una convocatoria de para la adquisici\u00f3n de nuevas tecnolog\u00edas con el fin de mejorar la autonom\u00eda de las personas con discapacidad.<\/span><\/strong><\/p>\n<p><strong><span style=\"color: #0000ff\">La cuant\u00eda m\u00e1xima es de 6000 \u20ac, no tiene limitaci\u00f3n de edad y puede solicitarse hasta el 21 de noviembre de 2023.<\/span><\/strong><\/p>\n<p><strong><span style=\"color: #0000ff\">Es una convocatoria de la Consejer\u00eda de Inclusi\u00f3n Social. <\/span><\/strong><strong><span style=\"color: #0000ff\">El alumnado con certificado de discapacidad igual o superior al 33% podr\u00edan solicitarlo.<\/span><\/strong><\/p>\n<p><strong><span style=\"color: #0000ff\">Si alguien tiene alguna pregunta, deben dirigirse a los Servicios Sociales de la localidad.<\/span><\/strong><\/p>\n<h4><span style=\"color: #008000\"><strong><a style=\"color: #008000\" href=\"https:\/\/blogsaverroes.juntadeandalucia.es\/ieslauretum\/files\/2023\/11\/Convocatoria_Ayudas_unificada.pdf\">Convocatoria_Ayudas_unificada<\/a><\/strong><\/span><\/h4>\n<hr>\n<p>&nbsp;<\/p>\n<h3><span style=\"text-decoration: underline;color: #800000\"><strong><em>03\/10\/2023. PUBLICACI\u00d3N DE LIBROS DE TEXTO DE BACHILLERATO<\/em><\/strong><\/span><\/h3>\n<blockquote class=\"wp-embedded-content\" data-secret=\"u8tfLSlU7p\"><p><a href=\"https:\/\/blogsaverroes.juntadeandalucia.es\/ieslauretum\/programa-de-gratuidad-de-libros-de-texto\/\">PROGRAMA DE GRATUIDAD DE LIBROS DE TEXTO<\/a><\/p><\/blockquote>\n<p><iframe class=\"wp-embedded-content\" sandbox=\"allow-scripts\" security=\"restricted\" style=\"position: absolute; clip: rect(1px, 1px, 1px, 1px);\" title=\"\u00abPROGRAMA DE GRATUIDAD DE LIBROS DE TEXTO\u00bb \u2014 IES LAURETUM (Espartinas) \" src=\"https:\/\/blogsaverroes.juntadeandalucia.es\/ieslauretum\/programa-de-gratuidad-de-libros-de-texto\/embed\/#?secret=2PFAsNMLXj#?secret=u8tfLSlU7p\" data-secret=\"u8tfLSlU7p\" width=\"600\" height=\"338\" frameborder=\"0\" marginwidth=\"0\" marginheight=\"0\" scrolling=\"no\"><\/iframe><\/p>\n<hr>\n<h3 style=\"text-align: center\"><strong><span style=\"text-decoration: underline\"><span style=\"color: #800000;text-decoration: underline\">30\/06\/2023 CALENDARIO DE LA CONVOCATORIA EXTRAORDINARIA DE 1\u00ba DE BACHILLERATO<\/span><\/span><\/strong><\/h3>\n<h3 style=\"text-align: center\"><strong>Por la presente se comunican los d\u00edas para realizar las pruebas:<\/strong><\/h3>\n<h3 style=\"text-align: center\"><strong><a href=\"https:\/\/drive.google.com\/file\/d\/0B1BXXVUmxngqX2tkZjd3S1lZVnc\/view?usp=sharing&amp;resourcekey=0-Hx4Vk9MQX2d1dZJTeQ3Qbw\" target=\"_blank\" rel=\"noopener noreferrer\">CALENDARIO SEPTIEMBRE 203<\/a><\/strong><span style=\"color: #800000\"><strong>&nbsp;<\/strong><\/span><\/h3>\n<p style=\"text-align: center\"><a href=\"https:\/\/blogsaverroes.juntadeandalucia.es\/ieslauretum\/files\/2022\/07\/CALENDARIO-SEPTIEMBRE-2022.pdf\" target=\"_blank\" rel=\"noopener noreferrer\"><img loading=\"lazy\" decoding=\"async\" class=\"alignnone wp-image-5391 size-medium\" src=\"https:\/\/blogsaverroes.juntadeandalucia.es\/ieslauretum\/files\/2021\/06\/examenes_extraordinarios-300x160.jpg\" alt=\"\" width=\"300\" height=\"160\" srcset=\"https:\/\/blogsaverroes.juntadeandalucia.es\/ieslauretum\/files\/2021\/06\/examenes_extraordinarios-300x160.jpg 300w, https:\/\/blogsaverroes.juntadeandalucia.es\/ieslauretum\/files\/2021\/06\/examenes_extraordinarios-768x409.jpg 768w, https:\/\/blogsaverroes.juntadeandalucia.es\/ieslauretum\/files\/2021\/06\/examenes_extraordinarios.jpg 940w\" sizes=\"(max-width: 300px) 100vw, 300px\" \/><\/a><a href=\"https:\/\/blogsaverroes.juntadeandalucia.es\/ieslauretum\/files\/2022\/09\/EDIFICIOS-ABC-grupos-aulas.pdf\" target=\"_blank\" rel=\"noopener noreferrer\">EDIFICIOS A+B+C grupos aulas<\/a><\/p>\n<hr>\n<div>&nbsp;<\/div>\n<h3><span style=\"text-decoration: underline\"><span style=\"color: #800000;text-decoration: underline\">02\/11\/2022. CALENDARIOS DE RECUPERACIONES DE MATERIAS A SUPERAR DE CURSOS ANTERIORES<\/span><\/span><\/h3>\n<p><span style=\"color: #0000ff\"><strong><a style=\"color: #0000ff\" href=\"https:\/\/drive.google.com\/file\/d\/120rs17rrmAp1p3O0k0oEW2hWQ33E2BPU\/view?usp=share_link\" target=\"_blank\" rel=\"noopener noreferrer\">Calendario de ESO (Mayo)<\/a><\/strong><\/span><\/p>\n<p><a href=\"https:\/\/drive.google.com\/file\/d\/18WPO-4wmLGz-4FXT8OSSoA4ctLlSbxhT\/view?usp=sharing\" target=\"_blank\" rel=\"noopener noreferrer\"><span style=\"color: #0000ff\"><strong>Calendario de 2\u00ba de Bachillerato (Febrero)<\/strong><\/span><\/a><\/p>\n<hr>\n<p>&nbsp;<\/p>\n<h3><span style=\"text-decoration: underline\"><span style=\"color: #800000;text-decoration: underline\"><strong><em>15\/09\/2022. LAURETUM EN LA RED<\/em><\/strong><\/span><\/span><\/h3>\n<h3><span style=\"color: #0000ff\"><strong>Estimadas familias en primer lugar darles la bienvenida a este nuevo curso escolar 2022-2023 y explicarles que desde la Coordinaci\u00f3n TDE se orientar\u00e1 sobre las diferentes herramientas que la administraci\u00f3n pone a su disposici\u00f3n para evitarles desplazamientos al centro, sin CITA PREVIA.<\/strong><\/span><\/h3>\n<p><span style=\"color: #0000ff\"><strong>1.- SECRETARIA VIRTUAL, dependiendo de las diferentes fechas la podr\u00e1n utilizar para llevar a cabo los siguientes tr\u00e1mites:<\/strong><\/span><br \/>\n<span style=\"color: #003300\"><strong><a style=\"color: #003300\" href=\"https:\/\/www.google.com\/url?q=https:\/\/www.juntadeandalucia.es\/educacion\/secretariavirtual\/&amp;sa=D&amp;source=calendar&amp;usd=2&amp;usg=AOvVaw28IwSWaH2nP_0eIiaUnCFa\">https:\/\/www.juntadeandalucia.es\/educacion\/secretariavirtual\/<\/a><\/strong><\/span><br \/>\n<span style=\"color: #0000ff\"><strong>a. Presentaci\u00f3n electr\u00f3nica de tr\u00e1mites generales en centros educativos. (Todo el curso escolar)<\/strong><\/span><br \/>\n<span style=\"color: #0000ff\"><strong>b. Solicitudes de admisi\u00f3n (1-30 Marzo)<\/strong><\/span><br \/>\n<span style=\"color: #0000ff\"><strong>c. Matriculaci\u00f3n ESO (1-10 Julio)<\/strong><\/span><br \/>\n<span style=\"color: #0000ff\"><strong>d. Matriculaci\u00f3n Bachillerato (1-10 Julio)<\/strong><\/span><br \/>\n<span style=\"color: #0000ff\"><strong>e. Becas y Ayudas (Con las convocatorias abiertas)<\/strong><\/span><br \/>\n<span style=\"color: #0000ff\"><strong>f. Ciclos de Formaci\u00f3n Profesional (B\u00e1sica, Media y Superior)<\/strong><\/span><\/p>\n<p><span style=\"color: #0000ff\"><strong>2.- PASEN (PC) &nbsp;\/ iPASEN (App). Dicha herramienta es obligatoria para familias y alumnado<\/strong><\/span><br \/>\n<span style=\"color: #003300\"><strong><a style=\"color: #003300\" href=\"https:\/\/www.google.com\/url?q=https:\/\/seneca.juntadeandalucia.es\/seneca\/jsp\/portalpasen\/&amp;sa=D&amp;source=calendar&amp;usd=2&amp;usg=AOvVaw15EOhSsOlIlrQOCgDBsV74\">https:\/\/seneca.juntadeandalucia.es\/seneca\/jsp\/portalpasen\/<\/a><\/strong><\/span><br \/>\n<span style=\"color: #0000ff\"><strong>En la siguiente aplicaci\u00f3n podr\u00e1n realizar las siguientes actuaciones:<\/strong><\/span><br \/>\n<span style=\"color: #0000ff\"><strong>a) Consultar actividades evaluables<\/strong><\/span><br \/>\n<span style=\"color: #0000ff\"><strong>b) Consultar clave iANDE<\/strong><\/span><br \/>\n<span style=\"color: #0000ff\"><strong>c) Consultar calificaciones trimestrales<\/strong><\/span><br \/>\n<span style=\"color: #0000ff\"><strong>d) Consultar observaciones compartidas<\/strong><\/span><br \/>\n<span style=\"color: #0000ff\"><strong>e) Autorizaci\u00f3n de actividades extraescolares<\/strong><\/span><br \/>\n<span style=\"color: #0000ff\"><strong>f) Comunicaci\u00f3n familias con el tutor y profesorado. SOLICITAR CITAS<\/strong><\/span><br \/>\n<span style=\"color: #0000ff\"><strong>g) Comunicaci\u00f3n y justificaci\u00f3n ausencias<\/strong><\/span><br \/>\n<span style=\"color: #0000ff\"><strong>h) Autorizaci\u00f3n para la recogida del alumnado por terceras personas<\/strong><\/span><br \/>\n<span style=\"color: #0000ff\"><strong>i) Autologin o Autoregistro, para las familias en Ipasen<\/strong><\/span><br \/>\n<span style=\"color: #0000ff\"><strong>j) Autologin o Autoregistro, para los alumnos\/as en Pasen \/ Moodle<\/strong><\/span><br \/>\n<span style=\"color: #0000ff\"><strong>Entre otras<\/strong><\/span><\/p>\n<p><span style=\"color: #0000ff\"><strong>3.- CORREO ELECTR\u00d3NICO<\/strong><\/span><br \/>\n<span style=\"color: #003300\"><strong><a style=\"color: #003300\" href=\"mailto:41008398.edu@juntadeandalucia.es\">41008398.edu@juntadeandalucia.es<\/a><\/strong><\/span><br \/>\n<span style=\"color: #0000ff\"><strong>Este correo es solamente para gestiones administrativas: Solicitud de certificados, expedientes, &#8230;<\/strong><\/span><br \/>\n<span style=\"color: #0000ff\"><strong>Para solicitar citas, deben realizarlas por Pasen.<\/strong><\/span><\/p>\n<p><span style=\"color: #0000ff\"><strong>4.- P\u00c1GINA WEB. Donde consultar las siguientes secciones.<\/strong><\/span><br \/>\n<span style=\"color: #003300\"><strong><a style=\"color: #003300\" href=\"https:\/\/www.google.com\/url?q=https:\/\/blogsaverroes.juntadeandalucia.es\/ieslauretum\/&amp;sa=D&amp;source=calendar&amp;usd=2&amp;usg=AOvVaw2OFf55REcq9UhThrR9W9Mb\">https:\/\/blogsaverroes.juntadeandalucia.es\/ieslauretum\/<\/a><\/strong><\/span><br \/>\n<span style=\"color: #0000ff\"><strong>NOTICIAS DEL CENTRO<\/strong><\/span><br \/>\n<span style=\"color: #0000ff\"><strong>BLOG DEL CENTRO<\/strong><\/span><br \/>\n<span style=\"color: #0000ff\"><strong>COMUNIDAD EDUCATIVA<\/strong><\/span><br \/>\n<span style=\"color: #0000ff\"><strong>DPTO. ORIENTACI\u00d3N. PROGR. DE TR\u00c1NSITO<\/strong><\/span><br \/>\n<span style=\"color: #0000ff\"><strong>DEPARTAMENTOS DID\u00c1CTICOS DEL CENTRO<\/strong><\/span><br \/>\n<span style=\"color: #0000ff\"><strong>PROGRAMACIONES Y CRITERIOS DE EVALUACI\u00d3N<\/strong><\/span><br \/>\n<span style=\"color: #0000ff\"><strong>PLANES Y PROGRAMAS<\/strong><\/span><br \/>\n<span style=\"color: #0000ff\"><strong>PLAN DE CENTRO<\/strong><\/span><br \/>\n<span style=\"color: #0000ff\"><strong>PROYECTO BILING\u00dcE<\/strong><\/span><br \/>\n<span style=\"color: #0000ff\"><strong>PROYECTO LING\u00dc\u00cdSTICO DE CENTRO<\/strong><\/span><br \/>\n<span style=\"color: #0000ff\"><strong>TRANSFORMACI\u00d3N DIGITAL EDUCATIVA<\/strong><\/span><br \/>\n<span style=\"color: #0000ff\"><strong>AMPA ALJARAFE<\/strong><\/span><br \/>\n<span style=\"color: #0000ff\"><strong>BIBLIOTECA FERNANDO CANCA<\/strong><\/span><br \/>\n<span style=\"color: #0000ff\"><strong>NORMATIVA LEGAL<\/strong><\/span><\/p>\n<p><span style=\"color: #0000ff\"><strong>5.- REDES SOCIALES. Publicaci\u00f3n de noticias de forma instant\u00e1nea<\/strong><\/span><br \/>\n<span style=\"color: #003300\"><strong><a style=\"color: #003300\" href=\"https:\/\/www.google.com\/url?q=https:\/\/twitter.com\/lauretum2005&amp;sa=D&amp;source=calendar&amp;usd=2&amp;usg=AOvVaw2JPWiokoEvids03cIJFmyI\">https:\/\/twitter.com\/lauretum2005<\/a><\/strong><\/span><br \/>\n<span style=\"color: #003300\"><strong><a style=\"color: #003300\" href=\"https:\/\/www.google.com\/url?q=https:\/\/www.instagram.com\/ieslauretum\/?hl%3Des&amp;sa=D&amp;source=calendar&amp;usd=2&amp;usg=AOvVaw18NYcwfvLITToz5i6KrfOx\">https:\/\/www.instagram.com\/ieslauretum\/?hl=es<\/a><\/strong><\/span><br \/>\n<span style=\"color: #003300\"><strong><a style=\"color: #003300\" href=\"https:\/\/www.google.com\/url?q=https:\/\/www.facebook.com\/Lauretum2005\/&amp;sa=D&amp;source=calendar&amp;usd=2&amp;usg=AOvVaw147Hs9Jd_v2ooxdUkOTP_S\">https:\/\/www.facebook.com\/Lauretum2005\/<\/a><\/strong><\/span><\/p>\n<hr>\n<p style=\"text-align: center\">&nbsp;<\/p>\n<div class=\"panel-message-detail mt-0 bg-white\">\n<div id=\"panelContenido\" class=\"panel-content\">\n<div>\n<hr>\n<\/div>\n<\/div>\n<\/div>\n<h3>&nbsp;<\/h3>\n<h3><span style=\"color: #0000ff\"><strong>Las unidades y tutores, asignados a cada alumno\/a, se publicar\u00e1n el 14 de septiembre, a trav\u00e9s de Pasen\/Ipasen.<\/strong><\/span><\/h3>\n<p><span style=\"color: #800000\"><strong>D\u00cdA 15 DE SEPTIEMBRE<\/strong><\/span><\/p>\n<p><span style=\"color: #0000ff\"><strong>1\u00ba ESO: De 11:45h a 14:45h.<\/strong><\/span><\/p>\n<p><span style=\"color: #0000ff\"><strong>E.E.: De 11:45h a 14:00h.<\/strong><\/span><\/p>\n<p><span style=\"color: #0000ff\"><strong>2\u00ba ESO: De 12:45h a 14:45h.<\/strong><\/span><\/p>\n<p><span style=\"color: #0000ff\"><strong>3\u00ba ESO: De 13:45h a 14:45h.<\/strong><\/span><\/p>\n<p><span style=\"color: #0000ff\"><strong>4\u00ba ESO: De 13:45h a 14:45h.<\/strong><\/span><\/p>\n<p><span style=\"color: #0000ff\"><strong>1\u00ba BACHILLERATO: De 13:45h a 14:45h.&nbsp;<\/strong><\/span><\/p>\n<p><span style=\"color: #0000ff\"><strong>2\u00ba BACHILLERATO: De 13:45h a 14:45h.<\/strong><\/span><\/p>\n<p><strong><span style=\"color: #800000\">A PARTIR DEL D\u00cdA 16 DE SEPTIEMBRE<\/span><\/strong><\/p>\n<p><span style=\"color: #0000ff\"><strong>Horario normal de 8:15h a 14:45h para todos los niveles y etapas<\/strong><\/span><span style=\"color: #0000ff\"><strong>.<\/strong><\/span><\/p>\n<hr>\n<h3 style=\"text-align: left\"><span style=\"text-decoration: underline\"><span style=\"color: #800000;text-decoration: underline\">07\/09\/2021 RECOGIDA DE LIBROS DE LAS MATERIAS SUPERADAS EN SEPTIEMBRE<\/span><\/span><\/h3>\n<h3 style=\"text-align: justify\"><span style=\"color: #0000ff\">Estimadas familias, se informa que todo aquel alumno\/a que no haya devuelto los libros de texto del programa de gratuidad de la Consejer\u00eda de Educaci\u00f3n al centro, deber\u00e1 hacerlo el 13 y 14 de septiembre de 11h a 13h en el segundo aula prefabricada entrando por la puerta principal a la izquierda<\/span><span style=\"color: #0000ff\">&nbsp;de libros de texto de alumnos que han superado las materias en septiembre en la ESO.<\/span><br \/>\n<span style=\"color: #0000ff\">Atentamente<\/span><\/h3>\n<hr>\n<h3><span style=\"text-decoration: underline\"><strong><span style=\"color: #800000;text-decoration: underline\">06\/09\/2021 PUBLICACI\u00d3N DE BOLETINES DE LA CONVOCATORIA EXTRAORDINARIA DE 1\u00ba, 2\u00ba y, 3\u00ba ESO &#8211; 1\u00ba Bachillerato<\/span><\/strong><\/span><\/h3>\n<h3><strong><span style=\"color: #0000ff\">El IES Lauretum publica las calificaciones extraordinaria de septiembre hoy lunes a trav\u00e9s del punto de recogida de Pasen. <\/span><\/strong><\/h3>\n<h3><strong><span style=\"color: #0000ff\">Video tutorial para recoger dicha informaci\u00f3n.<\/span><\/strong><\/h3>\n<h3><a href=\"https:\/\/www.youtube.com\/watch?v=eIGb4BHO1Bw\">Acceso web \u201cPunto de recogida\u201d | AlbertoPTFP &#8211; YouTube<\/a><\/h3>\n<p>&nbsp;<\/p>\n<hr>\n<h3><span style=\"color: #800000\"><a style=\"color: #800000\" title=\"\" href=\"http:\/\/www.juntadeandalucia.es\/averroes\/centros-tic\/41008398\/helvia\/sitio\/index.cgi?wAccion=news&amp;wid_news=114&amp;wid_seccion=17&amp;wid_item=&amp;wid_grupo_news=1\">02\/08\/2021 BECAS Y AYUDAS DEL <strong><em>MEC<\/em> <\/strong>Y DE LA CONSEJER\u00cdA DE EDUCACI\u00d3N<\/a><\/span><\/h3>\n<p><span style=\"color: #0000ff\">Se abre el plazo de solicitud de becas y ayudas al estudio para el curso 2021-22, con un presupuesto de m\u00e1s de 2.000 millones. Fecha tope hasta el 30 de septiembre de 2021.<\/span><\/p>\n<h3><span style=\"text-decoration: underline\"><span style=\"color: #0000ff;text-decoration: underline\">Convocatorias de Educaci\u00f3n pr\u00f3ximas al cierre.<\/span><\/span><\/h3>\n<h3><a href=\"https:\/\/www.educacionyfp.gob.es\/servicios-al-ciudadano\/catalogo\/general\/05\/050130\/nu\/050130-nu-2021.html\" target=\"_blank\" rel=\"noopener noreferrer\"><span style=\"color: #0000ff\">Becas y ayudas a alumnos de niveles postobligatorios<\/span><\/a><\/h3>\n<h3><a href=\"https:\/\/www.educacionyfp.gob.es\/servicios-al-ciudadano\/catalogo\/general\/05\/050140\/ficha\/050140-2021.html\" target=\"_blank\" rel=\"noopener noreferrer\"><span style=\"color: #0000ff\">Becas y ayudas para alumnos con necesidad espec\u00edfica de apoyo educativo<\/span><\/a><\/h3>\n<hr>\n<p style=\"text-align: center\">&nbsp;<\/p>\n<h3><span style=\"text-decoration: underline\"><strong><span style=\"color: #800000;text-decoration: underline\">09\/07\/2021. RESULTADOS DE LA EVAU 2021<\/span><\/strong><\/span><\/h3>\n<p><img loading=\"lazy\" decoding=\"async\" class=\"alignnone size-medium wp-image-5537\" src=\"https:\/\/blogsaverroes.juntadeandalucia.es\/ieslauretum\/files\/2021\/07\/Resultados-PEVAU_P\u00e1gina_1-212x300.jpg\" alt=\"\" width=\"212\" height=\"300\" srcset=\"https:\/\/blogsaverroes.juntadeandalucia.es\/ieslauretum\/files\/2021\/07\/Resultados-PEVAU_P\u00e1gina_1-212x300.jpg 212w, https:\/\/blogsaverroes.juntadeandalucia.es\/ieslauretum\/files\/2021\/07\/Resultados-PEVAU_P\u00e1gina_1-724x1024.jpg 724w, https:\/\/blogsaverroes.juntadeandalucia.es\/ieslauretum\/files\/2021\/07\/Resultados-PEVAU_P\u00e1gina_1-768x1086.jpg 768w, https:\/\/blogsaverroes.juntadeandalucia.es\/ieslauretum\/files\/2021\/07\/Resultados-PEVAU_P\u00e1gina_1-1086x1536.jpg 1086w, https:\/\/blogsaverroes.juntadeandalucia.es\/ieslauretum\/files\/2021\/07\/Resultados-PEVAU_P\u00e1gina_1-1449x2048.jpg 1449w, https:\/\/blogsaverroes.juntadeandalucia.es\/ieslauretum\/files\/2021\/07\/Resultados-PEVAU_P\u00e1gina_1-scaled.jpg 1811w\" sizes=\"(max-width: 212px) 100vw, 212px\" \/> <img loading=\"lazy\" decoding=\"async\" class=\"alignnone size-medium wp-image-5538\" src=\"https:\/\/blogsaverroes.juntadeandalucia.es\/ieslauretum\/files\/2021\/07\/Resultados-PEVAU_P\u00e1gina_2-212x300.jpg\" alt=\"\" width=\"212\" height=\"300\" srcset=\"https:\/\/blogsaverroes.juntadeandalucia.es\/ieslauretum\/files\/2021\/07\/Resultados-PEVAU_P\u00e1gina_2-212x300.jpg 212w, https:\/\/blogsaverroes.juntadeandalucia.es\/ieslauretum\/files\/2021\/07\/Resultados-PEVAU_P\u00e1gina_2-724x1024.jpg 724w, https:\/\/blogsaverroes.juntadeandalucia.es\/ieslauretum\/files\/2021\/07\/Resultados-PEVAU_P\u00e1gina_2-768x1086.jpg 768w, https:\/\/blogsaverroes.juntadeandalucia.es\/ieslauretum\/files\/2021\/07\/Resultados-PEVAU_P\u00e1gina_2-1086x1536.jpg 1086w, https:\/\/blogsaverroes.juntadeandalucia.es\/ieslauretum\/files\/2021\/07\/Resultados-PEVAU_P\u00e1gina_2-1449x2048.jpg 1449w, https:\/\/blogsaverroes.juntadeandalucia.es\/ieslauretum\/files\/2021\/07\/Resultados-PEVAU_P\u00e1gina_2-scaled.jpg 1811w\" sizes=\"(max-width: 212px) 100vw, 212px\" \/> <img loading=\"lazy\" decoding=\"async\" class=\"alignnone size-medium wp-image-5539\" src=\"https:\/\/blogsaverroes.juntadeandalucia.es\/ieslauretum\/files\/2021\/07\/Resultados-PEVAU_P\u00e1gina_3-212x300.jpg\" alt=\"\" width=\"212\" height=\"300\" srcset=\"https:\/\/blogsaverroes.juntadeandalucia.es\/ieslauretum\/files\/2021\/07\/Resultados-PEVAU_P\u00e1gina_3-212x300.jpg 212w, https:\/\/blogsaverroes.juntadeandalucia.es\/ieslauretum\/files\/2021\/07\/Resultados-PEVAU_P\u00e1gina_3-724x1024.jpg 724w, https:\/\/blogsaverroes.juntadeandalucia.es\/ieslauretum\/files\/2021\/07\/Resultados-PEVAU_P\u00e1gina_3-768x1086.jpg 768w, https:\/\/blogsaverroes.juntadeandalucia.es\/ieslauretum\/files\/2021\/07\/Resultados-PEVAU_P\u00e1gina_3-1086x1536.jpg 1086w, https:\/\/blogsaverroes.juntadeandalucia.es\/ieslauretum\/files\/2021\/07\/Resultados-PEVAU_P\u00e1gina_3-1449x2048.jpg 1449w, https:\/\/blogsaverroes.juntadeandalucia.es\/ieslauretum\/files\/2021\/07\/Resultados-PEVAU_P\u00e1gina_3-scaled.jpg 1811w\" sizes=\"(max-width: 212px) 100vw, 212px\" \/><\/p>\n<h3 style=\"text-align: justify\"><span style=\"color: #0000ff\"><span class=\"css-901oao css-16my406 r-poiln3 r-bcqeeo r-qvutc0\">No podemos estar m\u00e1s orgullosos. En un a\u00f1o tan complicado como este, 100 % de aprobados en la PEVAU. Impresionantes resultados con notas en las asignaturas troncales generales por encima de la media andaluza. Enhorabuena a toda la comunidad educativa del IES LAURETUM.<\/span><\/span><\/h3>\n<p>&nbsp;<\/p>\n<hr>\n<h3><span style=\"font-size: 16px\">Otras noticias:<\/span><\/h3>\n<div id=\"contenido_sitio\" class=\"tiny_personalizado\" style=\"float: left\">\n<div id=\"news\">\n<div class=\"otras_noticias\">\n<h5><strong>02\/09\/2019<\/strong>&nbsp;<a title=\"\" href=\"http:\/\/www.juntadeandalucia.es\/averroes\/centros-tic\/41008398\/helvia\/sitio\/index.cgi?wAccion=news&amp;wid_news=146&amp;wid_seccion=17&amp;wid_item=&amp;wid_grupo_news=1\">2019-2020 USO DEL IPASEN EN LAS COMUNICACIONES<\/a><\/h5>\n<h5><strong>19\/07\/2019<\/strong>&nbsp;<a title=\"\" href=\"http:\/\/www.juntadeandalucia.es\/averroes\/centros-tic\/41008398\/helvia\/sitio\/index.cgi?wAccion=news&amp;wid_news=144&amp;wid_seccion=17&amp;wid_item=&amp;wid_grupo_news=1\">2019 AUTOLOGIN DE PASEN Y COMUNICACIONES<\/a><\/h5>\n<h5><strong>10\/07\/2019<\/strong>&nbsp;<a title=\"\" href=\"http:\/\/www.juntadeandalucia.es\/averroes\/centros-tic\/41008398\/helvia\/sitio\/index.cgi?wAccion=news&amp;wid_news=136&amp;wid_seccion=17&amp;wid_item=&amp;wid_grupo_news=1\">2019 AMPLIACI\u00d3N DEL IES LAURETUM<\/a><\/h5>\n<h5><strong>01\/07\/2019<\/strong>&nbsp;<a title=\"\" href=\"http:\/\/www.juntadeandalucia.es\/averroes\/centros-tic\/41008398\/helvia\/sitio\/index.cgi?wAccion=news&amp;wid_news=56&amp;wid_seccion=17&amp;wid_item=&amp;wid_grupo_news=1\">2019-2020 LISTADO DE LIBROS DE TEXTO<\/a><\/h5>\n<h5><strong>05\/06\/2019<\/strong>&nbsp;<a title=\"\" href=\"http:\/\/www.juntadeandalucia.es\/averroes\/centros-tic\/41008398\/helvia\/sitio\/index.cgi?wAccion=news&amp;wid_news=27&amp;wid_seccion=17&amp;wid_item=&amp;wid_grupo_news=1\">2019 DERECHO A SER OIDOS POR EL TUTOR ANTES DE LA PROMOCI\u00d3N Y \/ O TITULACI\u00d3N<\/a><\/h5>\n<h5><strong>14\/03\/2019<\/strong>&nbsp;<a title=\"\" href=\"http:\/\/www.juntadeandalucia.es\/averroes\/centros-tic\/41008398\/helvia\/sitio\/index.cgi?wAccion=news&amp;wid_news=88&amp;wid_seccion=17&amp;wid_item=&amp;wid_grupo_news=1\">2019 PROGRAMA DE DIGITALIZACI\u00d3N DE CENTRO<\/a><\/h5>\n<h5><strong>28\/02\/2019<\/strong>&nbsp;<a title=\"\" href=\"http:\/\/www.juntadeandalucia.es\/averroes\/centros-tic\/41008398\/helvia\/sitio\/index.cgi?wAccion=news&amp;wid_news=42&amp;wid_seccion=17&amp;wid_item=&amp;wid_grupo_news=1\">2019 DERECHO DE NO ASISTENCIA A CLASE PARA EL ALUMNADO DE 3\u00ba, 4\u00ba de ESO, 1\u00ba y 2\u00ba de BACHILLERATO<\/a><\/h5>\n<h5><strong>10\/01\/2019<\/strong>&nbsp;<a title=\"\" href=\"http:\/\/www.juntadeandalucia.es\/averroes\/centros-tic\/41008398\/helvia\/sitio\/index.cgi?wAccion=news&amp;wid_news=41&amp;wid_seccion=17&amp;wid_item=&amp;wid_grupo_news=1\">2019 MASTER DE ENSE\u00d1ANZA SECUNDARIA Y BACHILLERATO<\/a><\/h5>\n<h5><strong>10\/10\/2018<\/strong>&nbsp;<a title=\"\" href=\"http:\/\/www.juntadeandalucia.es\/averroes\/centros-tic\/41008398\/helvia\/sitio\/index.cgi?wAccion=news&amp;wid_news=63&amp;wid_seccion=17&amp;wid_item=&amp;wid_grupo_news=1\">2018 PROGRAMA PROA ANDALUCIA. ACOMPA\u00d1AMIENTO<\/a><\/h5>\n<h5><strong>07\/10\/2018<\/strong>&nbsp;<a title=\"\" href=\"http:\/\/www.juntadeandalucia.es\/averroes\/centros-tic\/41008398\/helvia\/sitio\/index.cgi?wAccion=news&amp;wid_news=158&amp;wid_seccion=17&amp;wid_item=&amp;wid_grupo_news=1\">2018 MEJORAS EN EL IES LAURETUM<\/a><\/h5>\n<h5><strong>19\/09\/2018<\/strong>&nbsp;<a title=\"\" href=\"http:\/\/www.juntadeandalucia.es\/averroes\/centros-tic\/41008398\/helvia\/sitio\/index.cgi?wAccion=news&amp;wid_news=157&amp;wid_seccion=17&amp;wid_item=&amp;wid_grupo_news=1\">2018 ERASMUS + <\/a><\/h5>\n<h5><strong>29\/06\/2018<\/strong>&nbsp;<a title=\"\" href=\"http:\/\/www.juntadeandalucia.es\/averroes\/centros-tic\/41008398\/helvia\/sitio\/index.cgi?wAccion=news&amp;wid_news=74&amp;wid_seccion=17&amp;wid_item=&amp;wid_grupo_news=1\">RESULTADOS DE LA PRUEBA DE ACCESO A LA UNIVERSIDAD<\/a><\/h5>\n<h5><strong>22\/02\/2018<\/strong>&nbsp;<a title=\"\" href=\"http:\/\/www.juntadeandalucia.es\/averroes\/centros-tic\/41008398\/helvia\/sitio\/index.cgi?wAccion=news&amp;wid_news=93&amp;wid_seccion=17&amp;wid_item=&amp;wid_grupo_news=1\">2018 COORDINACI\u00d3N TIC DEL IES LAURETUM<\/a><\/h5>\n<h5><strong>30\/06\/2017<\/strong>&nbsp;<a title=\"\" href=\"http:\/\/www.juntadeandalucia.es\/averroes\/centros-tic\/41008398\/helvia\/sitio\/index.cgi?wAccion=news&amp;wid_news=70&amp;wid_seccion=17&amp;wid_item=&amp;wid_grupo_news=1\">2017 RESULTADO DE LA PRUEBA DE ACCESO A LA UNIVERSIDAD<\/a><\/h5>\n<h5><strong>17\/02\/2017<\/strong>&nbsp;<a title=\"\" href=\"http:\/\/www.juntadeandalucia.es\/averroes\/centros-tic\/41008398\/helvia\/sitio\/index.cgi?wAccion=news&amp;wid_news=132&amp;wid_seccion=17&amp;wid_item=&amp;wid_grupo_news=1\">2017 RECOGIDA DE OBJETOS PERDIDOS<\/a><\/h5>\n<h5><strong>14\/09\/2016<\/strong>&nbsp;<a title=\"\" href=\"http:\/\/www.juntadeandalucia.es\/averroes\/centros-tic\/41008398\/helvia\/sitio\/index.cgi?wAccion=news&amp;wid_news=127&amp;wid_seccion=17&amp;wid_item=&amp;wid_grupo_news=1\">CUIDAD LOS LIBROS DE TEXTO<\/a><\/h5>\n<h5><strong>02\/10\/2015<\/strong>&nbsp;<a title=\"\" href=\"http:\/\/www.juntadeandalucia.es\/averroes\/centros-tic\/41008398\/helvia\/sitio\/index.cgi?wAccion=news&amp;wid_news=101&amp;wid_seccion=17&amp;wid_item=&amp;wid_grupo_news=1\">EL IES LAURETUM ABRE SUS PUERTAS A ESPARTINAS <\/a><\/h5>\n<h5><strong>03\/12\/2014<\/strong>&nbsp;<a title=\"\" href=\"http:\/\/www.juntadeandalucia.es\/averroes\/centros-tic\/41008398\/helvia\/sitio\/index.cgi?wAccion=news&amp;wid_news=16&amp;wid_seccion=17&amp;wid_item=&amp;wid_grupo_news=1\">PROGRAMA DE MEDIO AMBIENTE<\/a><\/h5>\n<h5><strong>03\/09\/2014<\/strong>&nbsp;<a title=\"\" href=\"http:\/\/www.juntadeandalucia.es\/averroes\/centros-tic\/41008398\/helvia\/sitio\/index.cgi?wAccion=news&amp;wid_news=71&amp;wid_seccion=17&amp;wid_item=&amp;wid_grupo_news=1\">PORTAL DE EDUCACI\u00d3N PERMANENTE<\/a><\/h5>\n<\/div>\n<\/div>\n<\/div>\n","protected":false},"excerpt":{"rendered":"<p>11\/12\/2025 BECAS Y AYUDAS DE LA JUNTA DE ANDALUCIA Con fecha 5 de diciembre de 2025 se ha publicado en el Bolet\u00edn Oficial de la&hellip;<\/p>\n","protected":false},"author":1966,"featured_media":0,"parent":0,"menu_order":0,"comment_status":"closed","ping_status":"closed","template":"","meta":{"ngg_post_thumbnail":0,"footnotes":""},"aioseo_notices":[],"_links":{"self":[{"href":"https:\/\/blogsaverroes.juntadeandalucia.es\/ieslauretum\/wp-json\/wp\/v2\/pages\/3040"}],"collection":[{"href":"https:\/\/blogsaverroes.juntadeandalucia.es\/ieslauretum\/wp-json\/wp\/v2\/pages"}],"about":[{"href":"https:\/\/blogsaverroes.juntadeandalucia.es\/ieslauretum\/wp-json\/wp\/v2\/types\/page"}],"author":[{"embeddable":true,"href":"https:\/\/blogsaverroes.juntadeandalucia.es\/ieslauretum\/wp-json\/wp\/v2\/users\/1966"}],"replies":[{"embeddable":true,"href":"https:\/\/blogsaverroes.juntadeandalucia.es\/ieslauretum\/wp-json\/wp\/v2\/comments?post=3040"}],"version-history":[{"count":254,"href":"https:\/\/blogsaverroes.juntadeandalucia.es\/ieslauretum\/wp-json\/wp\/v2\/pages\/3040\/revisions"}],"predecessor-version":[{"id":8850,"href":"https:\/\/blogsaverroes.juntadeandalucia.es\/ieslauretum\/wp-json\/wp\/v2\/pages\/3040\/revisions\/8850"}],"wp:attachment":[{"href":"https:\/\/blogsaverroes.juntadeandalucia.es\/ieslauretum\/wp-json\/wp\/v2\/media?parent=3040"}],"curies":[{"name":"wp","href":"https:\/\/api.w.org\/{rel}","templated":true}]}}