{"id":3167,"date":"2020-04-24T04:41:44","date_gmt":"2020-04-24T04:41:44","guid":{"rendered":"https:\/\/blogsaverroes.juntadeandalucia.es\/ieslauretum\/?page_id=3167"},"modified":"2026-04-15T08:22:25","modified_gmt":"2026-04-15T08:22:25","slug":"normativa-legal","status":"publish","type":"page","link":"https:\/\/blogsaverroes.juntadeandalucia.es\/ieslauretum\/normativa-legal\/","title":{"rendered":"NORMATIVA LEGAL"},"content":{"rendered":"<h2 style=\"text-align: center\"><span style=\"color: #008000\"><em><strong>&nbsp; <\/strong><\/em><\/span><span style=\"text-decoration: underline\"><span style=\"color: #008000;text-decoration: underline\"><em><strong>NORMATIVA EN VIGOR<\/strong><\/em><\/span><\/span><\/h2>\n<h2 style=\"text-align: center\"><em><span style=\"text-decoration: underline\"><span style=\"color: #008000;text-decoration: underline\"><strong>&nbsp;<\/strong><strong>LEYES<\/strong><strong> Y REALES DECRETOS<\/strong><\/span><\/span><\/em><\/h2>\n<div class=\"punteado_izquierda cabecera_detalle_disposicion\">\n<ul>\n<li style=\"text-align: justify\"><a href=\"https:\/\/www.juntadeandalucia.es\/boja\/2023\/520\/BOJA23-520-00035-11996-01_00287016.pdf\" target=\"_blank\" rel=\"noopener noreferrer\"><span style=\"color: #0000ff\"><strong>Decreto-ley 6\/2023, de 11 de julio, por el que se establecen las bases reguladoras y se convocan subvenciones para compensar el sobrecoste energ\u00e9tico de gas natural y\/o electricidad a pymes y personas trabajadoras aut\u00f3nomas especialmente afectadas por el excepcional incremento de los precios del gas natural y la electricidad provocados por el impacto de la guerra de agresi\u00f3n de Rusia contra Ucrania, y se modifica el Decreto 301\/2009, de 14 de julio, por el que se regula el calendario y la jornada escolar en los centros docentes, a excepci\u00f3n de los universitarios.<\/strong><\/span><\/a><\/li>\n<li><a href=\"https:\/\/www.boe.es\/buscar\/pdf\/2023\/BOE-A-2023-7939-consolidado.pdf\" target=\"_blank\" rel=\"noopener noreferrer\"><strong><span style=\"color: #0000ff\">Real Decreto 205\/2023, de 28 de marzo, por el que se establecen medidas relativas a la transici\u00f3n entre planes de estudios, como consecuencia de la aplicaci\u00f3n de la Ley Org\u00e1nica 3\/2020, de 29 de diciembre, por la que se modifica la Ley Org\u00e1nica 2\/2006, de 3 de mayo, de Educaci\u00f3n<\/span><\/strong><\/a><\/li>\n<li><strong><a href=\"https:\/\/www.juntadeandalucia.es\/boja\/2021\/146\/2\" target=\"_blank\" rel=\"noopener noreferrer\"><span style=\"color: #0000ff\">Ley 4\/2021, de 27 de julio, de Infancia y Adolescencia de Andaluc\u00eda.<\/span><\/a><\/strong><\/li>\n<li><strong><span style=\"color: #0000ff\"><a style=\"color: #0000ff\" href=\"https:\/\/www.juntadeandalucia.es\/boja\/2021\/146\/1\" target=\"_blank\" rel=\"noopener noreferrer\">Ley 3\/2021, de 26 de julio, de Reconocimiento de Autoridad del Profesorado<\/a><\/span><\/strong><\/li>\n<li><a href=\"https:\/\/www.boe.es\/boe\/dias\/2021\/06\/05\/pdfs\/BOE-A-2021-9347.pdf\" target=\"_blank\" rel=\"noopener noreferrer\"><strong><span style=\"color: #0000ff\">Ley Org\u00e1nica 8\/2021, de 4 de junio, de protecci\u00f3n integral a la infancia y la adolescencia frente a la violencia.<\/span><\/strong><\/a><\/li>\n<li><strong><span style=\"color: #0000ff\"><a style=\"color: #0000ff\" href=\"https:\/\/www.boe.es\/boe\/dias\/2020\/12\/30\/pdfs\/BOE-A-2020-17264.pdf\" target=\"_blank\" rel=\"noopener noreferrer\">Ley Org\u00e1nica 3\/2020, de 29 de diciembre, por la que se modifica la Ley Org\u00e1nica 2\/2006, de 3 de mayo, de Educaci\u00f3n (LOMLOE)<\/a><\/span><\/strong><\/li>\n<li><span style=\"color: #0000ff\"><em><strong><a style=\"color: #0000ff\" href=\"https:\/\/www.boe.es\/boe\/dias\/2018\/12\/06\/pdfs\/BOE-A-2018-16673.pdf\" target=\"_blank\" rel=\"noopener noreferrer\">Ley Org\u00e1nica 3\/2018, de 5 de diciembre, de Protecci\u00f3n de Datos Personales y garant\u00eda de los derechos digitales<\/a><\/strong><\/em><\/span><\/li>\n<li><span style=\"color: #0000ff\"><em><strong><a style=\"color: #0000ff\" title=\"ley de igualdad 2018\" href=\"http:\/\/www.juntadeandalucia.es\/averroes\/centros-tic\/41008398\/helvia\/sitio\/upload\/Ley92018ModificaIgualdadGenero.pdf\" target=\"_blank\" rel=\"noopener noreferrer\">Ley 9\/2018, de 8 de octubre, de modificaci\u00f3n de la Ley 12\/2007, de 26 de noviembre, para la promoci\u00f3n de la igualdad de g\u00e9nero en Andaluc\u00eda.<\/a><\/strong><\/em><\/span><\/li>\n<li><span style=\"color: #0000ff\"><em><strong><a style=\"color: #0000ff\" href=\"https:\/\/www.boe.es\/boe\/dias\/2015\/10\/02\/pdfs\/BOE-A-2015-10566.pdf\" target=\"_blank\" rel=\"noopener noreferrer\">Ley 40\/2015, de 1 de octubre, de R\u00e9gimen Jur\u00eddico del Sector P\u00fablico.<\/a><\/strong><\/em><\/span><\/li>\n<li><span style=\"color: #0000ff\"><em><strong><a style=\"color: #0000ff\" href=\"https:\/\/www.boe.es\/eli\/es\/l\/2015\/10\/01\/39\/dof\/spa\/pdf\" target=\"_blank\" rel=\"noopener noreferrer\">Ley 39\/2015, de 1 de octubre, del Procedimiento Administrativo Com\u00fan de las&nbsp;Administraciones P\u00fablicas.<\/a><\/strong><\/em><\/span><\/li>\n<li><span style=\"color: #0000ff\"><em><strong><a style=\"color: #0000ff\" href=\"https:\/\/drive.google.com\/file\/d\/0B1BXXVUmxngqblk4czd2N3FWOW8\/view?usp=sharing\" target=\"_blank\" rel=\"noopener noreferrer\">Real Decreto Legislativo 5\/2015, de 30 de octubre, por el que se aprueba el texto refundido de la Ley del Estatuto B\u00e1sico del Empleado P\u00fablico. (Art\u00edculo 52. Deberes de los empleados p\u00fablicos. C\u00f3digo de conducta)<\/a><\/strong><\/em><\/span><\/li>\n<li><span style=\"color: #0000ff\"><em><strong><a style=\"color: #0000ff\" href=\"https:\/\/drive.google.com\/file\/d\/0B1BXXVUmxngqS2hGdUNQVHNBc1U\/view?usp=sharing\" target=\"_blank\" rel=\"noopener noreferrer\">Ley 1\/2014, de 24 de junio, de Transparencia P\u00fablica de Andaluc\u00eda.<\/a>(Art\u00edculo 32 Plazo de resoluci\u00f3n y notificaci\u00f3n \u00abM\u00e1ximo 20 d\u00edas\u00bb<\/strong><\/em><\/span><\/li>\n<li><span style=\"color: #0000ff\"> <em><strong><a style=\"color: #0000ff\" title=\"Ley 17 \/ 2007 de Educacion de Andalucia\" href=\"http:\/\/www.adideandalucia.es\/normas\/Leyes\/Ley%2017-2007%20LEA.pdf\" target=\"_blank\" rel=\"noopener noreferrer\">Ley 17\/2007 de Educaci\u00f3n de Andaluc\u00eda (LEA).<\/a><\/strong><\/em><\/span><\/li>\n<li><span style=\"color: #0000ff\"><strong><a style=\"color: #0000ff\" href=\"https:\/\/blogsaverroes.juntadeandalucia.es\/ieslauretum\/files\/2025\/12\/BOE-A-2006-7899-consolidado.pdf\">Ley Org\u00e1nica, 2\/2006 de 3 de mayo, de Educaci\u00f3n<\/a><\/strong><\/span><\/li>\n<\/ul>\n<\/div>\n<hr>\n<h2 style=\"text-align: center\"><span style=\"text-decoration: underline\"><em><span style=\"color: #008000;text-decoration: underline\"><strong>EDUCACI\u00d3N SECUNDARIA OBLIGATORIA<\/strong><\/span><\/em><\/span><\/h2>\n<ul>\n<li style=\"text-align: justify\"><a href=\"https:\/\/www.juntadeandalucia.es\/educacion\/portales\/documents\/20123\/1860360\/ACLARACIONES+CURRICULUM.pdf\" target=\"_blank\" rel=\"noopener\"><strong><span style=\"color: #0000ff\">ACLARACIONES SOBRE LAS ORDENES DE 30 DE MAYO DE 2023 DONDE SE DESARROLLA EL CURR\u00cdCULUM Y OTROS ASPECTOS DE LAS ETAPAS EDUCATIVAS DE EDUCACI\u00d3N PRIMARIA, EDUCACI\u00d3N SECUNDARIA OBLIGATORIA Y BACHILLERATO <\/span><\/strong><\/a><\/li>\n<li style=\"text-align: justify\"><span style=\"color: #0000ff\"><strong><a style=\"color: #0000ff\" href=\"https:\/\/blogsaverroes.juntadeandalucia.es\/ieslauretum\/files\/2025\/02\/INSTRUCCIONES-PED-DE-30-DE-ENERO-DE-2025-_1_F.pdf\">INSTRUCCIONES DE 30 DE ENERO DE 2025, DE LA DIRECCI\u00d3N GENERAL DE ORDENACI\u00d3N Y EVALUACI\u00d3N EDUCATIVA, POR LAS QUE SE CONCRETAN DETERMINADOS ASPECTOS RELACIONADOS CON LA REALIZACI\u00d3N DE LA EVALUACI\u00d3N DE DIAGN\u00d3STICO PARA EL CURSO ACAD\u00c9MICO 2024\/2025<\/a><\/strong><\/span><\/li>\n<li style=\"text-align: justify\"><a href=\"https:\/\/blogsaverroes.juntadeandalucia.es\/ieslauretum\/files\/2024\/06\/Inst_razonamiento_matVCF.pdf\" target=\"_blank\" rel=\"noopener\"><strong><span style=\"color: #0000ff\">INSTRUCCIONES DE LA VICECONSEJER\u00cdA DE DESARROLLO EDUCATIVO Y FORMACI\u00d3N PROFESIONAL, SOBRE LAS MEDIDAS PARA EL FOMENTO DEL RAZONAMIENTO MATEM\u00c1TICO A TRAV\u00c9S DEL PLANTEAMIENTO Y LA RESOLUCI\u00d3N DE RETOS Y PROBLEMAS EN EDUCACI\u00d3N INFANTIL, EDUCACI\u00d3N PRIMARIA Y EDUCACI\u00d3N SECUNDARIA OBLIGATORIA.<\/span><\/strong><\/a>(<span style=\"color: #008000\"><a style=\"color: #008000\" href=\"https:\/\/blogsaverroes.juntadeandalucia.es\/ieslauretum\/files\/2024\/06\/ANEXO_RECURSOSF.pdf\" target=\"_blank\" rel=\"noopener\">ANEXO_RECURSOS<\/a>)<\/span><\/li>\n<li style=\"text-align: justify\"><a href=\"https:\/\/www.juntadeandalucia.es\/educacion\/portals\/delegate\/content\/c4db4837-05ea-4458-8b80-f8c12804cb3d\/Instrucciones%20lectura%20diaria%20planificada\" target=\"_blank\" rel=\"noopener noreferrer\"><span style=\"color: #0000ff\"><strong>INSTRUCCIONES DE 21 DE JUNIO DE 2023, DE LA VICECONSEJER\u00cdA DE DESARROLLO EDUCATIVO Y FORMACI\u00d3N PROFESIONAL, SOBRE EL TRATAMIENTO DE LA LECTURA PARA EL DESPLIEGUE DE LA COMPETENCIA EN COMUNICACI\u00d3N LING\u00dc\u00cdSTICA EN EDUCACI\u00d3N PRIMARIA Y EDUCACI\u00d3N SECUNDARIA OBLIGATORIA<\/strong><\/span><\/a><\/li>\n<li style=\"text-align: justify\"><a href=\"https:\/\/www.juntadeandalucia.es\/eboja\/2023\/104\/BOJA23-104-00289-9727-01_00284752.pdf\" target=\"_blank\" rel=\"noopener noreferrer\"><span style=\"color: #0000ff\"><strong>Orden de 30 de mayo de 2023, por la que se desarrolla el curr\u00edculo correspondiente a la etapa de Educaci\u00f3n Secundaria Obligatoria en la Comunidad Aut\u00f3noma de Andaluc\u00eda, se regulan determinados aspectos de la atenci\u00f3n a la diversidad y a las diferencias individuales, se establece la ordenaci\u00f3n de la evaluaci\u00f3n del proceso de aprendizaje del alumnado y se <\/strong><\/span><\/a><a href=\"https:\/\/www.juntadeandalucia.es\/eboja\/2023\/104\/BOJA23-104-00289-9727-01_00284752.pdf\" target=\"_blank\" rel=\"noopener noreferrer\"><span style=\"color: #0000ff\"><strong>determina el proceso de tr\u00e1nsito entre las diferentes etapas educativa. (Boja 1 de 2)<\/strong><\/span><\/a> <a href=\"https:\/\/www.juntadeandalucia.es\/eboja\/2023\/104\/BOJA23-104-00246-9727-02_00284752.pdf\" target=\"_blank\" rel=\"noopener noreferrer\"><strong><span style=\"color: #800000\">(Boja 2 de 2) <\/span><\/strong><\/a><a href=\"https:\/\/portales.ced.junta-andalucia.es\/educacion\/portales\/documents\/20123\/1860360\/ACLARACIONES+CURRICULUM.pdf\" target=\"_blank\" rel=\"noopener\"><strong><span style=\"color: #800000\"><span style=\"color: #99cc00\">(Seg\u00fan aclaraciones 04\/04\/2025 Nulos los art\u00edculos: 14.2, 18.3 y 19.2)&nbsp;<\/span><\/span><\/strong><\/a><\/li>\n<li style=\"text-align: justify\"><a href=\"https:\/\/www.juntadeandalucia.es\/eboja\/2023\/104\/BOJA23-104-00208-9731-01_00284747.pdf\" target=\"_blank\" rel=\"noopener noreferrer\"><span style=\"color: #0000ff\"><strong>Orden de 30 de mayo de 2023, por la que se desarrolla el curr\u00edculo correspondiente a la etapa de Educaci\u00f3n Primaria en la Comunidad Aut\u00f3noma de Andaluc\u00eda, se regulan determinados aspectos de la atenci\u00f3n a la diversidad y a las diferencias individuales, se establece la ordenaci\u00f3n de la evaluaci\u00f3n del proceso de aprendizaje del alumnado y se determina el proceso de tr\u00e1nsito entre las diferentes etapas educativas.<\/strong><\/span><\/a><\/li>\n<li style=\"text-align: justify\"><a href=\"https:\/\/www.juntadeandalucia.es\/eboja\/2023\/90\/BOJA23-090-00035-8471-01_00283504.pdf\" target=\"_blank\" rel=\"noopener noreferrer\"><span style=\"color: #0000ff\"><strong>Decreto 102\/2023, de 9 de mayo, por el que se establece la ordenaci\u00f3n y el curr\u00edculo de la etapa de Educaci\u00f3n Secundaria Obligatoria en la Comunidad Aut\u00f3noma de Andaluc\u00eda.<\/strong><\/span><\/a><\/li>\n<li style=\"text-align: justify\"><a href=\"https:\/\/www.boe.es\/boe\/dias\/2022\/03\/30\/pdfs\/BOE-A-2022-4975.pdf\" target=\"_blank\" rel=\"noopener noreferrer\"><strong><span style=\"color: #0000ff\">Real Decreto 217\/2022, de 29 de marzo, por el que se establece la ordenaci\u00f3n y las ense\u00f1anzas m\u00ednimas de la Educaci\u00f3n Secundaria Obligatoria.<\/span><\/strong><\/a><span style=\"color: #0000ff\"><em><br \/>\n<\/em><\/span><\/li>\n<\/ul>\n<hr>\n<h2 style=\"text-align: center\"><span style=\"text-decoration: underline\"><span style=\"color: #008000;text-decoration: underline\"><em><strong>BACHILLERATO<\/strong><\/em><\/span><\/span><\/h2>\n<ul style=\"text-align: justify\">\n<li><strong><a href=\"https:\/\/www.juntadeandalucia.es\/educacion\/portales\/documents\/20123\/1860360\/ACLARACIONES+CURRICULUM.pdf\" target=\"_blank\" rel=\"noopener\">ACLARACIONES SOBRE LAS ORDENES DE 30 DE MAYO DE 2023 DONDE SE DESARROLLA EL CURR\u00cdCULUM Y OTROS ASPECTOS DE LAS ETAPAS EDUCATIVAS DE EDUCACI\u00d3N PRIMARIA, EDUCACI\u00d3N SECUNDARIA OBLIGATORIA Y BACHILLERATO<\/a><\/strong><\/li>\n<li><a href=\"https:\/\/www.boe.es\/buscar\/pdf\/2024\/BOE-A-2024-11858-consolidado.pdf\" target=\"_blank\" rel=\"noopener\"><strong><span style=\"color: #0000ff\">Real Decreto 534\/2024, de 11 de junio, por el que se regulan los requisitos de acceso a las ense\u00f1anzas universitarias oficiales de Grado, las caracter\u00edsticas b\u00e1sicas de la prueba de acceso y la normativa b\u00e1sica de los procedimientos de admisi\u00f3n.<\/span><\/strong><\/a><\/li>\n<li><a href=\"https:\/\/www.juntadeandalucia.es\/educacion\/portals\/delegate\/content\/7f40ee15-98a0-4acf-aca6-767dddad3cbb\/Instrucciones%20sobre%20exenci%C3%B3n%20parcial%20de%20la%20primera%20lengua%20extranjera%20II%20y%20su%20incidencia%20en%20la%20prueba%20de%20evaluaci%C3%B3n%20de%20Bachillerato%20para%20el%20acceso%20a%20la%20Universidad%20en%20el%20curso%202022-2023\" target=\"_blank\" rel=\"noopener noreferrer\"><span style=\"color: #0000ff\"><strong>INSTRUCCIONES SOBRE EXENCI\u00d3N PARCIAL DE LA PRIMERA LENGUA EXTRANJERA II Y SU INCIDENCIA EN LA PRUEBA DE EVALUACI\u00d3N DE BACHILLERATO PARA EL ACCESO A LA UNIVERSIDAD EN EL CURSO 2022-2023<\/strong><\/span><\/a><\/li>\n<li style=\"text-align: justify\"><a href=\"https:\/\/www.juntadeandalucia.es\/eboja\/2023\/104\/BOJA23-104-00281-9728-01_00284744.pdf\" target=\"_blank\" rel=\"noopener noreferrer\"><span style=\"color: #0000ff\"><strong>Orden de 30 de mayo de 2023, por la que se desarrolla el curr\u00edculo correspondiente a la etapa de Bachillerato en la Comunidad Aut\u00f3noma de Andaluc\u00eda, se regulan determinados aspectos de la atenci\u00f3n a la diversidad y a las diferencias individuales y se establece la ordenaci\u00f3n de la evaluaci\u00f3n del proceso de aprendizaje del alumnado. (Boja 1 de 2)<\/strong><\/span><\/a> <a href=\"https:\/\/www.juntadeandalucia.es\/eboja\/2023\/104\/BOJA23-104-00297-9728-02_00284744.pdf\" target=\"_blank\" rel=\"noopener noreferrer\"><strong><span style=\"color: #800000\">(Boja 2 de 2) <\/span><\/strong><\/a><strong><a href=\"https:\/\/portales.ced.junta-andalucia.es\/educacion\/portales\/documents\/20123\/1860360\/ACLARACIONES+CURRICULUM.pdf\" target=\"_blank\" rel=\"noopener\"><span style=\"color: #99cc00\">(Seg\u00fan aclaraciones 04\/04\/2025 Nulos los art\u00edculos: 16.2 y 20.3)&nbsp;<\/span><\/a><\/strong><\/li>\n<li><a href=\"https:\/\/www.juntadeandalucia.es\/eboja\/2023\/90\/BOJA23-090-00029-8469-01_00283498.pdf\" target=\"_blank\" rel=\"noopener noreferrer\"><span style=\"color: #0000ff\"><strong>Decreto 103\/2023, de 9 de mayo, por el que se establece la ordenaci\u00f3n y el curr\u00edculo de la etapa de Bachillerato en la Comunidad Aut\u00f3noma de Andaluc\u00eda.<\/strong><\/span><\/a><\/li>\n<li><a href=\"https:\/\/www.adideandalucia.es\/normas\/resoluc\/Resolucion1junio2023ParametrosAdmisionUniversidad24-25.pdf\" target=\"_blank\" rel=\"noopener noreferrer\"><span style=\"color: #0000ff\"><strong>Resoluci\u00f3n de 1 de junio de 2023, de la Direcci\u00f3n General de Universidades, por la que se hace p\u00fablico el Acuerdo de 31 de mayo de 2023, de la Comisi\u00f3n del Distrito \u00danico Universitario de Andaluc\u00eda, por el que se establecen los par\u00e1metros de ponderaci\u00f3n para el c\u00e1lculo de la nota de admisi\u00f3n para el ingreso a las ense\u00f1anzas universitarias oficiales de grado a partir del curso 2024-25.<\/strong><\/span><\/a><\/li>\n<li style=\"text-align: justify\"><a href=\"https:\/\/www.boe.es\/boe\/dias\/2022\/04\/06\/pdfs\/BOE-A-2022-5521.pdf\" target=\"_blank\" rel=\"noopener noreferrer\"><span style=\"color: #0000ff\"><strong>Real Decreto 243\/2022, de 5 de abril, por el que se establecen la ordenaci\u00f3n y las ense\u00f1anzas m\u00ednimas del Bachillerato.<\/strong> <\/span><\/a><strong><span style=\"color: #0000ff\"><br \/>\n<\/span><\/strong><\/li>\n<li><strong><strong><span style=\"color: #0000ff\"><em><a style=\"color: #0000ff\" title=\"Orden de 21 de Mayo 2013 PREMIOS EXTRAORDINARIO DE BACHILLER\" href=\"http:\/\/www.juntadeandalucia.es\/averroes\/centros-tic\/41008398\/helvia\/sitio\/upload\/ORDEN_21_DE_MAYO_DE_2013_PREMIOS_EXTRAORDINARIOS_DE_BACHILLERATO.pdf\" target=\"_blank\" rel=\"noopener noreferrer\">Orden de 21 de mayo de 2013, por la que por la que se establece el procedimiento para la concesi\u00f3n de los Premios Extraordinarios de Bachillerato.<\/a><\/em><\/span><\/strong><\/strong><br \/>\n<hr>\n<\/li>\n<\/ul>\n<h2 style=\"text-align: center\"><span style=\"text-decoration: underline\"><span style=\"color: #008000;text-decoration: underline\"><strong>EDUCACI\u00d3N ESPECIAL &#8211; ALUMNADO NEAE<\/strong><\/span><\/span><\/h2>\n<ul>\n<li><strong><span style=\"color: #0000ff\"><a href=\"https:\/\/blogsaverroes.juntadeandalucia.es\/ieslauretum\/files\/2025\/12\/Manual_Procedimiento_de_Deteccion_NEAE_v1-3.pdf\">Manual_Procedimiento_de_Deteccion_NEAE_v1 <\/a>(Octubre de 2025)<\/span><\/strong><\/li>\n<li style=\"text-align: justify\"><span style=\"color: #0000ff\"><strong><a style=\"color: #0000ff\" href=\"https:\/\/blogsaverroes.juntadeandalucia.es\/ieslauretum\/files\/2025\/02\/INSTRUCCIONES-PED-DE-30-DE-ENERO-DE-2025-_1_F.pdf\">INSTRUCCIONES DE 30 DE ENERO DE 2025, DE LA DIRECCI\u00d3N GENERAL DE ORDENACI\u00d3N Y EVALUACI\u00d3N EDUCATIVA, POR LAS QUE SE CONCRETAN DETERMINADOS ASPECTOS RELACIONADOS CON LA REALIZACI\u00d3N DE LA EVALUACI\u00d3N DE DIAGN\u00d3STICO PARA EL CURSO ACAD\u00c9MICO 2024\/2025<\/a><\/strong><\/span><\/li>\n<li style=\"text-align: justify\"><a href=\"https:\/\/www.juntadeandalucia.es\/boja\/2002\/125\/d3.pdf\" target=\"_blank\" rel=\"noopener noreferrer\"><strong><span style=\"color: #0000ff\">ORDEN de 19 de septiembre de 2002, por la que se regula la elaboraci\u00f3n del Proyecto Curricular de los Centros Espec\u00edficos de Educaci\u00f3n Especial y de la programaci\u00f3n de las aulas espec\u00edficas de Educaci\u00f3n Especial en los centros ordinarios.<\/span><\/strong><\/a><\/li>\n<li style=\"text-align: justify\"><a href=\"https:\/\/www.juntadeandalucia.es\/boja\/2002\/58\/d3.pdf\" target=\"_blank\" rel=\"noopener noreferrer\"><span style=\"color: #0000ff\"><strong>DECRETO 147\/2002, de 14 de mayo, por el que se establece la ordenaci\u00f3n de la atenci\u00f3n educativa a los alumnos y alumnas con necesidades educativas especiales asociadas a sus capacidades personales.<\/strong><\/span><\/a><\/li>\n<li><a href=\"https:\/\/www.juntadeandalucia.es\/boja\/2002\/125\/d1.pdf\" target=\"_blank\" rel=\"noopener noreferrer\"><span style=\"color: #0000ff\"><strong>ORDEN de 19 de septiembre de 2002, por la que se regula el per\u00edodo de formaci\u00f3n para la transici\u00f3n a la vida adulta y laboral, destinado a los j\u00f3venes con necesidades educativas especiales.<\/strong><\/span><\/a><\/li>\n<li style=\"text-align: justify\"><a href=\"https:\/\/www.juntadeandalucia.es\/boja\/2002\/125\/d3.pdf\" target=\"_blank\" rel=\"noopener\"><span style=\"color: #0000ff\"><strong>ORDEN de 19 de septiembre de 2002, por la que se regula la elaboraci\u00f3n del Proyecto Curricular de los Centros Espec\u00edficos de Educaci\u00f3n Especial y de la programaci\u00f3n de las aulas espec\u00edficas de Educaci\u00f3n Especial en los centros ordinarios.<\/strong><\/span><\/a><\/li>\n<li><a href=\"https:\/\/www.juntadeandalucia.es\/educacion\/portals\/web\/ced\/normativa\/-\/normativas\/detalle\/instrucciones-de-22-de-junio-de-2015-de-la-direccion-general-de-participacion-y-equidad-por-las-2\" target=\"_blank\" rel=\"noopener noreferrer\"><span style=\"color: #0000ff\"><strong>Instrucciones de 22 de junio de 2015, de la Direcci\u00f3n General de Participaci\u00f3n y Equidad, por las que se establece el. Protocolo de detecci\u00f3n, identificaci\u00f3n del alumnado con necesidades espec\u00edficas de apoyo educativo y organizaci\u00f3n de la respuesta educativa.<\/strong><\/span><\/a><\/li>\n<\/ul>\n<hr>\n<h2 style=\"text-align: center\"><em><strong><span style=\"text-decoration: underline\"><span style=\"color: #008000;text-decoration: underline\">CONVALIDACIONES EN ESO Y BACHILLERATO<\/span><\/span><br \/>\n<\/strong><\/em><\/h2>\n<ul>\n<li style=\"list-style-type: none\">\n<ul>\n<li><span style=\"color: #0000ff\"><strong><a style=\"color: #0000ff\" href=\"https:\/\/blogsaverroes.juntadeandalucia.es\/ieslauretum\/files\/2026\/04\/Procedimiento-convalidaciones_centrosSecundaria.pdf\" target=\"_blank\" rel=\"noopener\">INDICACIONES SOBRE EL PROCEDIMIENTO EN EL SISTEMA DE INFORMACI\u00d3N S\u00c9NECA PARA LA CONVALIDACI\u00d3N DE MATERIAS NO IMPARTIDAS EN EL CENTRO.<\/a><\/strong><\/span><\/li>\n<li style=\"text-align: justify\"><strong><span style=\"color: #0000ff\"><em><a style=\"color: #0000ff\" href=\"https:\/\/drive.google.com\/file\/d\/1HPFFpbS9ejdTWBcmxSPFhCfaFhTCmHne\/view?usp=sharing\" target=\"_blank\" rel=\"noopener noreferrer\">CIRCULAR DE 17 DE SEPTIEMBRE DE 2019 DE LA DIRECCI\u00d3N GENERAL DE ORDENACI\u00d3N Y EVALUACI\u00d3N EDUCATIVA SOBRE LAS MEDIDAS DE APOYO Y CONCILIACI\u00d3N DE ESTUDIOS CON LA PR\u00c1CTICA DEPORTIVA<\/a><\/em><\/span><\/strong><\/li>\n<li style=\"text-align: justify\"><span style=\"color: #0000ff\"><em><strong><a style=\"color: #0000ff\" href=\"http:\/\/www.juntadeandalucia.es\/boja\/2010\/2\/d12.pdf\" target=\"_blank\" rel=\"noopener noreferrer\">ORDEN de 1 de diciembre de 2009, por la que se establecen convalidaciones entre las Ense\u00f1anzas Profesionales de M\u00fasica y Danza y determinadas materias de la Educaci\u00f3n Secundaria Obligatoria y de Bachillerato, as\u00ed como la exenci\u00f3n de la materia de Educaci\u00f3n F\u00edsica y las condiciones para la obtenci\u00f3n del t\u00edtulo de Bachiller al superar las materias comunes del Bachillerato y las Ense\u00f1anzas Profesionales de M\u00fasica o Danza.<\/a><\/strong><\/em><\/span><\/li>\n<li style=\"text-align: justify\"><a href=\"https:\/\/www.juntadeandalucia.es\/boja\/2009\/200\/1\"><span style=\"color: #0000ff\"><strong><em>Decreto 336\/2009, de 22 de septiembre, por el que se regula el Deporte de Rendimiento de Andaluc\u00eda.<\/em><\/strong><\/span><\/a><\/li>\n<li style=\"text-align: justify\"><strong><span style=\"color: #0000ff\"><em><a style=\"color: #0000ff\" href=\"https:\/\/drive.google.com\/file\/d\/0B1BXXVUmxngqUXpRWmtfdVotV0k\/view?usp=sharing\" target=\"_blank\" rel=\"noopener noreferrer\">REAL DECRETO 971\/2007, de 13 de julio, sobre deportista&nbsp;de alto nivel y alto rendimiento.<\/a><\/em><\/span><\/strong><\/li>\n<\/ul>\n<\/li>\n<\/ul>\n<hr>\n<h2 style=\"text-align: center\"><span style=\"color: #008000\"><em><strong> &nbsp;&nbsp;<\/strong><\/em><\/span><span style=\"color: #008000\"><em><strong>&nbsp;<\/strong><\/em><\/span><strong><span style=\"text-decoration: underline\"><span style=\"color: #008000;text-decoration: underline\"><em> R<\/em><\/span><\/span><\/strong><em><strong><span style=\"text-decoration: underline\"><span style=\"color: #008000;text-decoration: underline\">ELIGI\u00d3N CAT\u00d3LICA \/ EVANG\u00c9LICA \/ ISL\u00c1MICA<\/span><\/span><br \/>\n<\/strong><\/em><\/h2>\n<ul>\n<li style=\"text-align: justify\"><a href=\"https:\/\/www.boe.es\/boe\/dias\/2024\/04\/05\/pdfs\/BOE-A-2024-6716.pdf\" target=\"_blank\" rel=\"noopener noreferrer\"><strong><span style=\"color: #0000ff\">Resoluci\u00f3n de 3 de abril de 2024, de la Secretar\u00eda de Estado de Educaci\u00f3n, por la que se publican los curr\u00edculos de la ense\u00f1anza de Religi\u00f3n Evang\u00e9lica <\/span><\/strong><strong><span style=\"color: #0000ff\">correspondientes a Educaci\u00f3n Infantil, Educaci\u00f3n Primaria, Educaci\u00f3n Secundaria Obligatoria y Bachillerato.<\/span><\/strong><\/a><\/li>\n<li style=\"text-align: justify\"><a href=\"https:\/\/blogsaverroes.juntadeandalucia.es\/ieslauretum\/files\/2023\/07\/Circular-25-Julio-SGDE-Religion-y-Atenci\u00f3n-Educati_230725_001127.pdf\"><span style=\"color: #0000ff\"><strong>CIRCULAR DE 25 DE JULIO DE 2023 DE LA SECRETAR\u00cdA GENERAL DE DESARROLLO EDUCATIVO, SOBRE <\/strong><\/span><span style=\"color: #0000ff\"><strong>DETERMINADOS ASPECTOS PARA LA ORGANIZACI\u00d3N EN LOS CENTROS DEL \u00c1REA Y MATERIA DE RELIGI\u00d3N <\/strong><\/span><span style=\"color: #0000ff\"><strong>Y ATENCI\u00d3N EDUCATIVA PARA EL ALUMNADO QUE NO LA CURSE, AS\u00cd COMO CRITERIOS HOMOLOGADOS <\/strong><\/span><span style=\"color: #0000ff\"><strong>DE ACTUACI\u00d3N PARA LOS CENTROS DOCENTES EN RELACI\u00d3N AL HORARIO, FUNCIONES Y TAREAS DEL <\/strong><\/span><span style=\"color: #0000ff\"><strong><span style=\"color: #0000ff\">PROFESORADO QUE IMPARTE RELIGI\u00d3N.<\/span><\/strong><\/span><\/a><\/li>\n<li style=\"text-align: justify\"><a href=\"https:\/\/www.boe.es\/boe\/dias\/2022\/09\/22\/pdfs\/BOE-A-2022-15418.pdf\" target=\"_blank\" rel=\"noopener noreferrer\"><span style=\"color: #0000ff\"><strong><em>Resoluci\u00f3n de 16 de septiembre de 2022, de la Secretar\u00eda de Estado de Educaci\u00f3n, por la que se publican los curr\u00edculos de la ense\u00f1anza de religi\u00f3n isl\u00e1mica correspondientes a Educaci\u00f3n Infantil, Educaci\u00f3n Primaria, Educaci\u00f3n Secundaria Obligatoria y Bachillerato<\/em><\/strong><\/span><\/a><\/li>\n<li style=\"text-align: justify\"><span style=\"color: #0000ff\"><strong><a style=\"color: #0000ff\" href=\"https:\/\/anpeandalucia.es\/openFile.php?link=notices\/att\/1\/instrucciones_profesorado_religion_t1630660021_1_1.pdf\">Instrucciones de 2 de septiembre de 2021 de la Viceconsejer\u00eda de educaci\u00f3n y deporte por las que se establecen criterios homologados de actuaci\u00f3n para los centros docentes en relaci\u00f3n al horario, las funciones y las tareas del profesorado que imparte la asignatura de religi\u00f3n.<\/a><\/strong><\/span><\/li>\n<li style=\"text-align: justify\"><span style=\"color: #0000ff\"><strong><a style=\"color: #0000ff\" href=\"https:\/\/www.juntadeandalucia.es\/educacion\/portals\/delegate\/content\/00e704ce-f995-4276-85ba-58863348e2a1\">Instrucciones de la Viceconsejer\u00eda, de 17 de enero de 2000, sobre horario y funciones del profesorado que imparte religi\u00f3n cat\u00f3lica en los centros p\u00fablicos.<\/a><\/strong><\/span><\/li>\n<li><strong><span style=\"color: #0000ff\"><em><a style=\"color: #0000ff\" href=\"https:\/\/drive.google.com\/file\/d\/0B1BXXVUmxngqdUk1bkg0Ylh0U1k\/view?usp=sharing\" target=\"_blank\" rel=\"noopener noreferrer\">Resoluci\u00f3n de 11 de febrero de 2015, de la Direcci\u00f3n General de Evaluaci\u00f3n y Cooperaci\u00f3n Territorial, por la que se publica el curr\u00edculo de la ense\u00f1anza de&nbsp; Religi\u00f3n Cat\u00f3lica de la Educaci\u00f3n Primaria y de la Educaci\u00f3n Secundaria Obligatoria. <\/a><\/em><\/span><\/strong><strong><span style=\"color: #0000ff\"><em><a style=\"color: #0000ff\" href=\"https:\/\/drive.google.com\/file\/d\/0B1BXXVUmxngqMDVqUWt4VjV6Mzg\/view?usp=sharing\" target=\"_blank\" rel=\"noopener noreferrer\">Resoluci\u00f3n de 13 de febrero de 2015, de la Direcci\u00f3n General de Evaluaci\u00f3n y&nbsp; Cooperaci\u00f3n Territorial, por la que se publica el curr\u00edculo de la ense\u00f1anza de&nbsp;Religi\u00f3n Cat\u00f3lica de Bachillerato.<\/a><\/em><\/span><\/strong><\/li>\n<li style=\"text-align: justify\"><strong><span style=\"color: #0000ff\"><em><a style=\"color: #0000ff\" title=\"2015 religion evang\u00e9lica eso\" href=\"http:\/\/www.juntadeandalucia.es\/averroes\/centros-tic\/41008398\/helvia\/sitio\/upload\/BOE_Resolucion_23_JULIO_2015_curriculo_eso_religion_evangelica.pdf\" target=\"_blank\" rel=\"noopener noreferrer\">Resoluci\u00f3n de 23 de julio de 2015, de la Direcci\u00f3n General de Evaluaci\u00f3n y Cooperaci\u00f3n Territorial, por la que se publica el curr\u00edculo de la materia Religi\u00f3n Evang\u00e9lica en Educaci\u00f3n Secundaria Obligatoria.<\/a><\/em><\/span><\/strong><\/li>\n<li style=\"text-align: justify\"><strong><span style=\"color: #0000ff\"><em><a style=\"color: #0000ff\" title=\"2016 Curriculum de religi\u00f3n evangelica\" href=\"http:\/\/www.juntadeandalucia.es\/averroes\/centros-tic\/41008398\/helvia\/sitio\/upload\/Resolucion_de_28_de_enero_de_2016_curriculo_religion_evangelica.pdf\" target=\"_blank\" rel=\"noopener noreferrer\">Resoluci\u00f3n de 28 de enero de 2016, de la Direcci\u00f3n General de Evaluaci\u00f3n y Cooperaci\u00f3n Territorial, por la que se publica el curr\u00edculo de la materia de Religi\u00f3n Evang\u00e9lica del Bachillerato.<\/a><\/em><\/span><\/strong><\/li>\n<\/ul>\n<hr>\n<h2 style=\"text-align: center\"><span style=\"text-decoration: underline\"><em><span style=\"color: #008000;text-decoration: underline\"><strong>PROGRAMA DE BIENESTAR EMOCIONAL EN EL \u00c1MBITO EDUCATIVO<\/strong><\/span><\/em><\/span><\/h2>\n<ul>\n<li style=\"text-align: justify\"><a href=\"https:\/\/www.juntadeandalucia.es\/educacion\/portals\/delegate\/content\/4372f78e-2527-41f2-aa17-af95bead283d\/Resoluci%C3%B3n%20Programa%20Bienestar%20emocional%202023-2024\" target=\"_blank\" rel=\"noopener\"><span style=\"color: #0000ff\"><strong>Resoluci\u00f3n de 13 de julio de 2023, de la Direcci\u00f3n General de Ordenaci\u00f3n, Inclusi\u00f3n, Participaci\u00f3n y Evaluaci\u00f3n Educativa, por la que se establece la organizaci\u00f3n y el funcionamiento del Programa de Bienestar Emocional en el \u00e1mbito educativo en los centros docentes no universitarios sostenidos con fondos p\u00fablicos dependientes de la Consejer\u00eda de Desarrollo Educativo y Formaci\u00f3n Profesional para el curso 2023\/2024.<\/strong><\/span><\/a><\/li>\n<li style=\"text-align: justify\"><a href=\"https:\/\/www.juntadeandalucia.es\/educacion\/portals\/delegate\/content\/5c6f2a9e-045c-4a74-a72d-159ad3b586ca\/Resoluci%C3%B3n%20del%20Programa%20de%20Unidades%20de%20Acompa%C3%B1amiento%20y%20Orientaci%C3%B3n%20Personal%20y%20Familiar\" target=\"_blank\" rel=\"noopener noreferrer\"><span style=\"color: #0000ff\"><strong>RESOLUCI\u00d3N DE 6 DE JULIO DE 2023 DE LA DIRECCI\u00d3N GENERAL DE ORDENACI\u00d3N, INCLUSI\u00d3N, PARTICIPACI\u00d3N Y EVALUACI\u00d3N EDUCATIVA, POR LA QUE SE ESTABLECE LA ORGANIZACI\u00d3N Y EL FUNCIONAMIENTO DEL PROGRAMA DE UNIDADES DE ACOMPA\u00d1AMIENTO Y ORIENTACI\u00d3N PERSONAL Y FAMILIAR EN LOS CENTROS DOCENTES NO UNIVERSITARIOS SOSTENIDOS CON FONDOS P\u00daBLICOS DEPENDIENTES DE LA CONSEJER\u00cdA DE DESARROLLO EDUCATIVO Y FORMACI\u00d3N PROFESIONAL DE LA JUNTA DE ANDALUC\u00cdA PARA EL CURSO 2023\/2024.<\/strong><\/span><\/a><\/li>\n<li>\n<p style=\"text-align: justify\"><a href=\"https:\/\/blogsaverroes.juntadeandalucia.es\/educacionenvaloresdelegacionmalaga\/files\/2022\/07\/Instrucciones-de-1-de-Julio-Coordinaci%C3%B3n-Bienestar-y-Protecci%C3%B3nF.pdf\" target=\"_blank\" rel=\"noopener noreferrer\"><strong><em><span style=\"color: #0000ff\">INSTRUCCIONES DE 1 DE JULIO DE 2022, DE LA DIRECCI\u00d3N GENERAL DE ATENCI\u00d3N A LA DIVERSIDAD, PARTICIPACI\u00d3N Y CONVIVENCIA ESCOLAR RELATIVA A LA COORDINACI\u00d3N DE BIENESTAR Y PROTECCI\u00d3N DE LA INFANCIA Y ADOLESCENCIA EN LOS CENTROS DOCENTES P\u00daBLICOS DE ANDALUC\u00cdA.<\/span><\/em><\/strong><\/a><\/p>\n<\/li>\n<\/ul>\n<hr>\n<h2 style=\"text-align: center\"><span style=\"text-decoration: underline;color: #008000\">ORGANIZACI\u00d3N Y EL FUNCIONAMIENTO DE LOS IES<\/span><\/h2>\n<ul>\n<li style=\"text-align: justify\"><span style=\"color: #0000ff\"><strong><a style=\"color: #0000ff\" href=\"https:\/\/blogsaverroes.juntadeandalucia.es\/ieslauretum\/files\/2024\/11\/Correcci_n_manueal_profesorado.pdf\">Correcci\u00f3n de errores de la Resoluci\u00f3n de 30 de septiembre de 2024, de la Direcci\u00f3n General del Profesorado y Gesti\u00f3n de Recursos Humanos, por la que se aprueba el Manual para la gesti\u00f3n del cumplimiento de jornada y horarios en los centros docentes p\u00fablicos y servicios de apoyo a la educaci\u00f3n dependientes de la Consejer\u00eda con competencias en materia de educaci\u00f3n de la Junta de Andaluc\u00eda y se publican los Anexos A, B, C y D (BOJA n\u00fam. 195, de 7 de octubre de 2024)<\/a><\/strong><\/span><\/li>\n<li style=\"text-align: justify\"><strong><a href=\"https:\/\/www.juntadeandalucia.es\/eboja\/2024\/195\/BOJA24-195-00017-51646-01_00308595.pdf\" target=\"_blank\" rel=\"noopener\"><span style=\"color: #0000ff\">Resoluci\u00f3n de 30 de septiembre de 2024, de la Direcci\u00f3n General del Profesorado y Gesti\u00f3n de Recursos Humanos, por la que se aprueba el Manual para la gesti\u00f3n del cumplimiento de jornada y horarios en los centros docentes p\u00fablicos y servicios de apoyo a la educaci\u00f3n dependientes de la Consejer\u00eda con competencias en&nbsp; materia de educaci\u00f3n de la Junta de Andaluc\u00eda.<\/span><\/a><\/strong><\/li>\n<li style=\"text-align: justify\"><strong><em><span style=\"color: #0000ff\"><a style=\"color: #0000ff\" href=\"http:\/\/www.juntadeandalucia.es\/averroes\/centros-tic\/41008398\/helvia\/sitio\/upload\/Orden20agosto2010organizacionfuncionamientoies.pdf\">Orden de 20\/08\/2010 por la que se regula la organizaci\u00f3n y el funcionamiento de los IES, as\u00ed como el horario de los centros, del alumnado y del profesorado.<\/a><\/span><\/em><\/strong><\/li>\n<li style=\"text-align: justify\"><strong><em><span style=\"color: #0000ff\"><a style=\"color: #0000ff\" href=\"https:\/\/www.juntadeandalucia.es\/boja\/2010\/139\/d2.pdf\" target=\"_blank\" rel=\"noopener noreferrer\">Decreto 327\/2010 por el que se aprueba el Reglamento Org\u00e1nico de los Institutos de Educaci\u00f3n Secundar\u00eda.<\/a><\/span><\/em><\/strong><\/li>\n<li style=\"text-align: justify\"><strong><a href=\"https:\/\/www.adideandalucia.es\/normas\/resoluc\/Resoluc%206-10-2005%20Manual%20Ausencias.pdf\" target=\"_blank\" rel=\"noopener noreferrer\"><span style=\"color: #0000ff\"><em>RESOLUCION de 6 de octubre de 2005, de la Direcci\u00f3n General de Gesti\u00f3n de Recursos Humanos, por la que se aprueba el Manual para la gesti\u00f3n del cumplimiento de la jornada y horarios en los Centros P\u00fablicos de Educaci\u00f3n y Servicios Educativos dependientes de la Consejer\u00eda de Educaci\u00f3n de la Junta de Andaluc\u00eda<\/em><\/span><\/a><\/strong><\/li>\n<li style=\"text-align: justify\"><em><em><strong><span style=\"color: #0000ff\"><a style=\"color: #0000ff\" href=\"https:\/\/www.adideandalucia.es\/normas\/ordenes\/Orden%2027-7-2006%20POAT%20IES.pdf\">ORDEN de 27 de julio de 2006, por la que se regulan determinados aspectos referidos al Plan de Orientaci\u00f3n y Acci\u00f3n Tutorial en los Institutos de Educaci\u00f3n Secundaria<\/a>.<\/span><\/strong><\/em><\/em><br \/>\n<hr>\n<\/li>\n<\/ul>\n<h2 style=\"text-align: center\"><span style=\"text-decoration: underline;color: #008000\"><em><strong>PERMISOS Y LICENCIAS &#8211; JUSTIFICACIONES DE LAS AUSENCIAS<\/strong><\/em><\/span><\/h2>\n<ul>\n<li style=\"text-align: justify\"><a href=\"https:\/\/www.juntadeandalucia.es\/educacion\/portales\/documents\/270701\/3169392\/Instrucci%C3%B3n%2011-2025%20por%20la%20que%20se%20ampl%C3%ADan%20los%20permisos%20por%20nacimiento%20para%20la%20madre%20biol%C3%B3gica,%20por%20adopci%C3%B3n%20o%20acogimiento,%20y%20el%20del%20progenitor%20diferen.pdf\/3f35637c-07cf-54f4-8a5e-4a29c77bcd6e?version=1.1\" target=\"_blank\" rel=\"noopener\"><strong><span style=\"color: #0000ff\">INSTRUCCI\u00d3N 11\/2025 DE LA DIRECCI\u00d3N GENERAL DEL PROFESORADO Y GESTI\u00d3N DE RECURSOS HUMANOS POR LA QUE SE AMPL\u00cdAN LOS PERMISOS POR NACIMIENTO PARA LA MADRE BIOL\u00d3GICA, POR ADOPCI\u00d3N O ACOGIMIENTO, Y EL DEL PROGENITOR DIFERENTE DE LA MADRE BIOL\u00d3GICA, Y SE CLARIFICA LA NATURALEZA NO RETRIBUIDA DEL PERMISO PARENTAL, CONTEMPLADOS EN LA CIRCULAR DE 11 DE JUNIO DE 2021, DE LA DIRECCI\u00d3N GENERAL DEL PROFESORADO Y GESTI\u00d3N DE RECURSOS HUMANOS, SOBRE PERMISOS, LICENCIAS Y REDUCCIONES DE JORNADA DEL PERSONAL DOCENTE DEL \u00c1MBITO DE GESTI\u00d3N DE LA ENTONCES CONSEJER\u00cdA DE EDUCACI\u00d3N Y DEPORTE DE LA JUNTA DE ANDALUC\u00cdA.<\/span><\/strong><\/a><\/li>\n<li style=\"text-align: justify\"><a href=\"https:\/\/www.juntadeandalucia.es\/educacion\/portales\/web\/inspeccion-educativa\/w\/instruccion-10-2025-por-la-que-se-modifica-el-apartado-iii.27-de-la-circular-de-11-de-junio-de-2021-de-la-direccion-general-del-profesorado-y-gestion-de-recursos-humanos-sobre-permisos-licencias-y-reducciones-de-jornada-del-personal-docente-del-ambito-de-\" target=\"_blank\" rel=\"noopener\"><strong><span style=\"color: #0000ff\">INSTRUCCI\u00d3N 10\/2025 DE LA DIRECCI\u00d3N GENERAL DEL PROFESORADO Y GESTI\u00d3N DE RECURSOS HUMANOS POR LA QUE SE MODIFICA EL APARTADO III.27 DE LA CIRCULAR DE 11 DE JUNIO DE 2021, DE LA DIRECCI\u00d3N GENERAL DEL PROFESORADO Y GESTI\u00d3N DE RECURSOS HUMANOS, SOBRE PERMISOS, LICENCIAS Y REDUCCIONES DE JORNADA DEL PERSONAL DOCENTE DEL \u00c1MBITO DE GESTI\u00d3N DE LA ENTONCES CONSEJER\u00cdA DE EDUCACI\u00d3N Y DEPORTE DE LA JUNTA DE ANDALUC\u00cdA<\/span><\/strong><\/a><\/li>\n<li style=\"text-align: justify\"><a href=\"https:\/\/www.juntadeandalucia.es\/boja\/2024\/195\/BOJA24-195-00017-51646-01_00308595.pdf\" target=\"_blank\" rel=\"noopener\"><span style=\"color: #0000ff\"><strong>Resoluci\u00f3n de 30 de septiembre de 2024, de la Direcci\u00f3n General del Profesorado y Gesti\u00f3n de Recursos Humanos, por la que se aprueba el Manual para la gesti\u00f3n del cumplimiento de jornada y horarios en los centros docentes p\u00fablicos y servicios de apoyo a la educaci\u00f3n dependientes de la Consejer\u00eda con competencias en materia de educaci\u00f3n de la Junta de Andaluc\u00eda<\/strong><\/span><\/a><\/li>\n<li style=\"text-align: justify\"><strong><span style=\"color: #0000ff\"><a style=\"color: #0000ff\" href=\"https:\/\/www.juntadeandalucia.es\/educacion\/portals\/delegate\/content\/d8d1df29-ef8c-492f-90af-91bc72b4797e\/Circular%20de%2011%20de%20junio%20de%202021%20sobre%20permisos,%20licencias%20y%20reducciones%20de%20jornada%20del%20personal%20docente\" target=\"_blank\" rel=\"noopener\">CIRCULAR DE 11 DE JUNIO DE 2021, DE LA DIRECCI\u00d3N GENERAL DEL PROFESORADO Y GESTI\u00d3N DE RECURSOS HUMANOS, SOBRE PERMISOS, LICENCIAS Y REDUCCIONES DE JORNADA DEL PERSONAL DOCENTE DEL \u00c1MBITO DE GESTI\u00d3N DE LA CONSEJER\u00cdA DE EDUCACI\u00d3N Y DEPORTE DE LA JUNTA DE ANDALUC\u00cdA.<\/a><\/span><\/strong><\/li>\n<\/ul>\n<p style=\"padding-left: 80px\"><em><strong><span style=\"color: #800000\"><a style=\"color: #800000\" title=\"Pulse para visualizar el documento:&nbsp;Anexo I - Modelo de solicitud de permisos, licencias y reducciones de jornada\" href=\"https:\/\/www.juntadeandalucia.es\/educacion\/portals\/delegate\/content\/d221a1b3-c7ed-41dc-81e8-1f5bfa636d1b\/Anexo%20I%20-%20Modelo%20de%20solicitud%20de%20permisos,%20licencias%20y%20reducciones%20de%20jornada\" target=\"_blank\" rel=\"noopener\">Anexo I &#8211; Modelo de solicitud de permisos, licencias y reducciones de jornada.<\/a><\/span><\/strong><\/em><\/p>\n<div class=\"inner-item\" style=\"padding-left: 80px\"><em><strong><span style=\"color: #800000\"><a style=\"color: #800000\" title=\"Pulse para visualizar el documento:&nbsp;Anexo II - Cuadro Resumen de permisos, licencias y reducciones de jornada\" href=\"https:\/\/www.juntadeandalucia.es\/educacion\/portals\/delegate\/content\/1dad2c94-2b01-407a-b93b-1991bcf03718\/Anexo%20II%20-%20Cuadro%20Resumen%20de%20permisos,%20licencias%20y%20reducciones%20de%20jornada\" target=\"_blank\" rel=\"noopener\">Anexo II &#8211; Cuadro Resumen de permisos, licencias y reducciones de jornada.<\/a><\/span><\/strong><\/em><\/div>\n<p style=\"padding-left: 80px\"><a href=\"https:\/\/blogsaverroes.juntadeandalucia.es\/ieslauretum\/files\/2024\/10\/c6a18fd1-4c2c-4304-a814-2901694d3d63.pdf\" target=\"_blank\" rel=\"noopener\"><em><strong><span style=\"color: #800000\">Cuadro Resumen de permisos, licencias y reducciones de jornada.<\/span><\/strong><\/em><\/a><\/p>\n<hr>\n<h2 style=\"text-align: center\"><em><span style=\"color: #008000\"><strong><span style=\"text-decoration: underline\"><span style=\"color: #008000;text-decoration: underline\"><a style=\"color: #008000;text-decoration: underline\" href=\"http:\/\/agrega.juntadeandalucia.es\/repositorio\/11102013\/dc\/es-an_2013101112_9132009\/guia\/protocolos.html\" target=\"_blank\" rel=\"noopener noreferrer\">PROTOCOLOS DE ACTUACI\u00d3N&nbsp; Y AUTORIDAD DOCENTE EN LOS CENTROS DE SECUNDARIA<\/a><\/span><\/span><\/strong><\/span><\/em><\/h2>\n<ul>\n<li><a href=\"https:\/\/www.adideandalucia.es\/normas\/decretos\/Decreto209_2025reconocimientoAutoridadProfesorado.pdf\" target=\"_blank\" rel=\"noopener\"><span style=\"color: #0000ff\"><strong>Decreto 209\/2025, de 16 de diciembre, por el que se desarrolla la Ley 3\/2021, de 26 de julio, de Reconocimiento de Autoridad del Profesorado.<\/strong><\/span><\/a><\/li>\n<li><a href=\"https:\/\/www.juntadeandalucia.es\/educacion\/portals\/delegate\/content\/409e68ae-a4ef-4232-82d4-b66eeff03665\/III%20Plan%20de%20Igualdad%20de%20G%C3%A9nero%20en%20Educaci%C3%B3n%202024\/2028\" target=\"_blank\" rel=\"noopener\"><span style=\"color: #0000ff\"><strong>III Plan de Igualdad de G\u00e9nero en Educaci\u00f3n 2024\/2028<\/strong><\/span><\/a><\/li>\n<li><a href=\"https:\/\/www.juntadeandalucia.es\/boja\/2024\/115\/BOJA24-115-00002-46401-01_00303350.pdf\" target=\"_blank\" rel=\"noopener\"><strong><span style=\"color: #0000ff\">Orden de 7 de junio de 2024, por la que se aprueba el III Plan de Igualdad de G\u00e9nero en Educaci\u00f3n 2024-2028<\/span><\/strong><\/a><\/li>\n<li style=\"text-align: justify\"><a href=\"https:\/\/www.juntadeandalucia.es\/educacion\/portals\/delegate\/content\/df73a90c-99b4-4152-a81a-b113635044ef\/Resoluci%C3%B3n%20conjunta%20de%2017%20de%20octubre%20de%202023,%20de%20la%20Consejer%C3%ADa%20de%20Desarrollo%20Educativo%20y%20Formaci%C3%B3n%20Profesional,%20la%20Consejer%C3%ADa%20de%20Salud%20y%20Consumo%20y%20la%20Consejer%C3%ADa%20de%20Inclusi%C3%B3n%20Social,%20Juventud,%20Familias%20e%20Igualdad,%20por%20la%20que%20se%20aprueba%20y%20se%20hace%20p%C3%BAblico%20el%20protocolo%20de%20actuaci%C3%B3n%20en%20los%20centros%20educativos%20andaluces%20sostenidos%20con%20fondos%20p%C3%BAblicos%20para%20la%20prevenci%C3%B3n%20del%20riesgo%20ante%20conductas%20suicidas%20o%20autolesiones%20del%20alumnado\" target=\"_blank\" rel=\"noopener noreferrer\"><strong><span style=\"color: #0000ff\">RESOLUCI\u00d3N CONJUNTA DE 17 DE OCTUBRE DE 2023, DE LA CONSEJER\u00cdA DE DESARROLLO EDUCATIVO Y FORMACI\u00d3N PROFESIONAL, LA CONSEJER\u00cdA DE SALUD Y CONSUMO Y LA CONSEJER\u00cdA DE INCLUSI\u00d3N SOCIAL, JUVENTUD, FAMILIAS E IGUALDAD, POR LA QUE SE APRUEBA Y SE HACE P\u00daBLICO EL PROTOCOLO DE ACTUACI\u00d3N EN LOS CENTROS EDUCATIVOS ANDALUCES SOSTENIDOS CON FONDOS P\u00daBLICOS PARA LA <span style=\"color: #800000\">PREVENCI\u00d3N DEL RIESGO ANTE CONDUCTAS SUICIDAS O AUTOLESIONES DEL ALUMNADO.&nbsp;<\/span><\/span><\/strong><\/a><br \/>\n<span style=\"color: #800000\"><strong><a style=\"color: #800000\" href=\"https:\/\/blogsaverroes.juntadeandalucia.es\/ieslauretum\/files\/2024\/01\/Gu\u00eda-para-la-prevenci\u00f3n.pdf\" target=\"_blank\" rel=\"noopener noreferrer\">Gu\u00eda para la prevenci\u00f3n del riesgo de conductas suicidas y autolesiones del alumnado<\/a><\/strong><\/span><\/li>\n<li style=\"text-align: justify\"><em><a href=\"https:\/\/www.juntadeandalucia.es\/educacion\/portals\/delegate\/content\/774e3990-3fed-41fc-8926-778874c054ec\/Orden%20de%209%20de%20febrero%20de%202022,%20de%20adimisi%C3%B3n%20y%20matriculaci%C3%B3n%20de%20las%20ense%C3%B1anzas%20art%C3%ADsticas%20superiores\" target=\"_blank\" rel=\"noopener noreferrer\"><strong><span style=\"color: #0000ff\"><span dir=\"ltr\" role=\"presentation\">Orden de 9 de febrero de 2022, por la que se regulan en la Comunidad <\/span><span dir=\"ltr\" role=\"presentation\">Aut\u00f3noma de Andaluc\u00eda el acceso, los criterios, los procedimientos de admisi\u00f3n <\/span><span dir=\"ltr\" role=\"presentation\">y matriculaci\u00f3n del alumnado de ense\u00f1anzas art\u00edsticas superiores en los centros <\/span><span dir=\"ltr\" role=\"presentation\">docentes p\u00fablicos, as\u00ed como las pruebas de acceso a las citadas ense\u00f1anzas. <\/span><\/span><\/strong><\/a><span style=\"color: #800000\"><strong><span dir=\"ltr\" role=\"presentation\">(Se modifica la Orden de 9 de noviembre de 2020, por la que se desarrolla el procedimiento de acceso a la funci\u00f3n directiva y la evaluaci\u00f3n, formaci\u00f3n y reconocimiento&nbsp;<\/span><\/strong><strong><span dir=\"ltr\" role=\"presentation\"> de los directores, las directoras)<\/span><\/strong><\/span><\/em><\/li>\n<li style=\"text-align: justify\"><em><strong><span style=\"color: #0000ff\"><a style=\"color: #0000ff\" href=\"https:\/\/drive.google.com\/file\/d\/1PBoGfswugheRPI8OTNi-wp755YlEzZ0_\/view?usp=sharing\">Medidas de prevenci\u00f3n, protecci\u00f3n, vigilancia y promoci\u00f3n de salud. <span style=\"color: #800000\">Covid-19<\/span><\/a><\/span><\/strong><\/em><\/li>\n<li style=\"text-align: justify\"><em><strong><span style=\"color: #0000ff\"><a style=\"color: #0000ff\" href=\"https:\/\/drive.google.com\/file\/d\/1XNeYrfAa0F-fBSr7-NFeCrNcM1EScJuz\/view?usp=sharing\">Resoluci\u00f3n de 22 de octubre de 2020, de la Secretar\u00eda General para la Administraci\u00f3n P\u00fablica, por la que se aprueba el <span style=\"color: #800000\">C\u00f3digo de Conducta en el uso de las Tecnolog\u00edas de la Informaci\u00f3n y la Comunicaci\u00f3n para profesionales p\u00fablicos<\/span> de la Administraci\u00f3n de la Junta de Andaluc\u00eda. (6. Uso de las aplicaciones y sistemas. 6.1. Los profesionales utilizar\u00e1n exclusivamente las aplicaciones y sistemas que para el desempe\u00f1o de sus funciones les haya habilitado la Administraci\u00f3n de la Junta de Andaluc\u00eda.)<\/a><\/span><\/strong><\/em><\/li>\n<li style=\"text-align: justify\"><em><strong><span style=\"color: #0000ff\"><a style=\"color: #0000ff\" href=\"https:\/\/drive.google.com\/file\/d\/0B1BXXVUmxngqaGlXTG9BTkZhbGs\/view?usp=sharing\">Instrucciones de 11 de enero de 2017 de la direcci\u00f3n general de participaci\u00f3n y equidad en relaci\u00f3n con las actuaciones espec\u00edficas a adoptar por los centros&nbsp;&nbsp; educativos&nbsp;&nbsp; en&nbsp;&nbsp; la&nbsp;&nbsp; aplicaci\u00f3n&nbsp;&nbsp; del&nbsp;&nbsp; protocolo&nbsp;&nbsp; de&nbsp;&nbsp; actuaci\u00f3n&nbsp;&nbsp; en supuestos de acoso escolar ante situaciones de ciberacoso.&nbsp;<\/a><a style=\"color: #0000ff\" href=\"https:\/\/drive.google.com\/file\/d\/0B1BXXVUmxngqaGlXTG9BTkZhbGs\/view?usp=sharing\">(<span style=\"color: #800000\">PROTOCOLO DE CIBERACOSO)<\/span><\/a><\/span><\/strong><\/em><\/li>\n<li style=\"text-align: justify\"><em><strong><span style=\"color: #0000ff\"><a style=\"color: #0000ff\" href=\"http:\/\/www.juntadeandalucia.es\/averroes\/centros-tic\/41008398\/helvia\/sitio\/upload\/BOJA15Protocolo_sobre_identidad_de_genero.pdf\">Orden de 28 de abril de 2015, por la que se modifica la Orden de 20 de junio de 2011, por la que se adoptan medidas para la promoci\u00f3n de la convivencia en los centros docentes sostenidos con fondos p\u00fablicos y se regula el derecho de las familias a participar en el proceso educativo de sus hijos e hijas.<\/a>&nbsp;<span style=\"color: #800000\">(PROTOCOLO DE IGUALDAD DE GENERO)<\/span><\/span><\/strong><\/em><\/li>\n<li style=\"text-align: justify\"><em><strong><span style=\"color: #0000ff\"><a style=\"color: #0000ff\" href=\"http:\/\/www.adideandalucia.es\/normas\/ordenes\/Orden20junio2011Convivencia.pdf\">Orden de 20 de junio de 2011, por la que se adoptan medidas para la promoci\u00f3n de la convivencia en los centros docentes sostenidos con fondos p\u00fablicos y se regula el derecho de las familias a participar en el proceso educativo de sus hijos e hijas.<\/a>&nbsp;<span style=\"color: #800000\">(PROTOCOLO DE ACOSO ESCOLAR, CONVIVENCIA, EDUCATIVO Y DELEGADOS DE LAS FAMILIAS)<\/span><\/span><\/strong><\/em><br \/>\n<hr>\n<\/li>\n<\/ul>\n<h2 style=\"text-align: center\"><span style=\"text-decoration: underline;color: #008000\"><strong>PROTOCOLOS DE ABSENTISMO ESCOLAR&nbsp;<\/strong><\/span><\/h2>\n<ul>\n<li style=\"text-align: justify\"><strong><span style=\"color: #0000ff\"><a style=\"color: #0000ff\" href=\"https:\/\/www.adideandalucia.es\/normas\/ordenes\/Orden15abril2011SubvencionesAsociaciones.pdf\" target=\"_blank\" rel=\"noopener noreferrer\">ORDEN de 15 de abril de 2011<\/a>, por la que se establecen las bases reguladoras para la concesi\u00f3n de subvenciones a entidades p\u00fablicas, asociaciones del alumnado y de padres y madres del alumnado y otras entidades privadas en materia de equidad, participaci\u00f3n, voluntariado, coeducaci\u00f3n, mediaci\u00f3n intercultural y absentismo escolar en Andaluc\u00eda, y se efect\u00faa su convocatoria para el curso 2011\/2012 (BOJA 17-05-2011).<\/span><\/strong><\/li>\n<li style=\"text-align: justify\"><strong><span style=\"color: #0000ff\"><a style=\"color: #0000ff\" href=\"https:\/\/www.adideandalucia.es\/normas\/circulares\/Circular30junio2009educacionencasaDG.pdf\" target=\"_blank\" rel=\"noopener noreferrer\">CIRCULAR de 30 de junio de 2009<\/a>&nbsp;de la Direcci\u00f3n General de Participaci\u00f3n e Innovaci\u00f3n Educativa sobre el procedimiento a seguir en los casos de educaci\u00f3n en casa.<\/span><\/strong><\/li>\n<li style=\"text-align: justify\"><strong><span style=\"color: #0000ff\"><a style=\"color: #0000ff\" href=\"https:\/\/www.adideandalucia.es\/normas\/ordenes\/Orden%2019-12-2005%20Modifica%20Absentismo.pdf\" target=\"_blank\" rel=\"noopener noreferrer\">ORDEN de 19-12-2005,<\/a>&nbsp;de modificaci\u00f3n de la de 19 de septiembre de 2005, por la que se desarrollan determinados aspectos del plan integral para la prevenci\u00f3n, seguimiento y control del absentismo escolar. (BOJA 12-1-2006)<\/span><\/strong><\/li>\n<li style=\"text-align: justify\"><strong><span style=\"color: #0000ff\"><a style=\"color: #0000ff\" href=\"https:\/\/www.adideandalucia.es\/normas\/ordenes\/Orden%2019-9-2005%20Absentismo%20Escolar.pdf\" target=\"_blank\" rel=\"noopener noreferrer\">ORDEN de 19-9-2005,<\/a>&nbsp;por la que se desarrollan determinados aspectos del Plan Integral para la Prevenci\u00f3n, Seguimiento y Control del Absentismo Escolar. (BOJA 17-10-2005)<\/span><\/strong><\/li>\n<li style=\"text-align: justify\"><strong><span style=\"color: #0000ff\"><a style=\"color: #0000ff\" href=\"https:\/\/www.adideandalucia.es\/normas\/acuerdos\/Acuerdo%2025-11-2003%20Absentismo%20alumnos.pdf\" target=\"_blank\" rel=\"noopener noreferrer\">ACUERDO de 25-11-2003,<\/a>&nbsp;del Consejo de Gobierno, por el que se aprueba el Plan Integral para la Prevenci\u00f3n, Seguimiento y Control del Absentismo Escolar (BOJA 5-12-2003)<\/span><\/strong><\/li>\n<li style=\"text-align: justify\"><strong><span style=\"color: #0000ff\"><a style=\"color: #0000ff\" href=\"https:\/\/www.adideandalucia.es\/normas\/decretos\/Decreto%20155-1997%20Cooperacion%20entidades.pdf\" target=\"_blank\" rel=\"noopener noreferrer\">DECRETO 155\/1997, de 10 de junio<\/a>, por el que se regula la cooperaci\u00f3n de las Entidades Locales con la Administraci\u00f3n de la Junta de Andaluc\u00eda en materia educativa (BOJA 15-7-1997)<\/span><\/strong><\/li>\n<\/ul>\n<hr>\n<h2 style=\"text-align: center\"><em><strong><span style=\"text-decoration: underline\"><span style=\"color: #008000;text-decoration: underline\">MEJORAS DEL PROFESORADO (ESPECIALIDADES, DESPLAZAMIENTOS-ACTA, DIPA Y HUELGAS)<\/span><\/span><br \/>\n<\/strong><\/em><\/h2>\n<ul>\n<li style=\"text-align: justify\"><strong><span style=\"color: #0000ff\"><a style=\"color: #0000ff\" href=\"https:\/\/www.juntadeandalucia.es\/eboja\/2025\/203\/BOJA25-203-00009-13988-01_00327585.pdf\" target=\"_blank\" rel=\"noopener\">Resoluci\u00f3n de 15 de octubre de 2025, de la Viceconsejer\u00eda, por la que se da publicidad al Acuerdo de 16 de julio de 2025, sobre mejora del sistema educativo y las condiciones laborales del personal funcionario docente no universitario de Andaluc\u00eda, suscrito entre la Consejer\u00eda de Desarrollo Educativo y Formaci\u00f3n Profesional y las organizaciones sindicales CSIF, ANPE y UGT.<\/a><\/span><\/strong><\/li>\n<li style=\"text-align: justify\"><strong><span style=\"color: #0000ff\"><a style=\"color: #0000ff\" href=\"https:\/\/blogsaverroes.juntadeandalucia.es\/ieslauretum\/files\/2025\/11\/Manua_Notificacion_Detraccion_Habereres-VF.pdf\" target=\"_blank\" rel=\"noopener\">Notificaci\u00f3n de Ausencias con Detracci\u00f3n de Haberes (Huelga). Manual, notificaci\u00f3n, detracci\u00f3n y haberes<\/a><\/span><\/strong><\/li>\n<li style=\"text-align: justify\"><strong><span style=\"color: #0000ff\"><a style=\"color: #0000ff\" href=\"https:\/\/blogsaverroes.juntadeandalucia.es\/ieslauretum\/files\/2025\/11\/DUDAS_FRECUENTES_SOBRE_MANUAL.pdf\" target=\"_blank\" rel=\"noopener\">DUDAS FRECUENTES SOBRE GESTI\u00d3N DE JORNADAS Y HORARIOS, PERMISOS Y LICENCIAS, M\u00d3DULO DE CONTROL DE PRESENCIA Y SU APLICACI\u00d3N EN S\u00c9NECA<\/a><\/span><\/strong><\/li>\n<li style=\"text-align: justify\"><a href=\"https:\/\/www.adideandalucia.es\/normas\/instruc\/Instruccion7-2023ReubicacionProfesorado.pdf\" target=\"_blank\" rel=\"noopener noreferrer\"><span style=\"color: #0000ff\"><strong>INSTRUCCI\u00d3N 7\/2023, DE LA DIRECCI\u00d3N GENERAL DEL PROFESORADO Y GESTI\u00d3N DE RECURSOS HUMANOS, POR LA QUE SE FIJAN LOS CRITERIOS PARA LA DETERMINACI\u00d3N Y, EN SU CASO, REUBICACI\u00d3N DEL PROFESORADO CON DESTINO DEFINITIVO EN CENTROS DOCENTES P\u00daBLICOS DE ENSE\u00d1ANZA NO UNIVERSITARIA AFECTADO POR INSUFICIENCIA DE HORARIO PARA EL CURSO ACAD\u00c9MICO 2023\/2024. <\/strong><\/span><\/a><strong><a href=\"https:\/\/blogsaverroes.juntadeandalucia.es\/ieslauretum\/files\/2023\/07\/ACTA-DE-DESPLAZAMIENTO.pdf\" target=\"_blank\" rel=\"noopener noreferrer\">ACTA DE DESPLAZAMIENTO<\/a><\/strong><\/li>\n<li style=\"text-align: justify\"><span style=\"color: #0000ff\"><a style=\"color: #0000ff\" href=\"https:\/\/www.boe.es\/boe\/dias\/2023\/04\/19\/pdfs\/BOE-A-2023-9553.pdf\" target=\"_blank\" rel=\"noopener noreferrer\"><em><strong>Real Decreto 286\/2023, de 18 de abril, por el que se regula la asignaci\u00f3n de materias en Educaci\u00f3n Secundaria Obligatoria y en Bachillerato a las especialidades de distintos cuerpos de funcionarios docentes, y se modifican diversas normas relativas al profesorado de ense\u00f1anzas no universitarias.<\/strong><\/em><\/a><\/span><\/li>\n<li style=\"text-align: justify\"><span style=\"color: #0000ff\"><em><strong><a style=\"color: #0000ff\" href=\"https:\/\/drive.google.com\/file\/d\/0B1BXXVUmxngqRWs0Zy1yN0VKSHM\/view?usp=sharing\" target=\"_blank\" rel=\"noopener noreferrer\">Real Decreto 665\/2015, de 17 de julio, por el que se desarrollan determinadas disposiciones relativas al ejercicio de la docencia en la Educaci\u00f3n Secundaria Obligatoria, el Bachillerato, la Formaci\u00f3n Profesional y las ense\u00f1anzas de r\u00e9gimen especial, a la formaci\u00f3n inicial del profesorado y a las especialidades de los cuerpos docentes de Ense\u00f1anza Secundaria.<\/a><\/strong><\/em><\/span><\/li>\n<li style=\"text-align: justify\"><span style=\"color: #0000ff\"><em><strong><a style=\"color: #0000ff\" href=\"https:\/\/drive.google.com\/file\/d\/0B1BXXVUmxngqUGtnWE5id284akk\/view?usp=sharing\" target=\"_blank\" rel=\"noopener noreferrer\">REAL DECRETO 1834\/2008, de 8 de noviembre, por el que se definen las condiciones de formaci\u00f3n para el ejercicio de la docencia en la educaci\u00f3n secundaria &nbsp;obligatoria, &nbsp;el &nbsp;bachillerato, la formaci\u00f3n profesional y las ense\u00f1anzas de r\u00e9gimen especial y se establecen las especialidades de los cuerpos docentes de ense\u00f1anza secundaria<\/a><\/strong><\/em><\/span><\/li>\n<\/ul>\n<hr>\n<h2 style=\"text-align: center\"><strong><span style=\"text-decoration: underline\"><span style=\"color: #008000;text-decoration: underline\"><em>DOCUMENTO IDENTIFICADOR DEL PROFESORADO&nbsp;EN ANDALUC\u00cdA (<\/em><\/span><\/span><span style=\"text-decoration: underline\"><span style=\"color: #008000;text-decoration: underline\"><em>DIPA) &#8211; S\u00c9NECA<\/em><\/span><\/span><\/strong><\/h2>\n<ul>\n<li style=\"text-align: justify\"><strong><span style=\"color: #0000ff\"><a style=\"color: #0000ff\" title=\"DIPA DOCUMENTO DE IDENTIFICACION DEL PROFESORADO EN ANDALUCIA\" href=\"http:\/\/www.juntadeandalucia.es\/averroes\/centros-tic\/41008398\/helvia\/sitio\/upload\/Instruc_1_abri_l2013_Documento_Profesorado_DIPA.pdf\" target=\"_blank\" rel=\"noopener noreferrer\">INSTRUCCI\u00d3N&nbsp; 4\/2013,&nbsp; DE&nbsp; 1&nbsp; DE&nbsp; ABRIL,&nbsp; DE&nbsp; LA&nbsp; DIRECCI\u00d3N&nbsp; GENERAL&nbsp; DE GESTI\u00d3N&nbsp; DE&nbsp; RECURSOS&nbsp; HUMANOS,&nbsp; POR&nbsp; LA&nbsp; QUE&nbsp; SE&nbsp; REGULA&nbsp; LA EXPEDICI\u00d3N Y USO DEL DOCUMENTO IDENTIFICATIVO DEL PROFESORADO EN ANDALUC\u00cdA (DIPA).<\/a><\/span><\/strong><\/li>\n<li style=\"text-align: justify\"><a href=\"https:\/\/www.juntadeandalucia.es\/educacion\/portals\/delegate\/content\/4d364ab8-01b2-4dd2-8f22-f86c88ed836c\/ADMINISTRACI%C3%93N%20%3E%20ADMINISTRACI%C3%93N%20ELECTR%C3%93NICA%20Y%20PROTECCI%C3%93N%20DE%20DATOS%20(Decreto-285-2010-Seneca.pdf)\" target=\"_blank\" rel=\"noopener noreferrer\"><span style=\"color: #0000ff\"><strong>DECRETO 285\/2010, de 11 de mayo, por el que se regula el Sistema de Informaci\u00f3n S\u00e9neca y se establece su utilizaci\u00f3n para la gesti\u00f3n del sistema educativo andaluz.<\/strong><\/span><\/a><\/li>\n<\/ul>\n<hr>\n<h2 style=\"text-align: center\"><span style=\"text-decoration: underline\"><span style=\"color: #008000;text-decoration: underline\"><em><strong>FORMACI\u00d3N PERMANENTE DEL PROFESORADO ANDALUZ<\/strong><\/em><\/span><\/span><\/h2>\n<ul>\n<li style=\"text-align: justify\"><span style=\"color: #0000ff\"><em><strong><a style=\"color: #0000ff\" href=\"https:\/\/drive.google.com\/file\/d\/0B1BXXVUmxngqenZvclU2eTZTTm8\/edit?usp=sharing\" target=\"_blank\" rel=\"noopener noreferrer\"> Resoluci\u00f3n de 30 de septiembre de 2024, de la Direcci\u00f3n General de Innovaci\u00f3n y Formaci\u00f3n del Profesorado, por la que se aprueba el desarrollo de las l\u00edneas estrat\u00e9gicas de formaci\u00f3n del profesorado establecidas en el III Plan Andaluz de Formaci\u00f3n Permanente del Profesorado y las pautas de elaboraci\u00f3n y desarrollo de los Proyectos de Formaci\u00f3n para el curso 2024\/2025.<\/a><\/strong><\/em><\/span><\/li>\n<li style=\"text-align: justify\"><span style=\"color: #0000ff\"><em><strong><a style=\"color: #0000ff\" href=\"https:\/\/drive.google.com\/file\/d\/0B1BXXVUmxngqenZvclU2eTZTTm8\/edit?usp=sharing\" target=\"_blank\" rel=\"noopener noreferrer\">Decreto 93\/2013, de 27 de agosto, por el que se regula la formaci\u00f3n inicial y permanente del profesorado en la Comunidad Aut\u00f3noma de Andaluc\u00eda, as\u00ed como el Sistema Andaluz de Formaci\u00f3n Permanente del Profesorado.<\/a><\/strong><\/em><\/span><\/li>\n<li style=\"text-align: justify\"><span style=\"color: #0000ff\"><em><a style=\"color: #0000ff\" href=\"https:\/\/drive.google.com\/file\/d\/0B1BXXVUmxngqY2w0Y3h1TDNKSjg\/edit?usp=sharing%20https:\/\/drive.google.com\/file\/d\/0B1BXXVUmxngqZGZ4YUFvQ3FQZWM\/edit?usp=sharing\" target=\"_blank\" rel=\"noopener noreferrer\"><strong>Orden de 31 de julio de 2014, por la que se aprueba el III Plan Andaluz de Formaci\u00f3n Permanente del Profesorado.<\/strong><\/a><\/em><\/span><\/li>\n<\/ul>\n<hr>\n<h2 style=\"text-align: center\"><span style=\"text-decoration: underline\"><span style=\"color: #008000;text-decoration: underline\"><em><strong>PLANES&nbsp; Y PROGRAMAS EDUCATIVOS<\/strong><\/em><\/span><\/span><\/h2>\n<ul>\n<li style=\"text-align: justify\"><strong><span style=\"color: #0000ff\"><em><a style=\"color: #0000ff\" href=\"https:\/\/drive.google.com\/file\/d\/0B1BXXVUmxngqd1pNaDFtQkduNDg\/edit?usp=sharing\" target=\"_blank\" rel=\"noopener noreferrer\">INSTRUCCIONES DE 30 DE JUNIO DE 2014 SOBRE LOS PROGRAMAS EDUCATIVOS Y RECONOCIMIENTO PROFESIONAL DEL PROFESORADO RESPONSABLE Y LOS PARTICIPANTES<\/a><\/em><\/span><\/strong><\/li>\n<li style=\"text-align: justify\"><strong><span style=\"color: #0000ff\"><em><a style=\"color: #0000ff\" href=\"https:\/\/drive.google.com\/file\/d\/0B1BXXVUmxngqX3A2aXFUaHhuLWc\/edit?usp=sharing\" target=\"_blank\" rel=\"noopener noreferrer\">INSTRUCCIONES DE 2 DE SEPTIEMBRE DE 2014 PARA EL RECONOCIMIENTO Y LA FORMACI\u00d3N VINCULADA A LOS PROGRAMAS EDUCATIVOS A LOS QUE HACE REFERENCIA LAS INSTRUCCIONES DE 30 DE JUNIO DE 2014 DE LA SECRETARIA GENERAL DE EDUCACI\u00d3N SOBRE PROGRAMAS EDUCATIVOS.<\/a><\/em><\/span><\/strong><\/li>\n<li style=\"text-align: justify\"><strong><span style=\"color: #0000ff\"><em><a style=\"color: #0000ff\" href=\"http:\/\/www.juntadeandalucia.es\/boja\/2010\/182\/d13.pdf\" target=\"_blank\" rel=\"noopener noreferrer\">ORDEN de 3 de septiembre de 2010, por la que se establece el horario de dedicaci\u00f3n del profesorado responsable de la coordinaci\u00f3n de los planes y programas estrat\u00e9gicos que desarrolla la Consejer\u00eda competente en materia de educaci\u00f3n.<\/a><\/em><\/span><\/strong><\/li>\n<\/ul>\n<hr>\n<h2 style=\"text-align: center\"><span style=\"text-decoration: underline\"><span style=\"color: #008000;text-decoration: underline\"><em><strong>PROFESORADO BILING\u00dcE<\/strong><\/em><\/span><\/span><\/h2>\n<ul>\n<li style=\"text-align: justify\"><a href=\"https:\/\/www.juntadeandalucia.es\/educacion\/portals\/delegate\/content\/04c6b231-f810-47f0-a905-3f527524aeae\/Resoluci%C3%B3n%20de%2022%20de%20mayo%20de%202024,%20de%20la%20Direcci%C3%B3n%20General%20de%20Ordenaci%C3%B3n,%20Inclusi%C3%B3n,%20Participaci%C3%B3n%20y%20Evaluaci%C3%B3n%20Educativa,%20por%20la%20que%20se%20regula%20el%20procedimiento%20para%20la%20obtenci%C3%B3n%20del%20certificado%20de%20Nivel%20Intermedio%20B2%20para%20el%20alumnado%20que%20cursa%20Bachillerato%20Biling%C3%BCe%20y%20Pluriling%C3%BCe%20y%20se%20establece%20la%20colaboraci%C3%B3n%20entre%20las%20Escuelas%20Oficiales%20de%20Idiomas%20y%20los%20centros%20docentes%20durante%20el%20curso%20escolar%202024\/2025\" target=\"_blank\" rel=\"noopener\"><strong><span style=\"color: #0000ff\">Resoluci\u00f3n de 22 de mayo de 2024, de la Direcci\u00f3n General de Ordenaci\u00f3n, Inclusi\u00f3n, Participaci\u00f3n y Evaluaci\u00f3n Educativa, por la que se regula el <\/span><\/strong><strong><span style=\"color: #0000ff\">procedimiento para la obtenci\u00f3n del certificado de Nivel Intermedio B2 para el alumnado que cursa Bachillerato Biling\u00fce y Pluriling\u00fce y se establece la <\/span><\/strong><strong><span style=\"color: #0000ff\">colaboraci\u00f3n entre las Escuelas Oficiales de Idiomas y los centros docentes durante el curso escolar 2024\/2025.<\/span><\/strong><\/a><\/li>\n<li style=\"text-align: justify\"><strong><span style=\"color: #0000ff\"><a style=\"color: #0000ff\" href=\"https:\/\/www.juntadeandalucia.es\/educacion\/portals\/delegate\/content\/2d1fa2a2-da55-42e1-a1ac-74d0f88146ba\/Instrucciones%20ense%C3%B1anza%20biling%C3%BCe%2022\/23\" target=\"_blank\" rel=\"noopener noreferrer\">INSTRUCCI\u00d3N 12\/2021, DE 15 DE JULIO, DE LA DIRECCI\u00d3N GENERAL DE ORDENACI\u00d3NY EVALUACI\u00d3N EDUCATIVA, SOBRE LA ORGANIZACI\u00d3N Y FUNCIONAMIENTO DE LA ENSE\u00d1ANZA BILING\u00dcE EN LOS CENTROS ANDALUCES PARA EL CURSO 2022-23<\/a><\/span>.<\/strong><\/li>\n<li style=\"text-align: justify\"><span style=\"color: #0000ff\"><em><strong><a style=\"color: #0000ff\" href=\"https:\/\/drive.google.com\/file\/d\/1Ps_ogvAV4vYV_xD7j1R0tjCuwagyKnYr\/view?usp=sharing\" target=\"_blank\" rel=\"noopener noreferrer\">2019 &#8211; TITULACIONES Y CERTIFICACIONES LING\u00dc\u00cdSTICAS QUE PERMITEN LA IMPARTICI\u00d3N DE ENSE\u00d1ANZA BILING\u00dcE EN LA COMUNIDAD AUT\u00d3NOMA DE ANDALUC\u00cdA<\/a><\/strong><\/em><\/span><\/li>\n<li style=\"text-align: justify\"><span style=\"color: #0000ff\"><em><strong><a style=\"color: #0000ff\" href=\"https:\/\/drive.google.com\/file\/d\/0B1BXXVUmxngqOXdnbTBURnlHN2c\/view?usp=sharing\" target=\"_blank\" rel=\"noopener noreferrer\">Orden de 1 de agosto de 2016, por la que se modifica la Orden de 28 de junio de 2011, por la que se regula la ense\u00f1anza biling\u00fce en los centros docentes de la Comunidad Aut\u00f3noma de Andaluc\u00eda.<\/a><\/strong><\/em><\/span><\/li>\n<li style=\"text-align: justify\"><span style=\"color: #0000ff\"><em><strong><a style=\"color: #0000ff\" href=\"https:\/\/drive.google.com\/file\/d\/0B24uOIBT-GYpVWNwUEl3eXhlMjg\/view?usp=sharing\" target=\"_blank\" rel=\"noopener noreferrer\">Orden de 18 de febrero de 2013, por la que se modifican la de 28 de junio de 2011, por la que se regula la ense\u00f1anza biling\u00fce en los centros docentes de la Comunidad Aut\u00f3noma de Andaluc\u00eda, y la de 29 de junio de 2011, por la que se establece el procedimiento para la autorizaci\u00f3n de la ense\u00f1anza biling\u00fce en los centros docentes de titularidad privada<\/a><\/strong><\/em><\/span><\/li>\n<li style=\"text-align: justify\"><em><span style=\"color: #0000ff\"><strong><a style=\"color: #0000ff\" title=\"Orden de ense\u00f1anzas biling\u00fces\" href=\"http:\/\/www.juntadeandalucia.es\/averroes\/centros-tic\/41008398\/helvia\/sitio\/upload\/Orden_28_junio_2011_Ensenanza_Bilingue.pdf\" target=\"_blank\" rel=\"noopener noreferrer\">ORDEN de 28 de junio de 2011, por la que se regula la ense\u00f1anza biling\u00fce en los centros docentes de la Comunidad Aut\u00f3noma de Andaluc\u00eda<\/a><\/strong><\/span><strong><br \/>\n<\/strong><\/em><\/li>\n<\/ul>\n<hr>\n<h2 style=\"text-align: center\"><span style=\"text-decoration: underline;color: #008000\"><em><strong>ATENCI\u00d3N A LA DIVERSIDAD &#8211; ORIENTACI\u00d3N<\/strong><\/em><\/span><\/h2>\n<ul>\n<li style=\"text-align: justify\"><strong><strong><strong><a href=\"https:\/\/www.juntadeandalucia.es\/eboja\/2022\/110\/BOJA22-110-00016-9654-01_00262936.pdf\" target=\"_blank\" rel=\"noopener noreferrer\"><span style=\"color: #0000ff\">Decreto 100\/2022, de 7 de junio, por el que se regula el Programa de tratamiento a familias con menores en situaci\u00f3n de riesgo o desprotecci\u00f3n.<\/span><\/a><\/strong><\/strong><\/strong><\/li>\n<li><a href=\"https:\/\/www.juntadeandalucia.es\/eboja\/2022\/110\/BOJA22-110-00003-9655-01_00262937.pdf\" target=\"_blank\" rel=\"noopener noreferrer\"><strong><span style=\"color: #0000ff\">Acuerdo de 7 de junio de 2022, del Consejo de Gobierno, por el que se aprueba el Plan Estrat\u00e9gico de Servicios Sociales de Andaluc\u00eda 2022-2026.<\/span><\/strong><\/a><\/li>\n<li style=\"text-align: justify\"><strong><a href=\"https:\/\/www.juntadeandalucia.es\/educacion\/portals\/delegate\/content\/b7ae6b84-2388-40f4-a5d7-3675ce252cac\/Instrucciones%20de%208%20de%20marzo%20de%202021\" target=\"_blank\" rel=\"noopener noreferrer\"><span style=\"color: #0000ff\">INSTRUCCIONES DE 8 DE MARZO DE 2021 DE LA DIRECCI\u00d3N GENERAL DE ATENCI\u00d3N A LA DIVERSIDAD, PARTICIPACI\u00d3N Y CONVIVENCIA ESCOLAR SOBRE EL PROCEDIMIENTO PARA EL REGISTRO Y ACTUALIZACI\u00d3N DE DATOS EN EL M\u00d3DULO DE GESTI\u00d3N DE LA ORIENTACI\u00d3N DEL <\/span><span style=\"color: #0000ff\">SISTEMA DE INFORMACI\u00d3N S\u00c9NECA<\/span><\/a><\/strong><\/li>\n<li style=\"text-align: justify\"><strong><span style=\"color: #0000ff\"><a style=\"color: #0000ff\" href=\"https:\/\/www.juntadeandalucia.es\/boja\/2021\/507\/BOJA21-507-00222-622-01_00184586.pdf\" target=\"_blank\" rel=\"noopener noreferrer\">Orden de 15 de enero de 2021, por la que se desarrolla el curr\u00edculo correspondiente a la etapa de Educaci\u00f3n Primaria en la Comunidad Aut\u00f3noma de Andaluc\u00eda, se regulan determinados aspectos de la atenci\u00f3n a la diversidad, se establece la ordenaci\u00f3n de la evaluaci\u00f3n del proceso de aprendizaje del alumnado y se determina el proceso de tr\u00e1nsito entre distintas etapas educativas.<\/a><\/span><\/strong><\/li>\n<li style=\"text-align: justify\"><strong><em><span style=\"color: #0000ff\"><a style=\"color: #0000ff\" href=\"https:\/\/www.juntadeandalucia.es\/educacion\/portals\/delegate\/content\/1af5a50d-2512-4889-a640-4871bcbbb033\/Instrucciones%20protocolo%20deteccion%20altas%20capacidades\" target=\"_blank\" rel=\"noopener noreferrer\">Instrucciones de 12 de mayo de 2020 de la Direcci\u00f3n General de Atenci\u00f3n a la Diversidad, Participaci\u00f3n y Convivencia Escolar, por las que se regula el procedimiento para la aplicaci\u00f3n del protocolo para la detecci\u00f3n y evaluaci\u00f3n del alumnado con necesidades espec\u00edficas de apoyo educativo por presentar altas capacidades intelectuales.<\/a><\/span>&nbsp;<span style=\"color: #800000\">(ALTAS CAPACIDADES)<\/span><\/em><\/strong><\/li>\n<li style=\"text-align: justify\"><strong><span style=\"color: #0000ff\"><em><a style=\"color: #0000ff\" href=\"https:\/\/drive.google.com\/file\/d\/0B1BXXVUmxngqZWtUcm9KUkhRZFE\/view?usp=sharing\" target=\"_blank\" rel=\"noopener noreferrer\">INSTRUCCIONES&nbsp;&nbsp; DE&nbsp; 8&nbsp;&nbsp; DE&nbsp;&nbsp; MARZO&nbsp;&nbsp; DE&nbsp;&nbsp; 2017,&nbsp; DE&nbsp;&nbsp; LA&nbsp;&nbsp; DIRECCI\u00d3N&nbsp;&nbsp; GENERAL&nbsp;&nbsp; DE PARTICIPACI\u00d3N Y EQUIDAD, POR LAS QUE SE ACTUALIZA EL PROTOCOLO DE DETECCI\u00d3N, IDENTIFICACI\u00d3N&nbsp;&nbsp; DEL&nbsp;&nbsp; ALUMNADO&nbsp;&nbsp; CON&nbsp;&nbsp; NECESIDADES&nbsp;&nbsp; ESPEC\u00cdFICAS&nbsp;&nbsp; DE&nbsp;&nbsp; APOYO EDUCATIVO Y ORGANIZACI\u00d3N DE LA RESPUESTA EDUCATIVA.<\/a><\/em><\/span><\/strong><\/li>\n<li style=\"text-align: justify\"><strong><span style=\"color: #0000ff\"><a style=\"color: #0000ff\" href=\"https:\/\/www.juntadeandalucia.es\/educacion\/portals\/delegate\/content\/7b185a9f-b76e-4f93-8f52-63686c3c7801\/Instrucciones%20de%2014%20de%20noviembre%20de%202013%20atenci%C3%B3n%20educativa%20domiciliaria%20por%20enfermedad%20del%20alumno\" target=\"_blank\" rel=\"noopener noreferrer\">INSTRUCCIONES DE 14 DE NOVIEMBRE DE 2013, DE LA DIRECCI\u00d3N GENERAL DE PARTICIPACI\u00d3N Y EQUIDAD, PARA LA ATENCI\u00d3N EDUCATIVA DOMICILIARIA, DESTINADA AL ALUMNADO CON IMPOSIBILIDAD DE ACUDIR AL CENTRO DOCENTE POR RAZONES DE ENFERMEDAD.<\/a><\/span><\/strong><\/li>\n<li style=\"text-align: justify\"><strong><em><a title=\"Orden de 25\/07\/2008\" href=\"http:\/\/www.juntadeandalucia.es\/averroes\/centros-tic\/41701161\/helvia\/sitio\/upload\/Orden_2572008_Atencion_Diversidad.pdf\" target=\"_blank\" rel=\"noopener noreferrer\"><span style=\"color: #0000ff\">ORDEN de 25 de julio de 2008, por la que se regula la atenci\u00f3n a la diversidad del alumnado que cursa la educaci\u00f3n b\u00e1sica en los centros docentes p\u00fablicos de Andaluc\u00eda<\/span>.<\/a><span style=\"color: #800000\">(Quedan derogados los&nbsp;art\u00edculos 8, 17, 18, 19, 20, 21, 22, 23, 24, 25, 26 y 27, as\u00ed como la&nbsp;disposici\u00f3n adicional primera por&nbsp;la&nbsp;Orden de 14 de julio de 2016)<\/span><\/em><\/strong><\/li>\n<li><a href=\"https:\/\/portals.ced.junta-andalucia.es\/educacion\/portals\/delegate\/content\/b7517f3d-399e-4c66-8b64-f37a6c8fd191\/ATENCI%C3%93N%20A%20LA%20DIVERSIDAD%20%3E%20ALUMNADO%20DE%20ALTAS%20CAPACIDADES%20(AC)%20(Instruc%2016-1-2007%20Flexibilizacion%20sobredotados.pdf)\" target=\"_blank\" rel=\"noopener\"><strong><span style=\"color: #0000ff\">Instrucciones de 16 de Enero de 2007&nbsp;que deben ser presentados antes del 30 de abril, para la solicitud de flexibilizaci\u00f3n del periodo de escolarizaci\u00f3n del alumnado con Sobredotaci\u00f3n Intelectual.<\/span><\/strong><\/a><\/li>\n<li style=\"text-align: justify\"><strong><span style=\"color: #0000ff\"><em><a style=\"color: #0000ff\" href=\"https:\/\/drive.google.com\/file\/d\/0B1BXXVUmxngqNXVKUXRJTjBrd3c\/view?usp=sharing\" target=\"_blank\" rel=\"noopener noreferrer\">DECRETO 147\/2002, de 14 de mayo, por el que se establece la ordenaci\u00f3n de la atenci\u00f3n educativa a los alumnos y alumnas con necesidades educativas especiales asociadas a sus capacidades personales.<\/a><\/em><\/span><\/strong><\/li>\n<li style=\"text-align: justify\"><span style=\"color: #0000ff\"><em><a style=\"color: #0000ff\" href=\"http:\/\/juntadeandalucia.es\/boja\/2014\/139\/1\" target=\"_blank\" rel=\"noopener noreferrer\"><strong>Ley 2\/2014, de 8 de julio, integral para la no discriminaci\u00f3n por motivos de identidad de g\u00e9nero y reconocimiento de los derechos de las personas transexuales de Andaluc\u00eda.<\/strong><\/a><\/em><\/span><\/li>\n<\/ul>\n<hr>\n<h2 style=\"text-align: center\"><span style=\"text-decoration: underline\"><span style=\"color: #008000;text-decoration: underline\"><em><strong>NIVEL COMPETENCIAL DEL ALUMNADO EN ESO Y BACHILLER<\/strong><\/em><\/span><\/span><\/h2>\n<ul>\n<li style=\"text-align: justify\"><a href=\"https:\/\/www.juntadeandalucia.es\/boja\/2021\/67\/BOJA21-067-00013-5927-01_00189819.pdf\" target=\"_blank\" rel=\"noopener noreferrer\"><span style=\"color: #0000ff\"><strong>Orden de 29 de marzo de 2021, por la que se establecen los marcos de la Competencia Digital en el sistema educativo no universitario de la Comunidad Aut\u00f3noma de Andaluc\u00eda.<\/strong><\/span><\/a><strong><span style=\"color: #0000ff\"><em><br \/>\n<\/em><\/span><\/strong><\/li>\n<\/ul>\n<hr>\n<h2 style=\"text-align: center\"><span style=\"text-decoration: underline\"><span style=\"color: #008000;text-decoration: underline\"><em><strong>EVALUACI\u00d3N, PROMOCI\u00d3N Y TITULACI\u00d3N<\/strong><\/em><\/span><\/span><\/h2>\n<ul>\n<li><a href=\"https:\/\/drive.google.com\/file\/d\/168fU0NQiqAuttQ80rr4n4j3qP3oVd2DI\/view?usp=sharing\" target=\"_blank\" rel=\"noopener noreferrer\"><span style=\"color: #0000ff\"><strong>Real Decreto 984\/2021, de 16 de noviembre, por el que se regulan la evaluaci\u00f3n y la promoci\u00f3n en la Educaci\u00f3n Primaria, as\u00ed como la evaluaci\u00f3n, la promoci\u00f3n y la titulaci\u00f3n en la Educaci\u00f3n Secundaria Obligatoria, el Bachillerato y la Formaci\u00f3n Profesional.<\/strong><\/span><\/a><\/li>\n<li style=\"text-align: justify\"><strong><span style=\"color: #0000ff\"><em><a style=\"color: #0000ff\" title=\"DECRETO 220\/2013 EVALUACI\u00d3N DEL SISTEMA EDUCATIVO ANDALUZ\" href=\"http:\/\/www.juntadeandalucia.es\/averroes\/centros-tic\/41008398\/helvia\/sitio\/upload\/BOJA13225000051841501_00037041.pdf\" target=\"_blank\" rel=\"noopener noreferrer\">Decreto 220\/2013, de 5 de noviembre, por el que se establece el marco general para la evaluaci\u00f3n del sistema educativo andaluz y se regulan determinados aspectos de la evaluaci\u00f3n del mismo.<\/a><\/em><\/span><\/strong><\/li>\n<li style=\"text-align: justify\"><strong><span style=\"color: #0000ff\"><em><a style=\"color: #0000ff\" title=\"ORDEN de 17 de marzo de 2011, por la que se modifican las \u00d3rdenes que establecen la ordenaci\u00f3n de la evaluaci\u00f3n\" href=\"http:\/\/www.juntadeandalucia.es\/averroes\/centros-tic\/41008398\/helvia\/sitio\/upload\/Orden_17_marzo_2011_modifica_Ordenes_Evaluacion.pdf\" target=\"_blank\" rel=\"noopener noreferrer\">ORDEN de 17 de marzo de 2011, por la que se modifican las \u00d3rdenes que establecen la ordenaci\u00f3n de la evaluaci\u00f3n en las etapas de educaci\u00f3n infantil, educaci\u00f3n primaria, educaci\u00f3n secundaria obligatoria y bachillerato en Andaluc\u00eda.<\/a><\/em><\/span><\/strong><em><span style=\"color: #008000\"><strong><span style=\"color: #0000ff\">&nbsp; &nbsp; &nbsp;<\/span> &nbsp; &nbsp; &nbsp; &nbsp; &nbsp;&nbsp;<\/strong><\/span><\/em><\/li>\n<\/ul>\n<hr>\n<h2 style=\"text-align: center\"><span style=\"text-decoration: underline\"><span style=\"color: #008000;text-decoration: underline\"><em><strong>USO DE INSTALACIONES EDUCATIVAS Y ACTIVIDADES EXTRAESCOLARES<\/strong><\/em><\/span><\/span><\/h2>\n<ul>\n<li><strong><a href=\"https:\/\/blogsaverroes.juntadeandalucia.es\/ieslauretum\/files\/2026\/02\/03-Aclaraciones-uso-inst-26-27-Anexo-VI-Proyecto-y-Declaracion-responsable.pdf\">Aclaraciones uso instalaciones 26-27 + Anexo VI, Proyecto y Declaraci\u00f3n responsable<\/a><\/strong><\/li>\n<li><span style=\"color: #0000ff\"><strong><a style=\"color: #0000ff\" href=\"https:\/\/blogsaverroes.juntadeandalucia.es\/ieslauretum\/files\/2023\/02\/09-Remisi\u00f3n-Centros-Uso-inst-y-modelos.pdf\">USO DE LAS INSTALACIONES DE LOS CENTROS P\u00daBLICOS FUERA DEL HORARIO ESCOLAR<\/a><\/strong><\/span>\n<ul>\n<li><a href=\"https:\/\/blogsaverroes.juntadeandalucia.es\/ieslauretum\/files\/2024\/02\/05-Notas-aclaratorias-Anexo-VI-solicitud-Proyecto-Declaraci\u00f3n.pdf\">Notas aclaratorias-Anexo VI solicitud-Proyecto-Declaraci\u00f3n<\/a><\/li>\n<li><a href=\"https:\/\/blogsaverroes.juntadeandalucia.es\/ieslauretum\/files\/2023\/05\/05-modelo-proyecto-23-24.pdf\" target=\"_blank\" rel=\"noopener noreferrer\"><span style=\"color: #0000ff\">Modelo de Proyecto de la Actividad<\/span><\/a><\/li>\n<li><span style=\"color: #0000ff\"><a style=\"color: #0000ff\" href=\"https:\/\/blogsaverroes.juntadeandalucia.es\/ieslauretum\/files\/2023\/05\/05-modelo-declaraci\u00f3n-23-24.pdf\" target=\"_blank\" rel=\"noopener noreferrer\">Modelo de la DECLARACI\u00d3N DE LA PERSONA SOLICITANTE DE LA ACTIVIDAD PARA LA QUE SE SOLICITA LA UTILIZACI\u00d3N DE LAS INSTALACIONES<\/a><\/span><\/li>\n<\/ul>\n<\/li>\n<li style=\"text-align: justify\"><a href=\"https:\/\/www.juntadeandalucia.es\/boja\/2019\/94\/BOJA19-094-00003-7200-01_00155556.pdf\" target=\"_blank\" rel=\"noopener noreferrer\"><em><strong><span style=\"color: #0000ff\">Correcci\u00f3n de errores de la Orden de 27 de marzo de 2019, por la que se <\/span><\/strong><\/em><em><strong><span style=\"color: #0000ff\">modifica la Orden de 17 de abril de 2017, por la que se regula la organizaci\u00f3n <\/span><\/strong><\/em><em><strong><span style=\"color: #0000ff\">y el funcionamiento de los servicios complementarios de aula matinal, comedor <\/span><\/strong><\/em><em><strong><span style=\"color: #0000ff\">escolar y actividades extraescolares, as\u00ed como el uso de las instalaciones de los <\/span><\/strong><\/em><em><strong><span style=\"color: #0000ff\">centros docentes p\u00fablicos de la Comunidad Aut\u00f3noma de Andaluc\u00eda fuera del <\/span><\/strong><\/em><em><strong><span style=\"color: #0000ff\">horario escolar (BOJA n\u00fam. 70, de 11.4.2019).<\/span><\/strong><\/em><\/a><\/li>\n<li style=\"text-align: justify\"><a href=\"https:\/\/www.juntadeandalucia.es\/boja\/2019\/70\/BOJA19-070-00015-5172-01_00153551.pdf\" target=\"_blank\" rel=\"noopener\"><em><strong><span style=\"color: #0000ff\">Orden de 27 de marzo de 2019, por la que se modifica la Orden de 17 de abril de 2017, por la que se regula la organizaci\u00f3n y el funcionamiento de los servicios complementarios de aula matinal, comedor escolar y actividades extraescolares, as\u00ed como el uso de las instalaciones de los centros docentes p\u00fablicos de la Comunidad Aut\u00f3noma de Andaluc\u00eda fuera del horario escolar.<\/span><\/strong><\/em><\/a><\/li>\n<li style=\"text-align: justify\"><em><strong><a href=\"https:\/\/drive.google.com\/file\/d\/1UPMhs6A9fBLjoArgqVErzt1Ct9_FWCN1\/view?usp=sharing\" target=\"_blank\" rel=\"noopener noreferrer\"><span style=\"color: #0000ff\">Orden de 28 de septiembre de 2017, por la que se hace p\u00fablico el modelo de documento administrativo en el que se formalizar\u00e1n los convenios con los Ayuntamientos, Diputaciones Provinciales y otras Entidades Locales, para el uso de las instalaciones de los centros docentes p\u00fablicos fuera del horario escolar<\/span><\/a><\/strong><\/em><\/li>\n<li style=\"text-align: justify\"><span style=\"color: #0000ff\"><em><strong><a style=\"color: #0000ff\" href=\"https:\/\/drive.google.com\/file\/d\/1qdGnpzZZbkQ0x8bbYyvd0gIH627sWiwD\/view?usp=sharing\" target=\"_blank\" rel=\"noopener noreferrer\">Orden de 17 abril de 2017, por la que se regula la organizaci\u00f3n y el funcionamiento de los servicios complementarios de aula matinal, comedor escolar y actividades extraescolares, as\u00ed como el uso de las instalaciones de los centros docentes p\u00fablicos de la Comunidad Aut\u00f3noma de Andaluc\u00eda fuera del horario escolar.<\/a><\/strong><\/em><\/span><\/li>\n<li style=\"text-align: justify\"><span style=\"color: #0000ff\"><em><strong><a style=\"color: #0000ff\" href=\"https:\/\/drive.google.com\/file\/d\/1CQjQ8fvK-43SLJd_GjcIbBxPIkEA-4tX\/view?usp=sharing\" target=\"_blank\" rel=\"noopener noreferrer\">Decreto 6\/2017, de 16 de enero, por el que se regulan los servicios complementarios de aula matinal, comedor escolar y actividades extraescolares, as\u00ed como el uso de las instalaciones de los centros docentes p\u00fablicos de la Comunidad Aut\u00f3noma de Andaluc\u00eda fuera del horario escolar.<\/a><\/strong><\/em><\/span><\/li>\n<li style=\"text-align: justify\"><span style=\"color: #0000ff\"><em><strong><a style=\"color: #0000ff\" href=\"https:\/\/drive.google.com\/file\/d\/1Nt_bDI8ROcOVxYlB0SCKsYqegMRomlcs\/view?usp=sharing\" target=\"_blank\" rel=\"noopener noreferrer\">LEY 17\/2007, de 10 de diciembre, de Educaci\u00f3n de Andaluc\u00eda. Articulo 50.4.<\/a><\/strong><\/em><\/span><\/li>\n<\/ul>\n<hr>\n<h2 style=\"text-align: center\"><span style=\"text-decoration: underline\"><span style=\"color: #008000;text-decoration: underline\"><em><strong>HORARIO Y VISITA DE AUTORIDADES.<\/strong><\/em><\/span><\/span><\/h2>\n<ul>\n<li><span style=\"color: #0000ff\"><strong><a style=\"color: #0000ff\" href=\"https:\/\/blogsaverroes.juntadeandalucia.es\/ieslauretum\/files\/2023\/01\/721453e1-4971-4e53-9143-729c43a0355e.pdf\" target=\"_blank\" rel=\"noopener noreferrer\">2023- COMUNICADO SOBRE VISITAS DE AUTORIDADES NO EDUCATIVAS A INSTITUTO<\/a><\/strong><\/span>\n<ul>\n<li><a href=\"https:\/\/blogsaverroes.juntadeandalucia.es\/ieslauretum\/files\/2025\/03\/VISITA-INSTITUCIONES.docx\">VISITA INSTITUCIONES<\/a><\/li>\n<\/ul>\n<\/li>\n<\/ul>\n<hr>\n<h2 style=\"text-align: center\"><span style=\"text-decoration: underline;color: #008000\"><em><strong>SERVICIO DE TRANSPORTE ESCOLAR&nbsp;<\/strong><\/em><\/span><\/h2>\n<ul>\n<li style=\"text-align: justify\"><span style=\"color: #0000ff\"><em><strong><a style=\"color: #0000ff\" href=\"http:\/\/www.juntadeandalucia.es\/educacion\/portals\/abaco-portlet\/content\/d1ed9ff5-3c45-4c79-9cd0-688729f7dc95\" target=\"_blank\" rel=\"noopener noreferrer\">ORDEN de 3 de diciembre de 2010, por la que se regula la organizaci\u00f3n y gesti\u00f3n del servicio de transporte p\u00fablico regular de uso especial de escolares por carretera y las ayudas individualizadas reguladas en el Decreto 287\/2009, de 30 de junio, por el que se regula la prestaci\u00f3n gratuita del servicio complementario de transporte escolar para el alumnado de los centros docentes sostenidos con fondos p\u00fablicos.<\/a><\/strong><\/em><\/span><\/li>\n<li style=\"text-align: justify\"><em><strong><span style=\"color: #0000ff\"><a style=\"color: #0000ff\" href=\"https:\/\/www.juntadeandalucia.es\/boja\/2009\/128\/1\">Decreto 287\/2009, de 30 de junio, por el que se regula la prestaci\u00f3n gratuita del servicio complementario de transporte escolar para el alumnado de los Centros docentes sostenidos con fondos p\u00fablicos<\/a><\/span><\/strong><\/em><\/li>\n<li><span style=\"color: #ff0000\"><strong><a style=\"color: #ff0000\" href=\"https:\/\/blogsaverroes.juntadeandalucia.es\/ieslauretum\/files\/2025\/09\/sOLICITUD.pdf\">SOLICITUD<\/a><\/strong><\/span><\/li>\n<\/ul>\n<hr>\n<h2 style=\"text-align: center\"><span style=\"text-decoration: underline\"><span style=\"color: #008000;text-decoration: underline\"><em><strong>USO DE LAS TECNOLOG\u00cdAS DE LA INFORMACI\u00d3N Y LA COMUNICACI\u00d3N CENTROS EDUCATIVOS.<\/strong><\/em><\/span><\/span><\/h2>\n<ul>\n<li>\n<h4 style=\"text-align: justify\"><em><strong><a href=\"https:\/\/www.juntadeandalucia.es\/boja\/2020\/208\/BOJA20-208-00009-12587-01_00179877.pdf\" target=\"_blank\" rel=\"noopener\"><span style=\"color: #0000ff\">Resoluci\u00f3n de 22 de octubre de 2020, de la Secretar\u00eda General para la Administraci\u00f3n P\u00fablica, por la que se aprueba el C\u00f3digo de Conducta en el uso de las Tecnolog\u00edas de la Informaci\u00f3n y la Comunicaci\u00f3n para profesionales p\u00fablicos de la Administraci\u00f3n de la Junta de Andaluc\u00eda.<\/span><\/a><\/strong><\/em><\/h4>\n<\/li>\n<li style=\"text-align: justify\">\n<h4><em><strong><a href=\"https:\/\/www.juntadeandalucia.es\/boja\/2011\/11\/2\" target=\"_blank\" rel=\"noopener\"><span style=\"color: #0000ff\">Decreto 1\/2011, de 11 de enero, por el que se establece la pol\u00edtica de seguridad de las tecnolog\u00edas de la informaci\u00f3n y comunicaciones en la Administraci\u00f3n de la Junta de Andaluc\u00eda.<\/span><\/a><\/strong><\/em><\/h4>\n<\/li>\n<li style=\"text-align: justify\">\n<h4><em><strong><a href=\"https:\/\/www.juntadeandalucia.es\/boja\/2007\/39\/5\" target=\"_blank\" rel=\"noopener\"><span style=\"color: #0000ff\">Decreto 25\/2007, de 6 de febrero, por el que se establecen medidas para el fomento, la prevenci\u00f3n de riesgos y la seguridad en el uso de Internet y las tecnolog\u00edas de la informaci\u00f3n y la comunicaci\u00f3n (TIC) por parte de las personas menores de edad.<\/span><\/a><\/strong><\/em><\/h4>\n<\/li>\n<li style=\"text-align: justify\">\n<h4><em><strong><span style=\"color: #0000ff\"><a style=\"color: #0000ff\" href=\"https:\/\/www.juntadeandalucia.es\/boja\/2004\/200\/d1.pdf\" target=\"_blank\" rel=\"noopener noreferrer\">RESOLUCI\u00d3N de 27 de septiembre de 2004, de la Secretar\u00eda General para la Administraci\u00f3n P\u00fablica, por la que se establece el manual de comportamiento de los empleados p\u00fablicos en el uso de los sistemas inform\u00e1ticos y redes de comunicaciones de la Administraci\u00f3n de la Junta de Andaluc\u00eda.<\/a><\/span><\/strong><\/em><\/h4>\n<\/li>\n<li style=\"text-align: justify\">\n<h4><span style=\"color: #0000ff\"><span style=\"color: #0000ff\"><em><a style=\"color: #0000ff\" href=\"https:\/\/drive.google.com\/file\/d\/1p5b9V7ZqVmnNx496oHn7QCF4J7uaZ4JQ\/view?usp=sharing\" target=\"_blank\" rel=\"noopener noreferrer\"><strong>Uso de servicios de CLOUD COMPUTING en centros educativos y servicios educativos.<\/strong><\/a><\/em><\/span><\/span><\/h4>\n<\/li>\n<\/ul>\n<hr>\n<h2 style=\"text-align: center\"><span style=\"text-decoration: underline;color: #008000\"><em><strong>COMPETENCIA DIGITAL DOCENTE&nbsp;<\/strong><\/em><\/span><\/h2>\n<ul>\n<li style=\"text-align: justify\"><a href=\"https:\/\/www.juntadeandalucia.es\/boja\/2026\/37\/BOJA26-037-00005-2414-01_00333638.pdf\" target=\"_blank\" rel=\"noopener\"><span style=\"color: #0000ff\"><strong>Resoluci\u00f3n de 17 de febrero de 2026, de la Direcci\u00f3n General de Innovaci\u00f3n y Formaci\u00f3n del Profesorado, por la que se reconoce de oficio la acreditaci\u00f3n de la competencia digital docente por el desempe\u00f1o de roles y puestos docentes para el personal docente no universitario de los centros educativos sostenidos con fondos p\u00fablicos de la Comunidad Aut\u00f3noma de Andaluc\u00eda.<\/strong><\/span><\/a>&nbsp;<\/li>\n<li style=\"text-align: justify\"><a href=\"https:\/\/www.juntadeandalucia.es\/boja\/2021\/67\/BOJA21-067-00013-5927-01_00189819.pdf\" target=\"_blank\" rel=\"noopener noreferrer\"><span style=\"color: #0000ff\"><strong><span class=\"fontstyle0\">RESOLUCI\u00d3N DE 20 DE SEPTIEMBRE, DE LA DIRECCI\u00d3N GENERAL DE TECNOLOG\u00cdAS AVANZADAS Y TRANSFORMACI\u00d3N EDUCATIVA, SOBRE MEDIDAS PARA EL IMPULSO DE LA COMPETENCIA DIGITAL EN LOS CENTROS DOCENTES SOSTENIDOS CON FONDOS P\u00daBLICOS EN EL MARCO DEL PROGRAMA DE <\/span><\/strong><\/span><span style=\"color: #0000ff\"><strong><span class=\"fontstyle0\">COOPERACI\u00d3N TERRITORIAL #CompDigEdu<\/span><\/strong><\/span><span style=\"color: #0000ff\"><strong><span class=\"fontstyle0\">.<\/span><\/strong><\/span><\/a><\/li>\n<li style=\"text-align: justify\"><a href=\"https:\/\/www.boe.es\/boe\/dias\/2022\/07\/12\/pdfs\/BOE-A-2022-11574.pdf\" target=\"_blank\" rel=\"noopener noreferrer\"><span style=\"color: #0000ff\"><strong><span class=\"fontstyle0\">Resoluci\u00f3n de 1 de julio de 2022, de la Direcci\u00f3n General de Evaluaci\u00f3n y Cooperaci\u00f3n Territorial, por la que se publica el Acuerdo de la&nbsp; conferencia Sectorial de Educaci\u00f3n sobre la certificaci\u00f3n, acreditaci\u00f3n y reconocimiento de la competencia digital docente<\/span><\/strong><\/span><\/a><\/li>\n<li style=\"text-align: justify\"><a href=\"https:\/\/www.juntadeandalucia.es\/boja\/2021\/67\/BOJA21-067-00013-5927-01_00189819.pdf\" target=\"_blank\" rel=\"noopener noreferrer\"><span style=\"color: #0000ff\"><strong>Orden de 29 de marzo de 2021, por la que se establecen los marcos de la <\/strong><\/span><strong><span style=\"color: #0000ff\">Competencia Digital en el sistema educativo no universitario de la Comunidad <\/span><\/strong><span style=\"color: #0000ff\"><strong>Aut\u00f3noma de Andaluc\u00eda<\/strong>.<\/span><\/a><\/li>\n<\/ul>\n<hr>\n<h2 style=\"text-align: center\"><span style=\"text-decoration: underline;color: #008000\"><em><strong>USO DE TEL\u00c9FONOS M\u00d3VILES&nbsp;<\/strong><\/em><\/span><\/h2>\n<ul>\n<li><a href=\"https:\/\/www.juntadeandalucia.es\/educacion\/portals\/delegate\/content\/fa2fec22-d189-45f4-94c2-fb6ec06f961e\/Instrucci%C3%B3n%20de%204%20de%20Diciembre%20de%20la%20Viceconsejer%C3%ADa%20de%20Desarrollo%20Educativo%20y%20Formaci%C3%B3n%20Profesional%20sobre%20determinados%20aspectos%20de%20uso%20de%20tel%C3%A9fonos%20m%C3%B3viles%20en%20centros%20educativos\" target=\"_blank\" rel=\"noopener\"><span style=\"color: #0000ff\"><strong>INSTRUCCI\u00d3N DE 4 DE DICIEMBRE DE 2023 DE LA VICECONSEJER\u00cdA DE DESARROLLO EDUCATIVO Y FORMACI\u00d3N PROFESIONAL SOBRE DETERMINADOS ASPECTOS PARA LA REGULACI\u00d3N DEL USO DE LOS TEL\u00c9FONOS M\u00d3VILES EN LOS CENTROS EDUCATIVOS DEPENDIENTES DE LA CONSEJER\u00cdA DE DESARROLLO EDUCATIVO Y FORMACI\u00d3N PROFESIONAL<\/strong><\/span><\/a><\/li>\n<\/ul>\n<hr>\n<h2 style=\"text-align: center\"><span style=\"text-decoration: underline\"><strong><em><span style=\"color: #008000;text-decoration: underline\">CAN\u00d3N DIGITAL&nbsp; Y CRITERIOS PARA LOS LIBROS DE TEXTO.<\/span><\/em><\/strong><\/span><\/h2>\n<ul>\n<li style=\"text-align: justify\"><a href=\"https:\/\/www.boe.es\/boe\/dias\/2017\/07\/04\/pdfs\/BOE-A-2017-7718.pdf\" target=\"_blank\" rel=\"noopener noreferrer\"><span style=\"color: #0000ff\"><em><strong>Real Decreto-ley 12\/2017, de 3 de julio, por el que se modifica el texto refundido de la Ley de Propiedad Intelectual, aprobado por el Real Decreto Legislativo 1\/1996, de 12 de abril, en cuanto al sistema de compensaci\u00f3n equitativa por copia privada.<\/strong><\/em><\/span><\/a><\/li>\n<li style=\"text-align: justify\"><a href=\"https:\/\/www.juntadeandalucia.es\/educacion\/portals\/delegate\/content\/d1d6991c-34b3-4c0e-a747-9df50194d868\/Instrucciones%2016\/2021,%20de%203%20de%20noviembre,%20de%20la%20Direcci%C3%B3n%20General%20de%20Ordenaci%C3%B3n%20y%20Evaluaci%C3%B3n%20Educativa,%20sobre%20los%20criterios%20para%20la%20selecci%C3%B3n%20de%20los%20libros%20de%20texto%20para%20su%20utilizaci%C3%B3n%20en%20los%20centros%20docentes%20de%20Andaluc%C3%ADa.\" target=\"_blank\" rel=\"noopener noreferrer\"><em><span style=\"color: #0000ff\"><strong>INSTRUCCIONES 16\/2021, DE 3 DE NOVIEMBRE, DE LA DIRECCI\u00d3N GENERAL DE ORDENACI\u00d3N Y EVALUACI\u00d3N EDUCATIVA, SOBRE LOS CRITERIOS PARA LA SELECCI\u00d3N DE LOS LIBROS DE TEXTO PARA SU UTILIZACI\u00d3N EN LOS CENTROS DOCENTES DE ANDALUC\u00cdA.<\/strong> <\/span><\/em><\/a><\/li>\n<li>\n<p style=\"text-align: justify\"><span style=\"color: #0000ff\"><em><strong><a style=\"color: #0000ff\" title=\"DECRETO 227\/2011 de 5 de julio, por el que se regula el dep\u00f3sito, el registro y la supervisi\u00f3n de los libros de texto,\" href=\"https:\/\/www.juntadeandalucia.es\/boja\/2011\/142\/d1.pdf\" target=\"_blank\" rel=\"noopener\">DECRETO 227\/2011 de 5 de julio, por el que se regula el dep\u00f3sito, el registro y la supervisi\u00f3n de los libros de texto, as\u00ed como el procedimiento de selecci\u00f3n de los mismos por los centros docentes p\u00fablicos de Andaluc\u00eda.<\/a><\/strong><\/em><\/span><\/p>\n<\/li>\n<li>\n<p style=\"text-align: justify\"><span style=\"color: #0000ff\"><em><strong><a style=\"color: #0000ff\" title=\"Orden de 2005 del PROGRAMA DE GRATUIDAD DE LIBROS DE TEXTO\" href=\"https:\/\/www.juntadeandalucia.es\/boja\/2005\/92\/d6.pdf\" target=\"_blank\" rel=\"noopener\">ORDEN de 27 de abril de 2005, por la que se regula el programa de gratuidad de los libros de texto dirigido al alumnado que curse ense\u00f1anzas obligatorias en los centros docentes sostenidos con fondos p\u00fablicos<\/a><\/strong><\/em><\/span><\/p>\n<\/li>\n<\/ul>\n<hr>\n<h2 style=\"text-align: center\"><strong><span style=\"text-decoration: underline\"><span style=\"color: #008000;text-decoration: underline\">PLAN DE AUTOPROTECCI\u00d3N Y LA PREVENCI\u00d3N DE RIESGOS LABORALES<\/span><\/span><\/strong><\/h2>\n<h4 style=\"text-align: justify\"><strong><span style=\"color: #0000ff\"><a style=\"color: #0000ff;text-decoration: underline\" href=\"https:\/\/www.juntadeandalucia.es\/educacion\/portals\/delegate\/content\/7cb52d2e-8abd-40be-afec-7ccd7095954b\/CENTROS%20%3E%20CONSTRUCCIONES%20Y%20REQUISITOS%20M%C3%8DNIMOS%20(Instruc16marzo2011RofyPlanAutoproteccion.pdf)\" target=\"_blank\" rel=\"noopener\">INSTRUCCIONES de 16 de marzo de 2011 de la Direcci\u00f3n General de Profesorado y Gesti\u00f3n de Recursos Humanos relativas a los aspectos relacionados con el plan de autoprotecci\u00f3n y la prevenci\u00f3n de riesgos laborales que deben incluir los reglamentos de organizaci\u00f3n y funcionamiento de los centros.<\/a><\/span><\/strong><\/h4>\n<h4 style=\"text-align: justify\"><strong><span style=\"color: #0000ff\"><a style=\"color: #0000ff;text-decoration: underline\" href=\"https:\/\/www.juntadeandalucia.es\/boja\/2008\/91\/d3.pdf\" target=\"_blank\" rel=\"noopener\">ORDEN de 16-4-2008, por la que se regula el procedimiento para la elaboraci\u00f3n, aprobaci\u00f3n y registro del Plan de Autoprotecci\u00f3n de todos los centros docentes p\u00fablicos de Andaluc\u00eda, a excepci\u00f3n de los universitarios, los centros de ense\u00f1anza de r\u00e9gimen especial y los servicios educativos, sostenidos con fondos p\u00fablicos, as\u00ed como las Delegaciones Provinciales de la Consejer\u00eda de Educaci\u00f3n, y se establece la composici\u00f3n y funciones de los \u00f3rganos de coordinaci\u00f3n y gesti\u00f3n de la prevenci\u00f3n en dichos centros y servicios educativos (BOJA 8-5-2008).<\/a><\/span><\/strong><\/h4>\n<h4 style=\"text-align: justify\"><strong><span style=\"color: #0000ff\"><a style=\"color: #0000ff\" href=\"https:\/\/www.juntadeandalucia.es\/boja\/2007\/57\/d4.pdf\" target=\"_blank\" rel=\"noopener\">Orden de 27 de febrero de 2007, por la que se regula la Asistencia Jur\u00eddica al personal docente dependiente de la Consejer\u00eda de todos los niveles educativos, a excepci\u00f3n del universitario, y se establece el procedimiento para el acceso a la misma.<\/a><\/span><\/strong><\/h4>\n<h4 style=\"text-align: justify\"><strong><span style=\"color: #0000ff\"><a style=\"color: #0000ff;text-decoration: underline\" href=\"https:\/\/www.boe.es\/boe\/dias\/2008\/10\/03\/pdfs\/A39836-39837.pdf\" target=\"_blank\" rel=\"noopener\">REAL DECRETO 1468\/2008, de 5 de septiembre, por el que se modifica el Real Decreto 393\/2007, de 23 de marzo, por el que se aprueba la norma b\u00e1sica de autoprotecci\u00f3n de los centros, establecimientos y dependencias dedicados a actividades que puedan dar origen a situaciones de emergencia (BOE 3-10-2008)<\/a><\/span><\/strong><\/h4>\n<h4 style=\"text-align: justify\"><strong><span style=\"color: #0000ff\"><a style=\"color: #0000ff;text-decoration: underline\" href=\"https:\/\/www.boe.es\/boe\/dias\/2007\/03\/24\/pdfs\/A12841-12850.pdf\" target=\"_blank\" rel=\"noopener\">REAL DECRETO 393\/2007, de 23 de marzo, por el que se aprueba la Norma B\u00e1sica de Autoprotecci\u00f3n de los centros, establecimientos y dependencias dedicados a actividades que puedan dar origen a situaciones de emergencia (BOE 24-3-2007)<\/a><\/span><\/strong><\/h4>\n<hr>\n<h2 style=\"text-align: center\"><span style=\"text-decoration: underline\"><em><span style=\"color: #008000;text-decoration: underline\"><strong>INCOMPATIBILIDAD DEL FUNCIONARIO<\/strong><\/span><\/em><\/span><\/h2>\n<ul>\n<li>\n<p style=\"text-align: justify\"><em><a href=\"https:\/\/www.juntadeandalucia.es\/boja\/1989\/31\/11\" target=\"_blank\" rel=\"noopener noreferrer\"><span style=\"color: #0000ff\"><strong>DECRETO 54\/1989, de 21 de marzo, sobre indemnizaciones por raz\u00f3n del servicio de la Junta de Andaluc\u00eda.<\/strong><\/span><\/a><\/em><\/p>\n<\/li>\n<\/ul>\n<hr>\n<h2 style=\"text-align: center\"><span style=\"text-decoration: underline\"><strong><span style=\"color: #008000;text-decoration: underline\">CONVENIO COLECTIVO DEL PERSONAL LABORAL<\/span> <\/strong><\/span><\/h2>\n<ul>\n<li><a href=\"https:\/\/www.juntadeandalucia.es\/boja\/2002\/139\/32\" target=\"_blank\" rel=\"noopener noreferrer\"><strong><span style=\"color: #0000ff\">RESOLUCION de 22 de noviembre de 2002, de la Direcci\u00f3n General de Trabajo y Seguridad Social, por la que se ordena la inscripci\u00f3n, dep\u00f3sito y publicaci\u00f3n del VI Convenio Colectivo del Personal Laboral de la Administraci\u00f3n de la Junta de Andaluc\u00eda.<\/span><\/strong><\/a><\/li>\n<\/ul>\n<hr>\n<h2 style=\"text-align: center\"><span style=\"text-decoration: underline\"><strong><span style=\"color: #008000;text-decoration: underline\">MANUAL DE DISE\u00d1O GR\u00c1FICO<\/span><\/strong><\/span><\/h2>\n<ul>\n<li style=\"text-align: justify\"><a href=\"https:\/\/www.juntadeandalucia.es\/boja\/2021\/502\/BOJA21-502-00171-16672-02_00183886.pdf\" target=\"_blank\" rel=\"noopener noreferrer\"><strong><span style=\"color: #0000ff\">Decreto 218\/2020, de 21 de diciembre, por el que se aprueba el Manual de Dise\u00f1o Gr\u00e1fico para su utilizaci\u00f3n por el Gobierno y la Administraci\u00f3n de la Junta de Andaluc\u00eda (BOJA, 04\/01\/2021).<\/span><\/strong><\/a><\/li>\n<\/ul>\n<hr>\n<h2 style=\"text-align: center\"><strong><span style=\"text-decoration: underline;color: #008000\">MEDIDAS ORGANIZATIVAS ANTE OLAS DE CALOR<\/span><\/strong><\/h2>\n<ul>\n<li><strong><span style=\"color: #0000ff\"><a style=\"color: #0000ff\" href=\"https:\/\/www.juntadeandalucia.es\/educacion\/portals\/delegate\/content\/c69c6b81-4597-4d56-91fc-dd9ef1990ee5\/Instrucciones%20de%205%20de%20mayo%20de%202023%20de%20la%20Viceconsejer%C3%ADa%20de%20Desarrollo%20Educativo%20y%20Formaci%C3%B3n%20Profesional%20para%20la%20adopci%C3%B3n%20de%20medidas%20organizativas%20ante%20olas%20de%20calor%20o%20altas%20temperaturas%20excepcionales.\" target=\"_blank\" rel=\"noopener noreferrer\">INSTRUCCIONES DE 5 DE MAYO DE 2023 DE LA VICECONSEJER\u00cdA DE DESARROLLO EDUCATIVO Y FORMACI\u00d3N PROFESIONAL PARA LA ADOPCI\u00d3N DE MEDIDAS ORGANIZATIVAS ANTE OLAS DE CALOR O ALTAS TEMPERATURAS EXCEPCIONALES<\/a><\/span><\/strong><\/li>\n<li><a href=\"https:\/\/www.juntadeandalucia.es\/educacion\/portals\/delegate\/content\/a9cb922b-91ab-4cd3-8d82-ac3c6a96518a\/Protocolo%20ola%20calor%20y%20altas%20temperaturas%202023\" target=\"_blank\" rel=\"noopener noreferrer\"><span style=\"color: #0000ff\"><strong>Protocolo general de actuaci\u00f3n en el \u00e1mbito educativo andaluz no universitario ante olas de calor o altas temperaturas excepcionales.<\/strong><\/span><\/a><\/li>\n<\/ul>\n<hr>\n<h2 style=\"text-align: center\"><strong><span style=\"text-decoration: underline\"><span style=\"color: #008000;text-decoration: underline\">PLAN DE ACTUACI\u00d3N DE LA INSPECCI\u00d3N<\/span><\/span><\/strong><\/h2>\n<ul>\n<li><span style=\"color: #0000ff\"><strong><a style=\"color: #0000ff\" href=\"https:\/\/www.juntadeandalucia.es\/educacion\/portals\/delegate\/content\/437b674f-e521-4605-9105-94fa1e497c31\/Orden%20de%2026%20de%20julio%20de%202023,%20por%20la%20que%20se%20establece%20el%20Plan%20General%20de%20Actuaci%C3%B3n%20de%20la%20Inspecci%C3%B3n%20Educativa%20de%20Andaluc%C3%ADa%20para%20el%20per%C3%ADodo%202023-2027\" target=\"_blank\" rel=\"noopener noreferrer\">Orden de 26 de julio de 2023, por la que se establece el Plan General de Actuaci\u00f3n de la Inspecci\u00f3n Educativa de Andaluc\u00eda para el per\u00edodo 2023-2027.<\/a><\/strong><\/span><\/li>\n<\/ul>\n<hr>\n<h2 style=\"text-align: center\"><span style=\"text-decoration: underline\"><strong><span style=\"color: #008000;text-decoration: underline\">ACCESO DE ANIMALES DE COMPA\u00d1IA<\/span><\/strong><\/span><\/h2>\n<ul>\n<li>\n<h4><span style=\"color: #0000ff\"><strong><a style=\"color: #0000ff\" href=\"https:\/\/blogsaverroes.juntadeandalucia.es\/ieslauretum\/files\/2023\/09\/Prohibici\u00f3n-de-animales.pdf\">Acceso de animales de compa\u00f1\u00eda a edificios y dependencias p\u00fablicas de la Junta de Andaluc\u00eda<\/a><\/strong><\/span><\/h4>\n<p><!-- \/contenido --><\/li>\n<\/ul>\n","protected":false},"excerpt":{"rendered":"<p>&nbsp; NORMATIVA EN VIGOR &nbsp;LEYES Y REALES DECRETOS Decreto-ley 6\/2023, de 11 de julio, por el que se establecen las bases reguladoras y se convocan&hellip;<\/p>\n","protected":false},"author":1966,"featured_media":0,"parent":0,"menu_order":0,"comment_status":"closed","ping_status":"closed","template":"","meta":{"ngg_post_thumbnail":0,"footnotes":""},"aioseo_notices":[],"_links":{"self":[{"href":"https:\/\/blogsaverroes.juntadeandalucia.es\/ieslauretum\/wp-json\/wp\/v2\/pages\/3167"}],"collection":[{"href":"https:\/\/blogsaverroes.juntadeandalucia.es\/ieslauretum\/wp-json\/wp\/v2\/pages"}],"about":[{"href":"https:\/\/blogsaverroes.juntadeandalucia.es\/ieslauretum\/wp-json\/wp\/v2\/types\/page"}],"author":[{"embeddable":true,"href":"https:\/\/blogsaverroes.juntadeandalucia.es\/ieslauretum\/wp-json\/wp\/v2\/users\/1966"}],"replies":[{"embeddable":true,"href":"https:\/\/blogsaverroes.juntadeandalucia.es\/ieslauretum\/wp-json\/wp\/v2\/comments?post=3167"}],"version-history":[{"count":222,"href":"https:\/\/blogsaverroes.juntadeandalucia.es\/ieslauretum\/wp-json\/wp\/v2\/pages\/3167\/revisions"}],"predecessor-version":[{"id":8939,"href":"https:\/\/blogsaverroes.juntadeandalucia.es\/ieslauretum\/wp-json\/wp\/v2\/pages\/3167\/revisions\/8939"}],"wp:attachment":[{"href":"https:\/\/blogsaverroes.juntadeandalucia.es\/ieslauretum\/wp-json\/wp\/v2\/media?parent=3167"}],"curies":[{"name":"wp","href":"https:\/\/api.w.org\/{rel}","templated":true}]}}